{"id":27793,"date":"2023-09-23T12:01:50","date_gmt":"2023-09-23T12:01:50","guid":{"rendered":"https:\/\/visualjournalism.de\/?page_id=27793"},"modified":"2023-10-16T16:25:27","modified_gmt":"2023-10-16T16:25:27","slug":"jule-merx","status":"publish","type":"page","link":"https:\/\/visualjournalism.de\/en\/jule-merx\/","title":{"rendered":"Jule Merx"},"content":{"rendered":"\n \n\n    <div id=\"lead-in-block_8bb2c854e75b80954a4bdf336fb8ec7f\" class=\"block-lead-in typo--soehne font-size--xl has-spacing--m width--default\">\n        <h1>Jule Merx<\/h1>\n    <\/div>\n\n\n\n\n<div class=\"pinned-block has-spacing--s\">\n\t\n\n<div class=\"pinned-block__column--left\">\n    \n    <figure class=\"block-photo post__image--full has-spacing--xs with-title\">\n\n        <div class=\"post__image__container\">\n            <img loading=\"lazy\" decoding=\"async\" \n                src=\"https:\/\/visualjournalism.de\/wp-content\/uploads\/Jule-Merx_c_Felix-Albertin--1400x1750.jpg\"\n                srcset=\"https:\/\/visualjournalism.de\/wp-content\/uploads\/Jule-Merx_c_Felix-Albertin--1400x1750.jpg 1400w, https:\/\/visualjournalism.de\/wp-content\/uploads\/Jule-Merx_c_Felix-Albertin--240x300.jpg 240w, https:\/\/visualjournalism.de\/wp-content\/uploads\/Jule-Merx_c_Felix-Albertin--819x1024.jpg 819w, https:\/\/visualjournalism.de\/wp-content\/uploads\/Jule-Merx_c_Felix-Albertin--768x960.jpg 768w, https:\/\/visualjournalism.de\/wp-content\/uploads\/Jule-Merx_c_Felix-Albertin--1229x1536.jpg 1229w, https:\/\/visualjournalism.de\/wp-content\/uploads\/Jule-Merx_c_Felix-Albertin--1050x1313.jpg 1050w, https:\/\/visualjournalism.de\/wp-content\/uploads\/Jule-Merx_c_Felix-Albertin--670x838.jpg 670w, https:\/\/visualjournalism.de\/wp-content\/uploads\/Jule-Merx_c_Felix-Albertin--420x525.jpg 420w, https:\/\/visualjournalism.de\/wp-content\/uploads\/Jule-Merx_c_Felix-Albertin--350x438.jpg 350w, https:\/\/visualjournalism.de\/wp-content\/uploads\/Jule-Merx_c_Felix-Albertin--300x375.jpg 300w, https:\/\/visualjournalism.de\/wp-content\/uploads\/Jule-Merx_c_Felix-Albertin--150x188.jpg 150w, https:\/\/visualjournalism.de\/wp-content\/uploads\/Jule-Merx_c_Felix-Albertin-.jpg 1600w\"\n                width=\"1400\" \n                height=\"1750\"\n                alt=\"Jule Mery\" \n            \/>\n            \n                            <span class=\"post__image__title\">Foto: Felix Albertin<\/span>\n                    <\/div><!-- post__image__container -->\n\n        \n    <\/figure><!-- post__image -->\n\n\n\n<\/div>\n\n\n<div class=\"pinned-block__column--right\">\n    \n\n<p class=\"post__paragraph is-style-typo--soehne has-spacing--default\"><strong>Jule Merx<\/strong> wurde 2001 in Hannover geboren. Im September 2022 begann sie das Journalistik-Studium in Hannover.<\/p>\n\n\n\n<p class=\"post__paragraph is-style-typo--soehne has-spacing--default\">Besonders interessieren sie Geschichten, die oft im Schatten der Aufmerksamkeit bleiben. Sie m\u00f6chte ihre Stimme nutzen, um denen eine Plattform zu bieten, die sonst \u00fcberh\u00f6rt werden.<\/p>\n\n\n\n<p class=\"post__paragraph is-style-typo--soehne has-spacing--default\"><strong>Kontakt<\/strong><br><a href=\"mailto:jule.merx@stud.hs-hannover.de\">jule.merx@stud.hs-hannover.de<\/a><\/p>\n\n\n<\/div>\n<\/div>\n\n\n<div class=\"devider has-spacing--none\">\n    <hr>\n<\/div>\n\n\n \n\n    <div id=\"lead-in-block_c2560f956e038c1f140587929f174232\" class=\"block-lead-in typo--default font-size--default has-spacing--xs width--default\">\n        <h2>Jules Beitr\u00e4ge:<\/h2>\n    <\/div>\n\n\n\n\r\n<article class=\"post-teaser teaser-single--full has-spacing--m post-19027 magazin type-magazin status-publish has-post-thumbnail hentry tag-randgebiet magazinkategorie-randgebiet\">\r\n\t<header class=\"entry-header\">\r\n\r\n\t\t<div class=\"entry-categories\">\n\t<a class=\"post__tag\" href=\"https:\/\/visualjournalism.de\/magazin-kategorie\/randgebiet\/\" rel=\"category tag\">Randgebiet<\/a><\/div>\r\n\t\t<a href=\"https:\/\/visualjournalism.de\/en\/magazine\/randgebiet\/im-kofferraum-in-den-westen\/\" rel=\"bookmark\">\r\n\t\t\t<h2 class=\"entry-title\">Im Kofferraum in den Westen.<\/h2>\r\n\t\t\t<p class=\"entry-excerpt\">F\u00fcr viele nur eine Schulstunde, f\u00fcr Veronika Schneider eine lebenspr\u00e4gende Realit\u00e4t. Die Geschichte einer Frau, deren Flucht vor der Diktatur auch im Westen weiterging.<\/p>\r\n\t\t<\/a>\r\n\r\n\t<\/header><!-- .entry-header -->\r\n\r\n\t<figure class=\"post__image\">\r\n\t\t<a href=\"https:\/\/visualjournalism.de\/en\/magazine\/randgebiet\/im-kofferraum-in-den-westen\/\" rel=\"bookmark\">\r\n\t\t\t\n<div class=\"splide\">\n    <div class=\"splide__track\">\n\n        <div class=\"splide__list\">\n\n                    \n\n                    <div class=\"splide__slide\">\n\n                        <img loading=\"lazy\" decoding=\"async\"  \n                            src=\"https:\/\/visualjournalism.de\/wp-content\/uploads\/Michael-Hinz-TtIC-16-1400x934.jpeg\" \n                            srcset=\"https:\/\/visualjournalism.de\/wp-content\/uploads\/Michael-Hinz-TtIC-16-1400x934.jpeg 1400w, https:\/\/visualjournalism.de\/wp-content\/uploads\/Michael-Hinz-TtIC-16-300x200.jpeg 300w, https:\/\/visualjournalism.de\/wp-content\/uploads\/Michael-Hinz-TtIC-16-1024x683.jpeg 1024w, https:\/\/visualjournalism.de\/wp-content\/uploads\/Michael-Hinz-TtIC-16-768x512.jpeg 768w, https:\/\/visualjournalism.de\/wp-content\/uploads\/Michael-Hinz-TtIC-16-1536x1024.jpeg 1536w, https:\/\/visualjournalism.de\/wp-content\/uploads\/Michael-Hinz-TtIC-16-1050x700.jpeg 1050w, https:\/\/visualjournalism.de\/wp-content\/uploads\/Michael-Hinz-TtIC-16-670x447.jpeg 670w, https:\/\/visualjournalism.de\/wp-content\/uploads\/Michael-Hinz-TtIC-16-420x280.jpeg 420w, https:\/\/visualjournalism.de\/wp-content\/uploads\/Michael-Hinz-TtIC-16-350x233.jpeg 350w, https:\/\/visualjournalism.de\/wp-content\/uploads\/Michael-Hinz-TtIC-16-150x100.jpeg 150w, https:\/\/visualjournalism.de\/wp-content\/uploads\/Michael-Hinz-TtIC-16.jpeg 1600w\" \n                            width=\"1400\"  \n                            height=\"934\" \n                            alt=\"SW Portr\u00e4t von \"  \n                        \/>\n\n                    <\/div>\n                \n                        \n\n                    <div class=\"splide__slide\">\n\n                        <img loading=\"lazy\" decoding=\"async\"  \n                            src=\"https:\/\/visualjournalism.de\/wp-content\/uploads\/Michael-Hinz-TtIC-15-1400x932.jpeg\" \n                            srcset=\"https:\/\/visualjournalism.de\/wp-content\/uploads\/Michael-Hinz-TtIC-15-1400x932.jpeg 1400w, https:\/\/visualjournalism.de\/wp-content\/uploads\/Michael-Hinz-TtIC-15-300x200.jpeg 300w, https:\/\/visualjournalism.de\/wp-content\/uploads\/Michael-Hinz-TtIC-15-1024x682.jpeg 1024w, https:\/\/visualjournalism.de\/wp-content\/uploads\/Michael-Hinz-TtIC-15-768x511.jpeg 768w, https:\/\/visualjournalism.de\/wp-content\/uploads\/Michael-Hinz-TtIC-15-1536x1022.jpeg 1536w, https:\/\/visualjournalism.de\/wp-content\/uploads\/Michael-Hinz-TtIC-15-1050x699.jpeg 1050w, https:\/\/visualjournalism.de\/wp-content\/uploads\/Michael-Hinz-TtIC-15-670x446.jpeg 670w, https:\/\/visualjournalism.de\/wp-content\/uploads\/Michael-Hinz-TtIC-15-420x280.jpeg 420w, https:\/\/visualjournalism.de\/wp-content\/uploads\/Michael-Hinz-TtIC-15-350x233.jpeg 350w, https:\/\/visualjournalism.de\/wp-content\/uploads\/Michael-Hinz-TtIC-15-150x100.jpeg 150w, https:\/\/visualjournalism.de\/wp-content\/uploads\/Michael-Hinz-TtIC-15.jpeg 1600w\" \n                            width=\"1400\"  \n                            height=\"932\" \n                            alt=\"\"  \n                        \/>\n\n                    <\/div>\n                \n                        \n\n                    <div class=\"splide__slide\">\n\n                        <img loading=\"lazy\" decoding=\"async\"  \n                            src=\"https:\/\/visualjournalism.de\/wp-content\/uploads\/Michael-Hinz-TtIC-3-1400x934.jpeg\" \n                            srcset=\"https:\/\/visualjournalism.de\/wp-content\/uploads\/Michael-Hinz-TtIC-3-1400x934.jpeg 1400w, https:\/\/visualjournalism.de\/wp-content\/uploads\/Michael-Hinz-TtIC-3-300x200.jpeg 300w, https:\/\/visualjournalism.de\/wp-content\/uploads\/Michael-Hinz-TtIC-3-1024x683.jpeg 1024w, https:\/\/visualjournalism.de\/wp-content\/uploads\/Michael-Hinz-TtIC-3-768x512.jpeg 768w, https:\/\/visualjournalism.de\/wp-content\/uploads\/Michael-Hinz-TtIC-3-1536x1024.jpeg 1536w, https:\/\/visualjournalism.de\/wp-content\/uploads\/Michael-Hinz-TtIC-3-1050x700.jpeg 1050w, https:\/\/visualjournalism.de\/wp-content\/uploads\/Michael-Hinz-TtIC-3-670x447.jpeg 670w, https:\/\/visualjournalism.de\/wp-content\/uploads\/Michael-Hinz-TtIC-3-420x280.jpeg 420w, https:\/\/visualjournalism.de\/wp-content\/uploads\/Michael-Hinz-TtIC-3-350x233.jpeg 350w, https:\/\/visualjournalism.de\/wp-content\/uploads\/Michael-Hinz-TtIC-3-150x100.jpeg 150w, https:\/\/visualjournalism.de\/wp-content\/uploads\/Michael-Hinz-TtIC-3.jpeg 1600w\" \n                            width=\"1400\"  \n                            height=\"934\" \n                            alt=\"\"  \n                        \/>\n\n                    <\/div>\n                \n                        \n\n                    <div class=\"splide__slide\">\n\n                        <img loading=\"lazy\" decoding=\"async\"  \n                            src=\"https:\/\/visualjournalism.de\/wp-content\/uploads\/Michael-Hinz-TtIC-1400x934.jpeg\" \n                            srcset=\"https:\/\/visualjournalism.de\/wp-content\/uploads\/Michael-Hinz-TtIC-1400x934.jpeg 1400w, https:\/\/visualjournalism.de\/wp-content\/uploads\/Michael-Hinz-TtIC-300x200.jpeg 300w, https:\/\/visualjournalism.de\/wp-content\/uploads\/Michael-Hinz-TtIC-1024x683.jpeg 1024w, https:\/\/visualjournalism.de\/wp-content\/uploads\/Michael-Hinz-TtIC-768x512.jpeg 768w, https:\/\/visualjournalism.de\/wp-content\/uploads\/Michael-Hinz-TtIC-1536x1024.jpeg 1536w, https:\/\/visualjournalism.de\/wp-content\/uploads\/Michael-Hinz-TtIC-1050x700.jpeg 1050w, https:\/\/visualjournalism.de\/wp-content\/uploads\/Michael-Hinz-TtIC-670x447.jpeg 670w, https:\/\/visualjournalism.de\/wp-content\/uploads\/Michael-Hinz-TtIC-420x280.jpeg 420w, https:\/\/visualjournalism.de\/wp-content\/uploads\/Michael-Hinz-TtIC-350x233.jpeg 350w, https:\/\/visualjournalism.de\/wp-content\/uploads\/Michael-Hinz-TtIC-150x100.jpeg 150w, https:\/\/visualjournalism.de\/wp-content\/uploads\/Michael-Hinz-TtIC.jpeg 1600w\" \n                            width=\"1400\"  \n                            height=\"934\" \n                            alt=\"\"  \n                        \/>\n\n                    <\/div>\n                \n                        \n\n                    <div class=\"splide__slide\">\n\n                        <img loading=\"lazy\" decoding=\"async\"  \n                            src=\"https:\/\/visualjournalism.de\/wp-content\/uploads\/Michael-Hinz-TtIC-8-1400x934.jpeg\" \n                            srcset=\"https:\/\/visualjournalism.de\/wp-content\/uploads\/Michael-Hinz-TtIC-8-1400x934.jpeg 1400w, https:\/\/visualjournalism.de\/wp-content\/uploads\/Michael-Hinz-TtIC-8-300x200.jpeg 300w, https:\/\/visualjournalism.de\/wp-content\/uploads\/Michael-Hinz-TtIC-8-1024x683.jpeg 1024w, https:\/\/visualjournalism.de\/wp-content\/uploads\/Michael-Hinz-TtIC-8-768x512.jpeg 768w, https:\/\/visualjournalism.de\/wp-content\/uploads\/Michael-Hinz-TtIC-8-1536x1024.jpeg 1536w, https:\/\/visualjournalism.de\/wp-content\/uploads\/Michael-Hinz-TtIC-8-1050x700.jpeg 1050w, https:\/\/visualjournalism.de\/wp-content\/uploads\/Michael-Hinz-TtIC-8-670x447.jpeg 670w, https:\/\/visualjournalism.de\/wp-content\/uploads\/Michael-Hinz-TtIC-8-420x280.jpeg 420w, https:\/\/visualjournalism.de\/wp-content\/uploads\/Michael-Hinz-TtIC-8-350x233.jpeg 350w, https:\/\/visualjournalism.de\/wp-content\/uploads\/Michael-Hinz-TtIC-8-150x100.jpeg 150w, https:\/\/visualjournalism.de\/wp-content\/uploads\/Michael-Hinz-TtIC-8.jpeg 1600w\" \n                            width=\"1400\"  \n                            height=\"934\" \n                            alt=\"\"  \n                        \/>\n\n                    <\/div>\n                \n                \n        <\/div> <!-- .splide__list -->\n\n    <\/div><!-- slide__track -->\n<\/div>\t\t<\/a>\r\n\t<\/figure><!-- .post__image -->\r\n\r\n<\/article>\r\n","protected":false},"excerpt":{"rendered":"","protected":false},"author":35,"featured_media":0,"parent":0,"menu_order":0,"comment_status":"closed","ping_status":"closed","template":"","meta":{"_acf_changed":false,"footnotes":""},"class_list":["post-27793","page","type-page","status-publish","hentry"],"acf":[],"yoast_head":"<!-- This site is optimized with the Yoast SEO Premium plugin v27.3 (Yoast SEO v27.3) - https:\/\/yoast.com\/product\/yoast-seo-premium-wordpress\/ -->\n<title>Jule Merx &#8211; Visual Journalism and Documentary Photography<\/title>\n<meta name=\"robots\" content=\"index, follow, max-snippet:-1, max-image-preview:large, max-video-preview:-1\" \/>\n<link rel=\"canonical\" href=\"https:\/\/visualjournalism.de\/en\/jule-merx\/\" \/>\n<meta property=\"og:locale\" content=\"en_US\" \/>\n<meta property=\"og:type\" content=\"article\" \/>\n<meta property=\"og:title\" content=\"Jule Merx\" \/>\n<meta property=\"og:url\" content=\"https:\/\/visualjournalism.de\/en\/jule-merx\/\" \/>\n<meta property=\"og:site_name\" content=\"Visual Journalism and Documentary Photography\" \/>\n<meta property=\"article:publisher\" content=\"https:\/\/www.facebook.com\/people\/wwwfotostudentende\/100065173703897\/\" \/>\n<meta property=\"article:modified_time\" content=\"2023-10-16T16:25:27+00:00\" \/>\n<meta name=\"twitter:card\" content=\"summary_large_image\" \/>\n<meta name=\"twitter:site\" content=\"@HsHannover\" \/>\n<meta name=\"twitter:label1\" content=\"Est. reading time\" \/>\n\t<meta name=\"twitter:data1\" content=\"1 minute\" \/>\n<script type=\"application\/ld+json\" class=\"yoast-schema-graph\">{\"@context\":\"https:\\\/\\\/schema.org\",\"@graph\":[{\"@type\":\"WebPage\",\"@id\":\"https:\\\/\\\/visualjournalism.de\\\/en\\\/jule-merx\\\/\",\"url\":\"https:\\\/\\\/visualjournalism.de\\\/en\\\/jule-merx\\\/\",\"name\":\"Jule Merx &#8211; Visual Journalism and Documentary Photography\",\"isPartOf\":{\"@id\":\"https:\\\/\\\/visualjournalism.de\\\/en\\\/#website\"},\"datePublished\":\"2023-09-23T12:01:50+00:00\",\"dateModified\":\"2023-10-16T16:25:27+00:00\",\"breadcrumb\":{\"@id\":\"https:\\\/\\\/visualjournalism.de\\\/en\\\/jule-merx\\\/#breadcrumb\"},\"inLanguage\":\"en-US\",\"potentialAction\":[{\"@type\":\"ReadAction\",\"target\":[\"https:\\\/\\\/visualjournalism.de\\\/en\\\/jule-merx\\\/\"]}]},{\"@type\":\"BreadcrumbList\",\"@id\":\"https:\\\/\\\/visualjournalism.de\\\/en\\\/jule-merx\\\/#breadcrumb\",\"itemListElement\":[{\"@type\":\"ListItem\",\"position\":1,\"name\":\"Home\",\"item\":\"https:\\\/\\\/visualjournalism.de\\\/en\\\/\"},{\"@type\":\"ListItem\",\"position\":2,\"name\":\"Jule Merx\"}]},{\"@type\":\"WebSite\",\"@id\":\"https:\\\/\\\/visualjournalism.de\\\/en\\\/#website\",\"url\":\"https:\\\/\\\/visualjournalism.de\\\/en\\\/\",\"name\":\"Visual Journalism and Documentary Photography\",\"description\":\"All about the bilingual bachelor&#039;s program at Hannover University of Applied Sciences and Arts.\",\"publisher\":{\"@id\":\"https:\\\/\\\/visualjournalism.de\\\/en\\\/#organization\"},\"alternateName\":\"visualjournalism.de\",\"potentialAction\":[{\"@type\":\"SearchAction\",\"target\":{\"@type\":\"EntryPoint\",\"urlTemplate\":\"https:\\\/\\\/visualjournalism.de\\\/en\\\/?s={search_term_string}\"},\"query-input\":{\"@type\":\"PropertyValueSpecification\",\"valueRequired\":true,\"valueName\":\"search_term_string\"}}],\"inLanguage\":\"en-US\"},{\"@type\":\"Organization\",\"@id\":\"https:\\\/\\\/visualjournalism.de\\\/en\\\/#organization\",\"name\":\"Hochschule Hannover \u2013 University of Applied Sciences and Arts\",\"alternateName\":\"HsH\",\"url\":\"https:\\\/\\\/visualjournalism.de\\\/en\\\/\",\"logo\":{\"@type\":\"ImageObject\",\"inLanguage\":\"en-US\",\"@id\":\"https:\\\/\\\/visualjournalism.de\\\/en\\\/#\\\/schema\\\/logo\\\/image\\\/\",\"url\":\"https:\\\/\\\/visualjournalism.de\\\/wp-content\\\/uploads\\\/logo-hochschule-hannover.png\",\"contentUrl\":\"https:\\\/\\\/visualjournalism.de\\\/wp-content\\\/uploads\\\/logo-hochschule-hannover.png\",\"width\":363,\"height\":270,\"caption\":\"Hochschule Hannover \u2013 University of Applied Sciences and Arts\"},\"image\":{\"@id\":\"https:\\\/\\\/visualjournalism.de\\\/en\\\/#\\\/schema\\\/logo\\\/image\\\/\"},\"sameAs\":[\"https:\\\/\\\/www.facebook.com\\\/people\\\/wwwfotostudentende\\\/100065173703897\\\/\",\"https:\\\/\\\/x.com\\\/HsHannover\",\"https:\\\/\\\/www.instagram.com\\\/visualjournalism.de\\\/\"]}]}<\/script>\n<!-- \/ Yoast SEO Premium plugin. -->","yoast_head_json":{"title":"Jule Merx &#8211; Visual Journalism and Documentary Photography","robots":{"index":"index","follow":"follow","max-snippet":"max-snippet:-1","max-image-preview":"max-image-preview:large","max-video-preview":"max-video-preview:-1"},"canonical":"https:\/\/visualjournalism.de\/en\/jule-merx\/","og_locale":"en_US","og_type":"article","og_title":"Jule Merx","og_url":"https:\/\/visualjournalism.de\/en\/jule-merx\/","og_site_name":"Visual Journalism and Documentary Photography","article_publisher":"https:\/\/www.facebook.com\/people\/wwwfotostudentende\/100065173703897\/","article_modified_time":"2023-10-16T16:25:27+00:00","twitter_card":"summary_large_image","twitter_site":"@HsHannover","twitter_misc":{"Est. reading time":"1 minute"},"schema":{"@context":"https:\/\/schema.org","@graph":[{"@type":"WebPage","@id":"https:\/\/visualjournalism.de\/en\/jule-merx\/","url":"https:\/\/visualjournalism.de\/en\/jule-merx\/","name":"Jule Merx &#8211; Visual Journalism and Documentary Photography","isPartOf":{"@id":"https:\/\/visualjournalism.de\/en\/#website"},"datePublished":"2023-09-23T12:01:50+00:00","dateModified":"2023-10-16T16:25:27+00:00","breadcrumb":{"@id":"https:\/\/visualjournalism.de\/en\/jule-merx\/#breadcrumb"},"inLanguage":"en-US","potentialAction":[{"@type":"ReadAction","target":["https:\/\/visualjournalism.de\/en\/jule-merx\/"]}]},{"@type":"BreadcrumbList","@id":"https:\/\/visualjournalism.de\/en\/jule-merx\/#breadcrumb","itemListElement":[{"@type":"ListItem","position":1,"name":"Home","item":"https:\/\/visualjournalism.de\/en\/"},{"@type":"ListItem","position":2,"name":"Jule Merx"}]},{"@type":"WebSite","@id":"https:\/\/visualjournalism.de\/en\/#website","url":"https:\/\/visualjournalism.de\/en\/","name":"Visual Journalism and Documentary Photography","description":"All about the bilingual bachelor&#039;s program at Hannover University of Applied Sciences and Arts.","publisher":{"@id":"https:\/\/visualjournalism.de\/en\/#organization"},"alternateName":"visualjournalism.de","potentialAction":[{"@type":"SearchAction","target":{"@type":"EntryPoint","urlTemplate":"https:\/\/visualjournalism.de\/en\/?s={search_term_string}"},"query-input":{"@type":"PropertyValueSpecification","valueRequired":true,"valueName":"search_term_string"}}],"inLanguage":"en-US"},{"@type":"Organization","@id":"https:\/\/visualjournalism.de\/en\/#organization","name":"Hochschule Hannover \u2013 University of Applied Sciences and Arts","alternateName":"HsH","url":"https:\/\/visualjournalism.de\/en\/","logo":{"@type":"ImageObject","inLanguage":"en-US","@id":"https:\/\/visualjournalism.de\/en\/#\/schema\/logo\/image\/","url":"https:\/\/visualjournalism.de\/wp-content\/uploads\/logo-hochschule-hannover.png","contentUrl":"https:\/\/visualjournalism.de\/wp-content\/uploads\/logo-hochschule-hannover.png","width":363,"height":270,"caption":"Hochschule Hannover \u2013 University of Applied Sciences and Arts"},"image":{"@id":"https:\/\/visualjournalism.de\/en\/#\/schema\/logo\/image\/"},"sameAs":["https:\/\/www.facebook.com\/people\/wwwfotostudentende\/100065173703897\/","https:\/\/x.com\/HsHannover","https:\/\/www.instagram.com\/visualjournalism.de\/"]}]}},"_links":{"self":[{"href":"https:\/\/visualjournalism.de\/en\/wp-json\/wp\/v2\/pages\/27793","targetHints":{"allow":["GET"]}}],"collection":[{"href":"https:\/\/visualjournalism.de\/en\/wp-json\/wp\/v2\/pages"}],"about":[{"href":"https:\/\/visualjournalism.de\/en\/wp-json\/wp\/v2\/types\/page"}],"author":[{"embeddable":true,"href":"https:\/\/visualjournalism.de\/en\/wp-json\/wp\/v2\/users\/35"}],"replies":[{"embeddable":true,"href":"https:\/\/visualjournalism.de\/en\/wp-json\/wp\/v2\/comments?post=27793"}],"version-history":[{"count":0,"href":"https:\/\/visualjournalism.de\/en\/wp-json\/wp\/v2\/pages\/27793\/revisions"}],"wp:attachment":[{"href":"https:\/\/visualjournalism.de\/en\/wp-json\/wp\/v2\/media?parent=27793"}],"curies":[{"name":"wp","href":"https:\/\/api.w.org\/{rel}","templated":true}]}}