{"id":29431,"date":"2024-01-19T20:58:20","date_gmt":"2024-01-19T20:58:20","guid":{"rendered":"https:\/\/visualjournalism.de\/?page_id=29431"},"modified":"2024-06-24T09:58:01","modified_gmt":"2024-06-24T09:58:01","slug":"simon-eymann","status":"publish","type":"page","link":"https:\/\/visualjournalism.de\/en\/simon-eymann\/","title":{"rendered":"Simon Eymann"},"content":{"rendered":"\n \n\n    <div id=\"lead-in-block_9bfa84a41dbcd58c88f3b890466d4885\" class=\"block-lead-in typo--soehne font-size--xl has-spacing--m width--full\">\n        <p><strong>Simon Eymann<\/strong><\/p>\n    <\/div>\n\n\n\n\n<div class=\"pinned-block has-spacing--none\">\n\t\n\n<div class=\"pinned-block__column--left\">\n    \n    <figure class=\"block-photo post__image--full has-spacing--m no-title\">\n\n        <div class=\"post__image__container\">\n            <img loading=\"lazy\" decoding=\"async\" \n                src=\"https:\/\/visualjournalism.de\/wp-content\/uploads\/Simon-Eymann.jpg\"\n                srcset=\"https:\/\/visualjournalism.de\/wp-content\/uploads\/Simon-Eymann.jpg 1000w, https:\/\/visualjournalism.de\/wp-content\/uploads\/Simon-Eymann-300x200.jpg 300w, https:\/\/visualjournalism.de\/wp-content\/uploads\/Simon-Eymann-768x512.jpg 768w, https:\/\/visualjournalism.de\/wp-content\/uploads\/Simon-Eymann-670x447.jpg 670w, https:\/\/visualjournalism.de\/wp-content\/uploads\/Simon-Eymann-420x280.jpg 420w, https:\/\/visualjournalism.de\/wp-content\/uploads\/Simon-Eymann-350x233.jpg 350w, https:\/\/visualjournalism.de\/wp-content\/uploads\/Simon-Eymann-150x100.jpg 150w\"\n                width=\"1000\" \n                height=\"667\"\n                alt=\"\" \n            \/>\n            \n                    <\/div><!-- post__image__container -->\n\n        \n    <\/figure><!-- post__image -->\n\n\n\n<\/div>\n\n\n<div class=\"pinned-block__column--right\">\n    \n\n<p class=\"post__paragraph is-style-typo--soehne has-spacing--default\"><strong>Simon Eymann<\/strong>&nbsp;wurde 2001 in Glattbach geboren. Dort arbeitete er w\u00e4hrend der Schulzeit als freier Fotograf f\u00fcr die Lokalzeitung vor Ort. Seit 2021 studiert er nun in Hannover Visual Journalism and Documentary Photography.<\/p>\n\n\n\n<p class=\"post__paragraph is-style-typo--soehne has-spacing--default\">Neben dem Studium ist Simon beim Zentrum f\u00fcr Hochschulsport Hannover als studentische Hilfskraft in der \u00d6ffentlichkeitsarbeit als Fotograf t\u00e4tig.<br><br><strong>Kontakt<\/strong><br>+49 160 93426617<br>simon.eymann@gmx.net<br><\/p>\n\n\n<\/div>\n<\/div>\n\n\n<div class=\"devider has-spacing--none\">\n    <hr>\n<\/div>\n\n\n    <div class=\"headline-block has-spacing--s\">\n\n        <h2 class=\"post__headline\">Beitr\u00e4ge \u00fcber Simon:<\/h2>\n\n        \n    <\/div>\n\n    \n\n\n\n\n\n\n<div class=\"wp-block-group has-spacing--default has-spacing--default\">\n<div class=\"devider has-spacing--none\">\n    <hr>\n<\/div>\n\n\n \n\n    <div id=\"lead-in-block_ba83ea4cb169f103ab8118aac8a41f21\" class=\"block-lead-in typo--default font-size--xl has-spacing--s width--default\">\n        <p><strong>Empfehlungen der Redaktion:<\/strong><\/p>\n    <\/div>\n\n\n\n\r\n\r\n\r\n\n\n\r\n\r\n\r\n\r\n        <div class=\"teaser-grid grid-layout--3col has-spacing--s width--inline\">\r\n\r\n            \r\n                <article class=\"post-teaser\">\r\n\r\n                    <a href=\"https:\/\/visualjournalism.de\/en\/magazine\/guide\/study-photography-how-to-find-the-right-university\/\" rel=\"permalink\">\r\n\r\n                        <div class=\"post-teaser__content\">\r\n\r\n                            <span class=\"entry-categories\">Guide<\/span>\r\n                            <h3 class=\"post-teaser__headline\">\r\n                                Studying photography: How to find the right university.                            <\/h3>\r\n\r\n                            <div class=\"post-teaser__excerpt\">\r\n                                <p>An overview of the best-known programmes. <\/p>\r\n                            <\/div>\r\n\r\n                        <\/div><!-- .post-teaser__content -->\r\n\r\n\r\n                        \r\n                            <figure class=\"post-teaser__image\">\r\n                                <img loading=\"lazy\" decoding=\"async\"  \r\n                                    src=\"https:\/\/visualjournalism.de\/wp-content\/uploads\/2024-DM-Werkschau_Short-Edit_Kristina-Kaysen-10-768x511.jpg\" \r\n                                    srcset=\"https:\/\/visualjournalism.de\/wp-content\/uploads\/2024-DM-Werkschau_Short-Edit_Kristina-Kaysen-10-768x511.jpg 768w, https:\/\/visualjournalism.de\/wp-content\/uploads\/2024-DM-Werkschau_Short-Edit_Kristina-Kaysen-10-300x200.jpg 300w, https:\/\/visualjournalism.de\/wp-content\/uploads\/2024-DM-Werkschau_Short-Edit_Kristina-Kaysen-10-1024x681.jpg 1024w, https:\/\/visualjournalism.de\/wp-content\/uploads\/2024-DM-Werkschau_Short-Edit_Kristina-Kaysen-10-1536x1021.jpg 1536w, https:\/\/visualjournalism.de\/wp-content\/uploads\/2024-DM-Werkschau_Short-Edit_Kristina-Kaysen-10-1400x931.jpg 1400w, https:\/\/visualjournalism.de\/wp-content\/uploads\/2024-DM-Werkschau_Short-Edit_Kristina-Kaysen-10-1050x698.jpg 1050w, https:\/\/visualjournalism.de\/wp-content\/uploads\/2024-DM-Werkschau_Short-Edit_Kristina-Kaysen-10-670x446.jpg 670w, https:\/\/visualjournalism.de\/wp-content\/uploads\/2024-DM-Werkschau_Short-Edit_Kristina-Kaysen-10-420x279.jpg 420w, https:\/\/visualjournalism.de\/wp-content\/uploads\/2024-DM-Werkschau_Short-Edit_Kristina-Kaysen-10-350x233.jpg 350w, https:\/\/visualjournalism.de\/wp-content\/uploads\/2024-DM-Werkschau_Short-Edit_Kristina-Kaysen-10-150x100.jpg 150w, https:\/\/visualjournalism.de\/wp-content\/uploads\/2024-DM-Werkschau_Short-Edit_Kristina-Kaysen-10.jpg 1600w\" \r\n                                    width=\"768\"  \r\n                                    height=\"511\" \r\n                                    alt=\"Fotografie-Studierende w\u00e4hrend einer Fotosession in einem Studio mit Beleuchtungsausr\u00fcstung und Hintergrund. Ein Schild auf dem Boden zeigt \u201aFOTOSHOOTING\u2018 und weist auf den Eingang zum Studio hin. Von hinten sind die Umrisse eines jungen Mannes zu sehen, der Fotografie studiert. \"\r\n                                \/>\r\n                            <\/figure>\r\n\r\n                        \r\n                    \r\n                    <\/a>\r\n\r\n                <\/article><!--- .post-teaser-->\r\n\r\n            \r\n                <article class=\"post-teaser\">\r\n\r\n                    <a href=\"https:\/\/visualjournalism.de\/en\/magazine\/ratgeber\/praktikum-im-journalismus\/\" rel=\"permalink\">\r\n\r\n                        <div class=\"post-teaser__content\">\r\n\r\n                            <span class=\"entry-categories\">Ratgeber<\/span>\r\n                            <h3 class=\"post-teaser__headline\">\r\n                                So gelingt dein Praktikum im Journalismus!                            <\/h3>\r\n\r\n                            <div class=\"post-teaser__excerpt\">\r\n                                <p>Wie findest du das richtige Praktikum? Wie \u00fcberzeugst du in der Bewerbung? Und was solltest du w\u00e4hrend des Praktikums unbedingt beachten? Mit Tipps und Tricks von unseren Professor*innen und Studierenden.<\/p>\r\n                            <\/div>\r\n\r\n                        <\/div><!-- .post-teaser__content -->\r\n\r\n\r\n                        \r\n                            <figure class=\"post-teaser__image\">\r\n                                <img loading=\"lazy\" decoding=\"async\"  \r\n                                    src=\"https:\/\/visualjournalism.de\/wp-content\/uploads\/IMG_312C868D6676-1-Foto-Stefan-Nieland-768x512.jpeg\" \r\n                                    srcset=\"https:\/\/visualjournalism.de\/wp-content\/uploads\/IMG_312C868D6676-1-Foto-Stefan-Nieland-768x512.jpeg 768w, https:\/\/visualjournalism.de\/wp-content\/uploads\/IMG_312C868D6676-1-Foto-Stefan-Nieland-300x200.jpeg 300w, https:\/\/visualjournalism.de\/wp-content\/uploads\/IMG_312C868D6676-1-Foto-Stefan-Nieland-1024x683.jpeg 1024w, https:\/\/visualjournalism.de\/wp-content\/uploads\/IMG_312C868D6676-1-Foto-Stefan-Nieland-1536x1024.jpeg 1536w, https:\/\/visualjournalism.de\/wp-content\/uploads\/IMG_312C868D6676-1-Foto-Stefan-Nieland-1920x1280.jpeg 1920w, https:\/\/visualjournalism.de\/wp-content\/uploads\/IMG_312C868D6676-1-Foto-Stefan-Nieland-1400x933.jpeg 1400w, https:\/\/visualjournalism.de\/wp-content\/uploads\/IMG_312C868D6676-1-Foto-Stefan-Nieland-1050x700.jpeg 1050w, https:\/\/visualjournalism.de\/wp-content\/uploads\/IMG_312C868D6676-1-Foto-Stefan-Nieland-670x447.jpeg 670w, https:\/\/visualjournalism.de\/wp-content\/uploads\/IMG_312C868D6676-1-Foto-Stefan-Nieland-420x280.jpeg 420w, https:\/\/visualjournalism.de\/wp-content\/uploads\/IMG_312C868D6676-1-Foto-Stefan-Nieland-350x233.jpeg 350w, https:\/\/visualjournalism.de\/wp-content\/uploads\/IMG_312C868D6676-1-Foto-Stefan-Nieland-150x100.jpeg 150w, https:\/\/visualjournalism.de\/wp-content\/uploads\/IMG_312C868D6676-1-Foto-Stefan-Nieland.jpeg 2048w\" \r\n                                    width=\"768\"  \r\n                                    height=\"512\" \r\n                                    alt=\"F\u00fcnf Personen im Fotostudio der F.A.Z. inszenieren mit Bratpfannen eine kreative Szene. Im Mittelpunkt: Sophie Boyer und Stefan Nieland, beide im journalistischen Praktikum aus dem Studiengang Visual Journalism and Documentary Photography in Hannover. Die Szene zeigt Zusammenarbeit im Redaktionspraktikum und gestalterische Praxis im Journalismus.\"\r\n                                \/>\r\n                            <\/figure>\r\n\r\n                        \r\n                    \r\n                    <\/a>\r\n\r\n                <\/article><!--- .post-teaser-->\r\n\r\n            \r\n                <article class=\"post-teaser\">\r\n\r\n                    <a href=\"https:\/\/visualjournalism.de\/en\/magazine\/sammeln\/sammeln-statt-jagen-eine-neue-geschichte-der-menschheit\/\" rel=\"permalink\">\r\n\r\n                        <div class=\"post-teaser__content\">\r\n\r\n                            <span class=\"entry-categories\">Sammeln<\/span>\r\n                            <h3 class=\"post-teaser__headline\">\r\n                                Sammeln statt Jagen: Eine neue Geschichte der Menschheit                            <\/h3>\r\n\r\n                            <div class=\"post-teaser__excerpt\">\r\n                                <p>Was, wenn der Ursprung der Menschheit nicht der Speer, sondern der Beutel war? Ursula K. Le Guin stellt die Geschichte auf den Kopf und macht aus dem Beutel ein Symbol f\u00fcr Menschlichkeit.<\/p>\r\n                            <\/div>\r\n\r\n                        <\/div><!-- .post-teaser__content -->\r\n\r\n\r\n                        \r\n                            <figure class=\"post-teaser__image\">\r\n                                <img loading=\"lazy\" decoding=\"async\"  \r\n                                    src=\"https:\/\/visualjournalism.de\/wp-content\/uploads\/Deppe_Simon_19-768x513.jpg\" \r\n                                    srcset=\"https:\/\/visualjournalism.de\/wp-content\/uploads\/Deppe_Simon_19-768x513.jpg 768w, https:\/\/visualjournalism.de\/wp-content\/uploads\/Deppe_Simon_19-300x200.jpg 300w, https:\/\/visualjournalism.de\/wp-content\/uploads\/Deppe_Simon_19-1024x684.jpg 1024w, https:\/\/visualjournalism.de\/wp-content\/uploads\/Deppe_Simon_19-1050x701.jpg 1050w, https:\/\/visualjournalism.de\/wp-content\/uploads\/Deppe_Simon_19-670x447.jpg 670w, https:\/\/visualjournalism.de\/wp-content\/uploads\/Deppe_Simon_19-420x280.jpg 420w, https:\/\/visualjournalism.de\/wp-content\/uploads\/Deppe_Simon_19-350x234.jpg 350w, https:\/\/visualjournalism.de\/wp-content\/uploads\/Deppe_Simon_19-150x100.jpg 150w, https:\/\/visualjournalism.de\/wp-content\/uploads\/Deppe_Simon_19.jpg 1200w\" \r\n                                    width=\"768\"  \r\n                                    height=\"513\" \r\n                                    alt=\"\"\r\n                                \/>\r\n                            <\/figure>\r\n\r\n                        \r\n                    \r\n                    <\/a>\r\n\r\n                <\/article><!--- .post-teaser-->\r\n\r\n            \r\n        <\/div><!-- .teaser-grid -->\r\n\r\n\n\n\r\n\r\n\r\n\n\n\n    <div class=\"btn-wrapper has-spacing--m\">\n        <a class=\"btn\" href=\"https:\/\/visualjournalism.de\/magazin\/\" target=\"_blank\">ZUR MAGAZIN-STARTSEITE<\/a>\n    <\/div>\n<\/div>\n","protected":false},"excerpt":{"rendered":"","protected":false},"author":8,"featured_media":29428,"parent":0,"menu_order":0,"comment_status":"closed","ping_status":"closed","template":"","meta":{"_acf_changed":false,"footnotes":""},"class_list":["post-29431","page","type-page","status-publish","has-post-thumbnail","hentry"],"acf":[],"yoast_head":"<!-- This site is optimized with the Yoast SEO Premium plugin v27.3 (Yoast SEO v27.3) - https:\/\/yoast.com\/product\/yoast-seo-premium-wordpress\/ -->\n<title>Simon Eymann &#8211; Visual Journalism and Documentary Photography<\/title>\n<meta name=\"robots\" content=\"index, follow, max-snippet:-1, max-image-preview:large, max-video-preview:-1\" \/>\n<link rel=\"canonical\" href=\"https:\/\/visualjournalism.de\/en\/simon-eymann\/\" \/>\n<meta property=\"og:locale\" content=\"en_US\" \/>\n<meta property=\"og:type\" content=\"article\" \/>\n<meta property=\"og:title\" content=\"Simon Eymann\" \/>\n<meta property=\"og:url\" content=\"https:\/\/visualjournalism.de\/en\/simon-eymann\/\" \/>\n<meta property=\"og:site_name\" content=\"Visual Journalism and Documentary Photography\" \/>\n<meta property=\"article:publisher\" content=\"https:\/\/www.facebook.com\/people\/wwwfotostudentende\/100065173703897\/\" \/>\n<meta property=\"article:modified_time\" content=\"2024-06-24T09:58:01+00:00\" \/>\n<meta property=\"og:image\" content=\"https:\/\/visualjournalism.de\/wp-content\/uploads\/Simon-Eymann.jpg\" \/>\n\t<meta property=\"og:image:width\" content=\"1000\" \/>\n\t<meta property=\"og:image:height\" content=\"667\" \/>\n\t<meta property=\"og:image:type\" content=\"image\/jpeg\" \/>\n<meta name=\"twitter:card\" content=\"summary_large_image\" \/>\n<meta name=\"twitter:site\" content=\"@HsHannover\" \/>\n<meta name=\"twitter:label1\" content=\"Est. reading time\" \/>\n\t<meta name=\"twitter:data1\" content=\"1 minute\" \/>\n<script type=\"application\/ld+json\" class=\"yoast-schema-graph\">{\"@context\":\"https:\\\/\\\/schema.org\",\"@graph\":[{\"@type\":\"WebPage\",\"@id\":\"https:\\\/\\\/visualjournalism.de\\\/en\\\/simon-eymann\\\/\",\"url\":\"https:\\\/\\\/visualjournalism.de\\\/en\\\/simon-eymann\\\/\",\"name\":\"Simon Eymann &#8211; Visual Journalism and Documentary Photography\",\"isPartOf\":{\"@id\":\"https:\\\/\\\/visualjournalism.de\\\/en\\\/#website\"},\"primaryImageOfPage\":{\"@id\":\"https:\\\/\\\/visualjournalism.de\\\/en\\\/simon-eymann\\\/#primaryimage\"},\"image\":{\"@id\":\"https:\\\/\\\/visualjournalism.de\\\/en\\\/simon-eymann\\\/#primaryimage\"},\"thumbnailUrl\":\"https:\\\/\\\/visualjournalism.de\\\/wp-content\\\/uploads\\\/Simon-Eymann.jpg\",\"datePublished\":\"2024-01-19T20:58:20+00:00\",\"dateModified\":\"2024-06-24T09:58:01+00:00\",\"breadcrumb\":{\"@id\":\"https:\\\/\\\/visualjournalism.de\\\/en\\\/simon-eymann\\\/#breadcrumb\"},\"inLanguage\":\"en-US\",\"potentialAction\":[{\"@type\":\"ReadAction\",\"target\":[\"https:\\\/\\\/visualjournalism.de\\\/en\\\/simon-eymann\\\/\"]}]},{\"@type\":\"ImageObject\",\"inLanguage\":\"en-US\",\"@id\":\"https:\\\/\\\/visualjournalism.de\\\/en\\\/simon-eymann\\\/#primaryimage\",\"url\":\"https:\\\/\\\/visualjournalism.de\\\/wp-content\\\/uploads\\\/Simon-Eymann.jpg\",\"contentUrl\":\"https:\\\/\\\/visualjournalism.de\\\/wp-content\\\/uploads\\\/Simon-Eymann.jpg\",\"width\":1000,\"height\":667},{\"@type\":\"BreadcrumbList\",\"@id\":\"https:\\\/\\\/visualjournalism.de\\\/en\\\/simon-eymann\\\/#breadcrumb\",\"itemListElement\":[{\"@type\":\"ListItem\",\"position\":1,\"name\":\"Home\",\"item\":\"https:\\\/\\\/visualjournalism.de\\\/en\\\/\"},{\"@type\":\"ListItem\",\"position\":2,\"name\":\"Simon Eymann\"}]},{\"@type\":\"WebSite\",\"@id\":\"https:\\\/\\\/visualjournalism.de\\\/en\\\/#website\",\"url\":\"https:\\\/\\\/visualjournalism.de\\\/en\\\/\",\"name\":\"Visual Journalism and Documentary Photography\",\"description\":\"All about the bilingual bachelor&#039;s program at Hannover University of Applied Sciences and Arts.\",\"publisher\":{\"@id\":\"https:\\\/\\\/visualjournalism.de\\\/en\\\/#organization\"},\"alternateName\":\"visualjournalism.de\",\"potentialAction\":[{\"@type\":\"SearchAction\",\"target\":{\"@type\":\"EntryPoint\",\"urlTemplate\":\"https:\\\/\\\/visualjournalism.de\\\/en\\\/?s={search_term_string}\"},\"query-input\":{\"@type\":\"PropertyValueSpecification\",\"valueRequired\":true,\"valueName\":\"search_term_string\"}}],\"inLanguage\":\"en-US\"},{\"@type\":\"Organization\",\"@id\":\"https:\\\/\\\/visualjournalism.de\\\/en\\\/#organization\",\"name\":\"Hochschule Hannover \u2013 University of Applied Sciences and Arts\",\"alternateName\":\"HsH\",\"url\":\"https:\\\/\\\/visualjournalism.de\\\/en\\\/\",\"logo\":{\"@type\":\"ImageObject\",\"inLanguage\":\"en-US\",\"@id\":\"https:\\\/\\\/visualjournalism.de\\\/en\\\/#\\\/schema\\\/logo\\\/image\\\/\",\"url\":\"https:\\\/\\\/visualjournalism.de\\\/wp-content\\\/uploads\\\/logo-hochschule-hannover.png\",\"contentUrl\":\"https:\\\/\\\/visualjournalism.de\\\/wp-content\\\/uploads\\\/logo-hochschule-hannover.png\",\"width\":363,\"height\":270,\"caption\":\"Hochschule Hannover \u2013 University of Applied Sciences and Arts\"},\"image\":{\"@id\":\"https:\\\/\\\/visualjournalism.de\\\/en\\\/#\\\/schema\\\/logo\\\/image\\\/\"},\"sameAs\":[\"https:\\\/\\\/www.facebook.com\\\/people\\\/wwwfotostudentende\\\/100065173703897\\\/\",\"https:\\\/\\\/x.com\\\/HsHannover\",\"https:\\\/\\\/www.instagram.com\\\/visualjournalism.de\\\/\"]}]}<\/script>\n<!-- \/ Yoast SEO Premium plugin. -->","yoast_head_json":{"title":"Simon Eymann &#8211; Visual Journalism and Documentary Photography","robots":{"index":"index","follow":"follow","max-snippet":"max-snippet:-1","max-image-preview":"max-image-preview:large","max-video-preview":"max-video-preview:-1"},"canonical":"https:\/\/visualjournalism.de\/en\/simon-eymann\/","og_locale":"en_US","og_type":"article","og_title":"Simon Eymann","og_url":"https:\/\/visualjournalism.de\/en\/simon-eymann\/","og_site_name":"Visual Journalism and Documentary Photography","article_publisher":"https:\/\/www.facebook.com\/people\/wwwfotostudentende\/100065173703897\/","article_modified_time":"2024-06-24T09:58:01+00:00","og_image":[{"width":1000,"height":667,"url":"https:\/\/visualjournalism.de\/wp-content\/uploads\/Simon-Eymann.jpg","type":"image\/jpeg"}],"twitter_card":"summary_large_image","twitter_site":"@HsHannover","twitter_misc":{"Est. reading time":"1 minute"},"schema":{"@context":"https:\/\/schema.org","@graph":[{"@type":"WebPage","@id":"https:\/\/visualjournalism.de\/en\/simon-eymann\/","url":"https:\/\/visualjournalism.de\/en\/simon-eymann\/","name":"Simon Eymann &#8211; Visual Journalism and Documentary Photography","isPartOf":{"@id":"https:\/\/visualjournalism.de\/en\/#website"},"primaryImageOfPage":{"@id":"https:\/\/visualjournalism.de\/en\/simon-eymann\/#primaryimage"},"image":{"@id":"https:\/\/visualjournalism.de\/en\/simon-eymann\/#primaryimage"},"thumbnailUrl":"https:\/\/visualjournalism.de\/wp-content\/uploads\/Simon-Eymann.jpg","datePublished":"2024-01-19T20:58:20+00:00","dateModified":"2024-06-24T09:58:01+00:00","breadcrumb":{"@id":"https:\/\/visualjournalism.de\/en\/simon-eymann\/#breadcrumb"},"inLanguage":"en-US","potentialAction":[{"@type":"ReadAction","target":["https:\/\/visualjournalism.de\/en\/simon-eymann\/"]}]},{"@type":"ImageObject","inLanguage":"en-US","@id":"https:\/\/visualjournalism.de\/en\/simon-eymann\/#primaryimage","url":"https:\/\/visualjournalism.de\/wp-content\/uploads\/Simon-Eymann.jpg","contentUrl":"https:\/\/visualjournalism.de\/wp-content\/uploads\/Simon-Eymann.jpg","width":1000,"height":667},{"@type":"BreadcrumbList","@id":"https:\/\/visualjournalism.de\/en\/simon-eymann\/#breadcrumb","itemListElement":[{"@type":"ListItem","position":1,"name":"Home","item":"https:\/\/visualjournalism.de\/en\/"},{"@type":"ListItem","position":2,"name":"Simon Eymann"}]},{"@type":"WebSite","@id":"https:\/\/visualjournalism.de\/en\/#website","url":"https:\/\/visualjournalism.de\/en\/","name":"Visual Journalism and Documentary Photography","description":"All about the bilingual bachelor&#039;s program at Hannover University of Applied Sciences and Arts.","publisher":{"@id":"https:\/\/visualjournalism.de\/en\/#organization"},"alternateName":"visualjournalism.de","potentialAction":[{"@type":"SearchAction","target":{"@type":"EntryPoint","urlTemplate":"https:\/\/visualjournalism.de\/en\/?s={search_term_string}"},"query-input":{"@type":"PropertyValueSpecification","valueRequired":true,"valueName":"search_term_string"}}],"inLanguage":"en-US"},{"@type":"Organization","@id":"https:\/\/visualjournalism.de\/en\/#organization","name":"Hochschule Hannover \u2013 University of Applied Sciences and Arts","alternateName":"HsH","url":"https:\/\/visualjournalism.de\/en\/","logo":{"@type":"ImageObject","inLanguage":"en-US","@id":"https:\/\/visualjournalism.de\/en\/#\/schema\/logo\/image\/","url":"https:\/\/visualjournalism.de\/wp-content\/uploads\/logo-hochschule-hannover.png","contentUrl":"https:\/\/visualjournalism.de\/wp-content\/uploads\/logo-hochschule-hannover.png","width":363,"height":270,"caption":"Hochschule Hannover \u2013 University of Applied Sciences and Arts"},"image":{"@id":"https:\/\/visualjournalism.de\/en\/#\/schema\/logo\/image\/"},"sameAs":["https:\/\/www.facebook.com\/people\/wwwfotostudentende\/100065173703897\/","https:\/\/x.com\/HsHannover","https:\/\/www.instagram.com\/visualjournalism.de\/"]}]}},"_links":{"self":[{"href":"https:\/\/visualjournalism.de\/en\/wp-json\/wp\/v2\/pages\/29431","targetHints":{"allow":["GET"]}}],"collection":[{"href":"https:\/\/visualjournalism.de\/en\/wp-json\/wp\/v2\/pages"}],"about":[{"href":"https:\/\/visualjournalism.de\/en\/wp-json\/wp\/v2\/types\/page"}],"author":[{"embeddable":true,"href":"https:\/\/visualjournalism.de\/en\/wp-json\/wp\/v2\/users\/8"}],"replies":[{"embeddable":true,"href":"https:\/\/visualjournalism.de\/en\/wp-json\/wp\/v2\/comments?post=29431"}],"version-history":[{"count":0,"href":"https:\/\/visualjournalism.de\/en\/wp-json\/wp\/v2\/pages\/29431\/revisions"}],"wp:featuredmedia":[{"embeddable":true,"href":"https:\/\/visualjournalism.de\/en\/wp-json\/wp\/v2\/media\/29428"}],"wp:attachment":[{"href":"https:\/\/visualjournalism.de\/en\/wp-json\/wp\/v2\/media?parent=29431"}],"curies":[{"name":"wp","href":"https:\/\/api.w.org\/{rel}","templated":true}]}}