{"id":29887,"date":"2023-11-05T17:06:36","date_gmt":"2023-11-05T17:06:36","guid":{"rendered":"https:\/\/visualjournalism.de\/?page_id=29887"},"modified":"2024-01-30T11:43:15","modified_gmt":"2024-01-30T11:43:15","slug":"ben-kuemmel","status":"publish","type":"page","link":"https:\/\/visualjournalism.de\/en\/ben-kuemmel\/","title":{"rendered":"Ben K\u00fcmmel"},"content":{"rendered":"\n \n\n    <div id=\"lead-in-block_5f605b5d6169125a0dbd05fc70d58359\" class=\"block-lead-in typo--default font-size--xl has-spacing--m width--default\">\n        <h1><strong>Ben K\u00fcmmel<\/strong><\/h1>\n    <\/div>\n\n\n\n\n<div class=\"pinned-block has-spacing--xs\">\n\t\n\n<div class=\"pinned-block__column--left\">\n    \n    <figure class=\"block-photo post__image--full has-spacing--m with-title\">\n\n        <div class=\"post__image__container\">\n            <img loading=\"lazy\" decoding=\"async\" \n                src=\"https:\/\/visualjournalism.de\/wp-content\/uploads\/Autorenportrait_BenK-1-2_1zu1.jpg\"\n                srcset=\"https:\/\/visualjournalism.de\/wp-content\/uploads\/Autorenportrait_BenK-1-2_1zu1.jpg 1336w, https:\/\/visualjournalism.de\/wp-content\/uploads\/Autorenportrait_BenK-1-2_1zu1-300x300.jpg 300w, https:\/\/visualjournalism.de\/wp-content\/uploads\/Autorenportrait_BenK-1-2_1zu1-1024x1024.jpg 1024w, https:\/\/visualjournalism.de\/wp-content\/uploads\/Autorenportrait_BenK-1-2_1zu1-150x150.jpg 150w, https:\/\/visualjournalism.de\/wp-content\/uploads\/Autorenportrait_BenK-1-2_1zu1-768x768.jpg 768w, https:\/\/visualjournalism.de\/wp-content\/uploads\/Autorenportrait_BenK-1-2_1zu1-1050x1050.jpg 1050w, https:\/\/visualjournalism.de\/wp-content\/uploads\/Autorenportrait_BenK-1-2_1zu1-670x670.jpg 670w, https:\/\/visualjournalism.de\/wp-content\/uploads\/Autorenportrait_BenK-1-2_1zu1-420x420.jpg 420w, https:\/\/visualjournalism.de\/wp-content\/uploads\/Autorenportrait_BenK-1-2_1zu1-350x350.jpg 350w, https:\/\/visualjournalism.de\/wp-content\/uploads\/Autorenportrait_BenK-1-2_1zu1-52x52.jpg 52w, https:\/\/visualjournalism.de\/wp-content\/uploads\/Autorenportrait_BenK-1-2_1zu1-68x68.jpg 68w, https:\/\/visualjournalism.de\/wp-content\/uploads\/Autorenportrait_BenK-1-2_1zu1-96x96.jpg 96w\"\n                width=\"1336\" \n                height=\"1336\"\n                alt=\"\" \n            \/>\n            \n                            <span class=\"post__image__title\">Hannover, 18\/06\/2023 13:59:22 Autorenportrait von Ben K\u00fcmmel \rFoto: Lucas Nguyen<\/span>\n                    <\/div><!-- post__image__container -->\n\n        \n    <\/figure><!-- post__image -->\n\n\n\n<\/div>\n\n\n<div class=\"pinned-block__column--right\">\n    \n\n<p class=\"post__paragraph is-style-typo--soehne has-spacing--default\"><strong>Ben K\u00fcmmel<\/strong>, 1998 geboren, aus M\u00f6nchengladbach kommend, studiert nun seit 2022 in Hannover Visual Journalism. Sein Fokus ist der Mensch. Egal ob im dokumentarischen Kontext, in der Mode oder Kunst.<\/p>\n\n\n\n<p class=\"post__paragraph is-style-typo--soehne has-spacing--none\"><strong>Kontakt:<\/strong><br>kuemmel.ben@gmail.com<br><\/p>\n\n\n<\/div>\n<\/div>\n\n\n<div class=\"devider has-spacing--none\">\n    <hr>\n<\/div>\n\n\n \n\n    <div id=\"lead-in-block_0b43bcdb461d63c4b9fed0bbb74c7ece\" class=\"block-lead-in typo--default font-size--default has-spacing--xs width--default\">\n        <h2>Bens Beitr\u00e4ge:<\/h2>\n    <\/div>\n\n\n\n\r\n<article class=\"post-teaser teaser-single--full has-spacing--m post-30544 magazin type-magazin status-publish has-post-thumbnail hentry magazinkategorie-stille\">\r\n\t<header class=\"entry-header\">\r\n\r\n\t\t<div class=\"entry-categories\">\n\t<a class=\"post__tag\" href=\"https:\/\/visualjournalism.de\/magazin-kategorie\/stille\/\" rel=\"category tag\">Stille<\/a><\/div>\r\n\t\t<a href=\"https:\/\/visualjournalism.de\/en\/magazine\/stille\/das-ungehoerte-fuehlen\/\" rel=\"bookmark\">\r\n\t\t\t<h2 class=\"entry-title\">Das Ungeh\u00f6rte f\u00fchlen.<\/h2>\r\n\t\t\t<p class=\"entry-excerpt\">Was bedeutet Stille f\u00fcr einen buddhistischen M\u00f6nch, eine DJane, einen Geh\u00f6rlosen? Studierende aus dem zweiten Semester haben zehn Menschen befragt und in kurzen Videos ihre Geschichten aufgezeichnet.<\/p>\r\n\t\t<\/a>\r\n\r\n\t<\/header><!-- .entry-header -->\r\n\r\n\t<figure class=\"post__image\">\r\n\t\t<a href=\"https:\/\/visualjournalism.de\/en\/magazine\/stille\/das-ungehoerte-fuehlen\/\" rel=\"bookmark\">\r\n\t\t\t<video class=\"post__video\" autoplay loop muted playsinline>\n\t<source src=\"https:\/\/visualjournalism.de\/wp-content\/uploads\/Teaser-Stimmen-zur-Stille.mp4\" type=\"video\/mp4\">\n\tYour browser does not support the video tag.\n<\/video>\t\t<\/a>\r\n\t<\/figure><!-- .post__image -->\r\n\r\n<\/article>\r\n\n\n\n<div class=\"wp-block-group has-spacing--default has-spacing--default\">\n<div class=\"devider has-spacing--none\">\n    <hr>\n<\/div>\n\n\n \n\n    <div id=\"lead-in-block_a5b716168184071e2f07df8e2f58f4e0\" class=\"block-lead-in typo--default font-size--xl has-spacing--s width--default\">\n        <p><strong>Empfehlungen der Redaktion:<\/strong><\/p>\n    <\/div>\n\n\n\n\r\n\r\n\r\n\n\n\r\n\r\n\r\n\r\n        <div class=\"teaser-grid grid-layout--3col has-spacing--s width--inline\">\r\n\r\n            \r\n                <article class=\"post-teaser\">\r\n\r\n                    <a href=\"https:\/\/visualjournalism.de\/en\/magazine\/ratgeber\/kreative-blockaden\/\" rel=\"permalink\">\r\n\r\n                        <div class=\"post-teaser__content\">\r\n\r\n                            <span class=\"entry-categories\">Ratgeber<\/span>\r\n                            <h3 class=\"post-teaser__headline\">\r\n                                Kreative Blockaden:                            <\/h3>\r\n\r\n                            <div class=\"post-teaser__excerpt\">\r\n                                <p>Kreative Blockaden: Sie k\u00f6nnen frustrierend sein \u2013 m\u00fcssen es aber nicht bleiben. Erfahre, warum sie entstehen, was sie dir sagen wollen und wie du Schritt f\u00fcr Schritt wieder in deinen kreativen Flow findest.<\/p>\r\n                            <\/div>\r\n\r\n                        <\/div><!-- .post-teaser__content -->\r\n\r\n\r\n                        \r\n                            <figure class=\"post-teaser__image\">\r\n                                <img loading=\"lazy\" decoding=\"async\"  \r\n                                    src=\"https:\/\/visualjournalism.de\/wp-content\/uploads\/Max_Schlag-5-768x509.jpg\" \r\n                                    srcset=\"https:\/\/visualjournalism.de\/wp-content\/uploads\/Max_Schlag-5-768x509.jpg 768w, https:\/\/visualjournalism.de\/wp-content\/uploads\/Max_Schlag-5-300x199.jpg 300w, https:\/\/visualjournalism.de\/wp-content\/uploads\/Max_Schlag-5-1024x679.jpg 1024w, https:\/\/visualjournalism.de\/wp-content\/uploads\/Max_Schlag-5-1536x1019.jpg 1536w, https:\/\/visualjournalism.de\/wp-content\/uploads\/Max_Schlag-5-2048x1358.jpg 2048w, https:\/\/visualjournalism.de\/wp-content\/uploads\/Max_Schlag-5-1920x1273.jpg 1920w, https:\/\/visualjournalism.de\/wp-content\/uploads\/Max_Schlag-5-1400x928.jpg 1400w, https:\/\/visualjournalism.de\/wp-content\/uploads\/Max_Schlag-5-1050x696.jpg 1050w, https:\/\/visualjournalism.de\/wp-content\/uploads\/Max_Schlag-5-670x444.jpg 670w, https:\/\/visualjournalism.de\/wp-content\/uploads\/Max_Schlag-5-420x278.jpg 420w, https:\/\/visualjournalism.de\/wp-content\/uploads\/Max_Schlag-5-350x232.jpg 350w, https:\/\/visualjournalism.de\/wp-content\/uploads\/Max_Schlag-5-150x99.jpg 150w\" \r\n                                    width=\"768\"  \r\n                                    height=\"509\" \r\n                                    alt=\"glitzernde Wasseroberfl\u00e4che\"\r\n                                \/>\r\n                            <\/figure>\r\n\r\n                        \r\n                    \r\n                    <\/a>\r\n\r\n                <\/article><!--- .post-teaser-->\r\n\r\n            \r\n                <article class=\"post-teaser\">\r\n\r\n                    <a href=\"https:\/\/visualjournalism.de\/en\/magazine\/ratgeber\/wie-du-deine-portraets-neu-denken-kannst\/\" rel=\"permalink\">\r\n\r\n                        <div class=\"post-teaser__content\">\r\n\r\n                            <span class=\"entry-categories\">Ratgeber<\/span>\r\n                            <h3 class=\"post-teaser__headline\">\r\n                                Wie du deine Portr\u00e4ts neu denken kannst.                            <\/h3>\r\n\r\n                            <div class=\"post-teaser__excerpt\">\r\n                                <p>Wenn uns Portr\u00e4ts tief ber\u00fchren, aufr\u00fctteln oder in den Bann ziehen, ist das ein sicheres Anzeichen f\u00fcr ein starkes Bild. Doch wie gelingt das? Hier findest du konkrete Ans\u00e4tze und Tipps von Expert*innen aus der Praxis.<\/p>\r\n                            <\/div>\r\n\r\n                        <\/div><!-- .post-teaser__content -->\r\n\r\n\r\n                        \r\n                            <figure class=\"post-teaser__image\">\r\n                                <img loading=\"lazy\" decoding=\"async\"  \r\n                                    src=\"https:\/\/visualjournalism.de\/wp-content\/uploads\/Portraits-China-Hopsen-768x674.jpg\" \r\n                                    srcset=\"https:\/\/visualjournalism.de\/wp-content\/uploads\/Portraits-China-Hopsen-768x674.jpg 768w, https:\/\/visualjournalism.de\/wp-content\/uploads\/Portraits-China-Hopsen-300x263.jpg 300w, https:\/\/visualjournalism.de\/wp-content\/uploads\/Portraits-China-Hopsen-1024x899.jpg 1024w, https:\/\/visualjournalism.de\/wp-content\/uploads\/Portraits-China-Hopsen-1536x1348.jpg 1536w, https:\/\/visualjournalism.de\/wp-content\/uploads\/Portraits-China-Hopsen-2048x1797.jpg 2048w, https:\/\/visualjournalism.de\/wp-content\/uploads\/Portraits-China-Hopsen-1920x1685.jpg 1920w, https:\/\/visualjournalism.de\/wp-content\/uploads\/Portraits-China-Hopsen-1400x1229.jpg 1400w, https:\/\/visualjournalism.de\/wp-content\/uploads\/Portraits-China-Hopsen-1050x922.jpg 1050w, https:\/\/visualjournalism.de\/wp-content\/uploads\/Portraits-China-Hopsen-670x588.jpg 670w, https:\/\/visualjournalism.de\/wp-content\/uploads\/Portraits-China-Hopsen-420x369.jpg 420w, https:\/\/visualjournalism.de\/wp-content\/uploads\/Portraits-China-Hopsen-350x307.jpg 350w, https:\/\/visualjournalism.de\/wp-content\/uploads\/Portraits-China-Hopsen-150x132.jpg 150w\" \r\n                                    width=\"768\"  \r\n                                    height=\"674\" \r\n                                    alt=\"Auswahl von 6 verschieden Porraits Abwechslung von nah und distanizert\"\r\n                                \/>\r\n                            <\/figure>\r\n\r\n                        \r\n                    \r\n                    <\/a>\r\n\r\n                <\/article><!--- .post-teaser-->\r\n\r\n            \r\n                <article class=\"post-teaser\">\r\n\r\n                    <a href=\"https:\/\/visualjournalism.de\/en\/magazine\/ratgeber\/hannover-deshalb-lohnt-sich-ein-studium-hier\/\" rel=\"permalink\">\r\n\r\n                        <div class=\"post-teaser__content\">\r\n\r\n                            <span class=\"entry-categories\">Ratgeber<\/span>\r\n                            <h3 class=\"post-teaser__headline\">\r\n                                Hannover aufregend unaufgeregt.                            <\/h3>\r\n\r\n                            <div class=\"post-teaser__excerpt\">\r\n                                <p>In diesem Kommentar erf\u00e4hrst du, warum sich ein Studium in Hannover f\u00fcr dich lohnt und wie der beste Start in Niedersachsens Landeshauptstadt gelingen kann.<\/p>\r\n                            <\/div>\r\n\r\n                        <\/div><!-- .post-teaser__content -->\r\n\r\n\r\n                        \r\n                            <figure class=\"post-teaser__image\">\r\n                                <img loading=\"lazy\" decoding=\"async\"  \r\n                                    src=\"https:\/\/visualjournalism.de\/wp-content\/uploads\/2025\/02\/hannover_unaufgeregt_aufgeregt-2-768x491.jpg\" \r\n                                    srcset=\"https:\/\/visualjournalism.de\/wp-content\/uploads\/2025\/02\/hannover_unaufgeregt_aufgeregt-2-768x491.jpg 768w, https:\/\/visualjournalism.de\/wp-content\/uploads\/2025\/02\/hannover_unaufgeregt_aufgeregt-2-300x192.jpg 300w, https:\/\/visualjournalism.de\/wp-content\/uploads\/2025\/02\/hannover_unaufgeregt_aufgeregt-2-1024x655.jpg 1024w, https:\/\/visualjournalism.de\/wp-content\/uploads\/2025\/02\/hannover_unaufgeregt_aufgeregt-2-1536x982.jpg 1536w, https:\/\/visualjournalism.de\/wp-content\/uploads\/2025\/02\/hannover_unaufgeregt_aufgeregt-2-2048x1310.jpg 2048w, https:\/\/visualjournalism.de\/wp-content\/uploads\/2025\/02\/hannover_unaufgeregt_aufgeregt-2-1920x1228.jpg 1920w, https:\/\/visualjournalism.de\/wp-content\/uploads\/2025\/02\/hannover_unaufgeregt_aufgeregt-2-1400x895.jpg 1400w, https:\/\/visualjournalism.de\/wp-content\/uploads\/2025\/02\/hannover_unaufgeregt_aufgeregt-2-1050x671.jpg 1050w, https:\/\/visualjournalism.de\/wp-content\/uploads\/2025\/02\/hannover_unaufgeregt_aufgeregt-2-670x428.jpg 670w, https:\/\/visualjournalism.de\/wp-content\/uploads\/2025\/02\/hannover_unaufgeregt_aufgeregt-2-420x269.jpg 420w, https:\/\/visualjournalism.de\/wp-content\/uploads\/2025\/02\/hannover_unaufgeregt_aufgeregt-2-350x224.jpg 350w, https:\/\/visualjournalism.de\/wp-content\/uploads\/2025\/02\/hannover_unaufgeregt_aufgeregt-2-150x96.jpg 150w\" \r\n                                    width=\"768\"  \r\n                                    height=\"491\" \r\n                                    alt=\"\"\r\n                                \/>\r\n                            <\/figure>\r\n\r\n                        \r\n                    \r\n                    <\/a>\r\n\r\n                <\/article><!--- .post-teaser-->\r\n\r\n            \r\n        <\/div><!-- .teaser-grid -->\r\n\r\n\n\n\r\n\r\n\r\n\n\n\n    <div class=\"btn-wrapper has-spacing--m\">\n        <a class=\"btn\" href=\"https:\/\/visualjournalism.de\/magazin\/\" target=\"_blank\">ZUR MAGAZIN-STARTSEITE<\/a>\n    <\/div>\n<\/div>\n","protected":false},"excerpt":{"rendered":"","protected":false},"author":10,"featured_media":0,"parent":0,"menu_order":0,"comment_status":"closed","ping_status":"closed","template":"","meta":{"_acf_changed":false,"footnotes":""},"class_list":["post-29887","page","type-page","status-publish","hentry"],"acf":[],"yoast_head":"<!-- This site is optimized with the Yoast SEO Premium plugin v27.3 (Yoast SEO v27.3) - https:\/\/yoast.com\/product\/yoast-seo-premium-wordpress\/ -->\n<title>Ben K\u00fcmmel &#8211; Visual Journalism and Documentary Photography<\/title>\n<meta name=\"robots\" content=\"index, follow, max-snippet:-1, max-image-preview:large, max-video-preview:-1\" \/>\n<link rel=\"canonical\" href=\"https:\/\/visualjournalism.de\/en\/ben-kuemmel\/\" \/>\n<meta property=\"og:locale\" content=\"en_US\" \/>\n<meta property=\"og:type\" content=\"article\" \/>\n<meta property=\"og:title\" content=\"Ben K\u00fcmmel\" \/>\n<meta property=\"og:url\" content=\"https:\/\/visualjournalism.de\/en\/ben-kuemmel\/\" \/>\n<meta property=\"og:site_name\" content=\"Visual Journalism and Documentary Photography\" \/>\n<meta property=\"article:publisher\" content=\"https:\/\/www.facebook.com\/people\/wwwfotostudentende\/100065173703897\/\" \/>\n<meta property=\"article:modified_time\" content=\"2024-01-30T11:43:15+00:00\" \/>\n<meta name=\"twitter:card\" content=\"summary_large_image\" \/>\n<meta name=\"twitter:site\" content=\"@HsHannover\" \/>\n<meta name=\"twitter:label1\" content=\"Est. reading time\" \/>\n\t<meta name=\"twitter:data1\" content=\"1 minute\" \/>\n<script type=\"application\/ld+json\" class=\"yoast-schema-graph\">{\"@context\":\"https:\\\/\\\/schema.org\",\"@graph\":[{\"@type\":\"WebPage\",\"@id\":\"https:\\\/\\\/visualjournalism.de\\\/en\\\/ben-kuemmel\\\/\",\"url\":\"https:\\\/\\\/visualjournalism.de\\\/en\\\/ben-kuemmel\\\/\",\"name\":\"Ben K\u00fcmmel &#8211; Visual Journalism and Documentary Photography\",\"isPartOf\":{\"@id\":\"https:\\\/\\\/visualjournalism.de\\\/en\\\/#website\"},\"datePublished\":\"2023-11-05T17:06:36+00:00\",\"dateModified\":\"2024-01-30T11:43:15+00:00\",\"breadcrumb\":{\"@id\":\"https:\\\/\\\/visualjournalism.de\\\/en\\\/ben-kuemmel\\\/#breadcrumb\"},\"inLanguage\":\"en-US\",\"potentialAction\":[{\"@type\":\"ReadAction\",\"target\":[\"https:\\\/\\\/visualjournalism.de\\\/en\\\/ben-kuemmel\\\/\"]}]},{\"@type\":\"BreadcrumbList\",\"@id\":\"https:\\\/\\\/visualjournalism.de\\\/en\\\/ben-kuemmel\\\/#breadcrumb\",\"itemListElement\":[{\"@type\":\"ListItem\",\"position\":1,\"name\":\"Home\",\"item\":\"https:\\\/\\\/visualjournalism.de\\\/en\\\/\"},{\"@type\":\"ListItem\",\"position\":2,\"name\":\"Ben K\u00fcmmel\"}]},{\"@type\":\"WebSite\",\"@id\":\"https:\\\/\\\/visualjournalism.de\\\/en\\\/#website\",\"url\":\"https:\\\/\\\/visualjournalism.de\\\/en\\\/\",\"name\":\"Visual Journalism and Documentary Photography\",\"description\":\"All about the bilingual bachelor&#039;s program at Hannover University of Applied Sciences and Arts.\",\"publisher\":{\"@id\":\"https:\\\/\\\/visualjournalism.de\\\/en\\\/#organization\"},\"alternateName\":\"visualjournalism.de\",\"potentialAction\":[{\"@type\":\"SearchAction\",\"target\":{\"@type\":\"EntryPoint\",\"urlTemplate\":\"https:\\\/\\\/visualjournalism.de\\\/en\\\/?s={search_term_string}\"},\"query-input\":{\"@type\":\"PropertyValueSpecification\",\"valueRequired\":true,\"valueName\":\"search_term_string\"}}],\"inLanguage\":\"en-US\"},{\"@type\":\"Organization\",\"@id\":\"https:\\\/\\\/visualjournalism.de\\\/en\\\/#organization\",\"name\":\"Hochschule Hannover \u2013 University of Applied Sciences and Arts\",\"alternateName\":\"HsH\",\"url\":\"https:\\\/\\\/visualjournalism.de\\\/en\\\/\",\"logo\":{\"@type\":\"ImageObject\",\"inLanguage\":\"en-US\",\"@id\":\"https:\\\/\\\/visualjournalism.de\\\/en\\\/#\\\/schema\\\/logo\\\/image\\\/\",\"url\":\"https:\\\/\\\/visualjournalism.de\\\/wp-content\\\/uploads\\\/logo-hochschule-hannover.png\",\"contentUrl\":\"https:\\\/\\\/visualjournalism.de\\\/wp-content\\\/uploads\\\/logo-hochschule-hannover.png\",\"width\":363,\"height\":270,\"caption\":\"Hochschule Hannover \u2013 University of Applied Sciences and Arts\"},\"image\":{\"@id\":\"https:\\\/\\\/visualjournalism.de\\\/en\\\/#\\\/schema\\\/logo\\\/image\\\/\"},\"sameAs\":[\"https:\\\/\\\/www.facebook.com\\\/people\\\/wwwfotostudentende\\\/100065173703897\\\/\",\"https:\\\/\\\/x.com\\\/HsHannover\",\"https:\\\/\\\/www.instagram.com\\\/visualjournalism.de\\\/\"]}]}<\/script>\n<!-- \/ Yoast SEO Premium plugin. -->","yoast_head_json":{"title":"Ben K\u00fcmmel &#8211; Visual Journalism and Documentary Photography","robots":{"index":"index","follow":"follow","max-snippet":"max-snippet:-1","max-image-preview":"max-image-preview:large","max-video-preview":"max-video-preview:-1"},"canonical":"https:\/\/visualjournalism.de\/en\/ben-kuemmel\/","og_locale":"en_US","og_type":"article","og_title":"Ben K\u00fcmmel","og_url":"https:\/\/visualjournalism.de\/en\/ben-kuemmel\/","og_site_name":"Visual Journalism and Documentary Photography","article_publisher":"https:\/\/www.facebook.com\/people\/wwwfotostudentende\/100065173703897\/","article_modified_time":"2024-01-30T11:43:15+00:00","twitter_card":"summary_large_image","twitter_site":"@HsHannover","twitter_misc":{"Est. reading time":"1 minute"},"schema":{"@context":"https:\/\/schema.org","@graph":[{"@type":"WebPage","@id":"https:\/\/visualjournalism.de\/en\/ben-kuemmel\/","url":"https:\/\/visualjournalism.de\/en\/ben-kuemmel\/","name":"Ben K\u00fcmmel &#8211; Visual Journalism and Documentary Photography","isPartOf":{"@id":"https:\/\/visualjournalism.de\/en\/#website"},"datePublished":"2023-11-05T17:06:36+00:00","dateModified":"2024-01-30T11:43:15+00:00","breadcrumb":{"@id":"https:\/\/visualjournalism.de\/en\/ben-kuemmel\/#breadcrumb"},"inLanguage":"en-US","potentialAction":[{"@type":"ReadAction","target":["https:\/\/visualjournalism.de\/en\/ben-kuemmel\/"]}]},{"@type":"BreadcrumbList","@id":"https:\/\/visualjournalism.de\/en\/ben-kuemmel\/#breadcrumb","itemListElement":[{"@type":"ListItem","position":1,"name":"Home","item":"https:\/\/visualjournalism.de\/en\/"},{"@type":"ListItem","position":2,"name":"Ben K\u00fcmmel"}]},{"@type":"WebSite","@id":"https:\/\/visualjournalism.de\/en\/#website","url":"https:\/\/visualjournalism.de\/en\/","name":"Visual Journalism and Documentary Photography","description":"All about the bilingual bachelor&#039;s program at Hannover University of Applied Sciences and Arts.","publisher":{"@id":"https:\/\/visualjournalism.de\/en\/#organization"},"alternateName":"visualjournalism.de","potentialAction":[{"@type":"SearchAction","target":{"@type":"EntryPoint","urlTemplate":"https:\/\/visualjournalism.de\/en\/?s={search_term_string}"},"query-input":{"@type":"PropertyValueSpecification","valueRequired":true,"valueName":"search_term_string"}}],"inLanguage":"en-US"},{"@type":"Organization","@id":"https:\/\/visualjournalism.de\/en\/#organization","name":"Hochschule Hannover \u2013 University of Applied Sciences and Arts","alternateName":"HsH","url":"https:\/\/visualjournalism.de\/en\/","logo":{"@type":"ImageObject","inLanguage":"en-US","@id":"https:\/\/visualjournalism.de\/en\/#\/schema\/logo\/image\/","url":"https:\/\/visualjournalism.de\/wp-content\/uploads\/logo-hochschule-hannover.png","contentUrl":"https:\/\/visualjournalism.de\/wp-content\/uploads\/logo-hochschule-hannover.png","width":363,"height":270,"caption":"Hochschule Hannover \u2013 University of Applied Sciences and Arts"},"image":{"@id":"https:\/\/visualjournalism.de\/en\/#\/schema\/logo\/image\/"},"sameAs":["https:\/\/www.facebook.com\/people\/wwwfotostudentende\/100065173703897\/","https:\/\/x.com\/HsHannover","https:\/\/www.instagram.com\/visualjournalism.de\/"]}]}},"_links":{"self":[{"href":"https:\/\/visualjournalism.de\/en\/wp-json\/wp\/v2\/pages\/29887","targetHints":{"allow":["GET"]}}],"collection":[{"href":"https:\/\/visualjournalism.de\/en\/wp-json\/wp\/v2\/pages"}],"about":[{"href":"https:\/\/visualjournalism.de\/en\/wp-json\/wp\/v2\/types\/page"}],"author":[{"embeddable":true,"href":"https:\/\/visualjournalism.de\/en\/wp-json\/wp\/v2\/users\/10"}],"replies":[{"embeddable":true,"href":"https:\/\/visualjournalism.de\/en\/wp-json\/wp\/v2\/comments?post=29887"}],"version-history":[{"count":0,"href":"https:\/\/visualjournalism.de\/en\/wp-json\/wp\/v2\/pages\/29887\/revisions"}],"wp:attachment":[{"href":"https:\/\/visualjournalism.de\/en\/wp-json\/wp\/v2\/media?parent=29887"}],"curies":[{"name":"wp","href":"https:\/\/api.w.org\/{rel}","templated":true}]}}