{"id":32090,"date":"2024-01-16T20:59:50","date_gmt":"2024-01-16T20:59:50","guid":{"rendered":"https:\/\/visualjournalism.de\/?page_id=32090"},"modified":"2024-03-04T18:14:01","modified_gmt":"2024-03-04T18:14:01","slug":"jonas-dengler","status":"publish","type":"page","link":"https:\/\/visualjournalism.de\/en\/jonas-dengler\/","title":{"rendered":"Jonas Dengler"},"content":{"rendered":"\n \n\n    <div id=\"lead-in-block_49bc4a967531f593bbad98bccf59f0e2\" class=\"block-lead-in typo--soehne font-size--xl has-spacing--s width--full\">\n        <h1><strong>Jonas Dengler<\/strong><\/h1>\n    <\/div>\n\n\n\n\n<div class=\"pinned-block has-spacing--m\">\n\t\n\n<div class=\"pinned-block__column--left\">\n    \n    <figure class=\"block-photo post__image--wide-left has-spacing--xs with-title\">\n\n        <div class=\"post__image__container\">\n            <img loading=\"lazy\" decoding=\"async\" \n                src=\"https:\/\/visualjournalism.de\/wp-content\/uploads\/JonasDengler_Portrait.jpg-1050x1400.webp\"\n                srcset=\"https:\/\/visualjournalism.de\/wp-content\/uploads\/JonasDengler_Portrait.jpg-1050x1400.webp 1050w, https:\/\/visualjournalism.de\/wp-content\/uploads\/JonasDengler_Portrait.jpg-225x300.webp 225w, https:\/\/visualjournalism.de\/wp-content\/uploads\/JonasDengler_Portrait.jpg-768x1024.webp 768w, https:\/\/visualjournalism.de\/wp-content\/uploads\/JonasDengler_Portrait.jpg-1152x1536.webp 1152w, https:\/\/visualjournalism.de\/wp-content\/uploads\/JonasDengler_Portrait.jpg-1536x2048.webp 1536w, https:\/\/visualjournalism.de\/wp-content\/uploads\/JonasDengler_Portrait.jpg-1400x1867.webp 1400w, https:\/\/visualjournalism.de\/wp-content\/uploads\/JonasDengler_Portrait.jpg-670x893.webp 670w, https:\/\/visualjournalism.de\/wp-content\/uploads\/JonasDengler_Portrait.jpg-420x560.webp 420w, https:\/\/visualjournalism.de\/wp-content\/uploads\/JonasDengler_Portrait.jpg-350x467.webp 350w, https:\/\/visualjournalism.de\/wp-content\/uploads\/JonasDengler_Portrait.jpg-300x400.webp 300w, https:\/\/visualjournalism.de\/wp-content\/uploads\/JonasDengler_Portrait.jpg-640x853.webp 640w, https:\/\/visualjournalism.de\/wp-content\/uploads\/JonasDengler_Portrait.jpg-150x200.webp 150w, https:\/\/visualjournalism.de\/wp-content\/uploads\/JonasDengler_Portrait.jpg.webp 1875w\"\n                width=\"1050\" \n                height=\"1400\"\n                alt=\"Portr\u00e4tfoto des Fotografen Jonas Dengler\" \n            \/>\n            \n                            <span class=\"post__image__title\">Jonas Dengler studiert seit 2018 Visual Journalism und arbeitet als freier Fotojournalist.<\/span>\n                    <\/div><!-- post__image__container -->\n\n        \n    <\/figure><!-- post__image -->\n\n\n\n<\/div>\n\n\n<div class=\"pinned-block__column--right\">\n    \n\n<p class=\"post__paragraph is-style-typo--soehne has-spacing--default\"><strong>Jonas Dengler<\/strong> wurde 1990 in Darmstadt, Hessen, geboren. Seine ersten Schritte im visuellen Erz\u00e4hlen ging er in der Filmbranche, mit dem Ziel, Kameramann zu werden. Nach f\u00fcnf Jahren Berufserfahrung an verschiedenen Sets quer durch Deutschland entdeckte er die journalistisch-dokumentarische Fotografie. Das Lumixfestival war hier ein einschneidendes Erlebnis. Dem Reiz folgend, ohne gro\u00dfes Team sehr nah mit seinen Protagonist*innen arbeiten zu k\u00f6nnen, studiert er seit 2018 Fotojournalismus und Dokumentarfotografie, heute Visual Journalism.<br><br><strong>Kontakt<\/strong><br><a href=\"http:\/\/www.jonasdengler.de\" target=\"_blank\" rel=\"noreferrer noopener\">w<\/a><a href=\"http:\/\/www.jonasdengler.de\">ww.jonasdengler.de<br><\/a><a href=\"mailto:hello@jonadengler.de\" target=\"_blank\" rel=\"noreferrer noopener\">hello@jonasdengler.de<br><\/a>Instagram: <a href=\"http:\/\/www.instagram.com\/jonas_dengler\" target=\"_blank\" rel=\"noreferrer noopener\">@jonas_dengler<\/a><br><\/p>\n\n\n<\/div>\n<\/div>\n\n\n<div class=\"devider has-spacing--none\">\n    <hr>\n<\/div>\n\n\n    <div class=\"headline-block has-spacing--xs\">\n\n        <h2 class=\"post__headline\">Jonas&#8217; Beitr\u00e4ge:<\/h2>\n\n        \n    <\/div>\n\n    \n\n\n\n\r\n<article class=\"post-teaser teaser-single--full has-spacing--m post-30707 magazin type-magazin status-publish has-post-thumbnail hentry magazinkategorie-stille\">\r\n\t<header class=\"entry-header\">\r\n\r\n\t\t<div class=\"entry-categories\">\n\t<a class=\"post__tag\" href=\"https:\/\/visualjournalism.de\/magazin-kategorie\/stille\/\" rel=\"category tag\">Stille<\/a><\/div>\r\n\t\t<a href=\"https:\/\/visualjournalism.de\/en\/magazine\/stille\/moore-die-leisen-klimaretter\/\" rel=\"bookmark\">\r\n\t\t\t<h2 class=\"entry-title\">Die leisen Klimaretter.<\/h2>\r\n\t\t\t<p class=\"entry-excerpt\">Moore speichern gigantische Mengen Kohlenstoff und r\u00fccken daher immer st\u00e4rker in den Fokus von Klimaforschern. Unser Autor traf vier Menschen, die aus unterschiedlichen Perspektiven auf das Thema blicken.<\/p>\r\n\t\t<\/a>\r\n\r\n\t<\/header><!-- .entry-header -->\r\n\r\n\t<figure class=\"post__image\">\r\n\t\t<a href=\"https:\/\/visualjournalism.de\/en\/magazine\/stille\/moore-die-leisen-klimaretter\/\" rel=\"bookmark\">\r\n\t\t\t<img loading=\"lazy\" decoding=\"async\" width=\"1400\" height=\"1000\" src=\"https:\/\/visualjournalism.de\/wp-content\/uploads\/DSF9637-1400x1000.jpg\" class=\"attachment-photo-block--full size-photo-block--full\" alt=\"\" srcset=\"https:\/\/visualjournalism.de\/wp-content\/uploads\/DSF9637-1400x1000.jpg 1400w, https:\/\/visualjournalism.de\/wp-content\/uploads\/DSF9637-300x214.jpg 300w, https:\/\/visualjournalism.de\/wp-content\/uploads\/DSF9637-1024x732.jpg 1024w, https:\/\/visualjournalism.de\/wp-content\/uploads\/DSF9637-768x549.jpg 768w, https:\/\/visualjournalism.de\/wp-content\/uploads\/DSF9637-1536x1097.jpg 1536w, https:\/\/visualjournalism.de\/wp-content\/uploads\/DSF9637-1920x1372.jpg 1920w, https:\/\/visualjournalism.de\/wp-content\/uploads\/DSF9637-1050x750.jpg 1050w, https:\/\/visualjournalism.de\/wp-content\/uploads\/DSF9637-670x479.jpg 670w, https:\/\/visualjournalism.de\/wp-content\/uploads\/DSF9637-420x300.jpg 420w, https:\/\/visualjournalism.de\/wp-content\/uploads\/DSF9637-350x250.jpg 350w, https:\/\/visualjournalism.de\/wp-content\/uploads\/DSF9637-150x107.jpg 150w, https:\/\/visualjournalism.de\/wp-content\/uploads\/DSF9637.jpg 2000w\" sizes=\"auto, (max-width: 1400px) 100vw, 1400px\" \/>\t\t<\/a>\r\n\t<\/figure><!-- .post__image -->\r\n\r\n<\/article>\r\n\n\n\n<div class=\"wp-block-group has-spacing--default has-spacing--default\">\n<div class=\"devider has-spacing--none\">\n    <hr>\n<\/div>\n\n\n \n\n    <div id=\"lead-in-block_a924c0944b2773c9a9063c75c16b2688\" class=\"block-lead-in typo--default font-size--xl has-spacing--s width--default\">\n        <p><strong>Empfehlungen der Redaktion:<\/strong><\/p>\n    <\/div>\n\n\n\n\r\n\r\n\r\n\n\n\r\n\r\n\r\n\r\n        <div class=\"teaser-grid grid-layout--3col has-spacing--s width--inline\">\r\n\r\n            \r\n                <article class=\"post-teaser\">\r\n\r\n                    <a href=\"https:\/\/visualjournalism.de\/en\/magazine\/sammeln\/kugelschreiber-geschichten-zwischen-budapest-und-brockel\/\" rel=\"permalink\">\r\n\r\n                        <div class=\"post-teaser__content\">\r\n\r\n                            <span class=\"entry-categories\">Sammeln<\/span>\r\n                            <h3 class=\"post-teaser__headline\">\r\n                                Der K\u00f6nig der Kulis                            <\/h3>\r\n\r\n                            <div class=\"post-teaser__excerpt\">\r\n                                <p>Klack-Kulis, Sondereditionen, Werbegeschenke: Heinz-Hermann hat sie alle. \u00dcber 200.000 Kugelschreiber finden in seiner Sammlung Platz. Eine Geschichte des Kulis \u2013 von Budapest bis Brockel.<\/p>\r\n                            <\/div>\r\n\r\n                        <\/div><!-- .post-teaser__content -->\r\n\r\n\r\n                        \r\n                            <figure class=\"post-teaser__image\">\r\n                                <img loading=\"lazy\" decoding=\"async\"  \r\n                                    src=\"https:\/\/visualjournalism.de\/wp-content\/uploads\/Sammeln-4_Inga-Kloeber-768x512.jpg\" \r\n                                    srcset=\"https:\/\/visualjournalism.de\/wp-content\/uploads\/Sammeln-4_Inga-Kloeber-768x512.jpg 768w, https:\/\/visualjournalism.de\/wp-content\/uploads\/Sammeln-4_Inga-Kloeber-300x200.jpg 300w, https:\/\/visualjournalism.de\/wp-content\/uploads\/Sammeln-4_Inga-Kloeber-1024x682.jpg 1024w, https:\/\/visualjournalism.de\/wp-content\/uploads\/Sammeln-4_Inga-Kloeber-1536x1024.jpg 1536w, https:\/\/visualjournalism.de\/wp-content\/uploads\/Sammeln-4_Inga-Kloeber-1920x1280.jpg 1920w, https:\/\/visualjournalism.de\/wp-content\/uploads\/Sammeln-4_Inga-Kloeber-1400x933.jpg 1400w, https:\/\/visualjournalism.de\/wp-content\/uploads\/Sammeln-4_Inga-Kloeber-1050x700.jpg 1050w, https:\/\/visualjournalism.de\/wp-content\/uploads\/Sammeln-4_Inga-Kloeber-670x447.jpg 670w, https:\/\/visualjournalism.de\/wp-content\/uploads\/Sammeln-4_Inga-Kloeber-420x280.jpg 420w, https:\/\/visualjournalism.de\/wp-content\/uploads\/Sammeln-4_Inga-Kloeber-350x233.jpg 350w, https:\/\/visualjournalism.de\/wp-content\/uploads\/Sammeln-4_Inga-Kloeber-150x100.jpg 150w, https:\/\/visualjournalism.de\/wp-content\/uploads\/Sammeln-4_Inga-Kloeber.jpg 2000w\" \r\n                                    width=\"768\"  \r\n                                    height=\"512\" \r\n                                    alt=\"Nahaufnahme eines mehrst\u00f6ckigen Regals in dem sich bunte Kisten befinden. Diese sind bis obenhin mit Kugelschreibern gef\u00fcllt.\"\r\n                                \/>\r\n                            <\/figure>\r\n\r\n                        \r\n                    \r\n                    <\/a>\r\n\r\n                <\/article><!--- .post-teaser-->\r\n\r\n            \r\n                <article class=\"post-teaser\">\r\n\r\n                    <a href=\"https:\/\/visualjournalism.de\/en\/magazine\/sammeln\/playmobil-sammler-das-imperium-der-klick-figuren\/\" rel=\"permalink\">\r\n\r\n                        <div class=\"post-teaser__content\">\r\n\r\n                            <span class=\"entry-categories\">Sammeln<\/span>\r\n                            <h3 class=\"post-teaser__headline\">\r\n                                Das Imperium der Klick-Figuren                            <\/h3>\r\n\r\n                            <div class=\"post-teaser__excerpt\">\r\n                                <p>Alles begann im Kinderzimmer \u2013 heute besitzt Oliver Schaffer mit \u00fcber 400.000 Figuren die gr\u00f6\u00dfte Playmobil-Sammlung der Welt. Ein Besuch in seinem riesigen Hochregallager zeigt, warum er das Leben am liebsten aus der Miniatur-Perspektive sieht.<\/p>\r\n                            <\/div>\r\n\r\n                        <\/div><!-- .post-teaser__content -->\r\n\r\n\r\n                        \r\n                            <figure class=\"post-teaser__image\">\r\n                                <img loading=\"lazy\" decoding=\"async\"  \r\n                                    src=\"https:\/\/visualjournalism.de\/wp-content\/uploads\/20241212_FR87726-Playmobilbauer-\u00a9Felix-Kaspar-Rosic_4000px-768x614.jpg\" \r\n                                    srcset=\"https:\/\/visualjournalism.de\/wp-content\/uploads\/20241212_FR87726-Playmobilbauer-\u00a9Felix-Kaspar-Rosic_4000px-768x614.jpg 768w, https:\/\/visualjournalism.de\/wp-content\/uploads\/20241212_FR87726-Playmobilbauer-\u00a9Felix-Kaspar-Rosic_4000px-300x240.jpg 300w, https:\/\/visualjournalism.de\/wp-content\/uploads\/20241212_FR87726-Playmobilbauer-\u00a9Felix-Kaspar-Rosic_4000px-1024x819.jpg 1024w, https:\/\/visualjournalism.de\/wp-content\/uploads\/20241212_FR87726-Playmobilbauer-\u00a9Felix-Kaspar-Rosic_4000px-1536x1229.jpg 1536w, https:\/\/visualjournalism.de\/wp-content\/uploads\/20241212_FR87726-Playmobilbauer-\u00a9Felix-Kaspar-Rosic_4000px-1920x1536.jpg 1920w, https:\/\/visualjournalism.de\/wp-content\/uploads\/20241212_FR87726-Playmobilbauer-\u00a9Felix-Kaspar-Rosic_4000px-1400x1120.jpg 1400w, https:\/\/visualjournalism.de\/wp-content\/uploads\/20241212_FR87726-Playmobilbauer-\u00a9Felix-Kaspar-Rosic_4000px-1050x840.jpg 1050w, https:\/\/visualjournalism.de\/wp-content\/uploads\/20241212_FR87726-Playmobilbauer-\u00a9Felix-Kaspar-Rosic_4000px-670x536.jpg 670w, https:\/\/visualjournalism.de\/wp-content\/uploads\/20241212_FR87726-Playmobilbauer-\u00a9Felix-Kaspar-Rosic_4000px-420x336.jpg 420w, https:\/\/visualjournalism.de\/wp-content\/uploads\/20241212_FR87726-Playmobilbauer-\u00a9Felix-Kaspar-Rosic_4000px-350x280.jpg 350w, https:\/\/visualjournalism.de\/wp-content\/uploads\/20241212_FR87726-Playmobilbauer-\u00a9Felix-Kaspar-Rosic_4000px-150x120.jpg 150w, https:\/\/visualjournalism.de\/wp-content\/uploads\/20241212_FR87726-Playmobilbauer-\u00a9Felix-Kaspar-Rosic_4000px.jpg 2000w\" \r\n                                    width=\"768\"  \r\n                                    height=\"614\" \r\n                                    alt=\"\"\r\n                                \/>\r\n                            <\/figure>\r\n\r\n                        \r\n                    \r\n                    <\/a>\r\n\r\n                <\/article><!--- .post-teaser-->\r\n\r\n            \r\n                <article class=\"post-teaser\">\r\n\r\n                    <a href=\"https:\/\/visualjournalism.de\/en\/magazine\/ratgeber\/grossformatfotografie-wer-tut-sich-das-noch-an\/\" rel=\"permalink\">\r\n\r\n                        <div class=\"post-teaser__content\">\r\n\r\n                            <span class=\"entry-categories\">Ratgeber<\/span>\r\n                            <h3 class=\"post-teaser__headline\">\r\n                                Gro\u00dfformatfotografie: Wer tut sich das noch an?                            <\/h3>\r\n\r\n                            <div class=\"post-teaser__excerpt\">\r\n                                <p>Warum ich freiwillig eine Kamera durch die Weltgeschichte schleppe, die so schwer ist, wie ein Sack Zement, verrate ich dir in diesem Ratgeber!<\/p>\r\n                            <\/div>\r\n\r\n                        <\/div><!-- .post-teaser__content -->\r\n\r\n\r\n                        \r\n                            <figure class=\"post-teaser__image\">\r\n                                <img loading=\"lazy\" decoding=\"async\"  \r\n                                    src=\"https:\/\/visualjournalism.de\/wp-content\/uploads\/Ludwig-Nikulski-MathildaTheo-768x960.jpg\" \r\n                                    srcset=\"https:\/\/visualjournalism.de\/wp-content\/uploads\/Ludwig-Nikulski-MathildaTheo-768x960.jpg 768w, https:\/\/visualjournalism.de\/wp-content\/uploads\/Ludwig-Nikulski-MathildaTheo-240x300.jpg 240w, https:\/\/visualjournalism.de\/wp-content\/uploads\/Ludwig-Nikulski-MathildaTheo-819x1024.jpg 819w, https:\/\/visualjournalism.de\/wp-content\/uploads\/Ludwig-Nikulski-MathildaTheo-1050x1313.jpg 1050w, https:\/\/visualjournalism.de\/wp-content\/uploads\/Ludwig-Nikulski-MathildaTheo-670x838.jpg 670w, https:\/\/visualjournalism.de\/wp-content\/uploads\/Ludwig-Nikulski-MathildaTheo-420x525.jpg 420w, https:\/\/visualjournalism.de\/wp-content\/uploads\/Ludwig-Nikulski-MathildaTheo-350x438.jpg 350w, https:\/\/visualjournalism.de\/wp-content\/uploads\/Ludwig-Nikulski-MathildaTheo-300x375.jpg 300w, https:\/\/visualjournalism.de\/wp-content\/uploads\/Ludwig-Nikulski-MathildaTheo-150x188.jpg 150w, https:\/\/visualjournalism.de\/wp-content\/uploads\/Ludwig-Nikulski-MathildaTheo.jpg 1200w\" \r\n                                    width=\"768\"  \r\n                                    height=\"960\" \r\n                                    alt=\"\"\r\n                                \/>\r\n                            <\/figure>\r\n\r\n                        \r\n                    \r\n                    <\/a>\r\n\r\n                <\/article><!--- .post-teaser-->\r\n\r\n            \r\n        <\/div><!-- .teaser-grid -->\r\n\r\n\n\n\r\n\r\n\r\n\n\n\n    <div class=\"btn-wrapper has-spacing--m\">\n        <a class=\"btn\" href=\"https:\/\/visualjournalism.de\/magazin\/\" target=\"_blank\">ZUR MAGAZIN-STARTSEITE<\/a>\n    <\/div>\n<\/div>\n","protected":false},"excerpt":{"rendered":"","protected":false},"author":54,"featured_media":27929,"parent":0,"menu_order":0,"comment_status":"closed","ping_status":"closed","template":"","meta":{"_acf_changed":false,"footnotes":""},"class_list":["post-32090","page","type-page","status-publish","has-post-thumbnail","hentry"],"acf":[],"yoast_head":"<!-- This site is optimized with the Yoast SEO Premium plugin v27.3 (Yoast SEO v27.3) - https:\/\/yoast.com\/product\/yoast-seo-premium-wordpress\/ -->\n<title>Jonas Dengler - Fotojournalist<\/title>\n<meta name=\"description\" content=\"Jonas Dengler studiert seit 2018 Visual Journalism und arbeitet als freier Fotojournalist f\u00fcr Zeitungen und Magazine. Seine Reise im visuellen Erz\u00e4hlen begann er 2014 beim Film.\" \/>\n<meta name=\"robots\" content=\"index, follow, max-snippet:-1, max-image-preview:large, max-video-preview:-1\" \/>\n<link rel=\"canonical\" href=\"https:\/\/visualjournalism.de\/en\/jonas-dengler\/\" \/>\n<meta property=\"og:locale\" content=\"en_US\" \/>\n<meta property=\"og:type\" content=\"article\" \/>\n<meta property=\"og:title\" content=\"Jonas Dengler\" \/>\n<meta property=\"og:description\" content=\"Jonas Dengler studiert seit 2018 Visual Journalism und arbeitet als freier Fotojournalist f\u00fcr Zeitungen und Magazine. Seine Reise im visuellen Erz\u00e4hlen begann er 2014 beim Film.\" \/>\n<meta property=\"og:url\" content=\"https:\/\/visualjournalism.de\/en\/jonas-dengler\/\" \/>\n<meta property=\"og:site_name\" content=\"Visual Journalism and Documentary Photography\" \/>\n<meta property=\"article:publisher\" content=\"https:\/\/www.facebook.com\/people\/wwwfotostudentende\/100065173703897\/\" \/>\n<meta property=\"article:modified_time\" content=\"2024-03-04T18:14:01+00:00\" \/>\n<meta property=\"og:image\" content=\"https:\/\/visualjournalism.de\/wp-content\/uploads\/JonasDengler_Portrait.jpg.webp\" \/>\n\t<meta property=\"og:image:width\" content=\"1875\" \/>\n\t<meta property=\"og:image:height\" content=\"2500\" \/>\n\t<meta property=\"og:image:type\" content=\"image\/webp\" \/>\n<meta name=\"twitter:card\" content=\"summary_large_image\" \/>\n<meta name=\"twitter:site\" content=\"@HsHannover\" \/>\n<meta name=\"twitter:label1\" content=\"Est. reading time\" \/>\n\t<meta name=\"twitter:data1\" content=\"1 minute\" \/>\n<script type=\"application\/ld+json\" class=\"yoast-schema-graph\">{\"@context\":\"https:\\\/\\\/schema.org\",\"@graph\":[{\"@type\":\"WebPage\",\"@id\":\"https:\\\/\\\/visualjournalism.de\\\/en\\\/jonas-dengler\\\/\",\"url\":\"https:\\\/\\\/visualjournalism.de\\\/en\\\/jonas-dengler\\\/\",\"name\":\"Jonas Dengler - Fotojournalist\",\"isPartOf\":{\"@id\":\"https:\\\/\\\/visualjournalism.de\\\/en\\\/#website\"},\"primaryImageOfPage\":{\"@id\":\"https:\\\/\\\/visualjournalism.de\\\/en\\\/jonas-dengler\\\/#primaryimage\"},\"image\":{\"@id\":\"https:\\\/\\\/visualjournalism.de\\\/en\\\/jonas-dengler\\\/#primaryimage\"},\"thumbnailUrl\":\"https:\\\/\\\/visualjournalism.de\\\/wp-content\\\/uploads\\\/JonasDengler_Portrait.jpg.webp\",\"datePublished\":\"2024-01-16T20:59:50+00:00\",\"dateModified\":\"2024-03-04T18:14:01+00:00\",\"description\":\"Jonas Dengler studiert seit 2018 Visual Journalism und arbeitet als freier Fotojournalist f\u00fcr Zeitungen und Magazine. Seine Reise im visuellen Erz\u00e4hlen begann er 2014 beim Film.\",\"breadcrumb\":{\"@id\":\"https:\\\/\\\/visualjournalism.de\\\/en\\\/jonas-dengler\\\/#breadcrumb\"},\"inLanguage\":\"en-US\",\"potentialAction\":[{\"@type\":\"ReadAction\",\"target\":[\"https:\\\/\\\/visualjournalism.de\\\/en\\\/jonas-dengler\\\/\"]}]},{\"@type\":\"ImageObject\",\"inLanguage\":\"en-US\",\"@id\":\"https:\\\/\\\/visualjournalism.de\\\/en\\\/jonas-dengler\\\/#primaryimage\",\"url\":\"https:\\\/\\\/visualjournalism.de\\\/wp-content\\\/uploads\\\/JonasDengler_Portrait.jpg.webp\",\"contentUrl\":\"https:\\\/\\\/visualjournalism.de\\\/wp-content\\\/uploads\\\/JonasDengler_Portrait.jpg.webp\",\"width\":1875,\"height\":2500,\"caption\":\"Jonas Dengler studiert seit 2018 Visual Journalism und arbeitet als freier Fotojournalist.\"},{\"@type\":\"BreadcrumbList\",\"@id\":\"https:\\\/\\\/visualjournalism.de\\\/en\\\/jonas-dengler\\\/#breadcrumb\",\"itemListElement\":[{\"@type\":\"ListItem\",\"position\":1,\"name\":\"Home\",\"item\":\"https:\\\/\\\/visualjournalism.de\\\/en\\\/\"},{\"@type\":\"ListItem\",\"position\":2,\"name\":\"Jonas Dengler\"}]},{\"@type\":\"WebSite\",\"@id\":\"https:\\\/\\\/visualjournalism.de\\\/en\\\/#website\",\"url\":\"https:\\\/\\\/visualjournalism.de\\\/en\\\/\",\"name\":\"Visual Journalism and Documentary Photography\",\"description\":\"All about the bilingual bachelor&#039;s program at Hannover University of Applied Sciences and Arts.\",\"publisher\":{\"@id\":\"https:\\\/\\\/visualjournalism.de\\\/en\\\/#organization\"},\"alternateName\":\"visualjournalism.de\",\"potentialAction\":[{\"@type\":\"SearchAction\",\"target\":{\"@type\":\"EntryPoint\",\"urlTemplate\":\"https:\\\/\\\/visualjournalism.de\\\/en\\\/?s={search_term_string}\"},\"query-input\":{\"@type\":\"PropertyValueSpecification\",\"valueRequired\":true,\"valueName\":\"search_term_string\"}}],\"inLanguage\":\"en-US\"},{\"@type\":\"Organization\",\"@id\":\"https:\\\/\\\/visualjournalism.de\\\/en\\\/#organization\",\"name\":\"Hochschule Hannover \u2013 University of Applied Sciences and Arts\",\"alternateName\":\"HsH\",\"url\":\"https:\\\/\\\/visualjournalism.de\\\/en\\\/\",\"logo\":{\"@type\":\"ImageObject\",\"inLanguage\":\"en-US\",\"@id\":\"https:\\\/\\\/visualjournalism.de\\\/en\\\/#\\\/schema\\\/logo\\\/image\\\/\",\"url\":\"https:\\\/\\\/visualjournalism.de\\\/wp-content\\\/uploads\\\/logo-hochschule-hannover.png\",\"contentUrl\":\"https:\\\/\\\/visualjournalism.de\\\/wp-content\\\/uploads\\\/logo-hochschule-hannover.png\",\"width\":363,\"height\":270,\"caption\":\"Hochschule Hannover \u2013 University of Applied Sciences and Arts\"},\"image\":{\"@id\":\"https:\\\/\\\/visualjournalism.de\\\/en\\\/#\\\/schema\\\/logo\\\/image\\\/\"},\"sameAs\":[\"https:\\\/\\\/www.facebook.com\\\/people\\\/wwwfotostudentende\\\/100065173703897\\\/\",\"https:\\\/\\\/x.com\\\/HsHannover\",\"https:\\\/\\\/www.instagram.com\\\/visualjournalism.de\\\/\"]}]}<\/script>\n<!-- \/ Yoast SEO Premium plugin. -->","yoast_head_json":{"title":"Jonas Dengler - Fotojournalist","description":"Jonas Dengler studiert seit 2018 Visual Journalism und arbeitet als freier Fotojournalist f\u00fcr Zeitungen und Magazine. Seine Reise im visuellen Erz\u00e4hlen begann er 2014 beim Film.","robots":{"index":"index","follow":"follow","max-snippet":"max-snippet:-1","max-image-preview":"max-image-preview:large","max-video-preview":"max-video-preview:-1"},"canonical":"https:\/\/visualjournalism.de\/en\/jonas-dengler\/","og_locale":"en_US","og_type":"article","og_title":"Jonas Dengler","og_description":"Jonas Dengler studiert seit 2018 Visual Journalism und arbeitet als freier Fotojournalist f\u00fcr Zeitungen und Magazine. Seine Reise im visuellen Erz\u00e4hlen begann er 2014 beim Film.","og_url":"https:\/\/visualjournalism.de\/en\/jonas-dengler\/","og_site_name":"Visual Journalism and Documentary Photography","article_publisher":"https:\/\/www.facebook.com\/people\/wwwfotostudentende\/100065173703897\/","article_modified_time":"2024-03-04T18:14:01+00:00","og_image":[{"width":1875,"height":2500,"url":"https:\/\/visualjournalism.de\/wp-content\/uploads\/JonasDengler_Portrait.jpg.webp","type":"image\/webp"}],"twitter_card":"summary_large_image","twitter_site":"@HsHannover","twitter_misc":{"Est. reading time":"1 minute"},"schema":{"@context":"https:\/\/schema.org","@graph":[{"@type":"WebPage","@id":"https:\/\/visualjournalism.de\/en\/jonas-dengler\/","url":"https:\/\/visualjournalism.de\/en\/jonas-dengler\/","name":"Jonas Dengler - Fotojournalist","isPartOf":{"@id":"https:\/\/visualjournalism.de\/en\/#website"},"primaryImageOfPage":{"@id":"https:\/\/visualjournalism.de\/en\/jonas-dengler\/#primaryimage"},"image":{"@id":"https:\/\/visualjournalism.de\/en\/jonas-dengler\/#primaryimage"},"thumbnailUrl":"https:\/\/visualjournalism.de\/wp-content\/uploads\/JonasDengler_Portrait.jpg.webp","datePublished":"2024-01-16T20:59:50+00:00","dateModified":"2024-03-04T18:14:01+00:00","description":"Jonas Dengler studiert seit 2018 Visual Journalism und arbeitet als freier Fotojournalist f\u00fcr Zeitungen und Magazine. Seine Reise im visuellen Erz\u00e4hlen begann er 2014 beim Film.","breadcrumb":{"@id":"https:\/\/visualjournalism.de\/en\/jonas-dengler\/#breadcrumb"},"inLanguage":"en-US","potentialAction":[{"@type":"ReadAction","target":["https:\/\/visualjournalism.de\/en\/jonas-dengler\/"]}]},{"@type":"ImageObject","inLanguage":"en-US","@id":"https:\/\/visualjournalism.de\/en\/jonas-dengler\/#primaryimage","url":"https:\/\/visualjournalism.de\/wp-content\/uploads\/JonasDengler_Portrait.jpg.webp","contentUrl":"https:\/\/visualjournalism.de\/wp-content\/uploads\/JonasDengler_Portrait.jpg.webp","width":1875,"height":2500,"caption":"Jonas Dengler studiert seit 2018 Visual Journalism und arbeitet als freier Fotojournalist."},{"@type":"BreadcrumbList","@id":"https:\/\/visualjournalism.de\/en\/jonas-dengler\/#breadcrumb","itemListElement":[{"@type":"ListItem","position":1,"name":"Home","item":"https:\/\/visualjournalism.de\/en\/"},{"@type":"ListItem","position":2,"name":"Jonas Dengler"}]},{"@type":"WebSite","@id":"https:\/\/visualjournalism.de\/en\/#website","url":"https:\/\/visualjournalism.de\/en\/","name":"Visual Journalism and Documentary Photography","description":"All about the bilingual bachelor&#039;s program at Hannover University of Applied Sciences and Arts.","publisher":{"@id":"https:\/\/visualjournalism.de\/en\/#organization"},"alternateName":"visualjournalism.de","potentialAction":[{"@type":"SearchAction","target":{"@type":"EntryPoint","urlTemplate":"https:\/\/visualjournalism.de\/en\/?s={search_term_string}"},"query-input":{"@type":"PropertyValueSpecification","valueRequired":true,"valueName":"search_term_string"}}],"inLanguage":"en-US"},{"@type":"Organization","@id":"https:\/\/visualjournalism.de\/en\/#organization","name":"Hochschule Hannover \u2013 University of Applied Sciences and Arts","alternateName":"HsH","url":"https:\/\/visualjournalism.de\/en\/","logo":{"@type":"ImageObject","inLanguage":"en-US","@id":"https:\/\/visualjournalism.de\/en\/#\/schema\/logo\/image\/","url":"https:\/\/visualjournalism.de\/wp-content\/uploads\/logo-hochschule-hannover.png","contentUrl":"https:\/\/visualjournalism.de\/wp-content\/uploads\/logo-hochschule-hannover.png","width":363,"height":270,"caption":"Hochschule Hannover \u2013 University of Applied Sciences and Arts"},"image":{"@id":"https:\/\/visualjournalism.de\/en\/#\/schema\/logo\/image\/"},"sameAs":["https:\/\/www.facebook.com\/people\/wwwfotostudentende\/100065173703897\/","https:\/\/x.com\/HsHannover","https:\/\/www.instagram.com\/visualjournalism.de\/"]}]}},"_links":{"self":[{"href":"https:\/\/visualjournalism.de\/en\/wp-json\/wp\/v2\/pages\/32090","targetHints":{"allow":["GET"]}}],"collection":[{"href":"https:\/\/visualjournalism.de\/en\/wp-json\/wp\/v2\/pages"}],"about":[{"href":"https:\/\/visualjournalism.de\/en\/wp-json\/wp\/v2\/types\/page"}],"author":[{"embeddable":true,"href":"https:\/\/visualjournalism.de\/en\/wp-json\/wp\/v2\/users\/54"}],"replies":[{"embeddable":true,"href":"https:\/\/visualjournalism.de\/en\/wp-json\/wp\/v2\/comments?post=32090"}],"version-history":[{"count":0,"href":"https:\/\/visualjournalism.de\/en\/wp-json\/wp\/v2\/pages\/32090\/revisions"}],"wp:featuredmedia":[{"embeddable":true,"href":"https:\/\/visualjournalism.de\/en\/wp-json\/wp\/v2\/media\/27929"}],"wp:attachment":[{"href":"https:\/\/visualjournalism.de\/en\/wp-json\/wp\/v2\/media?parent=32090"}],"curies":[{"name":"wp","href":"https:\/\/api.w.org\/{rel}","templated":true}]}}