{"id":33452,"date":"2024-01-05T21:17:36","date_gmt":"2024-01-05T21:17:36","guid":{"rendered":"https:\/\/visualjournalism.de\/?page_id=33452"},"modified":"2026-05-13T10:13:55","modified_gmt":"2026-05-13T08:13:55","slug":"jasper-hill","status":"publish","type":"page","link":"https:\/\/visualjournalism.de\/en\/jasper-hill\/","title":{"rendered":"Jasper Hill"},"content":{"rendered":"\n \n\n    <div id=\"lead-in-block_7b0105008740fb9d270507330221390c\" class=\"block-lead-in typo--default font-size--xl has-spacing--m width--default\">\n        <p><strong>Jasper Hill<\/strong><\/p>\n    <\/div>\n\n\n\n\n<div class=\"pinned-block has-spacing--m\">\n\t\n\n<div class=\"pinned-block__column--left\">\n    \n    <figure class=\"block-photo post__image--full has-spacing--m with-title\">\n\n        <div class=\"post__image__container\">\n            <img loading=\"lazy\" decoding=\"async\" \n                src=\"https:\/\/visualjournalism.de\/wp-content\/uploads\/2026\/01\/JasperHillPortrait.jpg\"\n                srcset=\"https:\/\/visualjournalism.de\/wp-content\/uploads\/2026\/01\/JasperHillPortrait.jpg 1067w, https:\/\/visualjournalism.de\/wp-content\/uploads\/2026\/01\/JasperHillPortrait-200x300.jpg 200w, https:\/\/visualjournalism.de\/wp-content\/uploads\/2026\/01\/JasperHillPortrait-683x1024.jpg 683w, https:\/\/visualjournalism.de\/wp-content\/uploads\/2026\/01\/JasperHillPortrait-768x1152.jpg 768w, https:\/\/visualjournalism.de\/wp-content\/uploads\/2026\/01\/JasperHillPortrait-1024x1536.jpg 1024w, https:\/\/visualjournalism.de\/wp-content\/uploads\/2026\/01\/JasperHillPortrait-1050x1575.jpg 1050w, https:\/\/visualjournalism.de\/wp-content\/uploads\/2026\/01\/JasperHillPortrait-670x1005.jpg 670w, https:\/\/visualjournalism.de\/wp-content\/uploads\/2026\/01\/JasperHillPortrait-420x630.jpg 420w, https:\/\/visualjournalism.de\/wp-content\/uploads\/2026\/01\/JasperHillPortrait-350x525.jpg 350w, https:\/\/visualjournalism.de\/wp-content\/uploads\/2026\/01\/JasperHillPortrait-300x450.jpg 300w, https:\/\/visualjournalism.de\/wp-content\/uploads\/2026\/01\/JasperHillPortrait-150x225.jpg 150w\"\n                width=\"1067\" \n                height=\"1600\"\n                alt=\"Der Fotograf Jasper Hill aus Hannover und Heidelberg posiert f\u00fcr ein Portrait.\" \n            \/>\n            \n                            <span class=\"post__image__title\">Foto: Henryc Fels<\/span>\n                    <\/div><!-- post__image__container -->\n\n        \n    <\/figure><!-- post__image -->\n\n\n\n<\/div>\n\n\n<div class=\"pinned-block__column--right\">\n    \n\n<p class=\"post__paragraph is-style-typo--soehne has-spacing--default\"><strong>Jasper Hill (*2003)<\/strong> arbeitet als Fotograf in Heidelberg und Hannover. In seiner Arbeit setzt er sich mit gesellschaftlich relevanten Themen durch pers\u00f6nliche und nahbare Geschichten auseinander. Dabei arbeitet er sowohl an freien Projekten als auch im Auftrag verschiedener Magazine und Publikationen.<\/p>\n\n\n\n<p class=\"post__paragraph is-style-typo--soehne has-spacing--none\"><strong>Kontakt:<\/strong> <br>+49 163 2861190 <\/p>\n\n\n\n<p class=\"post__paragraph is-style-typo--soehne has-spacing--none\">me@jasperhill.de<\/p>\n\n\n\n<p class=\"post__paragraph is-style-typo--soehne has-spacing--none\"><a href=\"https:\/\/www.jasperhill.de\/\">www.jasperhill.de<\/a><\/p>\n\n\n\n<p class=\"post__paragraph is-style-typo--soehne has-spacing--default\"><br><br><\/p>\n\n\n<\/div>\n<\/div>\n\n\n<div class=\"devider has-spacing--none\">\n    <hr>\n<\/div>\n\n\n \n\n    <div id=\"lead-in-block_c388c7fad6063398481db819e74c6b7e\" class=\"block-lead-in typo--default font-size--xl has-spacing--xs width--default\">\n        <h2><strong>Jaspers Beitr\u00e4ge:<\/strong><\/h2>\n    <\/div>\n\n\n\n\n<div class=\"two-columns-teaser has-spacing--m\">\n\n    \r\n<article class=\"post-teaser post-41120 magazin type-magazin status-publish has-post-thumbnail hentry tag-fotostrecke tag-politik-gesellschaft tag-rechtsextremismus magazinkategorie-auf-den-spuren-von\">\r\n\t<header class=\"entry-header\">\r\n\r\n\t\t<div class=\"entry-categories\">\n\t<a class=\"post__tag\" href=\"https:\/\/visualjournalism.de\/magazin-kategorie\/auf-den-spuren-von\/\" rel=\"category tag\">Auf den Spuren von&#8230;<\/a><\/div>\r\n\t\t<a href=\"https:\/\/visualjournalism.de\/en\/magazine\/auf-den-spuren-von\/irmela-mensah-schramm-mit-herz-und-spachtel-gegen-naziparolen\/\" rel=\"bookmark\">\r\n\t\t\t<h2 class=\"entry-title\">Irmela Mensah-Schramm: Mit Herz und Spachtel gegen Naziparolen.<\/h2>\r\n\t\t\t<p class=\"entry-excerpt\">Seit Jahrzehnten kratzt eine Frau Hassbotschaften aus dem \u00f6ffentlichen Raum \u2013 \u00fcber 140.000 hat sie schon entfernt. Die Angriffe bleiben.<\/p>\r\n\t\t<\/a>\r\n\r\n\t<\/header><!-- .entry-header -->\r\n\r\n\t<figure class=\"post__image\">\r\n\t\t<a href=\"https:\/\/visualjournalism.de\/en\/magazine\/auf-den-spuren-von\/irmela-mensah-schramm-mit-herz-und-spachtel-gegen-naziparolen\/\" rel=\"bookmark\">\r\n\t\t\t<img loading=\"lazy\" decoding=\"async\" width=\"670\" height=\"893\" src=\"https:\/\/visualjournalism.de\/wp-content\/uploads\/Jasper-1-670x893.jpg\" class=\"attachment-post-image--two-column size-post-image--two-column\" alt=\"\" srcset=\"https:\/\/visualjournalism.de\/wp-content\/uploads\/Jasper-1-670x893.jpg 670w, https:\/\/visualjournalism.de\/wp-content\/uploads\/Jasper-1-225x300.jpg 225w, https:\/\/visualjournalism.de\/wp-content\/uploads\/Jasper-1-768x1024.jpg 768w, https:\/\/visualjournalism.de\/wp-content\/uploads\/Jasper-1-1152x1536.jpg 1152w, https:\/\/visualjournalism.de\/wp-content\/uploads\/Jasper-1-1050x1399.jpg 1050w, https:\/\/visualjournalism.de\/wp-content\/uploads\/Jasper-1-420x560.jpg 420w, https:\/\/visualjournalism.de\/wp-content\/uploads\/Jasper-1-350x466.jpg 350w, https:\/\/visualjournalism.de\/wp-content\/uploads\/Jasper-1-300x400.jpg 300w, https:\/\/visualjournalism.de\/wp-content\/uploads\/Jasper-1-640x853.jpg 640w, https:\/\/visualjournalism.de\/wp-content\/uploads\/Jasper-1-150x200.jpg 150w, https:\/\/visualjournalism.de\/wp-content\/uploads\/Jasper-1.jpg 1181w\" sizes=\"auto, (max-width: 670px) 100vw, 670px\" \/>\t\t<\/a>\r\n\t<\/figure><!-- .post__image -->\r\n\r\n<\/article>\r\n\r\n<article class=\"post-teaser post-67880 magazin type-magazin status-publish has-post-thumbnail hentry tag-auszeichnung tag-fotostrecke tag-klima-umwelt magazinkategorie-ausgezeichnet\">\r\n\t<header class=\"entry-header\">\r\n\r\n\t\t<div class=\"entry-categories\">\n\t<a class=\"post__tag\" href=\"https:\/\/visualjournalism.de\/magazin-kategorie\/ausgezeichnet\/\" rel=\"category tag\">Ausgezeichnet<\/a><\/div>\r\n\t\t<a href=\"https:\/\/visualjournalism.de\/en\/magazine\/ausgezeichnet\/jasper-hill-im-land-der-weissen-berge\/\" rel=\"bookmark\">\r\n\t\t\t<h2 class=\"entry-title\">Im Land der wei\u00dfen Berge.<\/h2>\r\n\t\t\t<p class=\"entry-excerpt\">Jasper Hill macht sichtbar, was ein Jahrhundert Kalibergbau hinterlassen hat. Zwischen Ern\u00e4hrungssicherheit und Umweltbelastung steht eine Industrie vor ihrem Wendepunkt.<\/p>\r\n\t\t<\/a>\r\n\r\n\t<\/header><!-- .entry-header -->\r\n\r\n\t<figure class=\"post__image\">\r\n\t\t<a href=\"https:\/\/visualjournalism.de\/en\/magazine\/ausgezeichnet\/jasper-hill-im-land-der-weissen-berge\/\" rel=\"bookmark\">\r\n\t\t\t<img loading=\"lazy\" decoding=\"async\" width=\"670\" height=\"536\" src=\"https:\/\/visualjournalism.de\/wp-content\/uploads\/2026\/01\/5JasperHill_ImLandderweissenBerge-6-670x536.jpeg\" class=\"attachment-post-image--two-column size-post-image--two-column\" alt=\"\" srcset=\"https:\/\/visualjournalism.de\/wp-content\/uploads\/2026\/01\/5JasperHill_ImLandderweissenBerge-6-670x536.jpeg 670w, https:\/\/visualjournalism.de\/wp-content\/uploads\/2026\/01\/5JasperHill_ImLandderweissenBerge-6-300x240.jpeg 300w, https:\/\/visualjournalism.de\/wp-content\/uploads\/2026\/01\/5JasperHill_ImLandderweissenBerge-6-1024x819.jpeg 1024w, https:\/\/visualjournalism.de\/wp-content\/uploads\/2026\/01\/5JasperHill_ImLandderweissenBerge-6-768x614.jpeg 768w, https:\/\/visualjournalism.de\/wp-content\/uploads\/2026\/01\/5JasperHill_ImLandderweissenBerge-6-1536x1229.jpeg 1536w, https:\/\/visualjournalism.de\/wp-content\/uploads\/2026\/01\/5JasperHill_ImLandderweissenBerge-6-2048x1638.jpeg 2048w, https:\/\/visualjournalism.de\/wp-content\/uploads\/2026\/01\/5JasperHill_ImLandderweissenBerge-6-1920x1536.jpeg 1920w, https:\/\/visualjournalism.de\/wp-content\/uploads\/2026\/01\/5JasperHill_ImLandderweissenBerge-6-1400x1120.jpeg 1400w, https:\/\/visualjournalism.de\/wp-content\/uploads\/2026\/01\/5JasperHill_ImLandderweissenBerge-6-1050x840.jpeg 1050w, https:\/\/visualjournalism.de\/wp-content\/uploads\/2026\/01\/5JasperHill_ImLandderweissenBerge-6-420x336.jpeg 420w, https:\/\/visualjournalism.de\/wp-content\/uploads\/2026\/01\/5JasperHill_ImLandderweissenBerge-6-350x280.jpeg 350w, https:\/\/visualjournalism.de\/wp-content\/uploads\/2026\/01\/5JasperHill_ImLandderweissenBerge-6-150x120.jpeg 150w\" sizes=\"auto, (max-width: 670px) 100vw, 670px\" \/>\t\t<\/a>\r\n\t<\/figure><!-- .post__image -->\r\n\r\n<\/article>\r\n\n<\/div><!-- .2-columns-teaser-->\n\n    \n\n\n<div class=\"wp-block-group has-spacing--default has-spacing--default\">\n<div class=\"devider has-spacing--none\">\n    <hr>\n<\/div>\n\n\n \n\n    <div id=\"lead-in-block_b4605b0dc41011ae9712610cdb1f5964\" class=\"block-lead-in typo--default font-size--xl has-spacing--s width--default\">\n        <p><strong>Empfehlungen der Redaktion:<\/strong><\/p>\n    <\/div>\n\n\n\n\r\n\r\n\r\n\n\n\r\n\r\n\r\n\r\n        <div class=\"teaser-grid grid-layout--3col has-spacing--s width--inline\">\r\n\r\n            \r\n                <article class=\"post-teaser\">\r\n\r\n                    <a href=\"https:\/\/visualjournalism.de\/en\/magazine\/ratgeber\/politikerinnen-souveraen-interviewen\/\" rel=\"permalink\">\r\n\r\n                        <div class=\"post-teaser__content\">\r\n\r\n                            <span class=\"entry-categories\">Ratgeber<\/span>\r\n                            <h3 class=\"post-teaser__headline\">\r\n                                Interview f\u00fchren wie ein Profi: So beh\u00e4ltst du auch bei Politiker*innen die Oberhand.                            <\/h3>\r\n\r\n                            <div class=\"post-teaser__excerpt\">\r\n                                <p>Ein Interview mit Politiker*innen kann schnell zum Machtkampf werden. Wir zeigen dir, wie du souver\u00e4n ein Interview f\u00fchrst, typische Interviewfallen umgehst und auch gegen Profis die Oberhand beh\u00e4ltst.<\/p>\r\n                            <\/div>\r\n\r\n                        <\/div><!-- .post-teaser__content -->\r\n\r\n\r\n                        \r\n                            <figure class=\"post-teaser__image\">\r\n                                <img loading=\"lazy\" decoding=\"async\"  \r\n                                    src=\"https:\/\/visualjournalism.de\/wp-content\/uploads\/DSC4729-merz-politikerinterviews-768x1024.jpg\" \r\n                                    srcset=\"https:\/\/visualjournalism.de\/wp-content\/uploads\/DSC4729-merz-politikerinterviews-768x1024.jpg 768w, https:\/\/visualjournalism.de\/wp-content\/uploads\/DSC4729-merz-politikerinterviews-225x300.jpg 225w, https:\/\/visualjournalism.de\/wp-content\/uploads\/DSC4729-merz-politikerinterviews-1152x1536.jpg 1152w, https:\/\/visualjournalism.de\/wp-content\/uploads\/DSC4729-merz-politikerinterviews-1536x2048.jpg 1536w, https:\/\/visualjournalism.de\/wp-content\/uploads\/DSC4729-merz-politikerinterviews-scaled.jpg 1920w, https:\/\/visualjournalism.de\/wp-content\/uploads\/DSC4729-merz-politikerinterviews-1400x1867.jpg 1400w, https:\/\/visualjournalism.de\/wp-content\/uploads\/DSC4729-merz-politikerinterviews-1050x1400.jpg 1050w, https:\/\/visualjournalism.de\/wp-content\/uploads\/DSC4729-merz-politikerinterviews-670x893.jpg 670w, https:\/\/visualjournalism.de\/wp-content\/uploads\/DSC4729-merz-politikerinterviews-420x560.jpg 420w, https:\/\/visualjournalism.de\/wp-content\/uploads\/DSC4729-merz-politikerinterviews-350x467.jpg 350w, https:\/\/visualjournalism.de\/wp-content\/uploads\/DSC4729-merz-politikerinterviews-300x400.jpg 300w, https:\/\/visualjournalism.de\/wp-content\/uploads\/DSC4729-merz-politikerinterviews-640x853.jpg 640w, https:\/\/visualjournalism.de\/wp-content\/uploads\/DSC4729-merz-politikerinterviews-150x200.jpg 150w\" \r\n                                    width=\"768\"  \r\n                                    height=\"1024\" \r\n                                    alt=\"CDU-Vorsitzender Friedrich Merz mit Mikrofon in der Hand, im Gespr\u00e4ch mit dem ehemaligen ZDF-Moderator Klaus Kleber auf einer B\u00fchne. Im Vordergrund sind zwei M\u00e4nner angeblitzt von hinten zu sehen.\"\r\n                                \/>\r\n                            <\/figure>\r\n\r\n                        \r\n                    \r\n                    <\/a>\r\n\r\n                <\/article><!--- .post-teaser-->\r\n\r\n            \r\n                <article class=\"post-teaser\">\r\n\r\n                    <a href=\"https:\/\/visualjournalism.de\/en\/magazine\/sammeln\/inszenierte-endlichkeit\/\" rel=\"permalink\">\r\n\r\n                        <div class=\"post-teaser__content\">\r\n\r\n                            <span class=\"entry-categories\">Sammeln<\/span>\r\n                            <h3 class=\"post-teaser__headline\">\r\n                                Inszenierte Endlichkeit: Zwei Fotografinnen im Sarg                            <\/h3>\r\n\r\n                            <div class=\"post-teaser__excerpt\">\r\n                                <p>Zwei Fotografinnen legen sich in einen Sarg und fotografieren sich gegenseitig. Was nach Tabubruch klingt, ist eine Auseinandersetzung mit Kommerz, Ritualen \u2013 und der Frage: Darf man das?<\/p>\r\n                            <\/div>\r\n\r\n                        <\/div><!-- .post-teaser__content -->\r\n\r\n\r\n                        \r\n                            <figure class=\"post-teaser__image\">\r\n                                <img loading=\"lazy\" decoding=\"async\"  \r\n                                    src=\"https:\/\/visualjournalism.de\/wp-content\/uploads\/Clara-Schoettke_Antonia-Teichert_Sammeln_10-768x768.jpg\" \r\n                                    srcset=\"https:\/\/visualjournalism.de\/wp-content\/uploads\/Clara-Schoettke_Antonia-Teichert_Sammeln_10-768x768.jpg 768w, https:\/\/visualjournalism.de\/wp-content\/uploads\/Clara-Schoettke_Antonia-Teichert_Sammeln_10-300x300.jpg 300w, https:\/\/visualjournalism.de\/wp-content\/uploads\/Clara-Schoettke_Antonia-Teichert_Sammeln_10-1024x1024.jpg 1024w, https:\/\/visualjournalism.de\/wp-content\/uploads\/Clara-Schoettke_Antonia-Teichert_Sammeln_10-150x150.jpg 150w, https:\/\/visualjournalism.de\/wp-content\/uploads\/Clara-Schoettke_Antonia-Teichert_Sammeln_10-1536x1536.jpg 1536w, https:\/\/visualjournalism.de\/wp-content\/uploads\/Clara-Schoettke_Antonia-Teichert_Sammeln_10-2048x2048.jpg 2048w, https:\/\/visualjournalism.de\/wp-content\/uploads\/Clara-Schoettke_Antonia-Teichert_Sammeln_10-1920x1920.jpg 1920w, https:\/\/visualjournalism.de\/wp-content\/uploads\/Clara-Schoettke_Antonia-Teichert_Sammeln_10-1400x1400.jpg 1400w, https:\/\/visualjournalism.de\/wp-content\/uploads\/Clara-Schoettke_Antonia-Teichert_Sammeln_10-1050x1050.jpg 1050w, https:\/\/visualjournalism.de\/wp-content\/uploads\/Clara-Schoettke_Antonia-Teichert_Sammeln_10-670x670.jpg 670w, https:\/\/visualjournalism.de\/wp-content\/uploads\/Clara-Schoettke_Antonia-Teichert_Sammeln_10-420x420.jpg 420w, https:\/\/visualjournalism.de\/wp-content\/uploads\/Clara-Schoettke_Antonia-Teichert_Sammeln_10-350x350.jpg 350w, https:\/\/visualjournalism.de\/wp-content\/uploads\/Clara-Schoettke_Antonia-Teichert_Sammeln_10-52x52.jpg 52w, https:\/\/visualjournalism.de\/wp-content\/uploads\/Clara-Schoettke_Antonia-Teichert_Sammeln_10-68x68.jpg 68w, https:\/\/visualjournalism.de\/wp-content\/uploads\/Clara-Schoettke_Antonia-Teichert_Sammeln_10-96x96.jpg 96w\" \r\n                                    width=\"768\"  \r\n                                    height=\"768\" \r\n                                    alt=\"\"\r\n                                \/>\r\n                            <\/figure>\r\n\r\n                        \r\n                    \r\n                    <\/a>\r\n\r\n                <\/article><!--- .post-teaser-->\r\n\r\n            \r\n                <article class=\"post-teaser\">\r\n\r\n                    <a href=\"https:\/\/visualjournalism.de\/en\/magazine\/sammeln\/was-bleibt-atommuell-in-der-asse-ii\/\" rel=\"permalink\">\r\n\r\n                        <div class=\"post-teaser__content\">\r\n\r\n                            <span class=\"entry-categories\">Sammeln<\/span>\r\n                            <h3 class=\"post-teaser__headline\">\r\n                                Atomm\u00fcll in der Asse II: Was bleibt                            <\/h3>\r\n\r\n                            <div class=\"post-teaser__excerpt\">\r\n                                <p>In der Asse II lagert Atomm\u00fcll \u2013 achtlos versenkt, kaum gesichert. Nun dringt Wasser ein. Eine Region wartet seit Jahrzehnten auf Antworten, das Land auf ein Endlager.<\/p>\r\n                            <\/div>\r\n\r\n                        <\/div><!-- .post-teaser__content -->\r\n\r\n\r\n                        \r\n                            <figure class=\"post-teaser__image\">\r\n                                <img loading=\"lazy\" decoding=\"async\"  \r\n                                    src=\"https:\/\/visualjournalism.de\/wp-content\/uploads\/2026\/02\/Walter-Lehmann_The-Danger-Within_10-768x318.jpg\" \r\n                                    srcset=\"https:\/\/visualjournalism.de\/wp-content\/uploads\/2026\/02\/Walter-Lehmann_The-Danger-Within_10-768x318.jpg 768w, https:\/\/visualjournalism.de\/wp-content\/uploads\/2026\/02\/Walter-Lehmann_The-Danger-Within_10-300x124.jpg 300w, https:\/\/visualjournalism.de\/wp-content\/uploads\/2026\/02\/Walter-Lehmann_The-Danger-Within_10-1024x424.jpg 1024w, https:\/\/visualjournalism.de\/wp-content\/uploads\/2026\/02\/Walter-Lehmann_The-Danger-Within_10-1536x636.jpg 1536w, https:\/\/visualjournalism.de\/wp-content\/uploads\/2026\/02\/Walter-Lehmann_The-Danger-Within_10-2048x847.jpg 2048w, https:\/\/visualjournalism.de\/wp-content\/uploads\/2026\/02\/Walter-Lehmann_The-Danger-Within_10-1920x794.jpg 1920w, https:\/\/visualjournalism.de\/wp-content\/uploads\/2026\/02\/Walter-Lehmann_The-Danger-Within_10-1400x579.jpg 1400w, https:\/\/visualjournalism.de\/wp-content\/uploads\/2026\/02\/Walter-Lehmann_The-Danger-Within_10-1050x434.jpg 1050w, https:\/\/visualjournalism.de\/wp-content\/uploads\/2026\/02\/Walter-Lehmann_The-Danger-Within_10-670x277.jpg 670w, https:\/\/visualjournalism.de\/wp-content\/uploads\/2026\/02\/Walter-Lehmann_The-Danger-Within_10-420x174.jpg 420w, https:\/\/visualjournalism.de\/wp-content\/uploads\/2026\/02\/Walter-Lehmann_The-Danger-Within_10-350x145.jpg 350w, https:\/\/visualjournalism.de\/wp-content\/uploads\/2026\/02\/Walter-Lehmann_The-Danger-Within_10-150x62.jpg 150w\" \r\n                                    width=\"768\"  \r\n                                    height=\"318\" \r\n                                    alt=\"\"\r\n                                \/>\r\n                            <\/figure>\r\n\r\n                        \r\n                    \r\n                    <\/a>\r\n\r\n                <\/article><!--- .post-teaser-->\r\n\r\n            \r\n        <\/div><!-- .teaser-grid -->\r\n\r\n\n\n\r\n\r\n\r\n\n\n\n    <div class=\"btn-wrapper has-spacing--m\">\n        <a class=\"btn\" href=\"https:\/\/visualjournalism.de\/magazin\/\" target=\"_blank\">ZUR MAGAZIN-STARTSEITE<\/a>\n    <\/div>\n<\/div>\n","protected":false},"excerpt":{"rendered":"","protected":false},"author":55,"featured_media":0,"parent":0,"menu_order":0,"comment_status":"closed","ping_status":"closed","template":"","meta":{"_acf_changed":false,"footnotes":""},"class_list":["post-33452","page","type-page","status-publish","hentry"],"acf":[],"yoast_head":"<!-- This site is optimized with the Yoast SEO Premium plugin v27.7 (Yoast SEO v27.7) - https:\/\/yoast.com\/product\/yoast-seo-premium-wordpress\/ -->\n<title>Jasper Hill &#8211; Visual Journalism and Documentary Photography<\/title>\n<meta name=\"robots\" content=\"index, follow, max-snippet:-1, max-image-preview:large, max-video-preview:-1\" \/>\n<link rel=\"canonical\" href=\"https:\/\/visualjournalism.de\/en\/jasper-hill\/\" \/>\n<meta property=\"og:locale\" content=\"en_US\" \/>\n<meta property=\"og:type\" content=\"article\" \/>\n<meta property=\"og:title\" content=\"Jasper Hill\" \/>\n<meta property=\"og:url\" content=\"https:\/\/visualjournalism.de\/en\/jasper-hill\/\" \/>\n<meta property=\"og:site_name\" content=\"Visual Journalism and Documentary Photography\" \/>\n<meta property=\"article:publisher\" content=\"https:\/\/www.facebook.com\/people\/wwwfotostudentende\/100065173703897\/\" \/>\n<meta property=\"article:modified_time\" content=\"2026-05-13T08:13:55+00:00\" \/>\n<meta name=\"twitter:card\" content=\"summary_large_image\" \/>\n<meta name=\"twitter:site\" content=\"@HsHannover\" \/>\n<meta name=\"twitter:label1\" content=\"Est. reading time\" \/>\n\t<meta name=\"twitter:data1\" content=\"1 minute\" \/>\n<script type=\"application\/ld+json\" class=\"yoast-schema-graph\">{\"@context\":\"https:\\\/\\\/schema.org\",\"@graph\":[{\"@type\":\"WebPage\",\"@id\":\"https:\\\/\\\/visualjournalism.de\\\/en\\\/jasper-hill\\\/\",\"url\":\"https:\\\/\\\/visualjournalism.de\\\/en\\\/jasper-hill\\\/\",\"name\":\"Jasper Hill &#8211; Visual Journalism and Documentary Photography\",\"isPartOf\":{\"@id\":\"https:\\\/\\\/visualjournalism.de\\\/en\\\/#website\"},\"datePublished\":\"2024-01-05T21:17:36+00:00\",\"dateModified\":\"2026-05-13T08:13:55+00:00\",\"breadcrumb\":{\"@id\":\"https:\\\/\\\/visualjournalism.de\\\/en\\\/jasper-hill\\\/#breadcrumb\"},\"inLanguage\":\"en-US\",\"potentialAction\":[{\"@type\":\"ReadAction\",\"target\":[\"https:\\\/\\\/visualjournalism.de\\\/en\\\/jasper-hill\\\/\"]}]},{\"@type\":\"BreadcrumbList\",\"@id\":\"https:\\\/\\\/visualjournalism.de\\\/en\\\/jasper-hill\\\/#breadcrumb\",\"itemListElement\":[{\"@type\":\"ListItem\",\"position\":1,\"name\":\"Home\",\"item\":\"https:\\\/\\\/visualjournalism.de\\\/en\\\/\"},{\"@type\":\"ListItem\",\"position\":2,\"name\":\"Jasper Hill\"}]},{\"@type\":\"WebSite\",\"@id\":\"https:\\\/\\\/visualjournalism.de\\\/en\\\/#website\",\"url\":\"https:\\\/\\\/visualjournalism.de\\\/en\\\/\",\"name\":\"Visual Journalism and Documentary Photography\",\"description\":\"All about the bilingual bachelor&#039;s program at Hannover University of Applied Sciences and Arts.\",\"publisher\":{\"@id\":\"https:\\\/\\\/visualjournalism.de\\\/en\\\/#organization\"},\"alternateName\":\"visualjournalism.de\",\"potentialAction\":[{\"@type\":\"SearchAction\",\"target\":{\"@type\":\"EntryPoint\",\"urlTemplate\":\"https:\\\/\\\/visualjournalism.de\\\/en\\\/?s={search_term_string}\"},\"query-input\":{\"@type\":\"PropertyValueSpecification\",\"valueRequired\":true,\"valueName\":\"search_term_string\"}}],\"inLanguage\":\"en-US\"},{\"@type\":\"Organization\",\"@id\":\"https:\\\/\\\/visualjournalism.de\\\/en\\\/#organization\",\"name\":\"Hochschule Hannover \u2013 University of Applied Sciences and Arts\",\"alternateName\":\"HsH\",\"url\":\"https:\\\/\\\/visualjournalism.de\\\/en\\\/\",\"logo\":{\"@type\":\"ImageObject\",\"inLanguage\":\"en-US\",\"@id\":\"https:\\\/\\\/visualjournalism.de\\\/en\\\/#\\\/schema\\\/logo\\\/image\\\/\",\"url\":\"https:\\\/\\\/visualjournalism.de\\\/wp-content\\\/uploads\\\/logo-hochschule-hannover.png\",\"contentUrl\":\"https:\\\/\\\/visualjournalism.de\\\/wp-content\\\/uploads\\\/logo-hochschule-hannover.png\",\"width\":363,\"height\":270,\"caption\":\"Hochschule Hannover \u2013 University of Applied Sciences and Arts\"},\"image\":{\"@id\":\"https:\\\/\\\/visualjournalism.de\\\/en\\\/#\\\/schema\\\/logo\\\/image\\\/\"},\"sameAs\":[\"https:\\\/\\\/www.facebook.com\\\/people\\\/wwwfotostudentende\\\/100065173703897\\\/\",\"https:\\\/\\\/x.com\\\/HsHannover\",\"https:\\\/\\\/www.instagram.com\\\/visualjournalism.de\\\/\"]}]}<\/script>\n<!-- \/ Yoast SEO Premium plugin. -->","yoast_head_json":{"title":"Jasper Hill &#8211; Visual Journalism and Documentary Photography","robots":{"index":"index","follow":"follow","max-snippet":"max-snippet:-1","max-image-preview":"max-image-preview:large","max-video-preview":"max-video-preview:-1"},"canonical":"https:\/\/visualjournalism.de\/en\/jasper-hill\/","og_locale":"en_US","og_type":"article","og_title":"Jasper Hill","og_url":"https:\/\/visualjournalism.de\/en\/jasper-hill\/","og_site_name":"Visual Journalism and Documentary Photography","article_publisher":"https:\/\/www.facebook.com\/people\/wwwfotostudentende\/100065173703897\/","article_modified_time":"2026-05-13T08:13:55+00:00","twitter_card":"summary_large_image","twitter_site":"@HsHannover","twitter_misc":{"Est. reading time":"1 minute"},"schema":{"@context":"https:\/\/schema.org","@graph":[{"@type":"WebPage","@id":"https:\/\/visualjournalism.de\/en\/jasper-hill\/","url":"https:\/\/visualjournalism.de\/en\/jasper-hill\/","name":"Jasper Hill &#8211; Visual Journalism and Documentary Photography","isPartOf":{"@id":"https:\/\/visualjournalism.de\/en\/#website"},"datePublished":"2024-01-05T21:17:36+00:00","dateModified":"2026-05-13T08:13:55+00:00","breadcrumb":{"@id":"https:\/\/visualjournalism.de\/en\/jasper-hill\/#breadcrumb"},"inLanguage":"en-US","potentialAction":[{"@type":"ReadAction","target":["https:\/\/visualjournalism.de\/en\/jasper-hill\/"]}]},{"@type":"BreadcrumbList","@id":"https:\/\/visualjournalism.de\/en\/jasper-hill\/#breadcrumb","itemListElement":[{"@type":"ListItem","position":1,"name":"Home","item":"https:\/\/visualjournalism.de\/en\/"},{"@type":"ListItem","position":2,"name":"Jasper Hill"}]},{"@type":"WebSite","@id":"https:\/\/visualjournalism.de\/en\/#website","url":"https:\/\/visualjournalism.de\/en\/","name":"Visual Journalism and Documentary Photography","description":"All about the bilingual bachelor&#039;s program at Hannover University of Applied Sciences and Arts.","publisher":{"@id":"https:\/\/visualjournalism.de\/en\/#organization"},"alternateName":"visualjournalism.de","potentialAction":[{"@type":"SearchAction","target":{"@type":"EntryPoint","urlTemplate":"https:\/\/visualjournalism.de\/en\/?s={search_term_string}"},"query-input":{"@type":"PropertyValueSpecification","valueRequired":true,"valueName":"search_term_string"}}],"inLanguage":"en-US"},{"@type":"Organization","@id":"https:\/\/visualjournalism.de\/en\/#organization","name":"Hochschule Hannover \u2013 University of Applied Sciences and Arts","alternateName":"HsH","url":"https:\/\/visualjournalism.de\/en\/","logo":{"@type":"ImageObject","inLanguage":"en-US","@id":"https:\/\/visualjournalism.de\/en\/#\/schema\/logo\/image\/","url":"https:\/\/visualjournalism.de\/wp-content\/uploads\/logo-hochschule-hannover.png","contentUrl":"https:\/\/visualjournalism.de\/wp-content\/uploads\/logo-hochschule-hannover.png","width":363,"height":270,"caption":"Hochschule Hannover \u2013 University of Applied Sciences and Arts"},"image":{"@id":"https:\/\/visualjournalism.de\/en\/#\/schema\/logo\/image\/"},"sameAs":["https:\/\/www.facebook.com\/people\/wwwfotostudentende\/100065173703897\/","https:\/\/x.com\/HsHannover","https:\/\/www.instagram.com\/visualjournalism.de\/"]}]}},"_links":{"self":[{"href":"https:\/\/visualjournalism.de\/en\/wp-json\/wp\/v2\/pages\/33452","targetHints":{"allow":["GET"]}}],"collection":[{"href":"https:\/\/visualjournalism.de\/en\/wp-json\/wp\/v2\/pages"}],"about":[{"href":"https:\/\/visualjournalism.de\/en\/wp-json\/wp\/v2\/types\/page"}],"author":[{"embeddable":true,"href":"https:\/\/visualjournalism.de\/en\/wp-json\/wp\/v2\/users\/55"}],"replies":[{"embeddable":true,"href":"https:\/\/visualjournalism.de\/en\/wp-json\/wp\/v2\/comments?post=33452"}],"version-history":[{"count":4,"href":"https:\/\/visualjournalism.de\/en\/wp-json\/wp\/v2\/pages\/33452\/revisions"}],"predecessor-version":[{"id":71902,"href":"https:\/\/visualjournalism.de\/en\/wp-json\/wp\/v2\/pages\/33452\/revisions\/71902"}],"wp:attachment":[{"href":"https:\/\/visualjournalism.de\/en\/wp-json\/wp\/v2\/media?parent=33452"}],"curies":[{"name":"wp","href":"https:\/\/api.w.org\/{rel}","templated":true}]}}