{"id":34351,"date":"2024-01-05T11:58:36","date_gmt":"2024-01-05T11:58:36","guid":{"rendered":"https:\/\/visualjournalism.de\/?page_id=34351"},"modified":"2025-10-06T17:33:59","modified_gmt":"2025-10-06T17:33:59","slug":"andreas-blauth","status":"publish","type":"page","link":"https:\/\/visualjournalism.de\/en\/andreas-blauth\/","title":{"rendered":"Andreas Blauth"},"content":{"rendered":"\n \n\n    <div id=\"lead-in-block_1fa4cba9e40f628a6b5f720fdcf5c13b\" class=\"block-lead-in typo--soehne font-size--xl has-spacing--m width--default\">\n        <h1><strong>Andreas Blauth<\/strong><\/h1>\n    <\/div>\n\n\n\n\n<div class=\"pinned-block has-spacing--m\">\n\t\n\n<div class=\"pinned-block__column--left\">\n    \n    <figure class=\"block-photo post__image--full has-spacing--m no-title\">\n\n        <div class=\"post__image__container\">\n            <img loading=\"lazy\" decoding=\"async\" \n                src=\"https:\/\/visualjournalism.de\/wp-content\/uploads\/thumbnail_andreas_blauth-1-1400x2100.jpg\"\n                srcset=\"https:\/\/visualjournalism.de\/wp-content\/uploads\/thumbnail_andreas_blauth-1-1400x2100.jpg 1400w, https:\/\/visualjournalism.de\/wp-content\/uploads\/thumbnail_andreas_blauth-1-200x300.jpg 200w, https:\/\/visualjournalism.de\/wp-content\/uploads\/thumbnail_andreas_blauth-1-683x1024.jpg 683w, https:\/\/visualjournalism.de\/wp-content\/uploads\/thumbnail_andreas_blauth-1-768x1152.jpg 768w, https:\/\/visualjournalism.de\/wp-content\/uploads\/thumbnail_andreas_blauth-1-1024x1536.jpg 1024w, https:\/\/visualjournalism.de\/wp-content\/uploads\/thumbnail_andreas_blauth-1-1365x2048.jpg 1365w, https:\/\/visualjournalism.de\/wp-content\/uploads\/thumbnail_andreas_blauth-1-1050x1575.jpg 1050w, https:\/\/visualjournalism.de\/wp-content\/uploads\/thumbnail_andreas_blauth-1-670x1005.jpg 670w, https:\/\/visualjournalism.de\/wp-content\/uploads\/thumbnail_andreas_blauth-1-420x630.jpg 420w, https:\/\/visualjournalism.de\/wp-content\/uploads\/thumbnail_andreas_blauth-1-350x525.jpg 350w, https:\/\/visualjournalism.de\/wp-content\/uploads\/thumbnail_andreas_blauth-1-300x450.jpg 300w, https:\/\/visualjournalism.de\/wp-content\/uploads\/thumbnail_andreas_blauth-1-150x225.jpg 150w, https:\/\/visualjournalism.de\/wp-content\/uploads\/thumbnail_andreas_blauth-1-scaled.jpg 1707w\"\n                width=\"1400\" \n                height=\"2100\"\n                alt=\"Portrait von Andreas Blauth\" \n            \/>\n            \n                    <\/div><!-- post__image__container -->\n\n        \n    <\/figure><!-- post__image -->\n\n\n\n<\/div>\n\n\n<div class=\"pinned-block__column--right\">\n    \n\n<p class=\"post__paragraph is-style-typo--soehne has-spacing--default\"><strong>Andreas Blauth<\/strong>, geboren 1999 und aufgewachsen in Meerbusch im Rheinland, entschied sich nach einem Kommunikationsdesign-Studium an der Folkwang Universit\u00e4t der K\u00fcnste in Essen f\u00fcr den Studiengang \u201cVisual Journalism and Documentary Photography\u201d an der Hochschule Hannover. Seine fotografischen wie filmischen Arbeiten bewegen sich dabei zwischen sozialen und philosophischen Themen: Der gesellschaftliche Umgang mit der Verg\u00e4nglichkeit der \u00f6kologischen Ressourcen wie des eigenen Lebens, die Entfremdung von Mensch und Umwelt, das gesellschaftliche Verh\u00e4ltnis zu menschlichen Emotionen und die kritische Auseinandersetzung mit M\u00e4nnlichkeitsidealen sind zentrale Aspekte seiner Arbeit, die sich stilistisch zwischen k\u00fcnstlerischen und dokumentarischen Polen bewegt.&nbsp;<\/p>\n\n\n\n<p class=\"post__paragraph is-style-typo--soehne has-spacing--default\"><strong>Kontakt:<\/strong><br><a href=\"https:\/\/andreasblauth.de\">andreasblauth.de<\/a><br>01573 2597648<br>andreasblauth.mail@gmail.com<\/p>\n\n\n<\/div>\n<\/div>\n\n\n<div class=\"devider has-spacing--none\">\n    <hr>\n<\/div>\n\n\n \n\n    <div id=\"lead-in-block_b2473e92405eb87e00dc325198df6c50\" class=\"block-lead-in typo--default font-size--default has-spacing--xs width--default\">\n        <h2>Andreas\u2019 Beitr\u00e4ge:<\/h2>\n    <\/div>\n\n\n\n\r\n<article class=\"post-teaser teaser-single--full has-spacing--m post-44431 magazin type-magazin status-publish has-post-thumbnail hentry magazinkategorie-wasser\">\r\n\t<header class=\"entry-header\">\r\n\r\n\t\t<div class=\"entry-categories\">\n\t<a class=\"post__tag\" href=\"https:\/\/visualjournalism.de\/magazin-kategorie\/wasser\/\" rel=\"category tag\">Wasser<\/a><\/div>\r\n\t\t<a href=\"https:\/\/visualjournalism.de\/en\/magazine\/wasser\/mineralwasser-vor-allem-eine-frage-des-richtigen-marketings\/\" rel=\"bookmark\">\r\n\t\t\t<h2 class=\"entry-title\">Wasser zu Gold.<\/h2>\r\n\t\t\t<p class=\"entry-excerpt\">Firmen lassen sich skurrile Marketingstrategien einfallen, um Wasser zu vermarkten. So rechtfertigen sie teilweise enorm hohe Preise und zeigen, dass man mit den richtigen Slogans aus einem Grundversorgungsmittel hohe Gewinne erzielen kann.<\/p>\r\n\t\t<\/a>\r\n\r\n\t<\/header><!-- .entry-header -->\r\n\r\n\t<figure class=\"post__image\">\r\n\t\t<a href=\"https:\/\/visualjournalism.de\/en\/magazine\/wasser\/mineralwasser-vor-allem-eine-frage-des-richtigen-marketings\/\" rel=\"bookmark\">\r\n\t\t\t<img loading=\"lazy\" decoding=\"async\" width=\"1400\" height=\"933\" src=\"https:\/\/visualjournalism.de\/wp-content\/uploads\/E98A1286-1400x933.jpg\" class=\"attachment-photo-block--full size-photo-block--full\" alt=\"Eine Flasche Fiji-Wasser unter Wasser getaucht vor dunkelblauem Hintergrund\" srcset=\"https:\/\/visualjournalism.de\/wp-content\/uploads\/E98A1286-1400x933.jpg 1400w, https:\/\/visualjournalism.de\/wp-content\/uploads\/E98A1286-300x200.jpg 300w, https:\/\/visualjournalism.de\/wp-content\/uploads\/E98A1286-1024x683.jpg 1024w, https:\/\/visualjournalism.de\/wp-content\/uploads\/E98A1286-768x512.jpg 768w, https:\/\/visualjournalism.de\/wp-content\/uploads\/E98A1286-1536x1024.jpg 1536w, https:\/\/visualjournalism.de\/wp-content\/uploads\/E98A1286-2048x1365.jpg 2048w, https:\/\/visualjournalism.de\/wp-content\/uploads\/E98A1286-1920x1280.jpg 1920w, https:\/\/visualjournalism.de\/wp-content\/uploads\/E98A1286-1050x700.jpg 1050w, https:\/\/visualjournalism.de\/wp-content\/uploads\/E98A1286-670x447.jpg 670w, https:\/\/visualjournalism.de\/wp-content\/uploads\/E98A1286-420x280.jpg 420w, https:\/\/visualjournalism.de\/wp-content\/uploads\/E98A1286-350x233.jpg 350w, https:\/\/visualjournalism.de\/wp-content\/uploads\/E98A1286-150x100.jpg 150w\" sizes=\"auto, (max-width: 1400px) 100vw, 1400px\" \/>\t\t<\/a>\r\n\t<\/figure><!-- .post__image -->\r\n\r\n<\/article>\r\n\n\n\r\n<article class=\"post-teaser teaser-single--full has-spacing--m post-60366 magazin type-magazin status-publish has-post-thumbnail hentry magazinkategorie-was-uns-haelt\">\r\n\t<header class=\"entry-header\">\r\n\r\n\t\t<div class=\"entry-categories\">\n\t<a class=\"post__tag\" href=\"https:\/\/visualjournalism.de\/magazin-kategorie\/was-uns-haelt\/\" rel=\"category tag\">Was uns h\u00e4lt<\/a><\/div>\r\n\t\t<a href=\"https:\/\/visualjournalism.de\/en\/magazine\/was-uns-haelt\/co-parenting-zwei-freunde-ein-kind\/\" rel=\"bookmark\">\r\n\t\t\t<h2 class=\"entry-title\">Co-Parenting: Zwei Freunde, ein Kind.<\/h2>\r\n\t\t\t<p class=\"entry-excerpt\">Julia m\u00f6chte ein Kind bekommen. Ihr Freund Patrick nicht. Was tun, wenn Lebensentw\u00fcrfe so unterschiedlich sind? Die L\u00f6sung findet Julia in einer Freundschaft \u2013 und geht damit einen ungew\u00f6hnlichen Weg.<\/p>\r\n\t\t<\/a>\r\n\r\n\t<\/header><!-- .entry-header -->\r\n\r\n\t<figure class=\"post__image\">\r\n\t\t<a href=\"https:\/\/visualjournalism.de\/en\/magazine\/was-uns-haelt\/co-parenting-zwei-freunde-ein-kind\/\" rel=\"bookmark\">\r\n\t\t\t<img loading=\"lazy\" decoding=\"async\" width=\"1400\" height=\"974\" src=\"https:\/\/visualjournalism.de\/wp-content\/uploads\/Schuler_Jana_ACHTUNG_EMBARGO_SZ_MAG_VEROEFFENTLICHUNG_Was_uns_haelt_Seite_11-scaled-e1767608304204-1400x974.jpg\" class=\"attachment-photo-block--full size-photo-block--full\" alt=\"\" srcset=\"https:\/\/visualjournalism.de\/wp-content\/uploads\/Schuler_Jana_ACHTUNG_EMBARGO_SZ_MAG_VEROEFFENTLICHUNG_Was_uns_haelt_Seite_11-scaled-e1767608304204-1400x974.jpg 1400w, https:\/\/visualjournalism.de\/wp-content\/uploads\/Schuler_Jana_ACHTUNG_EMBARGO_SZ_MAG_VEROEFFENTLICHUNG_Was_uns_haelt_Seite_11-scaled-e1767608304204-300x209.jpg 300w, https:\/\/visualjournalism.de\/wp-content\/uploads\/Schuler_Jana_ACHTUNG_EMBARGO_SZ_MAG_VEROEFFENTLICHUNG_Was_uns_haelt_Seite_11-scaled-e1767608304204-1024x713.jpg 1024w, https:\/\/visualjournalism.de\/wp-content\/uploads\/Schuler_Jana_ACHTUNG_EMBARGO_SZ_MAG_VEROEFFENTLICHUNG_Was_uns_haelt_Seite_11-scaled-e1767608304204-768x535.jpg 768w, https:\/\/visualjournalism.de\/wp-content\/uploads\/Schuler_Jana_ACHTUNG_EMBARGO_SZ_MAG_VEROEFFENTLICHUNG_Was_uns_haelt_Seite_11-scaled-e1767608304204-1536x1069.jpg 1536w, https:\/\/visualjournalism.de\/wp-content\/uploads\/Schuler_Jana_ACHTUNG_EMBARGO_SZ_MAG_VEROEFFENTLICHUNG_Was_uns_haelt_Seite_11-scaled-e1767608304204-2048x1425.jpg 2048w, https:\/\/visualjournalism.de\/wp-content\/uploads\/Schuler_Jana_ACHTUNG_EMBARGO_SZ_MAG_VEROEFFENTLICHUNG_Was_uns_haelt_Seite_11-scaled-e1767608304204-1920x1336.jpg 1920w, https:\/\/visualjournalism.de\/wp-content\/uploads\/Schuler_Jana_ACHTUNG_EMBARGO_SZ_MAG_VEROEFFENTLICHUNG_Was_uns_haelt_Seite_11-scaled-e1767608304204-1050x731.jpg 1050w, https:\/\/visualjournalism.de\/wp-content\/uploads\/Schuler_Jana_ACHTUNG_EMBARGO_SZ_MAG_VEROEFFENTLICHUNG_Was_uns_haelt_Seite_11-scaled-e1767608304204-670x466.jpg 670w, https:\/\/visualjournalism.de\/wp-content\/uploads\/Schuler_Jana_ACHTUNG_EMBARGO_SZ_MAG_VEROEFFENTLICHUNG_Was_uns_haelt_Seite_11-scaled-e1767608304204-420x292.jpg 420w, https:\/\/visualjournalism.de\/wp-content\/uploads\/Schuler_Jana_ACHTUNG_EMBARGO_SZ_MAG_VEROEFFENTLICHUNG_Was_uns_haelt_Seite_11-scaled-e1767608304204-350x244.jpg 350w, https:\/\/visualjournalism.de\/wp-content\/uploads\/Schuler_Jana_ACHTUNG_EMBARGO_SZ_MAG_VEROEFFENTLICHUNG_Was_uns_haelt_Seite_11-scaled-e1767608304204-150x104.jpg 150w\" sizes=\"auto, (max-width: 1400px) 100vw, 1400px\" \/>\t\t<\/a>\r\n\t<\/figure><!-- .post__image -->\r\n\r\n<\/article>\r\n\n\n\n<div class=\"wp-block-group has-spacing--default has-spacing--default\">\n<div class=\"devider has-spacing--none\">\n    <hr>\n<\/div>\n\n\n \n\n    <div id=\"lead-in-block_0068138f865928e837a08115a0674782\" class=\"block-lead-in typo--default font-size--xl has-spacing--s width--default\">\n        <p><strong>Empfehlungen der Redaktion:<\/strong><\/p>\n    <\/div>\n\n\n\n\r\n\r\n\r\n\n\n\r\n\r\n\r\n\r\n        <div class=\"teaser-grid grid-layout--3col has-spacing--s width--inline\">\r\n\r\n            \r\n                <article class=\"post-teaser\">\r\n\r\n                    <a href=\"https:\/\/visualjournalism.de\/en\/magazine\/sammeln\/bibliothek-der-geretteten-buecher\/\" rel=\"permalink\">\r\n\r\n                        <div class=\"post-teaser__content\">\r\n\r\n                            <span class=\"entry-categories\">Sammeln<\/span>\r\n                            <h3 class=\"post-teaser__headline\">\r\n                                Bibliothek der geretteten B\u00fccher                            <\/h3>\r\n\r\n                            <div class=\"post-teaser__excerpt\">\r\n                                <p>Wie ein Pfarrer aus Niedersachsen Tausende DDR-B\u00fccher vor der Vernichtung rettete \u2013 und warum eines davon eine entscheidende technische Spur f\u00fcr die Forschung im All lieferte.<\/p>\r\n                            <\/div>\r\n\r\n                        <\/div><!-- .post-teaser__content -->\r\n\r\n\r\n                        \r\n                            <figure class=\"post-teaser__image\">\r\n                                <img loading=\"lazy\" decoding=\"async\"  \r\n                                    src=\"https:\/\/visualjournalism.de\/wp-content\/uploads\/MuellerVahl_Thomas_Sammeln-04-768x511.jpg\" \r\n                                    srcset=\"https:\/\/visualjournalism.de\/wp-content\/uploads\/MuellerVahl_Thomas_Sammeln-04-768x511.jpg 768w, https:\/\/visualjournalism.de\/wp-content\/uploads\/MuellerVahl_Thomas_Sammeln-04-300x200.jpg 300w, https:\/\/visualjournalism.de\/wp-content\/uploads\/MuellerVahl_Thomas_Sammeln-04-1024x681.jpg 1024w, https:\/\/visualjournalism.de\/wp-content\/uploads\/MuellerVahl_Thomas_Sammeln-04-1536x1022.jpg 1536w, https:\/\/visualjournalism.de\/wp-content\/uploads\/MuellerVahl_Thomas_Sammeln-04-2048x1363.jpg 2048w, https:\/\/visualjournalism.de\/wp-content\/uploads\/MuellerVahl_Thomas_Sammeln-04-1920x1277.jpg 1920w, https:\/\/visualjournalism.de\/wp-content\/uploads\/MuellerVahl_Thomas_Sammeln-04-1400x931.jpg 1400w, https:\/\/visualjournalism.de\/wp-content\/uploads\/MuellerVahl_Thomas_Sammeln-04-1050x699.jpg 1050w, https:\/\/visualjournalism.de\/wp-content\/uploads\/MuellerVahl_Thomas_Sammeln-04-670x446.jpg 670w, https:\/\/visualjournalism.de\/wp-content\/uploads\/MuellerVahl_Thomas_Sammeln-04-420x279.jpg 420w, https:\/\/visualjournalism.de\/wp-content\/uploads\/MuellerVahl_Thomas_Sammeln-04-350x233.jpg 350w, https:\/\/visualjournalism.de\/wp-content\/uploads\/MuellerVahl_Thomas_Sammeln-04-150x100.jpg 150w\" \r\n                                    width=\"768\"  \r\n                                    height=\"511\" \r\n                                    alt=\"\"\r\n                                \/>\r\n                            <\/figure>\r\n\r\n                        \r\n                    \r\n                    <\/a>\r\n\r\n                <\/article><!--- .post-teaser-->\r\n\r\n            \r\n                <article class=\"post-teaser\">\r\n\r\n                    <a href=\"https:\/\/visualjournalism.de\/en\/magazine\/sammeln\/die-architektur-des-datenhandels\/\" rel=\"permalink\">\r\n\r\n                        <div class=\"post-teaser__content\">\r\n\r\n                            <span class=\"entry-categories\">Sammeln<\/span>\r\n                            <h3 class=\"post-teaser__headline\">\r\n                                Die Architektur des Datenhandels                            <\/h3>\r\n\r\n                            <div class=\"post-teaser__excerpt\">\r\n                                <p>Kaum ein System bleibt so unsichtbar und wirkt zugleich so weitreichend wie der Handel mit Nutzerdaten. Was wir anklicken, suchen oder besuchen, wird zu Signalen in einem globalen Markt, der Menschen in Kategorien einordnet und Informationen gezielt verteilt.<\/p>\r\n                            <\/div>\r\n\r\n                        <\/div><!-- .post-teaser__content -->\r\n\r\n\r\n                        \r\n                            <figure class=\"post-teaser__image\">\r\n                                <img loading=\"lazy\" decoding=\"async\"  \r\n                                    src=\"https:\/\/visualjournalism.de\/wp-content\/uploads\/24_Geiersbach-Paul_Accept-All-768x512.jpg\" \r\n                                    srcset=\"https:\/\/visualjournalism.de\/wp-content\/uploads\/24_Geiersbach-Paul_Accept-All-768x512.jpg 768w, https:\/\/visualjournalism.de\/wp-content\/uploads\/24_Geiersbach-Paul_Accept-All-300x200.jpg 300w, https:\/\/visualjournalism.de\/wp-content\/uploads\/24_Geiersbach-Paul_Accept-All-1024x682.jpg 1024w, https:\/\/visualjournalism.de\/wp-content\/uploads\/24_Geiersbach-Paul_Accept-All-1536x1024.jpg 1536w, https:\/\/visualjournalism.de\/wp-content\/uploads\/24_Geiersbach-Paul_Accept-All-1920x1280.jpg 1920w, https:\/\/visualjournalism.de\/wp-content\/uploads\/24_Geiersbach-Paul_Accept-All-1400x933.jpg 1400w, https:\/\/visualjournalism.de\/wp-content\/uploads\/24_Geiersbach-Paul_Accept-All-1050x700.jpg 1050w, https:\/\/visualjournalism.de\/wp-content\/uploads\/24_Geiersbach-Paul_Accept-All-670x447.jpg 670w, https:\/\/visualjournalism.de\/wp-content\/uploads\/24_Geiersbach-Paul_Accept-All-420x280.jpg 420w, https:\/\/visualjournalism.de\/wp-content\/uploads\/24_Geiersbach-Paul_Accept-All-350x233.jpg 350w, https:\/\/visualjournalism.de\/wp-content\/uploads\/24_Geiersbach-Paul_Accept-All-150x100.jpg 150w, https:\/\/visualjournalism.de\/wp-content\/uploads\/24_Geiersbach-Paul_Accept-All.jpg 2000w\" \r\n                                    width=\"768\"  \r\n                                    height=\"512\" \r\n                                    alt=\"eine querformatige farbige Fotografie. Eine W\u00fcstenlandschaft ist von oben fotografiert, mit einem leichten Sanh\u00fcgel. Der Sandh\u00fcgel ist in der Mitte des Bildes eingebrochen.\"\r\n                                \/>\r\n                            <\/figure>\r\n\r\n                        \r\n                    \r\n                    <\/a>\r\n\r\n                <\/article><!--- .post-teaser-->\r\n\r\n            \r\n                <article class=\"post-teaser\">\r\n\r\n                    <a href=\"https:\/\/visualjournalism.de\/en\/magazine\/sammeln\/hannovers-verborgene-rohstoffquelle\/\" rel=\"permalink\">\r\n\r\n                        <div class=\"post-teaser__content\">\r\n\r\n                            <span class=\"entry-categories\">Sammeln<\/span>\r\n                            <h3 class=\"post-teaser__headline\">\r\n                                Hannovers verborgene Rohstoffquelle                            <\/h3>\r\n\r\n                            <div class=\"post-teaser__excerpt\">\r\n                                <p>Unsichere Handelsbeziehungen, Kriege und neue Vorschriften fordern die Recyclingbranche heraus. Auf dem TSR-Gel\u00e4nde im hannoverschen Nordhafen sp\u00fcrt man die Bewegung eines ganzen Wirtschaftszweigs \u2013 ein Blick hinter die Kulissen. <\/p>\r\n                            <\/div>\r\n\r\n                        <\/div><!-- .post-teaser__content -->\r\n\r\n\r\n                        \r\n                            <figure class=\"post-teaser__image\">\r\n                                <img loading=\"lazy\" decoding=\"async\"  \r\n                                    src=\"https:\/\/visualjournalism.de\/wp-content\/uploads\/Moritz-Heck_Schrottplatz_26_dunkel-768x512.jpg\" \r\n                                    srcset=\"https:\/\/visualjournalism.de\/wp-content\/uploads\/Moritz-Heck_Schrottplatz_26_dunkel-768x512.jpg 768w, https:\/\/visualjournalism.de\/wp-content\/uploads\/Moritz-Heck_Schrottplatz_26_dunkel-300x200.jpg 300w, https:\/\/visualjournalism.de\/wp-content\/uploads\/Moritz-Heck_Schrottplatz_26_dunkel-1024x683.jpg 1024w, https:\/\/visualjournalism.de\/wp-content\/uploads\/Moritz-Heck_Schrottplatz_26_dunkel-1536x1024.jpg 1536w, https:\/\/visualjournalism.de\/wp-content\/uploads\/Moritz-Heck_Schrottplatz_26_dunkel-2048x1365.jpg 2048w, https:\/\/visualjournalism.de\/wp-content\/uploads\/Moritz-Heck_Schrottplatz_26_dunkel-1920x1280.jpg 1920w, https:\/\/visualjournalism.de\/wp-content\/uploads\/Moritz-Heck_Schrottplatz_26_dunkel-1400x933.jpg 1400w, https:\/\/visualjournalism.de\/wp-content\/uploads\/Moritz-Heck_Schrottplatz_26_dunkel-1050x700.jpg 1050w, https:\/\/visualjournalism.de\/wp-content\/uploads\/Moritz-Heck_Schrottplatz_26_dunkel-670x447.jpg 670w, https:\/\/visualjournalism.de\/wp-content\/uploads\/Moritz-Heck_Schrottplatz_26_dunkel-420x280.jpg 420w, https:\/\/visualjournalism.de\/wp-content\/uploads\/Moritz-Heck_Schrottplatz_26_dunkel-350x233.jpg 350w, https:\/\/visualjournalism.de\/wp-content\/uploads\/Moritz-Heck_Schrottplatz_26_dunkel-150x100.jpg 150w\" \r\n                                    width=\"768\"  \r\n                                    height=\"512\" \r\n                                    alt=\"\"\r\n                                \/>\r\n                            <\/figure>\r\n\r\n                        \r\n                    \r\n                    <\/a>\r\n\r\n                <\/article><!--- .post-teaser-->\r\n\r\n            \r\n        <\/div><!-- .teaser-grid -->\r\n\r\n\n\n\r\n\r\n\r\n\n\n\n    <div class=\"btn-wrapper has-spacing--m\">\n        <a class=\"btn\" href=\"https:\/\/visualjournalism.de\/magazin\/\" target=\"_blank\">ZUR MAGAZIN-STARTSEITE<\/a>\n    <\/div>\n<\/div>\n","protected":false},"excerpt":{"rendered":"","protected":false},"author":8,"featured_media":0,"parent":0,"menu_order":0,"comment_status":"closed","ping_status":"closed","template":"","meta":{"_acf_changed":false,"footnotes":""},"class_list":["post-34351","page","type-page","status-publish","hentry"],"acf":[],"yoast_head":"<!-- This site is optimized with the Yoast SEO Premium plugin v27.3 (Yoast SEO v27.3) - https:\/\/yoast.com\/product\/yoast-seo-premium-wordpress\/ -->\n<title>Andreas Blauth &#8211; Visual Journalism and Documentary Photography<\/title>\n<meta name=\"robots\" content=\"index, follow, max-snippet:-1, max-image-preview:large, max-video-preview:-1\" \/>\n<link rel=\"canonical\" href=\"https:\/\/visualjournalism.de\/en\/andreas-blauth\/\" \/>\n<meta property=\"og:locale\" content=\"en_US\" \/>\n<meta property=\"og:type\" content=\"article\" \/>\n<meta property=\"og:title\" content=\"Andreas Blauth\" \/>\n<meta property=\"og:url\" content=\"https:\/\/visualjournalism.de\/en\/andreas-blauth\/\" \/>\n<meta property=\"og:site_name\" content=\"Visual Journalism and Documentary Photography\" \/>\n<meta property=\"article:publisher\" content=\"https:\/\/www.facebook.com\/people\/wwwfotostudentende\/100065173703897\/\" \/>\n<meta property=\"article:modified_time\" content=\"2025-10-06T17:33:59+00:00\" \/>\n<meta name=\"twitter:card\" content=\"summary_large_image\" \/>\n<meta name=\"twitter:site\" content=\"@HsHannover\" \/>\n<meta name=\"twitter:label1\" content=\"Est. reading time\" \/>\n\t<meta name=\"twitter:data1\" content=\"1 minute\" \/>\n<script type=\"application\/ld+json\" class=\"yoast-schema-graph\">{\"@context\":\"https:\\\/\\\/schema.org\",\"@graph\":[{\"@type\":\"WebPage\",\"@id\":\"https:\\\/\\\/visualjournalism.de\\\/en\\\/andreas-blauth\\\/\",\"url\":\"https:\\\/\\\/visualjournalism.de\\\/en\\\/andreas-blauth\\\/\",\"name\":\"Andreas Blauth &#8211; Visual Journalism and Documentary Photography\",\"isPartOf\":{\"@id\":\"https:\\\/\\\/visualjournalism.de\\\/en\\\/#website\"},\"datePublished\":\"2024-01-05T11:58:36+00:00\",\"dateModified\":\"2025-10-06T17:33:59+00:00\",\"breadcrumb\":{\"@id\":\"https:\\\/\\\/visualjournalism.de\\\/en\\\/andreas-blauth\\\/#breadcrumb\"},\"inLanguage\":\"en-US\",\"potentialAction\":[{\"@type\":\"ReadAction\",\"target\":[\"https:\\\/\\\/visualjournalism.de\\\/en\\\/andreas-blauth\\\/\"]}]},{\"@type\":\"BreadcrumbList\",\"@id\":\"https:\\\/\\\/visualjournalism.de\\\/en\\\/andreas-blauth\\\/#breadcrumb\",\"itemListElement\":[{\"@type\":\"ListItem\",\"position\":1,\"name\":\"Home\",\"item\":\"https:\\\/\\\/visualjournalism.de\\\/en\\\/\"},{\"@type\":\"ListItem\",\"position\":2,\"name\":\"Andreas Blauth\"}]},{\"@type\":\"WebSite\",\"@id\":\"https:\\\/\\\/visualjournalism.de\\\/en\\\/#website\",\"url\":\"https:\\\/\\\/visualjournalism.de\\\/en\\\/\",\"name\":\"Visual Journalism and Documentary Photography\",\"description\":\"All about the bilingual bachelor&#039;s program at Hannover University of Applied Sciences and Arts.\",\"publisher\":{\"@id\":\"https:\\\/\\\/visualjournalism.de\\\/en\\\/#organization\"},\"alternateName\":\"visualjournalism.de\",\"potentialAction\":[{\"@type\":\"SearchAction\",\"target\":{\"@type\":\"EntryPoint\",\"urlTemplate\":\"https:\\\/\\\/visualjournalism.de\\\/en\\\/?s={search_term_string}\"},\"query-input\":{\"@type\":\"PropertyValueSpecification\",\"valueRequired\":true,\"valueName\":\"search_term_string\"}}],\"inLanguage\":\"en-US\"},{\"@type\":\"Organization\",\"@id\":\"https:\\\/\\\/visualjournalism.de\\\/en\\\/#organization\",\"name\":\"Hochschule Hannover \u2013 University of Applied Sciences and Arts\",\"alternateName\":\"HsH\",\"url\":\"https:\\\/\\\/visualjournalism.de\\\/en\\\/\",\"logo\":{\"@type\":\"ImageObject\",\"inLanguage\":\"en-US\",\"@id\":\"https:\\\/\\\/visualjournalism.de\\\/en\\\/#\\\/schema\\\/logo\\\/image\\\/\",\"url\":\"https:\\\/\\\/visualjournalism.de\\\/wp-content\\\/uploads\\\/logo-hochschule-hannover.png\",\"contentUrl\":\"https:\\\/\\\/visualjournalism.de\\\/wp-content\\\/uploads\\\/logo-hochschule-hannover.png\",\"width\":363,\"height\":270,\"caption\":\"Hochschule Hannover \u2013 University of Applied Sciences and Arts\"},\"image\":{\"@id\":\"https:\\\/\\\/visualjournalism.de\\\/en\\\/#\\\/schema\\\/logo\\\/image\\\/\"},\"sameAs\":[\"https:\\\/\\\/www.facebook.com\\\/people\\\/wwwfotostudentende\\\/100065173703897\\\/\",\"https:\\\/\\\/x.com\\\/HsHannover\",\"https:\\\/\\\/www.instagram.com\\\/visualjournalism.de\\\/\"]}]}<\/script>\n<!-- \/ Yoast SEO Premium plugin. -->","yoast_head_json":{"title":"Andreas Blauth &#8211; Visual Journalism and Documentary Photography","robots":{"index":"index","follow":"follow","max-snippet":"max-snippet:-1","max-image-preview":"max-image-preview:large","max-video-preview":"max-video-preview:-1"},"canonical":"https:\/\/visualjournalism.de\/en\/andreas-blauth\/","og_locale":"en_US","og_type":"article","og_title":"Andreas Blauth","og_url":"https:\/\/visualjournalism.de\/en\/andreas-blauth\/","og_site_name":"Visual Journalism and Documentary Photography","article_publisher":"https:\/\/www.facebook.com\/people\/wwwfotostudentende\/100065173703897\/","article_modified_time":"2025-10-06T17:33:59+00:00","twitter_card":"summary_large_image","twitter_site":"@HsHannover","twitter_misc":{"Est. reading time":"1 minute"},"schema":{"@context":"https:\/\/schema.org","@graph":[{"@type":"WebPage","@id":"https:\/\/visualjournalism.de\/en\/andreas-blauth\/","url":"https:\/\/visualjournalism.de\/en\/andreas-blauth\/","name":"Andreas Blauth &#8211; Visual Journalism and Documentary Photography","isPartOf":{"@id":"https:\/\/visualjournalism.de\/en\/#website"},"datePublished":"2024-01-05T11:58:36+00:00","dateModified":"2025-10-06T17:33:59+00:00","breadcrumb":{"@id":"https:\/\/visualjournalism.de\/en\/andreas-blauth\/#breadcrumb"},"inLanguage":"en-US","potentialAction":[{"@type":"ReadAction","target":["https:\/\/visualjournalism.de\/en\/andreas-blauth\/"]}]},{"@type":"BreadcrumbList","@id":"https:\/\/visualjournalism.de\/en\/andreas-blauth\/#breadcrumb","itemListElement":[{"@type":"ListItem","position":1,"name":"Home","item":"https:\/\/visualjournalism.de\/en\/"},{"@type":"ListItem","position":2,"name":"Andreas Blauth"}]},{"@type":"WebSite","@id":"https:\/\/visualjournalism.de\/en\/#website","url":"https:\/\/visualjournalism.de\/en\/","name":"Visual Journalism and Documentary Photography","description":"All about the bilingual bachelor&#039;s program at Hannover University of Applied Sciences and Arts.","publisher":{"@id":"https:\/\/visualjournalism.de\/en\/#organization"},"alternateName":"visualjournalism.de","potentialAction":[{"@type":"SearchAction","target":{"@type":"EntryPoint","urlTemplate":"https:\/\/visualjournalism.de\/en\/?s={search_term_string}"},"query-input":{"@type":"PropertyValueSpecification","valueRequired":true,"valueName":"search_term_string"}}],"inLanguage":"en-US"},{"@type":"Organization","@id":"https:\/\/visualjournalism.de\/en\/#organization","name":"Hochschule Hannover \u2013 University of Applied Sciences and Arts","alternateName":"HsH","url":"https:\/\/visualjournalism.de\/en\/","logo":{"@type":"ImageObject","inLanguage":"en-US","@id":"https:\/\/visualjournalism.de\/en\/#\/schema\/logo\/image\/","url":"https:\/\/visualjournalism.de\/wp-content\/uploads\/logo-hochschule-hannover.png","contentUrl":"https:\/\/visualjournalism.de\/wp-content\/uploads\/logo-hochschule-hannover.png","width":363,"height":270,"caption":"Hochschule Hannover \u2013 University of Applied Sciences and Arts"},"image":{"@id":"https:\/\/visualjournalism.de\/en\/#\/schema\/logo\/image\/"},"sameAs":["https:\/\/www.facebook.com\/people\/wwwfotostudentende\/100065173703897\/","https:\/\/x.com\/HsHannover","https:\/\/www.instagram.com\/visualjournalism.de\/"]}]}},"_links":{"self":[{"href":"https:\/\/visualjournalism.de\/en\/wp-json\/wp\/v2\/pages\/34351","targetHints":{"allow":["GET"]}}],"collection":[{"href":"https:\/\/visualjournalism.de\/en\/wp-json\/wp\/v2\/pages"}],"about":[{"href":"https:\/\/visualjournalism.de\/en\/wp-json\/wp\/v2\/types\/page"}],"author":[{"embeddable":true,"href":"https:\/\/visualjournalism.de\/en\/wp-json\/wp\/v2\/users\/8"}],"replies":[{"embeddable":true,"href":"https:\/\/visualjournalism.de\/en\/wp-json\/wp\/v2\/comments?post=34351"}],"version-history":[{"count":1,"href":"https:\/\/visualjournalism.de\/en\/wp-json\/wp\/v2\/pages\/34351\/revisions"}],"predecessor-version":[{"id":64507,"href":"https:\/\/visualjournalism.de\/en\/wp-json\/wp\/v2\/pages\/34351\/revisions\/64507"}],"wp:attachment":[{"href":"https:\/\/visualjournalism.de\/en\/wp-json\/wp\/v2\/media?parent=34351"}],"curies":[{"name":"wp","href":"https:\/\/api.w.org\/{rel}","templated":true}]}}