{"id":34375,"date":"2024-01-26T15:18:15","date_gmt":"2024-01-26T15:18:15","guid":{"rendered":"https:\/\/visualjournalism.de\/?page_id=34375"},"modified":"2024-05-27T14:55:30","modified_gmt":"2024-05-27T14:55:30","slug":"philip-jackwerth","status":"publish","type":"page","link":"https:\/\/visualjournalism.de\/en\/philip-jackwerth\/","title":{"rendered":"Philip Jackwerth"},"content":{"rendered":"\n \n\n    <div id=\"lead-in-block_9141a10468e1869c42ef0272cd801f49\" class=\"block-lead-in typo--soehne font-size--xl has-spacing--m width--full\">\n        <p><strong>Philip Jackwerth<\/strong><\/p>\n    <\/div>\n\n\n\n\n<div class=\"pinned-block has-spacing--none\">\n\t\n\n<div class=\"pinned-block__column--left\">\n    \n    <figure class=\"block-photo post__image--full has-spacing--m no-title\">\n\n        <div class=\"post__image__container\">\n            <img loading=\"lazy\" decoding=\"async\" \n                src=\"https:\/\/visualjournalism.de\/wp-content\/uploads\/02_Jackwerth_Philip-1400x1400.jpg\"\n                srcset=\"https:\/\/visualjournalism.de\/wp-content\/uploads\/02_Jackwerth_Philip-1400x1400.jpg 1400w, https:\/\/visualjournalism.de\/wp-content\/uploads\/02_Jackwerth_Philip-300x300.jpg 300w, https:\/\/visualjournalism.de\/wp-content\/uploads\/02_Jackwerth_Philip-1024x1024.jpg 1024w, https:\/\/visualjournalism.de\/wp-content\/uploads\/02_Jackwerth_Philip-150x150.jpg 150w, https:\/\/visualjournalism.de\/wp-content\/uploads\/02_Jackwerth_Philip-768x768.jpg 768w, https:\/\/visualjournalism.de\/wp-content\/uploads\/02_Jackwerth_Philip-1536x1536.jpg 1536w, https:\/\/visualjournalism.de\/wp-content\/uploads\/02_Jackwerth_Philip-1050x1050.jpg 1050w, https:\/\/visualjournalism.de\/wp-content\/uploads\/02_Jackwerth_Philip-670x670.jpg 670w, https:\/\/visualjournalism.de\/wp-content\/uploads\/02_Jackwerth_Philip-420x420.jpg 420w, https:\/\/visualjournalism.de\/wp-content\/uploads\/02_Jackwerth_Philip-350x350.jpg 350w, https:\/\/visualjournalism.de\/wp-content\/uploads\/02_Jackwerth_Philip-52x52.jpg 52w, https:\/\/visualjournalism.de\/wp-content\/uploads\/02_Jackwerth_Philip-68x68.jpg 68w, https:\/\/visualjournalism.de\/wp-content\/uploads\/02_Jackwerth_Philip-96x96.jpg 96w, https:\/\/visualjournalism.de\/wp-content\/uploads\/02_Jackwerth_Philip.jpg 1852w\"\n                width=\"1400\" \n                height=\"1400\"\n                alt=\"\" \n            \/>\n            \n                    <\/div><!-- post__image__container -->\n\n        \n    <\/figure><!-- post__image -->\n\n\n\n<\/div>\n\n\n<div class=\"pinned-block__column--right\">\n    \n\n<p class=\"post__paragraph is-style-typo--soehne has-spacing--default\"><strong>Philip Jackwerth<\/strong> kommt aus einer Gegend leicht s\u00fcdlich von Wien. Seit 2020 studiert er in Hannover Fotojournalismus und Dokumentarfotografie. In seinen Arbeiten bewegt er sich zwischen Fotografie, Design und bildender Kunst.<br>Thematisch faszinieren ihn besonders im Alltag auftretende Muster und Strukturen, sowie die vielen M\u00f6glichkeiten der Wahrnehmung des Lebens an sich.<\/p>\n\n\n\n<p class=\"post__paragraph is-style-typo--soehne has-spacing--default\"><strong>Kontakt:       <\/strong>                                                                              <br>Instagram: <a href=\"https:\/\/www.instagram.com\/jckwrth\/\">@jckwrth<\/a>                                                         <br>YouTube: <a href=\"http:\/\/jackwerth.at\">jackwerth.at<\/a>                                                                        <br>Mail: hallo@jackwerth.at<\/p>\n\n\n<\/div>\n<\/div>\n\n\n<div class=\"devider has-spacing--none\">\n    <hr>\n<\/div>\n\n\n \n\n    <div id=\"lead-in-block_057ad3854c29e5d4eefed22454818f77\" class=\"block-lead-in typo--default font-size--default has-spacing--xs width--default\">\n        <h2>Philips Beitr\u00e4ge<\/h2>\n    <\/div>\n\n\n\n\r\n<article class=\"post-teaser teaser-single--full has-spacing--xs post-30686 magazin type-magazin status-publish has-post-thumbnail hentry magazinkategorie-stille\">\r\n\t<header class=\"entry-header\">\r\n\r\n\t\t<div class=\"entry-categories\">\n\t<a class=\"post__tag\" href=\"https:\/\/visualjournalism.de\/magazin-kategorie\/stille\/\" rel=\"category tag\">Stille<\/a><\/div>\r\n\t\t<a href=\"https:\/\/visualjournalism.de\/en\/magazine\/stille\/und-taeglich-gruesst-das-butterbrot\/\" rel=\"bookmark\">\r\n\t\t\t<h2 class=\"entry-title\">Und t\u00e4glich gr\u00fc\u00dft das Butterbrot.<\/h2>\r\n\t\t\t<p class=\"entry-excerpt\">Eine Hommage an das t\u00e4gliche Brot<\/p>\r\n\t\t<\/a>\r\n\r\n\t<\/header><!-- .entry-header -->\r\n\r\n\t<figure class=\"post__image\">\r\n\t\t<a href=\"https:\/\/visualjournalism.de\/en\/magazine\/stille\/und-taeglich-gruesst-das-butterbrot\/\" rel=\"bookmark\">\r\n\t\t\t<img loading=\"lazy\" decoding=\"async\" width=\"1400\" height=\"1400\" src=\"https:\/\/visualjournalism.de\/wp-content\/uploads\/43_Jackwerth_Philip-1-1400x1400.jpg\" class=\"attachment-photo-block--full size-photo-block--full\" alt=\"\" srcset=\"https:\/\/visualjournalism.de\/wp-content\/uploads\/43_Jackwerth_Philip-1-1400x1400.jpg 1400w, https:\/\/visualjournalism.de\/wp-content\/uploads\/43_Jackwerth_Philip-1-300x300.jpg 300w, https:\/\/visualjournalism.de\/wp-content\/uploads\/43_Jackwerth_Philip-1-1024x1024.jpg 1024w, https:\/\/visualjournalism.de\/wp-content\/uploads\/43_Jackwerth_Philip-1-150x150.jpg 150w, https:\/\/visualjournalism.de\/wp-content\/uploads\/43_Jackwerth_Philip-1-768x768.jpg 768w, https:\/\/visualjournalism.de\/wp-content\/uploads\/43_Jackwerth_Philip-1-1536x1536.jpg 1536w, https:\/\/visualjournalism.de\/wp-content\/uploads\/43_Jackwerth_Philip-1-2048x2048.jpg 2048w, https:\/\/visualjournalism.de\/wp-content\/uploads\/43_Jackwerth_Philip-1-1920x1920.jpg 1920w, https:\/\/visualjournalism.de\/wp-content\/uploads\/43_Jackwerth_Philip-1-1050x1050.jpg 1050w, https:\/\/visualjournalism.de\/wp-content\/uploads\/43_Jackwerth_Philip-1-670x670.jpg 670w, https:\/\/visualjournalism.de\/wp-content\/uploads\/43_Jackwerth_Philip-1-420x420.jpg 420w, https:\/\/visualjournalism.de\/wp-content\/uploads\/43_Jackwerth_Philip-1-350x350.jpg 350w, https:\/\/visualjournalism.de\/wp-content\/uploads\/43_Jackwerth_Philip-1-52x52.jpg 52w, https:\/\/visualjournalism.de\/wp-content\/uploads\/43_Jackwerth_Philip-1-68x68.jpg 68w, https:\/\/visualjournalism.de\/wp-content\/uploads\/43_Jackwerth_Philip-1-96x96.jpg 96w\" sizes=\"auto, (max-width: 1400px) 100vw, 1400px\" \/>\t\t<\/a>\r\n\t<\/figure><!-- .post__image -->\r\n\r\n<\/article>\r\n\n\n\n<div class=\"wp-block-group has-spacing--default has-spacing--default\">\n<div class=\"devider has-spacing--none\">\n    <hr>\n<\/div>\n\n\n \n\n    <div id=\"lead-in-block_3f5ccdff235ea8c408fe148d4fed4545\" class=\"block-lead-in typo--default font-size--xl has-spacing--s width--default\">\n        <p><strong>Empfehlungen der Redaktion:<\/strong><\/p>\n    <\/div>\n\n\n\n\r\n\r\n\r\n\n\n\r\n\r\n\r\n\r\n        <div class=\"teaser-grid grid-layout--3col has-spacing--s width--inline\">\r\n\r\n            \r\n                <article class=\"post-teaser\">\r\n\r\n                    <a href=\"https:\/\/visualjournalism.de\/en\/magazine\/sammeln\/hannovers-verborgene-rohstoffquelle\/\" rel=\"permalink\">\r\n\r\n                        <div class=\"post-teaser__content\">\r\n\r\n                            <span class=\"entry-categories\">Sammeln<\/span>\r\n                            <h3 class=\"post-teaser__headline\">\r\n                                Hannovers verborgene Rohstoffquelle                            <\/h3>\r\n\r\n                            <div class=\"post-teaser__excerpt\">\r\n                                <p>Unsichere Handelsbeziehungen, Kriege und neue Vorschriften fordern die Recyclingbranche heraus. Auf dem TSR-Gel\u00e4nde im hannoverschen Nordhafen sp\u00fcrt man die Bewegung eines ganzen Wirtschaftszweigs \u2013 ein Blick hinter die Kulissen. <\/p>\r\n                            <\/div>\r\n\r\n                        <\/div><!-- .post-teaser__content -->\r\n\r\n\r\n                        \r\n                            <figure class=\"post-teaser__image\">\r\n                                <img loading=\"lazy\" decoding=\"async\"  \r\n                                    src=\"https:\/\/visualjournalism.de\/wp-content\/uploads\/Moritz-Heck_Schrottplatz_26_dunkel-768x512.jpg\" \r\n                                    srcset=\"https:\/\/visualjournalism.de\/wp-content\/uploads\/Moritz-Heck_Schrottplatz_26_dunkel-768x512.jpg 768w, https:\/\/visualjournalism.de\/wp-content\/uploads\/Moritz-Heck_Schrottplatz_26_dunkel-300x200.jpg 300w, https:\/\/visualjournalism.de\/wp-content\/uploads\/Moritz-Heck_Schrottplatz_26_dunkel-1024x683.jpg 1024w, https:\/\/visualjournalism.de\/wp-content\/uploads\/Moritz-Heck_Schrottplatz_26_dunkel-1536x1024.jpg 1536w, https:\/\/visualjournalism.de\/wp-content\/uploads\/Moritz-Heck_Schrottplatz_26_dunkel-2048x1365.jpg 2048w, https:\/\/visualjournalism.de\/wp-content\/uploads\/Moritz-Heck_Schrottplatz_26_dunkel-1920x1280.jpg 1920w, https:\/\/visualjournalism.de\/wp-content\/uploads\/Moritz-Heck_Schrottplatz_26_dunkel-1400x933.jpg 1400w, https:\/\/visualjournalism.de\/wp-content\/uploads\/Moritz-Heck_Schrottplatz_26_dunkel-1050x700.jpg 1050w, https:\/\/visualjournalism.de\/wp-content\/uploads\/Moritz-Heck_Schrottplatz_26_dunkel-670x447.jpg 670w, https:\/\/visualjournalism.de\/wp-content\/uploads\/Moritz-Heck_Schrottplatz_26_dunkel-420x280.jpg 420w, https:\/\/visualjournalism.de\/wp-content\/uploads\/Moritz-Heck_Schrottplatz_26_dunkel-350x233.jpg 350w, https:\/\/visualjournalism.de\/wp-content\/uploads\/Moritz-Heck_Schrottplatz_26_dunkel-150x100.jpg 150w\" \r\n                                    width=\"768\"  \r\n                                    height=\"512\" \r\n                                    alt=\"\"\r\n                                \/>\r\n                            <\/figure>\r\n\r\n                        \r\n                    \r\n                    <\/a>\r\n\r\n                <\/article><!--- .post-teaser-->\r\n\r\n            \r\n                <article class=\"post-teaser\">\r\n\r\n                    <a href=\"https:\/\/visualjournalism.de\/en\/magazine\/sammeln\/die-architektur-des-datenhandels\/\" rel=\"permalink\">\r\n\r\n                        <div class=\"post-teaser__content\">\r\n\r\n                            <span class=\"entry-categories\">Sammeln<\/span>\r\n                            <h3 class=\"post-teaser__headline\">\r\n                                Die Architektur des Datenhandels                            <\/h3>\r\n\r\n                            <div class=\"post-teaser__excerpt\">\r\n                                <p>Kaum ein System bleibt so unsichtbar und wirkt zugleich so weitreichend wie der Handel mit Nutzerdaten. Was wir anklicken, suchen oder besuchen, wird zu Signalen in einem globalen Markt, der Menschen in Kategorien einordnet und Informationen gezielt verteilt.<\/p>\r\n                            <\/div>\r\n\r\n                        <\/div><!-- .post-teaser__content -->\r\n\r\n\r\n                        \r\n                            <figure class=\"post-teaser__image\">\r\n                                <img loading=\"lazy\" decoding=\"async\"  \r\n                                    src=\"https:\/\/visualjournalism.de\/wp-content\/uploads\/24_Geiersbach-Paul_Accept-All-768x512.jpg\" \r\n                                    srcset=\"https:\/\/visualjournalism.de\/wp-content\/uploads\/24_Geiersbach-Paul_Accept-All-768x512.jpg 768w, https:\/\/visualjournalism.de\/wp-content\/uploads\/24_Geiersbach-Paul_Accept-All-300x200.jpg 300w, https:\/\/visualjournalism.de\/wp-content\/uploads\/24_Geiersbach-Paul_Accept-All-1024x682.jpg 1024w, https:\/\/visualjournalism.de\/wp-content\/uploads\/24_Geiersbach-Paul_Accept-All-1536x1024.jpg 1536w, https:\/\/visualjournalism.de\/wp-content\/uploads\/24_Geiersbach-Paul_Accept-All-1920x1280.jpg 1920w, https:\/\/visualjournalism.de\/wp-content\/uploads\/24_Geiersbach-Paul_Accept-All-1400x933.jpg 1400w, https:\/\/visualjournalism.de\/wp-content\/uploads\/24_Geiersbach-Paul_Accept-All-1050x700.jpg 1050w, https:\/\/visualjournalism.de\/wp-content\/uploads\/24_Geiersbach-Paul_Accept-All-670x447.jpg 670w, https:\/\/visualjournalism.de\/wp-content\/uploads\/24_Geiersbach-Paul_Accept-All-420x280.jpg 420w, https:\/\/visualjournalism.de\/wp-content\/uploads\/24_Geiersbach-Paul_Accept-All-350x233.jpg 350w, https:\/\/visualjournalism.de\/wp-content\/uploads\/24_Geiersbach-Paul_Accept-All-150x100.jpg 150w, https:\/\/visualjournalism.de\/wp-content\/uploads\/24_Geiersbach-Paul_Accept-All.jpg 2000w\" \r\n                                    width=\"768\"  \r\n                                    height=\"512\" \r\n                                    alt=\"eine querformatige farbige Fotografie. Eine W\u00fcstenlandschaft ist von oben fotografiert, mit einem leichten Sanh\u00fcgel. Der Sandh\u00fcgel ist in der Mitte des Bildes eingebrochen.\"\r\n                                \/>\r\n                            <\/figure>\r\n\r\n                        \r\n                    \r\n                    <\/a>\r\n\r\n                <\/article><!--- .post-teaser-->\r\n\r\n            \r\n                <article class=\"post-teaser\">\r\n\r\n                    <a href=\"https:\/\/visualjournalism.de\/en\/magazine\/ratgeber\/organisieren-in-lightroom-classic\/\" rel=\"permalink\">\r\n\r\n                        <div class=\"post-teaser__content\">\r\n\r\n                            <span class=\"entry-categories\">Ratgeber<\/span>\r\n                            <h3 class=\"post-teaser__headline\">\r\n                                Organisieren in Lightroom Classic leicht gemacht.                            <\/h3>\r\n\r\n                            <div class=\"post-teaser__excerpt\">\r\n                                <p>Dieser Ratgeber zeigt dir einen einfachen Workflow, mit dem du deine Fotos schnell organisierst und gezielt ausw\u00e4hlen kannst!<\/p>\r\n                            <\/div>\r\n\r\n                        <\/div><!-- .post-teaser__content -->\r\n\r\n\r\n                        \r\n                            <figure class=\"post-teaser__image\">\r\n                                <img loading=\"lazy\" decoding=\"async\"  \r\n                                    src=\"https:\/\/visualjournalism.de\/wp-content\/uploads\/Janek_Stempel_Lightroom_2-768x512.jpg\" \r\n                                    srcset=\"https:\/\/visualjournalism.de\/wp-content\/uploads\/Janek_Stempel_Lightroom_2-768x512.jpg 768w, https:\/\/visualjournalism.de\/wp-content\/uploads\/Janek_Stempel_Lightroom_2-300x200.jpg 300w, https:\/\/visualjournalism.de\/wp-content\/uploads\/Janek_Stempel_Lightroom_2-1024x683.jpg 1024w, https:\/\/visualjournalism.de\/wp-content\/uploads\/Janek_Stempel_Lightroom_2-1536x1024.jpg 1536w, https:\/\/visualjournalism.de\/wp-content\/uploads\/Janek_Stempel_Lightroom_2-2048x1365.jpg 2048w, https:\/\/visualjournalism.de\/wp-content\/uploads\/Janek_Stempel_Lightroom_2-1920x1280.jpg 1920w, https:\/\/visualjournalism.de\/wp-content\/uploads\/Janek_Stempel_Lightroom_2-1400x933.jpg 1400w, https:\/\/visualjournalism.de\/wp-content\/uploads\/Janek_Stempel_Lightroom_2-1050x700.jpg 1050w, https:\/\/visualjournalism.de\/wp-content\/uploads\/Janek_Stempel_Lightroom_2-670x447.jpg 670w, https:\/\/visualjournalism.de\/wp-content\/uploads\/Janek_Stempel_Lightroom_2-420x280.jpg 420w, https:\/\/visualjournalism.de\/wp-content\/uploads\/Janek_Stempel_Lightroom_2-350x233.jpg 350w, https:\/\/visualjournalism.de\/wp-content\/uploads\/Janek_Stempel_Lightroom_2-150x100.jpg 150w\" \r\n                                    width=\"768\"  \r\n                                    height=\"512\" \r\n                                    alt=\"\"\r\n                                \/>\r\n                            <\/figure>\r\n\r\n                        \r\n                    \r\n                    <\/a>\r\n\r\n                <\/article><!--- .post-teaser-->\r\n\r\n            \r\n        <\/div><!-- .teaser-grid -->\r\n\r\n\n\n\r\n\r\n\r\n\n\n\n    <div class=\"btn-wrapper has-spacing--m\">\n        <a class=\"btn\" href=\"https:\/\/visualjournalism.de\/magazin\/\" target=\"_blank\">ZUR MAGAZIN-STARTSEITE<\/a>\n    <\/div>\n<\/div>\n","protected":false},"excerpt":{"rendered":"","protected":false},"author":53,"featured_media":0,"parent":0,"menu_order":0,"comment_status":"closed","ping_status":"closed","template":"","meta":{"_acf_changed":false,"footnotes":""},"class_list":["post-34375","page","type-page","status-publish","hentry"],"acf":[],"yoast_head":"<!-- This site is optimized with the Yoast SEO Premium plugin v27.3 (Yoast SEO v27.3) - https:\/\/yoast.com\/product\/yoast-seo-premium-wordpress\/ -->\n<title>Philip Jackwerth &#8211; Visual Journalism and Documentary Photography<\/title>\n<meta name=\"robots\" content=\"index, follow, max-snippet:-1, max-image-preview:large, max-video-preview:-1\" \/>\n<link rel=\"canonical\" href=\"https:\/\/visualjournalism.de\/en\/philip-jackwerth\/\" \/>\n<meta property=\"og:locale\" content=\"en_US\" \/>\n<meta property=\"og:type\" content=\"article\" \/>\n<meta property=\"og:title\" content=\"Philip Jackwerth\" \/>\n<meta property=\"og:url\" content=\"https:\/\/visualjournalism.de\/en\/philip-jackwerth\/\" \/>\n<meta property=\"og:site_name\" content=\"Visual Journalism and Documentary Photography\" \/>\n<meta property=\"article:publisher\" content=\"https:\/\/www.facebook.com\/people\/wwwfotostudentende\/100065173703897\/\" \/>\n<meta property=\"article:modified_time\" content=\"2024-05-27T14:55:30+00:00\" \/>\n<meta name=\"twitter:card\" content=\"summary_large_image\" \/>\n<meta name=\"twitter:site\" content=\"@HsHannover\" \/>\n<meta name=\"twitter:label1\" content=\"Est. reading time\" \/>\n\t<meta name=\"twitter:data1\" content=\"1 minute\" \/>\n<script type=\"application\/ld+json\" class=\"yoast-schema-graph\">{\"@context\":\"https:\\\/\\\/schema.org\",\"@graph\":[{\"@type\":\"WebPage\",\"@id\":\"https:\\\/\\\/visualjournalism.de\\\/en\\\/philip-jackwerth\\\/\",\"url\":\"https:\\\/\\\/visualjournalism.de\\\/en\\\/philip-jackwerth\\\/\",\"name\":\"Philip Jackwerth &#8211; Visual Journalism and Documentary Photography\",\"isPartOf\":{\"@id\":\"https:\\\/\\\/visualjournalism.de\\\/en\\\/#website\"},\"datePublished\":\"2024-01-26T15:18:15+00:00\",\"dateModified\":\"2024-05-27T14:55:30+00:00\",\"breadcrumb\":{\"@id\":\"https:\\\/\\\/visualjournalism.de\\\/en\\\/philip-jackwerth\\\/#breadcrumb\"},\"inLanguage\":\"en-US\",\"potentialAction\":[{\"@type\":\"ReadAction\",\"target\":[\"https:\\\/\\\/visualjournalism.de\\\/en\\\/philip-jackwerth\\\/\"]}]},{\"@type\":\"BreadcrumbList\",\"@id\":\"https:\\\/\\\/visualjournalism.de\\\/en\\\/philip-jackwerth\\\/#breadcrumb\",\"itemListElement\":[{\"@type\":\"ListItem\",\"position\":1,\"name\":\"Home\",\"item\":\"https:\\\/\\\/visualjournalism.de\\\/en\\\/\"},{\"@type\":\"ListItem\",\"position\":2,\"name\":\"Philip Jackwerth\"}]},{\"@type\":\"WebSite\",\"@id\":\"https:\\\/\\\/visualjournalism.de\\\/en\\\/#website\",\"url\":\"https:\\\/\\\/visualjournalism.de\\\/en\\\/\",\"name\":\"Visual Journalism and Documentary Photography\",\"description\":\"All about the bilingual bachelor&#039;s program at Hannover University of Applied Sciences and Arts.\",\"publisher\":{\"@id\":\"https:\\\/\\\/visualjournalism.de\\\/en\\\/#organization\"},\"alternateName\":\"visualjournalism.de\",\"potentialAction\":[{\"@type\":\"SearchAction\",\"target\":{\"@type\":\"EntryPoint\",\"urlTemplate\":\"https:\\\/\\\/visualjournalism.de\\\/en\\\/?s={search_term_string}\"},\"query-input\":{\"@type\":\"PropertyValueSpecification\",\"valueRequired\":true,\"valueName\":\"search_term_string\"}}],\"inLanguage\":\"en-US\"},{\"@type\":\"Organization\",\"@id\":\"https:\\\/\\\/visualjournalism.de\\\/en\\\/#organization\",\"name\":\"Hochschule Hannover \u2013 University of Applied Sciences and Arts\",\"alternateName\":\"HsH\",\"url\":\"https:\\\/\\\/visualjournalism.de\\\/en\\\/\",\"logo\":{\"@type\":\"ImageObject\",\"inLanguage\":\"en-US\",\"@id\":\"https:\\\/\\\/visualjournalism.de\\\/en\\\/#\\\/schema\\\/logo\\\/image\\\/\",\"url\":\"https:\\\/\\\/visualjournalism.de\\\/wp-content\\\/uploads\\\/logo-hochschule-hannover.png\",\"contentUrl\":\"https:\\\/\\\/visualjournalism.de\\\/wp-content\\\/uploads\\\/logo-hochschule-hannover.png\",\"width\":363,\"height\":270,\"caption\":\"Hochschule Hannover \u2013 University of Applied Sciences and Arts\"},\"image\":{\"@id\":\"https:\\\/\\\/visualjournalism.de\\\/en\\\/#\\\/schema\\\/logo\\\/image\\\/\"},\"sameAs\":[\"https:\\\/\\\/www.facebook.com\\\/people\\\/wwwfotostudentende\\\/100065173703897\\\/\",\"https:\\\/\\\/x.com\\\/HsHannover\",\"https:\\\/\\\/www.instagram.com\\\/visualjournalism.de\\\/\"]}]}<\/script>\n<!-- \/ Yoast SEO Premium plugin. -->","yoast_head_json":{"title":"Philip Jackwerth &#8211; Visual Journalism and Documentary Photography","robots":{"index":"index","follow":"follow","max-snippet":"max-snippet:-1","max-image-preview":"max-image-preview:large","max-video-preview":"max-video-preview:-1"},"canonical":"https:\/\/visualjournalism.de\/en\/philip-jackwerth\/","og_locale":"en_US","og_type":"article","og_title":"Philip Jackwerth","og_url":"https:\/\/visualjournalism.de\/en\/philip-jackwerth\/","og_site_name":"Visual Journalism and Documentary Photography","article_publisher":"https:\/\/www.facebook.com\/people\/wwwfotostudentende\/100065173703897\/","article_modified_time":"2024-05-27T14:55:30+00:00","twitter_card":"summary_large_image","twitter_site":"@HsHannover","twitter_misc":{"Est. reading time":"1 minute"},"schema":{"@context":"https:\/\/schema.org","@graph":[{"@type":"WebPage","@id":"https:\/\/visualjournalism.de\/en\/philip-jackwerth\/","url":"https:\/\/visualjournalism.de\/en\/philip-jackwerth\/","name":"Philip Jackwerth &#8211; Visual Journalism and Documentary Photography","isPartOf":{"@id":"https:\/\/visualjournalism.de\/en\/#website"},"datePublished":"2024-01-26T15:18:15+00:00","dateModified":"2024-05-27T14:55:30+00:00","breadcrumb":{"@id":"https:\/\/visualjournalism.de\/en\/philip-jackwerth\/#breadcrumb"},"inLanguage":"en-US","potentialAction":[{"@type":"ReadAction","target":["https:\/\/visualjournalism.de\/en\/philip-jackwerth\/"]}]},{"@type":"BreadcrumbList","@id":"https:\/\/visualjournalism.de\/en\/philip-jackwerth\/#breadcrumb","itemListElement":[{"@type":"ListItem","position":1,"name":"Home","item":"https:\/\/visualjournalism.de\/en\/"},{"@type":"ListItem","position":2,"name":"Philip Jackwerth"}]},{"@type":"WebSite","@id":"https:\/\/visualjournalism.de\/en\/#website","url":"https:\/\/visualjournalism.de\/en\/","name":"Visual Journalism and Documentary Photography","description":"All about the bilingual bachelor&#039;s program at Hannover University of Applied Sciences and Arts.","publisher":{"@id":"https:\/\/visualjournalism.de\/en\/#organization"},"alternateName":"visualjournalism.de","potentialAction":[{"@type":"SearchAction","target":{"@type":"EntryPoint","urlTemplate":"https:\/\/visualjournalism.de\/en\/?s={search_term_string}"},"query-input":{"@type":"PropertyValueSpecification","valueRequired":true,"valueName":"search_term_string"}}],"inLanguage":"en-US"},{"@type":"Organization","@id":"https:\/\/visualjournalism.de\/en\/#organization","name":"Hochschule Hannover \u2013 University of Applied Sciences and Arts","alternateName":"HsH","url":"https:\/\/visualjournalism.de\/en\/","logo":{"@type":"ImageObject","inLanguage":"en-US","@id":"https:\/\/visualjournalism.de\/en\/#\/schema\/logo\/image\/","url":"https:\/\/visualjournalism.de\/wp-content\/uploads\/logo-hochschule-hannover.png","contentUrl":"https:\/\/visualjournalism.de\/wp-content\/uploads\/logo-hochschule-hannover.png","width":363,"height":270,"caption":"Hochschule Hannover \u2013 University of Applied Sciences and Arts"},"image":{"@id":"https:\/\/visualjournalism.de\/en\/#\/schema\/logo\/image\/"},"sameAs":["https:\/\/www.facebook.com\/people\/wwwfotostudentende\/100065173703897\/","https:\/\/x.com\/HsHannover","https:\/\/www.instagram.com\/visualjournalism.de\/"]}]}},"_links":{"self":[{"href":"https:\/\/visualjournalism.de\/en\/wp-json\/wp\/v2\/pages\/34375","targetHints":{"allow":["GET"]}}],"collection":[{"href":"https:\/\/visualjournalism.de\/en\/wp-json\/wp\/v2\/pages"}],"about":[{"href":"https:\/\/visualjournalism.de\/en\/wp-json\/wp\/v2\/types\/page"}],"author":[{"embeddable":true,"href":"https:\/\/visualjournalism.de\/en\/wp-json\/wp\/v2\/users\/53"}],"replies":[{"embeddable":true,"href":"https:\/\/visualjournalism.de\/en\/wp-json\/wp\/v2\/comments?post=34375"}],"version-history":[{"count":0,"href":"https:\/\/visualjournalism.de\/en\/wp-json\/wp\/v2\/pages\/34375\/revisions"}],"wp:attachment":[{"href":"https:\/\/visualjournalism.de\/en\/wp-json\/wp\/v2\/media?parent=34375"}],"curies":[{"name":"wp","href":"https:\/\/api.w.org\/{rel}","templated":true}]}}