{"id":35017,"date":"2024-01-09T17:42:23","date_gmt":"2024-01-09T17:42:23","guid":{"rendered":"https:\/\/visualjournalism.de\/?page_id=35017"},"modified":"2026-03-20T13:39:43","modified_gmt":"2026-03-20T11:39:43","slug":"bahriye-tatli","status":"publish","type":"page","link":"https:\/\/visualjournalism.de\/en\/bahriye-tatli\/","title":{"rendered":"Bahriye Tatli"},"content":{"rendered":"\n \n\n    <div id=\"lead-in-block_26c329ed7b126ecb123c76e86169344a\" class=\"block-lead-in typo--soehne font-size--xl has-spacing--m width--default\">\n        <h1>Bahriye Tatli<\/h1>\n    <\/div>\n\n\n\n\n<div class=\"pinned-block has-spacing--m\">\n\t\n\n<div class=\"pinned-block__column--left\">\n    \n    <figure class=\"block-photo post__image--full has-spacing--m with-title\">\n\n        <div class=\"post__image__container\">\n            <img loading=\"lazy\" decoding=\"async\" \n                src=\"https:\/\/visualjournalism.de\/wp-content\/uploads\/BahriyeTatli.jpg\"\n                srcset=\"https:\/\/visualjournalism.de\/wp-content\/uploads\/BahriyeTatli.jpg 1366w, https:\/\/visualjournalism.de\/wp-content\/uploads\/BahriyeTatli-240x300.jpg 240w, https:\/\/visualjournalism.de\/wp-content\/uploads\/BahriyeTatli-819x1024.jpg 819w, https:\/\/visualjournalism.de\/wp-content\/uploads\/BahriyeTatli-768x960.jpg 768w, https:\/\/visualjournalism.de\/wp-content\/uploads\/BahriyeTatli-1229x1536.jpg 1229w, https:\/\/visualjournalism.de\/wp-content\/uploads\/BahriyeTatli-1050x1312.jpg 1050w, https:\/\/visualjournalism.de\/wp-content\/uploads\/BahriyeTatli-670x837.jpg 670w, https:\/\/visualjournalism.de\/wp-content\/uploads\/BahriyeTatli-420x525.jpg 420w, https:\/\/visualjournalism.de\/wp-content\/uploads\/BahriyeTatli-350x437.jpg 350w, https:\/\/visualjournalism.de\/wp-content\/uploads\/BahriyeTatli-300x375.jpg 300w, https:\/\/visualjournalism.de\/wp-content\/uploads\/BahriyeTatli-150x187.jpg 150w\"\n                width=\"1366\" \n                height=\"1707\"\n                alt=\"\" \n            \/>\n            \n                            <span class=\"post__image__title\">Foto: Pha Croissant<\/span>\n                    <\/div><!-- post__image__container -->\n\n        \n    <\/figure><!-- post__image -->\n\n\n\n<\/div>\n\n\n<div class=\"pinned-block__column--right\">\n    \n\n<p class=\"post__paragraph is-style-typo--soehne has-spacing--default\"><strong>Bahriye Tatli<\/strong> wurde 2001 in Hannover geboren und befasst sich in ihrer Arbeit mit Menschen, Identit\u00e4t und den Problemen, die damit einhergehen, wenn man als Teil einer Minderheit in einer Mehrheitsgesellschaft lebt und aufw\u00e4chst. Gemeinsam mit Tosha Rana Hausmann gr\u00fcndeten sie 2022 ihr eigenes unabh\u00e4ngiges k\u00fcnstlerisches Kollektiv, das den Namen \u00abfremdzuhause\u00bb tr\u00e4gt.&nbsp;&nbsp;Seitdem haben sie an ihrer ersten Ausgabe eines Printmagazins gearbeitet, das im Oktober 2022 erschien, und sich daf\u00fcr einsetzt, Identifikationsfiguren und Sichtbarkeit f\u00fcr Menschen zu schaffen, die sich sonst nicht repr\u00e4sentiert f\u00fchlen.&nbsp;Seit 2022 studiert sie Visual Journalism and Documentary Photography an der Hochschule Hannover.<br>Seit 2023 ist sie Stipendiatin der Friedrich Ebert Stiftung.<\/p>\n\n\n\n<p class=\"post__paragraph is-style-typo--soehne has-spacing--default\"><strong>Kontakt:<\/strong><br>Instagram: @bahriyetatli__&nbsp;<br>bahriye.tatli@outlook.de<\/p>\n\n\n<\/div>\n<\/div>\n\n\n<div class=\"devider has-spacing--none\">\n    <hr>\n<\/div>\n\n\n \n\n    <div id=\"lead-in-block_f13df6f6d6dab1651f81d4505988b9ee\" class=\"block-lead-in typo--default font-size--default has-spacing--xs width--default\">\n        <h2>Bahriyes Beitr\u00e4ge:<\/h2>\n    <\/div>\n\n\n\n\r\n<article class=\"post-teaser teaser-single--full has-spacing--m post-62134 magazin type-magazin status-publish has-post-thumbnail hentry tag-fotostrecke tag-fototechnik tag-ratgeber magazinkategorie-ratgeber\">\r\n\t<header class=\"entry-header\">\r\n\r\n\t\t<div class=\"entry-categories\">\n\t<a class=\"post__tag\" href=\"https:\/\/visualjournalism.de\/magazin-kategorie\/ratgeber\/\" rel=\"category tag\">Ratgeber<\/a><\/div>\r\n\t\t<a href=\"https:\/\/visualjournalism.de\/en\/magazine\/ratgeber\/polaroid-emulsion-grosse-kunst-mit-wenig-aufwand\/\" rel=\"bookmark\">\r\n\t\t\t<h2 class=\"entry-title\">Polaroid Emulsion Lift: Anleitung f\u00fcr kleine Kunstwerke mit wenig Aufwand.<\/h2>\r\n\t\t\t<p class=\"entry-excerpt\">Langweilen dich deine Bilder? Mit der Emulsion-Lift-Technik verwandelst du Polaroids mit wenig Aufwand in kleine, einzigartige Kunstwerke. Schritt f\u00fcr Schritt erkl\u00e4rt.<\/p>\r\n\t\t<\/a>\r\n\r\n\t<\/header><!-- .entry-header -->\r\n\r\n\t<figure class=\"post__image\">\r\n\t\t<a href=\"https:\/\/visualjournalism.de\/en\/magazine\/ratgeber\/polaroid-emulsion-grosse-kunst-mit-wenig-aufwand\/\" rel=\"bookmark\">\r\n\t\t\t<img loading=\"lazy\" decoding=\"async\" width=\"1400\" height=\"1400\" src=\"https:\/\/visualjournalism.de\/wp-content\/uploads\/DSC5126-1400x1400.jpg\" class=\"attachment-photo-block--full size-photo-block--full\" alt=\"\" srcset=\"https:\/\/visualjournalism.de\/wp-content\/uploads\/DSC5126-1400x1400.jpg 1400w, https:\/\/visualjournalism.de\/wp-content\/uploads\/DSC5126-300x300.jpg 300w, https:\/\/visualjournalism.de\/wp-content\/uploads\/DSC5126-1024x1024.jpg 1024w, https:\/\/visualjournalism.de\/wp-content\/uploads\/DSC5126-150x150.jpg 150w, https:\/\/visualjournalism.de\/wp-content\/uploads\/DSC5126-768x768.jpg 768w, https:\/\/visualjournalism.de\/wp-content\/uploads\/DSC5126-1536x1536.jpg 1536w, https:\/\/visualjournalism.de\/wp-content\/uploads\/DSC5126-1050x1050.jpg 1050w, https:\/\/visualjournalism.de\/wp-content\/uploads\/DSC5126-670x670.jpg 670w, https:\/\/visualjournalism.de\/wp-content\/uploads\/DSC5126-420x420.jpg 420w, https:\/\/visualjournalism.de\/wp-content\/uploads\/DSC5126-350x350.jpg 350w, https:\/\/visualjournalism.de\/wp-content\/uploads\/DSC5126-52x52.jpg 52w, https:\/\/visualjournalism.de\/wp-content\/uploads\/DSC5126-68x68.jpg 68w, https:\/\/visualjournalism.de\/wp-content\/uploads\/DSC5126-96x96.jpg 96w, https:\/\/visualjournalism.de\/wp-content\/uploads\/DSC5126.jpg 1806w\" sizes=\"auto, (max-width: 1400px) 100vw, 1400px\" \/>\t\t<\/a>\r\n\t<\/figure><!-- .post__image -->\r\n\r\n<\/article>\r\n\n\n\n<div class=\"two-columns-teaser has-spacing--m\">\n\n    \r\n<article class=\"post-teaser post-46277 magazin type-magazin status-publish has-post-thumbnail hentry tag-fotostrecke tag-gender-feminismus tag-religion-spiritualitaet tag-video tag-wasser magazinkategorie-wasser\">\r\n\t<header class=\"entry-header\">\r\n\r\n\t\t<div class=\"entry-categories\">\n\t<a class=\"post__tag\" href=\"https:\/\/visualjournalism.de\/magazin-kategorie\/wasser\/\" rel=\"category tag\">Wasser<\/a><\/div>\r\n\t\t<a href=\"https:\/\/visualjournalism.de\/en\/magazine\/wasser\/die-last-der-blicke\/\" rel=\"bookmark\">\r\n\t\t\t<h2 class=\"entry-title\">Burkini im Schwimmbad: Die Last der Blicke.<\/h2>\r\n\t\t\t<p class=\"entry-excerpt\">Einfach nur schwimmen gehen \u2013 und doch st\u00e4ndig beobachtet werden. Unsere Autorin erz\u00e4hlt von Vorurteilen am Beckenrand.<\/p>\r\n\t\t<\/a>\r\n\r\n\t<\/header><!-- .entry-header -->\r\n\r\n\t<figure class=\"post__image\">\r\n\t\t<a href=\"https:\/\/visualjournalism.de\/en\/magazine\/wasser\/die-last-der-blicke\/\" rel=\"bookmark\">\r\n\t\t\t<img loading=\"lazy\" decoding=\"async\" width=\"670\" height=\"674\" src=\"https:\/\/visualjournalism.de\/wp-content\/uploads\/07_Tatli_Bahriye-Ausschnitt-670x674.jpg\" class=\"attachment-post-image--two-column size-post-image--two-column\" alt=\"\" srcset=\"https:\/\/visualjournalism.de\/wp-content\/uploads\/07_Tatli_Bahriye-Ausschnitt-670x674.jpg 670w, https:\/\/visualjournalism.de\/wp-content\/uploads\/07_Tatli_Bahriye-Ausschnitt-298x300.jpg 298w, https:\/\/visualjournalism.de\/wp-content\/uploads\/07_Tatli_Bahriye-Ausschnitt-1019x1024.jpg 1019w, https:\/\/visualjournalism.de\/wp-content\/uploads\/07_Tatli_Bahriye-Ausschnitt-150x150.jpg 150w, https:\/\/visualjournalism.de\/wp-content\/uploads\/07_Tatli_Bahriye-Ausschnitt-768x772.jpg 768w, https:\/\/visualjournalism.de\/wp-content\/uploads\/07_Tatli_Bahriye-Ausschnitt-1528x1536.jpg 1528w, https:\/\/visualjournalism.de\/wp-content\/uploads\/07_Tatli_Bahriye-Ausschnitt-2037x2048.jpg 2037w, https:\/\/visualjournalism.de\/wp-content\/uploads\/07_Tatli_Bahriye-Ausschnitt-1920x1930.jpg 1920w, https:\/\/visualjournalism.de\/wp-content\/uploads\/07_Tatli_Bahriye-Ausschnitt-1400x1408.jpg 1400w, https:\/\/visualjournalism.de\/wp-content\/uploads\/07_Tatli_Bahriye-Ausschnitt-1050x1056.jpg 1050w, https:\/\/visualjournalism.de\/wp-content\/uploads\/07_Tatli_Bahriye-Ausschnitt-420x422.jpg 420w, https:\/\/visualjournalism.de\/wp-content\/uploads\/07_Tatli_Bahriye-Ausschnitt-350x352.jpg 350w, https:\/\/visualjournalism.de\/wp-content\/uploads\/07_Tatli_Bahriye-Ausschnitt-300x302.jpg 300w, https:\/\/visualjournalism.de\/wp-content\/uploads\/07_Tatli_Bahriye-Ausschnitt-52x52.jpg 52w, https:\/\/visualjournalism.de\/wp-content\/uploads\/07_Tatli_Bahriye-Ausschnitt-68x68.jpg 68w\" sizes=\"auto, (max-width: 670px) 100vw, 670px\" \/>\t\t<\/a>\r\n\t<\/figure><!-- .post__image -->\r\n\r\n<\/article>\r\n\r\n<article class=\"post-teaser post-62466 magazin type-magazin status-publish has-post-thumbnail hentry tag-fotostrecke tag-tod-trauer magazinkategorie-sammeln\">\r\n\t<header class=\"entry-header\">\r\n\r\n\t\t<div class=\"entry-categories\">\n\t<a class=\"post__tag\" href=\"https:\/\/visualjournalism.de\/magazin-kategorie\/sammeln\/\" rel=\"category tag\">Sammeln<\/a><\/div>\r\n\t\t<a href=\"https:\/\/visualjournalism.de\/en\/magazine\/sammeln\/inszenierte-endlichkeit\/\" rel=\"bookmark\">\r\n\t\t\t<h2 class=\"entry-title\">Inszenierte Endlichkeit: Zwei Fotografinnen im Sarg.<\/h2>\r\n\t\t\t<p class=\"entry-excerpt\">Zwei Fotografinnen legen sich in einen Sarg und fotografieren sich gegenseitig. Was nach Tabubruch klingt, ist eine Auseinandersetzung mit Kommerz, Ritualen \u2013 und der Frage: Darf man das?<\/p>\r\n\t\t<\/a>\r\n\r\n\t<\/header><!-- .entry-header -->\r\n\r\n\t<figure class=\"post__image\">\r\n\t\t<a href=\"https:\/\/visualjournalism.de\/en\/magazine\/sammeln\/inszenierte-endlichkeit\/\" rel=\"bookmark\">\r\n\t\t\t<img loading=\"lazy\" decoding=\"async\" width=\"670\" height=\"670\" src=\"https:\/\/visualjournalism.de\/wp-content\/uploads\/Clara-Schoettke_Antonia-Teichert_Sammeln_10-670x670.jpg\" class=\"attachment-post-image--two-column size-post-image--two-column\" alt=\"\" srcset=\"https:\/\/visualjournalism.de\/wp-content\/uploads\/Clara-Schoettke_Antonia-Teichert_Sammeln_10-670x670.jpg 670w, https:\/\/visualjournalism.de\/wp-content\/uploads\/Clara-Schoettke_Antonia-Teichert_Sammeln_10-300x300.jpg 300w, https:\/\/visualjournalism.de\/wp-content\/uploads\/Clara-Schoettke_Antonia-Teichert_Sammeln_10-1024x1024.jpg 1024w, https:\/\/visualjournalism.de\/wp-content\/uploads\/Clara-Schoettke_Antonia-Teichert_Sammeln_10-150x150.jpg 150w, https:\/\/visualjournalism.de\/wp-content\/uploads\/Clara-Schoettke_Antonia-Teichert_Sammeln_10-768x768.jpg 768w, https:\/\/visualjournalism.de\/wp-content\/uploads\/Clara-Schoettke_Antonia-Teichert_Sammeln_10-1536x1536.jpg 1536w, https:\/\/visualjournalism.de\/wp-content\/uploads\/Clara-Schoettke_Antonia-Teichert_Sammeln_10-2048x2048.jpg 2048w, https:\/\/visualjournalism.de\/wp-content\/uploads\/Clara-Schoettke_Antonia-Teichert_Sammeln_10-1920x1920.jpg 1920w, https:\/\/visualjournalism.de\/wp-content\/uploads\/Clara-Schoettke_Antonia-Teichert_Sammeln_10-1400x1400.jpg 1400w, https:\/\/visualjournalism.de\/wp-content\/uploads\/Clara-Schoettke_Antonia-Teichert_Sammeln_10-1050x1050.jpg 1050w, https:\/\/visualjournalism.de\/wp-content\/uploads\/Clara-Schoettke_Antonia-Teichert_Sammeln_10-420x420.jpg 420w, https:\/\/visualjournalism.de\/wp-content\/uploads\/Clara-Schoettke_Antonia-Teichert_Sammeln_10-350x350.jpg 350w, https:\/\/visualjournalism.de\/wp-content\/uploads\/Clara-Schoettke_Antonia-Teichert_Sammeln_10-52x52.jpg 52w, https:\/\/visualjournalism.de\/wp-content\/uploads\/Clara-Schoettke_Antonia-Teichert_Sammeln_10-68x68.jpg 68w, https:\/\/visualjournalism.de\/wp-content\/uploads\/Clara-Schoettke_Antonia-Teichert_Sammeln_10-96x96.jpg 96w\" sizes=\"auto, (max-width: 670px) 100vw, 670px\" \/>\t\t<\/a>\r\n\t<\/figure><!-- .post__image -->\r\n\r\n<\/article>\r\n\n<\/div><!-- .2-columns-teaser-->\n\n    \n\n\n<div class=\"wp-block-group has-spacing--default has-spacing--default\">\n<div class=\"devider has-spacing--none\">\n    <hr>\n<\/div>\n\n\n \n\n    <div id=\"lead-in-block_c538e80bbc1cf153d2165ef845c46bb8\" class=\"block-lead-in typo--default font-size--xl has-spacing--s width--default\">\n        <p><strong>Empfehlungen der Redaktion:<\/strong><\/p>\n    <\/div>\n\n\n\n\r\n\r\n\r\n\n\n\r\n\r\n\r\n\r\n        <div class=\"teaser-grid grid-layout--3col has-spacing--s width--inline\">\r\n\r\n            \r\n                <article class=\"post-teaser\">\r\n\r\n                    <a href=\"https:\/\/visualjournalism.de\/en\/magazine\/sammeln\/bibliothek-der-geretteten-buecher\/\" rel=\"permalink\">\r\n\r\n                        <div class=\"post-teaser__content\">\r\n\r\n                            <span class=\"entry-categories\">Sammeln<\/span>\r\n                            <h3 class=\"post-teaser__headline\">\r\n                                Die Bibliothek der geretteten DDR-B\u00fccher                            <\/h3>\r\n\r\n                            <div class=\"post-teaser__excerpt\">\r\n                                <p>Wie ein nieders\u00e4chsischer Pfarrer Tausende DDR-B\u00fccher vor der Vernichtung rettete \u2013 und warum eines davon der Raumfahrtforschung eine entscheidende Spur lieferte.<\/p>\r\n                            <\/div>\r\n\r\n                        <\/div><!-- .post-teaser__content -->\r\n\r\n\r\n                        \r\n                            <figure class=\"post-teaser__image\">\r\n                                <img loading=\"lazy\" decoding=\"async\"  \r\n                                    src=\"https:\/\/visualjournalism.de\/wp-content\/uploads\/MuellerVahl_Thomas_Sammeln-04-768x511.jpg\" \r\n                                    srcset=\"https:\/\/visualjournalism.de\/wp-content\/uploads\/MuellerVahl_Thomas_Sammeln-04-768x511.jpg 768w, https:\/\/visualjournalism.de\/wp-content\/uploads\/MuellerVahl_Thomas_Sammeln-04-300x200.jpg 300w, https:\/\/visualjournalism.de\/wp-content\/uploads\/MuellerVahl_Thomas_Sammeln-04-1024x681.jpg 1024w, https:\/\/visualjournalism.de\/wp-content\/uploads\/MuellerVahl_Thomas_Sammeln-04-1536x1022.jpg 1536w, https:\/\/visualjournalism.de\/wp-content\/uploads\/MuellerVahl_Thomas_Sammeln-04-2048x1363.jpg 2048w, https:\/\/visualjournalism.de\/wp-content\/uploads\/MuellerVahl_Thomas_Sammeln-04-1920x1277.jpg 1920w, https:\/\/visualjournalism.de\/wp-content\/uploads\/MuellerVahl_Thomas_Sammeln-04-1400x931.jpg 1400w, https:\/\/visualjournalism.de\/wp-content\/uploads\/MuellerVahl_Thomas_Sammeln-04-1050x699.jpg 1050w, https:\/\/visualjournalism.de\/wp-content\/uploads\/MuellerVahl_Thomas_Sammeln-04-670x446.jpg 670w, https:\/\/visualjournalism.de\/wp-content\/uploads\/MuellerVahl_Thomas_Sammeln-04-420x279.jpg 420w, https:\/\/visualjournalism.de\/wp-content\/uploads\/MuellerVahl_Thomas_Sammeln-04-350x233.jpg 350w, https:\/\/visualjournalism.de\/wp-content\/uploads\/MuellerVahl_Thomas_Sammeln-04-150x100.jpg 150w\" \r\n                                    width=\"768\"  \r\n                                    height=\"511\" \r\n                                    alt=\"\"\r\n                                \/>\r\n                            <\/figure>\r\n\r\n                        \r\n                    \r\n                    <\/a>\r\n\r\n                <\/article><!--- .post-teaser-->\r\n\r\n            \r\n                <article class=\"post-teaser\">\r\n\r\n                    <a href=\"https:\/\/visualjournalism.de\/en\/magazine\/sammeln\/playmobil-sammler-das-imperium-der-klick-figuren\/\" rel=\"permalink\">\r\n\r\n                        <div class=\"post-teaser__content\">\r\n\r\n                            <span class=\"entry-categories\">Sammeln<\/span>\r\n                            <h3 class=\"post-teaser__headline\">\r\n                                Die gr\u00f6\u00dfte Playmobil-Sammlung der Welt: 400.000 Klick-Figuren                            <\/h3>\r\n\r\n                            <div class=\"post-teaser__excerpt\">\r\n                                <p>Alles begann im Kinderzimmer \u2013 heute besitzt Oliver Schaffer mit \u00fcber 400.000 Figuren die gr\u00f6\u00dfte Playmobil-Sammlung der Welt. Ein Besuch im Hochregallager.<\/p>\r\n                            <\/div>\r\n\r\n                        <\/div><!-- .post-teaser__content -->\r\n\r\n\r\n                        \r\n                            <figure class=\"post-teaser__image\">\r\n                                <img loading=\"lazy\" decoding=\"async\"  \r\n                                    src=\"https:\/\/visualjournalism.de\/wp-content\/uploads\/20241212_FR87726-Playmobilbauer-\u00a9Felix-Kaspar-Rosic_4000px-768x614.jpg\" \r\n                                    srcset=\"https:\/\/visualjournalism.de\/wp-content\/uploads\/20241212_FR87726-Playmobilbauer-\u00a9Felix-Kaspar-Rosic_4000px-768x614.jpg 768w, https:\/\/visualjournalism.de\/wp-content\/uploads\/20241212_FR87726-Playmobilbauer-\u00a9Felix-Kaspar-Rosic_4000px-300x240.jpg 300w, https:\/\/visualjournalism.de\/wp-content\/uploads\/20241212_FR87726-Playmobilbauer-\u00a9Felix-Kaspar-Rosic_4000px-1024x819.jpg 1024w, https:\/\/visualjournalism.de\/wp-content\/uploads\/20241212_FR87726-Playmobilbauer-\u00a9Felix-Kaspar-Rosic_4000px-1536x1229.jpg 1536w, https:\/\/visualjournalism.de\/wp-content\/uploads\/20241212_FR87726-Playmobilbauer-\u00a9Felix-Kaspar-Rosic_4000px-1920x1536.jpg 1920w, https:\/\/visualjournalism.de\/wp-content\/uploads\/20241212_FR87726-Playmobilbauer-\u00a9Felix-Kaspar-Rosic_4000px-1400x1120.jpg 1400w, https:\/\/visualjournalism.de\/wp-content\/uploads\/20241212_FR87726-Playmobilbauer-\u00a9Felix-Kaspar-Rosic_4000px-1050x840.jpg 1050w, https:\/\/visualjournalism.de\/wp-content\/uploads\/20241212_FR87726-Playmobilbauer-\u00a9Felix-Kaspar-Rosic_4000px-670x536.jpg 670w, https:\/\/visualjournalism.de\/wp-content\/uploads\/20241212_FR87726-Playmobilbauer-\u00a9Felix-Kaspar-Rosic_4000px-420x336.jpg 420w, https:\/\/visualjournalism.de\/wp-content\/uploads\/20241212_FR87726-Playmobilbauer-\u00a9Felix-Kaspar-Rosic_4000px-350x280.jpg 350w, https:\/\/visualjournalism.de\/wp-content\/uploads\/20241212_FR87726-Playmobilbauer-\u00a9Felix-Kaspar-Rosic_4000px-150x120.jpg 150w, https:\/\/visualjournalism.de\/wp-content\/uploads\/20241212_FR87726-Playmobilbauer-\u00a9Felix-Kaspar-Rosic_4000px.jpg 2000w\" \r\n                                    width=\"768\"  \r\n                                    height=\"614\" \r\n                                    alt=\"\"\r\n                                \/>\r\n                            <\/figure>\r\n\r\n                        \r\n                    \r\n                    <\/a>\r\n\r\n                <\/article><!--- .post-teaser-->\r\n\r\n            \r\n                <article class=\"post-teaser\">\r\n\r\n                    <a href=\"https:\/\/visualjournalism.de\/en\/magazine\/ratgeber\/grossformatfotografie-wer-tut-sich-das-noch-an\/\" rel=\"permalink\">\r\n\r\n                        <div class=\"post-teaser__content\">\r\n\r\n                            <span class=\"entry-categories\">Ratgeber<\/span>\r\n                            <h3 class=\"post-teaser__headline\">\r\n                                Analoge Gro\u00dfformatfotografie: Warum ich die schwerste Kamera der Welt liebe.                            <\/h3>\r\n\r\n                            <div class=\"post-teaser__excerpt\">\r\n                                <p>Warum schleppe ich freiwillig eine Kamera durch die Welt, die so schwer ist wie ein Sack Zement? In diesem Erfahrungsbericht erf\u00e4hrst du, was analoge Gro\u00dfformatfotografie heute noch so besonders macht.<\/p>\r\n                            <\/div>\r\n\r\n                        <\/div><!-- .post-teaser__content -->\r\n\r\n\r\n                        \r\n                            <figure class=\"post-teaser__image\">\r\n                                <img loading=\"lazy\" decoding=\"async\"  \r\n                                    src=\"https:\/\/visualjournalism.de\/wp-content\/uploads\/Ludwig-Nikulski-MathildaTheo-768x960.jpg\" \r\n                                    srcset=\"https:\/\/visualjournalism.de\/wp-content\/uploads\/Ludwig-Nikulski-MathildaTheo-768x960.jpg 768w, https:\/\/visualjournalism.de\/wp-content\/uploads\/Ludwig-Nikulski-MathildaTheo-240x300.jpg 240w, https:\/\/visualjournalism.de\/wp-content\/uploads\/Ludwig-Nikulski-MathildaTheo-819x1024.jpg 819w, https:\/\/visualjournalism.de\/wp-content\/uploads\/Ludwig-Nikulski-MathildaTheo-1050x1313.jpg 1050w, https:\/\/visualjournalism.de\/wp-content\/uploads\/Ludwig-Nikulski-MathildaTheo-670x838.jpg 670w, https:\/\/visualjournalism.de\/wp-content\/uploads\/Ludwig-Nikulski-MathildaTheo-420x525.jpg 420w, https:\/\/visualjournalism.de\/wp-content\/uploads\/Ludwig-Nikulski-MathildaTheo-350x438.jpg 350w, https:\/\/visualjournalism.de\/wp-content\/uploads\/Ludwig-Nikulski-MathildaTheo-300x375.jpg 300w, https:\/\/visualjournalism.de\/wp-content\/uploads\/Ludwig-Nikulski-MathildaTheo-150x188.jpg 150w, https:\/\/visualjournalism.de\/wp-content\/uploads\/Ludwig-Nikulski-MathildaTheo.jpg 1200w\" \r\n                                    width=\"768\"  \r\n                                    height=\"960\" \r\n                                    alt=\"\"\r\n                                \/>\r\n                            <\/figure>\r\n\r\n                        \r\n                    \r\n                    <\/a>\r\n\r\n                <\/article><!--- .post-teaser-->\r\n\r\n            \r\n        <\/div><!-- .teaser-grid -->\r\n\r\n\n\n\r\n\r\n\r\n\n\n\n    <div class=\"btn-wrapper has-spacing--m\">\n        <a class=\"btn\" href=\"https:\/\/visualjournalism.de\/magazin\/\" target=\"_blank\">ZUR MAGAZIN-STARTSEITE<\/a>\n    <\/div>\n<\/div>\n","protected":false},"excerpt":{"rendered":"","protected":false},"author":8,"featured_media":58535,"parent":0,"menu_order":0,"comment_status":"closed","ping_status":"closed","template":"","meta":{"_acf_changed":false,"footnotes":""},"class_list":["post-35017","page","type-page","status-publish","has-post-thumbnail","hentry"],"acf":[],"yoast_head":"<!-- This site is optimized with the Yoast SEO Premium plugin v27.7 (Yoast SEO v27.7) - https:\/\/yoast.com\/product\/yoast-seo-premium-wordpress\/ -->\n<title>Bahriye Tatli &#8211; Visual Journalism and Documentary Photography<\/title>\n<meta name=\"robots\" content=\"index, follow, max-snippet:-1, max-image-preview:large, max-video-preview:-1\" \/>\n<link rel=\"canonical\" href=\"https:\/\/visualjournalism.de\/en\/bahriye-tatli\/\" \/>\n<meta property=\"og:locale\" content=\"en_US\" \/>\n<meta property=\"og:type\" content=\"article\" \/>\n<meta property=\"og:title\" content=\"Bahriye Tatli\" \/>\n<meta property=\"og:url\" content=\"https:\/\/visualjournalism.de\/en\/bahriye-tatli\/\" \/>\n<meta property=\"og:site_name\" content=\"Visual Journalism and Documentary Photography\" \/>\n<meta property=\"article:publisher\" content=\"https:\/\/www.facebook.com\/people\/wwwfotostudentende\/100065173703897\/\" \/>\n<meta property=\"article:modified_time\" content=\"2026-03-20T11:39:43+00:00\" \/>\n<meta property=\"og:image\" content=\"https:\/\/visualjournalism.de\/wp-content\/uploads\/BahriyeTatli.jpg\" \/>\n\t<meta property=\"og:image:width\" content=\"1366\" \/>\n\t<meta property=\"og:image:height\" content=\"1707\" \/>\n\t<meta property=\"og:image:type\" content=\"image\/jpeg\" \/>\n<meta name=\"twitter:card\" content=\"summary_large_image\" \/>\n<meta name=\"twitter:site\" content=\"@HsHannover\" \/>\n<meta name=\"twitter:label1\" content=\"Est. reading time\" \/>\n\t<meta name=\"twitter:data1\" content=\"1 minute\" \/>\n<script type=\"application\/ld+json\" class=\"yoast-schema-graph\">{\"@context\":\"https:\\\/\\\/schema.org\",\"@graph\":[{\"@type\":\"WebPage\",\"@id\":\"https:\\\/\\\/visualjournalism.de\\\/en\\\/bahriye-tatli\\\/\",\"url\":\"https:\\\/\\\/visualjournalism.de\\\/en\\\/bahriye-tatli\\\/\",\"name\":\"Bahriye Tatli &#8211; Visual Journalism and Documentary Photography\",\"isPartOf\":{\"@id\":\"https:\\\/\\\/visualjournalism.de\\\/en\\\/#website\"},\"primaryImageOfPage\":{\"@id\":\"https:\\\/\\\/visualjournalism.de\\\/en\\\/bahriye-tatli\\\/#primaryimage\"},\"image\":{\"@id\":\"https:\\\/\\\/visualjournalism.de\\\/en\\\/bahriye-tatli\\\/#primaryimage\"},\"thumbnailUrl\":\"https:\\\/\\\/visualjournalism.de\\\/wp-content\\\/uploads\\\/BahriyeTatli.jpg\",\"datePublished\":\"2024-01-09T17:42:23+00:00\",\"dateModified\":\"2026-03-20T11:39:43+00:00\",\"breadcrumb\":{\"@id\":\"https:\\\/\\\/visualjournalism.de\\\/en\\\/bahriye-tatli\\\/#breadcrumb\"},\"inLanguage\":\"en-US\",\"potentialAction\":[{\"@type\":\"ReadAction\",\"target\":[\"https:\\\/\\\/visualjournalism.de\\\/en\\\/bahriye-tatli\\\/\"]}]},{\"@type\":\"ImageObject\",\"inLanguage\":\"en-US\",\"@id\":\"https:\\\/\\\/visualjournalism.de\\\/en\\\/bahriye-tatli\\\/#primaryimage\",\"url\":\"https:\\\/\\\/visualjournalism.de\\\/wp-content\\\/uploads\\\/BahriyeTatli.jpg\",\"contentUrl\":\"https:\\\/\\\/visualjournalism.de\\\/wp-content\\\/uploads\\\/BahriyeTatli.jpg\",\"width\":1366,\"height\":1707,\"caption\":\"Foto: Pha Croissant\"},{\"@type\":\"BreadcrumbList\",\"@id\":\"https:\\\/\\\/visualjournalism.de\\\/en\\\/bahriye-tatli\\\/#breadcrumb\",\"itemListElement\":[{\"@type\":\"ListItem\",\"position\":1,\"name\":\"Home\",\"item\":\"https:\\\/\\\/visualjournalism.de\\\/en\\\/\"},{\"@type\":\"ListItem\",\"position\":2,\"name\":\"Bahriye Tatli\"}]},{\"@type\":\"WebSite\",\"@id\":\"https:\\\/\\\/visualjournalism.de\\\/en\\\/#website\",\"url\":\"https:\\\/\\\/visualjournalism.de\\\/en\\\/\",\"name\":\"Visual Journalism and Documentary Photography\",\"description\":\"All about the bilingual bachelor&#039;s program at Hannover University of Applied Sciences and Arts.\",\"publisher\":{\"@id\":\"https:\\\/\\\/visualjournalism.de\\\/en\\\/#organization\"},\"alternateName\":\"visualjournalism.de\",\"potentialAction\":[{\"@type\":\"SearchAction\",\"target\":{\"@type\":\"EntryPoint\",\"urlTemplate\":\"https:\\\/\\\/visualjournalism.de\\\/en\\\/?s={search_term_string}\"},\"query-input\":{\"@type\":\"PropertyValueSpecification\",\"valueRequired\":true,\"valueName\":\"search_term_string\"}}],\"inLanguage\":\"en-US\"},{\"@type\":\"Organization\",\"@id\":\"https:\\\/\\\/visualjournalism.de\\\/en\\\/#organization\",\"name\":\"Hochschule Hannover \u2013 University of Applied Sciences and Arts\",\"alternateName\":\"HsH\",\"url\":\"https:\\\/\\\/visualjournalism.de\\\/en\\\/\",\"logo\":{\"@type\":\"ImageObject\",\"inLanguage\":\"en-US\",\"@id\":\"https:\\\/\\\/visualjournalism.de\\\/en\\\/#\\\/schema\\\/logo\\\/image\\\/\",\"url\":\"https:\\\/\\\/visualjournalism.de\\\/wp-content\\\/uploads\\\/logo-hochschule-hannover.png\",\"contentUrl\":\"https:\\\/\\\/visualjournalism.de\\\/wp-content\\\/uploads\\\/logo-hochschule-hannover.png\",\"width\":363,\"height\":270,\"caption\":\"Hochschule Hannover \u2013 University of Applied Sciences and Arts\"},\"image\":{\"@id\":\"https:\\\/\\\/visualjournalism.de\\\/en\\\/#\\\/schema\\\/logo\\\/image\\\/\"},\"sameAs\":[\"https:\\\/\\\/www.facebook.com\\\/people\\\/wwwfotostudentende\\\/100065173703897\\\/\",\"https:\\\/\\\/x.com\\\/HsHannover\",\"https:\\\/\\\/www.instagram.com\\\/visualjournalism.de\\\/\"]}]}<\/script>\n<!-- \/ Yoast SEO Premium plugin. -->","yoast_head_json":{"title":"Bahriye Tatli &#8211; Visual Journalism and Documentary Photography","robots":{"index":"index","follow":"follow","max-snippet":"max-snippet:-1","max-image-preview":"max-image-preview:large","max-video-preview":"max-video-preview:-1"},"canonical":"https:\/\/visualjournalism.de\/en\/bahriye-tatli\/","og_locale":"en_US","og_type":"article","og_title":"Bahriye Tatli","og_url":"https:\/\/visualjournalism.de\/en\/bahriye-tatli\/","og_site_name":"Visual Journalism and Documentary Photography","article_publisher":"https:\/\/www.facebook.com\/people\/wwwfotostudentende\/100065173703897\/","article_modified_time":"2026-03-20T11:39:43+00:00","og_image":[{"width":1366,"height":1707,"url":"https:\/\/visualjournalism.de\/wp-content\/uploads\/BahriyeTatli.jpg","type":"image\/jpeg"}],"twitter_card":"summary_large_image","twitter_site":"@HsHannover","twitter_misc":{"Est. reading time":"1 minute"},"schema":{"@context":"https:\/\/schema.org","@graph":[{"@type":"WebPage","@id":"https:\/\/visualjournalism.de\/en\/bahriye-tatli\/","url":"https:\/\/visualjournalism.de\/en\/bahriye-tatli\/","name":"Bahriye Tatli &#8211; Visual Journalism and Documentary Photography","isPartOf":{"@id":"https:\/\/visualjournalism.de\/en\/#website"},"primaryImageOfPage":{"@id":"https:\/\/visualjournalism.de\/en\/bahriye-tatli\/#primaryimage"},"image":{"@id":"https:\/\/visualjournalism.de\/en\/bahriye-tatli\/#primaryimage"},"thumbnailUrl":"https:\/\/visualjournalism.de\/wp-content\/uploads\/BahriyeTatli.jpg","datePublished":"2024-01-09T17:42:23+00:00","dateModified":"2026-03-20T11:39:43+00:00","breadcrumb":{"@id":"https:\/\/visualjournalism.de\/en\/bahriye-tatli\/#breadcrumb"},"inLanguage":"en-US","potentialAction":[{"@type":"ReadAction","target":["https:\/\/visualjournalism.de\/en\/bahriye-tatli\/"]}]},{"@type":"ImageObject","inLanguage":"en-US","@id":"https:\/\/visualjournalism.de\/en\/bahriye-tatli\/#primaryimage","url":"https:\/\/visualjournalism.de\/wp-content\/uploads\/BahriyeTatli.jpg","contentUrl":"https:\/\/visualjournalism.de\/wp-content\/uploads\/BahriyeTatli.jpg","width":1366,"height":1707,"caption":"Foto: Pha Croissant"},{"@type":"BreadcrumbList","@id":"https:\/\/visualjournalism.de\/en\/bahriye-tatli\/#breadcrumb","itemListElement":[{"@type":"ListItem","position":1,"name":"Home","item":"https:\/\/visualjournalism.de\/en\/"},{"@type":"ListItem","position":2,"name":"Bahriye Tatli"}]},{"@type":"WebSite","@id":"https:\/\/visualjournalism.de\/en\/#website","url":"https:\/\/visualjournalism.de\/en\/","name":"Visual Journalism and Documentary Photography","description":"All about the bilingual bachelor&#039;s program at Hannover University of Applied Sciences and Arts.","publisher":{"@id":"https:\/\/visualjournalism.de\/en\/#organization"},"alternateName":"visualjournalism.de","potentialAction":[{"@type":"SearchAction","target":{"@type":"EntryPoint","urlTemplate":"https:\/\/visualjournalism.de\/en\/?s={search_term_string}"},"query-input":{"@type":"PropertyValueSpecification","valueRequired":true,"valueName":"search_term_string"}}],"inLanguage":"en-US"},{"@type":"Organization","@id":"https:\/\/visualjournalism.de\/en\/#organization","name":"Hochschule Hannover \u2013 University of Applied Sciences and Arts","alternateName":"HsH","url":"https:\/\/visualjournalism.de\/en\/","logo":{"@type":"ImageObject","inLanguage":"en-US","@id":"https:\/\/visualjournalism.de\/en\/#\/schema\/logo\/image\/","url":"https:\/\/visualjournalism.de\/wp-content\/uploads\/logo-hochschule-hannover.png","contentUrl":"https:\/\/visualjournalism.de\/wp-content\/uploads\/logo-hochschule-hannover.png","width":363,"height":270,"caption":"Hochschule Hannover \u2013 University of Applied Sciences and Arts"},"image":{"@id":"https:\/\/visualjournalism.de\/en\/#\/schema\/logo\/image\/"},"sameAs":["https:\/\/www.facebook.com\/people\/wwwfotostudentende\/100065173703897\/","https:\/\/x.com\/HsHannover","https:\/\/www.instagram.com\/visualjournalism.de\/"]}]}},"_links":{"self":[{"href":"https:\/\/visualjournalism.de\/en\/wp-json\/wp\/v2\/pages\/35017","targetHints":{"allow":["GET"]}}],"collection":[{"href":"https:\/\/visualjournalism.de\/en\/wp-json\/wp\/v2\/pages"}],"about":[{"href":"https:\/\/visualjournalism.de\/en\/wp-json\/wp\/v2\/types\/page"}],"author":[{"embeddable":true,"href":"https:\/\/visualjournalism.de\/en\/wp-json\/wp\/v2\/users\/8"}],"replies":[{"embeddable":true,"href":"https:\/\/visualjournalism.de\/en\/wp-json\/wp\/v2\/comments?post=35017"}],"version-history":[{"count":2,"href":"https:\/\/visualjournalism.de\/en\/wp-json\/wp\/v2\/pages\/35017\/revisions"}],"predecessor-version":[{"id":70266,"href":"https:\/\/visualjournalism.de\/en\/wp-json\/wp\/v2\/pages\/35017\/revisions\/70266"}],"wp:featuredmedia":[{"embeddable":true,"href":"https:\/\/visualjournalism.de\/en\/wp-json\/wp\/v2\/media\/58535"}],"wp:attachment":[{"href":"https:\/\/visualjournalism.de\/en\/wp-json\/wp\/v2\/media?parent=35017"}],"curies":[{"name":"wp","href":"https:\/\/api.w.org\/{rel}","templated":true}]}}