{"id":35326,"date":"2024-01-12T11:32:02","date_gmt":"2024-01-12T11:32:02","guid":{"rendered":"https:\/\/visualjournalism.de\/?page_id=35326"},"modified":"2024-10-06T10:30:17","modified_gmt":"2024-10-06T10:30:17","slug":"ann-christin-bertrand","status":"publish","type":"page","link":"https:\/\/visualjournalism.de\/en\/ann-christin-bertrand\/","title":{"rendered":"Ann-Christin Bertrand"},"content":{"rendered":"\n \n\n    <div id=\"lead-in-block_34e7a81232a2665ab95b7e03bb5590d5\" class=\"block-lead-in typo--soehne font-size--xl has-spacing--s width--full\">\n        <h1><strong>Ann-Christin Bertrand<\/strong><\/h1>\n    <\/div>\n\n\n\n\n<div class=\"pinned-block has-spacing--m\">\n\t\n\n<div class=\"pinned-block__column--left\">\n    \n    <figure class=\"block-photo post__image--full has-spacing--m no-title\">\n\n        <div class=\"post__image__container\">\n            <img loading=\"lazy\" decoding=\"async\" \n                src=\"https:\/\/visualjournalism.de\/wp-content\/uploads\/Ann-Christin-Bertrand.jpg\"\n                srcset=\"https:\/\/visualjournalism.de\/wp-content\/uploads\/Ann-Christin-Bertrand.jpg 640w, https:\/\/visualjournalism.de\/wp-content\/uploads\/Ann-Christin-Bertrand-300x200.jpg 300w, https:\/\/visualjournalism.de\/wp-content\/uploads\/Ann-Christin-Bertrand-420x280.jpg 420w, https:\/\/visualjournalism.de\/wp-content\/uploads\/Ann-Christin-Bertrand-350x234.jpg 350w, https:\/\/visualjournalism.de\/wp-content\/uploads\/Ann-Christin-Bertrand-150x100.jpg 150w\"\n                width=\"640\" \n                height=\"427\"\n                alt=\"\" \n            \/>\n            \n                    <\/div><!-- post__image__container -->\n\n        \n    <\/figure><!-- post__image -->\n\n\n\n<\/div>\n\n\n<div class=\"pinned-block__column--right\">\n    \n\n<p class=\"post__paragraph is-style-typo--soehne has-spacing--default\"><strong>Ann-Christin Bertrand<\/strong> ist Kuratorin bei C\/O Berlin und dort f\u00fcr junge, zeitgen\u00f6ssische Positionen sowie Fragen nach der Zukunft des Mediums Fotografie verantwortlich. Sie hat zahlreiche Ausstellungen kuratiert, unter anderem mit Peter Puklus, Viktoria Binschtok, Broomberg &amp; Chanarin und Torbj\u00f8rn R\u00f8dland, sowie Gruppenausstellungen, zuletzt WATCHED!&nbsp;<em>Surveillance Art &amp; Photography<\/em>, OPTICAL ILLUSIONS&nbsp;<em>\u2013 Contemporary Still Life Photography&nbsp;<\/em>und BACK TO THE FUTURE \u2013&nbsp;<em>The 19th Century in the 21th Century<\/em>. Bertrand h\u00e4lt regelm\u00e4\u00dfig Vortr\u00e4ge und Seminare, z. B. an der Aalto University of Arts &amp; Design Helsinki und der Hochschule f\u00fcr Kunst und Medien K\u00f6ln, und ist au\u00dferdem Guest Lecturer im Photography Master Programme \u201aAugmented Photography\u2018 an der ECAL Lausanne<em>,&nbsp;<\/em>Schweiz.<\/p>\n\n\n\n<p class=\"post__paragraph is-style-typo--soehne has-spacing--default\"><strong>Info<\/strong><br>Kuratorin<\/p>\n\n\n\n<p class=\"post__paragraph is-style-typo--soehne has-spacing--default\"><strong><a href=\"https:\/\/www.co-berlin.org\/\">Galerie C\/O Berlin<\/a><\/strong><\/p>\n\n\n\n<p class=\"post__paragraph is-style-typo--soehne has-spacing--default\"><a href=\"https:\/\/visualjournalism.de\/imagematters\/\"><strong>[IMAGE MATTERS]<br><\/strong><\/a>Autorin<\/p>\n\n\n<\/div>\n<\/div>\n\n\n<div class=\"wp-block-group has-color-12-background-color has-background has-spacing--m\">\n<div class=\"devider has-spacing--none\">\n    <hr>\n<\/div>\n\n\n    <nav id=\"section-navigation-block_b2577beaf9a18ea6399e370bdcdb4b49\" class=\"section-navigation has-spacing--s\">\n        <ul>\n\n                \n                    <li>Weitere Beitr\u00e4ge zu diesem Thema:<\/li>\n                \n            \n            \n                        \n                        \n\n            \n\n        <\/ul>\n        \n    <\/nav>\n\n\n\n<div class=\"four-columns-teaser has-spacing--m\">\n\n    \r\n<article class=\"post-teaser post-42812 image-matters type-image-matters status-publish has-post-thumbnail hentry image-matters-kategorie-images-in-conflict\">\r\n\t<header class=\"entry-header\">\r\n\r\n\t\t<div class=\"entry-categories\">\n\t<a class=\"post__tag\" href=\"https:\/\/visualjournalism.de\/image-matters-kategorie\/images-in-conflict\/\" rel=\"category tag\">IMAGES IN CONFLICT<\/a><\/div>\r\n\t\t<a href=\"https:\/\/visualjournalism.de\/en\/image-matters\/images-in-conflict\/dont-start\/\" rel=\"bookmark\">\r\n\t\t\t<h2 class=\"entry-title\">Don\u2019t Start with the Good Old Things but the Bad New Ones.<\/h2>\r\n\t\t\t<p class=\"entry-excerpt\">Ann-Christin Bertrand\u00a0in conversation with\u00a0Adam Broomberg.<\/p>\r\n\t\t<\/a>\r\n\r\n\t<\/header><!-- .entry-header -->\r\n\r\n\t<figure class=\"post__image\">\r\n\t\t<a href=\"https:\/\/visualjournalism.de\/en\/image-matters\/images-in-conflict\/dont-start\/\" rel=\"bookmark\">\r\n\t\t\t<img loading=\"lazy\" decoding=\"async\" width=\"350\" height=\"197\" src=\"https:\/\/visualjournalism.de\/wp-content\/uploads\/im_iic_broomberg-350x197.jpg\" class=\"attachment-post-image--two-column--small size-post-image--two-column--small\" alt=\"\" srcset=\"https:\/\/visualjournalism.de\/wp-content\/uploads\/im_iic_broomberg-350x197.jpg 350w, https:\/\/visualjournalism.de\/wp-content\/uploads\/im_iic_broomberg-300x169.jpg 300w, https:\/\/visualjournalism.de\/wp-content\/uploads\/im_iic_broomberg-1024x577.jpg 1024w, https:\/\/visualjournalism.de\/wp-content\/uploads\/im_iic_broomberg-768x433.jpg 768w, https:\/\/visualjournalism.de\/wp-content\/uploads\/im_iic_broomberg-1400x789.jpg 1400w, https:\/\/visualjournalism.de\/wp-content\/uploads\/im_iic_broomberg-1050x592.jpg 1050w, https:\/\/visualjournalism.de\/wp-content\/uploads\/im_iic_broomberg-670x377.jpg 670w, https:\/\/visualjournalism.de\/wp-content\/uploads\/im_iic_broomberg-420x237.jpg 420w, https:\/\/visualjournalism.de\/wp-content\/uploads\/im_iic_broomberg-150x85.jpg 150w, https:\/\/visualjournalism.de\/wp-content\/uploads\/im_iic_broomberg.jpg 1500w\" sizes=\"auto, (max-width: 350px) 100vw, 350px\" \/>\t\t<\/a>\r\n\t<\/figure><!-- .post__image -->\r\n\r\n<\/article>\r\n\r\n<article class=\"post-teaser post-35560 image-matters type-image-matters status-publish has-post-thumbnail hentry image-matters-kategorie-images-in-conflict\">\r\n\t<header class=\"entry-header\">\r\n\r\n\t\t<div class=\"entry-categories\">\n\t<a class=\"post__tag\" href=\"https:\/\/visualjournalism.de\/image-matters-kategorie\/images-in-conflict\/\" rel=\"category tag\">IMAGES IN CONFLICT<\/a><\/div>\r\n\t\t<a href=\"https:\/\/visualjournalism.de\/en\/image-matters\/images-in-conflict\/conflicts-mediatisation\/\" rel=\"bookmark\">\r\n\t\t\t<h2 class=\"entry-title\">Images In Conflict.<\/h2>\r\n\t\t\t<p class=\"entry-excerpt\">Zur Ver\u00e4nderung der \u00c4sthetik und Gebrauchsweisen fotografischer und filmischer Bilder von Krisen- und Konfliktsituationen.<\/p>\r\n\t\t<\/a>\r\n\r\n\t<\/header><!-- .entry-header -->\r\n\r\n\t<figure class=\"post__image\">\r\n\t\t<a href=\"https:\/\/visualjournalism.de\/en\/image-matters\/images-in-conflict\/conflicts-mediatisation\/\" rel=\"bookmark\">\r\n\t\t\t<img loading=\"lazy\" decoding=\"async\" width=\"350\" height=\"233\" src=\"https:\/\/visualjournalism.de\/wp-content\/uploads\/02_t06bz_manhartsberger_austellungsansicht-gaf-2-350x233.jpg\" class=\"attachment-post-image--two-column--small size-post-image--two-column--small\" alt=\"\" srcset=\"https:\/\/visualjournalism.de\/wp-content\/uploads\/02_t06bz_manhartsberger_austellungsansicht-gaf-2-350x233.jpg 350w, https:\/\/visualjournalism.de\/wp-content\/uploads\/02_t06bz_manhartsberger_austellungsansicht-gaf-2-300x200.jpg 300w, https:\/\/visualjournalism.de\/wp-content\/uploads\/02_t06bz_manhartsberger_austellungsansicht-gaf-2-1024x682.jpg 1024w, https:\/\/visualjournalism.de\/wp-content\/uploads\/02_t06bz_manhartsberger_austellungsansicht-gaf-2-768x512.jpg 768w, https:\/\/visualjournalism.de\/wp-content\/uploads\/02_t06bz_manhartsberger_austellungsansicht-gaf-2-1536x1024.jpg 1536w, https:\/\/visualjournalism.de\/wp-content\/uploads\/02_t06bz_manhartsberger_austellungsansicht-gaf-2-1920x1280.jpg 1920w, https:\/\/visualjournalism.de\/wp-content\/uploads\/02_t06bz_manhartsberger_austellungsansicht-gaf-2-1400x933.jpg 1400w, https:\/\/visualjournalism.de\/wp-content\/uploads\/02_t06bz_manhartsberger_austellungsansicht-gaf-2-1050x700.jpg 1050w, https:\/\/visualjournalism.de\/wp-content\/uploads\/02_t06bz_manhartsberger_austellungsansicht-gaf-2-670x447.jpg 670w, https:\/\/visualjournalism.de\/wp-content\/uploads\/02_t06bz_manhartsberger_austellungsansicht-gaf-2-420x280.jpg 420w, https:\/\/visualjournalism.de\/wp-content\/uploads\/02_t06bz_manhartsberger_austellungsansicht-gaf-2-150x100.jpg 150w, https:\/\/visualjournalism.de\/wp-content\/uploads\/02_t06bz_manhartsberger_austellungsansicht-gaf-2.jpg 2000w\" sizes=\"auto, (max-width: 350px) 100vw, 350px\" \/>\t\t<\/a>\r\n\t<\/figure><!-- .post__image -->\r\n\r\n<\/article>\r\n\r\n<article class=\"post-teaser post-42521 image-matters type-image-matters status-publish has-post-thumbnail hentry image-matters-kategorie-images-in-conflict\">\r\n\t<header class=\"entry-header\">\r\n\r\n\t\t<div class=\"entry-categories\">\n\t<a class=\"post__tag\" href=\"https:\/\/visualjournalism.de\/image-matters-kategorie\/images-in-conflict\/\" rel=\"category tag\">IMAGES IN CONFLICT<\/a><\/div>\r\n\t\t<a href=\"https:\/\/visualjournalism.de\/en\/image-matters\/images-in-conflict\/bilder-im-konflikt\/\" rel=\"bookmark\">\r\n\t\t\t<h2 class=\"entry-title\">Editorial. Images in Conflict.<\/h2>\r\n\t\t\t<p class=\"entry-excerpt\">Karen Fromm \u00fcber Bilder im Konflikt<\/p>\r\n\t\t<\/a>\r\n\r\n\t<\/header><!-- .entry-header -->\r\n\r\n\t<figure class=\"post__image\">\r\n\t\t<a href=\"https:\/\/visualjournalism.de\/en\/image-matters\/images-in-conflict\/bilder-im-konflikt\/\" rel=\"bookmark\">\r\n\t\t\t<img loading=\"lazy\" decoding=\"async\" width=\"350\" height=\"197\" src=\"https:\/\/visualjournalism.de\/wp-content\/uploads\/IMG_2443-350x197.jpeg\" class=\"attachment-post-image--two-column--small size-post-image--two-column--small\" alt=\"\" srcset=\"https:\/\/visualjournalism.de\/wp-content\/uploads\/IMG_2443-350x197.jpeg 350w, https:\/\/visualjournalism.de\/wp-content\/uploads\/IMG_2443-300x169.jpeg 300w, https:\/\/visualjournalism.de\/wp-content\/uploads\/IMG_2443-1024x576.jpeg 1024w, https:\/\/visualjournalism.de\/wp-content\/uploads\/IMG_2443-768x432.jpeg 768w, https:\/\/visualjournalism.de\/wp-content\/uploads\/IMG_2443-1536x864.jpeg 1536w, https:\/\/visualjournalism.de\/wp-content\/uploads\/IMG_2443-2048x1152.jpeg 2048w, https:\/\/visualjournalism.de\/wp-content\/uploads\/IMG_2443-1920x1080.jpeg 1920w, https:\/\/visualjournalism.de\/wp-content\/uploads\/IMG_2443-1400x788.jpeg 1400w, https:\/\/visualjournalism.de\/wp-content\/uploads\/IMG_2443-1050x591.jpeg 1050w, https:\/\/visualjournalism.de\/wp-content\/uploads\/IMG_2443-670x377.jpeg 670w, https:\/\/visualjournalism.de\/wp-content\/uploads\/IMG_2443-420x236.jpeg 420w, https:\/\/visualjournalism.de\/wp-content\/uploads\/IMG_2443-150x84.jpeg 150w\" sizes=\"auto, (max-width: 350px) 100vw, 350px\" \/>\t\t<\/a>\r\n\t<\/figure><!-- .post__image -->\r\n\r\n<\/article>\r\n\n<\/div><!-- .2-columns-teaser-->\n\n    <\/div>\n","protected":false},"excerpt":{"rendered":"","protected":false},"author":6,"featured_media":35182,"parent":0,"menu_order":0,"comment_status":"closed","ping_status":"closed","template":"","meta":{"_acf_changed":false,"footnotes":""},"class_list":["post-35326","page","type-page","status-publish","has-post-thumbnail","hentry"],"acf":[],"yoast_head":"<!-- This site is optimized with the Yoast SEO Premium plugin v27.3 (Yoast SEO v27.3) - https:\/\/yoast.com\/product\/yoast-seo-premium-wordpress\/ -->\n<title>Ann-Christin Bertrand &#8211; Visual Journalism and Documentary Photography<\/title>\n<meta name=\"description\" content=\"Ann-Christin Bertrand is curator at C\/O Berlin where she is responsible for young, contemporary art positions.\" \/>\n<meta name=\"robots\" content=\"index, follow, max-snippet:-1, max-image-preview:large, max-video-preview:-1\" \/>\n<link rel=\"canonical\" href=\"https:\/\/visualjournalism.de\/en\/ann-christin-bertrand\/\" \/>\n<meta property=\"og:locale\" content=\"en_US\" \/>\n<meta property=\"og:type\" content=\"article\" \/>\n<meta property=\"og:title\" content=\"Ann-Christin Bertrand\" \/>\n<meta property=\"og:description\" content=\"Ann-Christin Bertrand is curator at C\/O Berlin where she is responsible for young, contemporary art positions.\" \/>\n<meta property=\"og:url\" content=\"https:\/\/visualjournalism.de\/en\/ann-christin-bertrand\/\" \/>\n<meta property=\"og:site_name\" content=\"Visual Journalism and Documentary Photography\" \/>\n<meta property=\"article:publisher\" content=\"https:\/\/www.facebook.com\/people\/wwwfotostudentende\/100065173703897\/\" \/>\n<meta property=\"article:modified_time\" content=\"2024-10-06T10:30:17+00:00\" \/>\n<meta property=\"og:image\" content=\"https:\/\/visualjournalism.de\/wp-content\/uploads\/Ann-Christin-Bertrand.jpg\" \/>\n\t<meta property=\"og:image:width\" content=\"640\" \/>\n\t<meta property=\"og:image:height\" content=\"427\" \/>\n\t<meta property=\"og:image:type\" content=\"image\/jpeg\" \/>\n<meta name=\"twitter:card\" content=\"summary_large_image\" \/>\n<meta name=\"twitter:site\" content=\"@HsHannover\" \/>\n<meta name=\"twitter:label1\" content=\"Est. reading time\" \/>\n\t<meta name=\"twitter:data1\" content=\"1 minute\" \/>\n<script type=\"application\/ld+json\" class=\"yoast-schema-graph\">{\"@context\":\"https:\\\/\\\/schema.org\",\"@graph\":[{\"@type\":\"WebPage\",\"@id\":\"https:\\\/\\\/visualjournalism.de\\\/en\\\/ann-christin-bertrand\\\/\",\"url\":\"https:\\\/\\\/visualjournalism.de\\\/en\\\/ann-christin-bertrand\\\/\",\"name\":\"Ann-Christin Bertrand &#8211; Visual Journalism and Documentary Photography\",\"isPartOf\":{\"@id\":\"https:\\\/\\\/visualjournalism.de\\\/en\\\/#website\"},\"primaryImageOfPage\":{\"@id\":\"https:\\\/\\\/visualjournalism.de\\\/en\\\/ann-christin-bertrand\\\/#primaryimage\"},\"image\":{\"@id\":\"https:\\\/\\\/visualjournalism.de\\\/en\\\/ann-christin-bertrand\\\/#primaryimage\"},\"thumbnailUrl\":\"https:\\\/\\\/visualjournalism.de\\\/wp-content\\\/uploads\\\/Ann-Christin-Bertrand.jpg\",\"datePublished\":\"2024-01-12T11:32:02+00:00\",\"dateModified\":\"2024-10-06T10:30:17+00:00\",\"description\":\"Ann-Christin Bertrand is curator at C\\\/O Berlin where she is responsible for young, contemporary art positions.\",\"breadcrumb\":{\"@id\":\"https:\\\/\\\/visualjournalism.de\\\/en\\\/ann-christin-bertrand\\\/#breadcrumb\"},\"inLanguage\":\"en-US\",\"potentialAction\":[{\"@type\":\"ReadAction\",\"target\":[\"https:\\\/\\\/visualjournalism.de\\\/en\\\/ann-christin-bertrand\\\/\"]}]},{\"@type\":\"ImageObject\",\"inLanguage\":\"en-US\",\"@id\":\"https:\\\/\\\/visualjournalism.de\\\/en\\\/ann-christin-bertrand\\\/#primaryimage\",\"url\":\"https:\\\/\\\/visualjournalism.de\\\/wp-content\\\/uploads\\\/Ann-Christin-Bertrand.jpg\",\"contentUrl\":\"https:\\\/\\\/visualjournalism.de\\\/wp-content\\\/uploads\\\/Ann-Christin-Bertrand.jpg\",\"width\":640,\"height\":427},{\"@type\":\"BreadcrumbList\",\"@id\":\"https:\\\/\\\/visualjournalism.de\\\/en\\\/ann-christin-bertrand\\\/#breadcrumb\",\"itemListElement\":[{\"@type\":\"ListItem\",\"position\":1,\"name\":\"Home\",\"item\":\"https:\\\/\\\/visualjournalism.de\\\/en\\\/\"},{\"@type\":\"ListItem\",\"position\":2,\"name\":\"Ann-Christin Bertrand\"}]},{\"@type\":\"WebSite\",\"@id\":\"https:\\\/\\\/visualjournalism.de\\\/en\\\/#website\",\"url\":\"https:\\\/\\\/visualjournalism.de\\\/en\\\/\",\"name\":\"Visual Journalism and Documentary Photography\",\"description\":\"All about the bilingual bachelor&#039;s program at Hannover University of Applied Sciences and Arts.\",\"publisher\":{\"@id\":\"https:\\\/\\\/visualjournalism.de\\\/en\\\/#organization\"},\"alternateName\":\"visualjournalism.de\",\"potentialAction\":[{\"@type\":\"SearchAction\",\"target\":{\"@type\":\"EntryPoint\",\"urlTemplate\":\"https:\\\/\\\/visualjournalism.de\\\/en\\\/?s={search_term_string}\"},\"query-input\":{\"@type\":\"PropertyValueSpecification\",\"valueRequired\":true,\"valueName\":\"search_term_string\"}}],\"inLanguage\":\"en-US\"},{\"@type\":\"Organization\",\"@id\":\"https:\\\/\\\/visualjournalism.de\\\/en\\\/#organization\",\"name\":\"Hochschule Hannover \u2013 University of Applied Sciences and Arts\",\"alternateName\":\"HsH\",\"url\":\"https:\\\/\\\/visualjournalism.de\\\/en\\\/\",\"logo\":{\"@type\":\"ImageObject\",\"inLanguage\":\"en-US\",\"@id\":\"https:\\\/\\\/visualjournalism.de\\\/en\\\/#\\\/schema\\\/logo\\\/image\\\/\",\"url\":\"https:\\\/\\\/visualjournalism.de\\\/wp-content\\\/uploads\\\/logo-hochschule-hannover.png\",\"contentUrl\":\"https:\\\/\\\/visualjournalism.de\\\/wp-content\\\/uploads\\\/logo-hochschule-hannover.png\",\"width\":363,\"height\":270,\"caption\":\"Hochschule Hannover \u2013 University of Applied Sciences and Arts\"},\"image\":{\"@id\":\"https:\\\/\\\/visualjournalism.de\\\/en\\\/#\\\/schema\\\/logo\\\/image\\\/\"},\"sameAs\":[\"https:\\\/\\\/www.facebook.com\\\/people\\\/wwwfotostudentende\\\/100065173703897\\\/\",\"https:\\\/\\\/x.com\\\/HsHannover\",\"https:\\\/\\\/www.instagram.com\\\/visualjournalism.de\\\/\"]}]}<\/script>\n<!-- \/ Yoast SEO Premium plugin. -->","yoast_head_json":{"title":"Ann-Christin Bertrand &#8211; Visual Journalism and Documentary Photography","description":"Ann-Christin Bertrand is curator at C\/O Berlin where she is responsible for young, contemporary art positions.","robots":{"index":"index","follow":"follow","max-snippet":"max-snippet:-1","max-image-preview":"max-image-preview:large","max-video-preview":"max-video-preview:-1"},"canonical":"https:\/\/visualjournalism.de\/en\/ann-christin-bertrand\/","og_locale":"en_US","og_type":"article","og_title":"Ann-Christin Bertrand","og_description":"Ann-Christin Bertrand is curator at C\/O Berlin where she is responsible for young, contemporary art positions.","og_url":"https:\/\/visualjournalism.de\/en\/ann-christin-bertrand\/","og_site_name":"Visual Journalism and Documentary Photography","article_publisher":"https:\/\/www.facebook.com\/people\/wwwfotostudentende\/100065173703897\/","article_modified_time":"2024-10-06T10:30:17+00:00","og_image":[{"width":640,"height":427,"url":"https:\/\/visualjournalism.de\/wp-content\/uploads\/Ann-Christin-Bertrand.jpg","type":"image\/jpeg"}],"twitter_card":"summary_large_image","twitter_site":"@HsHannover","twitter_misc":{"Est. reading time":"1 minute"},"schema":{"@context":"https:\/\/schema.org","@graph":[{"@type":"WebPage","@id":"https:\/\/visualjournalism.de\/en\/ann-christin-bertrand\/","url":"https:\/\/visualjournalism.de\/en\/ann-christin-bertrand\/","name":"Ann-Christin Bertrand &#8211; Visual Journalism and Documentary Photography","isPartOf":{"@id":"https:\/\/visualjournalism.de\/en\/#website"},"primaryImageOfPage":{"@id":"https:\/\/visualjournalism.de\/en\/ann-christin-bertrand\/#primaryimage"},"image":{"@id":"https:\/\/visualjournalism.de\/en\/ann-christin-bertrand\/#primaryimage"},"thumbnailUrl":"https:\/\/visualjournalism.de\/wp-content\/uploads\/Ann-Christin-Bertrand.jpg","datePublished":"2024-01-12T11:32:02+00:00","dateModified":"2024-10-06T10:30:17+00:00","description":"Ann-Christin Bertrand is curator at C\/O Berlin where she is responsible for young, contemporary art positions.","breadcrumb":{"@id":"https:\/\/visualjournalism.de\/en\/ann-christin-bertrand\/#breadcrumb"},"inLanguage":"en-US","potentialAction":[{"@type":"ReadAction","target":["https:\/\/visualjournalism.de\/en\/ann-christin-bertrand\/"]}]},{"@type":"ImageObject","inLanguage":"en-US","@id":"https:\/\/visualjournalism.de\/en\/ann-christin-bertrand\/#primaryimage","url":"https:\/\/visualjournalism.de\/wp-content\/uploads\/Ann-Christin-Bertrand.jpg","contentUrl":"https:\/\/visualjournalism.de\/wp-content\/uploads\/Ann-Christin-Bertrand.jpg","width":640,"height":427},{"@type":"BreadcrumbList","@id":"https:\/\/visualjournalism.de\/en\/ann-christin-bertrand\/#breadcrumb","itemListElement":[{"@type":"ListItem","position":1,"name":"Home","item":"https:\/\/visualjournalism.de\/en\/"},{"@type":"ListItem","position":2,"name":"Ann-Christin Bertrand"}]},{"@type":"WebSite","@id":"https:\/\/visualjournalism.de\/en\/#website","url":"https:\/\/visualjournalism.de\/en\/","name":"Visual Journalism and Documentary Photography","description":"All about the bilingual bachelor&#039;s program at Hannover University of Applied Sciences and Arts.","publisher":{"@id":"https:\/\/visualjournalism.de\/en\/#organization"},"alternateName":"visualjournalism.de","potentialAction":[{"@type":"SearchAction","target":{"@type":"EntryPoint","urlTemplate":"https:\/\/visualjournalism.de\/en\/?s={search_term_string}"},"query-input":{"@type":"PropertyValueSpecification","valueRequired":true,"valueName":"search_term_string"}}],"inLanguage":"en-US"},{"@type":"Organization","@id":"https:\/\/visualjournalism.de\/en\/#organization","name":"Hochschule Hannover \u2013 University of Applied Sciences and Arts","alternateName":"HsH","url":"https:\/\/visualjournalism.de\/en\/","logo":{"@type":"ImageObject","inLanguage":"en-US","@id":"https:\/\/visualjournalism.de\/en\/#\/schema\/logo\/image\/","url":"https:\/\/visualjournalism.de\/wp-content\/uploads\/logo-hochschule-hannover.png","contentUrl":"https:\/\/visualjournalism.de\/wp-content\/uploads\/logo-hochschule-hannover.png","width":363,"height":270,"caption":"Hochschule Hannover \u2013 University of Applied Sciences and Arts"},"image":{"@id":"https:\/\/visualjournalism.de\/en\/#\/schema\/logo\/image\/"},"sameAs":["https:\/\/www.facebook.com\/people\/wwwfotostudentende\/100065173703897\/","https:\/\/x.com\/HsHannover","https:\/\/www.instagram.com\/visualjournalism.de\/"]}]}},"_links":{"self":[{"href":"https:\/\/visualjournalism.de\/en\/wp-json\/wp\/v2\/pages\/35326","targetHints":{"allow":["GET"]}}],"collection":[{"href":"https:\/\/visualjournalism.de\/en\/wp-json\/wp\/v2\/pages"}],"about":[{"href":"https:\/\/visualjournalism.de\/en\/wp-json\/wp\/v2\/types\/page"}],"author":[{"embeddable":true,"href":"https:\/\/visualjournalism.de\/en\/wp-json\/wp\/v2\/users\/6"}],"replies":[{"embeddable":true,"href":"https:\/\/visualjournalism.de\/en\/wp-json\/wp\/v2\/comments?post=35326"}],"version-history":[{"count":0,"href":"https:\/\/visualjournalism.de\/en\/wp-json\/wp\/v2\/pages\/35326\/revisions"}],"wp:featuredmedia":[{"embeddable":true,"href":"https:\/\/visualjournalism.de\/en\/wp-json\/wp\/v2\/media\/35182"}],"wp:attachment":[{"href":"https:\/\/visualjournalism.de\/en\/wp-json\/wp\/v2\/media?parent=35326"}],"curies":[{"name":"wp","href":"https:\/\/api.w.org\/{rel}","templated":true}]}}