{"id":36869,"date":"2024-01-26T16:20:30","date_gmt":"2024-01-26T16:20:30","guid":{"rendered":"https:\/\/visualjournalism.de\/?page_id=36869"},"modified":"2024-01-26T16:22:12","modified_gmt":"2024-01-26T16:22:12","slug":"marlene-fliege","status":"publish","type":"page","link":"https:\/\/visualjournalism.de\/en\/marlene-fliege\/","title":{"rendered":"Marlene Fliege"},"content":{"rendered":"\n \n\n    <div id=\"lead-in-block_483ff61df75f9bc60ef698ed85b91cb9\" class=\"block-lead-in typo--soehne font-size--xl has-spacing--s width--full\">\n        <p><strong>Marlene Fliege<\/strong><\/p>\n    <\/div>\n\n\n\n\n<div class=\"pinned-block has-spacing--m\">\n\t\n\n<div class=\"pinned-block__column--left\">\n    \n    <figure class=\"block-photo post__image--wide-left has-spacing--xs with-title\">\n\n        <div class=\"post__image__container\">\n            <img loading=\"lazy\" decoding=\"async\" \n                src=\"https:\/\/visualjournalism.de\/wp-content\/uploads\/WhatsApp-Bild-2024-01-16-um-21.45.30_1f0d9dd9-1050x1574.jpg\"\n                srcset=\"https:\/\/visualjournalism.de\/wp-content\/uploads\/WhatsApp-Bild-2024-01-16-um-21.45.30_1f0d9dd9-1050x1574.jpg 1050w, https:\/\/visualjournalism.de\/wp-content\/uploads\/WhatsApp-Bild-2024-01-16-um-21.45.30_1f0d9dd9-200x300.jpg 200w, https:\/\/visualjournalism.de\/wp-content\/uploads\/WhatsApp-Bild-2024-01-16-um-21.45.30_1f0d9dd9-683x1024.jpg 683w, https:\/\/visualjournalism.de\/wp-content\/uploads\/WhatsApp-Bild-2024-01-16-um-21.45.30_1f0d9dd9-768x1151.jpg 768w, https:\/\/visualjournalism.de\/wp-content\/uploads\/WhatsApp-Bild-2024-01-16-um-21.45.30_1f0d9dd9-1025x1536.jpg 1025w, https:\/\/visualjournalism.de\/wp-content\/uploads\/WhatsApp-Bild-2024-01-16-um-21.45.30_1f0d9dd9-670x1005.jpg 670w, https:\/\/visualjournalism.de\/wp-content\/uploads\/WhatsApp-Bild-2024-01-16-um-21.45.30_1f0d9dd9-420x630.jpg 420w, https:\/\/visualjournalism.de\/wp-content\/uploads\/WhatsApp-Bild-2024-01-16-um-21.45.30_1f0d9dd9-350x525.jpg 350w, https:\/\/visualjournalism.de\/wp-content\/uploads\/WhatsApp-Bild-2024-01-16-um-21.45.30_1f0d9dd9-300x450.jpg 300w, https:\/\/visualjournalism.de\/wp-content\/uploads\/WhatsApp-Bild-2024-01-16-um-21.45.30_1f0d9dd9-150x225.jpg 150w, https:\/\/visualjournalism.de\/wp-content\/uploads\/WhatsApp-Bild-2024-01-16-um-21.45.30_1f0d9dd9.jpg 1366w\"\n                width=\"1050\" \n                height=\"1574\"\n                alt=\"\" \n            \/>\n            \n                            <span class=\"post__image__title\">Marlene Fliege studiert Journalistik an der Hochschule Hannover.<\/span>\n                    <\/div><!-- post__image__container -->\n\n        \n    <\/figure><!-- post__image -->\n\n\n\n<\/div>\n\n\n<div class=\"pinned-block__column--right\">\n    \n\n<p class=\"post__paragraph is-style-typo--soehne has-spacing--default\"><strong>Marlene Fliege<\/strong> wurde 1999 in Gehrden, Niedersachsen, geboren. Ihre ersten Erfahrungen im Schreiben sammelte sie bereits im Alter von 6 Jahren. Von jeher begeisterte Schriftstellerin und Fantasie Fan, f\u00fchrte ihr Weg sie schlie\u00dflich in das Journalistik Studium an der Hochschule in Hannover. Ihr Drang Texte zu verfassen und ihre unb\u00e4ndige Neugier f\u00fcr (fast) alles auf dieser Welt begleiten sie stets.<\/p>\n\n\n\n<p class=\"post__paragraph is-style-typo--soehne has-spacing--m\"><br><br><strong>Kontakt<\/strong><br>E-Mail: marlene.fliege1@gmail.com<br>Instagram: @mohnblumenmarli<\/p>\n\n\n\n<p class=\"post__paragraph is-style-typo--soehne has-spacing--default\"><br><\/p>\n\n\n<\/div>\n<\/div>\n\n\n<div class=\"devider has-spacing--none\">\n    <hr>\n<\/div>\n\n\n \n\n    <div id=\"lead-in-block_8c25771098343b8484bd90bf19f331d0\" class=\"block-lead-in typo--default font-size--default has-spacing--xs width--default\">\n        <h2>Marlenes Beitr\u00e4ge<\/h2>\n    <\/div>\n\n\n\n\r\n<article class=\"post-teaser teaser-single--full has-spacing--m post-30065 magazin type-magazin status-publish has-post-thumbnail hentry tag-gesundheit-psyche tag-inklusion magazinkategorie-stille\">\r\n\t<header class=\"entry-header\">\r\n\r\n\t\t<div class=\"entry-categories\">\n\t<a class=\"post__tag\" href=\"https:\/\/visualjournalism.de\/magazin-kategorie\/stille\/\" rel=\"category tag\">Stille<\/a><\/div>\r\n\t\t<a href=\"https:\/\/visualjournalism.de\/en\/magazine\/stille\/einkaufen-mit-autismus-zu-hell-zu-laut-zu-viel\/\" rel=\"bookmark\">\r\n\t\t\t<h2 class=\"entry-title\">Einkaufen mit Autismus: Zu hell, zu laut, zu viel.<\/h2>\r\n\t\t\t<p class=\"entry-excerpt\">Grelle Lampen, blinkende Werbung, Stimmengewirr: F\u00fcr unsere Autorin wird der Supermarkt regelm\u00e4\u00dfig zur Tortur.<\/p>\r\n\t\t<\/a>\r\n\r\n\t<\/header><!-- .entry-header -->\r\n\r\n\t<figure class=\"post__image\">\r\n\t\t<a href=\"https:\/\/visualjournalism.de\/en\/magazine\/stille\/einkaufen-mit-autismus-zu-hell-zu-laut-zu-viel\/\" rel=\"bookmark\">\r\n\t\t\t<img loading=\"lazy\" decoding=\"async\" width=\"1400\" height=\"933\" src=\"https:\/\/visualjournalism.de\/wp-content\/uploads\/Jonas_Dengler-Einkaufen-in-Stille-1400x933.jpg\" class=\"attachment-photo-block--full size-photo-block--full\" alt=\"Eine Frau kauft im Edeka am Herrenh\u00e4user Markt in Hannover bei ged\u00e4mmten Licht ein\" srcset=\"https:\/\/visualjournalism.de\/wp-content\/uploads\/Jonas_Dengler-Einkaufen-in-Stille-1400x933.jpg 1400w, https:\/\/visualjournalism.de\/wp-content\/uploads\/Jonas_Dengler-Einkaufen-in-Stille-300x200.jpg 300w, https:\/\/visualjournalism.de\/wp-content\/uploads\/Jonas_Dengler-Einkaufen-in-Stille-1024x682.jpg 1024w, https:\/\/visualjournalism.de\/wp-content\/uploads\/Jonas_Dengler-Einkaufen-in-Stille-768x512.jpg 768w, https:\/\/visualjournalism.de\/wp-content\/uploads\/Jonas_Dengler-Einkaufen-in-Stille-1536x1024.jpg 1536w, https:\/\/visualjournalism.de\/wp-content\/uploads\/Jonas_Dengler-Einkaufen-in-Stille-1920x1280.jpg 1920w, https:\/\/visualjournalism.de\/wp-content\/uploads\/Jonas_Dengler-Einkaufen-in-Stille-1050x700.jpg 1050w, https:\/\/visualjournalism.de\/wp-content\/uploads\/Jonas_Dengler-Einkaufen-in-Stille-670x447.jpg 670w, https:\/\/visualjournalism.de\/wp-content\/uploads\/Jonas_Dengler-Einkaufen-in-Stille-420x280.jpg 420w, https:\/\/visualjournalism.de\/wp-content\/uploads\/Jonas_Dengler-Einkaufen-in-Stille-350x233.jpg 350w, https:\/\/visualjournalism.de\/wp-content\/uploads\/Jonas_Dengler-Einkaufen-in-Stille-150x100.jpg 150w, https:\/\/visualjournalism.de\/wp-content\/uploads\/Jonas_Dengler-Einkaufen-in-Stille.jpg 2000w\" sizes=\"auto, (max-width: 1400px) 100vw, 1400px\" \/>\t\t<\/a>\r\n\t<\/figure><!-- .post__image -->\r\n\r\n<\/article>\r\n\n\n\n<div class=\"wp-block-group has-spacing--default has-spacing--default\">\n<div class=\"devider has-spacing--none\">\n    <hr>\n<\/div>\n\n\n \n\n    <div id=\"lead-in-block_b847886b974b71a438603c43ec141da3\" class=\"block-lead-in typo--default font-size--xl has-spacing--s width--default\">\n        <p><strong>Empfehlungen der Redaktion:<\/strong><\/p>\n    <\/div>\n\n\n\n\r\n\r\n\r\n\n\n\r\n\r\n\r\n\r\n        <div class=\"teaser-grid grid-layout--3col has-spacing--s width--inline\">\r\n\r\n            \r\n                <article class=\"post-teaser\">\r\n\r\n                    <a href=\"https:\/\/visualjournalism.de\/en\/magazine\/ratgeber\/so-schaffst-du-es-gute-portraets-zu-machen\/\" rel=\"permalink\">\r\n\r\n                        <div class=\"post-teaser__content\">\r\n\r\n                            <span class=\"entry-categories\">Ratgeber<\/span>\r\n                            <h3 class=\"post-teaser__headline\">\r\n                                Portr\u00e4tfotografie: 9 Profi-Tipps f\u00fcr ausdrucksstarke Portr\u00e4ts.                            <\/h3>\r\n\r\n                            <div class=\"post-teaser__excerpt\">\r\n                                <p>Renommierte Portr\u00e4tfotograf*innen verraten ihre Tipps: wie sie mit Schwierigkeiten beim Shooting umgehen, Menschen entspannen und warum Posen oft ehrlicher sind, als man denkt.<\/p>\r\n                            <\/div>\r\n\r\n                        <\/div><!-- .post-teaser__content -->\r\n\r\n\r\n                        \r\n                            <figure class=\"post-teaser__image\">\r\n                                <img loading=\"lazy\" decoding=\"async\"  \r\n                                    src=\"https:\/\/visualjournalism.de\/wp-content\/uploads\/2026\/01\/image-5-768x432.jpg\" \r\n                                    srcset=\"https:\/\/visualjournalism.de\/wp-content\/uploads\/2026\/01\/image-5-768x432.jpg 768w, https:\/\/visualjournalism.de\/wp-content\/uploads\/2026\/01\/image-5-300x169.jpg 300w, https:\/\/visualjournalism.de\/wp-content\/uploads\/2026\/01\/image-5-1024x576.jpg 1024w, https:\/\/visualjournalism.de\/wp-content\/uploads\/2026\/01\/image-5-1536x864.jpg 1536w, https:\/\/visualjournalism.de\/wp-content\/uploads\/2026\/01\/image-5-1400x788.jpg 1400w, https:\/\/visualjournalism.de\/wp-content\/uploads\/2026\/01\/image-5-1050x591.jpg 1050w, https:\/\/visualjournalism.de\/wp-content\/uploads\/2026\/01\/image-5-670x377.jpg 670w, https:\/\/visualjournalism.de\/wp-content\/uploads\/2026\/01\/image-5-420x236.jpg 420w, https:\/\/visualjournalism.de\/wp-content\/uploads\/2026\/01\/image-5-350x197.jpg 350w, https:\/\/visualjournalism.de\/wp-content\/uploads\/2026\/01\/image-5-150x84.jpg 150w, https:\/\/visualjournalism.de\/wp-content\/uploads\/2026\/01\/image-5.jpg 1600w\" \r\n                                    width=\"768\"  \r\n                                    height=\"432\" \r\n                                    alt=\"\"\r\n                                \/>\r\n                            <\/figure>\r\n\r\n                        \r\n                    \r\n                    <\/a>\r\n\r\n                <\/article><!--- .post-teaser-->\r\n\r\n            \r\n                <article class=\"post-teaser\">\r\n\r\n                    <a href=\"https:\/\/visualjournalism.de\/en\/magazine\/ratgeber\/wie-du-deine-portraets-neu-denken-kannst\/\" rel=\"permalink\">\r\n\r\n                        <div class=\"post-teaser__content\">\r\n\r\n                            <span class=\"entry-categories\">Ratgeber<\/span>\r\n                            <h3 class=\"post-teaser__headline\">\r\n                                Portr\u00e4t-Ideen f\u00fcr st\u00e4rkere Bilder: So denkst du Portr\u00e4tfotografie neu.                            <\/h3>\r\n\r\n                            <div class=\"post-teaser__excerpt\">\r\n                                <p>Starke Portr\u00e4ts ber\u00fchren, r\u00fctteln auf, ziehen in den Bann. Mit diesen kreativen Portr\u00e4t-Ideen und Ans\u00e4tzen von Expert*innen aus der Praxis gelingt dir genau das.<\/p>\r\n                            <\/div>\r\n\r\n                        <\/div><!-- .post-teaser__content -->\r\n\r\n\r\n                        \r\n                            <figure class=\"post-teaser__image\">\r\n                                <img loading=\"lazy\" decoding=\"async\"  \r\n                                    src=\"https:\/\/visualjournalism.de\/wp-content\/uploads\/Portraits-China-Hopsen-768x674.jpg\" \r\n                                    srcset=\"https:\/\/visualjournalism.de\/wp-content\/uploads\/Portraits-China-Hopsen-768x674.jpg 768w, https:\/\/visualjournalism.de\/wp-content\/uploads\/Portraits-China-Hopsen-300x263.jpg 300w, https:\/\/visualjournalism.de\/wp-content\/uploads\/Portraits-China-Hopsen-1024x899.jpg 1024w, https:\/\/visualjournalism.de\/wp-content\/uploads\/Portraits-China-Hopsen-1536x1348.jpg 1536w, https:\/\/visualjournalism.de\/wp-content\/uploads\/Portraits-China-Hopsen-2048x1797.jpg 2048w, https:\/\/visualjournalism.de\/wp-content\/uploads\/Portraits-China-Hopsen-1920x1685.jpg 1920w, https:\/\/visualjournalism.de\/wp-content\/uploads\/Portraits-China-Hopsen-1400x1229.jpg 1400w, https:\/\/visualjournalism.de\/wp-content\/uploads\/Portraits-China-Hopsen-1050x922.jpg 1050w, https:\/\/visualjournalism.de\/wp-content\/uploads\/Portraits-China-Hopsen-670x588.jpg 670w, https:\/\/visualjournalism.de\/wp-content\/uploads\/Portraits-China-Hopsen-420x369.jpg 420w, https:\/\/visualjournalism.de\/wp-content\/uploads\/Portraits-China-Hopsen-350x307.jpg 350w, https:\/\/visualjournalism.de\/wp-content\/uploads\/Portraits-China-Hopsen-150x132.jpg 150w\" \r\n                                    width=\"768\"  \r\n                                    height=\"674\" \r\n                                    alt=\"Auswahl von 6 verschieden Porraits Abwechslung von nah und distanizert\"\r\n                                \/>\r\n                            <\/figure>\r\n\r\n                        \r\n                    \r\n                    <\/a>\r\n\r\n                <\/article><!--- .post-teaser-->\r\n\r\n            \r\n                <article class=\"post-teaser\">\r\n\r\n                    <a href=\"https:\/\/visualjournalism.de\/en\/magazine\/sammeln\/inszenierte-endlichkeit\/\" rel=\"permalink\">\r\n\r\n                        <div class=\"post-teaser__content\">\r\n\r\n                            <span class=\"entry-categories\">Sammeln<\/span>\r\n                            <h3 class=\"post-teaser__headline\">\r\n                                Inszenierte Endlichkeit: Zwei Fotografinnen im Sarg                            <\/h3>\r\n\r\n                            <div class=\"post-teaser__excerpt\">\r\n                                <p>Zwei Fotografinnen legen sich in einen Sarg und fotografieren sich gegenseitig. Was nach Tabubruch klingt, ist eine Auseinandersetzung mit Kommerz, Ritualen \u2013 und der Frage: Darf man das?<\/p>\r\n                            <\/div>\r\n\r\n                        <\/div><!-- .post-teaser__content -->\r\n\r\n\r\n                        \r\n                            <figure class=\"post-teaser__image\">\r\n                                <img loading=\"lazy\" decoding=\"async\"  \r\n                                    src=\"https:\/\/visualjournalism.de\/wp-content\/uploads\/Clara-Schoettke_Antonia-Teichert_Sammeln_10-768x768.jpg\" \r\n                                    srcset=\"https:\/\/visualjournalism.de\/wp-content\/uploads\/Clara-Schoettke_Antonia-Teichert_Sammeln_10-768x768.jpg 768w, https:\/\/visualjournalism.de\/wp-content\/uploads\/Clara-Schoettke_Antonia-Teichert_Sammeln_10-300x300.jpg 300w, https:\/\/visualjournalism.de\/wp-content\/uploads\/Clara-Schoettke_Antonia-Teichert_Sammeln_10-1024x1024.jpg 1024w, https:\/\/visualjournalism.de\/wp-content\/uploads\/Clara-Schoettke_Antonia-Teichert_Sammeln_10-150x150.jpg 150w, https:\/\/visualjournalism.de\/wp-content\/uploads\/Clara-Schoettke_Antonia-Teichert_Sammeln_10-1536x1536.jpg 1536w, https:\/\/visualjournalism.de\/wp-content\/uploads\/Clara-Schoettke_Antonia-Teichert_Sammeln_10-2048x2048.jpg 2048w, https:\/\/visualjournalism.de\/wp-content\/uploads\/Clara-Schoettke_Antonia-Teichert_Sammeln_10-1920x1920.jpg 1920w, https:\/\/visualjournalism.de\/wp-content\/uploads\/Clara-Schoettke_Antonia-Teichert_Sammeln_10-1400x1400.jpg 1400w, https:\/\/visualjournalism.de\/wp-content\/uploads\/Clara-Schoettke_Antonia-Teichert_Sammeln_10-1050x1050.jpg 1050w, https:\/\/visualjournalism.de\/wp-content\/uploads\/Clara-Schoettke_Antonia-Teichert_Sammeln_10-670x670.jpg 670w, https:\/\/visualjournalism.de\/wp-content\/uploads\/Clara-Schoettke_Antonia-Teichert_Sammeln_10-420x420.jpg 420w, https:\/\/visualjournalism.de\/wp-content\/uploads\/Clara-Schoettke_Antonia-Teichert_Sammeln_10-350x350.jpg 350w, https:\/\/visualjournalism.de\/wp-content\/uploads\/Clara-Schoettke_Antonia-Teichert_Sammeln_10-52x52.jpg 52w, https:\/\/visualjournalism.de\/wp-content\/uploads\/Clara-Schoettke_Antonia-Teichert_Sammeln_10-68x68.jpg 68w, https:\/\/visualjournalism.de\/wp-content\/uploads\/Clara-Schoettke_Antonia-Teichert_Sammeln_10-96x96.jpg 96w\" \r\n                                    width=\"768\"  \r\n                                    height=\"768\" \r\n                                    alt=\"\"\r\n                                \/>\r\n                            <\/figure>\r\n\r\n                        \r\n                    \r\n                    <\/a>\r\n\r\n                <\/article><!--- .post-teaser-->\r\n\r\n            \r\n        <\/div><!-- .teaser-grid -->\r\n\r\n\n\n\r\n\r\n\r\n\n\n\n    <div class=\"btn-wrapper has-spacing--m\">\n        <a class=\"btn\" href=\"https:\/\/visualjournalism.de\/magazin\/\" target=\"_blank\">ZUR MAGAZIN-STARTSEITE<\/a>\n    <\/div>\n<\/div>\n","protected":false},"excerpt":{"rendered":"","protected":false},"author":54,"featured_media":36874,"parent":0,"menu_order":0,"comment_status":"closed","ping_status":"closed","template":"","meta":{"_acf_changed":false,"footnotes":""},"class_list":["post-36869","page","type-page","status-publish","has-post-thumbnail","hentry"],"acf":[],"yoast_head":"<!-- This site is optimized with the Yoast SEO Premium plugin v27.7 (Yoast SEO v27.7) - https:\/\/yoast.com\/product\/yoast-seo-premium-wordpress\/ -->\n<title>Marlene Fliege - Journalistin<\/title>\n<meta name=\"description\" content=\"Marlene Fliege, geb. 1999 in Gehrden, begann im Alter von 6 Jahren zu schreiben. Heute studiert sie Journalistik an der Hochschule Hannover.\" \/>\n<meta name=\"robots\" content=\"index, follow, max-snippet:-1, max-image-preview:large, max-video-preview:-1\" \/>\n<link rel=\"canonical\" href=\"https:\/\/visualjournalism.de\/en\/marlene-fliege\/\" \/>\n<meta property=\"og:locale\" content=\"en_US\" \/>\n<meta property=\"og:type\" content=\"article\" \/>\n<meta property=\"og:title\" content=\"Marlene Fliege\" \/>\n<meta property=\"og:description\" content=\"Marlene Fliege, geb. 1999 in Gehrden, begann im Alter von 6 Jahren zu schreiben. Heute studiert sie Journalistik an der Hochschule Hannover.\" \/>\n<meta property=\"og:url\" content=\"https:\/\/visualjournalism.de\/en\/marlene-fliege\/\" \/>\n<meta property=\"og:site_name\" content=\"Visual Journalism and Documentary Photography\" \/>\n<meta property=\"article:publisher\" content=\"https:\/\/www.facebook.com\/people\/wwwfotostudentende\/100065173703897\/\" \/>\n<meta property=\"article:modified_time\" content=\"2024-01-26T16:22:12+00:00\" \/>\n<meta property=\"og:image\" content=\"https:\/\/visualjournalism.de\/wp-content\/uploads\/RL-STILLE-Exporter-V02-1-4-1-e1705439457239.jpg\" \/>\n\t<meta property=\"og:image:width\" content=\"407\" \/>\n\t<meta property=\"og:image:height\" content=\"520\" \/>\n\t<meta property=\"og:image:type\" content=\"image\/jpeg\" \/>\n<meta name=\"twitter:card\" content=\"summary_large_image\" \/>\n<meta name=\"twitter:site\" content=\"@HsHannover\" \/>\n<meta name=\"twitter:label1\" content=\"Est. reading time\" \/>\n\t<meta name=\"twitter:data1\" content=\"1 minute\" \/>\n<script type=\"application\/ld+json\" class=\"yoast-schema-graph\">{\"@context\":\"https:\\\/\\\/schema.org\",\"@graph\":[{\"@type\":\"WebPage\",\"@id\":\"https:\\\/\\\/visualjournalism.de\\\/en\\\/marlene-fliege\\\/\",\"url\":\"https:\\\/\\\/visualjournalism.de\\\/en\\\/marlene-fliege\\\/\",\"name\":\"Marlene Fliege - Journalistin\",\"isPartOf\":{\"@id\":\"https:\\\/\\\/visualjournalism.de\\\/en\\\/#website\"},\"primaryImageOfPage\":{\"@id\":\"https:\\\/\\\/visualjournalism.de\\\/en\\\/marlene-fliege\\\/#primaryimage\"},\"image\":{\"@id\":\"https:\\\/\\\/visualjournalism.de\\\/en\\\/marlene-fliege\\\/#primaryimage\"},\"thumbnailUrl\":\"https:\\\/\\\/visualjournalism.de\\\/wp-content\\\/uploads\\\/RL-STILLE-Exporter-V02-1-4-1-e1705439457239.jpg\",\"datePublished\":\"2024-01-26T16:20:30+00:00\",\"dateModified\":\"2024-01-26T16:22:12+00:00\",\"description\":\"Marlene Fliege, geb. 1999 in Gehrden, begann im Alter von 6 Jahren zu schreiben. Heute studiert sie Journalistik an der Hochschule Hannover.\",\"breadcrumb\":{\"@id\":\"https:\\\/\\\/visualjournalism.de\\\/en\\\/marlene-fliege\\\/#breadcrumb\"},\"inLanguage\":\"en-US\",\"potentialAction\":[{\"@type\":\"ReadAction\",\"target\":[\"https:\\\/\\\/visualjournalism.de\\\/en\\\/marlene-fliege\\\/\"]}]},{\"@type\":\"ImageObject\",\"inLanguage\":\"en-US\",\"@id\":\"https:\\\/\\\/visualjournalism.de\\\/en\\\/marlene-fliege\\\/#primaryimage\",\"url\":\"https:\\\/\\\/visualjournalism.de\\\/wp-content\\\/uploads\\\/RL-STILLE-Exporter-V02-1-4-1-e1705439457239.jpg\",\"contentUrl\":\"https:\\\/\\\/visualjournalism.de\\\/wp-content\\\/uploads\\\/RL-STILLE-Exporter-V02-1-4-1-e1705439457239.jpg\",\"width\":407,\"height\":520},{\"@type\":\"BreadcrumbList\",\"@id\":\"https:\\\/\\\/visualjournalism.de\\\/en\\\/marlene-fliege\\\/#breadcrumb\",\"itemListElement\":[{\"@type\":\"ListItem\",\"position\":1,\"name\":\"Home\",\"item\":\"https:\\\/\\\/visualjournalism.de\\\/en\\\/\"},{\"@type\":\"ListItem\",\"position\":2,\"name\":\"Marlene Fliege\"}]},{\"@type\":\"WebSite\",\"@id\":\"https:\\\/\\\/visualjournalism.de\\\/en\\\/#website\",\"url\":\"https:\\\/\\\/visualjournalism.de\\\/en\\\/\",\"name\":\"Visual Journalism and Documentary Photography\",\"description\":\"All about the bilingual bachelor&#039;s program at Hannover University of Applied Sciences and Arts.\",\"publisher\":{\"@id\":\"https:\\\/\\\/visualjournalism.de\\\/en\\\/#organization\"},\"alternateName\":\"visualjournalism.de\",\"potentialAction\":[{\"@type\":\"SearchAction\",\"target\":{\"@type\":\"EntryPoint\",\"urlTemplate\":\"https:\\\/\\\/visualjournalism.de\\\/en\\\/?s={search_term_string}\"},\"query-input\":{\"@type\":\"PropertyValueSpecification\",\"valueRequired\":true,\"valueName\":\"search_term_string\"}}],\"inLanguage\":\"en-US\"},{\"@type\":\"Organization\",\"@id\":\"https:\\\/\\\/visualjournalism.de\\\/en\\\/#organization\",\"name\":\"Hochschule Hannover \u2013 University of Applied Sciences and Arts\",\"alternateName\":\"HsH\",\"url\":\"https:\\\/\\\/visualjournalism.de\\\/en\\\/\",\"logo\":{\"@type\":\"ImageObject\",\"inLanguage\":\"en-US\",\"@id\":\"https:\\\/\\\/visualjournalism.de\\\/en\\\/#\\\/schema\\\/logo\\\/image\\\/\",\"url\":\"https:\\\/\\\/visualjournalism.de\\\/wp-content\\\/uploads\\\/logo-hochschule-hannover.png\",\"contentUrl\":\"https:\\\/\\\/visualjournalism.de\\\/wp-content\\\/uploads\\\/logo-hochschule-hannover.png\",\"width\":363,\"height\":270,\"caption\":\"Hochschule Hannover \u2013 University of Applied Sciences and Arts\"},\"image\":{\"@id\":\"https:\\\/\\\/visualjournalism.de\\\/en\\\/#\\\/schema\\\/logo\\\/image\\\/\"},\"sameAs\":[\"https:\\\/\\\/www.facebook.com\\\/people\\\/wwwfotostudentende\\\/100065173703897\\\/\",\"https:\\\/\\\/x.com\\\/HsHannover\",\"https:\\\/\\\/www.instagram.com\\\/visualjournalism.de\\\/\"]}]}<\/script>\n<!-- \/ Yoast SEO Premium plugin. -->","yoast_head_json":{"title":"Marlene Fliege - Journalistin","description":"Marlene Fliege, geb. 1999 in Gehrden, begann im Alter von 6 Jahren zu schreiben. Heute studiert sie Journalistik an der Hochschule Hannover.","robots":{"index":"index","follow":"follow","max-snippet":"max-snippet:-1","max-image-preview":"max-image-preview:large","max-video-preview":"max-video-preview:-1"},"canonical":"https:\/\/visualjournalism.de\/en\/marlene-fliege\/","og_locale":"en_US","og_type":"article","og_title":"Marlene Fliege","og_description":"Marlene Fliege, geb. 1999 in Gehrden, begann im Alter von 6 Jahren zu schreiben. Heute studiert sie Journalistik an der Hochschule Hannover.","og_url":"https:\/\/visualjournalism.de\/en\/marlene-fliege\/","og_site_name":"Visual Journalism and Documentary Photography","article_publisher":"https:\/\/www.facebook.com\/people\/wwwfotostudentende\/100065173703897\/","article_modified_time":"2024-01-26T16:22:12+00:00","og_image":[{"width":407,"height":520,"url":"https:\/\/visualjournalism.de\/wp-content\/uploads\/RL-STILLE-Exporter-V02-1-4-1-e1705439457239.jpg","type":"image\/jpeg"}],"twitter_card":"summary_large_image","twitter_site":"@HsHannover","twitter_misc":{"Est. reading time":"1 minute"},"schema":{"@context":"https:\/\/schema.org","@graph":[{"@type":"WebPage","@id":"https:\/\/visualjournalism.de\/en\/marlene-fliege\/","url":"https:\/\/visualjournalism.de\/en\/marlene-fliege\/","name":"Marlene Fliege - Journalistin","isPartOf":{"@id":"https:\/\/visualjournalism.de\/en\/#website"},"primaryImageOfPage":{"@id":"https:\/\/visualjournalism.de\/en\/marlene-fliege\/#primaryimage"},"image":{"@id":"https:\/\/visualjournalism.de\/en\/marlene-fliege\/#primaryimage"},"thumbnailUrl":"https:\/\/visualjournalism.de\/wp-content\/uploads\/RL-STILLE-Exporter-V02-1-4-1-e1705439457239.jpg","datePublished":"2024-01-26T16:20:30+00:00","dateModified":"2024-01-26T16:22:12+00:00","description":"Marlene Fliege, geb. 1999 in Gehrden, begann im Alter von 6 Jahren zu schreiben. Heute studiert sie Journalistik an der Hochschule Hannover.","breadcrumb":{"@id":"https:\/\/visualjournalism.de\/en\/marlene-fliege\/#breadcrumb"},"inLanguage":"en-US","potentialAction":[{"@type":"ReadAction","target":["https:\/\/visualjournalism.de\/en\/marlene-fliege\/"]}]},{"@type":"ImageObject","inLanguage":"en-US","@id":"https:\/\/visualjournalism.de\/en\/marlene-fliege\/#primaryimage","url":"https:\/\/visualjournalism.de\/wp-content\/uploads\/RL-STILLE-Exporter-V02-1-4-1-e1705439457239.jpg","contentUrl":"https:\/\/visualjournalism.de\/wp-content\/uploads\/RL-STILLE-Exporter-V02-1-4-1-e1705439457239.jpg","width":407,"height":520},{"@type":"BreadcrumbList","@id":"https:\/\/visualjournalism.de\/en\/marlene-fliege\/#breadcrumb","itemListElement":[{"@type":"ListItem","position":1,"name":"Home","item":"https:\/\/visualjournalism.de\/en\/"},{"@type":"ListItem","position":2,"name":"Marlene Fliege"}]},{"@type":"WebSite","@id":"https:\/\/visualjournalism.de\/en\/#website","url":"https:\/\/visualjournalism.de\/en\/","name":"Visual Journalism and Documentary Photography","description":"All about the bilingual bachelor&#039;s program at Hannover University of Applied Sciences and Arts.","publisher":{"@id":"https:\/\/visualjournalism.de\/en\/#organization"},"alternateName":"visualjournalism.de","potentialAction":[{"@type":"SearchAction","target":{"@type":"EntryPoint","urlTemplate":"https:\/\/visualjournalism.de\/en\/?s={search_term_string}"},"query-input":{"@type":"PropertyValueSpecification","valueRequired":true,"valueName":"search_term_string"}}],"inLanguage":"en-US"},{"@type":"Organization","@id":"https:\/\/visualjournalism.de\/en\/#organization","name":"Hochschule Hannover \u2013 University of Applied Sciences and Arts","alternateName":"HsH","url":"https:\/\/visualjournalism.de\/en\/","logo":{"@type":"ImageObject","inLanguage":"en-US","@id":"https:\/\/visualjournalism.de\/en\/#\/schema\/logo\/image\/","url":"https:\/\/visualjournalism.de\/wp-content\/uploads\/logo-hochschule-hannover.png","contentUrl":"https:\/\/visualjournalism.de\/wp-content\/uploads\/logo-hochschule-hannover.png","width":363,"height":270,"caption":"Hochschule Hannover \u2013 University of Applied Sciences and Arts"},"image":{"@id":"https:\/\/visualjournalism.de\/en\/#\/schema\/logo\/image\/"},"sameAs":["https:\/\/www.facebook.com\/people\/wwwfotostudentende\/100065173703897\/","https:\/\/x.com\/HsHannover","https:\/\/www.instagram.com\/visualjournalism.de\/"]}]}},"_links":{"self":[{"href":"https:\/\/visualjournalism.de\/en\/wp-json\/wp\/v2\/pages\/36869","targetHints":{"allow":["GET"]}}],"collection":[{"href":"https:\/\/visualjournalism.de\/en\/wp-json\/wp\/v2\/pages"}],"about":[{"href":"https:\/\/visualjournalism.de\/en\/wp-json\/wp\/v2\/types\/page"}],"author":[{"embeddable":true,"href":"https:\/\/visualjournalism.de\/en\/wp-json\/wp\/v2\/users\/54"}],"replies":[{"embeddable":true,"href":"https:\/\/visualjournalism.de\/en\/wp-json\/wp\/v2\/comments?post=36869"}],"version-history":[{"count":0,"href":"https:\/\/visualjournalism.de\/en\/wp-json\/wp\/v2\/pages\/36869\/revisions"}],"wp:featuredmedia":[{"embeddable":true,"href":"https:\/\/visualjournalism.de\/en\/wp-json\/wp\/v2\/media\/36874"}],"wp:attachment":[{"href":"https:\/\/visualjournalism.de\/en\/wp-json\/wp\/v2\/media?parent=36869"}],"curies":[{"name":"wp","href":"https:\/\/api.w.org\/{rel}","templated":true}]}}