{"id":37209,"date":"2024-01-18T16:23:08","date_gmt":"2024-01-18T16:23:08","guid":{"rendered":"https:\/\/visualjournalism.de\/?page_id=37209"},"modified":"2025-12-11T18:12:21","modified_gmt":"2025-12-11T16:12:21","slug":"antonia-roehrer","status":"publish","type":"page","link":"https:\/\/visualjournalism.de\/en\/antonia-roehrer\/","title":{"rendered":"Antonia R\u00f6hrer"},"content":{"rendered":"\n \n\n    <div id=\"lead-in-block_73767bf30b357216475d4f146d4590e3\" class=\"block-lead-in typo--default font-size--xl has-spacing--s width--default\">\n        <h1>Antonia R\u00f6hrer<\/h1>\n    <\/div>\n\n\n\n\n<div class=\"pinned-block has-spacing--none\">\n\t\n\n<div class=\"pinned-block__column--left\">\n    \n    <figure class=\"block-photo post__image--full has-spacing--m no-title\">\n\n        <div class=\"post__image__container\">\n            <img loading=\"lazy\" decoding=\"async\" \n                src=\"https:\/\/visualjournalism.de\/wp-content\/uploads\/Antonia.jpg\"\n                srcset=\"https:\/\/visualjournalism.de\/wp-content\/uploads\/Antonia.jpg 1380w, https:\/\/visualjournalism.de\/wp-content\/uploads\/Antonia-244x300.jpg 244w, https:\/\/visualjournalism.de\/wp-content\/uploads\/Antonia-831x1024.jpg 831w, https:\/\/visualjournalism.de\/wp-content\/uploads\/Antonia-768x946.jpg 768w, https:\/\/visualjournalism.de\/wp-content\/uploads\/Antonia-1247x1536.jpg 1247w, https:\/\/visualjournalism.de\/wp-content\/uploads\/Antonia-1050x1293.jpg 1050w, https:\/\/visualjournalism.de\/wp-content\/uploads\/Antonia-670x825.jpg 670w, https:\/\/visualjournalism.de\/wp-content\/uploads\/Antonia-420x517.jpg 420w, https:\/\/visualjournalism.de\/wp-content\/uploads\/Antonia-350x431.jpg 350w, https:\/\/visualjournalism.de\/wp-content\/uploads\/Antonia-300x370.jpg 300w, https:\/\/visualjournalism.de\/wp-content\/uploads\/Antonia-150x185.jpg 150w\"\n                width=\"1380\" \n                height=\"1700\"\n                alt=\"\" \n            \/>\n            \n                    <\/div><!-- post__image__container -->\n\n        \n    <\/figure><!-- post__image -->\n\n\n\n<\/div>\n\n\n<div class=\"pinned-block__column--right\">\n    \n\n<p class=\"post__paragraph is-style-typo--soehne has-spacing--default\"><strong>Antonia R\u00f6hrer<\/strong> (*2004) studiert seit 2023 Journalistik an der Hochschule Hannover. Aufgewachsen und zur Schule gegangen ist sie in W\u00fcrzburg. Nach dem Abitur absolvierte sie ein Praktikum bei der Main-Post in W\u00fcrzburg, worauf eine freie Mitarbeit folgte. Sie besuchte zwei Monate lang eine Sprachschule in Barcelona und leistete drei Monate Freiwilligenarbeit in Costa Rica, um ihre Spanischkenntnisse zu verbessern. Seit 2023 ist sie au\u00dferdem Stipendiatin der Journalistischen Nachwuchsf\u00f6rderung (JONA) der Konrad- Adenauer- Stiftung.&nbsp;<\/p>\n\n\n<\/div>\n<\/div>\n\n\n<div class=\"devider has-spacing--none\">\n    <hr>\n<\/div>\n\n\n \n\n    <div id=\"lead-in-block_1ac01fd203eb89addd4f27bfd8be58ae\" class=\"block-lead-in typo--default font-size--default has-spacing--xs width--default\">\n        <h2>Antonias Beitr\u00e4ge<\/h2>\n    <\/div>\n\n\n\n\r\n<article class=\"post-teaser teaser-single--full has-spacing--m post-37136 magazin type-magazin status-publish has-post-thumbnail hentry magazinkategorie-stille\">\r\n\t<header class=\"entry-header\">\r\n\r\n\t\t<div class=\"entry-categories\">\n\t<a class=\"post__tag\" href=\"https:\/\/visualjournalism.de\/magazin-kategorie\/stille\/\" rel=\"category tag\">Stille<\/a><\/div>\r\n\t\t<a href=\"https:\/\/visualjournalism.de\/en\/magazine\/stille\/notunterkunfte-larm-wo-stille-wichtig-ware\/\" rel=\"bookmark\">\r\n\t\t\t<h2 class=\"entry-title\">Notunterk\u00fcnfte: L\u00e4rm, wo Stille wichtig w\u00e4re.<\/h2>\r\n\t\t\t<p class=\"entry-excerpt\">Maryna Sviderska floh aus der Ukraine nach Deutschland. Durch ihren Aufenthalt in Gefl\u00fcchtetenunterk\u00fcnften bekam Stille f\u00fcr sie eine neue Bedeutung. <\/p>\r\n\t\t<\/a>\r\n\r\n\t<\/header><!-- .entry-header -->\r\n\r\n\t<figure class=\"post__image\">\r\n\t\t<a href=\"https:\/\/visualjournalism.de\/en\/magazine\/stille\/notunterkunfte-larm-wo-stille-wichtig-ware\/\" rel=\"bookmark\">\r\n\t\t\t<img loading=\"lazy\" decoding=\"async\" width=\"1400\" height=\"933\" src=\"https:\/\/visualjournalism.de\/wp-content\/uploads\/LD8B7060_Halle7-1400x933.jpg\" class=\"attachment-photo-block--full size-photo-block--full\" alt=\"\" srcset=\"https:\/\/visualjournalism.de\/wp-content\/uploads\/LD8B7060_Halle7-1400x933.jpg 1400w, https:\/\/visualjournalism.de\/wp-content\/uploads\/LD8B7060_Halle7-300x200.jpg 300w, https:\/\/visualjournalism.de\/wp-content\/uploads\/LD8B7060_Halle7-1024x683.jpg 1024w, https:\/\/visualjournalism.de\/wp-content\/uploads\/LD8B7060_Halle7-768x512.jpg 768w, https:\/\/visualjournalism.de\/wp-content\/uploads\/LD8B7060_Halle7-1536x1024.jpg 1536w, https:\/\/visualjournalism.de\/wp-content\/uploads\/LD8B7060_Halle7-2048x1365.jpg 2048w, https:\/\/visualjournalism.de\/wp-content\/uploads\/LD8B7060_Halle7-1920x1280.jpg 1920w, https:\/\/visualjournalism.de\/wp-content\/uploads\/LD8B7060_Halle7-1050x700.jpg 1050w, https:\/\/visualjournalism.de\/wp-content\/uploads\/LD8B7060_Halle7-670x447.jpg 670w, https:\/\/visualjournalism.de\/wp-content\/uploads\/LD8B7060_Halle7-420x280.jpg 420w, https:\/\/visualjournalism.de\/wp-content\/uploads\/LD8B7060_Halle7-350x233.jpg 350w, https:\/\/visualjournalism.de\/wp-content\/uploads\/LD8B7060_Halle7-150x100.jpg 150w\" sizes=\"auto, (max-width: 1400px) 100vw, 1400px\" \/>\t\t<\/a>\r\n\t<\/figure><!-- .post__image -->\r\n\r\n<\/article>\r\n\n\n\n<div class=\"wp-block-group has-spacing--default has-spacing--default\">\n<div class=\"devider has-spacing--none\">\n    <hr>\n<\/div>\n\n\n \n\n    <div id=\"lead-in-block_4074cca5f54a79980b4ed64ed0092c3b\" class=\"block-lead-in typo--default font-size--xl has-spacing--s width--default\">\n        <p><strong>Empfehlungen der Redaktion:<\/strong><\/p>\n    <\/div>\n\n\n\n\r\n\r\n\r\n\n\n\r\n\r\n\r\n\r\n        <div class=\"teaser-grid grid-layout--3col has-spacing--s width--inline\">\r\n\r\n            \r\n                <article class=\"post-teaser\">\r\n\r\n                    <a href=\"https:\/\/visualjournalism.de\/en\/magazine\/ratgeber\/professionelle-kamera-fuer-fotografen-warum-nicht-die-marke-zaehlt\/\" rel=\"permalink\">\r\n\r\n                        <div class=\"post-teaser__content\">\r\n\r\n                            <span class=\"entry-categories\">Ratgeber<\/span>\r\n                            <h3 class=\"post-teaser__headline\">\r\n                                Professionelle Kameras f\u00fcr Fotograf*innen: Warum nicht die Marke z\u00e4hlt                            <\/h3>\r\n\r\n                            <div class=\"post-teaser__excerpt\">\r\n                                <p>Analog oder digital, Vollformat oder APSC, Spiegelreflex oder spiegellos: Die Magnum-Fotografin Nanna Heitmann und Lehrende der Hochschule Hannover zeigen, warum am Ende nicht die Technik, sondern die Person entscheidend ist.<\/p>\r\n                            <\/div>\r\n\r\n                        <\/div><!-- .post-teaser__content -->\r\n\r\n\r\n                        \r\n                            <figure class=\"post-teaser__image\">\r\n                                <img loading=\"lazy\" decoding=\"async\"  \r\n                                    src=\"https:\/\/visualjournalism.de\/wp-content\/uploads\/13_20221214-R0001254-scaled-1-e1755767975431-768x513.jpg\" \r\n                                    srcset=\"https:\/\/visualjournalism.de\/wp-content\/uploads\/13_20221214-R0001254-scaled-1-e1755767975431-768x513.jpg 768w, https:\/\/visualjournalism.de\/wp-content\/uploads\/13_20221214-R0001254-scaled-1-e1755767975431-300x200.jpg 300w, https:\/\/visualjournalism.de\/wp-content\/uploads\/13_20221214-R0001254-scaled-1-e1755767975431-1024x683.jpg 1024w, https:\/\/visualjournalism.de\/wp-content\/uploads\/13_20221214-R0001254-scaled-1-e1755767975431-1536x1025.jpg 1536w, https:\/\/visualjournalism.de\/wp-content\/uploads\/13_20221214-R0001254-scaled-1-e1755767975431-2048x1367.jpg 2048w, https:\/\/visualjournalism.de\/wp-content\/uploads\/13_20221214-R0001254-scaled-1-e1755767975431-1920x1282.jpg 1920w, https:\/\/visualjournalism.de\/wp-content\/uploads\/13_20221214-R0001254-scaled-1-e1755767975431-1400x934.jpg 1400w, https:\/\/visualjournalism.de\/wp-content\/uploads\/13_20221214-R0001254-scaled-1-e1755767975431-1050x701.jpg 1050w, https:\/\/visualjournalism.de\/wp-content\/uploads\/13_20221214-R0001254-scaled-1-e1755767975431-670x447.jpg 670w, https:\/\/visualjournalism.de\/wp-content\/uploads\/13_20221214-R0001254-scaled-1-e1755767975431-420x280.jpg 420w, https:\/\/visualjournalism.de\/wp-content\/uploads\/13_20221214-R0001254-scaled-1-e1755767975431-350x234.jpg 350w, https:\/\/visualjournalism.de\/wp-content\/uploads\/13_20221214-R0001254-scaled-1-e1755767975431-150x100.jpg 150w\" \r\n                                    width=\"768\"  \r\n                                    height=\"513\" \r\n                                    alt=\"In einem Workshop an der Hochschule Hannover geben Studierenden (hier Michael Matthey, mittig im Bild) ihre Erfahrungen mit Gro\u00dfformatfotografie an Mitstudierende weiter.\"\r\n                                \/>\r\n                            <\/figure>\r\n\r\n                        \r\n                    \r\n                    <\/a>\r\n\r\n                <\/article><!--- .post-teaser-->\r\n\r\n            \r\n                <article class=\"post-teaser\">\r\n\r\n                    <a href=\"https:\/\/visualjournalism.de\/en\/magazine\/ratgeber\/wie-du-deine-portraets-neu-denken-kannst\/\" rel=\"permalink\">\r\n\r\n                        <div class=\"post-teaser__content\">\r\n\r\n                            <span class=\"entry-categories\">Ratgeber<\/span>\r\n                            <h3 class=\"post-teaser__headline\">\r\n                                Wie du deine Portr\u00e4ts neu denken kannst.                            <\/h3>\r\n\r\n                            <div class=\"post-teaser__excerpt\">\r\n                                <p>Wenn uns Portr\u00e4ts tief ber\u00fchren, aufr\u00fctteln oder in den Bann ziehen, ist das ein sicheres Anzeichen f\u00fcr ein starkes Bild. Doch wie gelingt das? Hier findest du konkrete Ans\u00e4tze und Tipps von Expert*innen aus der Praxis.<\/p>\r\n                            <\/div>\r\n\r\n                        <\/div><!-- .post-teaser__content -->\r\n\r\n\r\n                        \r\n                            <figure class=\"post-teaser__image\">\r\n                                <img loading=\"lazy\" decoding=\"async\"  \r\n                                    src=\"https:\/\/visualjournalism.de\/wp-content\/uploads\/Portraits-China-Hopsen-768x674.jpg\" \r\n                                    srcset=\"https:\/\/visualjournalism.de\/wp-content\/uploads\/Portraits-China-Hopsen-768x674.jpg 768w, https:\/\/visualjournalism.de\/wp-content\/uploads\/Portraits-China-Hopsen-300x263.jpg 300w, https:\/\/visualjournalism.de\/wp-content\/uploads\/Portraits-China-Hopsen-1024x899.jpg 1024w, https:\/\/visualjournalism.de\/wp-content\/uploads\/Portraits-China-Hopsen-1536x1348.jpg 1536w, https:\/\/visualjournalism.de\/wp-content\/uploads\/Portraits-China-Hopsen-2048x1797.jpg 2048w, https:\/\/visualjournalism.de\/wp-content\/uploads\/Portraits-China-Hopsen-1920x1685.jpg 1920w, https:\/\/visualjournalism.de\/wp-content\/uploads\/Portraits-China-Hopsen-1400x1229.jpg 1400w, https:\/\/visualjournalism.de\/wp-content\/uploads\/Portraits-China-Hopsen-1050x922.jpg 1050w, https:\/\/visualjournalism.de\/wp-content\/uploads\/Portraits-China-Hopsen-670x588.jpg 670w, https:\/\/visualjournalism.de\/wp-content\/uploads\/Portraits-China-Hopsen-420x369.jpg 420w, https:\/\/visualjournalism.de\/wp-content\/uploads\/Portraits-China-Hopsen-350x307.jpg 350w, https:\/\/visualjournalism.de\/wp-content\/uploads\/Portraits-China-Hopsen-150x132.jpg 150w\" \r\n                                    width=\"768\"  \r\n                                    height=\"674\" \r\n                                    alt=\"Auswahl von 6 verschieden Porraits Abwechslung von nah und distanizert\"\r\n                                \/>\r\n                            <\/figure>\r\n\r\n                        \r\n                    \r\n                    <\/a>\r\n\r\n                <\/article><!--- .post-teaser-->\r\n\r\n            \r\n                <article class=\"post-teaser\">\r\n\r\n                    <a href=\"https:\/\/visualjournalism.de\/en\/magazine\/ratgeber\/politikerinnen-souveraen-interviewen\/\" rel=\"permalink\">\r\n\r\n                        <div class=\"post-teaser__content\">\r\n\r\n                            <span class=\"entry-categories\">Ratgeber<\/span>\r\n                            <h3 class=\"post-teaser__headline\">\r\n                                Politiker*innen souver\u00e4n interviewen \u2013 Die besten Tipps f\u00fcr ein sicheres Auftreten                            <\/h3>\r\n\r\n                            <div class=\"post-teaser__excerpt\">\r\n                                <p>Ein Gespr\u00e4ch mit Politiker*innen kann schnell zum Machtkampf werden. Wie du selbst gegen Profis die Oberhand beh\u00e4ltst und typische Interviewfallen umgehst.<\/p>\r\n                            <\/div>\r\n\r\n                        <\/div><!-- .post-teaser__content -->\r\n\r\n\r\n                        \r\n                            <figure class=\"post-teaser__image\">\r\n                                <img loading=\"lazy\" decoding=\"async\"  \r\n                                    src=\"https:\/\/visualjournalism.de\/wp-content\/uploads\/DSC4729-merz-politikerinterviews-768x1024.jpg\" \r\n                                    srcset=\"https:\/\/visualjournalism.de\/wp-content\/uploads\/DSC4729-merz-politikerinterviews-768x1024.jpg 768w, https:\/\/visualjournalism.de\/wp-content\/uploads\/DSC4729-merz-politikerinterviews-225x300.jpg 225w, https:\/\/visualjournalism.de\/wp-content\/uploads\/DSC4729-merz-politikerinterviews-1152x1536.jpg 1152w, https:\/\/visualjournalism.de\/wp-content\/uploads\/DSC4729-merz-politikerinterviews-1536x2048.jpg 1536w, https:\/\/visualjournalism.de\/wp-content\/uploads\/DSC4729-merz-politikerinterviews-scaled.jpg 1920w, https:\/\/visualjournalism.de\/wp-content\/uploads\/DSC4729-merz-politikerinterviews-1400x1867.jpg 1400w, https:\/\/visualjournalism.de\/wp-content\/uploads\/DSC4729-merz-politikerinterviews-1050x1400.jpg 1050w, https:\/\/visualjournalism.de\/wp-content\/uploads\/DSC4729-merz-politikerinterviews-670x893.jpg 670w, https:\/\/visualjournalism.de\/wp-content\/uploads\/DSC4729-merz-politikerinterviews-420x560.jpg 420w, https:\/\/visualjournalism.de\/wp-content\/uploads\/DSC4729-merz-politikerinterviews-350x467.jpg 350w, https:\/\/visualjournalism.de\/wp-content\/uploads\/DSC4729-merz-politikerinterviews-300x400.jpg 300w, https:\/\/visualjournalism.de\/wp-content\/uploads\/DSC4729-merz-politikerinterviews-640x853.jpg 640w, https:\/\/visualjournalism.de\/wp-content\/uploads\/DSC4729-merz-politikerinterviews-150x200.jpg 150w\" \r\n                                    width=\"768\"  \r\n                                    height=\"1024\" \r\n                                    alt=\"CDU-Vorsitzender Friedrich Merz mit Mikrofon in der Hand, im Gespr\u00e4ch mit dem ehemaligen ZDF-Moderator Klaus Kleber auf einer B\u00fchne. Im Vordergrund sind zwei M\u00e4nner angeblitzt von hinten zu sehen.\"\r\n                                \/>\r\n                            <\/figure>\r\n\r\n                        \r\n                    \r\n                    <\/a>\r\n\r\n                <\/article><!--- .post-teaser-->\r\n\r\n            \r\n        <\/div><!-- .teaser-grid -->\r\n\r\n\n\n\r\n\r\n\r\n\n\n\n    <div class=\"btn-wrapper has-spacing--m\">\n        <a class=\"btn\" href=\"https:\/\/visualjournalism.de\/magazin\/\" target=\"_blank\">ZUR MAGAZIN-STARTSEITE<\/a>\n    <\/div>\n<\/div>\n","protected":false},"excerpt":{"rendered":"","protected":false},"author":60,"featured_media":0,"parent":0,"menu_order":0,"comment_status":"closed","ping_status":"closed","template":"","meta":{"_acf_changed":false,"footnotes":""},"class_list":["post-37209","page","type-page","status-publish","hentry"],"acf":[],"yoast_head":"<!-- This site is optimized with the Yoast SEO Premium plugin v27.3 (Yoast SEO v27.3) - https:\/\/yoast.com\/product\/yoast-seo-premium-wordpress\/ -->\n<title>Antonia R\u00f6hrer &#8211; Visual Journalism and Documentary Photography<\/title>\n<meta name=\"robots\" content=\"index, follow, max-snippet:-1, max-image-preview:large, max-video-preview:-1\" \/>\n<link rel=\"canonical\" href=\"https:\/\/visualjournalism.de\/en\/antonia-roehrer\/\" \/>\n<meta property=\"og:locale\" content=\"en_US\" \/>\n<meta property=\"og:type\" content=\"article\" \/>\n<meta property=\"og:title\" content=\"Antonia R\u00f6hrer\" \/>\n<meta property=\"og:url\" content=\"https:\/\/visualjournalism.de\/en\/antonia-roehrer\/\" \/>\n<meta property=\"og:site_name\" content=\"Visual Journalism and Documentary Photography\" \/>\n<meta property=\"article:publisher\" content=\"https:\/\/www.facebook.com\/people\/wwwfotostudentende\/100065173703897\/\" \/>\n<meta property=\"article:modified_time\" content=\"2025-12-11T16:12:21+00:00\" \/>\n<meta name=\"twitter:card\" content=\"summary_large_image\" \/>\n<meta name=\"twitter:site\" content=\"@HsHannover\" \/>\n<meta name=\"twitter:label1\" content=\"Est. reading time\" \/>\n\t<meta name=\"twitter:data1\" content=\"1 minute\" \/>\n<script type=\"application\/ld+json\" class=\"yoast-schema-graph\">{\"@context\":\"https:\\\/\\\/schema.org\",\"@graph\":[{\"@type\":\"WebPage\",\"@id\":\"https:\\\/\\\/visualjournalism.de\\\/en\\\/antonia-roehrer\\\/\",\"url\":\"https:\\\/\\\/visualjournalism.de\\\/en\\\/antonia-roehrer\\\/\",\"name\":\"Antonia R\u00f6hrer &#8211; Visual Journalism and Documentary Photography\",\"isPartOf\":{\"@id\":\"https:\\\/\\\/visualjournalism.de\\\/en\\\/#website\"},\"datePublished\":\"2024-01-18T16:23:08+00:00\",\"dateModified\":\"2025-12-11T16:12:21+00:00\",\"breadcrumb\":{\"@id\":\"https:\\\/\\\/visualjournalism.de\\\/en\\\/antonia-roehrer\\\/#breadcrumb\"},\"inLanguage\":\"en-US\",\"potentialAction\":[{\"@type\":\"ReadAction\",\"target\":[\"https:\\\/\\\/visualjournalism.de\\\/en\\\/antonia-roehrer\\\/\"]}]},{\"@type\":\"BreadcrumbList\",\"@id\":\"https:\\\/\\\/visualjournalism.de\\\/en\\\/antonia-roehrer\\\/#breadcrumb\",\"itemListElement\":[{\"@type\":\"ListItem\",\"position\":1,\"name\":\"Home\",\"item\":\"https:\\\/\\\/visualjournalism.de\\\/en\\\/\"},{\"@type\":\"ListItem\",\"position\":2,\"name\":\"Antonia R\u00f6hrer\"}]},{\"@type\":\"WebSite\",\"@id\":\"https:\\\/\\\/visualjournalism.de\\\/en\\\/#website\",\"url\":\"https:\\\/\\\/visualjournalism.de\\\/en\\\/\",\"name\":\"Visual Journalism and Documentary Photography\",\"description\":\"All about the bilingual bachelor&#039;s program at Hannover University of Applied Sciences and Arts.\",\"publisher\":{\"@id\":\"https:\\\/\\\/visualjournalism.de\\\/en\\\/#organization\"},\"alternateName\":\"visualjournalism.de\",\"potentialAction\":[{\"@type\":\"SearchAction\",\"target\":{\"@type\":\"EntryPoint\",\"urlTemplate\":\"https:\\\/\\\/visualjournalism.de\\\/en\\\/?s={search_term_string}\"},\"query-input\":{\"@type\":\"PropertyValueSpecification\",\"valueRequired\":true,\"valueName\":\"search_term_string\"}}],\"inLanguage\":\"en-US\"},{\"@type\":\"Organization\",\"@id\":\"https:\\\/\\\/visualjournalism.de\\\/en\\\/#organization\",\"name\":\"Hochschule Hannover \u2013 University of Applied Sciences and Arts\",\"alternateName\":\"HsH\",\"url\":\"https:\\\/\\\/visualjournalism.de\\\/en\\\/\",\"logo\":{\"@type\":\"ImageObject\",\"inLanguage\":\"en-US\",\"@id\":\"https:\\\/\\\/visualjournalism.de\\\/en\\\/#\\\/schema\\\/logo\\\/image\\\/\",\"url\":\"https:\\\/\\\/visualjournalism.de\\\/wp-content\\\/uploads\\\/logo-hochschule-hannover.png\",\"contentUrl\":\"https:\\\/\\\/visualjournalism.de\\\/wp-content\\\/uploads\\\/logo-hochschule-hannover.png\",\"width\":363,\"height\":270,\"caption\":\"Hochschule Hannover \u2013 University of Applied Sciences and Arts\"},\"image\":{\"@id\":\"https:\\\/\\\/visualjournalism.de\\\/en\\\/#\\\/schema\\\/logo\\\/image\\\/\"},\"sameAs\":[\"https:\\\/\\\/www.facebook.com\\\/people\\\/wwwfotostudentende\\\/100065173703897\\\/\",\"https:\\\/\\\/x.com\\\/HsHannover\",\"https:\\\/\\\/www.instagram.com\\\/visualjournalism.de\\\/\"]}]}<\/script>\n<!-- \/ Yoast SEO Premium plugin. -->","yoast_head_json":{"title":"Antonia R\u00f6hrer &#8211; Visual Journalism and Documentary Photography","robots":{"index":"index","follow":"follow","max-snippet":"max-snippet:-1","max-image-preview":"max-image-preview:large","max-video-preview":"max-video-preview:-1"},"canonical":"https:\/\/visualjournalism.de\/en\/antonia-roehrer\/","og_locale":"en_US","og_type":"article","og_title":"Antonia R\u00f6hrer","og_url":"https:\/\/visualjournalism.de\/en\/antonia-roehrer\/","og_site_name":"Visual Journalism and Documentary Photography","article_publisher":"https:\/\/www.facebook.com\/people\/wwwfotostudentende\/100065173703897\/","article_modified_time":"2025-12-11T16:12:21+00:00","twitter_card":"summary_large_image","twitter_site":"@HsHannover","twitter_misc":{"Est. reading time":"1 minute"},"schema":{"@context":"https:\/\/schema.org","@graph":[{"@type":"WebPage","@id":"https:\/\/visualjournalism.de\/en\/antonia-roehrer\/","url":"https:\/\/visualjournalism.de\/en\/antonia-roehrer\/","name":"Antonia R\u00f6hrer &#8211; Visual Journalism and Documentary Photography","isPartOf":{"@id":"https:\/\/visualjournalism.de\/en\/#website"},"datePublished":"2024-01-18T16:23:08+00:00","dateModified":"2025-12-11T16:12:21+00:00","breadcrumb":{"@id":"https:\/\/visualjournalism.de\/en\/antonia-roehrer\/#breadcrumb"},"inLanguage":"en-US","potentialAction":[{"@type":"ReadAction","target":["https:\/\/visualjournalism.de\/en\/antonia-roehrer\/"]}]},{"@type":"BreadcrumbList","@id":"https:\/\/visualjournalism.de\/en\/antonia-roehrer\/#breadcrumb","itemListElement":[{"@type":"ListItem","position":1,"name":"Home","item":"https:\/\/visualjournalism.de\/en\/"},{"@type":"ListItem","position":2,"name":"Antonia R\u00f6hrer"}]},{"@type":"WebSite","@id":"https:\/\/visualjournalism.de\/en\/#website","url":"https:\/\/visualjournalism.de\/en\/","name":"Visual Journalism and Documentary Photography","description":"All about the bilingual bachelor&#039;s program at Hannover University of Applied Sciences and Arts.","publisher":{"@id":"https:\/\/visualjournalism.de\/en\/#organization"},"alternateName":"visualjournalism.de","potentialAction":[{"@type":"SearchAction","target":{"@type":"EntryPoint","urlTemplate":"https:\/\/visualjournalism.de\/en\/?s={search_term_string}"},"query-input":{"@type":"PropertyValueSpecification","valueRequired":true,"valueName":"search_term_string"}}],"inLanguage":"en-US"},{"@type":"Organization","@id":"https:\/\/visualjournalism.de\/en\/#organization","name":"Hochschule Hannover \u2013 University of Applied Sciences and Arts","alternateName":"HsH","url":"https:\/\/visualjournalism.de\/en\/","logo":{"@type":"ImageObject","inLanguage":"en-US","@id":"https:\/\/visualjournalism.de\/en\/#\/schema\/logo\/image\/","url":"https:\/\/visualjournalism.de\/wp-content\/uploads\/logo-hochschule-hannover.png","contentUrl":"https:\/\/visualjournalism.de\/wp-content\/uploads\/logo-hochschule-hannover.png","width":363,"height":270,"caption":"Hochschule Hannover \u2013 University of Applied Sciences and Arts"},"image":{"@id":"https:\/\/visualjournalism.de\/en\/#\/schema\/logo\/image\/"},"sameAs":["https:\/\/www.facebook.com\/people\/wwwfotostudentende\/100065173703897\/","https:\/\/x.com\/HsHannover","https:\/\/www.instagram.com\/visualjournalism.de\/"]}]}},"_links":{"self":[{"href":"https:\/\/visualjournalism.de\/en\/wp-json\/wp\/v2\/pages\/37209","targetHints":{"allow":["GET"]}}],"collection":[{"href":"https:\/\/visualjournalism.de\/en\/wp-json\/wp\/v2\/pages"}],"about":[{"href":"https:\/\/visualjournalism.de\/en\/wp-json\/wp\/v2\/types\/page"}],"author":[{"embeddable":true,"href":"https:\/\/visualjournalism.de\/en\/wp-json\/wp\/v2\/users\/60"}],"replies":[{"embeddable":true,"href":"https:\/\/visualjournalism.de\/en\/wp-json\/wp\/v2\/comments?post=37209"}],"version-history":[{"count":1,"href":"https:\/\/visualjournalism.de\/en\/wp-json\/wp\/v2\/pages\/37209\/revisions"}],"predecessor-version":[{"id":66617,"href":"https:\/\/visualjournalism.de\/en\/wp-json\/wp\/v2\/pages\/37209\/revisions\/66617"}],"wp:attachment":[{"href":"https:\/\/visualjournalism.de\/en\/wp-json\/wp\/v2\/media?parent=37209"}],"curies":[{"name":"wp","href":"https:\/\/api.w.org\/{rel}","templated":true}]}}