{"id":39672,"date":"2024-07-19T19:00:21","date_gmt":"2024-07-19T19:00:21","guid":{"rendered":"https:\/\/visualjournalism.de\/?page_id=39672"},"modified":"2024-07-24T14:48:05","modified_gmt":"2024-07-24T14:48:05","slug":"michael-matthey","status":"publish","type":"page","link":"https:\/\/visualjournalism.de\/en\/michael-matthey\/","title":{"rendered":"Michael Matthey"},"content":{"rendered":"\n \n\n    <div id=\"lead-in-block_ebe2dc650fba9003386b79c681c9917c\" class=\"block-lead-in typo--default font-size--xl has-spacing--m width--default\">\n        <h1><strong>Michael Matthey<br \/>\n<\/strong><\/h1>\n    <\/div>\n\n\n\n\n<div class=\"pinned-block has-spacing--xs\">\n\t\n\n<div class=\"pinned-block__column--left\">\n    \n    <figure class=\"block-photo post__image--full has-spacing--m with-title\">\n\n        <div class=\"post__image__container\">\n            <img loading=\"lazy\" decoding=\"async\" \n                src=\"https:\/\/visualjournalism.de\/wp-content\/uploads\/Portraet-Website_Michael-Matthey-1400x933.jpg\"\n                srcset=\"https:\/\/visualjournalism.de\/wp-content\/uploads\/Portraet-Website_Michael-Matthey-1400x933.jpg 1400w, https:\/\/visualjournalism.de\/wp-content\/uploads\/Portraet-Website_Michael-Matthey-300x200.jpg 300w, https:\/\/visualjournalism.de\/wp-content\/uploads\/Portraet-Website_Michael-Matthey-1024x683.jpg 1024w, https:\/\/visualjournalism.de\/wp-content\/uploads\/Portraet-Website_Michael-Matthey-768x512.jpg 768w, https:\/\/visualjournalism.de\/wp-content\/uploads\/Portraet-Website_Michael-Matthey-1050x700.jpg 1050w, https:\/\/visualjournalism.de\/wp-content\/uploads\/Portraet-Website_Michael-Matthey-670x447.jpg 670w, https:\/\/visualjournalism.de\/wp-content\/uploads\/Portraet-Website_Michael-Matthey-420x280.jpg 420w, https:\/\/visualjournalism.de\/wp-content\/uploads\/Portraet-Website_Michael-Matthey-350x233.jpg 350w, https:\/\/visualjournalism.de\/wp-content\/uploads\/Portraet-Website_Michael-Matthey-150x100.jpg 150w, https:\/\/visualjournalism.de\/wp-content\/uploads\/Portraet-Website_Michael-Matthey.jpg 1500w\"\n                width=\"1400\" \n                height=\"933\"\n                alt=\"Michael Matthey\" \n            \/>\n            \n                            <span class=\"post__image__title\">Michael Matthey<\/span>\n                    <\/div><!-- post__image__container -->\n\n        \n    <\/figure><!-- post__image -->\n\n\n\n<\/div>\n\n\n<div class=\"pinned-block__column--right\">\n    \n\n<p class=\"post__paragraph is-style-typo--soehne has-spacing--default\"><strong>Michael Matthey<\/strong> wurde 1990 in S\u00f6mmerda geboren und arbeitet als Fotojournalist in Hannover. Nach Studienaufenthalten in Jena und Weimar, studierte er ab 2017 im Studiengang Fotojournalismus und Dokumentarfotografie an der Hochschule Hannover. <\/p>\n\n\n\n<p class=\"post__paragraph is-style-typo--soehne has-spacing--default\"><strong>Kontakt:<\/strong><\/p>\n\n\n\n<p class=\"post__paragraph is-style-typo--soehne has-spacing--none\">Webseite: <a href=\"https:\/\/www.michaelmatthey.de\/\">www.michaelmatthey.de<\/a><br>Instagram: <a href=\"https:\/\/www.instagram.com\/michael.matthey\/\" target=\"_blank\" rel=\"noreferrer noopener\">@<\/a><a href=\"https:\/\/www.instagram.com\/michael.matthey\/\">michael.matthey<\/a><\/p>\n\n\n<\/div>\n<\/div>\n\n\n<div class=\"devider has-spacing--none\">\n    <hr>\n<\/div>\n\n\n \n\n    <div id=\"lead-in-block_a86aba33bb94e1b129078254e63d9320\" class=\"block-lead-in typo--default font-size--xl has-spacing--s width--default\">\n        <h2>Michaels Beitr\u00e4ge<\/h2>\n    <\/div>\n\n\n\n\r\n<article class=\"post-teaser teaser-single--wide-left has-spacing--none post-44427 magazin type-magazin status-publish has-post-thumbnail hentry tag-fotostrecke tag-sport tag-video tag-wasser magazinkategorie-wasser\">\r\n\t<header class=\"entry-header\">\r\n\r\n\t\t<div class=\"entry-categories\">\n\t<a class=\"post__tag\" href=\"https:\/\/visualjournalism.de\/magazin-kategorie\/wasser\/\" rel=\"category tag\">Wasser<\/a><\/div>\r\n\t\t<a href=\"https:\/\/visualjournalism.de\/en\/magazine\/wasser\/synchronschwimmen-jeder-atemzug-koordiniert\/\" rel=\"bookmark\">\r\n\t\t\t<h2 class=\"entry-title\">\u00abEs ist wie ein Tanz im Wasser\u00bb.<\/h2>\r\n\t\t\t<p class=\"entry-excerpt\">Beweglichkeit, Timing und blindes Vertrauen: Wie ein anspruchsvoller Sport junge Athletinnen pr\u00e4gt.<\/p>\r\n\t\t<\/a>\r\n\r\n\t<\/header><!-- .entry-header -->\r\n\r\n\t<figure class=\"post__image\">\r\n\t\t<a href=\"https:\/\/visualjournalism.de\/en\/magazine\/wasser\/synchronschwimmen-jeder-atemzug-koordiniert\/\" rel=\"bookmark\">\r\n\t\t\t\n<div class=\"splide\">\n    <div class=\"splide__track\">\n\n        <div class=\"splide__list\">\n\n                    \n\n                    <div class=\"splide__slide\">\n\n                        <img loading=\"lazy\" decoding=\"async\"  \n                            src=\"https:\/\/visualjournalism.de\/wp-content\/uploads\/Synchronschwimmerinnen_Meline-Buehler_Lead-in-1050x700.jpg\" \n                            srcset=\"https:\/\/visualjournalism.de\/wp-content\/uploads\/Synchronschwimmerinnen_Meline-Buehler_Lead-in-1050x700.jpg 1050w, https:\/\/visualjournalism.de\/wp-content\/uploads\/Synchronschwimmerinnen_Meline-Buehler_Lead-in-300x200.jpg 300w, https:\/\/visualjournalism.de\/wp-content\/uploads\/Synchronschwimmerinnen_Meline-Buehler_Lead-in-1024x683.jpg 1024w, https:\/\/visualjournalism.de\/wp-content\/uploads\/Synchronschwimmerinnen_Meline-Buehler_Lead-in-768x512.jpg 768w, https:\/\/visualjournalism.de\/wp-content\/uploads\/Synchronschwimmerinnen_Meline-Buehler_Lead-in-1536x1024.jpg 1536w, https:\/\/visualjournalism.de\/wp-content\/uploads\/Synchronschwimmerinnen_Meline-Buehler_Lead-in-2048x1365.jpg 2048w, https:\/\/visualjournalism.de\/wp-content\/uploads\/Synchronschwimmerinnen_Meline-Buehler_Lead-in-1920x1280.jpg 1920w, https:\/\/visualjournalism.de\/wp-content\/uploads\/Synchronschwimmerinnen_Meline-Buehler_Lead-in-1400x933.jpg 1400w, https:\/\/visualjournalism.de\/wp-content\/uploads\/Synchronschwimmerinnen_Meline-Buehler_Lead-in-670x447.jpg 670w, https:\/\/visualjournalism.de\/wp-content\/uploads\/Synchronschwimmerinnen_Meline-Buehler_Lead-in-420x280.jpg 420w, https:\/\/visualjournalism.de\/wp-content\/uploads\/Synchronschwimmerinnen_Meline-Buehler_Lead-in-350x233.jpg 350w, https:\/\/visualjournalism.de\/wp-content\/uploads\/Synchronschwimmerinnen_Meline-Buehler_Lead-in-150x100.jpg 150w\" \n                            width=\"1050\"  \n                            height=\"700\" \n                            alt=\"\"  \n                        \/>\n\n                    <\/div>\n                \n                        \n\n                    <div class=\"splide__slide\">\n\n                        <img loading=\"lazy\" decoding=\"async\"  \n                            src=\"https:\/\/visualjournalism.de\/wp-content\/uploads\/Meline_Buehler_Bild-10-1-1050x705.jpg\" \n                            srcset=\"https:\/\/visualjournalism.de\/wp-content\/uploads\/Meline_Buehler_Bild-10-1-1050x705.jpg 1050w, https:\/\/visualjournalism.de\/wp-content\/uploads\/Meline_Buehler_Bild-10-1-300x202.jpg 300w, https:\/\/visualjournalism.de\/wp-content\/uploads\/Meline_Buehler_Bild-10-1-1024x688.jpg 1024w, https:\/\/visualjournalism.de\/wp-content\/uploads\/Meline_Buehler_Bild-10-1-768x516.jpg 768w, https:\/\/visualjournalism.de\/wp-content\/uploads\/Meline_Buehler_Bild-10-1-1536x1032.jpg 1536w, https:\/\/visualjournalism.de\/wp-content\/uploads\/Meline_Buehler_Bild-10-1-2048x1376.jpg 2048w, https:\/\/visualjournalism.de\/wp-content\/uploads\/Meline_Buehler_Bild-10-1-1920x1290.jpg 1920w, https:\/\/visualjournalism.de\/wp-content\/uploads\/Meline_Buehler_Bild-10-1-1400x941.jpg 1400w, https:\/\/visualjournalism.de\/wp-content\/uploads\/Meline_Buehler_Bild-10-1-670x450.jpg 670w, https:\/\/visualjournalism.de\/wp-content\/uploads\/Meline_Buehler_Bild-10-1-420x282.jpg 420w, https:\/\/visualjournalism.de\/wp-content\/uploads\/Meline_Buehler_Bild-10-1-350x235.jpg 350w, https:\/\/visualjournalism.de\/wp-content\/uploads\/Meline_Buehler_Bild-10-1-150x101.jpg 150w\" \n                            width=\"1050\"  \n                            height=\"705\" \n                            alt=\"\"  \n                        \/>\n\n                    <\/div>\n                \n                        \n\n                    <div class=\"splide__slide\">\n\n                        <img loading=\"lazy\" decoding=\"async\"  \n                            src=\"https:\/\/visualjournalism.de\/wp-content\/uploads\/Meline_Buehler_Bild-06-1050x700.jpg\" \n                            srcset=\"https:\/\/visualjournalism.de\/wp-content\/uploads\/Meline_Buehler_Bild-06-1050x700.jpg 1050w, https:\/\/visualjournalism.de\/wp-content\/uploads\/Meline_Buehler_Bild-06-300x200.jpg 300w, https:\/\/visualjournalism.de\/wp-content\/uploads\/Meline_Buehler_Bild-06-1024x683.jpg 1024w, https:\/\/visualjournalism.de\/wp-content\/uploads\/Meline_Buehler_Bild-06-768x512.jpg 768w, https:\/\/visualjournalism.de\/wp-content\/uploads\/Meline_Buehler_Bild-06-1536x1024.jpg 1536w, https:\/\/visualjournalism.de\/wp-content\/uploads\/Meline_Buehler_Bild-06-2048x1365.jpg 2048w, https:\/\/visualjournalism.de\/wp-content\/uploads\/Meline_Buehler_Bild-06-1920x1280.jpg 1920w, https:\/\/visualjournalism.de\/wp-content\/uploads\/Meline_Buehler_Bild-06-1400x933.jpg 1400w, https:\/\/visualjournalism.de\/wp-content\/uploads\/Meline_Buehler_Bild-06-670x447.jpg 670w, https:\/\/visualjournalism.de\/wp-content\/uploads\/Meline_Buehler_Bild-06-420x280.jpg 420w, https:\/\/visualjournalism.de\/wp-content\/uploads\/Meline_Buehler_Bild-06-350x233.jpg 350w, https:\/\/visualjournalism.de\/wp-content\/uploads\/Meline_Buehler_Bild-06-150x100.jpg 150w\" \n                            width=\"1050\"  \n                            height=\"700\" \n                            alt=\"\"  \n                        \/>\n\n                    <\/div>\n                \n                        \n\n                    <div class=\"splide__slide\">\n\n                        <img loading=\"lazy\" decoding=\"async\"  \n                            src=\"https:\/\/visualjournalism.de\/wp-content\/uploads\/Meline_Buehler_Bild-01-1050x700.jpg\" \n                            srcset=\"https:\/\/visualjournalism.de\/wp-content\/uploads\/Meline_Buehler_Bild-01-1050x700.jpg 1050w, https:\/\/visualjournalism.de\/wp-content\/uploads\/Meline_Buehler_Bild-01-300x200.jpg 300w, https:\/\/visualjournalism.de\/wp-content\/uploads\/Meline_Buehler_Bild-01-1024x683.jpg 1024w, https:\/\/visualjournalism.de\/wp-content\/uploads\/Meline_Buehler_Bild-01-768x512.jpg 768w, https:\/\/visualjournalism.de\/wp-content\/uploads\/Meline_Buehler_Bild-01-1536x1024.jpg 1536w, https:\/\/visualjournalism.de\/wp-content\/uploads\/Meline_Buehler_Bild-01-2048x1365.jpg 2048w, https:\/\/visualjournalism.de\/wp-content\/uploads\/Meline_Buehler_Bild-01-1920x1280.jpg 1920w, https:\/\/visualjournalism.de\/wp-content\/uploads\/Meline_Buehler_Bild-01-1400x933.jpg 1400w, https:\/\/visualjournalism.de\/wp-content\/uploads\/Meline_Buehler_Bild-01-670x447.jpg 670w, https:\/\/visualjournalism.de\/wp-content\/uploads\/Meline_Buehler_Bild-01-420x280.jpg 420w, https:\/\/visualjournalism.de\/wp-content\/uploads\/Meline_Buehler_Bild-01-350x233.jpg 350w, https:\/\/visualjournalism.de\/wp-content\/uploads\/Meline_Buehler_Bild-01-150x100.jpg 150w\" \n                            width=\"1050\"  \n                            height=\"700\" \n                            alt=\"\"  \n                        \/>\n\n                    <\/div>\n                \n                \n        <\/div> <!-- .splide__list -->\n\n    <\/div><!-- slide__track -->\n<\/div>\t\t<\/a>\r\n\t<\/figure><!-- .post__image -->\r\n\r\n<\/article>\r\n\n\n\n<div class=\"wp-block-group has-spacing--default has-spacing--default\">\n<div class=\"devider has-spacing--none\">\n    <hr>\n<\/div>\n\n\n \n\n    <div id=\"lead-in-block_b2d8097b1725315c11a010b248903249\" class=\"block-lead-in typo--default font-size--xl has-spacing--s width--default\">\n        <p><strong>Empfehlungen der Redaktion:<\/strong><\/p>\n    <\/div>\n\n\n\n\r\n\r\n\r\n\n\n\r\n\r\n\r\n\r\n        <div class=\"teaser-grid grid-layout--3col has-spacing--s width--inline\">\r\n\r\n            \r\n                <article class=\"post-teaser\">\r\n\r\n                    <a href=\"https:\/\/visualjournalism.de\/en\/magazine\/ratgeber\/praktikum-im-journalismus\/\" rel=\"permalink\">\r\n\r\n                        <div class=\"post-teaser__content\">\r\n\r\n                            <span class=\"entry-categories\">Ratgeber<\/span>\r\n                            <h3 class=\"post-teaser__headline\">\r\n                                Praktikum im Journalismus: So findest du den Platz und \u00fcberzeugst in der Bewerbung.                            <\/h3>\r\n\r\n                            <div class=\"post-teaser__excerpt\">\r\n                                <p>Wie findest du das richtige Praktikum im Journalismus, wie \u00fcberzeugst du in der Bewerbung und was solltest du im Praktikum beachten? Mit konkreten Tipps von Professor*innen und Studierenden.<\/p>\r\n                            <\/div>\r\n\r\n                        <\/div><!-- .post-teaser__content -->\r\n\r\n\r\n                        \r\n                            <figure class=\"post-teaser__image\">\r\n                                <img loading=\"lazy\" decoding=\"async\"  \r\n                                    src=\"https:\/\/visualjournalism.de\/wp-content\/uploads\/IMG_312C868D6676-1-Foto-Stefan-Nieland-768x512.jpeg\" \r\n                                    srcset=\"https:\/\/visualjournalism.de\/wp-content\/uploads\/IMG_312C868D6676-1-Foto-Stefan-Nieland-768x512.jpeg 768w, https:\/\/visualjournalism.de\/wp-content\/uploads\/IMG_312C868D6676-1-Foto-Stefan-Nieland-300x200.jpeg 300w, https:\/\/visualjournalism.de\/wp-content\/uploads\/IMG_312C868D6676-1-Foto-Stefan-Nieland-1024x683.jpeg 1024w, https:\/\/visualjournalism.de\/wp-content\/uploads\/IMG_312C868D6676-1-Foto-Stefan-Nieland-1536x1024.jpeg 1536w, https:\/\/visualjournalism.de\/wp-content\/uploads\/IMG_312C868D6676-1-Foto-Stefan-Nieland-1920x1280.jpeg 1920w, https:\/\/visualjournalism.de\/wp-content\/uploads\/IMG_312C868D6676-1-Foto-Stefan-Nieland-1400x933.jpeg 1400w, https:\/\/visualjournalism.de\/wp-content\/uploads\/IMG_312C868D6676-1-Foto-Stefan-Nieland-1050x700.jpeg 1050w, https:\/\/visualjournalism.de\/wp-content\/uploads\/IMG_312C868D6676-1-Foto-Stefan-Nieland-670x447.jpeg 670w, https:\/\/visualjournalism.de\/wp-content\/uploads\/IMG_312C868D6676-1-Foto-Stefan-Nieland-420x280.jpeg 420w, https:\/\/visualjournalism.de\/wp-content\/uploads\/IMG_312C868D6676-1-Foto-Stefan-Nieland-350x233.jpeg 350w, https:\/\/visualjournalism.de\/wp-content\/uploads\/IMG_312C868D6676-1-Foto-Stefan-Nieland-150x100.jpeg 150w, https:\/\/visualjournalism.de\/wp-content\/uploads\/IMG_312C868D6676-1-Foto-Stefan-Nieland.jpeg 2048w\" \r\n                                    width=\"768\"  \r\n                                    height=\"512\" \r\n                                    alt=\"F\u00fcnf Personen im Fotostudio der F.A.Z. inszenieren mit Bratpfannen eine kreative Szene. Im Mittelpunkt: Sophie Boyer und Stefan Nieland, beide im journalistischen Praktikum aus dem Studiengang Visual Journalism and Documentary Photography in Hannover. Die Szene zeigt Zusammenarbeit im Redaktionspraktikum und gestalterische Praxis im Journalismus.\"\r\n                                \/>\r\n                            <\/figure>\r\n\r\n                        \r\n                    \r\n                    <\/a>\r\n\r\n                <\/article><!--- .post-teaser-->\r\n\r\n            \r\n                <article class=\"post-teaser\">\r\n\r\n                    <a href=\"https:\/\/visualjournalism.de\/en\/magazine\/sammeln\/was-bleibt-atommuell-in-der-asse-ii\/\" rel=\"permalink\">\r\n\r\n                        <div class=\"post-teaser__content\">\r\n\r\n                            <span class=\"entry-categories\">Sammeln<\/span>\r\n                            <h3 class=\"post-teaser__headline\">\r\n                                Atomm\u00fcll in der Asse II: Was bleibt                            <\/h3>\r\n\r\n                            <div class=\"post-teaser__excerpt\">\r\n                                <p>In der Asse II lagert Atomm\u00fcll \u2013 achtlos versenkt, kaum gesichert. Nun dringt Wasser ein. Eine Region wartet seit Jahrzehnten auf Antworten, das Land auf ein Endlager.<\/p>\r\n                            <\/div>\r\n\r\n                        <\/div><!-- .post-teaser__content -->\r\n\r\n\r\n                        \r\n                            <figure class=\"post-teaser__image\">\r\n                                <img loading=\"lazy\" decoding=\"async\"  \r\n                                    src=\"https:\/\/visualjournalism.de\/wp-content\/uploads\/2026\/02\/Walter-Lehmann_The-Danger-Within_10-768x318.jpg\" \r\n                                    srcset=\"https:\/\/visualjournalism.de\/wp-content\/uploads\/2026\/02\/Walter-Lehmann_The-Danger-Within_10-768x318.jpg 768w, https:\/\/visualjournalism.de\/wp-content\/uploads\/2026\/02\/Walter-Lehmann_The-Danger-Within_10-300x124.jpg 300w, https:\/\/visualjournalism.de\/wp-content\/uploads\/2026\/02\/Walter-Lehmann_The-Danger-Within_10-1024x424.jpg 1024w, https:\/\/visualjournalism.de\/wp-content\/uploads\/2026\/02\/Walter-Lehmann_The-Danger-Within_10-1536x636.jpg 1536w, https:\/\/visualjournalism.de\/wp-content\/uploads\/2026\/02\/Walter-Lehmann_The-Danger-Within_10-2048x847.jpg 2048w, https:\/\/visualjournalism.de\/wp-content\/uploads\/2026\/02\/Walter-Lehmann_The-Danger-Within_10-1920x794.jpg 1920w, https:\/\/visualjournalism.de\/wp-content\/uploads\/2026\/02\/Walter-Lehmann_The-Danger-Within_10-1400x579.jpg 1400w, https:\/\/visualjournalism.de\/wp-content\/uploads\/2026\/02\/Walter-Lehmann_The-Danger-Within_10-1050x434.jpg 1050w, https:\/\/visualjournalism.de\/wp-content\/uploads\/2026\/02\/Walter-Lehmann_The-Danger-Within_10-670x277.jpg 670w, https:\/\/visualjournalism.de\/wp-content\/uploads\/2026\/02\/Walter-Lehmann_The-Danger-Within_10-420x174.jpg 420w, https:\/\/visualjournalism.de\/wp-content\/uploads\/2026\/02\/Walter-Lehmann_The-Danger-Within_10-350x145.jpg 350w, https:\/\/visualjournalism.de\/wp-content\/uploads\/2026\/02\/Walter-Lehmann_The-Danger-Within_10-150x62.jpg 150w\" \r\n                                    width=\"768\"  \r\n                                    height=\"318\" \r\n                                    alt=\"\"\r\n                                \/>\r\n                            <\/figure>\r\n\r\n                        \r\n                    \r\n                    <\/a>\r\n\r\n                <\/article><!--- .post-teaser-->\r\n\r\n            \r\n                <article class=\"post-teaser\">\r\n\r\n                    <a href=\"https:\/\/visualjournalism.de\/en\/magazine\/sammeln\/die-architektur-des-datenhandels\/\" rel=\"permalink\">\r\n\r\n                        <div class=\"post-teaser__content\">\r\n\r\n                            <span class=\"entry-categories\">Sammeln<\/span>\r\n                            <h3 class=\"post-teaser__headline\">\r\n                                Die Architektur des Datenhandels                            <\/h3>\r\n\r\n                            <div class=\"post-teaser__excerpt\">\r\n                                <p>Kaum ein System bleibt so unsichtbar und wirkt zugleich so weitreichend wie der Handel mit Nutzerdaten. Was wir anklicken, suchen oder besuchen, wird zu Signalen in einem globalen Markt, der Menschen in Kategorien einordnet und Informationen gezielt verteilt.<\/p>\r\n                            <\/div>\r\n\r\n                        <\/div><!-- .post-teaser__content -->\r\n\r\n\r\n                        \r\n                            <figure class=\"post-teaser__image\">\r\n                                <img loading=\"lazy\" decoding=\"async\"  \r\n                                    src=\"https:\/\/visualjournalism.de\/wp-content\/uploads\/24_Geiersbach-Paul_Accept-All-768x512.jpg\" \r\n                                    srcset=\"https:\/\/visualjournalism.de\/wp-content\/uploads\/24_Geiersbach-Paul_Accept-All-768x512.jpg 768w, https:\/\/visualjournalism.de\/wp-content\/uploads\/24_Geiersbach-Paul_Accept-All-300x200.jpg 300w, https:\/\/visualjournalism.de\/wp-content\/uploads\/24_Geiersbach-Paul_Accept-All-1024x682.jpg 1024w, https:\/\/visualjournalism.de\/wp-content\/uploads\/24_Geiersbach-Paul_Accept-All-1536x1024.jpg 1536w, https:\/\/visualjournalism.de\/wp-content\/uploads\/24_Geiersbach-Paul_Accept-All-1920x1280.jpg 1920w, https:\/\/visualjournalism.de\/wp-content\/uploads\/24_Geiersbach-Paul_Accept-All-1400x933.jpg 1400w, https:\/\/visualjournalism.de\/wp-content\/uploads\/24_Geiersbach-Paul_Accept-All-1050x700.jpg 1050w, https:\/\/visualjournalism.de\/wp-content\/uploads\/24_Geiersbach-Paul_Accept-All-670x447.jpg 670w, https:\/\/visualjournalism.de\/wp-content\/uploads\/24_Geiersbach-Paul_Accept-All-420x280.jpg 420w, https:\/\/visualjournalism.de\/wp-content\/uploads\/24_Geiersbach-Paul_Accept-All-350x233.jpg 350w, https:\/\/visualjournalism.de\/wp-content\/uploads\/24_Geiersbach-Paul_Accept-All-150x100.jpg 150w, https:\/\/visualjournalism.de\/wp-content\/uploads\/24_Geiersbach-Paul_Accept-All.jpg 2000w\" \r\n                                    width=\"768\"  \r\n                                    height=\"512\" \r\n                                    alt=\"eine querformatige farbige Fotografie. Eine W\u00fcstenlandschaft ist von oben fotografiert, mit einem leichten Sanh\u00fcgel. Der Sandh\u00fcgel ist in der Mitte des Bildes eingebrochen.\"\r\n                                \/>\r\n                            <\/figure>\r\n\r\n                        \r\n                    \r\n                    <\/a>\r\n\r\n                <\/article><!--- .post-teaser-->\r\n\r\n            \r\n        <\/div><!-- .teaser-grid -->\r\n\r\n\n\n\r\n\r\n\r\n\n\n\n    <div class=\"btn-wrapper has-spacing--m\">\n        <a class=\"btn\" href=\"https:\/\/visualjournalism.de\/magazin\/\" target=\"_blank\">ZUR MAGAZIN-STARTSEITE<\/a>\n    <\/div>\n<\/div>\n","protected":false},"excerpt":{"rendered":"","protected":false},"author":69,"featured_media":0,"parent":0,"menu_order":0,"comment_status":"closed","ping_status":"closed","template":"","meta":{"_acf_changed":false,"footnotes":""},"class_list":["post-39672","page","type-page","status-publish","hentry"],"acf":[],"yoast_head":"<!-- This site is optimized with the Yoast SEO Premium plugin v27.7 (Yoast SEO v27.7) - https:\/\/yoast.com\/product\/yoast-seo-premium-wordpress\/ -->\n<title>Michael Matthey &#8211; Visual Journalism and Documentary Photography<\/title>\n<meta name=\"robots\" content=\"index, follow, max-snippet:-1, max-image-preview:large, max-video-preview:-1\" \/>\n<link rel=\"canonical\" href=\"https:\/\/visualjournalism.de\/en\/michael-matthey\/\" \/>\n<meta property=\"og:locale\" content=\"en_US\" \/>\n<meta property=\"og:type\" content=\"article\" \/>\n<meta property=\"og:title\" content=\"Michael Matthey\" \/>\n<meta property=\"og:url\" content=\"https:\/\/visualjournalism.de\/en\/michael-matthey\/\" \/>\n<meta property=\"og:site_name\" content=\"Visual Journalism and Documentary Photography\" \/>\n<meta property=\"article:publisher\" content=\"https:\/\/www.facebook.com\/people\/wwwfotostudentende\/100065173703897\/\" \/>\n<meta property=\"article:modified_time\" content=\"2024-07-24T14:48:05+00:00\" \/>\n<meta name=\"twitter:card\" content=\"summary_large_image\" \/>\n<meta name=\"twitter:site\" content=\"@HsHannover\" \/>\n<meta name=\"twitter:label1\" content=\"Est. reading time\" \/>\n\t<meta name=\"twitter:data1\" content=\"1 minute\" \/>\n<script type=\"application\/ld+json\" class=\"yoast-schema-graph\">{\"@context\":\"https:\\\/\\\/schema.org\",\"@graph\":[{\"@type\":\"WebPage\",\"@id\":\"https:\\\/\\\/visualjournalism.de\\\/en\\\/michael-matthey\\\/\",\"url\":\"https:\\\/\\\/visualjournalism.de\\\/en\\\/michael-matthey\\\/\",\"name\":\"Michael Matthey &#8211; Visual Journalism and Documentary Photography\",\"isPartOf\":{\"@id\":\"https:\\\/\\\/visualjournalism.de\\\/en\\\/#website\"},\"datePublished\":\"2024-07-19T19:00:21+00:00\",\"dateModified\":\"2024-07-24T14:48:05+00:00\",\"breadcrumb\":{\"@id\":\"https:\\\/\\\/visualjournalism.de\\\/en\\\/michael-matthey\\\/#breadcrumb\"},\"inLanguage\":\"en-US\",\"potentialAction\":[{\"@type\":\"ReadAction\",\"target\":[\"https:\\\/\\\/visualjournalism.de\\\/en\\\/michael-matthey\\\/\"]}]},{\"@type\":\"BreadcrumbList\",\"@id\":\"https:\\\/\\\/visualjournalism.de\\\/en\\\/michael-matthey\\\/#breadcrumb\",\"itemListElement\":[{\"@type\":\"ListItem\",\"position\":1,\"name\":\"Home\",\"item\":\"https:\\\/\\\/visualjournalism.de\\\/en\\\/\"},{\"@type\":\"ListItem\",\"position\":2,\"name\":\"Michael Matthey\"}]},{\"@type\":\"WebSite\",\"@id\":\"https:\\\/\\\/visualjournalism.de\\\/en\\\/#website\",\"url\":\"https:\\\/\\\/visualjournalism.de\\\/en\\\/\",\"name\":\"Visual Journalism and Documentary Photography\",\"description\":\"All about the bilingual bachelor&#039;s program at Hannover University of Applied Sciences and Arts.\",\"publisher\":{\"@id\":\"https:\\\/\\\/visualjournalism.de\\\/en\\\/#organization\"},\"alternateName\":\"visualjournalism.de\",\"potentialAction\":[{\"@type\":\"SearchAction\",\"target\":{\"@type\":\"EntryPoint\",\"urlTemplate\":\"https:\\\/\\\/visualjournalism.de\\\/en\\\/?s={search_term_string}\"},\"query-input\":{\"@type\":\"PropertyValueSpecification\",\"valueRequired\":true,\"valueName\":\"search_term_string\"}}],\"inLanguage\":\"en-US\"},{\"@type\":\"Organization\",\"@id\":\"https:\\\/\\\/visualjournalism.de\\\/en\\\/#organization\",\"name\":\"Hochschule Hannover \u2013 University of Applied Sciences and Arts\",\"alternateName\":\"HsH\",\"url\":\"https:\\\/\\\/visualjournalism.de\\\/en\\\/\",\"logo\":{\"@type\":\"ImageObject\",\"inLanguage\":\"en-US\",\"@id\":\"https:\\\/\\\/visualjournalism.de\\\/en\\\/#\\\/schema\\\/logo\\\/image\\\/\",\"url\":\"https:\\\/\\\/visualjournalism.de\\\/wp-content\\\/uploads\\\/logo-hochschule-hannover.png\",\"contentUrl\":\"https:\\\/\\\/visualjournalism.de\\\/wp-content\\\/uploads\\\/logo-hochschule-hannover.png\",\"width\":363,\"height\":270,\"caption\":\"Hochschule Hannover \u2013 University of Applied Sciences and Arts\"},\"image\":{\"@id\":\"https:\\\/\\\/visualjournalism.de\\\/en\\\/#\\\/schema\\\/logo\\\/image\\\/\"},\"sameAs\":[\"https:\\\/\\\/www.facebook.com\\\/people\\\/wwwfotostudentende\\\/100065173703897\\\/\",\"https:\\\/\\\/x.com\\\/HsHannover\",\"https:\\\/\\\/www.instagram.com\\\/visualjournalism.de\\\/\"]}]}<\/script>\n<!-- \/ Yoast SEO Premium plugin. -->","yoast_head_json":{"title":"Michael Matthey &#8211; Visual Journalism and Documentary Photography","robots":{"index":"index","follow":"follow","max-snippet":"max-snippet:-1","max-image-preview":"max-image-preview:large","max-video-preview":"max-video-preview:-1"},"canonical":"https:\/\/visualjournalism.de\/en\/michael-matthey\/","og_locale":"en_US","og_type":"article","og_title":"Michael Matthey","og_url":"https:\/\/visualjournalism.de\/en\/michael-matthey\/","og_site_name":"Visual Journalism and Documentary Photography","article_publisher":"https:\/\/www.facebook.com\/people\/wwwfotostudentende\/100065173703897\/","article_modified_time":"2024-07-24T14:48:05+00:00","twitter_card":"summary_large_image","twitter_site":"@HsHannover","twitter_misc":{"Est. reading time":"1 minute"},"schema":{"@context":"https:\/\/schema.org","@graph":[{"@type":"WebPage","@id":"https:\/\/visualjournalism.de\/en\/michael-matthey\/","url":"https:\/\/visualjournalism.de\/en\/michael-matthey\/","name":"Michael Matthey &#8211; Visual Journalism and Documentary Photography","isPartOf":{"@id":"https:\/\/visualjournalism.de\/en\/#website"},"datePublished":"2024-07-19T19:00:21+00:00","dateModified":"2024-07-24T14:48:05+00:00","breadcrumb":{"@id":"https:\/\/visualjournalism.de\/en\/michael-matthey\/#breadcrumb"},"inLanguage":"en-US","potentialAction":[{"@type":"ReadAction","target":["https:\/\/visualjournalism.de\/en\/michael-matthey\/"]}]},{"@type":"BreadcrumbList","@id":"https:\/\/visualjournalism.de\/en\/michael-matthey\/#breadcrumb","itemListElement":[{"@type":"ListItem","position":1,"name":"Home","item":"https:\/\/visualjournalism.de\/en\/"},{"@type":"ListItem","position":2,"name":"Michael Matthey"}]},{"@type":"WebSite","@id":"https:\/\/visualjournalism.de\/en\/#website","url":"https:\/\/visualjournalism.de\/en\/","name":"Visual Journalism and Documentary Photography","description":"All about the bilingual bachelor&#039;s program at Hannover University of Applied Sciences and Arts.","publisher":{"@id":"https:\/\/visualjournalism.de\/en\/#organization"},"alternateName":"visualjournalism.de","potentialAction":[{"@type":"SearchAction","target":{"@type":"EntryPoint","urlTemplate":"https:\/\/visualjournalism.de\/en\/?s={search_term_string}"},"query-input":{"@type":"PropertyValueSpecification","valueRequired":true,"valueName":"search_term_string"}}],"inLanguage":"en-US"},{"@type":"Organization","@id":"https:\/\/visualjournalism.de\/en\/#organization","name":"Hochschule Hannover \u2013 University of Applied Sciences and Arts","alternateName":"HsH","url":"https:\/\/visualjournalism.de\/en\/","logo":{"@type":"ImageObject","inLanguage":"en-US","@id":"https:\/\/visualjournalism.de\/en\/#\/schema\/logo\/image\/","url":"https:\/\/visualjournalism.de\/wp-content\/uploads\/logo-hochschule-hannover.png","contentUrl":"https:\/\/visualjournalism.de\/wp-content\/uploads\/logo-hochschule-hannover.png","width":363,"height":270,"caption":"Hochschule Hannover \u2013 University of Applied Sciences and Arts"},"image":{"@id":"https:\/\/visualjournalism.de\/en\/#\/schema\/logo\/image\/"},"sameAs":["https:\/\/www.facebook.com\/people\/wwwfotostudentende\/100065173703897\/","https:\/\/x.com\/HsHannover","https:\/\/www.instagram.com\/visualjournalism.de\/"]}]}},"_links":{"self":[{"href":"https:\/\/visualjournalism.de\/en\/wp-json\/wp\/v2\/pages\/39672","targetHints":{"allow":["GET"]}}],"collection":[{"href":"https:\/\/visualjournalism.de\/en\/wp-json\/wp\/v2\/pages"}],"about":[{"href":"https:\/\/visualjournalism.de\/en\/wp-json\/wp\/v2\/types\/page"}],"author":[{"embeddable":true,"href":"https:\/\/visualjournalism.de\/en\/wp-json\/wp\/v2\/users\/69"}],"replies":[{"embeddable":true,"href":"https:\/\/visualjournalism.de\/en\/wp-json\/wp\/v2\/comments?post=39672"}],"version-history":[{"count":0,"href":"https:\/\/visualjournalism.de\/en\/wp-json\/wp\/v2\/pages\/39672\/revisions"}],"wp:attachment":[{"href":"https:\/\/visualjournalism.de\/en\/wp-json\/wp\/v2\/media?parent=39672"}],"curies":[{"name":"wp","href":"https:\/\/api.w.org\/{rel}","templated":true}]}}