{"id":39673,"date":"2024-07-19T19:01:19","date_gmt":"2024-07-19T19:01:19","guid":{"rendered":"https:\/\/visualjournalism.de\/?page_id=39673"},"modified":"2024-07-23T21:49:19","modified_gmt":"2024-07-23T21:49:19","slug":"joshua-hummel","status":"publish","type":"page","link":"https:\/\/visualjournalism.de\/en\/joshua-hummel\/","title":{"rendered":"Joshua Hummel"},"content":{"rendered":"\n \n\n    <div id=\"lead-in-block_200cf86cd5ef398e91075ebfb0895860\" class=\"block-lead-in typo--soehne font-size--xl has-spacing--s width--full\">\n        <h1><strong>Joshua Hummel<\/strong><\/h1>\n    <\/div>\n\n\n\n\n<div class=\"pinned-block has-spacing--m\">\n\t\n\n<div class=\"pinned-block__column--left\">\n    \n    <figure class=\"block-photo post__image--wide-left has-spacing--xs with-title\">\n\n        <div class=\"post__image__container\">\n            <img loading=\"lazy\" decoding=\"async\" \n                src=\"https:\/\/visualjournalism.de\/wp-content\/uploads\/Utrecht-8-von-17-Kopie-1050x700.jpg\"\n                srcset=\"https:\/\/visualjournalism.de\/wp-content\/uploads\/Utrecht-8-von-17-Kopie-1050x700.jpg 1050w, https:\/\/visualjournalism.de\/wp-content\/uploads\/Utrecht-8-von-17-Kopie-300x200.jpg 300w, https:\/\/visualjournalism.de\/wp-content\/uploads\/Utrecht-8-von-17-Kopie-1024x683.jpg 1024w, https:\/\/visualjournalism.de\/wp-content\/uploads\/Utrecht-8-von-17-Kopie-768x512.jpg 768w, https:\/\/visualjournalism.de\/wp-content\/uploads\/Utrecht-8-von-17-Kopie-1536x1024.jpg 1536w, https:\/\/visualjournalism.de\/wp-content\/uploads\/Utrecht-8-von-17-Kopie-2048x1365.jpg 2048w, https:\/\/visualjournalism.de\/wp-content\/uploads\/Utrecht-8-von-17-Kopie-1920x1280.jpg 1920w, https:\/\/visualjournalism.de\/wp-content\/uploads\/Utrecht-8-von-17-Kopie-1400x933.jpg 1400w, https:\/\/visualjournalism.de\/wp-content\/uploads\/Utrecht-8-von-17-Kopie-670x447.jpg 670w, https:\/\/visualjournalism.de\/wp-content\/uploads\/Utrecht-8-von-17-Kopie-420x280.jpg 420w, https:\/\/visualjournalism.de\/wp-content\/uploads\/Utrecht-8-von-17-Kopie-350x233.jpg 350w, https:\/\/visualjournalism.de\/wp-content\/uploads\/Utrecht-8-von-17-Kopie-150x100.jpg 150w\"\n                width=\"1050\" \n                height=\"700\"\n                alt=\"\" \n            \/>\n            \n                            <span class=\"post__image__title\">Foto: Meike Steube<\/span>\n                    <\/div><!-- post__image__container -->\n\n                    <figcaption class=\"post__image__caption--soehne\"><p>F<\/p>\n<\/figcaption>\n        \n    <\/figure><!-- post__image -->\n\n\n\n<\/div>\n\n\n<div class=\"pinned-block__column--right\">\n    \n\n<p class=\"post__paragraph is-style-typo--soehne has-spacing--default\"><strong>Joshua Lennart Hummel<\/strong> ist ein Fotograf und Fotojournalist aus Braunschweig, Deutschland. Sein Interesse an Fotografie begann w\u00e4hrend des Studiums in Oldenburg im Jahr 2009, insbesondere f\u00fcr Umwelt- und Sozialthemen.<br>Sp\u00e4ter studierte er in Hannover Fotojournalismus, um seine F\u00e4higkeiten zu verbessern. Neben seiner Arbeit in Deutschland engagiert er sich ehrenamtlich bei CleanUp Hannover und leitet ein Projekt an der Oder, das den industriellen Ausbau dokumentiert.<br>Joshua Lennart Hummel ist ein Fotograf mit starker sozialer und \u00f6kologischer Verantwortung. Seine Arbeit zielt darauf ab, das Bewusstsein f\u00fcr Umwelt- und Sozialprobleme zu sch\u00e4rfen und positive Ver\u00e4nderungen herbeizuf\u00fchren.<\/p>\n\n\n\n<p class=\"post__paragraph is-style-typo--soehne has-spacing--default\"><strong>Kontakt<\/strong><br>M +49 178 289 112 4<br><a href=\"mailto:j.l.hummel@gmx.de\">j.l.hummel@gmx.de<\/a><\/p>\n\n\n<\/div>\n<\/div>\n\n\n<div class=\"devider has-spacing--none\">\n    <hr>\n<\/div>\n\n\n \n\n    <div id=\"lead-in-block_fac37f8143115d84035d4056aa7de31d\" class=\"block-lead-in typo--default font-size--xl has-spacing--s width--default\">\n        <h2>Joshuas Beitr\u00e4ge<\/h2>\n    <\/div>\n\n\n\n\r\n<article class=\"post-teaser teaser-single--half-left has-spacing--xs post-44427 magazin type-magazin status-publish has-post-thumbnail hentry magazinkategorie-wasser\">\r\n\t<header class=\"entry-header\">\r\n\r\n\t\t<div class=\"entry-categories\">\n\t<a class=\"post__tag\" href=\"https:\/\/visualjournalism.de\/magazin-kategorie\/wasser\/\" rel=\"category tag\">Wasser<\/a><\/div>\r\n\t\t<a href=\"https:\/\/visualjournalism.de\/en\/magazine\/wasser\/synchronschwimmen-jeder-atemzug-koordiniert\/\" rel=\"bookmark\">\r\n\t\t\t<h2 class=\"entry-title\">Jeder Atemzug koordiniert.<\/h2>\r\n\t\t\t<p class=\"entry-excerpt\">Synchronschwimmen verlangt Beweglichkeit, musikalisches Timing und Teamgeist unter extremen Bedingungen. Wie pr\u00e4gt diese kollektive Harmonie junge Wassersportlerinnen?<\/p>\r\n\t\t<\/a>\r\n\r\n\t<\/header><!-- .entry-header -->\r\n\r\n\t<figure class=\"post__image\">\r\n\t\t<a href=\"https:\/\/visualjournalism.de\/en\/magazine\/wasser\/synchronschwimmen-jeder-atemzug-koordiniert\/\" rel=\"bookmark\">\r\n\t\t\t\n<div class=\"splide\">\n    <div class=\"splide__track\">\n\n        <div class=\"splide__list\">\n\n                    \n\n                    <div class=\"splide__slide\">\n\n                        <img loading=\"lazy\" decoding=\"async\"  \n                            src=\"https:\/\/visualjournalism.de\/wp-content\/uploads\/Synchronschwimmerinnen_Meline-Buehler_Lead-in-768x512.jpg\" \n                            srcset=\"https:\/\/visualjournalism.de\/wp-content\/uploads\/Synchronschwimmerinnen_Meline-Buehler_Lead-in-768x512.jpg 768w, https:\/\/visualjournalism.de\/wp-content\/uploads\/Synchronschwimmerinnen_Meline-Buehler_Lead-in-300x200.jpg 300w, https:\/\/visualjournalism.de\/wp-content\/uploads\/Synchronschwimmerinnen_Meline-Buehler_Lead-in-1024x683.jpg 1024w, https:\/\/visualjournalism.de\/wp-content\/uploads\/Synchronschwimmerinnen_Meline-Buehler_Lead-in-1536x1024.jpg 1536w, https:\/\/visualjournalism.de\/wp-content\/uploads\/Synchronschwimmerinnen_Meline-Buehler_Lead-in-2048x1365.jpg 2048w, https:\/\/visualjournalism.de\/wp-content\/uploads\/Synchronschwimmerinnen_Meline-Buehler_Lead-in-1920x1280.jpg 1920w, https:\/\/visualjournalism.de\/wp-content\/uploads\/Synchronschwimmerinnen_Meline-Buehler_Lead-in-1400x933.jpg 1400w, https:\/\/visualjournalism.de\/wp-content\/uploads\/Synchronschwimmerinnen_Meline-Buehler_Lead-in-1050x700.jpg 1050w, https:\/\/visualjournalism.de\/wp-content\/uploads\/Synchronschwimmerinnen_Meline-Buehler_Lead-in-670x447.jpg 670w, https:\/\/visualjournalism.de\/wp-content\/uploads\/Synchronschwimmerinnen_Meline-Buehler_Lead-in-420x280.jpg 420w, https:\/\/visualjournalism.de\/wp-content\/uploads\/Synchronschwimmerinnen_Meline-Buehler_Lead-in-350x233.jpg 350w, https:\/\/visualjournalism.de\/wp-content\/uploads\/Synchronschwimmerinnen_Meline-Buehler_Lead-in-150x100.jpg 150w\" \n                            width=\"768\"  \n                            height=\"512\" \n                            alt=\"\"  \n                        \/>\n\n                    <\/div>\n                \n                        \n\n                    <div class=\"splide__slide\">\n\n                        <img loading=\"lazy\" decoding=\"async\"  \n                            src=\"https:\/\/visualjournalism.de\/wp-content\/uploads\/Meline_Buehler_Bild-10-1-768x516.jpg\" \n                            srcset=\"https:\/\/visualjournalism.de\/wp-content\/uploads\/Meline_Buehler_Bild-10-1-768x516.jpg 768w, https:\/\/visualjournalism.de\/wp-content\/uploads\/Meline_Buehler_Bild-10-1-300x202.jpg 300w, https:\/\/visualjournalism.de\/wp-content\/uploads\/Meline_Buehler_Bild-10-1-1024x688.jpg 1024w, https:\/\/visualjournalism.de\/wp-content\/uploads\/Meline_Buehler_Bild-10-1-1536x1032.jpg 1536w, https:\/\/visualjournalism.de\/wp-content\/uploads\/Meline_Buehler_Bild-10-1-2048x1376.jpg 2048w, https:\/\/visualjournalism.de\/wp-content\/uploads\/Meline_Buehler_Bild-10-1-1920x1290.jpg 1920w, https:\/\/visualjournalism.de\/wp-content\/uploads\/Meline_Buehler_Bild-10-1-1400x941.jpg 1400w, https:\/\/visualjournalism.de\/wp-content\/uploads\/Meline_Buehler_Bild-10-1-1050x705.jpg 1050w, https:\/\/visualjournalism.de\/wp-content\/uploads\/Meline_Buehler_Bild-10-1-670x450.jpg 670w, https:\/\/visualjournalism.de\/wp-content\/uploads\/Meline_Buehler_Bild-10-1-420x282.jpg 420w, https:\/\/visualjournalism.de\/wp-content\/uploads\/Meline_Buehler_Bild-10-1-350x235.jpg 350w, https:\/\/visualjournalism.de\/wp-content\/uploads\/Meline_Buehler_Bild-10-1-150x101.jpg 150w\" \n                            width=\"768\"  \n                            height=\"516\" \n                            alt=\"\"  \n                        \/>\n\n                    <\/div>\n                \n                        \n\n                    <div class=\"splide__slide\">\n\n                        <img loading=\"lazy\" decoding=\"async\"  \n                            src=\"https:\/\/visualjournalism.de\/wp-content\/uploads\/Meline_Buehler_Bild-06-768x512.jpg\" \n                            srcset=\"https:\/\/visualjournalism.de\/wp-content\/uploads\/Meline_Buehler_Bild-06-768x512.jpg 768w, https:\/\/visualjournalism.de\/wp-content\/uploads\/Meline_Buehler_Bild-06-300x200.jpg 300w, https:\/\/visualjournalism.de\/wp-content\/uploads\/Meline_Buehler_Bild-06-1024x683.jpg 1024w, https:\/\/visualjournalism.de\/wp-content\/uploads\/Meline_Buehler_Bild-06-1536x1024.jpg 1536w, https:\/\/visualjournalism.de\/wp-content\/uploads\/Meline_Buehler_Bild-06-2048x1365.jpg 2048w, https:\/\/visualjournalism.de\/wp-content\/uploads\/Meline_Buehler_Bild-06-1920x1280.jpg 1920w, https:\/\/visualjournalism.de\/wp-content\/uploads\/Meline_Buehler_Bild-06-1400x933.jpg 1400w, https:\/\/visualjournalism.de\/wp-content\/uploads\/Meline_Buehler_Bild-06-1050x700.jpg 1050w, https:\/\/visualjournalism.de\/wp-content\/uploads\/Meline_Buehler_Bild-06-670x447.jpg 670w, https:\/\/visualjournalism.de\/wp-content\/uploads\/Meline_Buehler_Bild-06-420x280.jpg 420w, https:\/\/visualjournalism.de\/wp-content\/uploads\/Meline_Buehler_Bild-06-350x233.jpg 350w, https:\/\/visualjournalism.de\/wp-content\/uploads\/Meline_Buehler_Bild-06-150x100.jpg 150w\" \n                            width=\"768\"  \n                            height=\"512\" \n                            alt=\"\"  \n                        \/>\n\n                    <\/div>\n                \n                        \n\n                    <div class=\"splide__slide\">\n\n                        <img loading=\"lazy\" decoding=\"async\"  \n                            src=\"https:\/\/visualjournalism.de\/wp-content\/uploads\/Meline_Buehler_Bild-01-768x512.jpg\" \n                            srcset=\"https:\/\/visualjournalism.de\/wp-content\/uploads\/Meline_Buehler_Bild-01-768x512.jpg 768w, https:\/\/visualjournalism.de\/wp-content\/uploads\/Meline_Buehler_Bild-01-300x200.jpg 300w, https:\/\/visualjournalism.de\/wp-content\/uploads\/Meline_Buehler_Bild-01-1024x683.jpg 1024w, https:\/\/visualjournalism.de\/wp-content\/uploads\/Meline_Buehler_Bild-01-1536x1024.jpg 1536w, https:\/\/visualjournalism.de\/wp-content\/uploads\/Meline_Buehler_Bild-01-2048x1365.jpg 2048w, https:\/\/visualjournalism.de\/wp-content\/uploads\/Meline_Buehler_Bild-01-1920x1280.jpg 1920w, https:\/\/visualjournalism.de\/wp-content\/uploads\/Meline_Buehler_Bild-01-1400x933.jpg 1400w, https:\/\/visualjournalism.de\/wp-content\/uploads\/Meline_Buehler_Bild-01-1050x700.jpg 1050w, https:\/\/visualjournalism.de\/wp-content\/uploads\/Meline_Buehler_Bild-01-670x447.jpg 670w, https:\/\/visualjournalism.de\/wp-content\/uploads\/Meline_Buehler_Bild-01-420x280.jpg 420w, https:\/\/visualjournalism.de\/wp-content\/uploads\/Meline_Buehler_Bild-01-350x233.jpg 350w, https:\/\/visualjournalism.de\/wp-content\/uploads\/Meline_Buehler_Bild-01-150x100.jpg 150w\" \n                            width=\"768\"  \n                            height=\"512\" \n                            alt=\"\"  \n                        \/>\n\n                    <\/div>\n                \n                \n        <\/div> <!-- .splide__list -->\n\n    <\/div><!-- slide__track -->\n<\/div>\t\t<\/a>\r\n\t<\/figure><!-- .post__image -->\r\n\r\n<\/article>\r\n\n\n\n<div class=\"wp-block-group has-spacing--default has-spacing--default\">\n<div class=\"devider has-spacing--none\">\n    <hr>\n<\/div>\n\n\n \n\n    <div id=\"lead-in-block_51a836d8b38415b051f7a3feb1f0e5b9\" class=\"block-lead-in typo--default font-size--xl has-spacing--s width--default\">\n        <p><strong>Empfehlungen der Redaktion:<\/strong><\/p>\n    <\/div>\n\n\n\n\r\n\r\n\r\n\n\n\r\n\r\n\r\n\r\n        <div class=\"teaser-grid grid-layout--3col has-spacing--s width--inline\">\r\n\r\n            \r\n                <article class=\"post-teaser\">\r\n\r\n                    <a href=\"https:\/\/visualjournalism.de\/en\/magazine\/ratgeber\/wie-du-eine-unterwegs-blitzt\/\" rel=\"permalink\">\r\n\r\n                        <div class=\"post-teaser__content\">\r\n\r\n                            <span class=\"entry-categories\">Ratgeber<\/span>\r\n                            <h3 class=\"post-teaser__headline\">\r\n                                Kunstlicht to-go: wie du unterwegs blitzt.                            <\/h3>\r\n\r\n                            <div class=\"post-teaser__excerpt\">\r\n                                <p>K\u00fcnstliches Licht er\u00f6ffnet viele neue Gestaltungsm\u00f6glichkeiten, stellt Anf\u00e4nger aber auch vor technische und gestalterische Herausforderungen. Hier erf\u00e4hrst du wie es geht!<\/p>\r\n                            <\/div>\r\n\r\n                        <\/div><!-- .post-teaser__content -->\r\n\r\n\r\n                        \r\n                            <figure class=\"post-teaser__image\">\r\n                                <img loading=\"lazy\" decoding=\"async\"  \r\n                                    src=\"https:\/\/visualjournalism.de\/wp-content\/uploads\/Simon-Deppe_1945-2025-768x513.jpg\" \r\n                                    srcset=\"https:\/\/visualjournalism.de\/wp-content\/uploads\/Simon-Deppe_1945-2025-768x513.jpg 768w, https:\/\/visualjournalism.de\/wp-content\/uploads\/Simon-Deppe_1945-2025-300x200.jpg 300w, https:\/\/visualjournalism.de\/wp-content\/uploads\/Simon-Deppe_1945-2025-1024x683.jpg 1024w, https:\/\/visualjournalism.de\/wp-content\/uploads\/Simon-Deppe_1945-2025-1536x1025.jpg 1536w, https:\/\/visualjournalism.de\/wp-content\/uploads\/Simon-Deppe_1945-2025-2048x1367.jpg 2048w, https:\/\/visualjournalism.de\/wp-content\/uploads\/Simon-Deppe_1945-2025-1920x1281.jpg 1920w, https:\/\/visualjournalism.de\/wp-content\/uploads\/Simon-Deppe_1945-2025-1400x934.jpg 1400w, https:\/\/visualjournalism.de\/wp-content\/uploads\/Simon-Deppe_1945-2025-1050x701.jpg 1050w, https:\/\/visualjournalism.de\/wp-content\/uploads\/Simon-Deppe_1945-2025-670x447.jpg 670w, https:\/\/visualjournalism.de\/wp-content\/uploads\/Simon-Deppe_1945-2025-420x280.jpg 420w, https:\/\/visualjournalism.de\/wp-content\/uploads\/Simon-Deppe_1945-2025-350x234.jpg 350w, https:\/\/visualjournalism.de\/wp-content\/uploads\/Simon-Deppe_1945-2025-150x100.jpg 150w\" \r\n                                    width=\"768\"  \r\n                                    height=\"513\" \r\n                                    alt=\"\"\r\n                                \/>\r\n                            <\/figure>\r\n\r\n                        \r\n                    \r\n                    <\/a>\r\n\r\n                <\/article><!--- .post-teaser-->\r\n\r\n            \r\n                <article class=\"post-teaser\">\r\n\r\n                    <a href=\"https:\/\/visualjournalism.de\/en\/magazine\/ratgeber\/die-sache-mit-der-motivation\/\" rel=\"permalink\">\r\n\r\n                        <div class=\"post-teaser__content\">\r\n\r\n                            <span class=\"entry-categories\">Ratgeber<\/span>\r\n                            <h3 class=\"post-teaser__headline\">\r\n                                Die Sache mit der Motivation.                            <\/h3>\r\n\r\n                            <div class=\"post-teaser__excerpt\">\r\n                                <p>Auch wenn man seine Leidenschaft zum Beruf macht, wird einem die Motivation ab und an den R\u00fccken kehren. Wenn die Freude zur Qual wird und wie wir uns die Lust an der Arbeit zur\u00fcck erobern!<\/p>\r\n                            <\/div>\r\n\r\n                        <\/div><!-- .post-teaser__content -->\r\n\r\n\r\n                        \r\n                            <figure class=\"post-teaser__image\">\r\n                                <img loading=\"lazy\" decoding=\"async\"  \r\n                                    src=\"https:\/\/visualjournalism.de\/wp-content\/uploads\/2025\/12\/Max-Schlag_Carlotta-Steinkamp-768x512.jpeg\" \r\n                                    srcset=\"https:\/\/visualjournalism.de\/wp-content\/uploads\/2025\/12\/Max-Schlag_Carlotta-Steinkamp-768x512.jpeg 768w, https:\/\/visualjournalism.de\/wp-content\/uploads\/2025\/12\/Max-Schlag_Carlotta-Steinkamp-300x200.jpeg 300w, https:\/\/visualjournalism.de\/wp-content\/uploads\/2025\/12\/Max-Schlag_Carlotta-Steinkamp-1024x683.jpeg 1024w, https:\/\/visualjournalism.de\/wp-content\/uploads\/2025\/12\/Max-Schlag_Carlotta-Steinkamp-1536x1024.jpeg 1536w, https:\/\/visualjournalism.de\/wp-content\/uploads\/2025\/12\/Max-Schlag_Carlotta-Steinkamp-1920x1280.jpeg 1920w, https:\/\/visualjournalism.de\/wp-content\/uploads\/2025\/12\/Max-Schlag_Carlotta-Steinkamp-1400x933.jpeg 1400w, https:\/\/visualjournalism.de\/wp-content\/uploads\/2025\/12\/Max-Schlag_Carlotta-Steinkamp-1050x700.jpeg 1050w, https:\/\/visualjournalism.de\/wp-content\/uploads\/2025\/12\/Max-Schlag_Carlotta-Steinkamp-670x447.jpeg 670w, https:\/\/visualjournalism.de\/wp-content\/uploads\/2025\/12\/Max-Schlag_Carlotta-Steinkamp-420x280.jpeg 420w, https:\/\/visualjournalism.de\/wp-content\/uploads\/2025\/12\/Max-Schlag_Carlotta-Steinkamp-350x233.jpeg 350w, https:\/\/visualjournalism.de\/wp-content\/uploads\/2025\/12\/Max-Schlag_Carlotta-Steinkamp-150x100.jpeg 150w, https:\/\/visualjournalism.de\/wp-content\/uploads\/2025\/12\/Max-Schlag_Carlotta-Steinkamp.jpeg 2048w\" \r\n                                    width=\"768\"  \r\n                                    height=\"512\" \r\n                                    alt=\"\"\r\n                                \/>\r\n                            <\/figure>\r\n\r\n                        \r\n                    \r\n                    <\/a>\r\n\r\n                <\/article><!--- .post-teaser-->\r\n\r\n            \r\n                <article class=\"post-teaser\">\r\n\r\n                    <a href=\"https:\/\/visualjournalism.de\/en\/magazine\/ratgeber\/nicht-jedes-laecheln-bedeutet-zustimmung-wie-respektvolle-reisefotografie-gelingt\/\" rel=\"permalink\">\r\n\r\n                        <div class=\"post-teaser__content\">\r\n\r\n                            <span class=\"entry-categories\">Ratgeber<\/span>\r\n                            <h3 class=\"post-teaser__headline\">\r\n                                Faire Reisefotografie: Nicht jedes L\u00e4cheln bedeutet Zustimmung\u00a0                            <\/h3>\r\n\r\n                            <div class=\"post-teaser__excerpt\">\r\n                                <p>Ein Klick geht schnell, R\u00fccksicht nicht immer \u2013 so fotografierst du auf deinen Reisen respektvoll.<\/p>\r\n                            <\/div>\r\n\r\n                        <\/div><!-- .post-teaser__content -->\r\n\r\n\r\n                        \r\n                            <figure class=\"post-teaser__image\">\r\n                                <img loading=\"lazy\" decoding=\"async\"  \r\n                                    src=\"https:\/\/visualjournalism.de\/wp-content\/uploads\/SalomeZiermann_Scan_Indien_03-768x512.jpg\" \r\n                                    srcset=\"https:\/\/visualjournalism.de\/wp-content\/uploads\/SalomeZiermann_Scan_Indien_03-768x512.jpg 768w, https:\/\/visualjournalism.de\/wp-content\/uploads\/SalomeZiermann_Scan_Indien_03-300x200.jpg 300w, https:\/\/visualjournalism.de\/wp-content\/uploads\/SalomeZiermann_Scan_Indien_03-1024x683.jpg 1024w, https:\/\/visualjournalism.de\/wp-content\/uploads\/SalomeZiermann_Scan_Indien_03-1050x700.jpg 1050w, https:\/\/visualjournalism.de\/wp-content\/uploads\/SalomeZiermann_Scan_Indien_03-670x447.jpg 670w, https:\/\/visualjournalism.de\/wp-content\/uploads\/SalomeZiermann_Scan_Indien_03-420x280.jpg 420w, https:\/\/visualjournalism.de\/wp-content\/uploads\/SalomeZiermann_Scan_Indien_03-350x233.jpg 350w, https:\/\/visualjournalism.de\/wp-content\/uploads\/SalomeZiermann_Scan_Indien_03-150x100.jpg 150w, https:\/\/visualjournalism.de\/wp-content\/uploads\/SalomeZiermann_Scan_Indien_03.jpg 1200w\" \r\n                                    width=\"768\"  \r\n                                    height=\"512\" \r\n                                    alt=\"Zwei Frauen in traditionellen, bunten Saris l\u00e4cheln und gestikulieren in die Kamera. Ein Kind und ein Junge im Hintergrund erg\u00e4nzen die Szene.\"\r\n                                \/>\r\n                            <\/figure>\r\n\r\n                        \r\n                    \r\n                    <\/a>\r\n\r\n                <\/article><!--- .post-teaser-->\r\n\r\n            \r\n        <\/div><!-- .teaser-grid -->\r\n\r\n\n\n\r\n\r\n\r\n\n\n\n    <div class=\"btn-wrapper has-spacing--m\">\n        <a class=\"btn\" href=\"https:\/\/visualjournalism.de\/magazin\/\" target=\"_blank\">ZUR MAGAZIN-STARTSEITE<\/a>\n    <\/div>\n<\/div>\n\n\n\n<div class=\"pinned-block has-spacing--m\">\n\t\n\n<div class=\"pinned-block__column--left\">\n    \n<\/div>\n\n\n<div class=\"pinned-block__column--right\">\n    \n<\/div>\n<\/div>","protected":false},"excerpt":{"rendered":"","protected":false},"author":64,"featured_media":39670,"parent":0,"menu_order":0,"comment_status":"closed","ping_status":"closed","template":"","meta":{"_acf_changed":false,"footnotes":""},"class_list":["post-39673","page","type-page","status-publish","has-post-thumbnail","hentry"],"acf":[],"yoast_head":"<!-- This site is optimized with the Yoast SEO Premium plugin v27.3 (Yoast SEO v27.3) - https:\/\/yoast.com\/product\/yoast-seo-premium-wordpress\/ -->\n<title>Joshua Hummel - Dokumentarfotograf und visueller Journalist<\/title>\n<meta name=\"description\" content=\"Joshua Hummel wurde 1989 in Bremen geboren. Das Experimentieren mit verschiedenen k\u00fcnstlerischen Ausdrucksweisen brachte ihn zur Fotografie.\" \/>\n<meta name=\"robots\" content=\"index, follow, max-snippet:-1, max-image-preview:large, max-video-preview:-1\" \/>\n<link rel=\"canonical\" href=\"https:\/\/visualjournalism.de\/en\/joshua-hummel\/\" \/>\n<meta property=\"og:locale\" content=\"en_US\" \/>\n<meta property=\"og:type\" content=\"article\" \/>\n<meta property=\"og:title\" content=\"Joshua Hummel\" \/>\n<meta property=\"og:description\" content=\"Joshua Hummel wurde 1989 in Bremen geboren. Das Experimentieren mit verschiedenen k\u00fcnstlerischen Ausdrucksweisen brachte ihn zur Fotografie.\" \/>\n<meta property=\"og:url\" content=\"https:\/\/visualjournalism.de\/en\/joshua-hummel\/\" \/>\n<meta property=\"og:site_name\" content=\"Visual Journalism and Documentary Photography\" \/>\n<meta property=\"article:publisher\" content=\"https:\/\/www.facebook.com\/people\/wwwfotostudentende\/100065173703897\/\" \/>\n<meta property=\"article:modified_time\" content=\"2024-07-23T21:49:19+00:00\" \/>\n<meta property=\"og:image\" content=\"https:\/\/visualjournalism.de\/wp-content\/uploads\/Utrecht-8-von-17-Kopie-scaled.jpg\" \/>\n\t<meta property=\"og:image:width\" content=\"2560\" \/>\n\t<meta property=\"og:image:height\" content=\"1707\" \/>\n\t<meta property=\"og:image:type\" content=\"image\/jpeg\" \/>\n<meta name=\"twitter:card\" content=\"summary_large_image\" \/>\n<meta name=\"twitter:site\" content=\"@HsHannover\" \/>\n<meta name=\"twitter:label1\" content=\"Est. reading time\" \/>\n\t<meta name=\"twitter:data1\" content=\"1 minute\" \/>\n<script type=\"application\/ld+json\" class=\"yoast-schema-graph\">{\"@context\":\"https:\\\/\\\/schema.org\",\"@graph\":[{\"@type\":\"WebPage\",\"@id\":\"https:\\\/\\\/visualjournalism.de\\\/en\\\/joshua-hummel\\\/\",\"url\":\"https:\\\/\\\/visualjournalism.de\\\/en\\\/joshua-hummel\\\/\",\"name\":\"Joshua Hummel - Dokumentarfotograf und visueller Journalist\",\"isPartOf\":{\"@id\":\"https:\\\/\\\/visualjournalism.de\\\/en\\\/#website\"},\"primaryImageOfPage\":{\"@id\":\"https:\\\/\\\/visualjournalism.de\\\/en\\\/joshua-hummel\\\/#primaryimage\"},\"image\":{\"@id\":\"https:\\\/\\\/visualjournalism.de\\\/en\\\/joshua-hummel\\\/#primaryimage\"},\"thumbnailUrl\":\"https:\\\/\\\/visualjournalism.de\\\/wp-content\\\/uploads\\\/Utrecht-8-von-17-Kopie-scaled.jpg\",\"datePublished\":\"2024-07-19T19:01:19+00:00\",\"dateModified\":\"2024-07-23T21:49:19+00:00\",\"description\":\"Joshua Hummel wurde 1989 in Bremen geboren. Das Experimentieren mit verschiedenen k\u00fcnstlerischen Ausdrucksweisen brachte ihn zur Fotografie.\",\"breadcrumb\":{\"@id\":\"https:\\\/\\\/visualjournalism.de\\\/en\\\/joshua-hummel\\\/#breadcrumb\"},\"inLanguage\":\"en-US\",\"potentialAction\":[{\"@type\":\"ReadAction\",\"target\":[\"https:\\\/\\\/visualjournalism.de\\\/en\\\/joshua-hummel\\\/\"]}]},{\"@type\":\"ImageObject\",\"inLanguage\":\"en-US\",\"@id\":\"https:\\\/\\\/visualjournalism.de\\\/en\\\/joshua-hummel\\\/#primaryimage\",\"url\":\"https:\\\/\\\/visualjournalism.de\\\/wp-content\\\/uploads\\\/Utrecht-8-von-17-Kopie-scaled.jpg\",\"contentUrl\":\"https:\\\/\\\/visualjournalism.de\\\/wp-content\\\/uploads\\\/Utrecht-8-von-17-Kopie-scaled.jpg\",\"width\":2560,\"height\":1707,\"caption\":\"Foto: Meike Steube\"},{\"@type\":\"BreadcrumbList\",\"@id\":\"https:\\\/\\\/visualjournalism.de\\\/en\\\/joshua-hummel\\\/#breadcrumb\",\"itemListElement\":[{\"@type\":\"ListItem\",\"position\":1,\"name\":\"Home\",\"item\":\"https:\\\/\\\/visualjournalism.de\\\/en\\\/\"},{\"@type\":\"ListItem\",\"position\":2,\"name\":\"Joshua Hummel\"}]},{\"@type\":\"WebSite\",\"@id\":\"https:\\\/\\\/visualjournalism.de\\\/en\\\/#website\",\"url\":\"https:\\\/\\\/visualjournalism.de\\\/en\\\/\",\"name\":\"Visual Journalism and Documentary Photography\",\"description\":\"All about the bilingual bachelor&#039;s program at Hannover University of Applied Sciences and Arts.\",\"publisher\":{\"@id\":\"https:\\\/\\\/visualjournalism.de\\\/en\\\/#organization\"},\"alternateName\":\"visualjournalism.de\",\"potentialAction\":[{\"@type\":\"SearchAction\",\"target\":{\"@type\":\"EntryPoint\",\"urlTemplate\":\"https:\\\/\\\/visualjournalism.de\\\/en\\\/?s={search_term_string}\"},\"query-input\":{\"@type\":\"PropertyValueSpecification\",\"valueRequired\":true,\"valueName\":\"search_term_string\"}}],\"inLanguage\":\"en-US\"},{\"@type\":\"Organization\",\"@id\":\"https:\\\/\\\/visualjournalism.de\\\/en\\\/#organization\",\"name\":\"Hochschule Hannover \u2013 University of Applied Sciences and Arts\",\"alternateName\":\"HsH\",\"url\":\"https:\\\/\\\/visualjournalism.de\\\/en\\\/\",\"logo\":{\"@type\":\"ImageObject\",\"inLanguage\":\"en-US\",\"@id\":\"https:\\\/\\\/visualjournalism.de\\\/en\\\/#\\\/schema\\\/logo\\\/image\\\/\",\"url\":\"https:\\\/\\\/visualjournalism.de\\\/wp-content\\\/uploads\\\/logo-hochschule-hannover.png\",\"contentUrl\":\"https:\\\/\\\/visualjournalism.de\\\/wp-content\\\/uploads\\\/logo-hochschule-hannover.png\",\"width\":363,\"height\":270,\"caption\":\"Hochschule Hannover \u2013 University of Applied Sciences and Arts\"},\"image\":{\"@id\":\"https:\\\/\\\/visualjournalism.de\\\/en\\\/#\\\/schema\\\/logo\\\/image\\\/\"},\"sameAs\":[\"https:\\\/\\\/www.facebook.com\\\/people\\\/wwwfotostudentende\\\/100065173703897\\\/\",\"https:\\\/\\\/x.com\\\/HsHannover\",\"https:\\\/\\\/www.instagram.com\\\/visualjournalism.de\\\/\"]}]}<\/script>\n<!-- \/ Yoast SEO Premium plugin. -->","yoast_head_json":{"title":"Joshua Hummel - Dokumentarfotograf und visueller Journalist","description":"Joshua Hummel wurde 1989 in Bremen geboren. Das Experimentieren mit verschiedenen k\u00fcnstlerischen Ausdrucksweisen brachte ihn zur Fotografie.","robots":{"index":"index","follow":"follow","max-snippet":"max-snippet:-1","max-image-preview":"max-image-preview:large","max-video-preview":"max-video-preview:-1"},"canonical":"https:\/\/visualjournalism.de\/en\/joshua-hummel\/","og_locale":"en_US","og_type":"article","og_title":"Joshua Hummel","og_description":"Joshua Hummel wurde 1989 in Bremen geboren. Das Experimentieren mit verschiedenen k\u00fcnstlerischen Ausdrucksweisen brachte ihn zur Fotografie.","og_url":"https:\/\/visualjournalism.de\/en\/joshua-hummel\/","og_site_name":"Visual Journalism and Documentary Photography","article_publisher":"https:\/\/www.facebook.com\/people\/wwwfotostudentende\/100065173703897\/","article_modified_time":"2024-07-23T21:49:19+00:00","og_image":[{"width":2560,"height":1707,"url":"https:\/\/visualjournalism.de\/wp-content\/uploads\/Utrecht-8-von-17-Kopie-scaled.jpg","type":"image\/jpeg"}],"twitter_card":"summary_large_image","twitter_site":"@HsHannover","twitter_misc":{"Est. reading time":"1 minute"},"schema":{"@context":"https:\/\/schema.org","@graph":[{"@type":"WebPage","@id":"https:\/\/visualjournalism.de\/en\/joshua-hummel\/","url":"https:\/\/visualjournalism.de\/en\/joshua-hummel\/","name":"Joshua Hummel - Dokumentarfotograf und visueller Journalist","isPartOf":{"@id":"https:\/\/visualjournalism.de\/en\/#website"},"primaryImageOfPage":{"@id":"https:\/\/visualjournalism.de\/en\/joshua-hummel\/#primaryimage"},"image":{"@id":"https:\/\/visualjournalism.de\/en\/joshua-hummel\/#primaryimage"},"thumbnailUrl":"https:\/\/visualjournalism.de\/wp-content\/uploads\/Utrecht-8-von-17-Kopie-scaled.jpg","datePublished":"2024-07-19T19:01:19+00:00","dateModified":"2024-07-23T21:49:19+00:00","description":"Joshua Hummel wurde 1989 in Bremen geboren. Das Experimentieren mit verschiedenen k\u00fcnstlerischen Ausdrucksweisen brachte ihn zur Fotografie.","breadcrumb":{"@id":"https:\/\/visualjournalism.de\/en\/joshua-hummel\/#breadcrumb"},"inLanguage":"en-US","potentialAction":[{"@type":"ReadAction","target":["https:\/\/visualjournalism.de\/en\/joshua-hummel\/"]}]},{"@type":"ImageObject","inLanguage":"en-US","@id":"https:\/\/visualjournalism.de\/en\/joshua-hummel\/#primaryimage","url":"https:\/\/visualjournalism.de\/wp-content\/uploads\/Utrecht-8-von-17-Kopie-scaled.jpg","contentUrl":"https:\/\/visualjournalism.de\/wp-content\/uploads\/Utrecht-8-von-17-Kopie-scaled.jpg","width":2560,"height":1707,"caption":"Foto: Meike Steube"},{"@type":"BreadcrumbList","@id":"https:\/\/visualjournalism.de\/en\/joshua-hummel\/#breadcrumb","itemListElement":[{"@type":"ListItem","position":1,"name":"Home","item":"https:\/\/visualjournalism.de\/en\/"},{"@type":"ListItem","position":2,"name":"Joshua Hummel"}]},{"@type":"WebSite","@id":"https:\/\/visualjournalism.de\/en\/#website","url":"https:\/\/visualjournalism.de\/en\/","name":"Visual Journalism and Documentary Photography","description":"All about the bilingual bachelor&#039;s program at Hannover University of Applied Sciences and Arts.","publisher":{"@id":"https:\/\/visualjournalism.de\/en\/#organization"},"alternateName":"visualjournalism.de","potentialAction":[{"@type":"SearchAction","target":{"@type":"EntryPoint","urlTemplate":"https:\/\/visualjournalism.de\/en\/?s={search_term_string}"},"query-input":{"@type":"PropertyValueSpecification","valueRequired":true,"valueName":"search_term_string"}}],"inLanguage":"en-US"},{"@type":"Organization","@id":"https:\/\/visualjournalism.de\/en\/#organization","name":"Hochschule Hannover \u2013 University of Applied Sciences and Arts","alternateName":"HsH","url":"https:\/\/visualjournalism.de\/en\/","logo":{"@type":"ImageObject","inLanguage":"en-US","@id":"https:\/\/visualjournalism.de\/en\/#\/schema\/logo\/image\/","url":"https:\/\/visualjournalism.de\/wp-content\/uploads\/logo-hochschule-hannover.png","contentUrl":"https:\/\/visualjournalism.de\/wp-content\/uploads\/logo-hochschule-hannover.png","width":363,"height":270,"caption":"Hochschule Hannover \u2013 University of Applied Sciences and Arts"},"image":{"@id":"https:\/\/visualjournalism.de\/en\/#\/schema\/logo\/image\/"},"sameAs":["https:\/\/www.facebook.com\/people\/wwwfotostudentende\/100065173703897\/","https:\/\/x.com\/HsHannover","https:\/\/www.instagram.com\/visualjournalism.de\/"]}]}},"_links":{"self":[{"href":"https:\/\/visualjournalism.de\/en\/wp-json\/wp\/v2\/pages\/39673","targetHints":{"allow":["GET"]}}],"collection":[{"href":"https:\/\/visualjournalism.de\/en\/wp-json\/wp\/v2\/pages"}],"about":[{"href":"https:\/\/visualjournalism.de\/en\/wp-json\/wp\/v2\/types\/page"}],"author":[{"embeddable":true,"href":"https:\/\/visualjournalism.de\/en\/wp-json\/wp\/v2\/users\/64"}],"replies":[{"embeddable":true,"href":"https:\/\/visualjournalism.de\/en\/wp-json\/wp\/v2\/comments?post=39673"}],"version-history":[{"count":0,"href":"https:\/\/visualjournalism.de\/en\/wp-json\/wp\/v2\/pages\/39673\/revisions"}],"wp:featuredmedia":[{"embeddable":true,"href":"https:\/\/visualjournalism.de\/en\/wp-json\/wp\/v2\/media\/39670"}],"wp:attachment":[{"href":"https:\/\/visualjournalism.de\/en\/wp-json\/wp\/v2\/media?parent=39673"}],"curies":[{"name":"wp","href":"https:\/\/api.w.org\/{rel}","templated":true}]}}