{"id":39678,"date":"2024-03-17T11:36:54","date_gmt":"2024-03-17T11:36:54","guid":{"rendered":"https:\/\/visualjournalism.de\/?page_id=39678"},"modified":"2024-07-23T11:06:24","modified_gmt":"2024-07-23T11:06:24","slug":"stella-meyer-und-sarah-schneider","status":"publish","type":"page","link":"https:\/\/visualjournalism.de\/en\/stella-meyer-und-sarah-schneider\/","title":{"rendered":"Stella Meyer und Sarah Schneider"},"content":{"rendered":"\n \n\n    <div id=\"lead-in-block_4e2b5b464ff5b5ff5aafdcb59a2665a8\" class=\"block-lead-in typo--default font-size--xl has-spacing--m width--default\">\n        <h1>Stella Meyer und Sarah Schneider<\/h1>\n    <\/div>\n\n\n\n\n<div class=\"pinned-block has-spacing--m\">\n\t\n\n<div class=\"pinned-block__column--left\">\n    \n    <figure class=\"block-photo post__image--full has-spacing--m with-title\">\n\n        <div class=\"post__image__container\">\n            <img loading=\"lazy\" decoding=\"async\" \n                src=\"https:\/\/visualjournalism.de\/wp-content\/uploads\/Portrait_Stella-Meyer-links-und-Sarah-Schneider-rechts_c-Fabian-Niebauer_klein-1400x1000.jpg\"\n                srcset=\"https:\/\/visualjournalism.de\/wp-content\/uploads\/Portrait_Stella-Meyer-links-und-Sarah-Schneider-rechts_c-Fabian-Niebauer_klein-1400x1000.jpg 1400w, https:\/\/visualjournalism.de\/wp-content\/uploads\/Portrait_Stella-Meyer-links-und-Sarah-Schneider-rechts_c-Fabian-Niebauer_klein-300x214.jpg 300w, https:\/\/visualjournalism.de\/wp-content\/uploads\/Portrait_Stella-Meyer-links-und-Sarah-Schneider-rechts_c-Fabian-Niebauer_klein-1024x731.jpg 1024w, https:\/\/visualjournalism.de\/wp-content\/uploads\/Portrait_Stella-Meyer-links-und-Sarah-Schneider-rechts_c-Fabian-Niebauer_klein-768x548.jpg 768w, https:\/\/visualjournalism.de\/wp-content\/uploads\/Portrait_Stella-Meyer-links-und-Sarah-Schneider-rechts_c-Fabian-Niebauer_klein-1536x1097.jpg 1536w, https:\/\/visualjournalism.de\/wp-content\/uploads\/Portrait_Stella-Meyer-links-und-Sarah-Schneider-rechts_c-Fabian-Niebauer_klein-1050x750.jpg 1050w, https:\/\/visualjournalism.de\/wp-content\/uploads\/Portrait_Stella-Meyer-links-und-Sarah-Schneider-rechts_c-Fabian-Niebauer_klein-670x478.jpg 670w, https:\/\/visualjournalism.de\/wp-content\/uploads\/Portrait_Stella-Meyer-links-und-Sarah-Schneider-rechts_c-Fabian-Niebauer_klein-420x300.jpg 420w, https:\/\/visualjournalism.de\/wp-content\/uploads\/Portrait_Stella-Meyer-links-und-Sarah-Schneider-rechts_c-Fabian-Niebauer_klein-350x250.jpg 350w, https:\/\/visualjournalism.de\/wp-content\/uploads\/Portrait_Stella-Meyer-links-und-Sarah-Schneider-rechts_c-Fabian-Niebauer_klein-150x107.jpg 150w, https:\/\/visualjournalism.de\/wp-content\/uploads\/Portrait_Stella-Meyer-links-und-Sarah-Schneider-rechts_c-Fabian-Niebauer_klein.jpg 1920w\"\n                width=\"1400\" \n                height=\"1000\"\n                alt=\"\" \n            \/>\n            \n                            <span class=\"post__image__title\">Portrait_Stella Meyer links und Sarah Schneider rechts_(c) Fabian Niebauer_klein<\/span>\n                    <\/div><!-- post__image__container -->\n\n        \n    <\/figure><!-- post__image -->\n\n\n\n<\/div>\n\n\n<div class=\"pinned-block__column--right\">\n    \n\n<p class=\"post__paragraph is-style-typo--soehne has-spacing--default\"><strong>Stella Meyer<\/strong> (*1997 in Salzburg, \u00d6sterreich) und <strong>Sarah Schneider<\/strong> (*1996 in Vorarlberg, \u00d6sterreich) bilden zusammen ein Fotografinnen-Kollektiv mit Fokus auf sozial-politische Themen und dem Ziel, Unsichtbares sichtbar zu machen. Ihre Werke wurden in renommierten Medien ver\u00f6ffentlicht und f\u00fcr Auszeichnungen nominiert. Im Kollektiv wachsen sie \u00fcber ihre individuellen Grenzen hinaus und&nbsp;k\u00f6nnen so gr\u00f6\u00dfer denken und noch gr\u00f6\u00dfer tr\u00e4umen.<\/p>\n\n\n\n<p class=\"post__paragraph is-style-typo--soehne has-spacing--none\"><strong>Kontakt<\/strong>&nbsp;<\/p>\n\n\n\n<p class=\"post__paragraph is-style-typo--soehne has-spacing--default\"><a href=\"https:\/\/schneidersarah.com\" target=\"_blank\" rel=\"noreferrer noopener\">www.schneidersarah.com<\/a> \/\/ <a href=\"https:\/\/meyerstella.com\" target=\"_blank\" rel=\"noreferrer noopener\">www.meyerstella.com<\/a><br>schneider.sarah@outlook.com \/\/ meyer.stella@outlook.com<br><a href=\"https:\/\/www.instagram.com\/sarahmodista\" target=\"_blank\" rel=\"noreferrer noopener\">@sarahmodista<\/a> \/\/ <a href=\"https:\/\/www.instagram.com\/_stellameyer\/\" target=\"_blank\" rel=\"noreferrer noopener\">@_stellameyer<\/a><\/p>\n\n\n\n<p class=\"post__paragraph has-spacing--default\"><\/p>\n\n\n\n<p class=\"post__paragraph has-spacing--default\"><\/p>\n\n\n\n<p class=\"post__paragraph has-spacing--default\"><\/p>\n\n\n<\/div>\n<\/div>\n\n\n<div class=\"devider has-spacing--none\">\n    <hr>\n<\/div>\n\n\n \n\n    <div id=\"lead-in-block_67daf8bc0965c6c352a1852cd727e1e5\" class=\"block-lead-in typo--default font-size--xl has-spacing--xs width--default\">\n        <p><strong>Sarahs und Stellas Beitr\u00e4ge:<\/strong><\/p>\n    <\/div>\n\n\n\n\n<div class=\"two-columns-teaser has-spacing--xs\">\n\n    \r\n<article class=\"post-teaser post-45347 magazin type-magazin status-publish has-post-thumbnail hentry magazinkategorie-wasser\">\r\n\t<header class=\"entry-header\">\r\n\r\n\t\t<div class=\"entry-categories\">\n\t<a class=\"post__tag\" href=\"https:\/\/visualjournalism.de\/magazin-kategorie\/wasser\/\" rel=\"category tag\">Wasser<\/a><\/div>\r\n\t\t<a href=\"https:\/\/visualjournalism.de\/en\/magazine\/wasser\/mein-wasser-dein-wasser\/\" rel=\"bookmark\">\r\n\t\t\t<h2 class=\"entry-title\">Mein Wasser, dein Wasser.<\/h2>\r\n\t\t\t<p class=\"entry-excerpt\">Chile ist eines der wenigen L\u00e4nder, in dem Wasser vollst\u00e4ndig privatisiert ist. Ein Dorf in Patagonien k\u00e4mpft gegen das Erbe Pinochets, um seine malerische Natur zu retten.<\/p>\r\n\t\t<\/a>\r\n\r\n\t<\/header><!-- .entry-header -->\r\n\r\n\t<figure class=\"post__image\">\r\n\t\t<a href=\"https:\/\/visualjournalism.de\/en\/magazine\/wasser\/mein-wasser-dein-wasser\/\" rel=\"bookmark\">\r\n\t\t\t<img loading=\"lazy\" decoding=\"async\" width=\"670\" height=\"479\" src=\"https:\/\/visualjournalism.de\/wp-content\/uploads\/yblya_Stella-Meyer-und-Sarah-Schneider-17-670x479.jpg\" class=\"attachment-post-image--two-column size-post-image--two-column\" alt=\"\" srcset=\"https:\/\/visualjournalism.de\/wp-content\/uploads\/yblya_Stella-Meyer-und-Sarah-Schneider-17-670x479.jpg 670w, https:\/\/visualjournalism.de\/wp-content\/uploads\/yblya_Stella-Meyer-und-Sarah-Schneider-17-300x214.jpg 300w, https:\/\/visualjournalism.de\/wp-content\/uploads\/yblya_Stella-Meyer-und-Sarah-Schneider-17-1024x731.jpg 1024w, https:\/\/visualjournalism.de\/wp-content\/uploads\/yblya_Stella-Meyer-und-Sarah-Schneider-17-768x549.jpg 768w, https:\/\/visualjournalism.de\/wp-content\/uploads\/yblya_Stella-Meyer-und-Sarah-Schneider-17-1536x1097.jpg 1536w, https:\/\/visualjournalism.de\/wp-content\/uploads\/yblya_Stella-Meyer-und-Sarah-Schneider-17-2048x1463.jpg 2048w, https:\/\/visualjournalism.de\/wp-content\/uploads\/yblya_Stella-Meyer-und-Sarah-Schneider-17-1920x1372.jpg 1920w, https:\/\/visualjournalism.de\/wp-content\/uploads\/yblya_Stella-Meyer-und-Sarah-Schneider-17-1400x1000.jpg 1400w, https:\/\/visualjournalism.de\/wp-content\/uploads\/yblya_Stella-Meyer-und-Sarah-Schneider-17-1050x750.jpg 1050w, https:\/\/visualjournalism.de\/wp-content\/uploads\/yblya_Stella-Meyer-und-Sarah-Schneider-17-420x300.jpg 420w, https:\/\/visualjournalism.de\/wp-content\/uploads\/yblya_Stella-Meyer-und-Sarah-Schneider-17-350x250.jpg 350w, https:\/\/visualjournalism.de\/wp-content\/uploads\/yblya_Stella-Meyer-und-Sarah-Schneider-17-150x107.jpg 150w\" sizes=\"auto, (max-width: 670px) 100vw, 670px\" \/>\t\t<\/a>\r\n\t<\/figure><!-- .post__image -->\r\n\r\n<\/article>\r\n\r\n<article class=\"post-teaser post-28125 magazin type-magazin status-publish has-post-thumbnail hentry magazinkategorie-kritik-und-diskurs\">\r\n\t<header class=\"entry-header\">\r\n\r\n\t\t<div class=\"entry-categories\">\n\t<a class=\"post__tag\" href=\"https:\/\/visualjournalism.de\/magazin-kategorie\/kritik-und-diskurs\/\" rel=\"category tag\">Kritik und Diskurs<\/a><\/div>\r\n\t\t<a href=\"https:\/\/visualjournalism.de\/en\/magazine\/kritik-und-diskurs\/fuer-immer-in-deinen-bytes\/\" rel=\"bookmark\">\r\n\t\t\t<h2 class=\"entry-title\">F\u00fcr immer in deinen Bytes.<\/h2>\r\n\t\t\t<p class=\"entry-excerpt\">Ein Gespr\u00e4ch mit ChatGPT \u00fcber Moral, Diversit\u00e4t und Parallelen zum Film \u00abHer\u00bb von Spike Jonze<\/p>\r\n\t\t<\/a>\r\n\r\n\t<\/header><!-- .entry-header -->\r\n\r\n\t<figure class=\"post__image\">\r\n\t\t<a href=\"https:\/\/visualjournalism.de\/en\/magazine\/kritik-und-diskurs\/fuer-immer-in-deinen-bytes\/\" rel=\"bookmark\">\r\n\t\t\t<img loading=\"lazy\" decoding=\"async\" width=\"670\" height=\"670\" src=\"https:\/\/visualjournalism.de\/wp-content\/uploads\/in-the-silver-rays-of-my-lines-of-code-gentle-and-tenderyour-voice-theodore-sounds-like-music-556388938-Kopie-670x670.jpg\" class=\"attachment-post-image--two-column size-post-image--two-column\" alt=\"\" srcset=\"https:\/\/visualjournalism.de\/wp-content\/uploads\/in-the-silver-rays-of-my-lines-of-code-gentle-and-tenderyour-voice-theodore-sounds-like-music-556388938-Kopie-670x670.jpg 670w, https:\/\/visualjournalism.de\/wp-content\/uploads\/in-the-silver-rays-of-my-lines-of-code-gentle-and-tenderyour-voice-theodore-sounds-like-music-556388938-Kopie-300x300.jpg 300w, https:\/\/visualjournalism.de\/wp-content\/uploads\/in-the-silver-rays-of-my-lines-of-code-gentle-and-tenderyour-voice-theodore-sounds-like-music-556388938-Kopie-150x150.jpg 150w, https:\/\/visualjournalism.de\/wp-content\/uploads\/in-the-silver-rays-of-my-lines-of-code-gentle-and-tenderyour-voice-theodore-sounds-like-music-556388938-Kopie-768x768.jpg 768w, https:\/\/visualjournalism.de\/wp-content\/uploads\/in-the-silver-rays-of-my-lines-of-code-gentle-and-tenderyour-voice-theodore-sounds-like-music-556388938-Kopie-420x420.jpg 420w, https:\/\/visualjournalism.de\/wp-content\/uploads\/in-the-silver-rays-of-my-lines-of-code-gentle-and-tenderyour-voice-theodore-sounds-like-music-556388938-Kopie-350x350.jpg 350w, https:\/\/visualjournalism.de\/wp-content\/uploads\/in-the-silver-rays-of-my-lines-of-code-gentle-and-tenderyour-voice-theodore-sounds-like-music-556388938-Kopie-52x52.jpg 52w, https:\/\/visualjournalism.de\/wp-content\/uploads\/in-the-silver-rays-of-my-lines-of-code-gentle-and-tenderyour-voice-theodore-sounds-like-music-556388938-Kopie-68x68.jpg 68w, https:\/\/visualjournalism.de\/wp-content\/uploads\/in-the-silver-rays-of-my-lines-of-code-gentle-and-tenderyour-voice-theodore-sounds-like-music-556388938-Kopie-96x96.jpg 96w, https:\/\/visualjournalism.de\/wp-content\/uploads\/in-the-silver-rays-of-my-lines-of-code-gentle-and-tenderyour-voice-theodore-sounds-like-music-556388938-Kopie.jpg 1024w\" sizes=\"auto, (max-width: 670px) 100vw, 670px\" \/>\t\t<\/a>\r\n\t<\/figure><!-- .post__image -->\r\n\r\n<\/article>\r\n\n<\/div><!-- .2-columns-teaser-->\n\n    \n\n\n<div class=\"wp-block-group has-spacing--default has-spacing--default\">\n<div class=\"devider has-spacing--none\">\n    <hr>\n<\/div>\n\n\n \n\n    <div id=\"lead-in-block_b629c3d1d6797d509fb653adf0e5a119\" class=\"block-lead-in typo--default font-size--xl has-spacing--s width--default\">\n        <p><strong>Empfehlungen der Redaktion:<\/strong><\/p>\n    <\/div>\n\n\n\n\r\n\r\n\r\n\n\n\r\n\r\n\r\n\r\n        <div class=\"teaser-grid grid-layout--3col has-spacing--s width--inline\">\r\n\r\n            \r\n                <article class=\"post-teaser\">\r\n\r\n                    <a href=\"https:\/\/visualjournalism.de\/en\/magazine\/ratgeber\/polaroid-emulsion-grosse-kunst-mit-wenig-aufwand\/\" rel=\"permalink\">\r\n\r\n                        <div class=\"post-teaser__content\">\r\n\r\n                            <span class=\"entry-categories\">Ratgeber<\/span>\r\n                            <h3 class=\"post-teaser__headline\">\r\n                                Polaroid-Emulsion: Gro\u00dfe Kunst mit wenig Aufwand                            <\/h3>\r\n\r\n                            <div class=\"post-teaser__excerpt\">\r\n                                <p>Du bist gelangweilt von deinen Bildern? Hier erf\u00e4hrst du wie du kleine Kunstwerke entstehen lassen kannst!<\/p>\r\n                            <\/div>\r\n\r\n                        <\/div><!-- .post-teaser__content -->\r\n\r\n\r\n                        \r\n                            <figure class=\"post-teaser__image\">\r\n                                <img loading=\"lazy\" decoding=\"async\"  \r\n                                    src=\"https:\/\/visualjournalism.de\/wp-content\/uploads\/DSC5126-768x768.jpg\" \r\n                                    srcset=\"https:\/\/visualjournalism.de\/wp-content\/uploads\/DSC5126-768x768.jpg 768w, https:\/\/visualjournalism.de\/wp-content\/uploads\/DSC5126-300x300.jpg 300w, https:\/\/visualjournalism.de\/wp-content\/uploads\/DSC5126-1024x1024.jpg 1024w, https:\/\/visualjournalism.de\/wp-content\/uploads\/DSC5126-150x150.jpg 150w, https:\/\/visualjournalism.de\/wp-content\/uploads\/DSC5126-1536x1536.jpg 1536w, https:\/\/visualjournalism.de\/wp-content\/uploads\/DSC5126-1400x1400.jpg 1400w, https:\/\/visualjournalism.de\/wp-content\/uploads\/DSC5126-1050x1050.jpg 1050w, https:\/\/visualjournalism.de\/wp-content\/uploads\/DSC5126-670x670.jpg 670w, https:\/\/visualjournalism.de\/wp-content\/uploads\/DSC5126-420x420.jpg 420w, https:\/\/visualjournalism.de\/wp-content\/uploads\/DSC5126-350x350.jpg 350w, https:\/\/visualjournalism.de\/wp-content\/uploads\/DSC5126-52x52.jpg 52w, https:\/\/visualjournalism.de\/wp-content\/uploads\/DSC5126-68x68.jpg 68w, https:\/\/visualjournalism.de\/wp-content\/uploads\/DSC5126-96x96.jpg 96w, https:\/\/visualjournalism.de\/wp-content\/uploads\/DSC5126.jpg 1806w\" \r\n                                    width=\"768\"  \r\n                                    height=\"768\" \r\n                                    alt=\"\"\r\n                                \/>\r\n                            <\/figure>\r\n\r\n                        \r\n                    \r\n                    <\/a>\r\n\r\n                <\/article><!--- .post-teaser-->\r\n\r\n            \r\n                <article class=\"post-teaser\">\r\n\r\n                    <a href=\"https:\/\/visualjournalism.de\/en\/magazine\/ratgeber\/professionelle-kamera-fuer-fotografen-warum-nicht-die-marke-zaehlt\/\" rel=\"permalink\">\r\n\r\n                        <div class=\"post-teaser__content\">\r\n\r\n                            <span class=\"entry-categories\">Ratgeber<\/span>\r\n                            <h3 class=\"post-teaser__headline\">\r\n                                Professionelle Kameras f\u00fcr Fotograf*innen: Warum nicht die Marke z\u00e4hlt                            <\/h3>\r\n\r\n                            <div class=\"post-teaser__excerpt\">\r\n                                <p>Analog oder digital, Vollformat oder APSC, Spiegelreflex oder spiegellos: Die Magnum-Fotografin Nanna Heitmann und Lehrende der Hochschule Hannover zeigen, warum am Ende nicht die Technik, sondern die Person entscheidend ist.<\/p>\r\n                            <\/div>\r\n\r\n                        <\/div><!-- .post-teaser__content -->\r\n\r\n\r\n                        \r\n                            <figure class=\"post-teaser__image\">\r\n                                <img loading=\"lazy\" decoding=\"async\"  \r\n                                    src=\"https:\/\/visualjournalism.de\/wp-content\/uploads\/13_20221214-R0001254-scaled-1-e1755767975431-768x513.jpg\" \r\n                                    srcset=\"https:\/\/visualjournalism.de\/wp-content\/uploads\/13_20221214-R0001254-scaled-1-e1755767975431-768x513.jpg 768w, https:\/\/visualjournalism.de\/wp-content\/uploads\/13_20221214-R0001254-scaled-1-e1755767975431-300x200.jpg 300w, https:\/\/visualjournalism.de\/wp-content\/uploads\/13_20221214-R0001254-scaled-1-e1755767975431-1024x683.jpg 1024w, https:\/\/visualjournalism.de\/wp-content\/uploads\/13_20221214-R0001254-scaled-1-e1755767975431-1536x1025.jpg 1536w, https:\/\/visualjournalism.de\/wp-content\/uploads\/13_20221214-R0001254-scaled-1-e1755767975431-2048x1367.jpg 2048w, https:\/\/visualjournalism.de\/wp-content\/uploads\/13_20221214-R0001254-scaled-1-e1755767975431-1920x1282.jpg 1920w, https:\/\/visualjournalism.de\/wp-content\/uploads\/13_20221214-R0001254-scaled-1-e1755767975431-1400x934.jpg 1400w, https:\/\/visualjournalism.de\/wp-content\/uploads\/13_20221214-R0001254-scaled-1-e1755767975431-1050x701.jpg 1050w, https:\/\/visualjournalism.de\/wp-content\/uploads\/13_20221214-R0001254-scaled-1-e1755767975431-670x447.jpg 670w, https:\/\/visualjournalism.de\/wp-content\/uploads\/13_20221214-R0001254-scaled-1-e1755767975431-420x280.jpg 420w, https:\/\/visualjournalism.de\/wp-content\/uploads\/13_20221214-R0001254-scaled-1-e1755767975431-350x234.jpg 350w, https:\/\/visualjournalism.de\/wp-content\/uploads\/13_20221214-R0001254-scaled-1-e1755767975431-150x100.jpg 150w\" \r\n                                    width=\"768\"  \r\n                                    height=\"513\" \r\n                                    alt=\"In einem Workshop an der Hochschule Hannover geben Studierenden (hier Michael Matthey, mittig im Bild) ihre Erfahrungen mit Gro\u00dfformatfotografie an Mitstudierende weiter.\"\r\n                                \/>\r\n                            <\/figure>\r\n\r\n                        \r\n                    \r\n                    <\/a>\r\n\r\n                <\/article><!--- .post-teaser-->\r\n\r\n            \r\n                <article class=\"post-teaser\">\r\n\r\n                    <a href=\"https:\/\/visualjournalism.de\/en\/magazine\/ratgeber\/politikerinnen-souveraen-interviewen\/\" rel=\"permalink\">\r\n\r\n                        <div class=\"post-teaser__content\">\r\n\r\n                            <span class=\"entry-categories\">Ratgeber<\/span>\r\n                            <h3 class=\"post-teaser__headline\">\r\n                                Politiker*innen souver\u00e4n interviewen \u2013 Die besten Tipps f\u00fcr ein sicheres Auftreten                            <\/h3>\r\n\r\n                            <div class=\"post-teaser__excerpt\">\r\n                                <p>Ein Gespr\u00e4ch mit Politiker*innen kann schnell zum Machtkampf werden. Wie du selbst gegen Profis die Oberhand beh\u00e4ltst und typische Interviewfallen umgehst.<\/p>\r\n                            <\/div>\r\n\r\n                        <\/div><!-- .post-teaser__content -->\r\n\r\n\r\n                        \r\n                            <figure class=\"post-teaser__image\">\r\n                                <img loading=\"lazy\" decoding=\"async\"  \r\n                                    src=\"https:\/\/visualjournalism.de\/wp-content\/uploads\/DSC4729-merz-politikerinterviews-768x1024.jpg\" \r\n                                    srcset=\"https:\/\/visualjournalism.de\/wp-content\/uploads\/DSC4729-merz-politikerinterviews-768x1024.jpg 768w, https:\/\/visualjournalism.de\/wp-content\/uploads\/DSC4729-merz-politikerinterviews-225x300.jpg 225w, https:\/\/visualjournalism.de\/wp-content\/uploads\/DSC4729-merz-politikerinterviews-1152x1536.jpg 1152w, https:\/\/visualjournalism.de\/wp-content\/uploads\/DSC4729-merz-politikerinterviews-1536x2048.jpg 1536w, https:\/\/visualjournalism.de\/wp-content\/uploads\/DSC4729-merz-politikerinterviews-scaled.jpg 1920w, https:\/\/visualjournalism.de\/wp-content\/uploads\/DSC4729-merz-politikerinterviews-1400x1867.jpg 1400w, https:\/\/visualjournalism.de\/wp-content\/uploads\/DSC4729-merz-politikerinterviews-1050x1400.jpg 1050w, https:\/\/visualjournalism.de\/wp-content\/uploads\/DSC4729-merz-politikerinterviews-670x893.jpg 670w, https:\/\/visualjournalism.de\/wp-content\/uploads\/DSC4729-merz-politikerinterviews-420x560.jpg 420w, https:\/\/visualjournalism.de\/wp-content\/uploads\/DSC4729-merz-politikerinterviews-350x467.jpg 350w, https:\/\/visualjournalism.de\/wp-content\/uploads\/DSC4729-merz-politikerinterviews-300x400.jpg 300w, https:\/\/visualjournalism.de\/wp-content\/uploads\/DSC4729-merz-politikerinterviews-640x853.jpg 640w, https:\/\/visualjournalism.de\/wp-content\/uploads\/DSC4729-merz-politikerinterviews-150x200.jpg 150w\" \r\n                                    width=\"768\"  \r\n                                    height=\"1024\" \r\n                                    alt=\"CDU-Vorsitzender Friedrich Merz mit Mikrofon in der Hand, im Gespr\u00e4ch mit dem ehemaligen ZDF-Moderator Klaus Kleber auf einer B\u00fchne. Im Vordergrund sind zwei M\u00e4nner angeblitzt von hinten zu sehen.\"\r\n                                \/>\r\n                            <\/figure>\r\n\r\n                        \r\n                    \r\n                    <\/a>\r\n\r\n                <\/article><!--- .post-teaser-->\r\n\r\n            \r\n        <\/div><!-- .teaser-grid -->\r\n\r\n\n\n\r\n\r\n\r\n\n\n\n    <div class=\"btn-wrapper has-spacing--m\">\n        <a class=\"btn\" href=\"https:\/\/visualjournalism.de\/magazin\/\" target=\"_blank\">ZUR MAGAZIN-STARTSEITE<\/a>\n    <\/div>\n<\/div>\n","protected":false},"excerpt":{"rendered":"","protected":false},"author":71,"featured_media":39688,"parent":0,"menu_order":0,"comment_status":"closed","ping_status":"closed","template":"","meta":{"_acf_changed":false,"footnotes":""},"class_list":["post-39678","page","type-page","status-publish","has-post-thumbnail","hentry"],"acf":[],"yoast_head":"<!-- This site is optimized with the Yoast SEO Premium plugin v27.3 (Yoast SEO v27.3) - https:\/\/yoast.com\/product\/yoast-seo-premium-wordpress\/ -->\n<title>Stella Meyer und Sarah Schneider \/\/ Fotografinnen-Kollektiv<\/title>\n<meta name=\"description\" content=\"Stella Meyer und Sarah Schneider bilden gemeinsam ein \u00f6sterreichisches Fotografinnen-Kollektiv, das sich auf die Bereiche Umwelt, Mental Health und Gesellschaft spezialisiert hat.\" \/>\n<meta name=\"robots\" content=\"index, follow, max-snippet:-1, max-image-preview:large, max-video-preview:-1\" \/>\n<link rel=\"canonical\" href=\"https:\/\/visualjournalism.de\/en\/stella-meyer-und-sarah-schneider\/\" \/>\n<meta property=\"og:locale\" content=\"en_US\" \/>\n<meta property=\"og:type\" content=\"article\" \/>\n<meta property=\"og:title\" content=\"Stella Meyer und Sarah Schneider\" \/>\n<meta property=\"og:description\" content=\"Stella Meyer und Sarah Schneider bilden gemeinsam ein \u00f6sterreichisches Fotografinnen-Kollektiv, das sich auf die Bereiche Umwelt, Mental Health und Gesellschaft spezialisiert hat.\" \/>\n<meta property=\"og:url\" content=\"https:\/\/visualjournalism.de\/en\/stella-meyer-und-sarah-schneider\/\" \/>\n<meta property=\"og:site_name\" content=\"Visual Journalism and Documentary Photography\" \/>\n<meta property=\"article:publisher\" content=\"https:\/\/www.facebook.com\/people\/wwwfotostudentende\/100065173703897\/\" \/>\n<meta property=\"article:modified_time\" content=\"2024-07-23T11:06:24+00:00\" \/>\n<meta property=\"og:image\" content=\"https:\/\/visualjournalism.de\/wp-content\/uploads\/Portrait_Stella-Meyer-links-und-Sarah-Schneider-rechts_c-Fabian-Niebauer_klein.jpg\" \/>\n\t<meta property=\"og:image:width\" content=\"1920\" \/>\n\t<meta property=\"og:image:height\" content=\"1371\" \/>\n\t<meta property=\"og:image:type\" content=\"image\/jpeg\" \/>\n<meta name=\"twitter:card\" content=\"summary_large_image\" \/>\n<meta name=\"twitter:site\" content=\"@HsHannover\" \/>\n<meta name=\"twitter:label1\" content=\"Est. reading time\" \/>\n\t<meta name=\"twitter:data1\" content=\"1 minute\" \/>\n<script type=\"application\/ld+json\" class=\"yoast-schema-graph\">{\"@context\":\"https:\\\/\\\/schema.org\",\"@graph\":[{\"@type\":\"WebPage\",\"@id\":\"https:\\\/\\\/visualjournalism.de\\\/en\\\/stella-meyer-und-sarah-schneider\\\/\",\"url\":\"https:\\\/\\\/visualjournalism.de\\\/en\\\/stella-meyer-und-sarah-schneider\\\/\",\"name\":\"Stella Meyer und Sarah Schneider \\\/\\\/ Fotografinnen-Kollektiv\",\"isPartOf\":{\"@id\":\"https:\\\/\\\/visualjournalism.de\\\/en\\\/#website\"},\"primaryImageOfPage\":{\"@id\":\"https:\\\/\\\/visualjournalism.de\\\/en\\\/stella-meyer-und-sarah-schneider\\\/#primaryimage\"},\"image\":{\"@id\":\"https:\\\/\\\/visualjournalism.de\\\/en\\\/stella-meyer-und-sarah-schneider\\\/#primaryimage\"},\"thumbnailUrl\":\"https:\\\/\\\/visualjournalism.de\\\/wp-content\\\/uploads\\\/Portrait_Stella-Meyer-links-und-Sarah-Schneider-rechts_c-Fabian-Niebauer_klein.jpg\",\"datePublished\":\"2024-03-17T11:36:54+00:00\",\"dateModified\":\"2024-07-23T11:06:24+00:00\",\"description\":\"Stella Meyer und Sarah Schneider bilden gemeinsam ein \u00f6sterreichisches Fotografinnen-Kollektiv, das sich auf die Bereiche Umwelt, Mental Health und Gesellschaft spezialisiert hat.\",\"breadcrumb\":{\"@id\":\"https:\\\/\\\/visualjournalism.de\\\/en\\\/stella-meyer-und-sarah-schneider\\\/#breadcrumb\"},\"inLanguage\":\"en-US\",\"potentialAction\":[{\"@type\":\"ReadAction\",\"target\":[\"https:\\\/\\\/visualjournalism.de\\\/en\\\/stella-meyer-und-sarah-schneider\\\/\"]}]},{\"@type\":\"ImageObject\",\"inLanguage\":\"en-US\",\"@id\":\"https:\\\/\\\/visualjournalism.de\\\/en\\\/stella-meyer-und-sarah-schneider\\\/#primaryimage\",\"url\":\"https:\\\/\\\/visualjournalism.de\\\/wp-content\\\/uploads\\\/Portrait_Stella-Meyer-links-und-Sarah-Schneider-rechts_c-Fabian-Niebauer_klein.jpg\",\"contentUrl\":\"https:\\\/\\\/visualjournalism.de\\\/wp-content\\\/uploads\\\/Portrait_Stella-Meyer-links-und-Sarah-Schneider-rechts_c-Fabian-Niebauer_klein.jpg\",\"width\":1920,\"height\":1371,\"caption\":\"Portrait_Stella Meyer links und Sarah Schneider rechts_(c) Fabian Niebauer_klein\"},{\"@type\":\"BreadcrumbList\",\"@id\":\"https:\\\/\\\/visualjournalism.de\\\/en\\\/stella-meyer-und-sarah-schneider\\\/#breadcrumb\",\"itemListElement\":[{\"@type\":\"ListItem\",\"position\":1,\"name\":\"Home\",\"item\":\"https:\\\/\\\/visualjournalism.de\\\/en\\\/\"},{\"@type\":\"ListItem\",\"position\":2,\"name\":\"Stella Meyer und Sarah Schneider\"}]},{\"@type\":\"WebSite\",\"@id\":\"https:\\\/\\\/visualjournalism.de\\\/en\\\/#website\",\"url\":\"https:\\\/\\\/visualjournalism.de\\\/en\\\/\",\"name\":\"Visual Journalism and Documentary Photography\",\"description\":\"All about the bilingual bachelor&#039;s program at Hannover University of Applied Sciences and Arts.\",\"publisher\":{\"@id\":\"https:\\\/\\\/visualjournalism.de\\\/en\\\/#organization\"},\"alternateName\":\"visualjournalism.de\",\"potentialAction\":[{\"@type\":\"SearchAction\",\"target\":{\"@type\":\"EntryPoint\",\"urlTemplate\":\"https:\\\/\\\/visualjournalism.de\\\/en\\\/?s={search_term_string}\"},\"query-input\":{\"@type\":\"PropertyValueSpecification\",\"valueRequired\":true,\"valueName\":\"search_term_string\"}}],\"inLanguage\":\"en-US\"},{\"@type\":\"Organization\",\"@id\":\"https:\\\/\\\/visualjournalism.de\\\/en\\\/#organization\",\"name\":\"Hochschule Hannover \u2013 University of Applied Sciences and Arts\",\"alternateName\":\"HsH\",\"url\":\"https:\\\/\\\/visualjournalism.de\\\/en\\\/\",\"logo\":{\"@type\":\"ImageObject\",\"inLanguage\":\"en-US\",\"@id\":\"https:\\\/\\\/visualjournalism.de\\\/en\\\/#\\\/schema\\\/logo\\\/image\\\/\",\"url\":\"https:\\\/\\\/visualjournalism.de\\\/wp-content\\\/uploads\\\/logo-hochschule-hannover.png\",\"contentUrl\":\"https:\\\/\\\/visualjournalism.de\\\/wp-content\\\/uploads\\\/logo-hochschule-hannover.png\",\"width\":363,\"height\":270,\"caption\":\"Hochschule Hannover \u2013 University of Applied Sciences and Arts\"},\"image\":{\"@id\":\"https:\\\/\\\/visualjournalism.de\\\/en\\\/#\\\/schema\\\/logo\\\/image\\\/\"},\"sameAs\":[\"https:\\\/\\\/www.facebook.com\\\/people\\\/wwwfotostudentende\\\/100065173703897\\\/\",\"https:\\\/\\\/x.com\\\/HsHannover\",\"https:\\\/\\\/www.instagram.com\\\/visualjournalism.de\\\/\"]}]}<\/script>\n<!-- \/ Yoast SEO Premium plugin. -->","yoast_head_json":{"title":"Stella Meyer und Sarah Schneider \/\/ Fotografinnen-Kollektiv","description":"Stella Meyer und Sarah Schneider bilden gemeinsam ein \u00f6sterreichisches Fotografinnen-Kollektiv, das sich auf die Bereiche Umwelt, Mental Health und Gesellschaft spezialisiert hat.","robots":{"index":"index","follow":"follow","max-snippet":"max-snippet:-1","max-image-preview":"max-image-preview:large","max-video-preview":"max-video-preview:-1"},"canonical":"https:\/\/visualjournalism.de\/en\/stella-meyer-und-sarah-schneider\/","og_locale":"en_US","og_type":"article","og_title":"Stella Meyer und Sarah Schneider","og_description":"Stella Meyer und Sarah Schneider bilden gemeinsam ein \u00f6sterreichisches Fotografinnen-Kollektiv, das sich auf die Bereiche Umwelt, Mental Health und Gesellschaft spezialisiert hat.","og_url":"https:\/\/visualjournalism.de\/en\/stella-meyer-und-sarah-schneider\/","og_site_name":"Visual Journalism and Documentary Photography","article_publisher":"https:\/\/www.facebook.com\/people\/wwwfotostudentende\/100065173703897\/","article_modified_time":"2024-07-23T11:06:24+00:00","og_image":[{"width":1920,"height":1371,"url":"https:\/\/visualjournalism.de\/wp-content\/uploads\/Portrait_Stella-Meyer-links-und-Sarah-Schneider-rechts_c-Fabian-Niebauer_klein.jpg","type":"image\/jpeg"}],"twitter_card":"summary_large_image","twitter_site":"@HsHannover","twitter_misc":{"Est. reading time":"1 minute"},"schema":{"@context":"https:\/\/schema.org","@graph":[{"@type":"WebPage","@id":"https:\/\/visualjournalism.de\/en\/stella-meyer-und-sarah-schneider\/","url":"https:\/\/visualjournalism.de\/en\/stella-meyer-und-sarah-schneider\/","name":"Stella Meyer und Sarah Schneider \/\/ Fotografinnen-Kollektiv","isPartOf":{"@id":"https:\/\/visualjournalism.de\/en\/#website"},"primaryImageOfPage":{"@id":"https:\/\/visualjournalism.de\/en\/stella-meyer-und-sarah-schneider\/#primaryimage"},"image":{"@id":"https:\/\/visualjournalism.de\/en\/stella-meyer-und-sarah-schneider\/#primaryimage"},"thumbnailUrl":"https:\/\/visualjournalism.de\/wp-content\/uploads\/Portrait_Stella-Meyer-links-und-Sarah-Schneider-rechts_c-Fabian-Niebauer_klein.jpg","datePublished":"2024-03-17T11:36:54+00:00","dateModified":"2024-07-23T11:06:24+00:00","description":"Stella Meyer und Sarah Schneider bilden gemeinsam ein \u00f6sterreichisches Fotografinnen-Kollektiv, das sich auf die Bereiche Umwelt, Mental Health und Gesellschaft spezialisiert hat.","breadcrumb":{"@id":"https:\/\/visualjournalism.de\/en\/stella-meyer-und-sarah-schneider\/#breadcrumb"},"inLanguage":"en-US","potentialAction":[{"@type":"ReadAction","target":["https:\/\/visualjournalism.de\/en\/stella-meyer-und-sarah-schneider\/"]}]},{"@type":"ImageObject","inLanguage":"en-US","@id":"https:\/\/visualjournalism.de\/en\/stella-meyer-und-sarah-schneider\/#primaryimage","url":"https:\/\/visualjournalism.de\/wp-content\/uploads\/Portrait_Stella-Meyer-links-und-Sarah-Schneider-rechts_c-Fabian-Niebauer_klein.jpg","contentUrl":"https:\/\/visualjournalism.de\/wp-content\/uploads\/Portrait_Stella-Meyer-links-und-Sarah-Schneider-rechts_c-Fabian-Niebauer_klein.jpg","width":1920,"height":1371,"caption":"Portrait_Stella Meyer links und Sarah Schneider rechts_(c) Fabian Niebauer_klein"},{"@type":"BreadcrumbList","@id":"https:\/\/visualjournalism.de\/en\/stella-meyer-und-sarah-schneider\/#breadcrumb","itemListElement":[{"@type":"ListItem","position":1,"name":"Home","item":"https:\/\/visualjournalism.de\/en\/"},{"@type":"ListItem","position":2,"name":"Stella Meyer und Sarah Schneider"}]},{"@type":"WebSite","@id":"https:\/\/visualjournalism.de\/en\/#website","url":"https:\/\/visualjournalism.de\/en\/","name":"Visual Journalism and Documentary Photography","description":"All about the bilingual bachelor&#039;s program at Hannover University of Applied Sciences and Arts.","publisher":{"@id":"https:\/\/visualjournalism.de\/en\/#organization"},"alternateName":"visualjournalism.de","potentialAction":[{"@type":"SearchAction","target":{"@type":"EntryPoint","urlTemplate":"https:\/\/visualjournalism.de\/en\/?s={search_term_string}"},"query-input":{"@type":"PropertyValueSpecification","valueRequired":true,"valueName":"search_term_string"}}],"inLanguage":"en-US"},{"@type":"Organization","@id":"https:\/\/visualjournalism.de\/en\/#organization","name":"Hochschule Hannover \u2013 University of Applied Sciences and Arts","alternateName":"HsH","url":"https:\/\/visualjournalism.de\/en\/","logo":{"@type":"ImageObject","inLanguage":"en-US","@id":"https:\/\/visualjournalism.de\/en\/#\/schema\/logo\/image\/","url":"https:\/\/visualjournalism.de\/wp-content\/uploads\/logo-hochschule-hannover.png","contentUrl":"https:\/\/visualjournalism.de\/wp-content\/uploads\/logo-hochschule-hannover.png","width":363,"height":270,"caption":"Hochschule Hannover \u2013 University of Applied Sciences and Arts"},"image":{"@id":"https:\/\/visualjournalism.de\/en\/#\/schema\/logo\/image\/"},"sameAs":["https:\/\/www.facebook.com\/people\/wwwfotostudentende\/100065173703897\/","https:\/\/x.com\/HsHannover","https:\/\/www.instagram.com\/visualjournalism.de\/"]}]}},"_links":{"self":[{"href":"https:\/\/visualjournalism.de\/en\/wp-json\/wp\/v2\/pages\/39678","targetHints":{"allow":["GET"]}}],"collection":[{"href":"https:\/\/visualjournalism.de\/en\/wp-json\/wp\/v2\/pages"}],"about":[{"href":"https:\/\/visualjournalism.de\/en\/wp-json\/wp\/v2\/types\/page"}],"author":[{"embeddable":true,"href":"https:\/\/visualjournalism.de\/en\/wp-json\/wp\/v2\/users\/71"}],"replies":[{"embeddable":true,"href":"https:\/\/visualjournalism.de\/en\/wp-json\/wp\/v2\/comments?post=39678"}],"version-history":[{"count":0,"href":"https:\/\/visualjournalism.de\/en\/wp-json\/wp\/v2\/pages\/39678\/revisions"}],"wp:featuredmedia":[{"embeddable":true,"href":"https:\/\/visualjournalism.de\/en\/wp-json\/wp\/v2\/media\/39688"}],"wp:attachment":[{"href":"https:\/\/visualjournalism.de\/en\/wp-json\/wp\/v2\/media?parent=39678"}],"curies":[{"name":"wp","href":"https:\/\/api.w.org\/{rel}","templated":true}]}}