{"id":39886,"date":"2024-10-18T19:40:12","date_gmt":"2024-10-18T19:40:12","guid":{"rendered":"https:\/\/visualjournalism.de\/?page_id=39886"},"modified":"2024-10-18T19:40:13","modified_gmt":"2024-10-18T19:40:13","slug":"utkarsh-singh","status":"publish","type":"page","link":"https:\/\/visualjournalism.de\/en\/utkarsh-singh\/","title":{"rendered":"Utkarsh Singh"},"content":{"rendered":"\n \n\n    <div id=\"lead-in-block_7341b5cc0147e751c5e3c8cad957eed4\" class=\"block-lead-in typo--soehne font-size--xl has-spacing--m width--default\">\n        <h1><strong>Utkarsh Singh<\/strong><\/h1>\n    <\/div>\n\n\n\n\n<div class=\"pinned-block has-spacing--m\">\n\t\n\n<div class=\"pinned-block__column--left\">\n    \n    <figure class=\"block-photo post__image--full has-spacing--m no-title\">\n\n        <div class=\"post__image__container\">\n            <img loading=\"lazy\" decoding=\"async\" \n                src=\"https:\/\/visualjournalism.de\/wp-content\/uploads\/Utkarsh-Singh_Photo-1400x2100.jpg\"\n                srcset=\"https:\/\/visualjournalism.de\/wp-content\/uploads\/Utkarsh-Singh_Photo-1400x2100.jpg 1400w, https:\/\/visualjournalism.de\/wp-content\/uploads\/Utkarsh-Singh_Photo-200x300.jpg 200w, https:\/\/visualjournalism.de\/wp-content\/uploads\/Utkarsh-Singh_Photo-683x1024.jpg 683w, https:\/\/visualjournalism.de\/wp-content\/uploads\/Utkarsh-Singh_Photo-768x1152.jpg 768w, https:\/\/visualjournalism.de\/wp-content\/uploads\/Utkarsh-Singh_Photo-1024x1536.jpg 1024w, https:\/\/visualjournalism.de\/wp-content\/uploads\/Utkarsh-Singh_Photo-1365x2048.jpg 1365w, https:\/\/visualjournalism.de\/wp-content\/uploads\/Utkarsh-Singh_Photo-1920x2880.jpg 1920w, https:\/\/visualjournalism.de\/wp-content\/uploads\/Utkarsh-Singh_Photo-1050x1575.jpg 1050w, https:\/\/visualjournalism.de\/wp-content\/uploads\/Utkarsh-Singh_Photo-670x1005.jpg 670w, https:\/\/visualjournalism.de\/wp-content\/uploads\/Utkarsh-Singh_Photo-420x630.jpg 420w, https:\/\/visualjournalism.de\/wp-content\/uploads\/Utkarsh-Singh_Photo-350x525.jpg 350w, https:\/\/visualjournalism.de\/wp-content\/uploads\/Utkarsh-Singh_Photo-300x450.jpg 300w, https:\/\/visualjournalism.de\/wp-content\/uploads\/Utkarsh-Singh_Photo-150x225.jpg 150w, https:\/\/visualjournalism.de\/wp-content\/uploads\/Utkarsh-Singh_Photo-scaled.jpg 1707w\"\n                width=\"1400\" \n                height=\"2100\"\n                alt=\"\" \n            \/>\n            \n                    <\/div><!-- post__image__container -->\n\n        \n    <\/figure><!-- post__image -->\n\n\n\n<\/div>\n\n\n<div class=\"pinned-block__column--right\">\n    \n\n<p class=\"post__paragraph is-style-typo--soehne has-spacing--default\"><strong>Utkarsh Singh<\/strong>, geboren 1999 in Gwalior, ist ein indischer K\u00fcnstler. Er absolvierte 2022 sein Studium an dem National Institute of Fashion Technology. Mit einem Hintergrund in Mode-Technologie entdeckte Utkarsh die Kamera als Ausdrucksmedium und dokumentierte jede Phase seines Lebens, fasziniert von der Idee, das Bild zu finden. F\u00fcr seinen Masterabschluss in Fotodesign arbeitete er an den Ideen des Anthropoz\u00e4ns und des Aktivismus.<\/p>\n\n\n\n<p class=\"post__paragraph is-style-typo--soehne has-spacing--default\">Er ging an die Hochschule Hannover, um dort im Rahmen eines Austauschprogramms in den Bereichen Dokumentarfotografie und Fotojournalismus zu arbeiten und seine Arbeit in Deutschland zu pr\u00e4sentieren. Er arbeitete an der Idee der Diaspora und der interkulturellen Reise durch pers\u00f6nliche Erz\u00e4hlungen und hinterfragte die Geopolitik der zeitgen\u00f6ssischen Welt. Er ist zutiefst inspiriert von der Arbeit von Josef Koudelka, Nikita Teryoshin, Bharat Sikka und Arko Datto, da er oft Kunstfertigkeit mit Dokumentation kombiniert und die Grenzen zwischen Realit\u00e4t und Vorstellungskraft durch sein Objektiv verschwimmen l\u00e4sst.<\/p>\n\n\n\n<p class=\"post__paragraph is-style-typo--soehne has-spacing--default\">Sein Interesse gilt Bereichen wie zeitgen\u00f6ssischen sozialen Problemen, Umweltkonflikten und Selbstreflexion. Er ist besessen von politischem Absolutismus. Mit Sitz in Indien glaubt er an interdisziplin\u00e4re Ans\u00e4tze und arbeitet mit Fotografien, bewegten Bildern, Videos, Texten und Performances. Utkarsh ist auch Mitglied der Fotobus-society.<\/p>\n\n\n\n<p class=\"post__paragraph is-style-typo--soehne has-spacing--default\"><strong>Ver\u00f6ffentlichungen:<br><\/strong>https:\/\/www.caesurae.org\/single-post\/voices-in-of-about-emptiness-creative-expressions<\/p>\n\n\n\n<p class=\"post__paragraph is-style-typo--soehne has-spacing--default\"><strong>Ausstellungen:<br><\/strong>24 Hour Project in Finnland, 2021<br>Annual Design Show 2023<\/p>\n\n\n\n<p class=\"post__paragraph is-style-typo--soehne has-spacing--default\"><strong>Vorgestellt in:<br><\/strong>CNNNews18<br>Better Photography Magazine<br>Asian Photography Magazine<br>Voice of Fashion<br>500px<\/p>\n\n\n<\/div>\n<\/div>\n\n\n<div class=\"devider has-spacing--none\">\n    <hr>\n<\/div>\n\n\n \n\n    <div id=\"lead-in-block_55d4d55d9b884036e45e9556335e0c62\" class=\"block-lead-in typo--default font-size--default has-spacing--xs width--default\">\n        <h2><strong>Utkarshs<\/strong>\u00a0Beitr\u00e4ge<\/h2>\n    <\/div>\n\n\n\n\r\n<article class=\"post-teaser teaser-single--full has-spacing--m post-43753 magazin type-magazin status-publish has-post-thumbnail hentry magazinkategorie-auf-den-spuren-von\">\r\n\t<header class=\"entry-header\">\r\n\r\n\t\t<div class=\"entry-categories\">\n\t<a class=\"post__tag\" href=\"https:\/\/visualjournalism.de\/magazin-kategorie\/auf-den-spuren-von\/\" rel=\"category tag\">Auf den Spuren von&#8230;<\/a><\/div>\r\n\t\t<a href=\"https:\/\/visualjournalism.de\/en\/magazine\/auf-den-spuren-von\/vom-gesetzlosen-zum-geistheiler\/\" rel=\"bookmark\">\r\n\t\t\t<h2 class=\"entry-title\">Vom Gesetzlosen zum Geistheiler.<\/h2>\r\n\t\t\t<p class=\"entry-excerpt\">Alexander Golandsky war krimineller Rocker und Kokain-Dealer. Dann trat er in die Fu\u00dfstapfen eines ber\u00fchmten Wahrsagers. Die Geschichte eines radikalen Wandels.<\/p>\r\n\t\t<\/a>\r\n\r\n\t<\/header><!-- .entry-header -->\r\n\r\n\t<figure class=\"post__image\">\r\n\t\t<a href=\"https:\/\/visualjournalism.de\/en\/magazine\/auf-den-spuren-von\/vom-gesetzlosen-zum-geistheiler\/\" rel=\"bookmark\">\r\n\t\t\t<video class=\"post__video\" autoplay loop muted playsinline>\n\t<source src=\"https:\/\/visualjournalism.de\/wp-content\/uploads\/alexander-golandsky.mp4\" type=\"video\/mp4\">\n\tYour browser does not support the video tag.\n<\/video>\t\t<\/a>\r\n\t<\/figure><!-- .post__image -->\r\n\r\n<\/article>\r\n\n\n\n<div class=\"wp-block-group has-spacing--default has-spacing--default\">\n<div class=\"devider has-spacing--none\">\n    <hr>\n<\/div>\n\n\n \n\n    <div id=\"lead-in-block_0dbd3be06aafcfd0041685cd45e6abb1\" class=\"block-lead-in typo--default font-size--xl has-spacing--s width--default\">\n        <p><strong>Empfehlungen der Redaktion:<\/strong><\/p>\n    <\/div>\n\n\n\n\r\n\r\n\r\n\n\n\r\n\r\n\r\n\r\n        <div class=\"teaser-grid grid-layout--3col has-spacing--s width--inline\">\r\n\r\n            \r\n                <article class=\"post-teaser\">\r\n\r\n                    <a href=\"https:\/\/visualjournalism.de\/en\/magazine\/ratgeber\/so-schaffst-du-es-gute-portraets-zu-machen\/\" rel=\"permalink\">\r\n\r\n                        <div class=\"post-teaser__content\">\r\n\r\n                            <span class=\"entry-categories\">Ratgeber<\/span>\r\n                            <h3 class=\"post-teaser__headline\">\r\n                                So schaffst du es, gute Portr\u00e4ts zu machen.                             <\/h3>\r\n\r\n                            <div class=\"post-teaser__excerpt\">\r\n                                <p>Renommierte Fotograf*innen erz\u00e4hlen, wie sie in der Praxis mit Schwierigkeiten bei Portr\u00e4tshootings umgehen und wieso Posen manchmal ehrlicher sind, als man denkt.\u00a0<\/p>\r\n                            <\/div>\r\n\r\n                        <\/div><!-- .post-teaser__content -->\r\n\r\n\r\n                        \r\n                            <figure class=\"post-teaser__image\">\r\n                                <img loading=\"lazy\" decoding=\"async\"  \r\n                                    src=\"https:\/\/visualjournalism.de\/wp-content\/uploads\/2026\/01\/image-5-768x432.jpg\" \r\n                                    srcset=\"https:\/\/visualjournalism.de\/wp-content\/uploads\/2026\/01\/image-5-768x432.jpg 768w, https:\/\/visualjournalism.de\/wp-content\/uploads\/2026\/01\/image-5-300x169.jpg 300w, https:\/\/visualjournalism.de\/wp-content\/uploads\/2026\/01\/image-5-1024x576.jpg 1024w, https:\/\/visualjournalism.de\/wp-content\/uploads\/2026\/01\/image-5-1536x864.jpg 1536w, https:\/\/visualjournalism.de\/wp-content\/uploads\/2026\/01\/image-5-1400x788.jpg 1400w, https:\/\/visualjournalism.de\/wp-content\/uploads\/2026\/01\/image-5-1050x591.jpg 1050w, https:\/\/visualjournalism.de\/wp-content\/uploads\/2026\/01\/image-5-670x377.jpg 670w, https:\/\/visualjournalism.de\/wp-content\/uploads\/2026\/01\/image-5-420x236.jpg 420w, https:\/\/visualjournalism.de\/wp-content\/uploads\/2026\/01\/image-5-350x197.jpg 350w, https:\/\/visualjournalism.de\/wp-content\/uploads\/2026\/01\/image-5-150x84.jpg 150w, https:\/\/visualjournalism.de\/wp-content\/uploads\/2026\/01\/image-5.jpg 1600w\" \r\n                                    width=\"768\"  \r\n                                    height=\"432\" \r\n                                    alt=\"\"\r\n                                \/>\r\n                            <\/figure>\r\n\r\n                        \r\n                    \r\n                    <\/a>\r\n\r\n                <\/article><!--- .post-teaser-->\r\n\r\n            \r\n                <article class=\"post-teaser\">\r\n\r\n                    <a href=\"https:\/\/visualjournalism.de\/en\/magazine\/sammeln\/kugelschreiber-geschichten-zwischen-budapest-und-brockel\/\" rel=\"permalink\">\r\n\r\n                        <div class=\"post-teaser__content\">\r\n\r\n                            <span class=\"entry-categories\">Sammeln<\/span>\r\n                            <h3 class=\"post-teaser__headline\">\r\n                                Der K\u00f6nig der Kulis                            <\/h3>\r\n\r\n                            <div class=\"post-teaser__excerpt\">\r\n                                <p>Klack-Kulis, Sondereditionen, Werbegeschenke: Heinz-Hermann hat sie alle. \u00dcber 200.000 Kugelschreiber finden in seiner Sammlung Platz. Eine Geschichte des Kulis \u2013 von Budapest bis Brockel.<\/p>\r\n                            <\/div>\r\n\r\n                        <\/div><!-- .post-teaser__content -->\r\n\r\n\r\n                        \r\n                            <figure class=\"post-teaser__image\">\r\n                                <img loading=\"lazy\" decoding=\"async\"  \r\n                                    src=\"https:\/\/visualjournalism.de\/wp-content\/uploads\/Sammeln-4_Inga-Kloeber-768x512.jpg\" \r\n                                    srcset=\"https:\/\/visualjournalism.de\/wp-content\/uploads\/Sammeln-4_Inga-Kloeber-768x512.jpg 768w, https:\/\/visualjournalism.de\/wp-content\/uploads\/Sammeln-4_Inga-Kloeber-300x200.jpg 300w, https:\/\/visualjournalism.de\/wp-content\/uploads\/Sammeln-4_Inga-Kloeber-1024x682.jpg 1024w, https:\/\/visualjournalism.de\/wp-content\/uploads\/Sammeln-4_Inga-Kloeber-1536x1024.jpg 1536w, https:\/\/visualjournalism.de\/wp-content\/uploads\/Sammeln-4_Inga-Kloeber-1920x1280.jpg 1920w, https:\/\/visualjournalism.de\/wp-content\/uploads\/Sammeln-4_Inga-Kloeber-1400x933.jpg 1400w, https:\/\/visualjournalism.de\/wp-content\/uploads\/Sammeln-4_Inga-Kloeber-1050x700.jpg 1050w, https:\/\/visualjournalism.de\/wp-content\/uploads\/Sammeln-4_Inga-Kloeber-670x447.jpg 670w, https:\/\/visualjournalism.de\/wp-content\/uploads\/Sammeln-4_Inga-Kloeber-420x280.jpg 420w, https:\/\/visualjournalism.de\/wp-content\/uploads\/Sammeln-4_Inga-Kloeber-350x233.jpg 350w, https:\/\/visualjournalism.de\/wp-content\/uploads\/Sammeln-4_Inga-Kloeber-150x100.jpg 150w, https:\/\/visualjournalism.de\/wp-content\/uploads\/Sammeln-4_Inga-Kloeber.jpg 2000w\" \r\n                                    width=\"768\"  \r\n                                    height=\"512\" \r\n                                    alt=\"Nahaufnahme eines mehrst\u00f6ckigen Regals in dem sich bunte Kisten befinden. Diese sind bis obenhin mit Kugelschreibern gef\u00fcllt.\"\r\n                                \/>\r\n                            <\/figure>\r\n\r\n                        \r\n                    \r\n                    <\/a>\r\n\r\n                <\/article><!--- .post-teaser-->\r\n\r\n            \r\n                <article class=\"post-teaser\">\r\n\r\n                    <a href=\"https:\/\/visualjournalism.de\/en\/magazine\/ratgeber\/die-richtige-beleuchtung-im-fotostudio\/\" rel=\"permalink\">\r\n\r\n                        <div class=\"post-teaser__content\">\r\n\r\n                            <span class=\"entry-categories\">Ratgeber<\/span>\r\n                            <h3 class=\"post-teaser__headline\">\r\n                                Beleuchtung im Fotostudio.                            <\/h3>\r\n\r\n                            <div class=\"post-teaser__excerpt\">\r\n                                <p>Das richtige Licht im Studio ist entscheidend f\u00fcr gelungene Studioaufnahmen. Wie aber gelingt die perfekte Ausleuchtung und welche Techniken gibt es?<\/p>\r\n                            <\/div>\r\n\r\n                        <\/div><!-- .post-teaser__content -->\r\n\r\n\r\n                        \r\n                            <figure class=\"post-teaser__image\">\r\n                                <img loading=\"lazy\" decoding=\"async\"  \r\n                                    src=\"https:\/\/visualjournalism.de\/wp-content\/uploads\/DSC06343-768x492.jpg\" \r\n                                    srcset=\"https:\/\/visualjournalism.de\/wp-content\/uploads\/DSC06343-768x492.jpg 768w, https:\/\/visualjournalism.de\/wp-content\/uploads\/DSC06343-300x192.jpg 300w, https:\/\/visualjournalism.de\/wp-content\/uploads\/DSC06343-1024x656.jpg 1024w, https:\/\/visualjournalism.de\/wp-content\/uploads\/DSC06343-1536x983.jpg 1536w, https:\/\/visualjournalism.de\/wp-content\/uploads\/DSC06343-2048x1311.jpg 2048w, https:\/\/visualjournalism.de\/wp-content\/uploads\/DSC06343-1920x1229.jpg 1920w, https:\/\/visualjournalism.de\/wp-content\/uploads\/DSC06343-1400x896.jpg 1400w, https:\/\/visualjournalism.de\/wp-content\/uploads\/DSC06343-1050x672.jpg 1050w, https:\/\/visualjournalism.de\/wp-content\/uploads\/DSC06343-670x429.jpg 670w, https:\/\/visualjournalism.de\/wp-content\/uploads\/DSC06343-420x269.jpg 420w, https:\/\/visualjournalism.de\/wp-content\/uploads\/DSC06343-350x224.jpg 350w, https:\/\/visualjournalism.de\/wp-content\/uploads\/DSC06343-150x96.jpg 150w\" \r\n                                    width=\"768\"  \r\n                                    height=\"492\" \r\n                                    alt=\"\"\r\n                                \/>\r\n                            <\/figure>\r\n\r\n                        \r\n                    \r\n                    <\/a>\r\n\r\n                <\/article><!--- .post-teaser-->\r\n\r\n            \r\n        <\/div><!-- .teaser-grid -->\r\n\r\n\n\n\r\n\r\n\r\n\n\n\n    <div class=\"btn-wrapper has-spacing--m\">\n        <a class=\"btn\" href=\"https:\/\/visualjournalism.de\/magazin\/\" target=\"_blank\">ZUR MAGAZIN-STARTSEITE<\/a>\n    <\/div>\n<\/div>\n","protected":false},"excerpt":{"rendered":"","protected":false},"author":75,"featured_media":0,"parent":0,"menu_order":0,"comment_status":"closed","ping_status":"closed","template":"","meta":{"_acf_changed":false,"footnotes":""},"class_list":["post-39886","page","type-page","status-publish","hentry"],"acf":[],"yoast_head":"<!-- This site is optimized with the Yoast SEO Premium plugin v27.3 (Yoast SEO v27.3) - https:\/\/yoast.com\/product\/yoast-seo-premium-wordpress\/ -->\n<title>Utkarsh Singh &#8211; Visual Journalism and Documentary Photography<\/title>\n<meta name=\"robots\" content=\"index, follow, max-snippet:-1, max-image-preview:large, max-video-preview:-1\" \/>\n<link rel=\"canonical\" href=\"https:\/\/visualjournalism.de\/en\/utkarsh-singh\/\" \/>\n<meta property=\"og:locale\" content=\"en_US\" \/>\n<meta property=\"og:type\" content=\"article\" \/>\n<meta property=\"og:title\" content=\"Utkarsh Singh\" \/>\n<meta property=\"og:url\" content=\"https:\/\/visualjournalism.de\/en\/utkarsh-singh\/\" \/>\n<meta property=\"og:site_name\" content=\"Visual Journalism and Documentary Photography\" \/>\n<meta property=\"article:publisher\" content=\"https:\/\/www.facebook.com\/people\/wwwfotostudentende\/100065173703897\/\" \/>\n<meta property=\"article:modified_time\" content=\"2024-10-18T19:40:13+00:00\" \/>\n<meta name=\"twitter:card\" content=\"summary_large_image\" \/>\n<meta name=\"twitter:site\" content=\"@HsHannover\" \/>\n<meta name=\"twitter:label1\" content=\"Est. reading time\" \/>\n\t<meta name=\"twitter:data1\" content=\"2 minutes\" \/>\n<script type=\"application\/ld+json\" class=\"yoast-schema-graph\">{\"@context\":\"https:\\\/\\\/schema.org\",\"@graph\":[{\"@type\":\"WebPage\",\"@id\":\"https:\\\/\\\/visualjournalism.de\\\/en\\\/utkarsh-singh\\\/\",\"url\":\"https:\\\/\\\/visualjournalism.de\\\/en\\\/utkarsh-singh\\\/\",\"name\":\"Utkarsh Singh &#8211; Visual Journalism and Documentary Photography\",\"isPartOf\":{\"@id\":\"https:\\\/\\\/visualjournalism.de\\\/en\\\/#website\"},\"datePublished\":\"2024-10-18T19:40:12+00:00\",\"dateModified\":\"2024-10-18T19:40:13+00:00\",\"breadcrumb\":{\"@id\":\"https:\\\/\\\/visualjournalism.de\\\/en\\\/utkarsh-singh\\\/#breadcrumb\"},\"inLanguage\":\"en-US\",\"potentialAction\":[{\"@type\":\"ReadAction\",\"target\":[\"https:\\\/\\\/visualjournalism.de\\\/en\\\/utkarsh-singh\\\/\"]}]},{\"@type\":\"BreadcrumbList\",\"@id\":\"https:\\\/\\\/visualjournalism.de\\\/en\\\/utkarsh-singh\\\/#breadcrumb\",\"itemListElement\":[{\"@type\":\"ListItem\",\"position\":1,\"name\":\"Home\",\"item\":\"https:\\\/\\\/visualjournalism.de\\\/en\\\/\"},{\"@type\":\"ListItem\",\"position\":2,\"name\":\"Utkarsh Singh\"}]},{\"@type\":\"WebSite\",\"@id\":\"https:\\\/\\\/visualjournalism.de\\\/en\\\/#website\",\"url\":\"https:\\\/\\\/visualjournalism.de\\\/en\\\/\",\"name\":\"Visual Journalism and Documentary Photography\",\"description\":\"All about the bilingual bachelor&#039;s program at Hannover University of Applied Sciences and Arts.\",\"publisher\":{\"@id\":\"https:\\\/\\\/visualjournalism.de\\\/en\\\/#organization\"},\"alternateName\":\"visualjournalism.de\",\"potentialAction\":[{\"@type\":\"SearchAction\",\"target\":{\"@type\":\"EntryPoint\",\"urlTemplate\":\"https:\\\/\\\/visualjournalism.de\\\/en\\\/?s={search_term_string}\"},\"query-input\":{\"@type\":\"PropertyValueSpecification\",\"valueRequired\":true,\"valueName\":\"search_term_string\"}}],\"inLanguage\":\"en-US\"},{\"@type\":\"Organization\",\"@id\":\"https:\\\/\\\/visualjournalism.de\\\/en\\\/#organization\",\"name\":\"Hochschule Hannover \u2013 University of Applied Sciences and Arts\",\"alternateName\":\"HsH\",\"url\":\"https:\\\/\\\/visualjournalism.de\\\/en\\\/\",\"logo\":{\"@type\":\"ImageObject\",\"inLanguage\":\"en-US\",\"@id\":\"https:\\\/\\\/visualjournalism.de\\\/en\\\/#\\\/schema\\\/logo\\\/image\\\/\",\"url\":\"https:\\\/\\\/visualjournalism.de\\\/wp-content\\\/uploads\\\/logo-hochschule-hannover.png\",\"contentUrl\":\"https:\\\/\\\/visualjournalism.de\\\/wp-content\\\/uploads\\\/logo-hochschule-hannover.png\",\"width\":363,\"height\":270,\"caption\":\"Hochschule Hannover \u2013 University of Applied Sciences and Arts\"},\"image\":{\"@id\":\"https:\\\/\\\/visualjournalism.de\\\/en\\\/#\\\/schema\\\/logo\\\/image\\\/\"},\"sameAs\":[\"https:\\\/\\\/www.facebook.com\\\/people\\\/wwwfotostudentende\\\/100065173703897\\\/\",\"https:\\\/\\\/x.com\\\/HsHannover\",\"https:\\\/\\\/www.instagram.com\\\/visualjournalism.de\\\/\"]}]}<\/script>\n<!-- \/ Yoast SEO Premium plugin. -->","yoast_head_json":{"title":"Utkarsh Singh &#8211; Visual Journalism and Documentary Photography","robots":{"index":"index","follow":"follow","max-snippet":"max-snippet:-1","max-image-preview":"max-image-preview:large","max-video-preview":"max-video-preview:-1"},"canonical":"https:\/\/visualjournalism.de\/en\/utkarsh-singh\/","og_locale":"en_US","og_type":"article","og_title":"Utkarsh Singh","og_url":"https:\/\/visualjournalism.de\/en\/utkarsh-singh\/","og_site_name":"Visual Journalism and Documentary Photography","article_publisher":"https:\/\/www.facebook.com\/people\/wwwfotostudentende\/100065173703897\/","article_modified_time":"2024-10-18T19:40:13+00:00","twitter_card":"summary_large_image","twitter_site":"@HsHannover","twitter_misc":{"Est. reading time":"2 minutes"},"schema":{"@context":"https:\/\/schema.org","@graph":[{"@type":"WebPage","@id":"https:\/\/visualjournalism.de\/en\/utkarsh-singh\/","url":"https:\/\/visualjournalism.de\/en\/utkarsh-singh\/","name":"Utkarsh Singh &#8211; Visual Journalism and Documentary Photography","isPartOf":{"@id":"https:\/\/visualjournalism.de\/en\/#website"},"datePublished":"2024-10-18T19:40:12+00:00","dateModified":"2024-10-18T19:40:13+00:00","breadcrumb":{"@id":"https:\/\/visualjournalism.de\/en\/utkarsh-singh\/#breadcrumb"},"inLanguage":"en-US","potentialAction":[{"@type":"ReadAction","target":["https:\/\/visualjournalism.de\/en\/utkarsh-singh\/"]}]},{"@type":"BreadcrumbList","@id":"https:\/\/visualjournalism.de\/en\/utkarsh-singh\/#breadcrumb","itemListElement":[{"@type":"ListItem","position":1,"name":"Home","item":"https:\/\/visualjournalism.de\/en\/"},{"@type":"ListItem","position":2,"name":"Utkarsh Singh"}]},{"@type":"WebSite","@id":"https:\/\/visualjournalism.de\/en\/#website","url":"https:\/\/visualjournalism.de\/en\/","name":"Visual Journalism and Documentary Photography","description":"All about the bilingual bachelor&#039;s program at Hannover University of Applied Sciences and Arts.","publisher":{"@id":"https:\/\/visualjournalism.de\/en\/#organization"},"alternateName":"visualjournalism.de","potentialAction":[{"@type":"SearchAction","target":{"@type":"EntryPoint","urlTemplate":"https:\/\/visualjournalism.de\/en\/?s={search_term_string}"},"query-input":{"@type":"PropertyValueSpecification","valueRequired":true,"valueName":"search_term_string"}}],"inLanguage":"en-US"},{"@type":"Organization","@id":"https:\/\/visualjournalism.de\/en\/#organization","name":"Hochschule Hannover \u2013 University of Applied Sciences and Arts","alternateName":"HsH","url":"https:\/\/visualjournalism.de\/en\/","logo":{"@type":"ImageObject","inLanguage":"en-US","@id":"https:\/\/visualjournalism.de\/en\/#\/schema\/logo\/image\/","url":"https:\/\/visualjournalism.de\/wp-content\/uploads\/logo-hochschule-hannover.png","contentUrl":"https:\/\/visualjournalism.de\/wp-content\/uploads\/logo-hochschule-hannover.png","width":363,"height":270,"caption":"Hochschule Hannover \u2013 University of Applied Sciences and Arts"},"image":{"@id":"https:\/\/visualjournalism.de\/en\/#\/schema\/logo\/image\/"},"sameAs":["https:\/\/www.facebook.com\/people\/wwwfotostudentende\/100065173703897\/","https:\/\/x.com\/HsHannover","https:\/\/www.instagram.com\/visualjournalism.de\/"]}]}},"_links":{"self":[{"href":"https:\/\/visualjournalism.de\/en\/wp-json\/wp\/v2\/pages\/39886","targetHints":{"allow":["GET"]}}],"collection":[{"href":"https:\/\/visualjournalism.de\/en\/wp-json\/wp\/v2\/pages"}],"about":[{"href":"https:\/\/visualjournalism.de\/en\/wp-json\/wp\/v2\/types\/page"}],"author":[{"embeddable":true,"href":"https:\/\/visualjournalism.de\/en\/wp-json\/wp\/v2\/users\/75"}],"replies":[{"embeddable":true,"href":"https:\/\/visualjournalism.de\/en\/wp-json\/wp\/v2\/comments?post=39886"}],"version-history":[{"count":0,"href":"https:\/\/visualjournalism.de\/en\/wp-json\/wp\/v2\/pages\/39886\/revisions"}],"wp:attachment":[{"href":"https:\/\/visualjournalism.de\/en\/wp-json\/wp\/v2\/media?parent=39886"}],"curies":[{"name":"wp","href":"https:\/\/api.w.org\/{rel}","templated":true}]}}