{"id":39970,"date":"2024-04-22T18:54:02","date_gmt":"2024-04-22T18:54:02","guid":{"rendered":"https:\/\/visualjournalism.de\/?page_id=39970"},"modified":"2024-10-17T13:23:34","modified_gmt":"2024-10-17T13:23:34","slug":"serghei-duve","status":"publish","type":"page","link":"https:\/\/visualjournalism.de\/en\/serghei-duve\/","title":{"rendered":"Serghei Duve"},"content":{"rendered":"\n<p class=\"post__paragraph has-spacing--default\"><\/p>\n\n\n\n \n\n    <div id=\"lead-in-block_6abc15f6aad97cfb5903eff26389f124\" class=\"block-lead-in typo--default font-size--xl has-spacing--m width--default\">\n        <h1><strong>Serghei Duve<\/strong><\/h1>\n<p>&nbsp;<\/p>\n    <\/div>\n\n\n\n\n<div class=\"pinned-block has-spacing--xs\">\n\t\n\n<div class=\"pinned-block__column--left\">\n    \n    <figure class=\"block-photo post__image--full has-spacing--m no-title\">\n\n        <div class=\"post__image__container\">\n            <img loading=\"lazy\" decoding=\"async\" \n                src=\"https:\/\/visualjournalism.de\/wp-content\/uploads\/Portraet_SergheiDuve-1400x1400.jpg\"\n                srcset=\"https:\/\/visualjournalism.de\/wp-content\/uploads\/Portraet_SergheiDuve-1400x1400.jpg 1400w, https:\/\/visualjournalism.de\/wp-content\/uploads\/Portraet_SergheiDuve-300x300.jpg 300w, https:\/\/visualjournalism.de\/wp-content\/uploads\/Portraet_SergheiDuve-1024x1024.jpg 1024w, https:\/\/visualjournalism.de\/wp-content\/uploads\/Portraet_SergheiDuve-150x150.jpg 150w, https:\/\/visualjournalism.de\/wp-content\/uploads\/Portraet_SergheiDuve-768x768.jpg 768w, https:\/\/visualjournalism.de\/wp-content\/uploads\/Portraet_SergheiDuve-1536x1536.jpg 1536w, https:\/\/visualjournalism.de\/wp-content\/uploads\/Portraet_SergheiDuve-2048x2048.jpg 2048w, https:\/\/visualjournalism.de\/wp-content\/uploads\/Portraet_SergheiDuve-1920x1921.jpg 1920w, https:\/\/visualjournalism.de\/wp-content\/uploads\/Portraet_SergheiDuve-1050x1050.jpg 1050w, https:\/\/visualjournalism.de\/wp-content\/uploads\/Portraet_SergheiDuve-670x670.jpg 670w, https:\/\/visualjournalism.de\/wp-content\/uploads\/Portraet_SergheiDuve-420x420.jpg 420w, https:\/\/visualjournalism.de\/wp-content\/uploads\/Portraet_SergheiDuve-350x350.jpg 350w, https:\/\/visualjournalism.de\/wp-content\/uploads\/Portraet_SergheiDuve-52x52.jpg 52w, https:\/\/visualjournalism.de\/wp-content\/uploads\/Portraet_SergheiDuve-68x68.jpg 68w, https:\/\/visualjournalism.de\/wp-content\/uploads\/Portraet_SergheiDuve-96x96.jpg 96w\"\n                width=\"1400\" \n                height=\"1400\"\n                alt=\"\" \n            \/>\n            \n                    <\/div><!-- post__image__container -->\n\n        \n    <\/figure><!-- post__image -->\n\n\n\n<\/div>\n\n\n<div class=\"pinned-block__column--right\">\n    \n\n<p class=\"post__paragraph is-style-typo--soehne has-spacing--default\"><strong>Serghei Duve<\/strong> wurde 1999 in Chi\u0219in\u0103u, Moldawien geboren. Als er gerade ein Jahr alt war, zogen seine Eltern mit ihm nach Hannover, Deutschland. Seitdem besuchte er deutsche Kinderg\u00e4rten und Schulen, w\u00e4hrend er in einem russischen Haushalt lebte und mit seinen Eltern Russisch sprach. Die ganze Familie lebte bis zum Jahr 2015 mit moldawischen P\u00e4ssen.<\/p>\n\n\n\n<p class=\"post__paragraph is-style-typo--soehne has-spacing--default\">Sein Interesse an der Fotografie begann als er zu seinem zehnten Geburtstag seine erste Kamera  bekam.<br>Im Jahr 2021 begann er den Studiengang Visual Journalism and Dokumentars Photography an der Fachhochschule Hannover.<\/p>\n\n\n\n<p class=\"post__paragraph is-style-typo--soehne has-spacing--default\">In seinen Projekten besch\u00e4ftigt sich Serghei viel mit Identit\u00e4t und Herkunft, oft in Zusammenhang mit seinen eigenen Wurzeln und Erfahrungen. <br><\/p>\n\n\n\n<p class=\"post__paragraph is-style-typo--soehne has-spacing--none\"><strong>Kontakt:<\/strong><\/p>\n\n\n\n<p class=\"post__paragraph is-style-typo--soehne has-spacing--default\"><a href=\"https:\/\/sergheiduvef55f.myportfolio.com\/\">www.sergheiduve.com<\/a><br><a href=\"mailto:sergheiduve@outlook.de\">sergheiduve@outlook.de<\/a><br><a href=\"https:\/\/www.instagram.com\/sergheiduve\/?hl=de\">@sergheiduve<\/a><br>+49 176 21013565<\/p>\n\n\n\n<p class=\"post__paragraph has-spacing--default\"><\/p>\n\n\n<\/div>\n<\/div>\n\n\n<div class=\"devider has-spacing--none\">\n    <hr>\n<\/div>\n\n\n \n\n    <div id=\"lead-in-block_6b921cb9c9cb496ba1da1343a44489b3\" class=\"block-lead-in typo--default font-size--default has-spacing--xs width--default\">\n        <p><strong>Sergheis Beitr\u00e4ge:<\/strong><\/p>\n    <\/div>\n\n\n\n\r\n<article class=\"post-teaser teaser-single--full has-spacing--m post-45077 magazin type-magazin status-publish has-post-thumbnail hentry tag-fotostrecke tag-osteuropa tag-politik-gesellschaft magazinkategorie-auf-den-spuren-von\">\r\n\t<header class=\"entry-header\">\r\n\r\n\t\t<div class=\"entry-categories\">\n\t<a class=\"post__tag\" href=\"https:\/\/visualjournalism.de\/magazin-kategorie\/auf-den-spuren-von\/\" rel=\"category tag\">Auf den Spuren von&#8230;<\/a><\/div>\r\n\t\t<a href=\"https:\/\/visualjournalism.de\/en\/magazine\/auf-den-spuren-von\/fuer-die-einheimischen-ist-transnistrien-real\/\" rel=\"bookmark\">\r\n\t\t\t<h2 class=\"entry-title\">Leben in Transnistrien: Ein Staat ohne Anerkennung.<\/h2>\r\n\t\t\t<p class=\"entry-excerpt\">Wie lebt es sich an einem Ort, den es auf den meisten Landkarten gar nicht gibt? Junge Menschen erz\u00e4hlen.<\/p>\r\n\t\t<\/a>\r\n\r\n\t<\/header><!-- .entry-header -->\r\n\r\n\t<figure class=\"post__image\">\r\n\t\t<a href=\"https:\/\/visualjournalism.de\/en\/magazine\/auf-den-spuren-von\/fuer-die-einheimischen-ist-transnistrien-real\/\" rel=\"bookmark\">\r\n\t\t\t<img loading=\"lazy\" decoding=\"async\" width=\"1400\" height=\"933\" src=\"https:\/\/visualjournalism.de\/wp-content\/uploads\/SergheiDuve_Transnistrien_17-1400x933.jpg\" class=\"attachment-photo-block--full size-photo-block--full\" alt=\"Ein junges Paar sitzt auf einer leeren Trib\u00fcne bei Abendd\u00e4mmerung, das M\u00e4dchen lehnt sich an die Schulter des Jungen und beide tragen l\u00e4ssige Kleidung. Der Hintergrund zeigt eine urbane Umgebung mit B\u00e4umen und einem Geb\u00e4ude.\" srcset=\"https:\/\/visualjournalism.de\/wp-content\/uploads\/SergheiDuve_Transnistrien_17-1400x933.jpg 1400w, https:\/\/visualjournalism.de\/wp-content\/uploads\/SergheiDuve_Transnistrien_17-300x200.jpg 300w, https:\/\/visualjournalism.de\/wp-content\/uploads\/SergheiDuve_Transnistrien_17-1024x682.jpg 1024w, https:\/\/visualjournalism.de\/wp-content\/uploads\/SergheiDuve_Transnistrien_17-768x512.jpg 768w, https:\/\/visualjournalism.de\/wp-content\/uploads\/SergheiDuve_Transnistrien_17-1536x1024.jpg 1536w, https:\/\/visualjournalism.de\/wp-content\/uploads\/SergheiDuve_Transnistrien_17-1920x1280.jpg 1920w, https:\/\/visualjournalism.de\/wp-content\/uploads\/SergheiDuve_Transnistrien_17-1050x700.jpg 1050w, https:\/\/visualjournalism.de\/wp-content\/uploads\/SergheiDuve_Transnistrien_17-670x447.jpg 670w, https:\/\/visualjournalism.de\/wp-content\/uploads\/SergheiDuve_Transnistrien_17-420x280.jpg 420w, https:\/\/visualjournalism.de\/wp-content\/uploads\/SergheiDuve_Transnistrien_17-350x233.jpg 350w, https:\/\/visualjournalism.de\/wp-content\/uploads\/SergheiDuve_Transnistrien_17-150x100.jpg 150w, https:\/\/visualjournalism.de\/wp-content\/uploads\/SergheiDuve_Transnistrien_17.jpg 2000w\" sizes=\"auto, (max-width: 1400px) 100vw, 1400px\" \/>\t\t<\/a>\r\n\t<\/figure><!-- .post__image -->\r\n\r\n<\/article>\r\n\n\n\n<div class=\"wp-block-group has-spacing--default has-spacing--default\">\n<div class=\"devider has-spacing--none\">\n    <hr>\n<\/div>\n\n\n \n\n    <div id=\"lead-in-block_f0bc4e766629645ca9cf46e912e3d30f\" class=\"block-lead-in typo--default font-size--xl has-spacing--s width--default\">\n        <p><strong>Empfehlungen der Redaktion:<\/strong><\/p>\n    <\/div>\n\n\n\n\r\n\r\n\r\n\n\n\r\n\r\n\r\n\r\n        <div class=\"teaser-grid grid-layout--3col has-spacing--s width--inline\">\r\n\r\n            \r\n                <article class=\"post-teaser\">\r\n\r\n                    <a href=\"https:\/\/visualjournalism.de\/en\/magazine\/ratgeber\/zwischen-pressefreiheit-und-persoenlichkeitsrecht\/\" rel=\"permalink\">\r\n\r\n                        <div class=\"post-teaser__content\">\r\n\r\n                            <span class=\"entry-categories\">Ratgeber<\/span>\r\n                            <h3 class=\"post-teaser__headline\">\r\n                                Fotorecht f\u00fcr Fotojournalist*innen: Recht am eigenen Bild und Pressefreiheit erkl\u00e4rt.                            <\/h3>\r\n\r\n                            <div class=\"post-teaser__excerpt\">\r\n                                <p>Was d\u00fcrfen Fotojournalist*innen fotografieren und ver\u00f6ffentlichen? Dieser Ratgeber erkl\u00e4rt das Recht am eigenen Bild, die Grenzen zwischen Pressefreiheit und Pers\u00f6nlichkeitsrecht \u2013 und wie du rechtlich sicher arbeitest.<\/p>\r\n                            <\/div>\r\n\r\n                        <\/div><!-- .post-teaser__content -->\r\n\r\n\r\n                        \r\n                            <figure class=\"post-teaser__image\">\r\n                                <img loading=\"lazy\" decoding=\"async\"  \r\n                                    src=\"https:\/\/visualjournalism.de\/wp-content\/uploads\/2025\/02\/Presse-Fotorecht-0225-768x519.jpg\" \r\n                                    srcset=\"https:\/\/visualjournalism.de\/wp-content\/uploads\/2025\/02\/Presse-Fotorecht-0225-768x519.jpg 768w, https:\/\/visualjournalism.de\/wp-content\/uploads\/2025\/02\/Presse-Fotorecht-0225-300x203.jpg 300w, https:\/\/visualjournalism.de\/wp-content\/uploads\/2025\/02\/Presse-Fotorecht-0225-1024x692.jpg 1024w, https:\/\/visualjournalism.de\/wp-content\/uploads\/2025\/02\/Presse-Fotorecht-0225-1536x1038.jpg 1536w, https:\/\/visualjournalism.de\/wp-content\/uploads\/2025\/02\/Presse-Fotorecht-0225-2048x1384.jpg 2048w, https:\/\/visualjournalism.de\/wp-content\/uploads\/2025\/02\/Presse-Fotorecht-0225-1920x1298.jpg 1920w, https:\/\/visualjournalism.de\/wp-content\/uploads\/2025\/02\/Presse-Fotorecht-0225-1400x946.jpg 1400w, https:\/\/visualjournalism.de\/wp-content\/uploads\/2025\/02\/Presse-Fotorecht-0225-1050x710.jpg 1050w, https:\/\/visualjournalism.de\/wp-content\/uploads\/2025\/02\/Presse-Fotorecht-0225-670x453.jpg 670w, https:\/\/visualjournalism.de\/wp-content\/uploads\/2025\/02\/Presse-Fotorecht-0225-420x284.jpg 420w, https:\/\/visualjournalism.de\/wp-content\/uploads\/2025\/02\/Presse-Fotorecht-0225-350x237.jpg 350w, https:\/\/visualjournalism.de\/wp-content\/uploads\/2025\/02\/Presse-Fotorecht-0225-150x101.jpg 150w\" \r\n                                    width=\"768\"  \r\n                                    height=\"519\" \r\n                                    alt=\"\"\r\n                                \/>\r\n                            <\/figure>\r\n\r\n                        \r\n                    \r\n                    <\/a>\r\n\r\n                <\/article><!--- .post-teaser-->\r\n\r\n            \r\n                <article class=\"post-teaser\">\r\n\r\n                    <a href=\"https:\/\/visualjournalism.de\/en\/magazine\/sammeln\/hannovers-verborgene-rohstoffquelle\/\" rel=\"permalink\">\r\n\r\n                        <div class=\"post-teaser__content\">\r\n\r\n                            <span class=\"entry-categories\">Sammeln<\/span>\r\n                            <h3 class=\"post-teaser__headline\">\r\n                                Hannovers verborgene Rohstoffquelle: Recycling im Nordhafen                            <\/h3>\r\n\r\n                            <div class=\"post-teaser__excerpt\">\r\n                                <p>Unsichere Handelswege, Kriege und neue Vorschriften fordern die Recyclingbranche. Auf dem TSR-Gel\u00e4nde im hannoverschen Nordhafen wird der Wandel eines ganzen Wirtschaftszweigs sichtbar.<\/p>\r\n                            <\/div>\r\n\r\n                        <\/div><!-- .post-teaser__content -->\r\n\r\n\r\n                        \r\n                            <figure class=\"post-teaser__image\">\r\n                                <img loading=\"lazy\" decoding=\"async\"  \r\n                                    src=\"https:\/\/visualjournalism.de\/wp-content\/uploads\/Moritz-Heck_Schrottplatz_26_dunkel-768x512.jpg\" \r\n                                    srcset=\"https:\/\/visualjournalism.de\/wp-content\/uploads\/Moritz-Heck_Schrottplatz_26_dunkel-768x512.jpg 768w, https:\/\/visualjournalism.de\/wp-content\/uploads\/Moritz-Heck_Schrottplatz_26_dunkel-300x200.jpg 300w, https:\/\/visualjournalism.de\/wp-content\/uploads\/Moritz-Heck_Schrottplatz_26_dunkel-1024x683.jpg 1024w, https:\/\/visualjournalism.de\/wp-content\/uploads\/Moritz-Heck_Schrottplatz_26_dunkel-1536x1024.jpg 1536w, https:\/\/visualjournalism.de\/wp-content\/uploads\/Moritz-Heck_Schrottplatz_26_dunkel-2048x1365.jpg 2048w, https:\/\/visualjournalism.de\/wp-content\/uploads\/Moritz-Heck_Schrottplatz_26_dunkel-1920x1280.jpg 1920w, https:\/\/visualjournalism.de\/wp-content\/uploads\/Moritz-Heck_Schrottplatz_26_dunkel-1400x933.jpg 1400w, https:\/\/visualjournalism.de\/wp-content\/uploads\/Moritz-Heck_Schrottplatz_26_dunkel-1050x700.jpg 1050w, https:\/\/visualjournalism.de\/wp-content\/uploads\/Moritz-Heck_Schrottplatz_26_dunkel-670x447.jpg 670w, https:\/\/visualjournalism.de\/wp-content\/uploads\/Moritz-Heck_Schrottplatz_26_dunkel-420x280.jpg 420w, https:\/\/visualjournalism.de\/wp-content\/uploads\/Moritz-Heck_Schrottplatz_26_dunkel-350x233.jpg 350w, https:\/\/visualjournalism.de\/wp-content\/uploads\/Moritz-Heck_Schrottplatz_26_dunkel-150x100.jpg 150w\" \r\n                                    width=\"768\"  \r\n                                    height=\"512\" \r\n                                    alt=\"\"\r\n                                \/>\r\n                            <\/figure>\r\n\r\n                        \r\n                    \r\n                    <\/a>\r\n\r\n                <\/article><!--- .post-teaser-->\r\n\r\n            \r\n                <article class=\"post-teaser\">\r\n\r\n                    <a href=\"https:\/\/visualjournalism.de\/en\/magazine\/ratgeber\/was-eine-gute-fotoreportage-auszeichnet\/\" rel=\"permalink\">\r\n\r\n                        <div class=\"post-teaser__content\">\r\n\r\n                            <span class=\"entry-categories\">Ratgeber<\/span>\r\n                            <h3 class=\"post-teaser__headline\">\r\n                                Was eine gute Fotoreportage ausmacht: Merkmale, Beispiele und Tipps.                            <\/h3>\r\n\r\n                            <div class=\"post-teaser__excerpt\">\r\n                                <p>Klarer Fokus auf die Protagonist*innen, ausdrucksstarke Bilder, starkes Storytelling: Wir zeigen dir an Beispielen die Merkmale einer Fotoreportage, die fesselt und in Erinnerung bleibt.<\/p>\r\n                            <\/div>\r\n\r\n                        <\/div><!-- .post-teaser__content -->\r\n\r\n\r\n                        \r\n                            <figure class=\"post-teaser__image\">\r\n                                <img loading=\"lazy\" decoding=\"async\"  \r\n                                    src=\"https:\/\/visualjournalism.de\/wp-content\/uploads\/Ratgeber-Fotoreportage-1-Fabian-Niebauer-_DSC5629-lowRes-768x512.jpg\" \r\n                                    srcset=\"https:\/\/visualjournalism.de\/wp-content\/uploads\/Ratgeber-Fotoreportage-1-Fabian-Niebauer-_DSC5629-lowRes-768x512.jpg 768w, https:\/\/visualjournalism.de\/wp-content\/uploads\/Ratgeber-Fotoreportage-1-Fabian-Niebauer-_DSC5629-lowRes-300x200.jpg 300w, https:\/\/visualjournalism.de\/wp-content\/uploads\/Ratgeber-Fotoreportage-1-Fabian-Niebauer-_DSC5629-lowRes-1024x683.jpg 1024w, https:\/\/visualjournalism.de\/wp-content\/uploads\/Ratgeber-Fotoreportage-1-Fabian-Niebauer-_DSC5629-lowRes-1536x1024.jpg 1536w, https:\/\/visualjournalism.de\/wp-content\/uploads\/Ratgeber-Fotoreportage-1-Fabian-Niebauer-_DSC5629-lowRes-2048x1365.jpg 2048w, https:\/\/visualjournalism.de\/wp-content\/uploads\/Ratgeber-Fotoreportage-1-Fabian-Niebauer-_DSC5629-lowRes-1920x1280.jpg 1920w, https:\/\/visualjournalism.de\/wp-content\/uploads\/Ratgeber-Fotoreportage-1-Fabian-Niebauer-_DSC5629-lowRes-1400x933.jpg 1400w, https:\/\/visualjournalism.de\/wp-content\/uploads\/Ratgeber-Fotoreportage-1-Fabian-Niebauer-_DSC5629-lowRes-1050x700.jpg 1050w, https:\/\/visualjournalism.de\/wp-content\/uploads\/Ratgeber-Fotoreportage-1-Fabian-Niebauer-_DSC5629-lowRes-670x447.jpg 670w, https:\/\/visualjournalism.de\/wp-content\/uploads\/Ratgeber-Fotoreportage-1-Fabian-Niebauer-_DSC5629-lowRes-420x280.jpg 420w, https:\/\/visualjournalism.de\/wp-content\/uploads\/Ratgeber-Fotoreportage-1-Fabian-Niebauer-_DSC5629-lowRes-350x233.jpg 350w, https:\/\/visualjournalism.de\/wp-content\/uploads\/Ratgeber-Fotoreportage-1-Fabian-Niebauer-_DSC5629-lowRes-150x100.jpg 150w\" \r\n                                    width=\"768\"  \r\n                                    height=\"512\" \r\n                                    alt=\"Eine Frau h\u00e4lt sich zwei Kameras vor die Augen.\"\r\n                                \/>\r\n                            <\/figure>\r\n\r\n                        \r\n                    \r\n                    <\/a>\r\n\r\n                <\/article><!--- .post-teaser-->\r\n\r\n            \r\n        <\/div><!-- .teaser-grid -->\r\n\r\n\n\n\r\n\r\n\r\n\n\n\n    <div class=\"btn-wrapper has-spacing--m\">\n        <a class=\"btn\" href=\"https:\/\/visualjournalism.de\/magazin\/\" target=\"_blank\">ZUR MAGAZIN-STARTSEITE<\/a>\n    <\/div>\n<\/div>\n","protected":false},"excerpt":{"rendered":"","protected":false},"author":11,"featured_media":0,"parent":0,"menu_order":0,"comment_status":"closed","ping_status":"closed","template":"","meta":{"_acf_changed":false,"footnotes":""},"class_list":["post-39970","page","type-page","status-publish","hentry"],"acf":[],"yoast_head":"<!-- This site is optimized with the Yoast SEO Premium plugin v27.7 (Yoast SEO v27.7) - https:\/\/yoast.com\/product\/yoast-seo-premium-wordpress\/ -->\n<title>Serghei Duve &#8211; Visual Journalism and Documentary Photography<\/title>\n<meta name=\"robots\" content=\"index, follow, max-snippet:-1, max-image-preview:large, max-video-preview:-1\" \/>\n<link rel=\"canonical\" href=\"https:\/\/visualjournalism.de\/en\/serghei-duve\/\" \/>\n<meta property=\"og:locale\" content=\"en_US\" \/>\n<meta property=\"og:type\" content=\"article\" \/>\n<meta property=\"og:title\" content=\"Serghei Duve\" \/>\n<meta property=\"og:url\" content=\"https:\/\/visualjournalism.de\/en\/serghei-duve\/\" \/>\n<meta property=\"og:site_name\" content=\"Visual Journalism and Documentary Photography\" \/>\n<meta property=\"article:publisher\" content=\"https:\/\/www.facebook.com\/people\/wwwfotostudentende\/100065173703897\/\" \/>\n<meta property=\"article:modified_time\" content=\"2024-10-17T13:23:34+00:00\" \/>\n<meta name=\"twitter:card\" content=\"summary_large_image\" \/>\n<meta name=\"twitter:site\" content=\"@HsHannover\" \/>\n<meta name=\"twitter:label1\" content=\"Est. reading time\" \/>\n\t<meta name=\"twitter:data1\" content=\"1 minute\" \/>\n<script type=\"application\/ld+json\" class=\"yoast-schema-graph\">{\"@context\":\"https:\\\/\\\/schema.org\",\"@graph\":[{\"@type\":\"WebPage\",\"@id\":\"https:\\\/\\\/visualjournalism.de\\\/en\\\/serghei-duve\\\/\",\"url\":\"https:\\\/\\\/visualjournalism.de\\\/en\\\/serghei-duve\\\/\",\"name\":\"Serghei Duve &#8211; Visual Journalism and Documentary Photography\",\"isPartOf\":{\"@id\":\"https:\\\/\\\/visualjournalism.de\\\/en\\\/#website\"},\"datePublished\":\"2024-04-22T18:54:02+00:00\",\"dateModified\":\"2024-10-17T13:23:34+00:00\",\"breadcrumb\":{\"@id\":\"https:\\\/\\\/visualjournalism.de\\\/en\\\/serghei-duve\\\/#breadcrumb\"},\"inLanguage\":\"en-US\",\"potentialAction\":[{\"@type\":\"ReadAction\",\"target\":[\"https:\\\/\\\/visualjournalism.de\\\/en\\\/serghei-duve\\\/\"]}]},{\"@type\":\"BreadcrumbList\",\"@id\":\"https:\\\/\\\/visualjournalism.de\\\/en\\\/serghei-duve\\\/#breadcrumb\",\"itemListElement\":[{\"@type\":\"ListItem\",\"position\":1,\"name\":\"Home\",\"item\":\"https:\\\/\\\/visualjournalism.de\\\/en\\\/\"},{\"@type\":\"ListItem\",\"position\":2,\"name\":\"Serghei Duve\"}]},{\"@type\":\"WebSite\",\"@id\":\"https:\\\/\\\/visualjournalism.de\\\/en\\\/#website\",\"url\":\"https:\\\/\\\/visualjournalism.de\\\/en\\\/\",\"name\":\"Visual Journalism and Documentary Photography\",\"description\":\"All about the bilingual bachelor&#039;s program at Hannover University of Applied Sciences and Arts.\",\"publisher\":{\"@id\":\"https:\\\/\\\/visualjournalism.de\\\/en\\\/#organization\"},\"alternateName\":\"visualjournalism.de\",\"potentialAction\":[{\"@type\":\"SearchAction\",\"target\":{\"@type\":\"EntryPoint\",\"urlTemplate\":\"https:\\\/\\\/visualjournalism.de\\\/en\\\/?s={search_term_string}\"},\"query-input\":{\"@type\":\"PropertyValueSpecification\",\"valueRequired\":true,\"valueName\":\"search_term_string\"}}],\"inLanguage\":\"en-US\"},{\"@type\":\"Organization\",\"@id\":\"https:\\\/\\\/visualjournalism.de\\\/en\\\/#organization\",\"name\":\"Hochschule Hannover \u2013 University of Applied Sciences and Arts\",\"alternateName\":\"HsH\",\"url\":\"https:\\\/\\\/visualjournalism.de\\\/en\\\/\",\"logo\":{\"@type\":\"ImageObject\",\"inLanguage\":\"en-US\",\"@id\":\"https:\\\/\\\/visualjournalism.de\\\/en\\\/#\\\/schema\\\/logo\\\/image\\\/\",\"url\":\"https:\\\/\\\/visualjournalism.de\\\/wp-content\\\/uploads\\\/logo-hochschule-hannover.png\",\"contentUrl\":\"https:\\\/\\\/visualjournalism.de\\\/wp-content\\\/uploads\\\/logo-hochschule-hannover.png\",\"width\":363,\"height\":270,\"caption\":\"Hochschule Hannover \u2013 University of Applied Sciences and Arts\"},\"image\":{\"@id\":\"https:\\\/\\\/visualjournalism.de\\\/en\\\/#\\\/schema\\\/logo\\\/image\\\/\"},\"sameAs\":[\"https:\\\/\\\/www.facebook.com\\\/people\\\/wwwfotostudentende\\\/100065173703897\\\/\",\"https:\\\/\\\/x.com\\\/HsHannover\",\"https:\\\/\\\/www.instagram.com\\\/visualjournalism.de\\\/\"]}]}<\/script>\n<!-- \/ Yoast SEO Premium plugin. -->","yoast_head_json":{"title":"Serghei Duve &#8211; Visual Journalism and Documentary Photography","robots":{"index":"index","follow":"follow","max-snippet":"max-snippet:-1","max-image-preview":"max-image-preview:large","max-video-preview":"max-video-preview:-1"},"canonical":"https:\/\/visualjournalism.de\/en\/serghei-duve\/","og_locale":"en_US","og_type":"article","og_title":"Serghei Duve","og_url":"https:\/\/visualjournalism.de\/en\/serghei-duve\/","og_site_name":"Visual Journalism and Documentary Photography","article_publisher":"https:\/\/www.facebook.com\/people\/wwwfotostudentende\/100065173703897\/","article_modified_time":"2024-10-17T13:23:34+00:00","twitter_card":"summary_large_image","twitter_site":"@HsHannover","twitter_misc":{"Est. reading time":"1 minute"},"schema":{"@context":"https:\/\/schema.org","@graph":[{"@type":"WebPage","@id":"https:\/\/visualjournalism.de\/en\/serghei-duve\/","url":"https:\/\/visualjournalism.de\/en\/serghei-duve\/","name":"Serghei Duve &#8211; Visual Journalism and Documentary Photography","isPartOf":{"@id":"https:\/\/visualjournalism.de\/en\/#website"},"datePublished":"2024-04-22T18:54:02+00:00","dateModified":"2024-10-17T13:23:34+00:00","breadcrumb":{"@id":"https:\/\/visualjournalism.de\/en\/serghei-duve\/#breadcrumb"},"inLanguage":"en-US","potentialAction":[{"@type":"ReadAction","target":["https:\/\/visualjournalism.de\/en\/serghei-duve\/"]}]},{"@type":"BreadcrumbList","@id":"https:\/\/visualjournalism.de\/en\/serghei-duve\/#breadcrumb","itemListElement":[{"@type":"ListItem","position":1,"name":"Home","item":"https:\/\/visualjournalism.de\/en\/"},{"@type":"ListItem","position":2,"name":"Serghei Duve"}]},{"@type":"WebSite","@id":"https:\/\/visualjournalism.de\/en\/#website","url":"https:\/\/visualjournalism.de\/en\/","name":"Visual Journalism and Documentary Photography","description":"All about the bilingual bachelor&#039;s program at Hannover University of Applied Sciences and Arts.","publisher":{"@id":"https:\/\/visualjournalism.de\/en\/#organization"},"alternateName":"visualjournalism.de","potentialAction":[{"@type":"SearchAction","target":{"@type":"EntryPoint","urlTemplate":"https:\/\/visualjournalism.de\/en\/?s={search_term_string}"},"query-input":{"@type":"PropertyValueSpecification","valueRequired":true,"valueName":"search_term_string"}}],"inLanguage":"en-US"},{"@type":"Organization","@id":"https:\/\/visualjournalism.de\/en\/#organization","name":"Hochschule Hannover \u2013 University of Applied Sciences and Arts","alternateName":"HsH","url":"https:\/\/visualjournalism.de\/en\/","logo":{"@type":"ImageObject","inLanguage":"en-US","@id":"https:\/\/visualjournalism.de\/en\/#\/schema\/logo\/image\/","url":"https:\/\/visualjournalism.de\/wp-content\/uploads\/logo-hochschule-hannover.png","contentUrl":"https:\/\/visualjournalism.de\/wp-content\/uploads\/logo-hochschule-hannover.png","width":363,"height":270,"caption":"Hochschule Hannover \u2013 University of Applied Sciences and Arts"},"image":{"@id":"https:\/\/visualjournalism.de\/en\/#\/schema\/logo\/image\/"},"sameAs":["https:\/\/www.facebook.com\/people\/wwwfotostudentende\/100065173703897\/","https:\/\/x.com\/HsHannover","https:\/\/www.instagram.com\/visualjournalism.de\/"]}]}},"_links":{"self":[{"href":"https:\/\/visualjournalism.de\/en\/wp-json\/wp\/v2\/pages\/39970","targetHints":{"allow":["GET"]}}],"collection":[{"href":"https:\/\/visualjournalism.de\/en\/wp-json\/wp\/v2\/pages"}],"about":[{"href":"https:\/\/visualjournalism.de\/en\/wp-json\/wp\/v2\/types\/page"}],"author":[{"embeddable":true,"href":"https:\/\/visualjournalism.de\/en\/wp-json\/wp\/v2\/users\/11"}],"replies":[{"embeddable":true,"href":"https:\/\/visualjournalism.de\/en\/wp-json\/wp\/v2\/comments?post=39970"}],"version-history":[{"count":0,"href":"https:\/\/visualjournalism.de\/en\/wp-json\/wp\/v2\/pages\/39970\/revisions"}],"wp:attachment":[{"href":"https:\/\/visualjournalism.de\/en\/wp-json\/wp\/v2\/media?parent=39970"}],"curies":[{"name":"wp","href":"https:\/\/api.w.org\/{rel}","templated":true}]}}