{"id":40067,"date":"2024-07-10T13:44:18","date_gmt":"2024-07-10T13:44:18","guid":{"rendered":"https:\/\/visualjournalism.de\/?page_id=40067"},"modified":"2025-09-09T14:21:45","modified_gmt":"2025-09-09T14:21:45","slug":"jana-junker","status":"publish","type":"page","link":"https:\/\/visualjournalism.de\/en\/jana-junker\/","title":{"rendered":"Jana Junker"},"content":{"rendered":"\n \n\n    <div id=\"lead-in-block_881f70bc2ad6d2e3dfdd1511a0cc85e5\" class=\"block-lead-in typo--soehne font-size--xl has-spacing--m width--default\">\n        <h1><strong>Jana Junker<br \/>\n<\/strong><\/h1>\n    <\/div>\n\n\n\n\n<div class=\"pinned-block has-spacing--m\">\n\t\n\n<div class=\"pinned-block__column--left\">\n    \n    <figure class=\"block-photo post__image--full has-spacing--m no-title\">\n\n        <div class=\"post__image__container\">\n            <img loading=\"lazy\" decoding=\"async\" \n                src=\"https:\/\/visualjournalism.de\/wp-content\/uploads\/Jana_Junker-1400x1400.jpg\"\n                srcset=\"https:\/\/visualjournalism.de\/wp-content\/uploads\/Jana_Junker-1400x1400.jpg 1400w, https:\/\/visualjournalism.de\/wp-content\/uploads\/Jana_Junker-300x300.jpg 300w, https:\/\/visualjournalism.de\/wp-content\/uploads\/Jana_Junker-1024x1024.jpg 1024w, https:\/\/visualjournalism.de\/wp-content\/uploads\/Jana_Junker-150x150.jpg 150w, https:\/\/visualjournalism.de\/wp-content\/uploads\/Jana_Junker-768x768.jpg 768w, https:\/\/visualjournalism.de\/wp-content\/uploads\/Jana_Junker-1536x1536.jpg 1536w, https:\/\/visualjournalism.de\/wp-content\/uploads\/Jana_Junker-2048x2048.jpg 2048w, https:\/\/visualjournalism.de\/wp-content\/uploads\/Jana_Junker-1920x1920.jpg 1920w, https:\/\/visualjournalism.de\/wp-content\/uploads\/Jana_Junker-1050x1050.jpg 1050w, https:\/\/visualjournalism.de\/wp-content\/uploads\/Jana_Junker-670x670.jpg 670w, https:\/\/visualjournalism.de\/wp-content\/uploads\/Jana_Junker-420x420.jpg 420w, https:\/\/visualjournalism.de\/wp-content\/uploads\/Jana_Junker-350x350.jpg 350w, https:\/\/visualjournalism.de\/wp-content\/uploads\/Jana_Junker-52x52.jpg 52w, https:\/\/visualjournalism.de\/wp-content\/uploads\/Jana_Junker-68x68.jpg 68w, https:\/\/visualjournalism.de\/wp-content\/uploads\/Jana_Junker-96x96.jpg 96w\"\n                width=\"1400\" \n                height=\"1400\"\n                alt=\"\" \n            \/>\n            \n                    <\/div><!-- post__image__container -->\n\n        \n    <\/figure><!-- post__image -->\n\n\n\n<\/div>\n\n\n<div class=\"pinned-block__column--right\">\n    \n\n<p class=\"post__paragraph is-style-typo--soehne has-spacing--default\"><strong>Jana Junker<\/strong> wurde 1979 im Ruhrgebiet geboren. Heute lebt sie mit ihren drei Kindern in L\u00fcneburg, in dessen N\u00e4he sie auch aufgewachsen ist. Durch ihren Vater und viele Reisen rund um die Welt inspiriert, ist sie gewisserma\u00dfen mit der Fotokamera in der Hand gro\u00df geworden. Neben der Malerei ist die Fotografie bis heute ihre gro\u00dfe Leidenschaft. Im Anschluss an ein Freiwilliges Soziales Jahr entschied sie sich zun\u00e4chst f\u00fcr eine Ausbildung zur Erzieherin und arbeitete anschlie\u00dfend in der Familien- und Jugendhilfe. Doch die Dokumentarische Fotografie und der Traum auch beruflich in diese Richtung zu gehen, lie\u00dfen sie nie los. Mit der Fotografie eine kreative M\u00f6glichkeit gefunden zu haben, anderen Menschen sensible, fremde oder versteckte Thematiken n\u00e4her zu bringen, bedeutet ihr viel. Sie studiert seit 2023 Visual Journalism and Documentary Photography.<\/p>\n\n\n\n<p class=\"post__paragraph is-style-typo--soehne has-spacing--default\"><strong>Kontakt:<\/strong><br><a href=\"https:\/\/www.instagram.com\/jana_junker\/\" target=\"_blank\" rel=\"noreferrer noopener\">@jana_junker<\/a><br>jana.junker@stud.hs-hannover.de<\/p>\n\n\n<\/div>\n<\/div>\n\n\n<div class=\"devider has-spacing--none\">\n    <hr>\n<\/div>\n\n\n \n\n    <div id=\"lead-in-block_60d315531613d6f083d103bc67fc5189\" class=\"block-lead-in typo--default font-size--xl has-spacing--xs width--default\">\n        <h2>Janas Beitr\u00e4ge:<\/h2>\n    <\/div>\n\n\n\n\n<div class=\"two-columns-teaser has-spacing--m\">\n\n    \r\n<article class=\"post-teaser post-61608 magazin type-magazin status-publish has-post-thumbnail hentry tag-familie-beziehungen tag-fotostrecke tag-gesundheit-psyche magazinkategorie-was-uns-haelt\">\r\n\t<header class=\"entry-header\">\r\n\r\n\t\t<div class=\"entry-categories\">\n\t<a class=\"post__tag\" href=\"https:\/\/visualjournalism.de\/magazin-kategorie\/was-uns-haelt\/\" rel=\"category tag\">Was uns h\u00e4lt<\/a><\/div>\r\n\t\t<a href=\"https:\/\/visualjournalism.de\/en\/magazine\/was-uns-haelt\/ein-abend-im-kuschelraum\/\" rel=\"bookmark\">\r\n\t\t\t<h2 class=\"entry-title\">N\u00e4he ohne Erotik: Zu Besuch bei einer Kuschelparty in Hamburg.<\/h2>\r\n\t\t\t<p class=\"entry-excerpt\">Klare Regeln, viel Achtsamkeit, null Hintergedanken: wie sich ein Abend voller Ber\u00fchrung mit Fremden anf\u00fchlt.<\/p>\r\n\t\t<\/a>\r\n\r\n\t<\/header><!-- .entry-header -->\r\n\r\n\t<figure class=\"post__image\">\r\n\t\t<a href=\"https:\/\/visualjournalism.de\/en\/magazine\/was-uns-haelt\/ein-abend-im-kuschelraum\/\" rel=\"bookmark\">\r\n\t\t\t<img loading=\"lazy\" decoding=\"async\" width=\"670\" height=\"446\" src=\"https:\/\/visualjournalism.de\/wp-content\/uploads\/Jana_Junker_Die_Kraft_der_Beruehrung_Zusatz2-1-670x446.jpg\" class=\"attachment-post-image--two-column size-post-image--two-column\" alt=\"Gruppe von Menschen die Kuscheln \/ im Vordergrund zwei Menschen bei der der Mann die Frau im Arm h\u00e4lt \/ alle sind im Moment\" srcset=\"https:\/\/visualjournalism.de\/wp-content\/uploads\/Jana_Junker_Die_Kraft_der_Beruehrung_Zusatz2-1-670x446.jpg 670w, https:\/\/visualjournalism.de\/wp-content\/uploads\/Jana_Junker_Die_Kraft_der_Beruehrung_Zusatz2-1-300x200.jpg 300w, https:\/\/visualjournalism.de\/wp-content\/uploads\/Jana_Junker_Die_Kraft_der_Beruehrung_Zusatz2-1-1024x681.jpg 1024w, https:\/\/visualjournalism.de\/wp-content\/uploads\/Jana_Junker_Die_Kraft_der_Beruehrung_Zusatz2-1-768x511.jpg 768w, https:\/\/visualjournalism.de\/wp-content\/uploads\/Jana_Junker_Die_Kraft_der_Beruehrung_Zusatz2-1-1536x1022.jpg 1536w, https:\/\/visualjournalism.de\/wp-content\/uploads\/Jana_Junker_Die_Kraft_der_Beruehrung_Zusatz2-1-2048x1363.jpg 2048w, https:\/\/visualjournalism.de\/wp-content\/uploads\/Jana_Junker_Die_Kraft_der_Beruehrung_Zusatz2-1-1920x1277.jpg 1920w, https:\/\/visualjournalism.de\/wp-content\/uploads\/Jana_Junker_Die_Kraft_der_Beruehrung_Zusatz2-1-1400x931.jpg 1400w, https:\/\/visualjournalism.de\/wp-content\/uploads\/Jana_Junker_Die_Kraft_der_Beruehrung_Zusatz2-1-1050x699.jpg 1050w, https:\/\/visualjournalism.de\/wp-content\/uploads\/Jana_Junker_Die_Kraft_der_Beruehrung_Zusatz2-1-420x279.jpg 420w, https:\/\/visualjournalism.de\/wp-content\/uploads\/Jana_Junker_Die_Kraft_der_Beruehrung_Zusatz2-1-350x233.jpg 350w, https:\/\/visualjournalism.de\/wp-content\/uploads\/Jana_Junker_Die_Kraft_der_Beruehrung_Zusatz2-1-150x100.jpg 150w\" sizes=\"auto, (max-width: 670px) 100vw, 670px\" \/>\t\t<\/a>\r\n\t<\/figure><!-- .post__image -->\r\n\r\n<\/article>\r\n\r\n<article class=\"post-teaser post-39871 magazin type-magazin status-publish has-post-thumbnail hentry tag-fotostrecke tag-tod-trauer magazinkategorie-auf-den-spuren-von\">\r\n\t<header class=\"entry-header\">\r\n\r\n\t\t<div class=\"entry-categories\">\n\t<a class=\"post__tag\" href=\"https:\/\/visualjournalism.de\/magazin-kategorie\/auf-den-spuren-von\/\" rel=\"category tag\">Auf den Spuren von&#8230;<\/a><\/div>\r\n\t\t<a href=\"https:\/\/visualjournalism.de\/en\/magazine\/auf-den-spuren-von\/der-nachbar-den-keiner-kannte\/\" rel=\"bookmark\">\r\n\t\t\t<h2 class=\"entry-title\">Der Nachbar, den keiner kannte.<\/h2>\r\n\t\t\t<p class=\"entry-excerpt\">Ein fremdes Fahrrad im Keller, ein vergilbter Briefkasten \u2013 und dazwischen das Leben eines Mannes, der pl\u00f6tzlich fehlt. Wer war er?<\/p>\r\n\t\t<\/a>\r\n\r\n\t<\/header><!-- .entry-header -->\r\n\r\n\t<figure class=\"post__image\">\r\n\t\t<a href=\"https:\/\/visualjournalism.de\/en\/magazine\/auf-den-spuren-von\/der-nachbar-den-keiner-kannte\/\" rel=\"bookmark\">\r\n\t\t\t<img loading=\"lazy\" decoding=\"async\" width=\"670\" height=\"447\" src=\"https:\/\/visualjournalism.de\/wp-content\/uploads\/Junker_Jana_Eingangsbereich-670x447.jpg\" class=\"attachment-post-image--two-column size-post-image--two-column\" alt=\"\" srcset=\"https:\/\/visualjournalism.de\/wp-content\/uploads\/Junker_Jana_Eingangsbereich-670x447.jpg 670w, https:\/\/visualjournalism.de\/wp-content\/uploads\/Junker_Jana_Eingangsbereich-300x200.jpg 300w, https:\/\/visualjournalism.de\/wp-content\/uploads\/Junker_Jana_Eingangsbereich-1024x684.jpg 1024w, https:\/\/visualjournalism.de\/wp-content\/uploads\/Junker_Jana_Eingangsbereich-768x513.jpg 768w, https:\/\/visualjournalism.de\/wp-content\/uploads\/Junker_Jana_Eingangsbereich-1536x1026.jpg 1536w, https:\/\/visualjournalism.de\/wp-content\/uploads\/Junker_Jana_Eingangsbereich-2048x1367.jpg 2048w, https:\/\/visualjournalism.de\/wp-content\/uploads\/Junker_Jana_Eingangsbereich-1920x1282.jpg 1920w, https:\/\/visualjournalism.de\/wp-content\/uploads\/Junker_Jana_Eingangsbereich-1400x935.jpg 1400w, https:\/\/visualjournalism.de\/wp-content\/uploads\/Junker_Jana_Eingangsbereich-1050x701.jpg 1050w, https:\/\/visualjournalism.de\/wp-content\/uploads\/Junker_Jana_Eingangsbereich-420x280.jpg 420w, https:\/\/visualjournalism.de\/wp-content\/uploads\/Junker_Jana_Eingangsbereich-350x234.jpg 350w, https:\/\/visualjournalism.de\/wp-content\/uploads\/Junker_Jana_Eingangsbereich-150x100.jpg 150w\" sizes=\"auto, (max-width: 670px) 100vw, 670px\" \/>\t\t<\/a>\r\n\t<\/figure><!-- .post__image -->\r\n\r\n<\/article>\r\n\n<\/div><!-- .2-columns-teaser-->\n\n    \n\n\n<div class=\"wp-block-group has-spacing--default has-spacing--default\">\n<div class=\"devider has-spacing--none\">\n    <hr>\n<\/div>\n\n\n \n\n    <div id=\"lead-in-block_255b3ad593954412d7e5ca3c7a24c184\" class=\"block-lead-in typo--default font-size--xl has-spacing--s width--default\">\n        <p><strong>Empfehlungen der Redaktion:<\/strong><\/p>\n    <\/div>\n\n\n\n\r\n\r\n\r\n\n\n\r\n\r\n\r\n\r\n        <div class=\"teaser-grid grid-layout--3col has-spacing--s width--inline\">\r\n\r\n            \r\n                <article class=\"post-teaser\">\r\n\r\n                    <a href=\"https:\/\/visualjournalism.de\/en\/magazine\/ratgeber\/so-schaffst-du-es-gute-portraets-zu-machen\/\" rel=\"permalink\">\r\n\r\n                        <div class=\"post-teaser__content\">\r\n\r\n                            <span class=\"entry-categories\">Ratgeber<\/span>\r\n                            <h3 class=\"post-teaser__headline\">\r\n                                Portr\u00e4tfotografie: 9 Profi-Tipps f\u00fcr ausdrucksstarke Portr\u00e4ts.                            <\/h3>\r\n\r\n                            <div class=\"post-teaser__excerpt\">\r\n                                <p>Renommierte Portr\u00e4tfotograf*innen verraten ihre Tipps: wie sie mit Schwierigkeiten beim Shooting umgehen, Menschen entspannen und warum Posen oft ehrlicher sind, als man denkt.<\/p>\r\n                            <\/div>\r\n\r\n                        <\/div><!-- .post-teaser__content -->\r\n\r\n\r\n                        \r\n                            <figure class=\"post-teaser__image\">\r\n                                <img loading=\"lazy\" decoding=\"async\"  \r\n                                    src=\"https:\/\/visualjournalism.de\/wp-content\/uploads\/2026\/01\/image-5-768x432.jpg\" \r\n                                    srcset=\"https:\/\/visualjournalism.de\/wp-content\/uploads\/2026\/01\/image-5-768x432.jpg 768w, https:\/\/visualjournalism.de\/wp-content\/uploads\/2026\/01\/image-5-300x169.jpg 300w, https:\/\/visualjournalism.de\/wp-content\/uploads\/2026\/01\/image-5-1024x576.jpg 1024w, https:\/\/visualjournalism.de\/wp-content\/uploads\/2026\/01\/image-5-1536x864.jpg 1536w, https:\/\/visualjournalism.de\/wp-content\/uploads\/2026\/01\/image-5-1400x788.jpg 1400w, https:\/\/visualjournalism.de\/wp-content\/uploads\/2026\/01\/image-5-1050x591.jpg 1050w, https:\/\/visualjournalism.de\/wp-content\/uploads\/2026\/01\/image-5-670x377.jpg 670w, https:\/\/visualjournalism.de\/wp-content\/uploads\/2026\/01\/image-5-420x236.jpg 420w, https:\/\/visualjournalism.de\/wp-content\/uploads\/2026\/01\/image-5-350x197.jpg 350w, https:\/\/visualjournalism.de\/wp-content\/uploads\/2026\/01\/image-5-150x84.jpg 150w, https:\/\/visualjournalism.de\/wp-content\/uploads\/2026\/01\/image-5.jpg 1600w\" \r\n                                    width=\"768\"  \r\n                                    height=\"432\" \r\n                                    alt=\"\"\r\n                                \/>\r\n                            <\/figure>\r\n\r\n                        \r\n                    \r\n                    <\/a>\r\n\r\n                <\/article><!--- .post-teaser-->\r\n\r\n            \r\n                <article class=\"post-teaser\">\r\n\r\n                    <a href=\"https:\/\/visualjournalism.de\/en\/magazine\/ratgeber\/wie-du-eine-unterwegs-blitzt\/\" rel=\"permalink\">\r\n\r\n                        <div class=\"post-teaser__content\">\r\n\r\n                            <span class=\"entry-categories\">Ratgeber<\/span>\r\n                            <h3 class=\"post-teaser__headline\">\r\n                                Entfesselt blitzen: Wie du mit Aufsteckblitz unterwegs Kunstlicht einsetzt.                            <\/h3>\r\n\r\n                            <div class=\"post-teaser__excerpt\">\r\n                                <p>K\u00fcnstliches Licht er\u00f6ffnet neue Gestaltungsm\u00f6glichkeiten \u2013 stellt Einsteiger*innen aber vor Herausforderungen. Wir zeigen dir den Einstieg ins entfesselte Blitzen: welches Equipment du brauchst und wie du unterwegs souver\u00e4n blitzt.<\/p>\r\n                            <\/div>\r\n\r\n                        <\/div><!-- .post-teaser__content -->\r\n\r\n\r\n                        \r\n                            <figure class=\"post-teaser__image\">\r\n                                <img loading=\"lazy\" decoding=\"async\"  \r\n                                    src=\"https:\/\/visualjournalism.de\/wp-content\/uploads\/Simon-Deppe_1945-2025-768x513.jpg\" \r\n                                    srcset=\"https:\/\/visualjournalism.de\/wp-content\/uploads\/Simon-Deppe_1945-2025-768x513.jpg 768w, https:\/\/visualjournalism.de\/wp-content\/uploads\/Simon-Deppe_1945-2025-300x200.jpg 300w, https:\/\/visualjournalism.de\/wp-content\/uploads\/Simon-Deppe_1945-2025-1024x683.jpg 1024w, https:\/\/visualjournalism.de\/wp-content\/uploads\/Simon-Deppe_1945-2025-1536x1025.jpg 1536w, https:\/\/visualjournalism.de\/wp-content\/uploads\/Simon-Deppe_1945-2025-2048x1367.jpg 2048w, https:\/\/visualjournalism.de\/wp-content\/uploads\/Simon-Deppe_1945-2025-1920x1281.jpg 1920w, https:\/\/visualjournalism.de\/wp-content\/uploads\/Simon-Deppe_1945-2025-1400x934.jpg 1400w, https:\/\/visualjournalism.de\/wp-content\/uploads\/Simon-Deppe_1945-2025-1050x701.jpg 1050w, https:\/\/visualjournalism.de\/wp-content\/uploads\/Simon-Deppe_1945-2025-670x447.jpg 670w, https:\/\/visualjournalism.de\/wp-content\/uploads\/Simon-Deppe_1945-2025-420x280.jpg 420w, https:\/\/visualjournalism.de\/wp-content\/uploads\/Simon-Deppe_1945-2025-350x234.jpg 350w, https:\/\/visualjournalism.de\/wp-content\/uploads\/Simon-Deppe_1945-2025-150x100.jpg 150w\" \r\n                                    width=\"768\"  \r\n                                    height=\"513\" \r\n                                    alt=\"\"\r\n                                \/>\r\n                            <\/figure>\r\n\r\n                        \r\n                    \r\n                    <\/a>\r\n\r\n                <\/article><!--- .post-teaser-->\r\n\r\n            \r\n                <article class=\"post-teaser\">\r\n\r\n                    <a href=\"https:\/\/visualjournalism.de\/en\/magazine\/ratgeber\/politikerinnen-souveraen-interviewen\/\" rel=\"permalink\">\r\n\r\n                        <div class=\"post-teaser__content\">\r\n\r\n                            <span class=\"entry-categories\">Ratgeber<\/span>\r\n                            <h3 class=\"post-teaser__headline\">\r\n                                Interview f\u00fchren wie ein Profi: So beh\u00e4ltst du auch bei Politiker*innen die Oberhand.                            <\/h3>\r\n\r\n                            <div class=\"post-teaser__excerpt\">\r\n                                <p>Ein Interview mit Politiker*innen kann schnell zum Machtkampf werden. Wir zeigen dir, wie du souver\u00e4n ein Interview f\u00fchrst, typische Interviewfallen umgehst und auch gegen Profis die Oberhand beh\u00e4ltst.<\/p>\r\n                            <\/div>\r\n\r\n                        <\/div><!-- .post-teaser__content -->\r\n\r\n\r\n                        \r\n                            <figure class=\"post-teaser__image\">\r\n                                <img loading=\"lazy\" decoding=\"async\"  \r\n                                    src=\"https:\/\/visualjournalism.de\/wp-content\/uploads\/DSC4729-merz-politikerinterviews-768x1024.jpg\" \r\n                                    srcset=\"https:\/\/visualjournalism.de\/wp-content\/uploads\/DSC4729-merz-politikerinterviews-768x1024.jpg 768w, https:\/\/visualjournalism.de\/wp-content\/uploads\/DSC4729-merz-politikerinterviews-225x300.jpg 225w, https:\/\/visualjournalism.de\/wp-content\/uploads\/DSC4729-merz-politikerinterviews-1152x1536.jpg 1152w, https:\/\/visualjournalism.de\/wp-content\/uploads\/DSC4729-merz-politikerinterviews-1536x2048.jpg 1536w, https:\/\/visualjournalism.de\/wp-content\/uploads\/DSC4729-merz-politikerinterviews-scaled.jpg 1920w, https:\/\/visualjournalism.de\/wp-content\/uploads\/DSC4729-merz-politikerinterviews-1400x1867.jpg 1400w, https:\/\/visualjournalism.de\/wp-content\/uploads\/DSC4729-merz-politikerinterviews-1050x1400.jpg 1050w, https:\/\/visualjournalism.de\/wp-content\/uploads\/DSC4729-merz-politikerinterviews-670x893.jpg 670w, https:\/\/visualjournalism.de\/wp-content\/uploads\/DSC4729-merz-politikerinterviews-420x560.jpg 420w, https:\/\/visualjournalism.de\/wp-content\/uploads\/DSC4729-merz-politikerinterviews-350x467.jpg 350w, https:\/\/visualjournalism.de\/wp-content\/uploads\/DSC4729-merz-politikerinterviews-300x400.jpg 300w, https:\/\/visualjournalism.de\/wp-content\/uploads\/DSC4729-merz-politikerinterviews-640x853.jpg 640w, https:\/\/visualjournalism.de\/wp-content\/uploads\/DSC4729-merz-politikerinterviews-150x200.jpg 150w\" \r\n                                    width=\"768\"  \r\n                                    height=\"1024\" \r\n                                    alt=\"CDU-Vorsitzender Friedrich Merz mit Mikrofon in der Hand, im Gespr\u00e4ch mit dem ehemaligen ZDF-Moderator Klaus Kleber auf einer B\u00fchne. Im Vordergrund sind zwei M\u00e4nner angeblitzt von hinten zu sehen.\"\r\n                                \/>\r\n                            <\/figure>\r\n\r\n                        \r\n                    \r\n                    <\/a>\r\n\r\n                <\/article><!--- .post-teaser-->\r\n\r\n            \r\n        <\/div><!-- .teaser-grid -->\r\n\r\n\n\n\r\n\r\n\r\n\n\n\n    <div class=\"btn-wrapper has-spacing--m\">\n        <a class=\"btn\" href=\"https:\/\/visualjournalism.de\/magazin\/\" target=\"_blank\">ZUR MAGAZIN-STARTSEITE<\/a>\n    <\/div>\n<\/div>\n","protected":false},"excerpt":{"rendered":"","protected":false},"author":14,"featured_media":0,"parent":0,"menu_order":0,"comment_status":"closed","ping_status":"closed","template":"","meta":{"_acf_changed":false,"footnotes":""},"class_list":["post-40067","page","type-page","status-publish","hentry"],"acf":[],"yoast_head":"<!-- This site is optimized with the Yoast SEO Premium plugin v27.7 (Yoast SEO v27.7) - https:\/\/yoast.com\/product\/yoast-seo-premium-wordpress\/ -->\n<title>Jana Junker &#8211; Visual Journalism and Documentary Photography<\/title>\n<meta name=\"robots\" content=\"index, follow, max-snippet:-1, max-image-preview:large, max-video-preview:-1\" \/>\n<link rel=\"canonical\" href=\"https:\/\/visualjournalism.de\/en\/jana-junker\/\" \/>\n<meta property=\"og:locale\" content=\"en_US\" \/>\n<meta property=\"og:type\" content=\"article\" \/>\n<meta property=\"og:title\" content=\"Jana Junker\" \/>\n<meta property=\"og:url\" content=\"https:\/\/visualjournalism.de\/en\/jana-junker\/\" \/>\n<meta property=\"og:site_name\" content=\"Visual Journalism and Documentary Photography\" \/>\n<meta property=\"article:publisher\" content=\"https:\/\/www.facebook.com\/people\/wwwfotostudentende\/100065173703897\/\" \/>\n<meta property=\"article:modified_time\" content=\"2025-09-09T14:21:45+00:00\" \/>\n<meta name=\"twitter:card\" content=\"summary_large_image\" \/>\n<meta name=\"twitter:site\" content=\"@HsHannover\" \/>\n<meta name=\"twitter:label1\" content=\"Est. reading time\" \/>\n\t<meta name=\"twitter:data1\" content=\"1 minute\" \/>\n<script type=\"application\/ld+json\" class=\"yoast-schema-graph\">{\"@context\":\"https:\\\/\\\/schema.org\",\"@graph\":[{\"@type\":\"WebPage\",\"@id\":\"https:\\\/\\\/visualjournalism.de\\\/en\\\/jana-junker\\\/\",\"url\":\"https:\\\/\\\/visualjournalism.de\\\/en\\\/jana-junker\\\/\",\"name\":\"Jana Junker &#8211; Visual Journalism and Documentary Photography\",\"isPartOf\":{\"@id\":\"https:\\\/\\\/visualjournalism.de\\\/en\\\/#website\"},\"datePublished\":\"2024-07-10T13:44:18+00:00\",\"dateModified\":\"2025-09-09T14:21:45+00:00\",\"breadcrumb\":{\"@id\":\"https:\\\/\\\/visualjournalism.de\\\/en\\\/jana-junker\\\/#breadcrumb\"},\"inLanguage\":\"en-US\",\"potentialAction\":[{\"@type\":\"ReadAction\",\"target\":[\"https:\\\/\\\/visualjournalism.de\\\/en\\\/jana-junker\\\/\"]}]},{\"@type\":\"BreadcrumbList\",\"@id\":\"https:\\\/\\\/visualjournalism.de\\\/en\\\/jana-junker\\\/#breadcrumb\",\"itemListElement\":[{\"@type\":\"ListItem\",\"position\":1,\"name\":\"Home\",\"item\":\"https:\\\/\\\/visualjournalism.de\\\/en\\\/\"},{\"@type\":\"ListItem\",\"position\":2,\"name\":\"Jana Junker\"}]},{\"@type\":\"WebSite\",\"@id\":\"https:\\\/\\\/visualjournalism.de\\\/en\\\/#website\",\"url\":\"https:\\\/\\\/visualjournalism.de\\\/en\\\/\",\"name\":\"Visual Journalism and Documentary Photography\",\"description\":\"All about the bilingual bachelor&#039;s program at Hannover University of Applied Sciences and Arts.\",\"publisher\":{\"@id\":\"https:\\\/\\\/visualjournalism.de\\\/en\\\/#organization\"},\"alternateName\":\"visualjournalism.de\",\"potentialAction\":[{\"@type\":\"SearchAction\",\"target\":{\"@type\":\"EntryPoint\",\"urlTemplate\":\"https:\\\/\\\/visualjournalism.de\\\/en\\\/?s={search_term_string}\"},\"query-input\":{\"@type\":\"PropertyValueSpecification\",\"valueRequired\":true,\"valueName\":\"search_term_string\"}}],\"inLanguage\":\"en-US\"},{\"@type\":\"Organization\",\"@id\":\"https:\\\/\\\/visualjournalism.de\\\/en\\\/#organization\",\"name\":\"Hochschule Hannover \u2013 University of Applied Sciences and Arts\",\"alternateName\":\"HsH\",\"url\":\"https:\\\/\\\/visualjournalism.de\\\/en\\\/\",\"logo\":{\"@type\":\"ImageObject\",\"inLanguage\":\"en-US\",\"@id\":\"https:\\\/\\\/visualjournalism.de\\\/en\\\/#\\\/schema\\\/logo\\\/image\\\/\",\"url\":\"https:\\\/\\\/visualjournalism.de\\\/wp-content\\\/uploads\\\/logo-hochschule-hannover.png\",\"contentUrl\":\"https:\\\/\\\/visualjournalism.de\\\/wp-content\\\/uploads\\\/logo-hochschule-hannover.png\",\"width\":363,\"height\":270,\"caption\":\"Hochschule Hannover \u2013 University of Applied Sciences and Arts\"},\"image\":{\"@id\":\"https:\\\/\\\/visualjournalism.de\\\/en\\\/#\\\/schema\\\/logo\\\/image\\\/\"},\"sameAs\":[\"https:\\\/\\\/www.facebook.com\\\/people\\\/wwwfotostudentende\\\/100065173703897\\\/\",\"https:\\\/\\\/x.com\\\/HsHannover\",\"https:\\\/\\\/www.instagram.com\\\/visualjournalism.de\\\/\"]}]}<\/script>\n<!-- \/ Yoast SEO Premium plugin. -->","yoast_head_json":{"title":"Jana Junker &#8211; Visual Journalism and Documentary Photography","robots":{"index":"index","follow":"follow","max-snippet":"max-snippet:-1","max-image-preview":"max-image-preview:large","max-video-preview":"max-video-preview:-1"},"canonical":"https:\/\/visualjournalism.de\/en\/jana-junker\/","og_locale":"en_US","og_type":"article","og_title":"Jana Junker","og_url":"https:\/\/visualjournalism.de\/en\/jana-junker\/","og_site_name":"Visual Journalism and Documentary Photography","article_publisher":"https:\/\/www.facebook.com\/people\/wwwfotostudentende\/100065173703897\/","article_modified_time":"2025-09-09T14:21:45+00:00","twitter_card":"summary_large_image","twitter_site":"@HsHannover","twitter_misc":{"Est. reading time":"1 minute"},"schema":{"@context":"https:\/\/schema.org","@graph":[{"@type":"WebPage","@id":"https:\/\/visualjournalism.de\/en\/jana-junker\/","url":"https:\/\/visualjournalism.de\/en\/jana-junker\/","name":"Jana Junker &#8211; Visual Journalism and Documentary Photography","isPartOf":{"@id":"https:\/\/visualjournalism.de\/en\/#website"},"datePublished":"2024-07-10T13:44:18+00:00","dateModified":"2025-09-09T14:21:45+00:00","breadcrumb":{"@id":"https:\/\/visualjournalism.de\/en\/jana-junker\/#breadcrumb"},"inLanguage":"en-US","potentialAction":[{"@type":"ReadAction","target":["https:\/\/visualjournalism.de\/en\/jana-junker\/"]}]},{"@type":"BreadcrumbList","@id":"https:\/\/visualjournalism.de\/en\/jana-junker\/#breadcrumb","itemListElement":[{"@type":"ListItem","position":1,"name":"Home","item":"https:\/\/visualjournalism.de\/en\/"},{"@type":"ListItem","position":2,"name":"Jana Junker"}]},{"@type":"WebSite","@id":"https:\/\/visualjournalism.de\/en\/#website","url":"https:\/\/visualjournalism.de\/en\/","name":"Visual Journalism and Documentary Photography","description":"All about the bilingual bachelor&#039;s program at Hannover University of Applied Sciences and Arts.","publisher":{"@id":"https:\/\/visualjournalism.de\/en\/#organization"},"alternateName":"visualjournalism.de","potentialAction":[{"@type":"SearchAction","target":{"@type":"EntryPoint","urlTemplate":"https:\/\/visualjournalism.de\/en\/?s={search_term_string}"},"query-input":{"@type":"PropertyValueSpecification","valueRequired":true,"valueName":"search_term_string"}}],"inLanguage":"en-US"},{"@type":"Organization","@id":"https:\/\/visualjournalism.de\/en\/#organization","name":"Hochschule Hannover \u2013 University of Applied Sciences and Arts","alternateName":"HsH","url":"https:\/\/visualjournalism.de\/en\/","logo":{"@type":"ImageObject","inLanguage":"en-US","@id":"https:\/\/visualjournalism.de\/en\/#\/schema\/logo\/image\/","url":"https:\/\/visualjournalism.de\/wp-content\/uploads\/logo-hochschule-hannover.png","contentUrl":"https:\/\/visualjournalism.de\/wp-content\/uploads\/logo-hochschule-hannover.png","width":363,"height":270,"caption":"Hochschule Hannover \u2013 University of Applied Sciences and Arts"},"image":{"@id":"https:\/\/visualjournalism.de\/en\/#\/schema\/logo\/image\/"},"sameAs":["https:\/\/www.facebook.com\/people\/wwwfotostudentende\/100065173703897\/","https:\/\/x.com\/HsHannover","https:\/\/www.instagram.com\/visualjournalism.de\/"]}]}},"_links":{"self":[{"href":"https:\/\/visualjournalism.de\/en\/wp-json\/wp\/v2\/pages\/40067","targetHints":{"allow":["GET"]}}],"collection":[{"href":"https:\/\/visualjournalism.de\/en\/wp-json\/wp\/v2\/pages"}],"about":[{"href":"https:\/\/visualjournalism.de\/en\/wp-json\/wp\/v2\/types\/page"}],"author":[{"embeddable":true,"href":"https:\/\/visualjournalism.de\/en\/wp-json\/wp\/v2\/users\/14"}],"replies":[{"embeddable":true,"href":"https:\/\/visualjournalism.de\/en\/wp-json\/wp\/v2\/comments?post=40067"}],"version-history":[{"count":1,"href":"https:\/\/visualjournalism.de\/en\/wp-json\/wp\/v2\/pages\/40067\/revisions"}],"predecessor-version":[{"id":63909,"href":"https:\/\/visualjournalism.de\/en\/wp-json\/wp\/v2\/pages\/40067\/revisions\/63909"}],"wp:attachment":[{"href":"https:\/\/visualjournalism.de\/en\/wp-json\/wp\/v2\/media?parent=40067"}],"curies":[{"name":"wp","href":"https:\/\/api.w.org\/{rel}","templated":true}]}}