{"id":40610,"date":"2024-04-19T07:27:59","date_gmt":"2024-04-19T07:27:59","guid":{"rendered":"https:\/\/visualjournalism.de\/?page_id=40610"},"modified":"2024-04-27T21:13:26","modified_gmt":"2024-04-27T21:13:26","slug":"martin-steger","status":"publish","type":"page","link":"https:\/\/visualjournalism.de\/en\/martin-steger\/","title":{"rendered":"Martin Steger"},"content":{"rendered":"\n \n\n    <div id=\"lead-in-block_a594dbbd0b2a46851a151ec3df67454a\" class=\"block-lead-in typo--soehne font-size--xl has-spacing--s width--full\">\n        <h1><strong>Martin Steger<\/strong><\/h1>\n    <\/div>\n\n\n\n\n<div class=\"pinned-block has-spacing--m\">\n\t\n\n<div class=\"pinned-block__column--left\">\n    \n    <figure class=\"block-photo post__image--wide-left has-spacing--xs no-title\">\n\n        <div class=\"post__image__container\">\n            <img loading=\"lazy\" decoding=\"async\" \n                src=\"https:\/\/visualjournalism.de\/wp-content\/uploads\/DSC6701-1050x1400.jpg\"\n                srcset=\"https:\/\/visualjournalism.de\/wp-content\/uploads\/DSC6701-1050x1400.jpg 1050w, https:\/\/visualjournalism.de\/wp-content\/uploads\/DSC6701-225x300.jpg 225w, https:\/\/visualjournalism.de\/wp-content\/uploads\/DSC6701-768x1024.jpg 768w, https:\/\/visualjournalism.de\/wp-content\/uploads\/DSC6701-1152x1536.jpg 1152w, https:\/\/visualjournalism.de\/wp-content\/uploads\/DSC6701-1536x2048.jpg 1536w, https:\/\/visualjournalism.de\/wp-content\/uploads\/DSC6701-scaled.jpg 1920w, https:\/\/visualjournalism.de\/wp-content\/uploads\/DSC6701-1400x1867.jpg 1400w, https:\/\/visualjournalism.de\/wp-content\/uploads\/DSC6701-670x893.jpg 670w, https:\/\/visualjournalism.de\/wp-content\/uploads\/DSC6701-420x560.jpg 420w, https:\/\/visualjournalism.de\/wp-content\/uploads\/DSC6701-350x467.jpg 350w, https:\/\/visualjournalism.de\/wp-content\/uploads\/DSC6701-300x400.jpg 300w, https:\/\/visualjournalism.de\/wp-content\/uploads\/DSC6701-640x853.jpg 640w, https:\/\/visualjournalism.de\/wp-content\/uploads\/DSC6701-150x200.jpg 150w\"\n                width=\"1050\" \n                height=\"1400\"\n                alt=\"\" \n            \/>\n            \n                    <\/div><!-- post__image__container -->\n\n        \n    <\/figure><!-- post__image -->\n\n\n\n<\/div>\n\n\n<div class=\"pinned-block__column--right\">\n    \n\n<p class=\"post__paragraph is-style-typo--soehne has-spacing--default\"><strong>Martin Steger<\/strong> lebt Berlin und Hannover. Als Fotograf arbeitet er in den Bereichen Portr\u00e4t und Dokumentarfotografie. Nach einer Ausbildung als Mediengestalter assistierte er verschiedenen Architekturfotografen in Deutschland, Italien und Brasilien. Von 2018 bis 2020 folgten Studium und Seminare an der Ostkreuzschule fu\u0308r Fotografie in Berlin. Seit 2019 studiert er an der Hochschule Hannover Fotojournalismus und Dokumentarfotografie. Im Fokus von Martins Arbeit stehen sozialdokumentarische Themen und politische Fotografie.<\/p>\n\n\n\n<p class=\"post__paragraph is-style-typo--soehne has-spacing--default\">Die Arbeiten von Martin Steger wurden in der ZEIT, auf ZEIT ONLINE, im Greenpeace Magazin, im SPIEGEL und dem stern ver\u00f6ffentlicht.<\/p>\n\n\n\n<p class=\"post__paragraph is-style-typo--soehne has-spacing--default\">+49 (0) 176 833 536 92<br>hello@martin-steger.com<\/p>\n\n\n\n<p class=\"post__paragraph is-style-typo--soehne has-spacing--default\"><a href=\"https:\/\/martin-steger.com\/\">www.martin-steger.com<\/a><br><br><br><\/p>\n\n\n<\/div>\n<\/div>\n\n\n<div class=\"devider has-spacing--none\">\n    <hr>\n<\/div>\n\n\n \n\n    <div id=\"lead-in-block_805792a3f019681aa43bff19cc970767\" class=\"block-lead-in typo--soehne font-size--default has-spacing--s width--default\">\n        <h2><strong>Beitr\u00e4ge von Martin:<\/strong><\/h2>\n    <\/div>\n\n\n\n\r\n<article class=\"post-teaser teaser-single--full has-spacing--m post-32836 magazin type-magazin status-publish has-post-thumbnail hentry tag-fotostrecke tag-politik-gesellschaft tag-video magazinkategorie-macht-und-kontrolle\">\r\n\t<header class=\"entry-header\">\r\n\r\n\t\t<div class=\"entry-categories\">\n\t<a class=\"post__tag\" href=\"https:\/\/visualjournalism.de\/magazin-kategorie\/macht-und-kontrolle\/\" rel=\"category tag\">Macht und Kontrolle<\/a><\/div>\r\n\t\t<a href=\"https:\/\/visualjournalism.de\/en\/magazine\/macht-und-kontrolle\/friedrich-merz-zwischen-blackrock-und-kanzleramt\/\" rel=\"bookmark\">\r\n\t\t\t<h2 class=\"entry-title\">Friedrich Merz: Zwischen BlackRock und Kanzleramt.<\/h2>\r\n\t\t\t<p class=\"entry-excerpt\">Der CDU-Chef gibt sich b\u00fcrgernah \u2013 trotz Millionen-Vergangenheit in der Finanzwelt. Warum h\u00f6ren ihm so viele zu?<\/p>\r\n\t\t<\/a>\r\n\r\n\t<\/header><!-- .entry-header -->\r\n\r\n\t<figure class=\"post__image\">\r\n\t\t<a href=\"https:\/\/visualjournalism.de\/en\/magazine\/macht-und-kontrolle\/friedrich-merz-zwischen-blackrock-und-kanzleramt\/\" rel=\"bookmark\">\r\n\t\t\t<img loading=\"lazy\" decoding=\"async\" width=\"1400\" height=\"1867\" src=\"https:\/\/visualjournalism.de\/wp-content\/uploads\/DSC0112-1400x1867.jpg\" class=\"attachment-photo-block--full size-photo-block--full\" alt=\"Ein Mann, CDU-Politiker Friedrich Merz, steht mit dem R\u00fccken zur Kamera vor zwei hellen Scheinwerfern. \u00dcber ihm h\u00e4ngt ein Mikrofon, und im Hintergrund sind schemenhaft einige Personen zu sehen.\" srcset=\"https:\/\/visualjournalism.de\/wp-content\/uploads\/DSC0112-1400x1867.jpg 1400w, https:\/\/visualjournalism.de\/wp-content\/uploads\/DSC0112-225x300.jpg 225w, https:\/\/visualjournalism.de\/wp-content\/uploads\/DSC0112-768x1024.jpg 768w, https:\/\/visualjournalism.de\/wp-content\/uploads\/DSC0112-1152x1536.jpg 1152w, https:\/\/visualjournalism.de\/wp-content\/uploads\/DSC0112-1536x2048.jpg 1536w, https:\/\/visualjournalism.de\/wp-content\/uploads\/DSC0112-scaled.jpg 1920w, https:\/\/visualjournalism.de\/wp-content\/uploads\/DSC0112-1050x1400.jpg 1050w, https:\/\/visualjournalism.de\/wp-content\/uploads\/DSC0112-670x893.jpg 670w, https:\/\/visualjournalism.de\/wp-content\/uploads\/DSC0112-420x560.jpg 420w, https:\/\/visualjournalism.de\/wp-content\/uploads\/DSC0112-350x467.jpg 350w, https:\/\/visualjournalism.de\/wp-content\/uploads\/DSC0112-300x400.jpg 300w, https:\/\/visualjournalism.de\/wp-content\/uploads\/DSC0112-640x853.jpg 640w, https:\/\/visualjournalism.de\/wp-content\/uploads\/DSC0112-150x200.jpg 150w\" sizes=\"auto, (max-width: 1400px) 100vw, 1400px\" \/>\t\t<\/a>\r\n\t<\/figure><!-- .post__image -->\r\n\r\n<\/article>\r\n\n\n\n<div class=\"wp-block-group has-spacing--default has-spacing--default\">\n<div class=\"devider has-spacing--none\">\n    <hr>\n<\/div>\n\n\n \n\n    <div id=\"lead-in-block_3125277f9ece81b940af11917e5b94f7\" class=\"block-lead-in typo--default font-size--xl has-spacing--s width--default\">\n        <p><strong>Empfehlungen der Redaktion:<\/strong><\/p>\n    <\/div>\n\n\n\n\r\n\r\n\r\n\n\n\r\n\r\n\r\n\r\n        <div class=\"teaser-grid grid-layout--3col has-spacing--s width--inline\">\r\n\r\n            \r\n                <article class=\"post-teaser\">\r\n\r\n                    <a href=\"https:\/\/visualjournalism.de\/en\/magazine\/sammeln\/wein-mueller-kassel-magic-nordhessen\/\" rel=\"permalink\">\r\n\r\n                        <div class=\"post-teaser__content\">\r\n\r\n                            <span class=\"entry-categories\">Sammeln<\/span>\r\n                            <h3 class=\"post-teaser__headline\">\r\n                                \u00abMagic Nordhessen!!!\u00bb: Ein Sammelladen in Kassel seit fast 100 Jahren                            <\/h3>\r\n\r\n                            <div class=\"post-teaser__excerpt\">\r\n                                <p>Kassel, Vorderer Westen: ein Laden, in dem seit fast einem Jahrhundert gesammelt wird. Wir haben hineingeschaut.<\/p>\r\n                            <\/div>\r\n\r\n                        <\/div><!-- .post-teaser__content -->\r\n\r\n\r\n                        \r\n                            <figure class=\"post-teaser__image\">\r\n                                <img loading=\"lazy\" decoding=\"async\"  \r\n                                    src=\"https:\/\/visualjournalism.de\/wp-content\/uploads\/02_Luest_Mayla-768x576.jpg\" \r\n                                    srcset=\"https:\/\/visualjournalism.de\/wp-content\/uploads\/02_Luest_Mayla-768x576.jpg 768w, https:\/\/visualjournalism.de\/wp-content\/uploads\/02_Luest_Mayla-300x225.jpg 300w, https:\/\/visualjournalism.de\/wp-content\/uploads\/02_Luest_Mayla-1024x768.jpg 1024w, https:\/\/visualjournalism.de\/wp-content\/uploads\/02_Luest_Mayla-1536x1152.jpg 1536w, https:\/\/visualjournalism.de\/wp-content\/uploads\/02_Luest_Mayla-2048x1536.jpg 2048w, https:\/\/visualjournalism.de\/wp-content\/uploads\/02_Luest_Mayla-1920x1440.jpg 1920w, https:\/\/visualjournalism.de\/wp-content\/uploads\/02_Luest_Mayla-1400x1050.jpg 1400w, https:\/\/visualjournalism.de\/wp-content\/uploads\/02_Luest_Mayla-1050x787.jpg 1050w, https:\/\/visualjournalism.de\/wp-content\/uploads\/02_Luest_Mayla-670x502.jpg 670w, https:\/\/visualjournalism.de\/wp-content\/uploads\/02_Luest_Mayla-420x315.jpg 420w, https:\/\/visualjournalism.de\/wp-content\/uploads\/02_Luest_Mayla-350x262.jpg 350w, https:\/\/visualjournalism.de\/wp-content\/uploads\/02_Luest_Mayla-150x112.jpg 150w\" \r\n                                    width=\"768\"  \r\n                                    height=\"576\" \r\n                                    alt=\"\"\r\n                                \/>\r\n                            <\/figure>\r\n\r\n                        \r\n                    \r\n                    <\/a>\r\n\r\n                <\/article><!--- .post-teaser-->\r\n\r\n            \r\n                <article class=\"post-teaser\">\r\n\r\n                    <a href=\"https:\/\/visualjournalism.de\/en\/magazine\/guide\/study-photography-how-to-find-the-right-university\/\" rel=\"permalink\">\r\n\r\n                        <div class=\"post-teaser__content\">\r\n\r\n                            <span class=\"entry-categories\">Guide<\/span>\r\n                            <h3 class=\"post-teaser__headline\">\r\n                                Studying photography: How to find the right university.                            <\/h3>\r\n\r\n                            <div class=\"post-teaser__excerpt\">\r\n                                <p>An overview of the best-known programmes. <\/p>\r\n                            <\/div>\r\n\r\n                        <\/div><!-- .post-teaser__content -->\r\n\r\n\r\n                        \r\n                            <figure class=\"post-teaser__image\">\r\n                                <img loading=\"lazy\" decoding=\"async\"  \r\n                                    src=\"https:\/\/visualjournalism.de\/wp-content\/uploads\/2024-DM-Werkschau_Short-Edit_Kristina-Kaysen-10-768x511.jpg\" \r\n                                    srcset=\"https:\/\/visualjournalism.de\/wp-content\/uploads\/2024-DM-Werkschau_Short-Edit_Kristina-Kaysen-10-768x511.jpg 768w, https:\/\/visualjournalism.de\/wp-content\/uploads\/2024-DM-Werkschau_Short-Edit_Kristina-Kaysen-10-300x200.jpg 300w, https:\/\/visualjournalism.de\/wp-content\/uploads\/2024-DM-Werkschau_Short-Edit_Kristina-Kaysen-10-1024x681.jpg 1024w, https:\/\/visualjournalism.de\/wp-content\/uploads\/2024-DM-Werkschau_Short-Edit_Kristina-Kaysen-10-1536x1021.jpg 1536w, https:\/\/visualjournalism.de\/wp-content\/uploads\/2024-DM-Werkschau_Short-Edit_Kristina-Kaysen-10-1400x931.jpg 1400w, https:\/\/visualjournalism.de\/wp-content\/uploads\/2024-DM-Werkschau_Short-Edit_Kristina-Kaysen-10-1050x698.jpg 1050w, https:\/\/visualjournalism.de\/wp-content\/uploads\/2024-DM-Werkschau_Short-Edit_Kristina-Kaysen-10-670x446.jpg 670w, https:\/\/visualjournalism.de\/wp-content\/uploads\/2024-DM-Werkschau_Short-Edit_Kristina-Kaysen-10-420x279.jpg 420w, https:\/\/visualjournalism.de\/wp-content\/uploads\/2024-DM-Werkschau_Short-Edit_Kristina-Kaysen-10-350x233.jpg 350w, https:\/\/visualjournalism.de\/wp-content\/uploads\/2024-DM-Werkschau_Short-Edit_Kristina-Kaysen-10-150x100.jpg 150w, https:\/\/visualjournalism.de\/wp-content\/uploads\/2024-DM-Werkschau_Short-Edit_Kristina-Kaysen-10.jpg 1600w\" \r\n                                    width=\"768\"  \r\n                                    height=\"511\" \r\n                                    alt=\"Fotografie-Studierende w\u00e4hrend einer Fotosession in einem Studio mit Beleuchtungsausr\u00fcstung und Hintergrund. Ein Schild auf dem Boden zeigt \u201aFOTOSHOOTING\u2018 und weist auf den Eingang zum Studio hin. Von hinten sind die Umrisse eines jungen Mannes zu sehen, der Fotografie studiert. \"\r\n                                \/>\r\n                            <\/figure>\r\n\r\n                        \r\n                    \r\n                    <\/a>\r\n\r\n                <\/article><!--- .post-teaser-->\r\n\r\n            \r\n                <article class=\"post-teaser\">\r\n\r\n                    <a href=\"https:\/\/visualjournalism.de\/en\/magazine\/ratgeber\/kreative-blockaden\/\" rel=\"permalink\">\r\n\r\n                        <div class=\"post-teaser__content\">\r\n\r\n                            <span class=\"entry-categories\">Ratgeber<\/span>\r\n                            <h3 class=\"post-teaser__headline\">\r\n                                Kreative Blockaden l\u00f6sen: Warum sie entstehen und wie du wieder in den Flow findest.                            <\/h3>\r\n\r\n                            <div class=\"post-teaser__excerpt\">\r\n                                <p>Kreative Blockaden sind frustrierend \u2013 m\u00fcssen aber nicht bleiben. Erfahre, warum sie entstehen, was sie dir sagen wollen und wie du sie Schritt f\u00fcr Schritt l\u00f6st und zur\u00fcck in den Flow findest.<\/p>\r\n                            <\/div>\r\n\r\n                        <\/div><!-- .post-teaser__content -->\r\n\r\n\r\n                        \r\n                            <figure class=\"post-teaser__image\">\r\n                                <img loading=\"lazy\" decoding=\"async\"  \r\n                                    src=\"https:\/\/visualjournalism.de\/wp-content\/uploads\/Max_Schlag-5-768x509.jpg\" \r\n                                    srcset=\"https:\/\/visualjournalism.de\/wp-content\/uploads\/Max_Schlag-5-768x509.jpg 768w, https:\/\/visualjournalism.de\/wp-content\/uploads\/Max_Schlag-5-300x199.jpg 300w, https:\/\/visualjournalism.de\/wp-content\/uploads\/Max_Schlag-5-1024x679.jpg 1024w, https:\/\/visualjournalism.de\/wp-content\/uploads\/Max_Schlag-5-1536x1019.jpg 1536w, https:\/\/visualjournalism.de\/wp-content\/uploads\/Max_Schlag-5-2048x1358.jpg 2048w, https:\/\/visualjournalism.de\/wp-content\/uploads\/Max_Schlag-5-1920x1273.jpg 1920w, https:\/\/visualjournalism.de\/wp-content\/uploads\/Max_Schlag-5-1400x928.jpg 1400w, https:\/\/visualjournalism.de\/wp-content\/uploads\/Max_Schlag-5-1050x696.jpg 1050w, https:\/\/visualjournalism.de\/wp-content\/uploads\/Max_Schlag-5-670x444.jpg 670w, https:\/\/visualjournalism.de\/wp-content\/uploads\/Max_Schlag-5-420x278.jpg 420w, https:\/\/visualjournalism.de\/wp-content\/uploads\/Max_Schlag-5-350x232.jpg 350w, https:\/\/visualjournalism.de\/wp-content\/uploads\/Max_Schlag-5-150x99.jpg 150w\" \r\n                                    width=\"768\"  \r\n                                    height=\"509\" \r\n                                    alt=\"glitzernde Wasseroberfl\u00e4che\"\r\n                                \/>\r\n                            <\/figure>\r\n\r\n                        \r\n                    \r\n                    <\/a>\r\n\r\n                <\/article><!--- .post-teaser-->\r\n\r\n            \r\n        <\/div><!-- .teaser-grid -->\r\n\r\n\n\n\r\n\r\n\r\n\n\n\n    <div class=\"btn-wrapper has-spacing--m\">\n        <a class=\"btn\" href=\"https:\/\/visualjournalism.de\/magazin\/\" target=\"_blank\">ZUR MAGAZIN-STARTSEITE<\/a>\n    <\/div>\n<\/div>\n","protected":false},"excerpt":{"rendered":"","protected":false},"author":3,"featured_media":40615,"parent":0,"menu_order":0,"comment_status":"closed","ping_status":"closed","template":"","meta":{"_acf_changed":false,"footnotes":""},"class_list":["post-40610","page","type-page","status-publish","has-post-thumbnail","hentry"],"acf":[],"yoast_head":"<!-- This site is optimized with the Yoast SEO Premium plugin v27.7 (Yoast SEO v27.7) - https:\/\/yoast.com\/product\/yoast-seo-premium-wordpress\/ -->\n<title>Martin Steger<\/title>\n<meta name=\"description\" content=\"Martin Steger lebt Berlin und Hannover. Als Fotograf arbeitet er in den Bereichen Portrait und Dokumentarfotografie.\" \/>\n<meta name=\"robots\" content=\"index, follow, max-snippet:-1, max-image-preview:large, max-video-preview:-1\" \/>\n<link rel=\"canonical\" href=\"https:\/\/visualjournalism.de\/en\/martin-steger\/\" \/>\n<meta property=\"og:locale\" content=\"en_US\" \/>\n<meta property=\"og:type\" content=\"article\" \/>\n<meta property=\"og:title\" content=\"Martin Steger\" \/>\n<meta property=\"og:description\" content=\"Martin Steger lebt Berlin und Hannover. Als Fotograf arbeitet er in den Bereichen Portrait und Dokumentarfotografie.\" \/>\n<meta property=\"og:url\" content=\"https:\/\/visualjournalism.de\/en\/martin-steger\/\" \/>\n<meta property=\"og:site_name\" content=\"Visual Journalism and Documentary Photography\" \/>\n<meta property=\"article:publisher\" content=\"https:\/\/www.facebook.com\/people\/wwwfotostudentende\/100065173703897\/\" \/>\n<meta property=\"article:modified_time\" content=\"2024-04-27T21:13:26+00:00\" \/>\n<meta property=\"og:image\" content=\"https:\/\/visualjournalism.de\/wp-content\/uploads\/DSC6701-1.jpg\" \/>\n\t<meta property=\"og:image:width\" content=\"100\" \/>\n\t<meta property=\"og:image:height\" content=\"100\" \/>\n\t<meta property=\"og:image:type\" content=\"image\/jpeg\" \/>\n<meta name=\"twitter:card\" content=\"summary_large_image\" \/>\n<meta name=\"twitter:site\" content=\"@HsHannover\" \/>\n<meta name=\"twitter:label1\" content=\"Est. reading time\" \/>\n\t<meta name=\"twitter:data1\" content=\"1 minute\" \/>\n<script type=\"application\/ld+json\" class=\"yoast-schema-graph\">{\"@context\":\"https:\\\/\\\/schema.org\",\"@graph\":[{\"@type\":\"WebPage\",\"@id\":\"https:\\\/\\\/visualjournalism.de\\\/en\\\/martin-steger\\\/\",\"url\":\"https:\\\/\\\/visualjournalism.de\\\/en\\\/martin-steger\\\/\",\"name\":\"Martin Steger\",\"isPartOf\":{\"@id\":\"https:\\\/\\\/visualjournalism.de\\\/en\\\/#website\"},\"primaryImageOfPage\":{\"@id\":\"https:\\\/\\\/visualjournalism.de\\\/en\\\/martin-steger\\\/#primaryimage\"},\"image\":{\"@id\":\"https:\\\/\\\/visualjournalism.de\\\/en\\\/martin-steger\\\/#primaryimage\"},\"thumbnailUrl\":\"https:\\\/\\\/visualjournalism.de\\\/wp-content\\\/uploads\\\/DSC6701-1.jpg\",\"datePublished\":\"2024-04-19T07:27:59+00:00\",\"dateModified\":\"2024-04-27T21:13:26+00:00\",\"description\":\"Martin Steger lebt Berlin und Hannover. Als Fotograf arbeitet er in den Bereichen Portrait und Dokumentarfotografie.\",\"breadcrumb\":{\"@id\":\"https:\\\/\\\/visualjournalism.de\\\/en\\\/martin-steger\\\/#breadcrumb\"},\"inLanguage\":\"en-US\",\"potentialAction\":[{\"@type\":\"ReadAction\",\"target\":[\"https:\\\/\\\/visualjournalism.de\\\/en\\\/martin-steger\\\/\"]}]},{\"@type\":\"ImageObject\",\"inLanguage\":\"en-US\",\"@id\":\"https:\\\/\\\/visualjournalism.de\\\/en\\\/martin-steger\\\/#primaryimage\",\"url\":\"https:\\\/\\\/visualjournalism.de\\\/wp-content\\\/uploads\\\/DSC6701-1.jpg\",\"contentUrl\":\"https:\\\/\\\/visualjournalism.de\\\/wp-content\\\/uploads\\\/DSC6701-1.jpg\",\"width\":100,\"height\":100},{\"@type\":\"BreadcrumbList\",\"@id\":\"https:\\\/\\\/visualjournalism.de\\\/en\\\/martin-steger\\\/#breadcrumb\",\"itemListElement\":[{\"@type\":\"ListItem\",\"position\":1,\"name\":\"Home\",\"item\":\"https:\\\/\\\/visualjournalism.de\\\/en\\\/\"},{\"@type\":\"ListItem\",\"position\":2,\"name\":\"Martin Steger\"}]},{\"@type\":\"WebSite\",\"@id\":\"https:\\\/\\\/visualjournalism.de\\\/en\\\/#website\",\"url\":\"https:\\\/\\\/visualjournalism.de\\\/en\\\/\",\"name\":\"Visual Journalism and Documentary Photography\",\"description\":\"All about the bilingual bachelor&#039;s program at Hannover University of Applied Sciences and Arts.\",\"publisher\":{\"@id\":\"https:\\\/\\\/visualjournalism.de\\\/en\\\/#organization\"},\"alternateName\":\"visualjournalism.de\",\"potentialAction\":[{\"@type\":\"SearchAction\",\"target\":{\"@type\":\"EntryPoint\",\"urlTemplate\":\"https:\\\/\\\/visualjournalism.de\\\/en\\\/?s={search_term_string}\"},\"query-input\":{\"@type\":\"PropertyValueSpecification\",\"valueRequired\":true,\"valueName\":\"search_term_string\"}}],\"inLanguage\":\"en-US\"},{\"@type\":\"Organization\",\"@id\":\"https:\\\/\\\/visualjournalism.de\\\/en\\\/#organization\",\"name\":\"Hochschule Hannover \u2013 University of Applied Sciences and Arts\",\"alternateName\":\"HsH\",\"url\":\"https:\\\/\\\/visualjournalism.de\\\/en\\\/\",\"logo\":{\"@type\":\"ImageObject\",\"inLanguage\":\"en-US\",\"@id\":\"https:\\\/\\\/visualjournalism.de\\\/en\\\/#\\\/schema\\\/logo\\\/image\\\/\",\"url\":\"https:\\\/\\\/visualjournalism.de\\\/wp-content\\\/uploads\\\/logo-hochschule-hannover.png\",\"contentUrl\":\"https:\\\/\\\/visualjournalism.de\\\/wp-content\\\/uploads\\\/logo-hochschule-hannover.png\",\"width\":363,\"height\":270,\"caption\":\"Hochschule Hannover \u2013 University of Applied Sciences and Arts\"},\"image\":{\"@id\":\"https:\\\/\\\/visualjournalism.de\\\/en\\\/#\\\/schema\\\/logo\\\/image\\\/\"},\"sameAs\":[\"https:\\\/\\\/www.facebook.com\\\/people\\\/wwwfotostudentende\\\/100065173703897\\\/\",\"https:\\\/\\\/x.com\\\/HsHannover\",\"https:\\\/\\\/www.instagram.com\\\/visualjournalism.de\\\/\"]}]}<\/script>\n<!-- \/ Yoast SEO Premium plugin. -->","yoast_head_json":{"title":"Martin Steger","description":"Martin Steger lebt Berlin und Hannover. Als Fotograf arbeitet er in den Bereichen Portrait und Dokumentarfotografie.","robots":{"index":"index","follow":"follow","max-snippet":"max-snippet:-1","max-image-preview":"max-image-preview:large","max-video-preview":"max-video-preview:-1"},"canonical":"https:\/\/visualjournalism.de\/en\/martin-steger\/","og_locale":"en_US","og_type":"article","og_title":"Martin Steger","og_description":"Martin Steger lebt Berlin und Hannover. Als Fotograf arbeitet er in den Bereichen Portrait und Dokumentarfotografie.","og_url":"https:\/\/visualjournalism.de\/en\/martin-steger\/","og_site_name":"Visual Journalism and Documentary Photography","article_publisher":"https:\/\/www.facebook.com\/people\/wwwfotostudentende\/100065173703897\/","article_modified_time":"2024-04-27T21:13:26+00:00","og_image":[{"width":100,"height":100,"url":"https:\/\/visualjournalism.de\/wp-content\/uploads\/DSC6701-1.jpg","type":"image\/jpeg"}],"twitter_card":"summary_large_image","twitter_site":"@HsHannover","twitter_misc":{"Est. reading time":"1 minute"},"schema":{"@context":"https:\/\/schema.org","@graph":[{"@type":"WebPage","@id":"https:\/\/visualjournalism.de\/en\/martin-steger\/","url":"https:\/\/visualjournalism.de\/en\/martin-steger\/","name":"Martin Steger","isPartOf":{"@id":"https:\/\/visualjournalism.de\/en\/#website"},"primaryImageOfPage":{"@id":"https:\/\/visualjournalism.de\/en\/martin-steger\/#primaryimage"},"image":{"@id":"https:\/\/visualjournalism.de\/en\/martin-steger\/#primaryimage"},"thumbnailUrl":"https:\/\/visualjournalism.de\/wp-content\/uploads\/DSC6701-1.jpg","datePublished":"2024-04-19T07:27:59+00:00","dateModified":"2024-04-27T21:13:26+00:00","description":"Martin Steger lebt Berlin und Hannover. Als Fotograf arbeitet er in den Bereichen Portrait und Dokumentarfotografie.","breadcrumb":{"@id":"https:\/\/visualjournalism.de\/en\/martin-steger\/#breadcrumb"},"inLanguage":"en-US","potentialAction":[{"@type":"ReadAction","target":["https:\/\/visualjournalism.de\/en\/martin-steger\/"]}]},{"@type":"ImageObject","inLanguage":"en-US","@id":"https:\/\/visualjournalism.de\/en\/martin-steger\/#primaryimage","url":"https:\/\/visualjournalism.de\/wp-content\/uploads\/DSC6701-1.jpg","contentUrl":"https:\/\/visualjournalism.de\/wp-content\/uploads\/DSC6701-1.jpg","width":100,"height":100},{"@type":"BreadcrumbList","@id":"https:\/\/visualjournalism.de\/en\/martin-steger\/#breadcrumb","itemListElement":[{"@type":"ListItem","position":1,"name":"Home","item":"https:\/\/visualjournalism.de\/en\/"},{"@type":"ListItem","position":2,"name":"Martin Steger"}]},{"@type":"WebSite","@id":"https:\/\/visualjournalism.de\/en\/#website","url":"https:\/\/visualjournalism.de\/en\/","name":"Visual Journalism and Documentary Photography","description":"All about the bilingual bachelor&#039;s program at Hannover University of Applied Sciences and Arts.","publisher":{"@id":"https:\/\/visualjournalism.de\/en\/#organization"},"alternateName":"visualjournalism.de","potentialAction":[{"@type":"SearchAction","target":{"@type":"EntryPoint","urlTemplate":"https:\/\/visualjournalism.de\/en\/?s={search_term_string}"},"query-input":{"@type":"PropertyValueSpecification","valueRequired":true,"valueName":"search_term_string"}}],"inLanguage":"en-US"},{"@type":"Organization","@id":"https:\/\/visualjournalism.de\/en\/#organization","name":"Hochschule Hannover \u2013 University of Applied Sciences and Arts","alternateName":"HsH","url":"https:\/\/visualjournalism.de\/en\/","logo":{"@type":"ImageObject","inLanguage":"en-US","@id":"https:\/\/visualjournalism.de\/en\/#\/schema\/logo\/image\/","url":"https:\/\/visualjournalism.de\/wp-content\/uploads\/logo-hochschule-hannover.png","contentUrl":"https:\/\/visualjournalism.de\/wp-content\/uploads\/logo-hochschule-hannover.png","width":363,"height":270,"caption":"Hochschule Hannover \u2013 University of Applied Sciences and Arts"},"image":{"@id":"https:\/\/visualjournalism.de\/en\/#\/schema\/logo\/image\/"},"sameAs":["https:\/\/www.facebook.com\/people\/wwwfotostudentende\/100065173703897\/","https:\/\/x.com\/HsHannover","https:\/\/www.instagram.com\/visualjournalism.de\/"]}]}},"_links":{"self":[{"href":"https:\/\/visualjournalism.de\/en\/wp-json\/wp\/v2\/pages\/40610","targetHints":{"allow":["GET"]}}],"collection":[{"href":"https:\/\/visualjournalism.de\/en\/wp-json\/wp\/v2\/pages"}],"about":[{"href":"https:\/\/visualjournalism.de\/en\/wp-json\/wp\/v2\/types\/page"}],"author":[{"embeddable":true,"href":"https:\/\/visualjournalism.de\/en\/wp-json\/wp\/v2\/users\/3"}],"replies":[{"embeddable":true,"href":"https:\/\/visualjournalism.de\/en\/wp-json\/wp\/v2\/comments?post=40610"}],"version-history":[{"count":0,"href":"https:\/\/visualjournalism.de\/en\/wp-json\/wp\/v2\/pages\/40610\/revisions"}],"wp:featuredmedia":[{"embeddable":true,"href":"https:\/\/visualjournalism.de\/en\/wp-json\/wp\/v2\/media\/40615"}],"wp:attachment":[{"href":"https:\/\/visualjournalism.de\/en\/wp-json\/wp\/v2\/media?parent=40610"}],"curies":[{"name":"wp","href":"https:\/\/api.w.org\/{rel}","templated":true}]}}