{"id":40673,"date":"2024-04-19T09:11:32","date_gmt":"2024-04-19T09:11:32","guid":{"rendered":"https:\/\/visualjournalism.de\/?page_id=40673"},"modified":"2025-01-21T22:30:06","modified_gmt":"2025-01-21T22:30:06","slug":"julian-busch","status":"publish","type":"page","link":"https:\/\/visualjournalism.de\/en\/julian-busch\/","title":{"rendered":"Julian Busch"},"content":{"rendered":"\n \n\n    <div id=\"lead-in-block_b06c7ae89595da50ffc984a781e35cb6\" class=\"block-lead-in typo--soehne font-size--xl has-spacing--s width--full\">\n        <h1><strong>Julian Busch<\/strong><\/h1>\n    <\/div>\n\n\n\n\n<div class=\"pinned-block has-spacing--m\">\n\t\n\n<div class=\"pinned-block__column--left\">\n    \n    <figure class=\"block-photo post__image--wide-left has-spacing--xs no-title\">\n\n        <div class=\"post__image__container\">\n            <img loading=\"lazy\" decoding=\"async\" \n                src=\"https:\/\/visualjournalism.de\/wp-content\/uploads\/ich-Kopie-2sw-2-1050x1470.jpg\"\n                srcset=\"https:\/\/visualjournalism.de\/wp-content\/uploads\/ich-Kopie-2sw-2-1050x1470.jpg 1050w, https:\/\/visualjournalism.de\/wp-content\/uploads\/ich-Kopie-2sw-2-214x300.jpg 214w, https:\/\/visualjournalism.de\/wp-content\/uploads\/ich-Kopie-2sw-2-732x1024.jpg 732w, https:\/\/visualjournalism.de\/wp-content\/uploads\/ich-Kopie-2sw-2-768x1075.jpg 768w, https:\/\/visualjournalism.de\/wp-content\/uploads\/ich-Kopie-2sw-2-1097x1536.jpg 1097w, https:\/\/visualjournalism.de\/wp-content\/uploads\/ich-Kopie-2sw-2-670x938.jpg 670w, https:\/\/visualjournalism.de\/wp-content\/uploads\/ich-Kopie-2sw-2-420x588.jpg 420w, https:\/\/visualjournalism.de\/wp-content\/uploads\/ich-Kopie-2sw-2-350x490.jpg 350w, https:\/\/visualjournalism.de\/wp-content\/uploads\/ich-Kopie-2sw-2-300x420.jpg 300w, https:\/\/visualjournalism.de\/wp-content\/uploads\/ich-Kopie-2sw-2-150x210.jpg 150w, https:\/\/visualjournalism.de\/wp-content\/uploads\/ich-Kopie-2sw-2.jpg 1143w\"\n                width=\"1050\" \n                height=\"1470\"\n                alt=\"\" \n            \/>\n            \n                    <\/div><!-- post__image__container -->\n\n        \n    <\/figure><!-- post__image -->\n\n\n\n<\/div>\n\n\n<div class=\"pinned-block__column--right\">\n    \n\n<p class=\"post__paragraph is-style-typo--soehne has-spacing--default\"><strong>Julian Busch<\/strong> ist freier Journalist. Von 2019 bis 2021<br>arbeitete er auf der Insel Lesbos in Griechenland und<br>dokumentierte Migration in Richtung Europa. <br>Bis 2023 lebte er in Kabul, Afghanistan.<\/p>\n\n\n\n<p class=\"post__paragraph is-style-typo--soehne has-spacing--default\"><\/p>\n\n\n\n<p class=\"post__paragraph is-style-typo--soehne has-spacing--default\">https:\/\/julian-busch.co\/<br>https:\/\/www.instagram.com\/_buschjulian\/<\/p>\n\n\n\n<p class=\"post__paragraph is-style-typo--soehne has-spacing--default\"><br><br><br><\/p>\n\n\n<\/div>\n<\/div>\n\n\n<div class=\"devider has-spacing--none\">\n    <hr>\n<\/div>\n\n\n \n\n    <div id=\"lead-in-block_575a29eb4a7b196d92091ec389781f8e\" class=\"block-lead-in typo--soehne font-size--default has-spacing--s width--default\">\n        <h2><strong>Beitr\u00e4ge von Julian:<\/strong><\/h2>\n    <\/div>\n\n\n\n\r\n<article class=\"post-teaser teaser-single--full has-spacing--m post-11243 magazin type-magazin status-publish has-post-thumbnail hentry tag-alumni tag-ausstellung magazinkategorie-macht-und-kontrolle\">\r\n\t<header class=\"entry-header\">\r\n\r\n\t\t<div class=\"entry-categories\">\n\t<a class=\"post__tag\" href=\"https:\/\/visualjournalism.de\/magazin-kategorie\/macht-und-kontrolle\/\" rel=\"category tag\">Macht und Kontrolle<\/a><\/div>\r\n\t\t<a href=\"https:\/\/visualjournalism.de\/en\/magazine\/macht-und-kontrolle\/julian-busch-die-taliban-aendern-sich-nicht-durch-sanktionen\/\" rel=\"bookmark\">\r\n\t\t\t<h2 class=\"entry-title\">\u00abDie Taliban \u00e4ndern sich nicht durch Sanktionen\u00bb.<\/h2>\r\n\t\t\t<p class=\"entry-excerpt\">Julian Busch lebte nach der Macht\u00fcbernahme der Taliban monatelang als einziger deutscher Journalist in Afghanistan. Ein Gespr\u00e4ch \u00fcber historische Umbr\u00fcche in einem zerr\u00fctteten Land.<\/p>\r\n\t\t<\/a>\r\n\r\n\t<\/header><!-- .entry-header -->\r\n\r\n\t<figure class=\"post__image\">\r\n\t\t<a href=\"https:\/\/visualjournalism.de\/en\/magazine\/macht-und-kontrolle\/julian-busch-die-taliban-aendern-sich-nicht-durch-sanktionen\/\" rel=\"bookmark\">\r\n\t\t\t<img loading=\"lazy\" decoding=\"async\" width=\"1400\" height=\"935\" src=\"https:\/\/visualjournalism.de\/wp-content\/uploads\/20221115-QH3A1891-1400x935.jpg\" class=\"attachment-photo-block--full size-photo-block--full\" alt=\"\" srcset=\"https:\/\/visualjournalism.de\/wp-content\/uploads\/20221115-QH3A1891-1400x935.jpg 1400w, https:\/\/visualjournalism.de\/wp-content\/uploads\/20221115-QH3A1891-300x200.jpg 300w, https:\/\/visualjournalism.de\/wp-content\/uploads\/20221115-QH3A1891-1024x684.jpg 1024w, https:\/\/visualjournalism.de\/wp-content\/uploads\/20221115-QH3A1891-768x513.jpg 768w, https:\/\/visualjournalism.de\/wp-content\/uploads\/20221115-QH3A1891-1536x1025.jpg 1536w, https:\/\/visualjournalism.de\/wp-content\/uploads\/20221115-QH3A1891-1050x701.jpg 1050w, https:\/\/visualjournalism.de\/wp-content\/uploads\/20221115-QH3A1891-670x447.jpg 670w, https:\/\/visualjournalism.de\/wp-content\/uploads\/20221115-QH3A1891-420x280.jpg 420w, https:\/\/visualjournalism.de\/wp-content\/uploads\/20221115-QH3A1891-350x234.jpg 350w, https:\/\/visualjournalism.de\/wp-content\/uploads\/20221115-QH3A1891-150x100.jpg 150w, https:\/\/visualjournalism.de\/wp-content\/uploads\/20221115-QH3A1891.jpg 1600w\" sizes=\"auto, (max-width: 1400px) 100vw, 1400px\" \/>\t\t<\/a>\r\n\t<\/figure><!-- .post__image -->\r\n\r\n<\/article>\r\n\n\n\n<div class=\"wp-block-group has-spacing--default has-spacing--default\">\n<div class=\"devider has-spacing--none\">\n    <hr>\n<\/div>\n\n\n \n\n    <div id=\"lead-in-block_5ac4188a0fe2db9f4bbce0c96bc334f9\" class=\"block-lead-in typo--default font-size--xl has-spacing--s width--default\">\n        <p><strong>Empfehlungen der Redaktion:<\/strong><\/p>\n    <\/div>\n\n\n\n\r\n\r\n\r\n\n\n\r\n\r\n\r\n\r\n        <div class=\"teaser-grid grid-layout--3col has-spacing--s width--inline\">\r\n\r\n            \r\n                <article class=\"post-teaser\">\r\n\r\n                    <a href=\"https:\/\/visualjournalism.de\/en\/magazine\/ratgeber\/die-richtige-beleuchtung-im-fotostudio\/\" rel=\"permalink\">\r\n\r\n                        <div class=\"post-teaser__content\">\r\n\r\n                            <span class=\"entry-categories\">Ratgeber<\/span>\r\n                            <h3 class=\"post-teaser__headline\">\r\n                                Beleuchtung im Fotostudio.                            <\/h3>\r\n\r\n                            <div class=\"post-teaser__excerpt\">\r\n                                <p>Das richtige Licht im Studio ist entscheidend f\u00fcr gelungene Studioaufnahmen. Wie aber gelingt die perfekte Ausleuchtung und welche Techniken gibt es?<\/p>\r\n                            <\/div>\r\n\r\n                        <\/div><!-- .post-teaser__content -->\r\n\r\n\r\n                        \r\n                            <figure class=\"post-teaser__image\">\r\n                                <img loading=\"lazy\" decoding=\"async\"  \r\n                                    src=\"https:\/\/visualjournalism.de\/wp-content\/uploads\/DSC06343-768x492.jpg\" \r\n                                    srcset=\"https:\/\/visualjournalism.de\/wp-content\/uploads\/DSC06343-768x492.jpg 768w, https:\/\/visualjournalism.de\/wp-content\/uploads\/DSC06343-300x192.jpg 300w, https:\/\/visualjournalism.de\/wp-content\/uploads\/DSC06343-1024x656.jpg 1024w, https:\/\/visualjournalism.de\/wp-content\/uploads\/DSC06343-1536x983.jpg 1536w, https:\/\/visualjournalism.de\/wp-content\/uploads\/DSC06343-2048x1311.jpg 2048w, https:\/\/visualjournalism.de\/wp-content\/uploads\/DSC06343-1920x1229.jpg 1920w, https:\/\/visualjournalism.de\/wp-content\/uploads\/DSC06343-1400x896.jpg 1400w, https:\/\/visualjournalism.de\/wp-content\/uploads\/DSC06343-1050x672.jpg 1050w, https:\/\/visualjournalism.de\/wp-content\/uploads\/DSC06343-670x429.jpg 670w, https:\/\/visualjournalism.de\/wp-content\/uploads\/DSC06343-420x269.jpg 420w, https:\/\/visualjournalism.de\/wp-content\/uploads\/DSC06343-350x224.jpg 350w, https:\/\/visualjournalism.de\/wp-content\/uploads\/DSC06343-150x96.jpg 150w\" \r\n                                    width=\"768\"  \r\n                                    height=\"492\" \r\n                                    alt=\"\"\r\n                                \/>\r\n                            <\/figure>\r\n\r\n                        \r\n                    \r\n                    <\/a>\r\n\r\n                <\/article><!--- .post-teaser-->\r\n\r\n            \r\n                <article class=\"post-teaser\">\r\n\r\n                    <a href=\"https:\/\/visualjournalism.de\/en\/magazine\/sammeln\/kippenkult-und-krebsromantik\/\" rel=\"permalink\">\r\n\r\n                        <div class=\"post-teaser__content\">\r\n\r\n                            <span class=\"entry-categories\">Sammeln<\/span>\r\n                            <h3 class=\"post-teaser__headline\">\r\n                                Kippenkult und Krebsromantik                            <\/h3>\r\n\r\n                            <div class=\"post-teaser__excerpt\">\r\n                                <p>Ein Fotobuch \u00fcber Zigaretten, Sucht und Rauchbiografien: \u00abPleasure to Burn\u00bb verherrlicht das Rauchen \u2013 und meint es dabei nur halb so ernst.<\/p>\r\n                            <\/div>\r\n\r\n                        <\/div><!-- .post-teaser__content -->\r\n\r\n\r\n                        \r\n                            <figure class=\"post-teaser__image\">\r\n                                <img loading=\"lazy\" decoding=\"async\"  \r\n                                    src=\"https:\/\/visualjournalism.de\/wp-content\/uploads\/Max_Schlag_Kippenkult__Krebsromantik-768x580.png\" \r\n                                    srcset=\"https:\/\/visualjournalism.de\/wp-content\/uploads\/Max_Schlag_Kippenkult__Krebsromantik-768x580.png 768w, https:\/\/visualjournalism.de\/wp-content\/uploads\/Max_Schlag_Kippenkult__Krebsromantik-300x226.png 300w, https:\/\/visualjournalism.de\/wp-content\/uploads\/Max_Schlag_Kippenkult__Krebsromantik-1024x773.png 1024w, https:\/\/visualjournalism.de\/wp-content\/uploads\/Max_Schlag_Kippenkult__Krebsromantik-1050x792.png 1050w, https:\/\/visualjournalism.de\/wp-content\/uploads\/Max_Schlag_Kippenkult__Krebsromantik-670x506.png 670w, https:\/\/visualjournalism.de\/wp-content\/uploads\/Max_Schlag_Kippenkult__Krebsromantik-420x317.png 420w, https:\/\/visualjournalism.de\/wp-content\/uploads\/Max_Schlag_Kippenkult__Krebsromantik-350x264.png 350w, https:\/\/visualjournalism.de\/wp-content\/uploads\/Max_Schlag_Kippenkult__Krebsromantik-150x113.png 150w, https:\/\/visualjournalism.de\/wp-content\/uploads\/Max_Schlag_Kippenkult__Krebsromantik.png 1304w\" \r\n                                    width=\"768\"  \r\n                                    height=\"580\" \r\n                                    alt=\"Zwei H\u00e4nde teilen sich in antik anmutender \u00c4sthetik eine Zigarette, Blitz, Editorial, Fotografie, Rauchen, Sucht\"\r\n                                \/>\r\n                            <\/figure>\r\n\r\n                        \r\n                    \r\n                    <\/a>\r\n\r\n                <\/article><!--- .post-teaser-->\r\n\r\n            \r\n                <article class=\"post-teaser\">\r\n\r\n                    <a href=\"https:\/\/visualjournalism.de\/en\/magazine\/guide\/study-photography-how-to-find-the-right-university\/\" rel=\"permalink\">\r\n\r\n                        <div class=\"post-teaser__content\">\r\n\r\n                            <span class=\"entry-categories\">Guide<\/span>\r\n                            <h3 class=\"post-teaser__headline\">\r\n                                Studying photography: How to find the right university.                            <\/h3>\r\n\r\n                            <div class=\"post-teaser__excerpt\">\r\n                                <p>An overview of the best-known programmes. <\/p>\r\n                            <\/div>\r\n\r\n                        <\/div><!-- .post-teaser__content -->\r\n\r\n\r\n                        \r\n                            <figure class=\"post-teaser__image\">\r\n                                <img loading=\"lazy\" decoding=\"async\"  \r\n                                    src=\"https:\/\/visualjournalism.de\/wp-content\/uploads\/2024-DM-Werkschau_Short-Edit_Kristina-Kaysen-10-768x511.jpg\" \r\n                                    srcset=\"https:\/\/visualjournalism.de\/wp-content\/uploads\/2024-DM-Werkschau_Short-Edit_Kristina-Kaysen-10-768x511.jpg 768w, https:\/\/visualjournalism.de\/wp-content\/uploads\/2024-DM-Werkschau_Short-Edit_Kristina-Kaysen-10-300x200.jpg 300w, https:\/\/visualjournalism.de\/wp-content\/uploads\/2024-DM-Werkschau_Short-Edit_Kristina-Kaysen-10-1024x681.jpg 1024w, https:\/\/visualjournalism.de\/wp-content\/uploads\/2024-DM-Werkschau_Short-Edit_Kristina-Kaysen-10-1536x1021.jpg 1536w, https:\/\/visualjournalism.de\/wp-content\/uploads\/2024-DM-Werkschau_Short-Edit_Kristina-Kaysen-10-1400x931.jpg 1400w, https:\/\/visualjournalism.de\/wp-content\/uploads\/2024-DM-Werkschau_Short-Edit_Kristina-Kaysen-10-1050x698.jpg 1050w, https:\/\/visualjournalism.de\/wp-content\/uploads\/2024-DM-Werkschau_Short-Edit_Kristina-Kaysen-10-670x446.jpg 670w, https:\/\/visualjournalism.de\/wp-content\/uploads\/2024-DM-Werkschau_Short-Edit_Kristina-Kaysen-10-420x279.jpg 420w, https:\/\/visualjournalism.de\/wp-content\/uploads\/2024-DM-Werkschau_Short-Edit_Kristina-Kaysen-10-350x233.jpg 350w, https:\/\/visualjournalism.de\/wp-content\/uploads\/2024-DM-Werkschau_Short-Edit_Kristina-Kaysen-10-150x100.jpg 150w, https:\/\/visualjournalism.de\/wp-content\/uploads\/2024-DM-Werkschau_Short-Edit_Kristina-Kaysen-10.jpg 1600w\" \r\n                                    width=\"768\"  \r\n                                    height=\"511\" \r\n                                    alt=\"Fotografie-Studierende w\u00e4hrend einer Fotosession in einem Studio mit Beleuchtungsausr\u00fcstung und Hintergrund. Ein Schild auf dem Boden zeigt \u201aFOTOSHOOTING\u2018 und weist auf den Eingang zum Studio hin. Von hinten sind die Umrisse eines jungen Mannes zu sehen, der Fotografie studiert. \"\r\n                                \/>\r\n                            <\/figure>\r\n\r\n                        \r\n                    \r\n                    <\/a>\r\n\r\n                <\/article><!--- .post-teaser-->\r\n\r\n            \r\n        <\/div><!-- .teaser-grid -->\r\n\r\n\n\n\r\n\r\n\r\n\n\n\n    <div class=\"btn-wrapper has-spacing--m\">\n        <a class=\"btn\" href=\"https:\/\/visualjournalism.de\/magazin\/\" target=\"_blank\">ZUR MAGAZIN-STARTSEITE<\/a>\n    <\/div>\n<\/div>\n","protected":false},"excerpt":{"rendered":"","protected":false},"author":3,"featured_media":45557,"parent":0,"menu_order":0,"comment_status":"closed","ping_status":"closed","template":"","meta":{"_acf_changed":false,"footnotes":""},"class_list":["post-40673","page","type-page","status-publish","has-post-thumbnail","hentry"],"acf":[],"yoast_head":"<!-- This site is optimized with the Yoast SEO Premium plugin v27.3 (Yoast SEO v27.3) - https:\/\/yoast.com\/product\/yoast-seo-premium-wordpress\/ -->\n<title>Julian Busch<\/title>\n<meta name=\"description\" content=\"Julian Busch studierte zuvor Geschichts- und Islamwissenschaften, sowie Fotojournalismus und Dokumentarfotografie in Hannover.\" \/>\n<meta name=\"robots\" content=\"index, follow, max-snippet:-1, max-image-preview:large, max-video-preview:-1\" \/>\n<link rel=\"canonical\" href=\"https:\/\/visualjournalism.de\/en\/julian-busch\/\" \/>\n<meta property=\"og:locale\" content=\"en_US\" \/>\n<meta property=\"og:type\" content=\"article\" \/>\n<meta property=\"og:title\" content=\"Julian Busch\" \/>\n<meta property=\"og:description\" content=\"Julian Busch studierte zuvor Geschichts- und Islamwissenschaften, sowie Fotojournalismus und Dokumentarfotografie in Hannover.\" \/>\n<meta property=\"og:url\" content=\"https:\/\/visualjournalism.de\/en\/julian-busch\/\" \/>\n<meta property=\"og:site_name\" content=\"Visual Journalism and Documentary Photography\" \/>\n<meta property=\"article:publisher\" content=\"https:\/\/www.facebook.com\/people\/wwwfotostudentende\/100065173703897\/\" \/>\n<meta property=\"article:modified_time\" content=\"2025-01-21T22:30:06+00:00\" \/>\n<meta property=\"og:image\" content=\"https:\/\/visualjournalism.de\/wp-content\/uploads\/Bildschirmfoto-2024-07-04-um-13.31.54.png\" \/>\n\t<meta property=\"og:image:width\" content=\"612\" \/>\n\t<meta property=\"og:image:height\" content=\"678\" \/>\n\t<meta property=\"og:image:type\" content=\"image\/png\" \/>\n<meta name=\"twitter:card\" content=\"summary_large_image\" \/>\n<meta name=\"twitter:site\" content=\"@HsHannover\" \/>\n<meta name=\"twitter:label1\" content=\"Est. reading time\" \/>\n\t<meta name=\"twitter:data1\" content=\"1 minute\" \/>\n<script type=\"application\/ld+json\" class=\"yoast-schema-graph\">{\"@context\":\"https:\\\/\\\/schema.org\",\"@graph\":[{\"@type\":\"WebPage\",\"@id\":\"https:\\\/\\\/visualjournalism.de\\\/en\\\/julian-busch\\\/\",\"url\":\"https:\\\/\\\/visualjournalism.de\\\/en\\\/julian-busch\\\/\",\"name\":\"Julian Busch\",\"isPartOf\":{\"@id\":\"https:\\\/\\\/visualjournalism.de\\\/en\\\/#website\"},\"primaryImageOfPage\":{\"@id\":\"https:\\\/\\\/visualjournalism.de\\\/en\\\/julian-busch\\\/#primaryimage\"},\"image\":{\"@id\":\"https:\\\/\\\/visualjournalism.de\\\/en\\\/julian-busch\\\/#primaryimage\"},\"thumbnailUrl\":\"https:\\\/\\\/visualjournalism.de\\\/wp-content\\\/uploads\\\/Bildschirmfoto-2024-07-04-um-13.31.54.png\",\"datePublished\":\"2024-04-19T09:11:32+00:00\",\"dateModified\":\"2025-01-21T22:30:06+00:00\",\"description\":\"Julian Busch studierte zuvor Geschichts- und Islamwissenschaften, sowie Fotojournalismus und Dokumentarfotografie in Hannover.\",\"breadcrumb\":{\"@id\":\"https:\\\/\\\/visualjournalism.de\\\/en\\\/julian-busch\\\/#breadcrumb\"},\"inLanguage\":\"en-US\",\"potentialAction\":[{\"@type\":\"ReadAction\",\"target\":[\"https:\\\/\\\/visualjournalism.de\\\/en\\\/julian-busch\\\/\"]}]},{\"@type\":\"ImageObject\",\"inLanguage\":\"en-US\",\"@id\":\"https:\\\/\\\/visualjournalism.de\\\/en\\\/julian-busch\\\/#primaryimage\",\"url\":\"https:\\\/\\\/visualjournalism.de\\\/wp-content\\\/uploads\\\/Bildschirmfoto-2024-07-04-um-13.31.54.png\",\"contentUrl\":\"https:\\\/\\\/visualjournalism.de\\\/wp-content\\\/uploads\\\/Bildschirmfoto-2024-07-04-um-13.31.54.png\",\"width\":612,\"height\":678},{\"@type\":\"BreadcrumbList\",\"@id\":\"https:\\\/\\\/visualjournalism.de\\\/en\\\/julian-busch\\\/#breadcrumb\",\"itemListElement\":[{\"@type\":\"ListItem\",\"position\":1,\"name\":\"Home\",\"item\":\"https:\\\/\\\/visualjournalism.de\\\/en\\\/\"},{\"@type\":\"ListItem\",\"position\":2,\"name\":\"Julian Busch\"}]},{\"@type\":\"WebSite\",\"@id\":\"https:\\\/\\\/visualjournalism.de\\\/en\\\/#website\",\"url\":\"https:\\\/\\\/visualjournalism.de\\\/en\\\/\",\"name\":\"Visual Journalism and Documentary Photography\",\"description\":\"All about the bilingual bachelor&#039;s program at Hannover University of Applied Sciences and Arts.\",\"publisher\":{\"@id\":\"https:\\\/\\\/visualjournalism.de\\\/en\\\/#organization\"},\"alternateName\":\"visualjournalism.de\",\"potentialAction\":[{\"@type\":\"SearchAction\",\"target\":{\"@type\":\"EntryPoint\",\"urlTemplate\":\"https:\\\/\\\/visualjournalism.de\\\/en\\\/?s={search_term_string}\"},\"query-input\":{\"@type\":\"PropertyValueSpecification\",\"valueRequired\":true,\"valueName\":\"search_term_string\"}}],\"inLanguage\":\"en-US\"},{\"@type\":\"Organization\",\"@id\":\"https:\\\/\\\/visualjournalism.de\\\/en\\\/#organization\",\"name\":\"Hochschule Hannover \u2013 University of Applied Sciences and Arts\",\"alternateName\":\"HsH\",\"url\":\"https:\\\/\\\/visualjournalism.de\\\/en\\\/\",\"logo\":{\"@type\":\"ImageObject\",\"inLanguage\":\"en-US\",\"@id\":\"https:\\\/\\\/visualjournalism.de\\\/en\\\/#\\\/schema\\\/logo\\\/image\\\/\",\"url\":\"https:\\\/\\\/visualjournalism.de\\\/wp-content\\\/uploads\\\/logo-hochschule-hannover.png\",\"contentUrl\":\"https:\\\/\\\/visualjournalism.de\\\/wp-content\\\/uploads\\\/logo-hochschule-hannover.png\",\"width\":363,\"height\":270,\"caption\":\"Hochschule Hannover \u2013 University of Applied Sciences and Arts\"},\"image\":{\"@id\":\"https:\\\/\\\/visualjournalism.de\\\/en\\\/#\\\/schema\\\/logo\\\/image\\\/\"},\"sameAs\":[\"https:\\\/\\\/www.facebook.com\\\/people\\\/wwwfotostudentende\\\/100065173703897\\\/\",\"https:\\\/\\\/x.com\\\/HsHannover\",\"https:\\\/\\\/www.instagram.com\\\/visualjournalism.de\\\/\"]}]}<\/script>\n<!-- \/ Yoast SEO Premium plugin. -->","yoast_head_json":{"title":"Julian Busch","description":"Julian Busch studierte zuvor Geschichts- und Islamwissenschaften, sowie Fotojournalismus und Dokumentarfotografie in Hannover.","robots":{"index":"index","follow":"follow","max-snippet":"max-snippet:-1","max-image-preview":"max-image-preview:large","max-video-preview":"max-video-preview:-1"},"canonical":"https:\/\/visualjournalism.de\/en\/julian-busch\/","og_locale":"en_US","og_type":"article","og_title":"Julian Busch","og_description":"Julian Busch studierte zuvor Geschichts- und Islamwissenschaften, sowie Fotojournalismus und Dokumentarfotografie in Hannover.","og_url":"https:\/\/visualjournalism.de\/en\/julian-busch\/","og_site_name":"Visual Journalism and Documentary Photography","article_publisher":"https:\/\/www.facebook.com\/people\/wwwfotostudentende\/100065173703897\/","article_modified_time":"2025-01-21T22:30:06+00:00","og_image":[{"width":612,"height":678,"url":"https:\/\/visualjournalism.de\/wp-content\/uploads\/Bildschirmfoto-2024-07-04-um-13.31.54.png","type":"image\/png"}],"twitter_card":"summary_large_image","twitter_site":"@HsHannover","twitter_misc":{"Est. reading time":"1 minute"},"schema":{"@context":"https:\/\/schema.org","@graph":[{"@type":"WebPage","@id":"https:\/\/visualjournalism.de\/en\/julian-busch\/","url":"https:\/\/visualjournalism.de\/en\/julian-busch\/","name":"Julian Busch","isPartOf":{"@id":"https:\/\/visualjournalism.de\/en\/#website"},"primaryImageOfPage":{"@id":"https:\/\/visualjournalism.de\/en\/julian-busch\/#primaryimage"},"image":{"@id":"https:\/\/visualjournalism.de\/en\/julian-busch\/#primaryimage"},"thumbnailUrl":"https:\/\/visualjournalism.de\/wp-content\/uploads\/Bildschirmfoto-2024-07-04-um-13.31.54.png","datePublished":"2024-04-19T09:11:32+00:00","dateModified":"2025-01-21T22:30:06+00:00","description":"Julian Busch studierte zuvor Geschichts- und Islamwissenschaften, sowie Fotojournalismus und Dokumentarfotografie in Hannover.","breadcrumb":{"@id":"https:\/\/visualjournalism.de\/en\/julian-busch\/#breadcrumb"},"inLanguage":"en-US","potentialAction":[{"@type":"ReadAction","target":["https:\/\/visualjournalism.de\/en\/julian-busch\/"]}]},{"@type":"ImageObject","inLanguage":"en-US","@id":"https:\/\/visualjournalism.de\/en\/julian-busch\/#primaryimage","url":"https:\/\/visualjournalism.de\/wp-content\/uploads\/Bildschirmfoto-2024-07-04-um-13.31.54.png","contentUrl":"https:\/\/visualjournalism.de\/wp-content\/uploads\/Bildschirmfoto-2024-07-04-um-13.31.54.png","width":612,"height":678},{"@type":"BreadcrumbList","@id":"https:\/\/visualjournalism.de\/en\/julian-busch\/#breadcrumb","itemListElement":[{"@type":"ListItem","position":1,"name":"Home","item":"https:\/\/visualjournalism.de\/en\/"},{"@type":"ListItem","position":2,"name":"Julian Busch"}]},{"@type":"WebSite","@id":"https:\/\/visualjournalism.de\/en\/#website","url":"https:\/\/visualjournalism.de\/en\/","name":"Visual Journalism and Documentary Photography","description":"All about the bilingual bachelor&#039;s program at Hannover University of Applied Sciences and Arts.","publisher":{"@id":"https:\/\/visualjournalism.de\/en\/#organization"},"alternateName":"visualjournalism.de","potentialAction":[{"@type":"SearchAction","target":{"@type":"EntryPoint","urlTemplate":"https:\/\/visualjournalism.de\/en\/?s={search_term_string}"},"query-input":{"@type":"PropertyValueSpecification","valueRequired":true,"valueName":"search_term_string"}}],"inLanguage":"en-US"},{"@type":"Organization","@id":"https:\/\/visualjournalism.de\/en\/#organization","name":"Hochschule Hannover \u2013 University of Applied Sciences and Arts","alternateName":"HsH","url":"https:\/\/visualjournalism.de\/en\/","logo":{"@type":"ImageObject","inLanguage":"en-US","@id":"https:\/\/visualjournalism.de\/en\/#\/schema\/logo\/image\/","url":"https:\/\/visualjournalism.de\/wp-content\/uploads\/logo-hochschule-hannover.png","contentUrl":"https:\/\/visualjournalism.de\/wp-content\/uploads\/logo-hochschule-hannover.png","width":363,"height":270,"caption":"Hochschule Hannover \u2013 University of Applied Sciences and Arts"},"image":{"@id":"https:\/\/visualjournalism.de\/en\/#\/schema\/logo\/image\/"},"sameAs":["https:\/\/www.facebook.com\/people\/wwwfotostudentende\/100065173703897\/","https:\/\/x.com\/HsHannover","https:\/\/www.instagram.com\/visualjournalism.de\/"]}]}},"_links":{"self":[{"href":"https:\/\/visualjournalism.de\/en\/wp-json\/wp\/v2\/pages\/40673","targetHints":{"allow":["GET"]}}],"collection":[{"href":"https:\/\/visualjournalism.de\/en\/wp-json\/wp\/v2\/pages"}],"about":[{"href":"https:\/\/visualjournalism.de\/en\/wp-json\/wp\/v2\/types\/page"}],"author":[{"embeddable":true,"href":"https:\/\/visualjournalism.de\/en\/wp-json\/wp\/v2\/users\/3"}],"replies":[{"embeddable":true,"href":"https:\/\/visualjournalism.de\/en\/wp-json\/wp\/v2\/comments?post=40673"}],"version-history":[{"count":0,"href":"https:\/\/visualjournalism.de\/en\/wp-json\/wp\/v2\/pages\/40673\/revisions"}],"wp:featuredmedia":[{"embeddable":true,"href":"https:\/\/visualjournalism.de\/en\/wp-json\/wp\/v2\/media\/45557"}],"wp:attachment":[{"href":"https:\/\/visualjournalism.de\/en\/wp-json\/wp\/v2\/media?parent=40673"}],"curies":[{"name":"wp","href":"https:\/\/api.w.org\/{rel}","templated":true}]}}