{"id":44446,"date":"2024-07-19T19:00:09","date_gmt":"2024-07-19T19:00:09","guid":{"rendered":"https:\/\/visualjournalism.de\/?page_id=44446"},"modified":"2025-05-13T11:48:38","modified_gmt":"2025-05-13T11:48:38","slug":"meline-buehler","status":"publish","type":"page","link":"https:\/\/visualjournalism.de\/en\/meline-buehler\/","title":{"rendered":"Meline B\u00fchler"},"content":{"rendered":"\n \n\n    <div id=\"lead-in-block_b69fe2404059aad65bd66e92f7ca93c0\" class=\"block-lead-in typo--default font-size--xl has-spacing--m width--default\">\n        <h1><strong>Meline B\u00fchler<br \/>\n<\/strong><\/h1>\n    <\/div>\n\n\n\n\n<div class=\"pinned-block has-spacing--xs\">\n\t\n\n<div class=\"pinned-block__column--left\">\n    \n\n<p class=\"post__paragraph has-spacing--default\"><\/p>\n\n\n    <figure class=\"block-photo post__image--full has-spacing--m no-title\">\n\n        <div class=\"post__image__container\">\n            <img loading=\"lazy\" decoding=\"async\" \n                src=\"https:\/\/visualjournalism.de\/wp-content\/uploads\/kk.jpg\"\n                srcset=\"https:\/\/visualjournalism.de\/wp-content\/uploads\/kk.jpg 1384w, https:\/\/visualjournalism.de\/wp-content\/uploads\/kk-300x217.jpg 300w, https:\/\/visualjournalism.de\/wp-content\/uploads\/kk-1024x740.jpg 1024w, https:\/\/visualjournalism.de\/wp-content\/uploads\/kk-768x555.jpg 768w, https:\/\/visualjournalism.de\/wp-content\/uploads\/kk-1050x759.jpg 1050w, https:\/\/visualjournalism.de\/wp-content\/uploads\/kk-670x484.jpg 670w, https:\/\/visualjournalism.de\/wp-content\/uploads\/kk-420x303.jpg 420w, https:\/\/visualjournalism.de\/wp-content\/uploads\/kk-350x253.jpg 350w, https:\/\/visualjournalism.de\/wp-content\/uploads\/kk-150x108.jpg 150w\"\n                width=\"1384\" \n                height=\"1000\"\n                alt=\"\" \n            \/>\n            \n                    <\/div><!-- post__image__container -->\n\n        \n    <\/figure><!-- post__image -->\n\n\n\n<\/div>\n\n\n<div class=\"pinned-block__column--right\">\n    \n\n<p class=\"post__paragraph has-spacing--default\"><\/p>\n\n\n\n<p class=\"post__paragraph is-style-typo--soehne has-spacing--default\"><strong>Meline B\u00fchler<\/strong> wurde 1997 in Freiburg im Breisgau geboren. Ihre Kindheit und Jugend verbrachte sie in einem abgelegenen Dorf im s\u00fcdlichen Hochschwarzwald.<br>2019 schloss sie ihre Ausbildung zur Foto- und Medientechnischen Assistentin ab.<br>Die n\u00e4chsten Jahre arbeitete sie im fotografischen Bereich, bis sie sich 2023 dazu entschloss ihr fr\u00fches Interesse an der journalistischen Fotografie erneut aufzugreifen und Visual Journalism and Documentary Photography an der Hochschule Hannover zu studieren.<br><\/p>\n\n\n\n<p class=\"post__paragraph has-spacing--default\"><\/p>\n\n\n\n<p class=\"post__paragraph is-style-typo--soehne has-spacing--none\"><strong>Kontaktdaten:<\/strong><\/p>\n\n\n\n<p class=\"post__paragraph has-spacing--none\">melineb85@gmail.com <\/p>\n\n\n\n<p class=\"post__paragraph has-spacing--default\">Instagram: @melinebuehler<\/p>\n\n\n\n<p class=\"post__paragraph has-spacing--xs\"><\/p>\n\n\n<\/div>\n<\/div>\n\n\n<div class=\"devider has-spacing--none\">\n    <hr>\n<\/div>\n\n\n    <div class=\"headline-block has-spacing--xs\">\n\n        <h2 class=\"post__headline\">Melines Beitr\u00e4ge:<\/h2>\n\n        \n    <\/div>\n\n    \n\n\n\n\r\n<article class=\"post-teaser teaser-single--full has-spacing--m post-44427 magazin type-magazin status-publish has-post-thumbnail hentry magazinkategorie-wasser\">\r\n\t<header class=\"entry-header\">\r\n\r\n\t\t<div class=\"entry-categories\">\n\t<a class=\"post__tag\" href=\"https:\/\/visualjournalism.de\/magazin-kategorie\/wasser\/\" rel=\"category tag\">Wasser<\/a><\/div>\r\n\t\t<a href=\"https:\/\/visualjournalism.de\/en\/magazine\/wasser\/synchronschwimmen-jeder-atemzug-koordiniert\/\" rel=\"bookmark\">\r\n\t\t\t<h2 class=\"entry-title\">Jeder Atemzug koordiniert.<\/h2>\r\n\t\t\t<p class=\"entry-excerpt\">Synchronschwimmen verlangt Beweglichkeit, musikalisches Timing und Teamgeist unter extremen Bedingungen. Wie pr\u00e4gt diese kollektive Harmonie junge Wassersportlerinnen?<\/p>\r\n\t\t<\/a>\r\n\r\n\t<\/header><!-- .entry-header -->\r\n\r\n\t<figure class=\"post__image\">\r\n\t\t<a href=\"https:\/\/visualjournalism.de\/en\/magazine\/wasser\/synchronschwimmen-jeder-atemzug-koordiniert\/\" rel=\"bookmark\">\r\n\t\t\t\n<div class=\"splide\">\n    <div class=\"splide__track\">\n\n        <div class=\"splide__list\">\n\n                    \n\n                    <div class=\"splide__slide\">\n\n                        <img loading=\"lazy\" decoding=\"async\"  \n                            src=\"https:\/\/visualjournalism.de\/wp-content\/uploads\/Synchronschwimmerinnen_Meline-Buehler_Lead-in-1400x933.jpg\" \n                            srcset=\"https:\/\/visualjournalism.de\/wp-content\/uploads\/Synchronschwimmerinnen_Meline-Buehler_Lead-in-1400x933.jpg 1400w, https:\/\/visualjournalism.de\/wp-content\/uploads\/Synchronschwimmerinnen_Meline-Buehler_Lead-in-300x200.jpg 300w, https:\/\/visualjournalism.de\/wp-content\/uploads\/Synchronschwimmerinnen_Meline-Buehler_Lead-in-1024x683.jpg 1024w, https:\/\/visualjournalism.de\/wp-content\/uploads\/Synchronschwimmerinnen_Meline-Buehler_Lead-in-768x512.jpg 768w, https:\/\/visualjournalism.de\/wp-content\/uploads\/Synchronschwimmerinnen_Meline-Buehler_Lead-in-1536x1024.jpg 1536w, https:\/\/visualjournalism.de\/wp-content\/uploads\/Synchronschwimmerinnen_Meline-Buehler_Lead-in-2048x1365.jpg 2048w, https:\/\/visualjournalism.de\/wp-content\/uploads\/Synchronschwimmerinnen_Meline-Buehler_Lead-in-1920x1280.jpg 1920w, https:\/\/visualjournalism.de\/wp-content\/uploads\/Synchronschwimmerinnen_Meline-Buehler_Lead-in-1050x700.jpg 1050w, https:\/\/visualjournalism.de\/wp-content\/uploads\/Synchronschwimmerinnen_Meline-Buehler_Lead-in-670x447.jpg 670w, https:\/\/visualjournalism.de\/wp-content\/uploads\/Synchronschwimmerinnen_Meline-Buehler_Lead-in-420x280.jpg 420w, https:\/\/visualjournalism.de\/wp-content\/uploads\/Synchronschwimmerinnen_Meline-Buehler_Lead-in-350x233.jpg 350w, https:\/\/visualjournalism.de\/wp-content\/uploads\/Synchronschwimmerinnen_Meline-Buehler_Lead-in-150x100.jpg 150w\" \n                            width=\"1400\"  \n                            height=\"933\" \n                            alt=\"\"  \n                        \/>\n\n                    <\/div>\n                \n                        \n\n                    <div class=\"splide__slide\">\n\n                        <img loading=\"lazy\" decoding=\"async\"  \n                            src=\"https:\/\/visualjournalism.de\/wp-content\/uploads\/Meline_Buehler_Bild-10-1-1400x941.jpg\" \n                            srcset=\"https:\/\/visualjournalism.de\/wp-content\/uploads\/Meline_Buehler_Bild-10-1-1400x941.jpg 1400w, https:\/\/visualjournalism.de\/wp-content\/uploads\/Meline_Buehler_Bild-10-1-300x202.jpg 300w, https:\/\/visualjournalism.de\/wp-content\/uploads\/Meline_Buehler_Bild-10-1-1024x688.jpg 1024w, https:\/\/visualjournalism.de\/wp-content\/uploads\/Meline_Buehler_Bild-10-1-768x516.jpg 768w, https:\/\/visualjournalism.de\/wp-content\/uploads\/Meline_Buehler_Bild-10-1-1536x1032.jpg 1536w, https:\/\/visualjournalism.de\/wp-content\/uploads\/Meline_Buehler_Bild-10-1-2048x1376.jpg 2048w, https:\/\/visualjournalism.de\/wp-content\/uploads\/Meline_Buehler_Bild-10-1-1920x1290.jpg 1920w, https:\/\/visualjournalism.de\/wp-content\/uploads\/Meline_Buehler_Bild-10-1-1050x705.jpg 1050w, https:\/\/visualjournalism.de\/wp-content\/uploads\/Meline_Buehler_Bild-10-1-670x450.jpg 670w, https:\/\/visualjournalism.de\/wp-content\/uploads\/Meline_Buehler_Bild-10-1-420x282.jpg 420w, https:\/\/visualjournalism.de\/wp-content\/uploads\/Meline_Buehler_Bild-10-1-350x235.jpg 350w, https:\/\/visualjournalism.de\/wp-content\/uploads\/Meline_Buehler_Bild-10-1-150x101.jpg 150w\" \n                            width=\"1400\"  \n                            height=\"941\" \n                            alt=\"\"  \n                        \/>\n\n                    <\/div>\n                \n                        \n\n                    <div class=\"splide__slide\">\n\n                        <img loading=\"lazy\" decoding=\"async\"  \n                            src=\"https:\/\/visualjournalism.de\/wp-content\/uploads\/Meline_Buehler_Bild-06-1400x933.jpg\" \n                            srcset=\"https:\/\/visualjournalism.de\/wp-content\/uploads\/Meline_Buehler_Bild-06-1400x933.jpg 1400w, https:\/\/visualjournalism.de\/wp-content\/uploads\/Meline_Buehler_Bild-06-300x200.jpg 300w, https:\/\/visualjournalism.de\/wp-content\/uploads\/Meline_Buehler_Bild-06-1024x683.jpg 1024w, https:\/\/visualjournalism.de\/wp-content\/uploads\/Meline_Buehler_Bild-06-768x512.jpg 768w, https:\/\/visualjournalism.de\/wp-content\/uploads\/Meline_Buehler_Bild-06-1536x1024.jpg 1536w, https:\/\/visualjournalism.de\/wp-content\/uploads\/Meline_Buehler_Bild-06-2048x1365.jpg 2048w, https:\/\/visualjournalism.de\/wp-content\/uploads\/Meline_Buehler_Bild-06-1920x1280.jpg 1920w, https:\/\/visualjournalism.de\/wp-content\/uploads\/Meline_Buehler_Bild-06-1050x700.jpg 1050w, https:\/\/visualjournalism.de\/wp-content\/uploads\/Meline_Buehler_Bild-06-670x447.jpg 670w, https:\/\/visualjournalism.de\/wp-content\/uploads\/Meline_Buehler_Bild-06-420x280.jpg 420w, https:\/\/visualjournalism.de\/wp-content\/uploads\/Meline_Buehler_Bild-06-350x233.jpg 350w, https:\/\/visualjournalism.de\/wp-content\/uploads\/Meline_Buehler_Bild-06-150x100.jpg 150w\" \n                            width=\"1400\"  \n                            height=\"933\" \n                            alt=\"\"  \n                        \/>\n\n                    <\/div>\n                \n                        \n\n                    <div class=\"splide__slide\">\n\n                        <img loading=\"lazy\" decoding=\"async\"  \n                            src=\"https:\/\/visualjournalism.de\/wp-content\/uploads\/Meline_Buehler_Bild-01-1400x933.jpg\" \n                            srcset=\"https:\/\/visualjournalism.de\/wp-content\/uploads\/Meline_Buehler_Bild-01-1400x933.jpg 1400w, https:\/\/visualjournalism.de\/wp-content\/uploads\/Meline_Buehler_Bild-01-300x200.jpg 300w, https:\/\/visualjournalism.de\/wp-content\/uploads\/Meline_Buehler_Bild-01-1024x683.jpg 1024w, https:\/\/visualjournalism.de\/wp-content\/uploads\/Meline_Buehler_Bild-01-768x512.jpg 768w, https:\/\/visualjournalism.de\/wp-content\/uploads\/Meline_Buehler_Bild-01-1536x1024.jpg 1536w, https:\/\/visualjournalism.de\/wp-content\/uploads\/Meline_Buehler_Bild-01-2048x1365.jpg 2048w, https:\/\/visualjournalism.de\/wp-content\/uploads\/Meline_Buehler_Bild-01-1920x1280.jpg 1920w, https:\/\/visualjournalism.de\/wp-content\/uploads\/Meline_Buehler_Bild-01-1050x700.jpg 1050w, https:\/\/visualjournalism.de\/wp-content\/uploads\/Meline_Buehler_Bild-01-670x447.jpg 670w, https:\/\/visualjournalism.de\/wp-content\/uploads\/Meline_Buehler_Bild-01-420x280.jpg 420w, https:\/\/visualjournalism.de\/wp-content\/uploads\/Meline_Buehler_Bild-01-350x233.jpg 350w, https:\/\/visualjournalism.de\/wp-content\/uploads\/Meline_Buehler_Bild-01-150x100.jpg 150w\" \n                            width=\"1400\"  \n                            height=\"933\" \n                            alt=\"\"  \n                        \/>\n\n                    <\/div>\n                \n                \n        <\/div> <!-- .splide__list -->\n\n    <\/div><!-- slide__track -->\n<\/div>\t\t<\/a>\r\n\t<\/figure><!-- .post__image -->\r\n\r\n<\/article>\r\n\n\n\r\n<article class=\"post-teaser teaser-single--full has-spacing--m post-50023 magazin type-magazin status-publish has-post-thumbnail hentry magazinkategorie-arbeit\">\r\n\t<header class=\"entry-header\">\r\n\r\n\t\t<div class=\"entry-categories\">\n\t<a class=\"post__tag\" href=\"https:\/\/visualjournalism.de\/magazin-kategorie\/arbeit\/\" rel=\"category tag\">Arbeit<\/a><\/div>\r\n\t\t<a href=\"https:\/\/visualjournalism.de\/en\/magazine\/arbeit\/geschaeftsmodell-kidfluencer\/\" rel=\"bookmark\">\r\n\t\t\t<h2 class=\"entry-title\">Gesch\u00e4ftsmodell Kidfluencer.<\/h2>\r\n\t\t\t<p class=\"entry-excerpt\">Kinder als Influencer bringen Eltern viel Geld \u2013 doch wer sch\u00fctzt die Kleinsten, wenn Privatsph\u00e4re zur Ware wird?<\/p>\r\n\t\t<\/a>\r\n\r\n\t<\/header><!-- .entry-header -->\r\n\r\n\t<figure class=\"post__image\">\r\n\t\t<a href=\"https:\/\/visualjournalism.de\/en\/magazine\/arbeit\/geschaeftsmodell-kidfluencer\/\" rel=\"bookmark\">\r\n\t\t\t<img loading=\"lazy\" decoding=\"async\" width=\"1400\" height=\"933\" src=\"https:\/\/visualjournalism.de\/wp-content\/uploads\/Kidfluencer_MelineBuehler-02-1400x933.jpg\" class=\"attachment-photo-block--full size-photo-block--full\" alt=\"Symbolfoto einer Jugendlichen Kidfluencerin auf einem Stuhl in ihrem abgedunkelten Zimmer. Sie schminkt sich f\u00fcr Social Media und schaut dabei in ihr Smartphone, das von einem hellen Ring-LED umgeben ist.\" srcset=\"https:\/\/visualjournalism.de\/wp-content\/uploads\/Kidfluencer_MelineBuehler-02-1400x933.jpg 1400w, https:\/\/visualjournalism.de\/wp-content\/uploads\/Kidfluencer_MelineBuehler-02-300x200.jpg 300w, https:\/\/visualjournalism.de\/wp-content\/uploads\/Kidfluencer_MelineBuehler-02-1024x683.jpg 1024w, https:\/\/visualjournalism.de\/wp-content\/uploads\/Kidfluencer_MelineBuehler-02-768x512.jpg 768w, https:\/\/visualjournalism.de\/wp-content\/uploads\/Kidfluencer_MelineBuehler-02-1536x1024.jpg 1536w, https:\/\/visualjournalism.de\/wp-content\/uploads\/Kidfluencer_MelineBuehler-02-2048x1365.jpg 2048w, https:\/\/visualjournalism.de\/wp-content\/uploads\/Kidfluencer_MelineBuehler-02-1920x1280.jpg 1920w, https:\/\/visualjournalism.de\/wp-content\/uploads\/Kidfluencer_MelineBuehler-02-1050x700.jpg 1050w, https:\/\/visualjournalism.de\/wp-content\/uploads\/Kidfluencer_MelineBuehler-02-670x447.jpg 670w, https:\/\/visualjournalism.de\/wp-content\/uploads\/Kidfluencer_MelineBuehler-02-420x280.jpg 420w, https:\/\/visualjournalism.de\/wp-content\/uploads\/Kidfluencer_MelineBuehler-02-350x233.jpg 350w, https:\/\/visualjournalism.de\/wp-content\/uploads\/Kidfluencer_MelineBuehler-02-150x100.jpg 150w\" sizes=\"auto, (max-width: 1400px) 100vw, 1400px\" \/>\t\t<\/a>\r\n\t<\/figure><!-- .post__image -->\r\n\r\n<\/article>\r\n\n\n\r\n<article class=\"post-teaser teaser-single--full has-spacing--m post-53582 magazin type-magazin status-publish has-post-thumbnail hentry magazinkategorie-nachts\">\r\n\t<header class=\"entry-header\">\r\n\r\n\t\t<div class=\"entry-categories\">\n\t<a class=\"post__tag\" href=\"https:\/\/visualjournalism.de\/magazin-kategorie\/nachts\/\" rel=\"category tag\">Nachts<\/a><\/div>\r\n\t\t<a href=\"https:\/\/visualjournalism.de\/en\/magazine\/nachts\/toedliche-frauenfeindlichkeit\/\" rel=\"bookmark\">\r\n\t\t\t<h2 class=\"entry-title\">T\u00f6dliche Frauenfeindlichkeit.<\/h2>\r\n\t\t\t<p class=\"entry-excerpt\">Im letzten Jahr wurden 360 Frauen und M\u00e4dchen Opfer von Femiziden. Partnerschaftliche Gewalt ist kein Einzelschicksal, sondern ein immer wiederkehrendes Muster. In ihrer Heimatstadt Regensburg dokumentiert Selma von Hennigs Tatorte des Unbegreiflichen.<\/p>\r\n\t\t<\/a>\r\n\r\n\t<\/header><!-- .entry-header -->\r\n\r\n\t<figure class=\"post__image\">\r\n\t\t<a href=\"https:\/\/visualjournalism.de\/en\/magazine\/nachts\/toedliche-frauenfeindlichkeit\/\" rel=\"bookmark\">\r\n\t\t\t<img loading=\"lazy\" decoding=\"async\" width=\"1400\" height=\"933\" src=\"https:\/\/visualjournalism.de\/wp-content\/uploads\/Selma_vonHennigs_Femicide-4-1400x933.jpg\" class=\"attachment-photo-block--full size-photo-block--full\" alt=\"\" srcset=\"https:\/\/visualjournalism.de\/wp-content\/uploads\/Selma_vonHennigs_Femicide-4-1400x933.jpg 1400w, https:\/\/visualjournalism.de\/wp-content\/uploads\/Selma_vonHennigs_Femicide-4-300x200.jpg 300w, https:\/\/visualjournalism.de\/wp-content\/uploads\/Selma_vonHennigs_Femicide-4-1024x683.jpg 1024w, https:\/\/visualjournalism.de\/wp-content\/uploads\/Selma_vonHennigs_Femicide-4-768x512.jpg 768w, https:\/\/visualjournalism.de\/wp-content\/uploads\/Selma_vonHennigs_Femicide-4-1536x1024.jpg 1536w, https:\/\/visualjournalism.de\/wp-content\/uploads\/Selma_vonHennigs_Femicide-4-2048x1365.jpg 2048w, https:\/\/visualjournalism.de\/wp-content\/uploads\/Selma_vonHennigs_Femicide-4-1920x1280.jpg 1920w, https:\/\/visualjournalism.de\/wp-content\/uploads\/Selma_vonHennigs_Femicide-4-1050x700.jpg 1050w, https:\/\/visualjournalism.de\/wp-content\/uploads\/Selma_vonHennigs_Femicide-4-670x447.jpg 670w, https:\/\/visualjournalism.de\/wp-content\/uploads\/Selma_vonHennigs_Femicide-4-420x280.jpg 420w, https:\/\/visualjournalism.de\/wp-content\/uploads\/Selma_vonHennigs_Femicide-4-350x233.jpg 350w, https:\/\/visualjournalism.de\/wp-content\/uploads\/Selma_vonHennigs_Femicide-4-150x100.jpg 150w\" sizes=\"auto, (max-width: 1400px) 100vw, 1400px\" \/>\t\t<\/a>\r\n\t<\/figure><!-- .post__image -->\r\n\r\n<\/article>\r\n","protected":false},"excerpt":{"rendered":"","protected":false},"author":69,"featured_media":0,"parent":0,"menu_order":0,"comment_status":"closed","ping_status":"closed","template":"","meta":{"_acf_changed":false,"footnotes":""},"class_list":["post-44446","page","type-page","status-publish","hentry"],"acf":[],"yoast_head":"<!-- This site is optimized with the Yoast SEO Premium plugin v27.3 (Yoast SEO v27.3) - https:\/\/yoast.com\/product\/yoast-seo-premium-wordpress\/ -->\n<title>Meline B\u00fchler &#8211; Visual Journalism and Documentary Photography<\/title>\n<meta name=\"robots\" content=\"index, follow, max-snippet:-1, max-image-preview:large, max-video-preview:-1\" \/>\n<link rel=\"canonical\" href=\"https:\/\/visualjournalism.de\/en\/meline-buehler\/\" \/>\n<meta property=\"og:locale\" content=\"en_US\" \/>\n<meta property=\"og:type\" content=\"article\" \/>\n<meta property=\"og:title\" content=\"Meline B\u00fchler\" \/>\n<meta property=\"og:url\" content=\"https:\/\/visualjournalism.de\/en\/meline-buehler\/\" \/>\n<meta property=\"og:site_name\" content=\"Visual Journalism and Documentary Photography\" \/>\n<meta property=\"article:publisher\" content=\"https:\/\/www.facebook.com\/people\/wwwfotostudentende\/100065173703897\/\" \/>\n<meta property=\"article:modified_time\" content=\"2025-05-13T11:48:38+00:00\" \/>\n<meta name=\"twitter:card\" content=\"summary_large_image\" \/>\n<meta name=\"twitter:site\" content=\"@HsHannover\" \/>\n<meta name=\"twitter:label1\" content=\"Est. reading time\" \/>\n\t<meta name=\"twitter:data1\" content=\"1 minute\" \/>\n<script type=\"application\/ld+json\" class=\"yoast-schema-graph\">{\"@context\":\"https:\\\/\\\/schema.org\",\"@graph\":[{\"@type\":\"WebPage\",\"@id\":\"https:\\\/\\\/visualjournalism.de\\\/en\\\/meline-buehler\\\/\",\"url\":\"https:\\\/\\\/visualjournalism.de\\\/en\\\/meline-buehler\\\/\",\"name\":\"Meline B\u00fchler &#8211; Visual Journalism and Documentary Photography\",\"isPartOf\":{\"@id\":\"https:\\\/\\\/visualjournalism.de\\\/en\\\/#website\"},\"datePublished\":\"2024-07-19T19:00:09+00:00\",\"dateModified\":\"2025-05-13T11:48:38+00:00\",\"breadcrumb\":{\"@id\":\"https:\\\/\\\/visualjournalism.de\\\/en\\\/meline-buehler\\\/#breadcrumb\"},\"inLanguage\":\"en-US\",\"potentialAction\":[{\"@type\":\"ReadAction\",\"target\":[\"https:\\\/\\\/visualjournalism.de\\\/en\\\/meline-buehler\\\/\"]}]},{\"@type\":\"BreadcrumbList\",\"@id\":\"https:\\\/\\\/visualjournalism.de\\\/en\\\/meline-buehler\\\/#breadcrumb\",\"itemListElement\":[{\"@type\":\"ListItem\",\"position\":1,\"name\":\"Home\",\"item\":\"https:\\\/\\\/visualjournalism.de\\\/en\\\/\"},{\"@type\":\"ListItem\",\"position\":2,\"name\":\"Meline B\u00fchler\"}]},{\"@type\":\"WebSite\",\"@id\":\"https:\\\/\\\/visualjournalism.de\\\/en\\\/#website\",\"url\":\"https:\\\/\\\/visualjournalism.de\\\/en\\\/\",\"name\":\"Visual Journalism and Documentary Photography\",\"description\":\"All about the bilingual bachelor&#039;s program at Hannover University of Applied Sciences and Arts.\",\"publisher\":{\"@id\":\"https:\\\/\\\/visualjournalism.de\\\/en\\\/#organization\"},\"alternateName\":\"visualjournalism.de\",\"potentialAction\":[{\"@type\":\"SearchAction\",\"target\":{\"@type\":\"EntryPoint\",\"urlTemplate\":\"https:\\\/\\\/visualjournalism.de\\\/en\\\/?s={search_term_string}\"},\"query-input\":{\"@type\":\"PropertyValueSpecification\",\"valueRequired\":true,\"valueName\":\"search_term_string\"}}],\"inLanguage\":\"en-US\"},{\"@type\":\"Organization\",\"@id\":\"https:\\\/\\\/visualjournalism.de\\\/en\\\/#organization\",\"name\":\"Hochschule Hannover \u2013 University of Applied Sciences and Arts\",\"alternateName\":\"HsH\",\"url\":\"https:\\\/\\\/visualjournalism.de\\\/en\\\/\",\"logo\":{\"@type\":\"ImageObject\",\"inLanguage\":\"en-US\",\"@id\":\"https:\\\/\\\/visualjournalism.de\\\/en\\\/#\\\/schema\\\/logo\\\/image\\\/\",\"url\":\"https:\\\/\\\/visualjournalism.de\\\/wp-content\\\/uploads\\\/logo-hochschule-hannover.png\",\"contentUrl\":\"https:\\\/\\\/visualjournalism.de\\\/wp-content\\\/uploads\\\/logo-hochschule-hannover.png\",\"width\":363,\"height\":270,\"caption\":\"Hochschule Hannover \u2013 University of Applied Sciences and Arts\"},\"image\":{\"@id\":\"https:\\\/\\\/visualjournalism.de\\\/en\\\/#\\\/schema\\\/logo\\\/image\\\/\"},\"sameAs\":[\"https:\\\/\\\/www.facebook.com\\\/people\\\/wwwfotostudentende\\\/100065173703897\\\/\",\"https:\\\/\\\/x.com\\\/HsHannover\",\"https:\\\/\\\/www.instagram.com\\\/visualjournalism.de\\\/\"]}]}<\/script>\n<!-- \/ Yoast SEO Premium plugin. -->","yoast_head_json":{"title":"Meline B\u00fchler &#8211; Visual Journalism and Documentary Photography","robots":{"index":"index","follow":"follow","max-snippet":"max-snippet:-1","max-image-preview":"max-image-preview:large","max-video-preview":"max-video-preview:-1"},"canonical":"https:\/\/visualjournalism.de\/en\/meline-buehler\/","og_locale":"en_US","og_type":"article","og_title":"Meline B\u00fchler","og_url":"https:\/\/visualjournalism.de\/en\/meline-buehler\/","og_site_name":"Visual Journalism and Documentary Photography","article_publisher":"https:\/\/www.facebook.com\/people\/wwwfotostudentende\/100065173703897\/","article_modified_time":"2025-05-13T11:48:38+00:00","twitter_card":"summary_large_image","twitter_site":"@HsHannover","twitter_misc":{"Est. reading time":"1 minute"},"schema":{"@context":"https:\/\/schema.org","@graph":[{"@type":"WebPage","@id":"https:\/\/visualjournalism.de\/en\/meline-buehler\/","url":"https:\/\/visualjournalism.de\/en\/meline-buehler\/","name":"Meline B\u00fchler &#8211; Visual Journalism and Documentary Photography","isPartOf":{"@id":"https:\/\/visualjournalism.de\/en\/#website"},"datePublished":"2024-07-19T19:00:09+00:00","dateModified":"2025-05-13T11:48:38+00:00","breadcrumb":{"@id":"https:\/\/visualjournalism.de\/en\/meline-buehler\/#breadcrumb"},"inLanguage":"en-US","potentialAction":[{"@type":"ReadAction","target":["https:\/\/visualjournalism.de\/en\/meline-buehler\/"]}]},{"@type":"BreadcrumbList","@id":"https:\/\/visualjournalism.de\/en\/meline-buehler\/#breadcrumb","itemListElement":[{"@type":"ListItem","position":1,"name":"Home","item":"https:\/\/visualjournalism.de\/en\/"},{"@type":"ListItem","position":2,"name":"Meline B\u00fchler"}]},{"@type":"WebSite","@id":"https:\/\/visualjournalism.de\/en\/#website","url":"https:\/\/visualjournalism.de\/en\/","name":"Visual Journalism and Documentary Photography","description":"All about the bilingual bachelor&#039;s program at Hannover University of Applied Sciences and Arts.","publisher":{"@id":"https:\/\/visualjournalism.de\/en\/#organization"},"alternateName":"visualjournalism.de","potentialAction":[{"@type":"SearchAction","target":{"@type":"EntryPoint","urlTemplate":"https:\/\/visualjournalism.de\/en\/?s={search_term_string}"},"query-input":{"@type":"PropertyValueSpecification","valueRequired":true,"valueName":"search_term_string"}}],"inLanguage":"en-US"},{"@type":"Organization","@id":"https:\/\/visualjournalism.de\/en\/#organization","name":"Hochschule Hannover \u2013 University of Applied Sciences and Arts","alternateName":"HsH","url":"https:\/\/visualjournalism.de\/en\/","logo":{"@type":"ImageObject","inLanguage":"en-US","@id":"https:\/\/visualjournalism.de\/en\/#\/schema\/logo\/image\/","url":"https:\/\/visualjournalism.de\/wp-content\/uploads\/logo-hochschule-hannover.png","contentUrl":"https:\/\/visualjournalism.de\/wp-content\/uploads\/logo-hochschule-hannover.png","width":363,"height":270,"caption":"Hochschule Hannover \u2013 University of Applied Sciences and Arts"},"image":{"@id":"https:\/\/visualjournalism.de\/en\/#\/schema\/logo\/image\/"},"sameAs":["https:\/\/www.facebook.com\/people\/wwwfotostudentende\/100065173703897\/","https:\/\/x.com\/HsHannover","https:\/\/www.instagram.com\/visualjournalism.de\/"]}]}},"_links":{"self":[{"href":"https:\/\/visualjournalism.de\/en\/wp-json\/wp\/v2\/pages\/44446","targetHints":{"allow":["GET"]}}],"collection":[{"href":"https:\/\/visualjournalism.de\/en\/wp-json\/wp\/v2\/pages"}],"about":[{"href":"https:\/\/visualjournalism.de\/en\/wp-json\/wp\/v2\/types\/page"}],"author":[{"embeddable":true,"href":"https:\/\/visualjournalism.de\/en\/wp-json\/wp\/v2\/users\/69"}],"replies":[{"embeddable":true,"href":"https:\/\/visualjournalism.de\/en\/wp-json\/wp\/v2\/comments?post=44446"}],"version-history":[{"count":0,"href":"https:\/\/visualjournalism.de\/en\/wp-json\/wp\/v2\/pages\/44446\/revisions"}],"wp:attachment":[{"href":"https:\/\/visualjournalism.de\/en\/wp-json\/wp\/v2\/media?parent=44446"}],"curies":[{"name":"wp","href":"https:\/\/api.w.org\/{rel}","templated":true}]}}