{"id":47995,"date":"2024-11-25T12:17:27","date_gmt":"2024-11-25T12:17:27","guid":{"rendered":"https:\/\/visualjournalism.de\/?page_id=47995"},"modified":"2025-06-03T09:05:45","modified_gmt":"2025-06-03T09:05:45","slug":"annica-farina-badowski","status":"publish","type":"page","link":"https:\/\/visualjournalism.de\/en\/annica-farina-badowski\/","title":{"rendered":"Annica-Farina Badowski"},"content":{"rendered":"\n \n\n    <div id=\"lead-in-block_e07079144900136d80167470c428cd24\" class=\"block-lead-in typo--soehne font-size--xl has-spacing--m width--default\">\n        <h1>Annica-Farina Badowski<\/h1>\n    <\/div>\n\n\n\n\n<div class=\"pinned-block has-spacing--none\">\n\t\n\n<div class=\"pinned-block__column--left\">\n    \n    <figure class=\"block-photo post__image--half-left has-spacing--m no-title\">\n\n        <div class=\"post__image__container\">\n            <img loading=\"lazy\" decoding=\"async\" \n                src=\"https:\/\/visualjournalism.de\/wp-content\/uploads\/DSC06042-1-768x1152.jpg\"\n                srcset=\"https:\/\/visualjournalism.de\/wp-content\/uploads\/DSC06042-1-768x1152.jpg 768w, https:\/\/visualjournalism.de\/wp-content\/uploads\/DSC06042-1-200x300.jpg 200w, https:\/\/visualjournalism.de\/wp-content\/uploads\/DSC06042-1-683x1024.jpg 683w, https:\/\/visualjournalism.de\/wp-content\/uploads\/DSC06042-1-1024x1536.jpg 1024w, https:\/\/visualjournalism.de\/wp-content\/uploads\/DSC06042-1-1365x2048.jpg 1365w, https:\/\/visualjournalism.de\/wp-content\/uploads\/DSC06042-1-1920x2880.jpg 1920w, https:\/\/visualjournalism.de\/wp-content\/uploads\/DSC06042-1-1400x2100.jpg 1400w, https:\/\/visualjournalism.de\/wp-content\/uploads\/DSC06042-1-1050x1575.jpg 1050w, https:\/\/visualjournalism.de\/wp-content\/uploads\/DSC06042-1-670x1005.jpg 670w, https:\/\/visualjournalism.de\/wp-content\/uploads\/DSC06042-1-420x630.jpg 420w, https:\/\/visualjournalism.de\/wp-content\/uploads\/DSC06042-1-350x525.jpg 350w, https:\/\/visualjournalism.de\/wp-content\/uploads\/DSC06042-1-300x450.jpg 300w, https:\/\/visualjournalism.de\/wp-content\/uploads\/DSC06042-1-150x225.jpg 150w, https:\/\/visualjournalism.de\/wp-content\/uploads\/DSC06042-1-scaled.jpg 1707w\"\n                width=\"768\" \n                height=\"1152\"\n                alt=\"\" \n            \/>\n            \n                    <\/div><!-- post__image__container -->\n\n        \n    <\/figure><!-- post__image -->\n\n\n\n<\/div>\n\n\n<div class=\"pinned-block__column--right\">\n    \n\n<p class=\"post__paragraph is-style-typo--soehne has-spacing--default\"><strong>Annica-Farina Badowski<\/strong> ist Fotografin und studiert seit 2023 Visual Journalism and Documentary Photography in Hannover. Sie wurde 1998 in Reutlingen, Baden-W\u00fcrttemberg geboren. Seit ihrer Kindheit interessiert sie sich f\u00fcr Fotografie und hat in zahlreichen pers\u00f6nlichen Projekten ihre Jugend und Reisen dokumentiert. Diese Erfahrungen haben sie dazu inspiriert, die Fotografie zu ihrem beruflichen Weg zu machen, um ihre visuelle Sprache weiter zu vertiefen. Fotografie ist f\u00fcr sie eine Art des Ausdrucks, das Innere in bildlicher Form nach au\u00dfen zu bringen.<\/p>\n\n\n\n<p class=\"post__paragraph is-style-typo--soehne has-spacing--default\"><br><strong>Kontaktdaten:<\/strong><br>annica-farina.badowski@gmx.de<br>Instagram: <a href=\"https:\/\/www.instagram.com\/annicafarinabadowski\/\">@annicafarinabadowski<\/a><\/p>\n\n\n\n<p class=\"post__paragraph has-spacing--default\"><\/p>\n\n\n\n<p class=\"post__paragraph is-style-typo--soehne has-spacing--default\"><\/p>\n\n\n<\/div>\n<\/div>\n\n\n<div class=\"devider has-spacing--none\">\n    <hr>\n<\/div>\n\n\n \n\n    <div id=\"lead-in-block_f9784c718fafcbf9f6f89ee80e3454a1\" class=\"block-lead-in typo--default font-size--xl has-spacing--xs width--default\">\n        <h2>Annica-Farinas Beitr\u00e4ge<\/h2>\n    <\/div>\n\n\n\n\r\n<article class=\"post-teaser teaser-single--full has-spacing--m post-49447 magazin type-magazin status-publish has-post-thumbnail hentry magazinkategorie-nachts\">\r\n\t<header class=\"entry-header\">\r\n\r\n\t\t<div class=\"entry-categories\">\n\t<a class=\"post__tag\" href=\"https:\/\/visualjournalism.de\/magazin-kategorie\/nachts\/\" rel=\"category tag\">Nachts<\/a><\/div>\r\n\t\t<a href=\"https:\/\/visualjournalism.de\/en\/magazine\/nachts\/nachts-im-dorf\/\" rel=\"bookmark\">\r\n\t\t\t<h2 class=\"entry-title\">Nachts im Dorf.<\/h2>\r\n\t\t\t<p class=\"entry-excerpt\">Shisha in der Scheune, Bier in der Laube, eine Spritztour durchs Nirgendwo: Wie junge Menschen die Nacht auf dem Land gestalten. Eine Reportage aus M\u00fcnchehagen, Niedersachsen.<\/p>\r\n\t\t<\/a>\r\n\r\n\t<\/header><!-- .entry-header -->\r\n\r\n\t<figure class=\"post__image\">\r\n\t\t<a href=\"https:\/\/visualjournalism.de\/en\/magazine\/nachts\/nachts-im-dorf\/\" rel=\"bookmark\">\r\n\t\t\t<img loading=\"lazy\" decoding=\"async\" width=\"1400\" height=\"1750\" src=\"https:\/\/visualjournalism.de\/wp-content\/uploads\/DSC_6903-1-1400x1750.jpg\" class=\"attachment-photo-block--full size-photo-block--full\" alt=\"Auf dem Foto sind ein junger Mann und eine junge Frau zu sehen. Sie schauen in die Kamera. Sie stehen vor einer Scheune. Es ist Nacht.\" srcset=\"https:\/\/visualjournalism.de\/wp-content\/uploads\/DSC_6903-1-1400x1750.jpg 1400w, https:\/\/visualjournalism.de\/wp-content\/uploads\/DSC_6903-1-240x300.jpg 240w, https:\/\/visualjournalism.de\/wp-content\/uploads\/DSC_6903-1-819x1024.jpg 819w, https:\/\/visualjournalism.de\/wp-content\/uploads\/DSC_6903-1-768x960.jpg 768w, https:\/\/visualjournalism.de\/wp-content\/uploads\/DSC_6903-1-1229x1536.jpg 1229w, https:\/\/visualjournalism.de\/wp-content\/uploads\/DSC_6903-1-1050x1313.jpg 1050w, https:\/\/visualjournalism.de\/wp-content\/uploads\/DSC_6903-1-670x838.jpg 670w, https:\/\/visualjournalism.de\/wp-content\/uploads\/DSC_6903-1-420x525.jpg 420w, https:\/\/visualjournalism.de\/wp-content\/uploads\/DSC_6903-1-350x438.jpg 350w, https:\/\/visualjournalism.de\/wp-content\/uploads\/DSC_6903-1-300x375.jpg 300w, https:\/\/visualjournalism.de\/wp-content\/uploads\/DSC_6903-1-150x188.jpg 150w, https:\/\/visualjournalism.de\/wp-content\/uploads\/DSC_6903-1.jpg 1600w\" sizes=\"auto, (max-width: 1400px) 100vw, 1400px\" \/>\t\t<\/a>\r\n\t<\/figure><!-- .post__image -->\r\n\r\n<\/article>\r\n\n\n\n<div class=\"wp-block-group has-spacing--default has-spacing--default\">\n<div class=\"devider has-spacing--none\">\n    <hr>\n<\/div>\n\n\n \n\n    <div id=\"lead-in-block_ee28f97999254f048e08fcdc5bd167a9\" class=\"block-lead-in typo--default font-size--xl has-spacing--s width--default\">\n        <p><strong>Empfehlungen der Redaktion:<\/strong><\/p>\n    <\/div>\n\n\n\n\r\n\r\n\r\n\n\n\r\n\r\n\r\n\r\n        <div class=\"teaser-grid grid-layout--3col has-spacing--s width--inline\">\r\n\r\n            \r\n                <article class=\"post-teaser\">\r\n\r\n                    <a href=\"https:\/\/visualjournalism.de\/en\/magazine\/ratgeber\/praktikum-im-journalismus\/\" rel=\"permalink\">\r\n\r\n                        <div class=\"post-teaser__content\">\r\n\r\n                            <span class=\"entry-categories\">Ratgeber<\/span>\r\n                            <h3 class=\"post-teaser__headline\">\r\n                                So gelingt dein Praktikum im Journalismus!                            <\/h3>\r\n\r\n                            <div class=\"post-teaser__excerpt\">\r\n                                <p>Wie findest du das richtige Praktikum? Wie \u00fcberzeugst du in der Bewerbung? Und was solltest du w\u00e4hrend des Praktikums unbedingt beachten? Mit Tipps und Tricks von unseren Professor*innen und Studierenden.<\/p>\r\n                            <\/div>\r\n\r\n                        <\/div><!-- .post-teaser__content -->\r\n\r\n\r\n                        \r\n                            <figure class=\"post-teaser__image\">\r\n                                <img loading=\"lazy\" decoding=\"async\"  \r\n                                    src=\"https:\/\/visualjournalism.de\/wp-content\/uploads\/IMG_312C868D6676-1-Foto-Stefan-Nieland-768x512.jpeg\" \r\n                                    srcset=\"https:\/\/visualjournalism.de\/wp-content\/uploads\/IMG_312C868D6676-1-Foto-Stefan-Nieland-768x512.jpeg 768w, https:\/\/visualjournalism.de\/wp-content\/uploads\/IMG_312C868D6676-1-Foto-Stefan-Nieland-300x200.jpeg 300w, https:\/\/visualjournalism.de\/wp-content\/uploads\/IMG_312C868D6676-1-Foto-Stefan-Nieland-1024x683.jpeg 1024w, https:\/\/visualjournalism.de\/wp-content\/uploads\/IMG_312C868D6676-1-Foto-Stefan-Nieland-1536x1024.jpeg 1536w, https:\/\/visualjournalism.de\/wp-content\/uploads\/IMG_312C868D6676-1-Foto-Stefan-Nieland-1920x1280.jpeg 1920w, https:\/\/visualjournalism.de\/wp-content\/uploads\/IMG_312C868D6676-1-Foto-Stefan-Nieland-1400x933.jpeg 1400w, https:\/\/visualjournalism.de\/wp-content\/uploads\/IMG_312C868D6676-1-Foto-Stefan-Nieland-1050x700.jpeg 1050w, https:\/\/visualjournalism.de\/wp-content\/uploads\/IMG_312C868D6676-1-Foto-Stefan-Nieland-670x447.jpeg 670w, https:\/\/visualjournalism.de\/wp-content\/uploads\/IMG_312C868D6676-1-Foto-Stefan-Nieland-420x280.jpeg 420w, https:\/\/visualjournalism.de\/wp-content\/uploads\/IMG_312C868D6676-1-Foto-Stefan-Nieland-350x233.jpeg 350w, https:\/\/visualjournalism.de\/wp-content\/uploads\/IMG_312C868D6676-1-Foto-Stefan-Nieland-150x100.jpeg 150w, https:\/\/visualjournalism.de\/wp-content\/uploads\/IMG_312C868D6676-1-Foto-Stefan-Nieland.jpeg 2048w\" \r\n                                    width=\"768\"  \r\n                                    height=\"512\" \r\n                                    alt=\"F\u00fcnf Personen im Fotostudio der F.A.Z. inszenieren mit Bratpfannen eine kreative Szene. Im Mittelpunkt: Sophie Boyer und Stefan Nieland, beide im journalistischen Praktikum aus dem Studiengang Visual Journalism and Documentary Photography in Hannover. Die Szene zeigt Zusammenarbeit im Redaktionspraktikum und gestalterische Praxis im Journalismus.\"\r\n                                \/>\r\n                            <\/figure>\r\n\r\n                        \r\n                    \r\n                    <\/a>\r\n\r\n                <\/article><!--- .post-teaser-->\r\n\r\n            \r\n                <article class=\"post-teaser\">\r\n\r\n                    <a href=\"https:\/\/visualjournalism.de\/en\/magazine\/ratgeber\/360-grad-videoproduktion\/\" rel=\"permalink\">\r\n\r\n                        <div class=\"post-teaser__content\">\r\n\r\n                            <span class=\"entry-categories\">Ratgeber<\/span>\r\n                            <h3 class=\"post-teaser__headline\">\r\n                                So funktionieren 360-Grad-Videos im Journalismus                            <\/h3>\r\n\r\n                            <div class=\"post-teaser__excerpt\">\r\n                                <p>360-Grad-Videos stellen das Publikum mitten ins Geschehen: Statt zuzuschauen, erlebt es die Story aus allen Blickwinkeln. <\/p>\r\n                            <\/div>\r\n\r\n                        <\/div><!-- .post-teaser__content -->\r\n\r\n\r\n                        \r\n                            <figure class=\"post-teaser__image\">\r\n                                <img loading=\"lazy\" decoding=\"async\"  \r\n                                    src=\"https:\/\/visualjournalism.de\/wp-content\/uploads\/hochschule_hannover_FH_Hannover_08-768x512.jpg\" \r\n                                    srcset=\"https:\/\/visualjournalism.de\/wp-content\/uploads\/hochschule_hannover_FH_Hannover_08-768x512.jpg 768w, https:\/\/visualjournalism.de\/wp-content\/uploads\/hochschule_hannover_FH_Hannover_08-300x200.jpg 300w, https:\/\/visualjournalism.de\/wp-content\/uploads\/hochschule_hannover_FH_Hannover_08-1024x683.jpg 1024w, https:\/\/visualjournalism.de\/wp-content\/uploads\/hochschule_hannover_FH_Hannover_08-1536x1024.jpg 1536w, https:\/\/visualjournalism.de\/wp-content\/uploads\/hochschule_hannover_FH_Hannover_08-1400x933.jpg 1400w, https:\/\/visualjournalism.de\/wp-content\/uploads\/hochschule_hannover_FH_Hannover_08-1050x700.jpg 1050w, https:\/\/visualjournalism.de\/wp-content\/uploads\/hochschule_hannover_FH_Hannover_08-670x447.jpg 670w, https:\/\/visualjournalism.de\/wp-content\/uploads\/hochschule_hannover_FH_Hannover_08-420x280.jpg 420w, https:\/\/visualjournalism.de\/wp-content\/uploads\/hochschule_hannover_FH_Hannover_08-350x233.jpg 350w, https:\/\/visualjournalism.de\/wp-content\/uploads\/hochschule_hannover_FH_Hannover_08.jpg 1599w\" \r\n                                    width=\"768\"  \r\n                                    height=\"512\" \r\n                                    alt=\"\"\r\n                                \/>\r\n                            <\/figure>\r\n\r\n                        \r\n                    \r\n                    <\/a>\r\n\r\n                <\/article><!--- .post-teaser-->\r\n\r\n            \r\n                <article class=\"post-teaser\">\r\n\r\n                    <a href=\"https:\/\/visualjournalism.de\/en\/magazine\/ratgeber\/nicht-jedes-laecheln-bedeutet-zustimmung-wie-respektvolle-reisefotografie-gelingt\/\" rel=\"permalink\">\r\n\r\n                        <div class=\"post-teaser__content\">\r\n\r\n                            <span class=\"entry-categories\">Ratgeber<\/span>\r\n                            <h3 class=\"post-teaser__headline\">\r\n                                Faire Reisefotografie: Nicht jedes L\u00e4cheln bedeutet Zustimmung\u00a0                            <\/h3>\r\n\r\n                            <div class=\"post-teaser__excerpt\">\r\n                                <p>Ein Klick geht schnell, R\u00fccksicht nicht immer \u2013 so fotografierst du auf deinen Reisen respektvoll.<\/p>\r\n                            <\/div>\r\n\r\n                        <\/div><!-- .post-teaser__content -->\r\n\r\n\r\n                        \r\n                            <figure class=\"post-teaser__image\">\r\n                                <img loading=\"lazy\" decoding=\"async\"  \r\n                                    src=\"https:\/\/visualjournalism.de\/wp-content\/uploads\/SalomeZiermann_Scan_Indien_03-768x512.jpg\" \r\n                                    srcset=\"https:\/\/visualjournalism.de\/wp-content\/uploads\/SalomeZiermann_Scan_Indien_03-768x512.jpg 768w, https:\/\/visualjournalism.de\/wp-content\/uploads\/SalomeZiermann_Scan_Indien_03-300x200.jpg 300w, https:\/\/visualjournalism.de\/wp-content\/uploads\/SalomeZiermann_Scan_Indien_03-1024x683.jpg 1024w, https:\/\/visualjournalism.de\/wp-content\/uploads\/SalomeZiermann_Scan_Indien_03-1050x700.jpg 1050w, https:\/\/visualjournalism.de\/wp-content\/uploads\/SalomeZiermann_Scan_Indien_03-670x447.jpg 670w, https:\/\/visualjournalism.de\/wp-content\/uploads\/SalomeZiermann_Scan_Indien_03-420x280.jpg 420w, https:\/\/visualjournalism.de\/wp-content\/uploads\/SalomeZiermann_Scan_Indien_03-350x233.jpg 350w, https:\/\/visualjournalism.de\/wp-content\/uploads\/SalomeZiermann_Scan_Indien_03-150x100.jpg 150w, https:\/\/visualjournalism.de\/wp-content\/uploads\/SalomeZiermann_Scan_Indien_03.jpg 1200w\" \r\n                                    width=\"768\"  \r\n                                    height=\"512\" \r\n                                    alt=\"Zwei Frauen in traditionellen, bunten Saris l\u00e4cheln und gestikulieren in die Kamera. Ein Kind und ein Junge im Hintergrund erg\u00e4nzen die Szene.\"\r\n                                \/>\r\n                            <\/figure>\r\n\r\n                        \r\n                    \r\n                    <\/a>\r\n\r\n                <\/article><!--- .post-teaser-->\r\n\r\n            \r\n        <\/div><!-- .teaser-grid -->\r\n\r\n\n\n\r\n\r\n\r\n\n\n\n    <div class=\"btn-wrapper has-spacing--m\">\n        <a class=\"btn\" href=\"https:\/\/visualjournalism.de\/magazin\/\" target=\"_blank\">ZUR MAGAZIN-STARTSEITE<\/a>\n    <\/div>\n<\/div>\n","protected":false},"excerpt":{"rendered":"","protected":false},"author":91,"featured_media":0,"parent":0,"menu_order":0,"comment_status":"closed","ping_status":"closed","template":"","meta":{"_acf_changed":false,"footnotes":""},"class_list":["post-47995","page","type-page","status-publish","hentry"],"acf":[],"yoast_head":"<!-- This site is optimized with the Yoast SEO Premium plugin v27.3 (Yoast SEO v27.3) - https:\/\/yoast.com\/product\/yoast-seo-premium-wordpress\/ -->\n<title>Annica-Farina Badowski &#8211; Visual Journalism and Documentary Photography<\/title>\n<meta name=\"robots\" content=\"index, follow, max-snippet:-1, max-image-preview:large, max-video-preview:-1\" \/>\n<link rel=\"canonical\" href=\"https:\/\/visualjournalism.de\/en\/annica-farina-badowski\/\" \/>\n<meta property=\"og:locale\" content=\"en_US\" \/>\n<meta property=\"og:type\" content=\"article\" \/>\n<meta property=\"og:title\" content=\"Annica-Farina Badowski\" \/>\n<meta property=\"og:url\" content=\"https:\/\/visualjournalism.de\/en\/annica-farina-badowski\/\" \/>\n<meta property=\"og:site_name\" content=\"Visual Journalism and Documentary Photography\" \/>\n<meta property=\"article:publisher\" content=\"https:\/\/www.facebook.com\/people\/wwwfotostudentende\/100065173703897\/\" \/>\n<meta property=\"article:modified_time\" content=\"2025-06-03T09:05:45+00:00\" \/>\n<meta name=\"twitter:card\" content=\"summary_large_image\" \/>\n<meta name=\"twitter:site\" content=\"@HsHannover\" \/>\n<meta name=\"twitter:label1\" content=\"Est. reading time\" \/>\n\t<meta name=\"twitter:data1\" content=\"1 minute\" \/>\n<script type=\"application\/ld+json\" class=\"yoast-schema-graph\">{\"@context\":\"https:\\\/\\\/schema.org\",\"@graph\":[{\"@type\":\"WebPage\",\"@id\":\"https:\\\/\\\/visualjournalism.de\\\/en\\\/annica-farina-badowski\\\/\",\"url\":\"https:\\\/\\\/visualjournalism.de\\\/en\\\/annica-farina-badowski\\\/\",\"name\":\"Annica-Farina Badowski &#8211; Visual Journalism and Documentary Photography\",\"isPartOf\":{\"@id\":\"https:\\\/\\\/visualjournalism.de\\\/en\\\/#website\"},\"datePublished\":\"2024-11-25T12:17:27+00:00\",\"dateModified\":\"2025-06-03T09:05:45+00:00\",\"breadcrumb\":{\"@id\":\"https:\\\/\\\/visualjournalism.de\\\/en\\\/annica-farina-badowski\\\/#breadcrumb\"},\"inLanguage\":\"en-US\",\"potentialAction\":[{\"@type\":\"ReadAction\",\"target\":[\"https:\\\/\\\/visualjournalism.de\\\/en\\\/annica-farina-badowski\\\/\"]}]},{\"@type\":\"BreadcrumbList\",\"@id\":\"https:\\\/\\\/visualjournalism.de\\\/en\\\/annica-farina-badowski\\\/#breadcrumb\",\"itemListElement\":[{\"@type\":\"ListItem\",\"position\":1,\"name\":\"Home\",\"item\":\"https:\\\/\\\/visualjournalism.de\\\/en\\\/\"},{\"@type\":\"ListItem\",\"position\":2,\"name\":\"Annica-Farina Badowski\"}]},{\"@type\":\"WebSite\",\"@id\":\"https:\\\/\\\/visualjournalism.de\\\/en\\\/#website\",\"url\":\"https:\\\/\\\/visualjournalism.de\\\/en\\\/\",\"name\":\"Visual Journalism and Documentary Photography\",\"description\":\"All about the bilingual bachelor&#039;s program at Hannover University of Applied Sciences and Arts.\",\"publisher\":{\"@id\":\"https:\\\/\\\/visualjournalism.de\\\/en\\\/#organization\"},\"alternateName\":\"visualjournalism.de\",\"potentialAction\":[{\"@type\":\"SearchAction\",\"target\":{\"@type\":\"EntryPoint\",\"urlTemplate\":\"https:\\\/\\\/visualjournalism.de\\\/en\\\/?s={search_term_string}\"},\"query-input\":{\"@type\":\"PropertyValueSpecification\",\"valueRequired\":true,\"valueName\":\"search_term_string\"}}],\"inLanguage\":\"en-US\"},{\"@type\":\"Organization\",\"@id\":\"https:\\\/\\\/visualjournalism.de\\\/en\\\/#organization\",\"name\":\"Hochschule Hannover \u2013 University of Applied Sciences and Arts\",\"alternateName\":\"HsH\",\"url\":\"https:\\\/\\\/visualjournalism.de\\\/en\\\/\",\"logo\":{\"@type\":\"ImageObject\",\"inLanguage\":\"en-US\",\"@id\":\"https:\\\/\\\/visualjournalism.de\\\/en\\\/#\\\/schema\\\/logo\\\/image\\\/\",\"url\":\"https:\\\/\\\/visualjournalism.de\\\/wp-content\\\/uploads\\\/logo-hochschule-hannover.png\",\"contentUrl\":\"https:\\\/\\\/visualjournalism.de\\\/wp-content\\\/uploads\\\/logo-hochschule-hannover.png\",\"width\":363,\"height\":270,\"caption\":\"Hochschule Hannover \u2013 University of Applied Sciences and Arts\"},\"image\":{\"@id\":\"https:\\\/\\\/visualjournalism.de\\\/en\\\/#\\\/schema\\\/logo\\\/image\\\/\"},\"sameAs\":[\"https:\\\/\\\/www.facebook.com\\\/people\\\/wwwfotostudentende\\\/100065173703897\\\/\",\"https:\\\/\\\/x.com\\\/HsHannover\",\"https:\\\/\\\/www.instagram.com\\\/visualjournalism.de\\\/\"]}]}<\/script>\n<!-- \/ Yoast SEO Premium plugin. -->","yoast_head_json":{"title":"Annica-Farina Badowski &#8211; Visual Journalism and Documentary Photography","robots":{"index":"index","follow":"follow","max-snippet":"max-snippet:-1","max-image-preview":"max-image-preview:large","max-video-preview":"max-video-preview:-1"},"canonical":"https:\/\/visualjournalism.de\/en\/annica-farina-badowski\/","og_locale":"en_US","og_type":"article","og_title":"Annica-Farina Badowski","og_url":"https:\/\/visualjournalism.de\/en\/annica-farina-badowski\/","og_site_name":"Visual Journalism and Documentary Photography","article_publisher":"https:\/\/www.facebook.com\/people\/wwwfotostudentende\/100065173703897\/","article_modified_time":"2025-06-03T09:05:45+00:00","twitter_card":"summary_large_image","twitter_site":"@HsHannover","twitter_misc":{"Est. reading time":"1 minute"},"schema":{"@context":"https:\/\/schema.org","@graph":[{"@type":"WebPage","@id":"https:\/\/visualjournalism.de\/en\/annica-farina-badowski\/","url":"https:\/\/visualjournalism.de\/en\/annica-farina-badowski\/","name":"Annica-Farina Badowski &#8211; Visual Journalism and Documentary Photography","isPartOf":{"@id":"https:\/\/visualjournalism.de\/en\/#website"},"datePublished":"2024-11-25T12:17:27+00:00","dateModified":"2025-06-03T09:05:45+00:00","breadcrumb":{"@id":"https:\/\/visualjournalism.de\/en\/annica-farina-badowski\/#breadcrumb"},"inLanguage":"en-US","potentialAction":[{"@type":"ReadAction","target":["https:\/\/visualjournalism.de\/en\/annica-farina-badowski\/"]}]},{"@type":"BreadcrumbList","@id":"https:\/\/visualjournalism.de\/en\/annica-farina-badowski\/#breadcrumb","itemListElement":[{"@type":"ListItem","position":1,"name":"Home","item":"https:\/\/visualjournalism.de\/en\/"},{"@type":"ListItem","position":2,"name":"Annica-Farina Badowski"}]},{"@type":"WebSite","@id":"https:\/\/visualjournalism.de\/en\/#website","url":"https:\/\/visualjournalism.de\/en\/","name":"Visual Journalism and Documentary Photography","description":"All about the bilingual bachelor&#039;s program at Hannover University of Applied Sciences and Arts.","publisher":{"@id":"https:\/\/visualjournalism.de\/en\/#organization"},"alternateName":"visualjournalism.de","potentialAction":[{"@type":"SearchAction","target":{"@type":"EntryPoint","urlTemplate":"https:\/\/visualjournalism.de\/en\/?s={search_term_string}"},"query-input":{"@type":"PropertyValueSpecification","valueRequired":true,"valueName":"search_term_string"}}],"inLanguage":"en-US"},{"@type":"Organization","@id":"https:\/\/visualjournalism.de\/en\/#organization","name":"Hochschule Hannover \u2013 University of Applied Sciences and Arts","alternateName":"HsH","url":"https:\/\/visualjournalism.de\/en\/","logo":{"@type":"ImageObject","inLanguage":"en-US","@id":"https:\/\/visualjournalism.de\/en\/#\/schema\/logo\/image\/","url":"https:\/\/visualjournalism.de\/wp-content\/uploads\/logo-hochschule-hannover.png","contentUrl":"https:\/\/visualjournalism.de\/wp-content\/uploads\/logo-hochschule-hannover.png","width":363,"height":270,"caption":"Hochschule Hannover \u2013 University of Applied Sciences and Arts"},"image":{"@id":"https:\/\/visualjournalism.de\/en\/#\/schema\/logo\/image\/"},"sameAs":["https:\/\/www.facebook.com\/people\/wwwfotostudentende\/100065173703897\/","https:\/\/x.com\/HsHannover","https:\/\/www.instagram.com\/visualjournalism.de\/"]}]}},"_links":{"self":[{"href":"https:\/\/visualjournalism.de\/en\/wp-json\/wp\/v2\/pages\/47995","targetHints":{"allow":["GET"]}}],"collection":[{"href":"https:\/\/visualjournalism.de\/en\/wp-json\/wp\/v2\/pages"}],"about":[{"href":"https:\/\/visualjournalism.de\/en\/wp-json\/wp\/v2\/types\/page"}],"author":[{"embeddable":true,"href":"https:\/\/visualjournalism.de\/en\/wp-json\/wp\/v2\/users\/91"}],"replies":[{"embeddable":true,"href":"https:\/\/visualjournalism.de\/en\/wp-json\/wp\/v2\/comments?post=47995"}],"version-history":[{"count":0,"href":"https:\/\/visualjournalism.de\/en\/wp-json\/wp\/v2\/pages\/47995\/revisions"}],"wp:attachment":[{"href":"https:\/\/visualjournalism.de\/en\/wp-json\/wp\/v2\/media?parent=47995"}],"curies":[{"name":"wp","href":"https:\/\/api.w.org\/{rel}","templated":true}]}}