{"id":48001,"date":"2025-06-20T12:30:02","date_gmt":"2025-06-20T12:30:02","guid":{"rendered":"https:\/\/visualjournalism.de\/?page_id=48001"},"modified":"2026-04-10T10:52:59","modified_gmt":"2026-04-10T08:52:59","slug":"jan-de-vries","status":"publish","type":"page","link":"https:\/\/visualjournalism.de\/en\/jan-de-vries\/","title":{"rendered":"Jan de Vries"},"content":{"rendered":"\n \n\n    <div id=\"lead-in-block_5b1324ac2c662758e7548c19404ddc6c\" class=\"block-lead-in typo--soehne font-size--xl has-spacing--m width--default\">\n        <h1><strong>Jan de Vries<\/strong><\/h1>\n    <\/div>\n\n\n\n\n<div class=\"pinned-block has-spacing--m\">\n\t\n\n<div class=\"pinned-block__column--left\">\n    \n    <figure class=\"block-photo post__image--full has-spacing--m with-title\">\n\n        <div class=\"post__image__container\">\n            <img loading=\"lazy\" decoding=\"async\" \n                src=\"https:\/\/visualjournalism.de\/wp-content\/uploads\/2026\/01\/JDV1568-4-1400x1750.jpg\"\n                srcset=\"https:\/\/visualjournalism.de\/wp-content\/uploads\/2026\/01\/JDV1568-4-1400x1750.jpg 1400w, https:\/\/visualjournalism.de\/wp-content\/uploads\/2026\/01\/JDV1568-4-240x300.jpg 240w, https:\/\/visualjournalism.de\/wp-content\/uploads\/2026\/01\/JDV1568-4-819x1024.jpg 819w, https:\/\/visualjournalism.de\/wp-content\/uploads\/2026\/01\/JDV1568-4-768x960.jpg 768w, https:\/\/visualjournalism.de\/wp-content\/uploads\/2026\/01\/JDV1568-4-1229x1536.jpg 1229w, https:\/\/visualjournalism.de\/wp-content\/uploads\/2026\/01\/JDV1568-4-1638x2048.jpg 1638w, https:\/\/visualjournalism.de\/wp-content\/uploads\/2026\/01\/JDV1568-4-1920x2400.jpg 1920w, https:\/\/visualjournalism.de\/wp-content\/uploads\/2026\/01\/JDV1568-4-1050x1313.jpg 1050w, https:\/\/visualjournalism.de\/wp-content\/uploads\/2026\/01\/JDV1568-4-670x838.jpg 670w, https:\/\/visualjournalism.de\/wp-content\/uploads\/2026\/01\/JDV1568-4-420x525.jpg 420w, https:\/\/visualjournalism.de\/wp-content\/uploads\/2026\/01\/JDV1568-4-350x438.jpg 350w, https:\/\/visualjournalism.de\/wp-content\/uploads\/2026\/01\/JDV1568-4-300x375.jpg 300w, https:\/\/visualjournalism.de\/wp-content\/uploads\/2026\/01\/JDV1568-4-150x188.jpg 150w, https:\/\/visualjournalism.de\/wp-content\/uploads\/2026\/01\/JDV1568-4-scaled.jpg 2048w\"\n                width=\"1400\" \n                height=\"1750\"\n                alt=\"\" \n            \/>\n            \n                            <span class=\"post__image__title\">Foto: Antonia Bretschkow<\/span>\n                    <\/div><!-- post__image__container -->\n\n        \n    <\/figure><!-- post__image -->\n\n\n\n<\/div>\n\n\n<div class=\"pinned-block__column--right\">\n    \n\n<p class=\"post__paragraph is-style-typo--soehne has-spacing--default\"><strong>Jan de Vries (*2000) ist in Hannover, geboren<\/strong> und aufgewachsen. Nach dem Abitur absolvierte er ein Freiwilliges Soziales Jahr und war anschlie\u00dfend in der Kommunalpolitik t\u00e4tig. Derzeit studiert er \u201eVisual Journalism and Documentary Photography\u201c an der Hochschule Hannover.<\/p>\n\n\n\n<p class=\"post__paragraph is-style-typo--soehne has-spacing--default\">In seiner fotografischen Arbeit setzt sich Jan de Vries mit gesellschaftlich relevanten Fragestellungen auseinander. Im Mittelpunkt stehen soziale Realit\u00e4ten, Arbeitswelten sowie das Spannungsfeld zwischen individuellem Engagement und gesellschaftlichen Strukturen. Seine Projekte bewegen sich zwischen dokumentarischer Beobachtung und pers\u00f6nlicher Reflexion.<\/p>\n\n\n\n<p class=\"post__paragraph is-style-typo--soehne has-spacing--default\">Neben seiner fotografischen T\u00e4tigkeit arbeitet Jan de Vries im politischen Umfeld als Foto- und Videograf sowie im Social-Media-Management f\u00fcr den au\u00dfenpolitischen Sprecher der SPD-Bundestagsfraktion. Zudem leitet er das Wahlkreisb\u00fcro des Fraktionsvorsitzenden der SPD-Fraktion im Nieders\u00e4chsischen Landtag.<\/p>\n\n\n\n<p class=\"post__paragraph is-style-typo--soehne has-spacing--default\"><strong>Kontakt:<\/strong><br>(+49)1522 2670866<br>jandv6@icloud.com<\/p>\n\n\n<\/div>\n<\/div>\n\n\n<div class=\"devider has-spacing--none\">\n    <hr>\n<\/div>\n\n\n \n\n    <div id=\"lead-in-block_2348ee801ad8d16f7fedf9d53c4a59b6\" class=\"block-lead-in typo--default font-size--xl has-spacing--xs width--default\">\n        <h2>Jans Beitr\u00e4ge:<\/h2>\n    <\/div>\n\n\n\n\r\n<article class=\"post-teaser teaser-single--full has-spacing--m post-70430 magazin type-magazin status-publish has-post-thumbnail hentry tag-fotostrecke tag-haltung-im-journalismus tag-interview tag-marcus-boesch tag-plattformen tag-social-media tag-storytelling tag-tiktok tag-tiktok-und-journalismus tag-visueller-journalismus magazinkategorie-kritik-und-diskurs\">\r\n\t<header class=\"entry-header\">\r\n\r\n\t\t<div class=\"entry-categories\">\n\t<a class=\"post__tag\" href=\"https:\/\/visualjournalism.de\/magazin-kategorie\/kritik-und-diskurs\/\" rel=\"category tag\">Kritik und Diskurs<\/a><\/div>\r\n\t\t<a href=\"https:\/\/visualjournalism.de\/en\/magazine\/kritik-und-diskurs\/interview-marcus-boesch\/\" rel=\"bookmark\">\r\n\t\t\t<h2 class=\"entry-title\">\u00abWarum soll ich mir das jetzt anschauen?\u00bb.<\/h2>\r\n\t\t\t<p class=\"entry-excerpt\">TikTok-Forscher Marcus B\u00f6sch \u00fcber Haltung, Plattformen und die Frage, warum guter Journalismus heute noch gesehen werden soll.<\/p>\r\n\t\t<\/a>\r\n\r\n\t<\/header><!-- .entry-header -->\r\n\r\n\t<figure class=\"post__image\">\r\n\t\t<a href=\"https:\/\/visualjournalism.de\/en\/magazine\/kritik-und-diskurs\/interview-marcus-boesch\/\" rel=\"bookmark\">\r\n\t\t\t<img loading=\"lazy\" decoding=\"async\" width=\"1400\" height=\"931\" src=\"https:\/\/visualjournalism.de\/wp-content\/uploads\/2026\/03\/260329_hsh_boesch_portraets-114-1400x931.jpg\" class=\"attachment-photo-block--full size-photo-block--full\" alt=\"\" srcset=\"https:\/\/visualjournalism.de\/wp-content\/uploads\/2026\/03\/260329_hsh_boesch_portraets-114-1400x931.jpg 1400w, https:\/\/visualjournalism.de\/wp-content\/uploads\/2026\/03\/260329_hsh_boesch_portraets-114-300x200.jpg 300w, https:\/\/visualjournalism.de\/wp-content\/uploads\/2026\/03\/260329_hsh_boesch_portraets-114-1024x681.jpg 1024w, https:\/\/visualjournalism.de\/wp-content\/uploads\/2026\/03\/260329_hsh_boesch_portraets-114-768x511.jpg 768w, https:\/\/visualjournalism.de\/wp-content\/uploads\/2026\/03\/260329_hsh_boesch_portraets-114-1536x1022.jpg 1536w, https:\/\/visualjournalism.de\/wp-content\/uploads\/2026\/03\/260329_hsh_boesch_portraets-114-2048x1362.jpg 2048w, https:\/\/visualjournalism.de\/wp-content\/uploads\/2026\/03\/260329_hsh_boesch_portraets-114-1920x1277.jpg 1920w, https:\/\/visualjournalism.de\/wp-content\/uploads\/2026\/03\/260329_hsh_boesch_portraets-114-1050x698.jpg 1050w, https:\/\/visualjournalism.de\/wp-content\/uploads\/2026\/03\/260329_hsh_boesch_portraets-114-670x446.jpg 670w, https:\/\/visualjournalism.de\/wp-content\/uploads\/2026\/03\/260329_hsh_boesch_portraets-114-420x279.jpg 420w, https:\/\/visualjournalism.de\/wp-content\/uploads\/2026\/03\/260329_hsh_boesch_portraets-114-350x233.jpg 350w, https:\/\/visualjournalism.de\/wp-content\/uploads\/2026\/03\/260329_hsh_boesch_portraets-114-150x100.jpg 150w\" sizes=\"auto, (max-width: 1400px) 100vw, 1400px\" \/>\t\t<\/a>\r\n\t<\/figure><!-- .post__image -->\r\n\r\n<\/article>\r\n\n\n\n<div class=\"wp-block-group has-spacing--default has-spacing--default\">\n<div class=\"devider has-spacing--none\">\n    <hr>\n<\/div>\n\n\n \n\n    <div id=\"lead-in-block_b0e442deeb1f945f6fa2c1ae4f2450b8\" class=\"block-lead-in typo--default font-size--xl has-spacing--s width--default\">\n        <p><strong>Empfehlungen der Redaktion:<\/strong><\/p>\n    <\/div>\n\n\n\n\r\n\r\n\r\n\n\n\r\n\r\n\r\n\r\n        <div class=\"teaser-grid grid-layout--3col has-spacing--s width--inline\">\r\n\r\n            \r\n                <article class=\"post-teaser\">\r\n\r\n                    <a href=\"https:\/\/visualjournalism.de\/en\/magazine\/sammeln\/die-architektur-des-datenhandels\/\" rel=\"permalink\">\r\n\r\n                        <div class=\"post-teaser__content\">\r\n\r\n                            <span class=\"entry-categories\">Sammeln<\/span>\r\n                            <h3 class=\"post-teaser__headline\">\r\n                                Die Architektur des Datenhandels                            <\/h3>\r\n\r\n                            <div class=\"post-teaser__excerpt\">\r\n                                <p>Kaum ein System bleibt so unsichtbar und wirkt zugleich so weitreichend wie der Handel mit Nutzerdaten. Was wir anklicken, suchen oder besuchen, wird zu Signalen in einem globalen Markt, der Menschen in Kategorien einordnet und Informationen gezielt verteilt.<\/p>\r\n                            <\/div>\r\n\r\n                        <\/div><!-- .post-teaser__content -->\r\n\r\n\r\n                        \r\n                            <figure class=\"post-teaser__image\">\r\n                                <img loading=\"lazy\" decoding=\"async\"  \r\n                                    src=\"https:\/\/visualjournalism.de\/wp-content\/uploads\/24_Geiersbach-Paul_Accept-All-768x512.jpg\" \r\n                                    srcset=\"https:\/\/visualjournalism.de\/wp-content\/uploads\/24_Geiersbach-Paul_Accept-All-768x512.jpg 768w, https:\/\/visualjournalism.de\/wp-content\/uploads\/24_Geiersbach-Paul_Accept-All-300x200.jpg 300w, https:\/\/visualjournalism.de\/wp-content\/uploads\/24_Geiersbach-Paul_Accept-All-1024x682.jpg 1024w, https:\/\/visualjournalism.de\/wp-content\/uploads\/24_Geiersbach-Paul_Accept-All-1536x1024.jpg 1536w, https:\/\/visualjournalism.de\/wp-content\/uploads\/24_Geiersbach-Paul_Accept-All-1920x1280.jpg 1920w, https:\/\/visualjournalism.de\/wp-content\/uploads\/24_Geiersbach-Paul_Accept-All-1400x933.jpg 1400w, https:\/\/visualjournalism.de\/wp-content\/uploads\/24_Geiersbach-Paul_Accept-All-1050x700.jpg 1050w, https:\/\/visualjournalism.de\/wp-content\/uploads\/24_Geiersbach-Paul_Accept-All-670x447.jpg 670w, https:\/\/visualjournalism.de\/wp-content\/uploads\/24_Geiersbach-Paul_Accept-All-420x280.jpg 420w, https:\/\/visualjournalism.de\/wp-content\/uploads\/24_Geiersbach-Paul_Accept-All-350x233.jpg 350w, https:\/\/visualjournalism.de\/wp-content\/uploads\/24_Geiersbach-Paul_Accept-All-150x100.jpg 150w, https:\/\/visualjournalism.de\/wp-content\/uploads\/24_Geiersbach-Paul_Accept-All.jpg 2000w\" \r\n                                    width=\"768\"  \r\n                                    height=\"512\" \r\n                                    alt=\"eine querformatige farbige Fotografie. Eine W\u00fcstenlandschaft ist von oben fotografiert, mit einem leichten Sanh\u00fcgel. Der Sandh\u00fcgel ist in der Mitte des Bildes eingebrochen.\"\r\n                                \/>\r\n                            <\/figure>\r\n\r\n                        \r\n                    \r\n                    <\/a>\r\n\r\n                <\/article><!--- .post-teaser-->\r\n\r\n            \r\n                <article class=\"post-teaser\">\r\n\r\n                    <a href=\"https:\/\/visualjournalism.de\/en\/magazine\/ratgeber\/wie-du-deine-portraets-neu-denken-kannst\/\" rel=\"permalink\">\r\n\r\n                        <div class=\"post-teaser__content\">\r\n\r\n                            <span class=\"entry-categories\">Ratgeber<\/span>\r\n                            <h3 class=\"post-teaser__headline\">\r\n                                Portr\u00e4t-Ideen f\u00fcr st\u00e4rkere Bilder: So denkst du Portr\u00e4tfotografie neu.                            <\/h3>\r\n\r\n                            <div class=\"post-teaser__excerpt\">\r\n                                <p>Starke Portr\u00e4ts ber\u00fchren, r\u00fctteln auf, ziehen in den Bann. Mit diesen kreativen Portr\u00e4t-Ideen und Ans\u00e4tzen von Expert*innen aus der Praxis gelingt dir genau das.<\/p>\r\n                            <\/div>\r\n\r\n                        <\/div><!-- .post-teaser__content -->\r\n\r\n\r\n                        \r\n                            <figure class=\"post-teaser__image\">\r\n                                <img loading=\"lazy\" decoding=\"async\"  \r\n                                    src=\"https:\/\/visualjournalism.de\/wp-content\/uploads\/Portraits-China-Hopsen-768x674.jpg\" \r\n                                    srcset=\"https:\/\/visualjournalism.de\/wp-content\/uploads\/Portraits-China-Hopsen-768x674.jpg 768w, https:\/\/visualjournalism.de\/wp-content\/uploads\/Portraits-China-Hopsen-300x263.jpg 300w, https:\/\/visualjournalism.de\/wp-content\/uploads\/Portraits-China-Hopsen-1024x899.jpg 1024w, https:\/\/visualjournalism.de\/wp-content\/uploads\/Portraits-China-Hopsen-1536x1348.jpg 1536w, https:\/\/visualjournalism.de\/wp-content\/uploads\/Portraits-China-Hopsen-2048x1797.jpg 2048w, https:\/\/visualjournalism.de\/wp-content\/uploads\/Portraits-China-Hopsen-1920x1685.jpg 1920w, https:\/\/visualjournalism.de\/wp-content\/uploads\/Portraits-China-Hopsen-1400x1229.jpg 1400w, https:\/\/visualjournalism.de\/wp-content\/uploads\/Portraits-China-Hopsen-1050x922.jpg 1050w, https:\/\/visualjournalism.de\/wp-content\/uploads\/Portraits-China-Hopsen-670x588.jpg 670w, https:\/\/visualjournalism.de\/wp-content\/uploads\/Portraits-China-Hopsen-420x369.jpg 420w, https:\/\/visualjournalism.de\/wp-content\/uploads\/Portraits-China-Hopsen-350x307.jpg 350w, https:\/\/visualjournalism.de\/wp-content\/uploads\/Portraits-China-Hopsen-150x132.jpg 150w\" \r\n                                    width=\"768\"  \r\n                                    height=\"674\" \r\n                                    alt=\"Auswahl von 6 verschieden Porraits Abwechslung von nah und distanizert\"\r\n                                \/>\r\n                            <\/figure>\r\n\r\n                        \r\n                    \r\n                    <\/a>\r\n\r\n                <\/article><!--- .post-teaser-->\r\n\r\n            \r\n                <article class=\"post-teaser\">\r\n\r\n                    <a href=\"https:\/\/visualjournalism.de\/en\/magazine\/ratgeber\/polaroid-emulsion-grosse-kunst-mit-wenig-aufwand\/\" rel=\"permalink\">\r\n\r\n                        <div class=\"post-teaser__content\">\r\n\r\n                            <span class=\"entry-categories\">Ratgeber<\/span>\r\n                            <h3 class=\"post-teaser__headline\">\r\n                                Polaroid Emulsion Lift: Anleitung f\u00fcr kleine Kunstwerke mit wenig Aufwand.                            <\/h3>\r\n\r\n                            <div class=\"post-teaser__excerpt\">\r\n                                <p>Langweilen dich deine Bilder? Mit der Emulsion-Lift-Technik verwandelst du Polaroids mit wenig Aufwand in kleine, einzigartige Kunstwerke. Schritt f\u00fcr Schritt erkl\u00e4rt.<\/p>\r\n                            <\/div>\r\n\r\n                        <\/div><!-- .post-teaser__content -->\r\n\r\n\r\n                        \r\n                            <figure class=\"post-teaser__image\">\r\n                                <img loading=\"lazy\" decoding=\"async\"  \r\n                                    src=\"https:\/\/visualjournalism.de\/wp-content\/uploads\/DSC5126-768x768.jpg\" \r\n                                    srcset=\"https:\/\/visualjournalism.de\/wp-content\/uploads\/DSC5126-768x768.jpg 768w, https:\/\/visualjournalism.de\/wp-content\/uploads\/DSC5126-300x300.jpg 300w, https:\/\/visualjournalism.de\/wp-content\/uploads\/DSC5126-1024x1024.jpg 1024w, https:\/\/visualjournalism.de\/wp-content\/uploads\/DSC5126-150x150.jpg 150w, https:\/\/visualjournalism.de\/wp-content\/uploads\/DSC5126-1536x1536.jpg 1536w, https:\/\/visualjournalism.de\/wp-content\/uploads\/DSC5126-1400x1400.jpg 1400w, https:\/\/visualjournalism.de\/wp-content\/uploads\/DSC5126-1050x1050.jpg 1050w, https:\/\/visualjournalism.de\/wp-content\/uploads\/DSC5126-670x670.jpg 670w, https:\/\/visualjournalism.de\/wp-content\/uploads\/DSC5126-420x420.jpg 420w, https:\/\/visualjournalism.de\/wp-content\/uploads\/DSC5126-350x350.jpg 350w, https:\/\/visualjournalism.de\/wp-content\/uploads\/DSC5126-52x52.jpg 52w, https:\/\/visualjournalism.de\/wp-content\/uploads\/DSC5126-68x68.jpg 68w, https:\/\/visualjournalism.de\/wp-content\/uploads\/DSC5126-96x96.jpg 96w, https:\/\/visualjournalism.de\/wp-content\/uploads\/DSC5126.jpg 1806w\" \r\n                                    width=\"768\"  \r\n                                    height=\"768\" \r\n                                    alt=\"\"\r\n                                \/>\r\n                            <\/figure>\r\n\r\n                        \r\n                    \r\n                    <\/a>\r\n\r\n                <\/article><!--- .post-teaser-->\r\n\r\n            \r\n        <\/div><!-- .teaser-grid -->\r\n\r\n\n\n\r\n\r\n\r\n\n\n\n    <div class=\"btn-wrapper has-spacing--m\">\n        <a class=\"btn\" href=\"https:\/\/visualjournalism.de\/magazin\/\" target=\"_blank\">ZUR MAGAZIN-STARTSEITE<\/a>\n    <\/div>\n<\/div>\n","protected":false},"excerpt":{"rendered":"","protected":false},"author":95,"featured_media":68542,"parent":0,"menu_order":0,"comment_status":"closed","ping_status":"closed","template":"","meta":{"_acf_changed":false,"footnotes":""},"class_list":["post-48001","page","type-page","status-publish","has-post-thumbnail","hentry"],"acf":[],"yoast_head":"<!-- This site is optimized with the Yoast SEO Premium plugin v27.7 (Yoast SEO v27.7) - https:\/\/yoast.com\/product\/yoast-seo-premium-wordpress\/ -->\n<title>Jan de Vries &#8211; Visual Journalism and Documentary Photography<\/title>\n<meta name=\"description\" content=\"Jan de Vries setzt sich in seinen fotografischen Arbeiten mit politischen und gesellschaftlichen Themen auseinander.\" \/>\n<meta name=\"robots\" content=\"index, follow, max-snippet:-1, max-image-preview:large, max-video-preview:-1\" \/>\n<link rel=\"canonical\" href=\"https:\/\/visualjournalism.de\/en\/jan-de-vries\/\" \/>\n<meta property=\"og:locale\" content=\"en_US\" \/>\n<meta property=\"og:type\" content=\"article\" \/>\n<meta property=\"og:title\" content=\"Jan de Vries\" \/>\n<meta property=\"og:description\" content=\"Jan de Vries setzt sich in seinen fotografischen Arbeiten mit politischen und gesellschaftlichen Themen auseinander.\" \/>\n<meta property=\"og:url\" content=\"https:\/\/visualjournalism.de\/en\/jan-de-vries\/\" \/>\n<meta property=\"og:site_name\" content=\"Visual Journalism and Documentary Photography\" \/>\n<meta property=\"article:publisher\" content=\"https:\/\/www.facebook.com\/people\/wwwfotostudentende\/100065173703897\/\" \/>\n<meta property=\"article:modified_time\" content=\"2026-04-10T08:52:59+00:00\" \/>\n<meta property=\"og:image\" content=\"https:\/\/visualjournalism.de\/wp-content\/uploads\/2026\/01\/JDV1568-4-scaled.jpg\" \/>\n\t<meta property=\"og:image:width\" content=\"2048\" \/>\n\t<meta property=\"og:image:height\" content=\"2560\" \/>\n\t<meta property=\"og:image:type\" content=\"image\/jpeg\" \/>\n<meta name=\"twitter:card\" content=\"summary_large_image\" \/>\n<meta name=\"twitter:site\" content=\"@HsHannover\" \/>\n<meta name=\"twitter:label1\" content=\"Est. reading time\" \/>\n\t<meta name=\"twitter:data1\" content=\"1 minute\" \/>\n<script type=\"application\/ld+json\" class=\"yoast-schema-graph\">{\"@context\":\"https:\\\/\\\/schema.org\",\"@graph\":[{\"@type\":\"WebPage\",\"@id\":\"https:\\\/\\\/visualjournalism.de\\\/en\\\/jan-de-vries\\\/\",\"url\":\"https:\\\/\\\/visualjournalism.de\\\/en\\\/jan-de-vries\\\/\",\"name\":\"Jan de Vries &#8211; Visual Journalism and Documentary Photography\",\"isPartOf\":{\"@id\":\"https:\\\/\\\/visualjournalism.de\\\/en\\\/#website\"},\"primaryImageOfPage\":{\"@id\":\"https:\\\/\\\/visualjournalism.de\\\/en\\\/jan-de-vries\\\/#primaryimage\"},\"image\":{\"@id\":\"https:\\\/\\\/visualjournalism.de\\\/en\\\/jan-de-vries\\\/#primaryimage\"},\"thumbnailUrl\":\"https:\\\/\\\/visualjournalism.de\\\/wp-content\\\/uploads\\\/2026\\\/01\\\/JDV1568-4-scaled.jpg\",\"datePublished\":\"2025-06-20T12:30:02+00:00\",\"dateModified\":\"2026-04-10T08:52:59+00:00\",\"description\":\"Jan de Vries setzt sich in seinen fotografischen Arbeiten mit politischen und gesellschaftlichen Themen auseinander.\",\"breadcrumb\":{\"@id\":\"https:\\\/\\\/visualjournalism.de\\\/en\\\/jan-de-vries\\\/#breadcrumb\"},\"inLanguage\":\"en-US\",\"potentialAction\":[{\"@type\":\"ReadAction\",\"target\":[\"https:\\\/\\\/visualjournalism.de\\\/en\\\/jan-de-vries\\\/\"]}]},{\"@type\":\"ImageObject\",\"inLanguage\":\"en-US\",\"@id\":\"https:\\\/\\\/visualjournalism.de\\\/en\\\/jan-de-vries\\\/#primaryimage\",\"url\":\"https:\\\/\\\/visualjournalism.de\\\/wp-content\\\/uploads\\\/2026\\\/01\\\/JDV1568-4-scaled.jpg\",\"contentUrl\":\"https:\\\/\\\/visualjournalism.de\\\/wp-content\\\/uploads\\\/2026\\\/01\\\/JDV1568-4-scaled.jpg\",\"width\":2048,\"height\":2560,\"caption\":\"Foto: Antonia Bretschkow\"},{\"@type\":\"BreadcrumbList\",\"@id\":\"https:\\\/\\\/visualjournalism.de\\\/en\\\/jan-de-vries\\\/#breadcrumb\",\"itemListElement\":[{\"@type\":\"ListItem\",\"position\":1,\"name\":\"Home\",\"item\":\"https:\\\/\\\/visualjournalism.de\\\/en\\\/\"},{\"@type\":\"ListItem\",\"position\":2,\"name\":\"Jan de Vries\"}]},{\"@type\":\"WebSite\",\"@id\":\"https:\\\/\\\/visualjournalism.de\\\/en\\\/#website\",\"url\":\"https:\\\/\\\/visualjournalism.de\\\/en\\\/\",\"name\":\"Visual Journalism and Documentary Photography\",\"description\":\"All about the bilingual bachelor&#039;s program at Hannover University of Applied Sciences and Arts.\",\"publisher\":{\"@id\":\"https:\\\/\\\/visualjournalism.de\\\/en\\\/#organization\"},\"alternateName\":\"visualjournalism.de\",\"potentialAction\":[{\"@type\":\"SearchAction\",\"target\":{\"@type\":\"EntryPoint\",\"urlTemplate\":\"https:\\\/\\\/visualjournalism.de\\\/en\\\/?s={search_term_string}\"},\"query-input\":{\"@type\":\"PropertyValueSpecification\",\"valueRequired\":true,\"valueName\":\"search_term_string\"}}],\"inLanguage\":\"en-US\"},{\"@type\":\"Organization\",\"@id\":\"https:\\\/\\\/visualjournalism.de\\\/en\\\/#organization\",\"name\":\"Hochschule Hannover \u2013 University of Applied Sciences and Arts\",\"alternateName\":\"HsH\",\"url\":\"https:\\\/\\\/visualjournalism.de\\\/en\\\/\",\"logo\":{\"@type\":\"ImageObject\",\"inLanguage\":\"en-US\",\"@id\":\"https:\\\/\\\/visualjournalism.de\\\/en\\\/#\\\/schema\\\/logo\\\/image\\\/\",\"url\":\"https:\\\/\\\/visualjournalism.de\\\/wp-content\\\/uploads\\\/logo-hochschule-hannover.png\",\"contentUrl\":\"https:\\\/\\\/visualjournalism.de\\\/wp-content\\\/uploads\\\/logo-hochschule-hannover.png\",\"width\":363,\"height\":270,\"caption\":\"Hochschule Hannover \u2013 University of Applied Sciences and Arts\"},\"image\":{\"@id\":\"https:\\\/\\\/visualjournalism.de\\\/en\\\/#\\\/schema\\\/logo\\\/image\\\/\"},\"sameAs\":[\"https:\\\/\\\/www.facebook.com\\\/people\\\/wwwfotostudentende\\\/100065173703897\\\/\",\"https:\\\/\\\/x.com\\\/HsHannover\",\"https:\\\/\\\/www.instagram.com\\\/visualjournalism.de\\\/\"]}]}<\/script>\n<!-- \/ Yoast SEO Premium plugin. -->","yoast_head_json":{"title":"Jan de Vries &#8211; Visual Journalism and Documentary Photography","description":"Jan de Vries setzt sich in seinen fotografischen Arbeiten mit politischen und gesellschaftlichen Themen auseinander.","robots":{"index":"index","follow":"follow","max-snippet":"max-snippet:-1","max-image-preview":"max-image-preview:large","max-video-preview":"max-video-preview:-1"},"canonical":"https:\/\/visualjournalism.de\/en\/jan-de-vries\/","og_locale":"en_US","og_type":"article","og_title":"Jan de Vries","og_description":"Jan de Vries setzt sich in seinen fotografischen Arbeiten mit politischen und gesellschaftlichen Themen auseinander.","og_url":"https:\/\/visualjournalism.de\/en\/jan-de-vries\/","og_site_name":"Visual Journalism and Documentary Photography","article_publisher":"https:\/\/www.facebook.com\/people\/wwwfotostudentende\/100065173703897\/","article_modified_time":"2026-04-10T08:52:59+00:00","og_image":[{"width":2048,"height":2560,"url":"https:\/\/visualjournalism.de\/wp-content\/uploads\/2026\/01\/JDV1568-4-scaled.jpg","type":"image\/jpeg"}],"twitter_card":"summary_large_image","twitter_site":"@HsHannover","twitter_misc":{"Est. reading time":"1 minute"},"schema":{"@context":"https:\/\/schema.org","@graph":[{"@type":"WebPage","@id":"https:\/\/visualjournalism.de\/en\/jan-de-vries\/","url":"https:\/\/visualjournalism.de\/en\/jan-de-vries\/","name":"Jan de Vries &#8211; Visual Journalism and Documentary Photography","isPartOf":{"@id":"https:\/\/visualjournalism.de\/en\/#website"},"primaryImageOfPage":{"@id":"https:\/\/visualjournalism.de\/en\/jan-de-vries\/#primaryimage"},"image":{"@id":"https:\/\/visualjournalism.de\/en\/jan-de-vries\/#primaryimage"},"thumbnailUrl":"https:\/\/visualjournalism.de\/wp-content\/uploads\/2026\/01\/JDV1568-4-scaled.jpg","datePublished":"2025-06-20T12:30:02+00:00","dateModified":"2026-04-10T08:52:59+00:00","description":"Jan de Vries setzt sich in seinen fotografischen Arbeiten mit politischen und gesellschaftlichen Themen auseinander.","breadcrumb":{"@id":"https:\/\/visualjournalism.de\/en\/jan-de-vries\/#breadcrumb"},"inLanguage":"en-US","potentialAction":[{"@type":"ReadAction","target":["https:\/\/visualjournalism.de\/en\/jan-de-vries\/"]}]},{"@type":"ImageObject","inLanguage":"en-US","@id":"https:\/\/visualjournalism.de\/en\/jan-de-vries\/#primaryimage","url":"https:\/\/visualjournalism.de\/wp-content\/uploads\/2026\/01\/JDV1568-4-scaled.jpg","contentUrl":"https:\/\/visualjournalism.de\/wp-content\/uploads\/2026\/01\/JDV1568-4-scaled.jpg","width":2048,"height":2560,"caption":"Foto: Antonia Bretschkow"},{"@type":"BreadcrumbList","@id":"https:\/\/visualjournalism.de\/en\/jan-de-vries\/#breadcrumb","itemListElement":[{"@type":"ListItem","position":1,"name":"Home","item":"https:\/\/visualjournalism.de\/en\/"},{"@type":"ListItem","position":2,"name":"Jan de Vries"}]},{"@type":"WebSite","@id":"https:\/\/visualjournalism.de\/en\/#website","url":"https:\/\/visualjournalism.de\/en\/","name":"Visual Journalism and Documentary Photography","description":"All about the bilingual bachelor&#039;s program at Hannover University of Applied Sciences and Arts.","publisher":{"@id":"https:\/\/visualjournalism.de\/en\/#organization"},"alternateName":"visualjournalism.de","potentialAction":[{"@type":"SearchAction","target":{"@type":"EntryPoint","urlTemplate":"https:\/\/visualjournalism.de\/en\/?s={search_term_string}"},"query-input":{"@type":"PropertyValueSpecification","valueRequired":true,"valueName":"search_term_string"}}],"inLanguage":"en-US"},{"@type":"Organization","@id":"https:\/\/visualjournalism.de\/en\/#organization","name":"Hochschule Hannover \u2013 University of Applied Sciences and Arts","alternateName":"HsH","url":"https:\/\/visualjournalism.de\/en\/","logo":{"@type":"ImageObject","inLanguage":"en-US","@id":"https:\/\/visualjournalism.de\/en\/#\/schema\/logo\/image\/","url":"https:\/\/visualjournalism.de\/wp-content\/uploads\/logo-hochschule-hannover.png","contentUrl":"https:\/\/visualjournalism.de\/wp-content\/uploads\/logo-hochschule-hannover.png","width":363,"height":270,"caption":"Hochschule Hannover \u2013 University of Applied Sciences and Arts"},"image":{"@id":"https:\/\/visualjournalism.de\/en\/#\/schema\/logo\/image\/"},"sameAs":["https:\/\/www.facebook.com\/people\/wwwfotostudentende\/100065173703897\/","https:\/\/x.com\/HsHannover","https:\/\/www.instagram.com\/visualjournalism.de\/"]}]}},"_links":{"self":[{"href":"https:\/\/visualjournalism.de\/en\/wp-json\/wp\/v2\/pages\/48001","targetHints":{"allow":["GET"]}}],"collection":[{"href":"https:\/\/visualjournalism.de\/en\/wp-json\/wp\/v2\/pages"}],"about":[{"href":"https:\/\/visualjournalism.de\/en\/wp-json\/wp\/v2\/types\/page"}],"author":[{"embeddable":true,"href":"https:\/\/visualjournalism.de\/en\/wp-json\/wp\/v2\/users\/95"}],"replies":[{"embeddable":true,"href":"https:\/\/visualjournalism.de\/en\/wp-json\/wp\/v2\/comments?post=48001"}],"version-history":[{"count":3,"href":"https:\/\/visualjournalism.de\/en\/wp-json\/wp\/v2\/pages\/48001\/revisions"}],"predecessor-version":[{"id":70606,"href":"https:\/\/visualjournalism.de\/en\/wp-json\/wp\/v2\/pages\/48001\/revisions\/70606"}],"wp:featuredmedia":[{"embeddable":true,"href":"https:\/\/visualjournalism.de\/en\/wp-json\/wp\/v2\/media\/68542"}],"wp:attachment":[{"href":"https:\/\/visualjournalism.de\/en\/wp-json\/wp\/v2\/media?parent=48001"}],"curies":[{"name":"wp","href":"https:\/\/api.w.org\/{rel}","templated":true}]}}