{"id":51917,"date":"2024-12-02T11:49:30","date_gmt":"2024-12-02T11:49:30","guid":{"rendered":"https:\/\/visualjournalism.de\/?page_id=51917"},"modified":"2025-03-06T10:20:55","modified_gmt":"2025-03-06T10:20:55","slug":"emma-jacob","status":"publish","type":"page","link":"https:\/\/visualjournalism.de\/en\/emma-jacob\/","title":{"rendered":"Emma Jacob"},"content":{"rendered":"\n \n\n    <div id=\"lead-in-block_4bdff90871e7b868ac342796b1bdd7bb\" class=\"block-lead-in typo--default font-size--xl has-spacing--m width--default\">\n        <h1><strong>Emma Jacob<\/strong><\/h1>\n    <\/div>\n\n\n\n\n<div class=\"pinned-block has-spacing--xs\">\n\t\n\n<div class=\"pinned-block__column--left\">\n    \n    <figure class=\"block-photo post__image--full has-spacing--m no-title\">\n\n        <div class=\"post__image__container\">\n            <img loading=\"lazy\" decoding=\"async\" \n                src=\"https:\/\/visualjournalism.de\/wp-content\/uploads\/Emma-Jacob.jpg\"\n                srcset=\"https:\/\/visualjournalism.de\/wp-content\/uploads\/Emma-Jacob.jpg 939w, https:\/\/visualjournalism.de\/wp-content\/uploads\/Emma-Jacob-235x300.jpg 235w, https:\/\/visualjournalism.de\/wp-content\/uploads\/Emma-Jacob-801x1024.jpg 801w, https:\/\/visualjournalism.de\/wp-content\/uploads\/Emma-Jacob-768x981.jpg 768w, https:\/\/visualjournalism.de\/wp-content\/uploads\/Emma-Jacob-670x856.jpg 670w, https:\/\/visualjournalism.de\/wp-content\/uploads\/Emma-Jacob-420x537.jpg 420w, https:\/\/visualjournalism.de\/wp-content\/uploads\/Emma-Jacob-350x447.jpg 350w, https:\/\/visualjournalism.de\/wp-content\/uploads\/Emma-Jacob-300x383.jpg 300w, https:\/\/visualjournalism.de\/wp-content\/uploads\/Emma-Jacob-150x192.jpg 150w\"\n                width=\"939\" \n                height=\"1200\"\n                alt=\"\" \n            \/>\n            \n                    <\/div><!-- post__image__container -->\n\n        \n    <\/figure><!-- post__image -->\n\n\n\n<\/div>\n\n\n<div class=\"pinned-block__column--right\">\n    \n\n<p class=\"post__paragraph is-style-typo--soehne has-spacing--default\"><strong>Emma Jacob <\/strong>(2004) studiert seit dem Wintersemester 2024 Journalistik an der Hochschule Hannover. Schon in der Schulzeit wurde ihr Interesse an journalistischen Themen geweckt. Nach dem Abitur absolvierte sie ein Freiwilliges \u00d6kologisches Jahr beim Jugendumweltnetzwerk JANUN und ein Praktikum beim H\u00f6rfunksender Antenne Niedersachsen.&nbsp;<\/p>\n\n\n\n<p class=\"post__paragraph is-style-typo--soehne has-spacing--none\">Am liebsten besch\u00e4ftigt sie sich mit Themen rund um die&nbsp;Politik, der Umwelt und unserer Gesellschaft. In einer Welt voller Informations\u00fcberfluss will sie einen Beitrag zu einer informierten, offenen und kritischen Gesellschaft leisten.&nbsp;<\/p>\n\n\n<\/div>\n<\/div>\n\n\n<div class=\"devider has-spacing--none\">\n    <hr>\n<\/div>\n\n\n \n\n    <div id=\"lead-in-block_7e59200f5a4712633b2896cf02cabf61\" class=\"block-lead-in typo--default font-size--xl has-spacing--s width--default\">\n        <h2>Emmas Beitr\u00e4ge:<\/h2>\n    <\/div>\n\n\n\n\r\n<article class=\"post-teaser teaser-single--full has-spacing--m post-50410 magazin type-magazin status-publish has-post-thumbnail hentry magazinkategorie-arbeit\">\r\n\t<header class=\"entry-header\">\r\n\r\n\t\t<div class=\"entry-categories\">\n\t<a class=\"post__tag\" href=\"https:\/\/visualjournalism.de\/magazin-kategorie\/arbeit\/\" rel=\"category tag\">Arbeit<\/a><\/div>\r\n\t\t<a href=\"https:\/\/visualjournalism.de\/en\/magazine\/arbeit\/mind-the-gap-diskriminierung-am-arbeitsplatz\/\" rel=\"bookmark\">\r\n\t\t\t<h2 class=\"entry-title\">Mind the Gap.<\/h2>\r\n\t\t\t<p class=\"entry-excerpt\">Eine ZDF-Journalistin deckt auf: Ihre m\u00e4nnlichen Kollegen verdienen 800 Euro mehr. Was tun, damit Gleichbehandlung nicht nur Theorie bleibt?<\/p>\r\n\t\t<\/a>\r\n\r\n\t<\/header><!-- .entry-header -->\r\n\r\n\t<figure class=\"post__image\">\r\n\t\t<a href=\"https:\/\/visualjournalism.de\/en\/magazine\/arbeit\/mind-the-gap-diskriminierung-am-arbeitsplatz\/\" rel=\"bookmark\">\r\n\t\t\t<img loading=\"lazy\" decoding=\"async\" width=\"1400\" height=\"1120\" src=\"https:\/\/visualjournalism.de\/wp-content\/uploads\/genderpaygab_final_\u00a9jonathanfunk_salomeziermann-1400x1120.jpg\" class=\"attachment-photo-block--full size-photo-block--full\" alt=\"Zwei H\u00e4nde rei\u00dfen ein Loch in ein pinkes Papier, dahinter sind gestapelte M\u00fcnzen sichtbar \u2013 symbolische Darstellung des Gender Pay Gaps und finanzieller Ungleichheit.\" srcset=\"https:\/\/visualjournalism.de\/wp-content\/uploads\/genderpaygab_final_\u00a9jonathanfunk_salomeziermann-1400x1120.jpg 1400w, https:\/\/visualjournalism.de\/wp-content\/uploads\/genderpaygab_final_\u00a9jonathanfunk_salomeziermann-300x240.jpg 300w, https:\/\/visualjournalism.de\/wp-content\/uploads\/genderpaygab_final_\u00a9jonathanfunk_salomeziermann-1024x819.jpg 1024w, https:\/\/visualjournalism.de\/wp-content\/uploads\/genderpaygab_final_\u00a9jonathanfunk_salomeziermann-768x614.jpg 768w, https:\/\/visualjournalism.de\/wp-content\/uploads\/genderpaygab_final_\u00a9jonathanfunk_salomeziermann-1536x1229.jpg 1536w, https:\/\/visualjournalism.de\/wp-content\/uploads\/genderpaygab_final_\u00a9jonathanfunk_salomeziermann-1920x1536.jpg 1920w, https:\/\/visualjournalism.de\/wp-content\/uploads\/genderpaygab_final_\u00a9jonathanfunk_salomeziermann-1050x840.jpg 1050w, https:\/\/visualjournalism.de\/wp-content\/uploads\/genderpaygab_final_\u00a9jonathanfunk_salomeziermann-670x536.jpg 670w, https:\/\/visualjournalism.de\/wp-content\/uploads\/genderpaygab_final_\u00a9jonathanfunk_salomeziermann-420x336.jpg 420w, https:\/\/visualjournalism.de\/wp-content\/uploads\/genderpaygab_final_\u00a9jonathanfunk_salomeziermann-350x280.jpg 350w, https:\/\/visualjournalism.de\/wp-content\/uploads\/genderpaygab_final_\u00a9jonathanfunk_salomeziermann-150x120.jpg 150w, https:\/\/visualjournalism.de\/wp-content\/uploads\/genderpaygab_final_\u00a9jonathanfunk_salomeziermann.jpg 2048w\" sizes=\"auto, (max-width: 1400px) 100vw, 1400px\" \/>\t\t<\/a>\r\n\t<\/figure><!-- .post__image -->\r\n\r\n<\/article>\r\n\n\n\n<div class=\"wp-block-group has-spacing--default has-spacing--default\">\n<div class=\"devider has-spacing--none\">\n    <hr>\n<\/div>\n\n\n \n\n    <div id=\"lead-in-block_654bc486627c9de413d1bff4fa9dac20\" class=\"block-lead-in typo--default font-size--xl has-spacing--s width--default\">\n        <p><strong>Empfehlungen der Redaktion:<\/strong><\/p>\n    <\/div>\n\n\n\n\r\n\r\n\r\n\n\n\r\n\r\n\r\n\r\n        <div class=\"teaser-grid grid-layout--3col has-spacing--s width--inline\">\r\n\r\n            \r\n                <article class=\"post-teaser\">\r\n\r\n                    <a href=\"https:\/\/visualjournalism.de\/en\/magazine\/sammeln\/bibliothek-der-geretteten-buecher\/\" rel=\"permalink\">\r\n\r\n                        <div class=\"post-teaser__content\">\r\n\r\n                            <span class=\"entry-categories\">Sammeln<\/span>\r\n                            <h3 class=\"post-teaser__headline\">\r\n                                Bibliothek der geretteten B\u00fccher                            <\/h3>\r\n\r\n                            <div class=\"post-teaser__excerpt\">\r\n                                <p>Wie ein Pfarrer aus Niedersachsen Tausende DDR-B\u00fccher vor der Vernichtung rettete \u2013 und warum eines davon eine entscheidende technische Spur f\u00fcr die Forschung im All lieferte.<\/p>\r\n                            <\/div>\r\n\r\n                        <\/div><!-- .post-teaser__content -->\r\n\r\n\r\n                        \r\n                            <figure class=\"post-teaser__image\">\r\n                                <img loading=\"lazy\" decoding=\"async\"  \r\n                                    src=\"https:\/\/visualjournalism.de\/wp-content\/uploads\/MuellerVahl_Thomas_Sammeln-04-768x511.jpg\" \r\n                                    srcset=\"https:\/\/visualjournalism.de\/wp-content\/uploads\/MuellerVahl_Thomas_Sammeln-04-768x511.jpg 768w, https:\/\/visualjournalism.de\/wp-content\/uploads\/MuellerVahl_Thomas_Sammeln-04-300x200.jpg 300w, https:\/\/visualjournalism.de\/wp-content\/uploads\/MuellerVahl_Thomas_Sammeln-04-1024x681.jpg 1024w, https:\/\/visualjournalism.de\/wp-content\/uploads\/MuellerVahl_Thomas_Sammeln-04-1536x1022.jpg 1536w, https:\/\/visualjournalism.de\/wp-content\/uploads\/MuellerVahl_Thomas_Sammeln-04-2048x1363.jpg 2048w, https:\/\/visualjournalism.de\/wp-content\/uploads\/MuellerVahl_Thomas_Sammeln-04-1920x1277.jpg 1920w, https:\/\/visualjournalism.de\/wp-content\/uploads\/MuellerVahl_Thomas_Sammeln-04-1400x931.jpg 1400w, https:\/\/visualjournalism.de\/wp-content\/uploads\/MuellerVahl_Thomas_Sammeln-04-1050x699.jpg 1050w, https:\/\/visualjournalism.de\/wp-content\/uploads\/MuellerVahl_Thomas_Sammeln-04-670x446.jpg 670w, https:\/\/visualjournalism.de\/wp-content\/uploads\/MuellerVahl_Thomas_Sammeln-04-420x279.jpg 420w, https:\/\/visualjournalism.de\/wp-content\/uploads\/MuellerVahl_Thomas_Sammeln-04-350x233.jpg 350w, https:\/\/visualjournalism.de\/wp-content\/uploads\/MuellerVahl_Thomas_Sammeln-04-150x100.jpg 150w\" \r\n                                    width=\"768\"  \r\n                                    height=\"511\" \r\n                                    alt=\"\"\r\n                                \/>\r\n                            <\/figure>\r\n\r\n                        \r\n                    \r\n                    <\/a>\r\n\r\n                <\/article><!--- .post-teaser-->\r\n\r\n            \r\n                <article class=\"post-teaser\">\r\n\r\n                    <a href=\"https:\/\/visualjournalism.de\/en\/magazine\/ratgeber\/hannover-deshalb-lohnt-sich-ein-studium-hier\/\" rel=\"permalink\">\r\n\r\n                        <div class=\"post-teaser__content\">\r\n\r\n                            <span class=\"entry-categories\">Ratgeber<\/span>\r\n                            <h3 class=\"post-teaser__headline\">\r\n                                Hannover aufregend unaufgeregt.                            <\/h3>\r\n\r\n                            <div class=\"post-teaser__excerpt\">\r\n                                <p>In diesem Kommentar erf\u00e4hrst du, warum sich ein Studium in Hannover f\u00fcr dich lohnt und wie der beste Start in Niedersachsens Landeshauptstadt gelingen kann.<\/p>\r\n                            <\/div>\r\n\r\n                        <\/div><!-- .post-teaser__content -->\r\n\r\n\r\n                        \r\n                            <figure class=\"post-teaser__image\">\r\n                                <img loading=\"lazy\" decoding=\"async\"  \r\n                                    src=\"https:\/\/visualjournalism.de\/wp-content\/uploads\/2025\/02\/hannover_unaufgeregt_aufgeregt-2-768x491.jpg\" \r\n                                    srcset=\"https:\/\/visualjournalism.de\/wp-content\/uploads\/2025\/02\/hannover_unaufgeregt_aufgeregt-2-768x491.jpg 768w, https:\/\/visualjournalism.de\/wp-content\/uploads\/2025\/02\/hannover_unaufgeregt_aufgeregt-2-300x192.jpg 300w, https:\/\/visualjournalism.de\/wp-content\/uploads\/2025\/02\/hannover_unaufgeregt_aufgeregt-2-1024x655.jpg 1024w, https:\/\/visualjournalism.de\/wp-content\/uploads\/2025\/02\/hannover_unaufgeregt_aufgeregt-2-1536x982.jpg 1536w, https:\/\/visualjournalism.de\/wp-content\/uploads\/2025\/02\/hannover_unaufgeregt_aufgeregt-2-2048x1310.jpg 2048w, https:\/\/visualjournalism.de\/wp-content\/uploads\/2025\/02\/hannover_unaufgeregt_aufgeregt-2-1920x1228.jpg 1920w, https:\/\/visualjournalism.de\/wp-content\/uploads\/2025\/02\/hannover_unaufgeregt_aufgeregt-2-1400x895.jpg 1400w, https:\/\/visualjournalism.de\/wp-content\/uploads\/2025\/02\/hannover_unaufgeregt_aufgeregt-2-1050x671.jpg 1050w, https:\/\/visualjournalism.de\/wp-content\/uploads\/2025\/02\/hannover_unaufgeregt_aufgeregt-2-670x428.jpg 670w, https:\/\/visualjournalism.de\/wp-content\/uploads\/2025\/02\/hannover_unaufgeregt_aufgeregt-2-420x269.jpg 420w, https:\/\/visualjournalism.de\/wp-content\/uploads\/2025\/02\/hannover_unaufgeregt_aufgeregt-2-350x224.jpg 350w, https:\/\/visualjournalism.de\/wp-content\/uploads\/2025\/02\/hannover_unaufgeregt_aufgeregt-2-150x96.jpg 150w\" \r\n                                    width=\"768\"  \r\n                                    height=\"491\" \r\n                                    alt=\"\"\r\n                                \/>\r\n                            <\/figure>\r\n\r\n                        \r\n                    \r\n                    <\/a>\r\n\r\n                <\/article><!--- .post-teaser-->\r\n\r\n            \r\n                <article class=\"post-teaser\">\r\n\r\n                    <a href=\"https:\/\/visualjournalism.de\/en\/magazine\/sammeln\/von-ausbeutung-und-musikalischem-erbe\/\" rel=\"permalink\">\r\n\r\n                        <div class=\"post-teaser__content\">\r\n\r\n                            <span class=\"entry-categories\">Sammeln<\/span>\r\n                            <h3 class=\"post-teaser__headline\">\r\n                                Von Ausbeutung und musikalischem Erbe                            <\/h3>\r\n\r\n                            <div class=\"post-teaser__excerpt\">\r\n                                <p>Was bedeutet kulturelle Verantwortung im Musikgesch\u00e4ft? Das Berliner Label Habibi Funk gibt vergessener Musik eine B\u00fchne und zeigt, warum zu gutem Sound auch Haltung geh\u00f6rt. <\/p>\r\n                            <\/div>\r\n\r\n                        <\/div><!-- .post-teaser__content -->\r\n\r\n\r\n                        \r\n                            <figure class=\"post-teaser__image\">\r\n                                <img loading=\"lazy\" decoding=\"async\"  \r\n                                    src=\"https:\/\/visualjournalism.de\/wp-content\/uploads\/DSC04407-768x512.jpg\" \r\n                                    srcset=\"https:\/\/visualjournalism.de\/wp-content\/uploads\/DSC04407-768x512.jpg 768w, https:\/\/visualjournalism.de\/wp-content\/uploads\/DSC04407-300x200.jpg 300w, https:\/\/visualjournalism.de\/wp-content\/uploads\/DSC04407-1024x683.jpg 1024w, https:\/\/visualjournalism.de\/wp-content\/uploads\/DSC04407-1536x1024.jpg 1536w, https:\/\/visualjournalism.de\/wp-content\/uploads\/DSC04407-2048x1365.jpg 2048w, https:\/\/visualjournalism.de\/wp-content\/uploads\/DSC04407-1920x1280.jpg 1920w, https:\/\/visualjournalism.de\/wp-content\/uploads\/DSC04407-1400x933.jpg 1400w, https:\/\/visualjournalism.de\/wp-content\/uploads\/DSC04407-1050x700.jpg 1050w, https:\/\/visualjournalism.de\/wp-content\/uploads\/DSC04407-670x447.jpg 670w, https:\/\/visualjournalism.de\/wp-content\/uploads\/DSC04407-420x280.jpg 420w, https:\/\/visualjournalism.de\/wp-content\/uploads\/DSC04407-350x233.jpg 350w, https:\/\/visualjournalism.de\/wp-content\/uploads\/DSC04407-150x100.jpg 150w\" \r\n                                    width=\"768\"  \r\n                                    height=\"512\" \r\n                                    alt=\"\"\r\n                                \/>\r\n                            <\/figure>\r\n\r\n                        \r\n                    \r\n                    <\/a>\r\n\r\n                <\/article><!--- .post-teaser-->\r\n\r\n            \r\n        <\/div><!-- .teaser-grid -->\r\n\r\n\n\n\r\n\r\n\r\n\n\n\n    <div class=\"btn-wrapper has-spacing--m\">\n        <a class=\"btn\" href=\"https:\/\/visualjournalism.de\/magazin\/\" target=\"_blank\">ZUR MAGAZIN-STARTSEITE<\/a>\n    <\/div>\n<\/div>\n","protected":false},"excerpt":{"rendered":"","protected":false},"author":12,"featured_media":51918,"parent":0,"menu_order":0,"comment_status":"closed","ping_status":"closed","template":"","meta":{"_acf_changed":false,"footnotes":""},"class_list":["post-51917","page","type-page","status-publish","has-post-thumbnail","hentry"],"acf":[],"yoast_head":"<!-- This site is optimized with the Yoast SEO Premium plugin v27.3 (Yoast SEO v27.3) - https:\/\/yoast.com\/product\/yoast-seo-premium-wordpress\/ -->\n<title>Emma Jacob &#8211; Visual Journalism and Documentary Photography<\/title>\n<meta name=\"robots\" content=\"index, follow, max-snippet:-1, max-image-preview:large, max-video-preview:-1\" \/>\n<link rel=\"canonical\" href=\"https:\/\/visualjournalism.de\/en\/emma-jacob\/\" \/>\n<meta property=\"og:locale\" content=\"en_US\" \/>\n<meta property=\"og:type\" content=\"article\" \/>\n<meta property=\"og:title\" content=\"Emma Jacob\" \/>\n<meta property=\"og:url\" content=\"https:\/\/visualjournalism.de\/en\/emma-jacob\/\" \/>\n<meta property=\"og:site_name\" content=\"Visual Journalism and Documentary Photography\" \/>\n<meta property=\"article:publisher\" content=\"https:\/\/www.facebook.com\/people\/wwwfotostudentende\/100065173703897\/\" \/>\n<meta property=\"article:modified_time\" content=\"2025-03-06T10:20:55+00:00\" \/>\n<meta property=\"og:image\" content=\"https:\/\/visualjournalism.de\/wp-content\/uploads\/Emma-Jacob.jpg\" \/>\n\t<meta property=\"og:image:width\" content=\"939\" \/>\n\t<meta property=\"og:image:height\" content=\"1200\" \/>\n\t<meta property=\"og:image:type\" content=\"image\/jpeg\" \/>\n<meta name=\"twitter:card\" content=\"summary_large_image\" \/>\n<meta name=\"twitter:site\" content=\"@HsHannover\" \/>\n<meta name=\"twitter:label1\" content=\"Est. reading time\" \/>\n\t<meta name=\"twitter:data1\" content=\"2 minutes\" \/>\n<script type=\"application\/ld+json\" class=\"yoast-schema-graph\">{\"@context\":\"https:\\\/\\\/schema.org\",\"@graph\":[{\"@type\":\"WebPage\",\"@id\":\"https:\\\/\\\/visualjournalism.de\\\/en\\\/emma-jacob\\\/\",\"url\":\"https:\\\/\\\/visualjournalism.de\\\/en\\\/emma-jacob\\\/\",\"name\":\"Emma Jacob &#8211; Visual Journalism and Documentary Photography\",\"isPartOf\":{\"@id\":\"https:\\\/\\\/visualjournalism.de\\\/en\\\/#website\"},\"primaryImageOfPage\":{\"@id\":\"https:\\\/\\\/visualjournalism.de\\\/en\\\/emma-jacob\\\/#primaryimage\"},\"image\":{\"@id\":\"https:\\\/\\\/visualjournalism.de\\\/en\\\/emma-jacob\\\/#primaryimage\"},\"thumbnailUrl\":\"https:\\\/\\\/visualjournalism.de\\\/wp-content\\\/uploads\\\/Emma-Jacob.jpg\",\"datePublished\":\"2024-12-02T11:49:30+00:00\",\"dateModified\":\"2025-03-06T10:20:55+00:00\",\"breadcrumb\":{\"@id\":\"https:\\\/\\\/visualjournalism.de\\\/en\\\/emma-jacob\\\/#breadcrumb\"},\"inLanguage\":\"en-US\",\"potentialAction\":[{\"@type\":\"ReadAction\",\"target\":[\"https:\\\/\\\/visualjournalism.de\\\/en\\\/emma-jacob\\\/\"]}]},{\"@type\":\"ImageObject\",\"inLanguage\":\"en-US\",\"@id\":\"https:\\\/\\\/visualjournalism.de\\\/en\\\/emma-jacob\\\/#primaryimage\",\"url\":\"https:\\\/\\\/visualjournalism.de\\\/wp-content\\\/uploads\\\/Emma-Jacob.jpg\",\"contentUrl\":\"https:\\\/\\\/visualjournalism.de\\\/wp-content\\\/uploads\\\/Emma-Jacob.jpg\",\"width\":939,\"height\":1200},{\"@type\":\"BreadcrumbList\",\"@id\":\"https:\\\/\\\/visualjournalism.de\\\/en\\\/emma-jacob\\\/#breadcrumb\",\"itemListElement\":[{\"@type\":\"ListItem\",\"position\":1,\"name\":\"Home\",\"item\":\"https:\\\/\\\/visualjournalism.de\\\/en\\\/\"},{\"@type\":\"ListItem\",\"position\":2,\"name\":\"Emma Jacob\"}]},{\"@type\":\"WebSite\",\"@id\":\"https:\\\/\\\/visualjournalism.de\\\/en\\\/#website\",\"url\":\"https:\\\/\\\/visualjournalism.de\\\/en\\\/\",\"name\":\"Visual Journalism and Documentary Photography\",\"description\":\"All about the bilingual bachelor&#039;s program at Hannover University of Applied Sciences and Arts.\",\"publisher\":{\"@id\":\"https:\\\/\\\/visualjournalism.de\\\/en\\\/#organization\"},\"alternateName\":\"visualjournalism.de\",\"potentialAction\":[{\"@type\":\"SearchAction\",\"target\":{\"@type\":\"EntryPoint\",\"urlTemplate\":\"https:\\\/\\\/visualjournalism.de\\\/en\\\/?s={search_term_string}\"},\"query-input\":{\"@type\":\"PropertyValueSpecification\",\"valueRequired\":true,\"valueName\":\"search_term_string\"}}],\"inLanguage\":\"en-US\"},{\"@type\":\"Organization\",\"@id\":\"https:\\\/\\\/visualjournalism.de\\\/en\\\/#organization\",\"name\":\"Hochschule Hannover \u2013 University of Applied Sciences and Arts\",\"alternateName\":\"HsH\",\"url\":\"https:\\\/\\\/visualjournalism.de\\\/en\\\/\",\"logo\":{\"@type\":\"ImageObject\",\"inLanguage\":\"en-US\",\"@id\":\"https:\\\/\\\/visualjournalism.de\\\/en\\\/#\\\/schema\\\/logo\\\/image\\\/\",\"url\":\"https:\\\/\\\/visualjournalism.de\\\/wp-content\\\/uploads\\\/logo-hochschule-hannover.png\",\"contentUrl\":\"https:\\\/\\\/visualjournalism.de\\\/wp-content\\\/uploads\\\/logo-hochschule-hannover.png\",\"width\":363,\"height\":270,\"caption\":\"Hochschule Hannover \u2013 University of Applied Sciences and Arts\"},\"image\":{\"@id\":\"https:\\\/\\\/visualjournalism.de\\\/en\\\/#\\\/schema\\\/logo\\\/image\\\/\"},\"sameAs\":[\"https:\\\/\\\/www.facebook.com\\\/people\\\/wwwfotostudentende\\\/100065173703897\\\/\",\"https:\\\/\\\/x.com\\\/HsHannover\",\"https:\\\/\\\/www.instagram.com\\\/visualjournalism.de\\\/\"]}]}<\/script>\n<!-- \/ Yoast SEO Premium plugin. -->","yoast_head_json":{"title":"Emma Jacob &#8211; Visual Journalism and Documentary Photography","robots":{"index":"index","follow":"follow","max-snippet":"max-snippet:-1","max-image-preview":"max-image-preview:large","max-video-preview":"max-video-preview:-1"},"canonical":"https:\/\/visualjournalism.de\/en\/emma-jacob\/","og_locale":"en_US","og_type":"article","og_title":"Emma Jacob","og_url":"https:\/\/visualjournalism.de\/en\/emma-jacob\/","og_site_name":"Visual Journalism and Documentary Photography","article_publisher":"https:\/\/www.facebook.com\/people\/wwwfotostudentende\/100065173703897\/","article_modified_time":"2025-03-06T10:20:55+00:00","og_image":[{"width":939,"height":1200,"url":"https:\/\/visualjournalism.de\/wp-content\/uploads\/Emma-Jacob.jpg","type":"image\/jpeg"}],"twitter_card":"summary_large_image","twitter_site":"@HsHannover","twitter_misc":{"Est. reading time":"2 minutes"},"schema":{"@context":"https:\/\/schema.org","@graph":[{"@type":"WebPage","@id":"https:\/\/visualjournalism.de\/en\/emma-jacob\/","url":"https:\/\/visualjournalism.de\/en\/emma-jacob\/","name":"Emma Jacob &#8211; Visual Journalism and Documentary Photography","isPartOf":{"@id":"https:\/\/visualjournalism.de\/en\/#website"},"primaryImageOfPage":{"@id":"https:\/\/visualjournalism.de\/en\/emma-jacob\/#primaryimage"},"image":{"@id":"https:\/\/visualjournalism.de\/en\/emma-jacob\/#primaryimage"},"thumbnailUrl":"https:\/\/visualjournalism.de\/wp-content\/uploads\/Emma-Jacob.jpg","datePublished":"2024-12-02T11:49:30+00:00","dateModified":"2025-03-06T10:20:55+00:00","breadcrumb":{"@id":"https:\/\/visualjournalism.de\/en\/emma-jacob\/#breadcrumb"},"inLanguage":"en-US","potentialAction":[{"@type":"ReadAction","target":["https:\/\/visualjournalism.de\/en\/emma-jacob\/"]}]},{"@type":"ImageObject","inLanguage":"en-US","@id":"https:\/\/visualjournalism.de\/en\/emma-jacob\/#primaryimage","url":"https:\/\/visualjournalism.de\/wp-content\/uploads\/Emma-Jacob.jpg","contentUrl":"https:\/\/visualjournalism.de\/wp-content\/uploads\/Emma-Jacob.jpg","width":939,"height":1200},{"@type":"BreadcrumbList","@id":"https:\/\/visualjournalism.de\/en\/emma-jacob\/#breadcrumb","itemListElement":[{"@type":"ListItem","position":1,"name":"Home","item":"https:\/\/visualjournalism.de\/en\/"},{"@type":"ListItem","position":2,"name":"Emma Jacob"}]},{"@type":"WebSite","@id":"https:\/\/visualjournalism.de\/en\/#website","url":"https:\/\/visualjournalism.de\/en\/","name":"Visual Journalism and Documentary Photography","description":"All about the bilingual bachelor&#039;s program at Hannover University of Applied Sciences and Arts.","publisher":{"@id":"https:\/\/visualjournalism.de\/en\/#organization"},"alternateName":"visualjournalism.de","potentialAction":[{"@type":"SearchAction","target":{"@type":"EntryPoint","urlTemplate":"https:\/\/visualjournalism.de\/en\/?s={search_term_string}"},"query-input":{"@type":"PropertyValueSpecification","valueRequired":true,"valueName":"search_term_string"}}],"inLanguage":"en-US"},{"@type":"Organization","@id":"https:\/\/visualjournalism.de\/en\/#organization","name":"Hochschule Hannover \u2013 University of Applied Sciences and Arts","alternateName":"HsH","url":"https:\/\/visualjournalism.de\/en\/","logo":{"@type":"ImageObject","inLanguage":"en-US","@id":"https:\/\/visualjournalism.de\/en\/#\/schema\/logo\/image\/","url":"https:\/\/visualjournalism.de\/wp-content\/uploads\/logo-hochschule-hannover.png","contentUrl":"https:\/\/visualjournalism.de\/wp-content\/uploads\/logo-hochschule-hannover.png","width":363,"height":270,"caption":"Hochschule Hannover \u2013 University of Applied Sciences and Arts"},"image":{"@id":"https:\/\/visualjournalism.de\/en\/#\/schema\/logo\/image\/"},"sameAs":["https:\/\/www.facebook.com\/people\/wwwfotostudentende\/100065173703897\/","https:\/\/x.com\/HsHannover","https:\/\/www.instagram.com\/visualjournalism.de\/"]}]}},"_links":{"self":[{"href":"https:\/\/visualjournalism.de\/en\/wp-json\/wp\/v2\/pages\/51917","targetHints":{"allow":["GET"]}}],"collection":[{"href":"https:\/\/visualjournalism.de\/en\/wp-json\/wp\/v2\/pages"}],"about":[{"href":"https:\/\/visualjournalism.de\/en\/wp-json\/wp\/v2\/types\/page"}],"author":[{"embeddable":true,"href":"https:\/\/visualjournalism.de\/en\/wp-json\/wp\/v2\/users\/12"}],"replies":[{"embeddable":true,"href":"https:\/\/visualjournalism.de\/en\/wp-json\/wp\/v2\/comments?post=51917"}],"version-history":[{"count":0,"href":"https:\/\/visualjournalism.de\/en\/wp-json\/wp\/v2\/pages\/51917\/revisions"}],"wp:featuredmedia":[{"embeddable":true,"href":"https:\/\/visualjournalism.de\/en\/wp-json\/wp\/v2\/media\/51918"}],"wp:attachment":[{"href":"https:\/\/visualjournalism.de\/en\/wp-json\/wp\/v2\/media?parent=51917"}],"curies":[{"name":"wp","href":"https:\/\/api.w.org\/{rel}","templated":true}]}}