{"id":52228,"date":"2025-01-21T10:46:39","date_gmt":"2025-01-21T10:46:39","guid":{"rendered":"https:\/\/visualjournalism.de\/?page_id=52228"},"modified":"2025-06-03T09:03:16","modified_gmt":"2025-06-03T09:03:16","slug":"lena-kunz","status":"publish","type":"page","link":"https:\/\/visualjournalism.de\/en\/lena-kunz\/","title":{"rendered":"Lena Kunz"},"content":{"rendered":"\n \n\n    <div id=\"lead-in-block_c1112d367536fc0a7dd3f38180ca723e\" class=\"block-lead-in typo--soehne font-size--xl has-spacing--m width--default\">\n        <p><strong>Lena Kunz<\/strong><\/p>\n    <\/div>\n\n\n\n\n<div class=\"pinned-block has-spacing--none\">\n\t\n\n<div class=\"pinned-block__column--left\">\n    \n    <figure class=\"block-photo post__image--half-left has-spacing--m with-title\">\n\n        <div class=\"post__image__container\">\n            <img loading=\"lazy\" decoding=\"async\" \n                src=\"https:\/\/visualjournalism.de\/wp-content\/uploads\/DSC_5423-5-768x614.jpg\"\n                srcset=\"https:\/\/visualjournalism.de\/wp-content\/uploads\/DSC_5423-5-768x614.jpg 768w, https:\/\/visualjournalism.de\/wp-content\/uploads\/DSC_5423-5-300x240.jpg 300w, https:\/\/visualjournalism.de\/wp-content\/uploads\/DSC_5423-5-1024x819.jpg 1024w, https:\/\/visualjournalism.de\/wp-content\/uploads\/DSC_5423-5-1536x1229.jpg 1536w, https:\/\/visualjournalism.de\/wp-content\/uploads\/DSC_5423-5-1920x1536.jpg 1920w, https:\/\/visualjournalism.de\/wp-content\/uploads\/DSC_5423-5-1400x1120.jpg 1400w, https:\/\/visualjournalism.de\/wp-content\/uploads\/DSC_5423-5-1050x840.jpg 1050w, https:\/\/visualjournalism.de\/wp-content\/uploads\/DSC_5423-5-670x536.jpg 670w, https:\/\/visualjournalism.de\/wp-content\/uploads\/DSC_5423-5-420x336.jpg 420w, https:\/\/visualjournalism.de\/wp-content\/uploads\/DSC_5423-5-350x280.jpg 350w, https:\/\/visualjournalism.de\/wp-content\/uploads\/DSC_5423-5-150x120.jpg 150w, https:\/\/visualjournalism.de\/wp-content\/uploads\/DSC_5423-5.jpg 2000w\"\n                width=\"768\" \n                height=\"614\"\n                alt=\"\" \n            \/>\n            \n                            <span class=\"post__image__title\">Lena Kunz<\/span>\n                    <\/div><!-- post__image__container -->\n\n        \n    <\/figure><!-- post__image -->\n\n\n\n<\/div>\n\n\n<div class=\"pinned-block__column--right\">\n    \n\n<p class=\"post__paragraph is-style-typo--soehne has-spacing--default\"><strong>Lena Kunz <\/strong>(*2000) ist in einem kleinen Dorf in Niedersachsen geboren und aufgewachsen. Seit 2023 studiert sie Visual Journalism and Documentary Photography an der Hochschule Hannover mit dem Schwerpunkt auf Dokumentar- und Portraitfotografie. Schon fr\u00fch entwickelte sie ein gro\u00dfes Interesse an Menschen und deren unterschiedlichen Lebensrealit\u00e4ten, das sie heute durch ihr visuelles Erz\u00e4hlen zum<br>Ausdruck bringt. Fotografie ist f\u00fcr sie ein Weg, um Menschen und ihre Geschichten sichtbar zu machen. Dabei legt sie gro\u00dfen Wert darauf, N\u00e4he aufzubauen und Stimmungen sowie Emotionen authentisch einzufangen.<\/p>\n\n\n\n<p class=\"post__paragraph is-style-typo--soehne has-spacing--default\"><br><strong>Kontaktdaten:<\/strong><br>@<a href=\"https:\/\/www.instagram.com\/leenakunz\/\">Leenakunz<\/a><br><\/p>\n\n\n\n<p class=\"post__paragraph has-spacing--default\"><\/p>\n\n\n\n<p class=\"post__paragraph is-style-typo--soehne has-spacing--default\"><\/p>\n\n\n<\/div>\n<\/div>\n\n\n<div class=\"devider has-spacing--none\">\n    <hr>\n<\/div>\n\n\n \n\n    <div id=\"lead-in-block_be691728f18ae86fda2995ab1fdb868a\" class=\"block-lead-in typo--default font-size--xl has-spacing--xs width--default\">\n        <h2>Lenas Beitr\u00e4ge<\/h2>\n    <\/div>\n\n\n\n\r\n<article class=\"post-teaser teaser-single--full has-spacing--m post-49447 magazin type-magazin status-publish has-post-thumbnail hentry magazinkategorie-nachts\">\r\n\t<header class=\"entry-header\">\r\n\r\n\t\t<div class=\"entry-categories\">\n\t<a class=\"post__tag\" href=\"https:\/\/visualjournalism.de\/magazin-kategorie\/nachts\/\" rel=\"category tag\">Nachts<\/a><\/div>\r\n\t\t<a href=\"https:\/\/visualjournalism.de\/en\/magazine\/nachts\/nachts-im-dorf\/\" rel=\"bookmark\">\r\n\t\t\t<h2 class=\"entry-title\">Nachts im Dorf.<\/h2>\r\n\t\t\t<p class=\"entry-excerpt\">Shisha in der Scheune, Bier in der Laube, eine Spritztour durchs Nirgendwo: Wie junge Menschen die Nacht auf dem Land gestalten. Eine Reportage aus M\u00fcnchehagen, Niedersachsen.<\/p>\r\n\t\t<\/a>\r\n\r\n\t<\/header><!-- .entry-header -->\r\n\r\n\t<figure class=\"post__image\">\r\n\t\t<a href=\"https:\/\/visualjournalism.de\/en\/magazine\/nachts\/nachts-im-dorf\/\" rel=\"bookmark\">\r\n\t\t\t<img loading=\"lazy\" decoding=\"async\" width=\"1400\" height=\"1750\" src=\"https:\/\/visualjournalism.de\/wp-content\/uploads\/DSC_6903-1-1400x1750.jpg\" class=\"attachment-photo-block--full size-photo-block--full\" alt=\"Auf dem Foto sind ein junger Mann und eine junge Frau zu sehen. Sie schauen in die Kamera. Sie stehen vor einer Scheune. Es ist Nacht.\" srcset=\"https:\/\/visualjournalism.de\/wp-content\/uploads\/DSC_6903-1-1400x1750.jpg 1400w, https:\/\/visualjournalism.de\/wp-content\/uploads\/DSC_6903-1-240x300.jpg 240w, https:\/\/visualjournalism.de\/wp-content\/uploads\/DSC_6903-1-819x1024.jpg 819w, https:\/\/visualjournalism.de\/wp-content\/uploads\/DSC_6903-1-768x960.jpg 768w, https:\/\/visualjournalism.de\/wp-content\/uploads\/DSC_6903-1-1229x1536.jpg 1229w, https:\/\/visualjournalism.de\/wp-content\/uploads\/DSC_6903-1-1050x1313.jpg 1050w, https:\/\/visualjournalism.de\/wp-content\/uploads\/DSC_6903-1-670x838.jpg 670w, https:\/\/visualjournalism.de\/wp-content\/uploads\/DSC_6903-1-420x525.jpg 420w, https:\/\/visualjournalism.de\/wp-content\/uploads\/DSC_6903-1-350x438.jpg 350w, https:\/\/visualjournalism.de\/wp-content\/uploads\/DSC_6903-1-300x375.jpg 300w, https:\/\/visualjournalism.de\/wp-content\/uploads\/DSC_6903-1-150x188.jpg 150w, https:\/\/visualjournalism.de\/wp-content\/uploads\/DSC_6903-1.jpg 1600w\" sizes=\"auto, (max-width: 1400px) 100vw, 1400px\" \/>\t\t<\/a>\r\n\t<\/figure><!-- .post__image -->\r\n\r\n<\/article>\r\n\n\n\n<div class=\"wp-block-group has-spacing--default has-spacing--default\">\n<div class=\"devider has-spacing--none\">\n    <hr>\n<\/div>\n\n\n \n\n    <div id=\"lead-in-block_11913f51216e89afbcfa39028675f6fd\" class=\"block-lead-in typo--default font-size--xl has-spacing--s width--default\">\n        <p><strong>Empfehlungen der Redaktion:<\/strong><\/p>\n    <\/div>\n\n\n\n\r\n\r\n\r\n\n\n\r\n\r\n\r\n\r\n        <div class=\"teaser-grid grid-layout--3col has-spacing--s width--inline\">\r\n\r\n            \r\n                <article class=\"post-teaser\">\r\n\r\n                    <a href=\"https:\/\/visualjournalism.de\/en\/magazine\/guide\/how-to-create-a-photo-series-ideas-themes-and-examples\/\" rel=\"permalink\">\r\n\r\n                        <div class=\"post-teaser__content\">\r\n\r\n                            <span class=\"entry-categories\">Guide<\/span>\r\n                            <h3 class=\"post-teaser__headline\">\r\n                                How to create a photo series.                            <\/h3>\r\n\r\n                            <div class=\"post-teaser__excerpt\">\r\n                                <p>Ideas, tips and examples from our professors.<\/p>\r\n                            <\/div>\r\n\r\n                        <\/div><!-- .post-teaser__content -->\r\n\r\n\r\n                        \r\n                            <figure class=\"post-teaser__image\">\r\n                                <img loading=\"lazy\" decoding=\"async\"  \r\n                                    src=\"https:\/\/visualjournalism.de\/wp-content\/uploads\/Andy-Happel-768x674.jpg\" \r\n                                    srcset=\"https:\/\/visualjournalism.de\/wp-content\/uploads\/Andy-Happel-768x674.jpg 768w, https:\/\/visualjournalism.de\/wp-content\/uploads\/Andy-Happel-300x263.jpg 300w, https:\/\/visualjournalism.de\/wp-content\/uploads\/Andy-Happel-1024x898.jpg 1024w, https:\/\/visualjournalism.de\/wp-content\/uploads\/Andy-Happel-1536x1347.jpg 1536w, https:\/\/visualjournalism.de\/wp-content\/uploads\/Andy-Happel-2048x1796.jpg 2048w, https:\/\/visualjournalism.de\/wp-content\/uploads\/Andy-Happel-1400x1228.jpg 1400w, https:\/\/visualjournalism.de\/wp-content\/uploads\/Andy-Happel-1050x921.jpg 1050w, https:\/\/visualjournalism.de\/wp-content\/uploads\/Andy-Happel-670x588.jpg 670w, https:\/\/visualjournalism.de\/wp-content\/uploads\/Andy-Happel-420x368.jpg 420w, https:\/\/visualjournalism.de\/wp-content\/uploads\/Andy-Happel-350x307.jpg 350w\" \r\n                                    width=\"768\"  \r\n                                    height=\"674\" \r\n                                    alt=\"Photo series by Andy Happel with young people in China in reddish light.\"\r\n                                \/>\r\n                            <\/figure>\r\n\r\n                        \r\n                    \r\n                    <\/a>\r\n\r\n                <\/article><!--- .post-teaser-->\r\n\r\n            \r\n                <article class=\"post-teaser\">\r\n\r\n                    <a href=\"https:\/\/visualjournalism.de\/en\/magazine\/ratgeber\/360-grad-videoproduktion\/\" rel=\"permalink\">\r\n\r\n                        <div class=\"post-teaser__content\">\r\n\r\n                            <span class=\"entry-categories\">Ratgeber<\/span>\r\n                            <h3 class=\"post-teaser__headline\">\r\n                                So funktionieren 360-Grad-Videos im Journalismus                            <\/h3>\r\n\r\n                            <div class=\"post-teaser__excerpt\">\r\n                                <p>360-Grad-Videos stellen das Publikum mitten ins Geschehen: Statt zuzuschauen, erlebt es die Story aus allen Blickwinkeln. <\/p>\r\n                            <\/div>\r\n\r\n                        <\/div><!-- .post-teaser__content -->\r\n\r\n\r\n                        \r\n                            <figure class=\"post-teaser__image\">\r\n                                <img loading=\"lazy\" decoding=\"async\"  \r\n                                    src=\"https:\/\/visualjournalism.de\/wp-content\/uploads\/hochschule_hannover_FH_Hannover_08-768x512.jpg\" \r\n                                    srcset=\"https:\/\/visualjournalism.de\/wp-content\/uploads\/hochschule_hannover_FH_Hannover_08-768x512.jpg 768w, https:\/\/visualjournalism.de\/wp-content\/uploads\/hochschule_hannover_FH_Hannover_08-300x200.jpg 300w, https:\/\/visualjournalism.de\/wp-content\/uploads\/hochschule_hannover_FH_Hannover_08-1024x683.jpg 1024w, https:\/\/visualjournalism.de\/wp-content\/uploads\/hochschule_hannover_FH_Hannover_08-1536x1024.jpg 1536w, https:\/\/visualjournalism.de\/wp-content\/uploads\/hochschule_hannover_FH_Hannover_08-1400x933.jpg 1400w, https:\/\/visualjournalism.de\/wp-content\/uploads\/hochschule_hannover_FH_Hannover_08-1050x700.jpg 1050w, https:\/\/visualjournalism.de\/wp-content\/uploads\/hochschule_hannover_FH_Hannover_08-670x447.jpg 670w, https:\/\/visualjournalism.de\/wp-content\/uploads\/hochschule_hannover_FH_Hannover_08-420x280.jpg 420w, https:\/\/visualjournalism.de\/wp-content\/uploads\/hochschule_hannover_FH_Hannover_08-350x233.jpg 350w, https:\/\/visualjournalism.de\/wp-content\/uploads\/hochschule_hannover_FH_Hannover_08.jpg 1599w\" \r\n                                    width=\"768\"  \r\n                                    height=\"512\" \r\n                                    alt=\"\"\r\n                                \/>\r\n                            <\/figure>\r\n\r\n                        \r\n                    \r\n                    <\/a>\r\n\r\n                <\/article><!--- .post-teaser-->\r\n\r\n            \r\n                <article class=\"post-teaser\">\r\n\r\n                    <a href=\"https:\/\/visualjournalism.de\/en\/magazine\/sammeln\/bibliothek-der-geretteten-buecher\/\" rel=\"permalink\">\r\n\r\n                        <div class=\"post-teaser__content\">\r\n\r\n                            <span class=\"entry-categories\">Sammeln<\/span>\r\n                            <h3 class=\"post-teaser__headline\">\r\n                                Bibliothek der geretteten B\u00fccher                            <\/h3>\r\n\r\n                            <div class=\"post-teaser__excerpt\">\r\n                                <p>Wie ein Pfarrer aus Niedersachsen Tausende DDR-B\u00fccher vor der Vernichtung rettete \u2013 und warum eines davon eine entscheidende technische Spur f\u00fcr die Forschung im All lieferte.<\/p>\r\n                            <\/div>\r\n\r\n                        <\/div><!-- .post-teaser__content -->\r\n\r\n\r\n                        \r\n                            <figure class=\"post-teaser__image\">\r\n                                <img loading=\"lazy\" decoding=\"async\"  \r\n                                    src=\"https:\/\/visualjournalism.de\/wp-content\/uploads\/MuellerVahl_Thomas_Sammeln-04-768x511.jpg\" \r\n                                    srcset=\"https:\/\/visualjournalism.de\/wp-content\/uploads\/MuellerVahl_Thomas_Sammeln-04-768x511.jpg 768w, https:\/\/visualjournalism.de\/wp-content\/uploads\/MuellerVahl_Thomas_Sammeln-04-300x200.jpg 300w, https:\/\/visualjournalism.de\/wp-content\/uploads\/MuellerVahl_Thomas_Sammeln-04-1024x681.jpg 1024w, https:\/\/visualjournalism.de\/wp-content\/uploads\/MuellerVahl_Thomas_Sammeln-04-1536x1022.jpg 1536w, https:\/\/visualjournalism.de\/wp-content\/uploads\/MuellerVahl_Thomas_Sammeln-04-2048x1363.jpg 2048w, https:\/\/visualjournalism.de\/wp-content\/uploads\/MuellerVahl_Thomas_Sammeln-04-1920x1277.jpg 1920w, https:\/\/visualjournalism.de\/wp-content\/uploads\/MuellerVahl_Thomas_Sammeln-04-1400x931.jpg 1400w, https:\/\/visualjournalism.de\/wp-content\/uploads\/MuellerVahl_Thomas_Sammeln-04-1050x699.jpg 1050w, https:\/\/visualjournalism.de\/wp-content\/uploads\/MuellerVahl_Thomas_Sammeln-04-670x446.jpg 670w, https:\/\/visualjournalism.de\/wp-content\/uploads\/MuellerVahl_Thomas_Sammeln-04-420x279.jpg 420w, https:\/\/visualjournalism.de\/wp-content\/uploads\/MuellerVahl_Thomas_Sammeln-04-350x233.jpg 350w, https:\/\/visualjournalism.de\/wp-content\/uploads\/MuellerVahl_Thomas_Sammeln-04-150x100.jpg 150w\" \r\n                                    width=\"768\"  \r\n                                    height=\"511\" \r\n                                    alt=\"\"\r\n                                \/>\r\n                            <\/figure>\r\n\r\n                        \r\n                    \r\n                    <\/a>\r\n\r\n                <\/article><!--- .post-teaser-->\r\n\r\n            \r\n        <\/div><!-- .teaser-grid -->\r\n\r\n\n\n\r\n\r\n\r\n\n\n\n    <div class=\"btn-wrapper has-spacing--m\">\n        <a class=\"btn\" href=\"https:\/\/visualjournalism.de\/magazin\/\" target=\"_blank\">ZUR MAGAZIN-STARTSEITE<\/a>\n    <\/div>\n<\/div>\n","protected":false},"excerpt":{"rendered":"","protected":false},"author":91,"featured_media":0,"parent":0,"menu_order":0,"comment_status":"closed","ping_status":"closed","template":"","meta":{"_acf_changed":false,"footnotes":""},"class_list":["post-52228","page","type-page","status-publish","hentry"],"acf":[],"yoast_head":"<!-- This site is optimized with the Yoast SEO Premium plugin v27.3 (Yoast SEO v27.3) - https:\/\/yoast.com\/product\/yoast-seo-premium-wordpress\/ -->\n<title>Lena Kunz &#8211; Visual Journalism and Documentary Photography<\/title>\n<meta name=\"robots\" content=\"index, follow, max-snippet:-1, max-image-preview:large, max-video-preview:-1\" \/>\n<link rel=\"canonical\" href=\"https:\/\/visualjournalism.de\/en\/lena-kunz\/\" \/>\n<meta property=\"og:locale\" content=\"en_US\" \/>\n<meta property=\"og:type\" content=\"article\" \/>\n<meta property=\"og:title\" content=\"Lena Kunz\" \/>\n<meta property=\"og:url\" content=\"https:\/\/visualjournalism.de\/en\/lena-kunz\/\" \/>\n<meta property=\"og:site_name\" content=\"Visual Journalism and Documentary Photography\" \/>\n<meta property=\"article:publisher\" content=\"https:\/\/www.facebook.com\/people\/wwwfotostudentende\/100065173703897\/\" \/>\n<meta property=\"article:modified_time\" content=\"2025-06-03T09:03:16+00:00\" \/>\n<meta name=\"twitter:card\" content=\"summary_large_image\" \/>\n<meta name=\"twitter:site\" content=\"@HsHannover\" \/>\n<meta name=\"twitter:label1\" content=\"Est. reading time\" \/>\n\t<meta name=\"twitter:data1\" content=\"1 minute\" \/>\n<script type=\"application\/ld+json\" class=\"yoast-schema-graph\">{\"@context\":\"https:\\\/\\\/schema.org\",\"@graph\":[{\"@type\":\"WebPage\",\"@id\":\"https:\\\/\\\/visualjournalism.de\\\/en\\\/lena-kunz\\\/\",\"url\":\"https:\\\/\\\/visualjournalism.de\\\/en\\\/lena-kunz\\\/\",\"name\":\"Lena Kunz &#8211; Visual Journalism and Documentary Photography\",\"isPartOf\":{\"@id\":\"https:\\\/\\\/visualjournalism.de\\\/en\\\/#website\"},\"datePublished\":\"2025-01-21T10:46:39+00:00\",\"dateModified\":\"2025-06-03T09:03:16+00:00\",\"breadcrumb\":{\"@id\":\"https:\\\/\\\/visualjournalism.de\\\/en\\\/lena-kunz\\\/#breadcrumb\"},\"inLanguage\":\"en-US\",\"potentialAction\":[{\"@type\":\"ReadAction\",\"target\":[\"https:\\\/\\\/visualjournalism.de\\\/en\\\/lena-kunz\\\/\"]}]},{\"@type\":\"BreadcrumbList\",\"@id\":\"https:\\\/\\\/visualjournalism.de\\\/en\\\/lena-kunz\\\/#breadcrumb\",\"itemListElement\":[{\"@type\":\"ListItem\",\"position\":1,\"name\":\"Home\",\"item\":\"https:\\\/\\\/visualjournalism.de\\\/en\\\/\"},{\"@type\":\"ListItem\",\"position\":2,\"name\":\"Lena Kunz\"}]},{\"@type\":\"WebSite\",\"@id\":\"https:\\\/\\\/visualjournalism.de\\\/en\\\/#website\",\"url\":\"https:\\\/\\\/visualjournalism.de\\\/en\\\/\",\"name\":\"Visual Journalism and Documentary Photography\",\"description\":\"All about the bilingual bachelor&#039;s program at Hannover University of Applied Sciences and Arts.\",\"publisher\":{\"@id\":\"https:\\\/\\\/visualjournalism.de\\\/en\\\/#organization\"},\"alternateName\":\"visualjournalism.de\",\"potentialAction\":[{\"@type\":\"SearchAction\",\"target\":{\"@type\":\"EntryPoint\",\"urlTemplate\":\"https:\\\/\\\/visualjournalism.de\\\/en\\\/?s={search_term_string}\"},\"query-input\":{\"@type\":\"PropertyValueSpecification\",\"valueRequired\":true,\"valueName\":\"search_term_string\"}}],\"inLanguage\":\"en-US\"},{\"@type\":\"Organization\",\"@id\":\"https:\\\/\\\/visualjournalism.de\\\/en\\\/#organization\",\"name\":\"Hochschule Hannover \u2013 University of Applied Sciences and Arts\",\"alternateName\":\"HsH\",\"url\":\"https:\\\/\\\/visualjournalism.de\\\/en\\\/\",\"logo\":{\"@type\":\"ImageObject\",\"inLanguage\":\"en-US\",\"@id\":\"https:\\\/\\\/visualjournalism.de\\\/en\\\/#\\\/schema\\\/logo\\\/image\\\/\",\"url\":\"https:\\\/\\\/visualjournalism.de\\\/wp-content\\\/uploads\\\/logo-hochschule-hannover.png\",\"contentUrl\":\"https:\\\/\\\/visualjournalism.de\\\/wp-content\\\/uploads\\\/logo-hochschule-hannover.png\",\"width\":363,\"height\":270,\"caption\":\"Hochschule Hannover \u2013 University of Applied Sciences and Arts\"},\"image\":{\"@id\":\"https:\\\/\\\/visualjournalism.de\\\/en\\\/#\\\/schema\\\/logo\\\/image\\\/\"},\"sameAs\":[\"https:\\\/\\\/www.facebook.com\\\/people\\\/wwwfotostudentende\\\/100065173703897\\\/\",\"https:\\\/\\\/x.com\\\/HsHannover\",\"https:\\\/\\\/www.instagram.com\\\/visualjournalism.de\\\/\"]}]}<\/script>\n<!-- \/ Yoast SEO Premium plugin. -->","yoast_head_json":{"title":"Lena Kunz &#8211; Visual Journalism and Documentary Photography","robots":{"index":"index","follow":"follow","max-snippet":"max-snippet:-1","max-image-preview":"max-image-preview:large","max-video-preview":"max-video-preview:-1"},"canonical":"https:\/\/visualjournalism.de\/en\/lena-kunz\/","og_locale":"en_US","og_type":"article","og_title":"Lena Kunz","og_url":"https:\/\/visualjournalism.de\/en\/lena-kunz\/","og_site_name":"Visual Journalism and Documentary Photography","article_publisher":"https:\/\/www.facebook.com\/people\/wwwfotostudentende\/100065173703897\/","article_modified_time":"2025-06-03T09:03:16+00:00","twitter_card":"summary_large_image","twitter_site":"@HsHannover","twitter_misc":{"Est. reading time":"1 minute"},"schema":{"@context":"https:\/\/schema.org","@graph":[{"@type":"WebPage","@id":"https:\/\/visualjournalism.de\/en\/lena-kunz\/","url":"https:\/\/visualjournalism.de\/en\/lena-kunz\/","name":"Lena Kunz &#8211; Visual Journalism and Documentary Photography","isPartOf":{"@id":"https:\/\/visualjournalism.de\/en\/#website"},"datePublished":"2025-01-21T10:46:39+00:00","dateModified":"2025-06-03T09:03:16+00:00","breadcrumb":{"@id":"https:\/\/visualjournalism.de\/en\/lena-kunz\/#breadcrumb"},"inLanguage":"en-US","potentialAction":[{"@type":"ReadAction","target":["https:\/\/visualjournalism.de\/en\/lena-kunz\/"]}]},{"@type":"BreadcrumbList","@id":"https:\/\/visualjournalism.de\/en\/lena-kunz\/#breadcrumb","itemListElement":[{"@type":"ListItem","position":1,"name":"Home","item":"https:\/\/visualjournalism.de\/en\/"},{"@type":"ListItem","position":2,"name":"Lena Kunz"}]},{"@type":"WebSite","@id":"https:\/\/visualjournalism.de\/en\/#website","url":"https:\/\/visualjournalism.de\/en\/","name":"Visual Journalism and Documentary Photography","description":"All about the bilingual bachelor&#039;s program at Hannover University of Applied Sciences and Arts.","publisher":{"@id":"https:\/\/visualjournalism.de\/en\/#organization"},"alternateName":"visualjournalism.de","potentialAction":[{"@type":"SearchAction","target":{"@type":"EntryPoint","urlTemplate":"https:\/\/visualjournalism.de\/en\/?s={search_term_string}"},"query-input":{"@type":"PropertyValueSpecification","valueRequired":true,"valueName":"search_term_string"}}],"inLanguage":"en-US"},{"@type":"Organization","@id":"https:\/\/visualjournalism.de\/en\/#organization","name":"Hochschule Hannover \u2013 University of Applied Sciences and Arts","alternateName":"HsH","url":"https:\/\/visualjournalism.de\/en\/","logo":{"@type":"ImageObject","inLanguage":"en-US","@id":"https:\/\/visualjournalism.de\/en\/#\/schema\/logo\/image\/","url":"https:\/\/visualjournalism.de\/wp-content\/uploads\/logo-hochschule-hannover.png","contentUrl":"https:\/\/visualjournalism.de\/wp-content\/uploads\/logo-hochschule-hannover.png","width":363,"height":270,"caption":"Hochschule Hannover \u2013 University of Applied Sciences and Arts"},"image":{"@id":"https:\/\/visualjournalism.de\/en\/#\/schema\/logo\/image\/"},"sameAs":["https:\/\/www.facebook.com\/people\/wwwfotostudentende\/100065173703897\/","https:\/\/x.com\/HsHannover","https:\/\/www.instagram.com\/visualjournalism.de\/"]}]}},"_links":{"self":[{"href":"https:\/\/visualjournalism.de\/en\/wp-json\/wp\/v2\/pages\/52228","targetHints":{"allow":["GET"]}}],"collection":[{"href":"https:\/\/visualjournalism.de\/en\/wp-json\/wp\/v2\/pages"}],"about":[{"href":"https:\/\/visualjournalism.de\/en\/wp-json\/wp\/v2\/types\/page"}],"author":[{"embeddable":true,"href":"https:\/\/visualjournalism.de\/en\/wp-json\/wp\/v2\/users\/91"}],"replies":[{"embeddable":true,"href":"https:\/\/visualjournalism.de\/en\/wp-json\/wp\/v2\/comments?post=52228"}],"version-history":[{"count":0,"href":"https:\/\/visualjournalism.de\/en\/wp-json\/wp\/v2\/pages\/52228\/revisions"}],"wp:attachment":[{"href":"https:\/\/visualjournalism.de\/en\/wp-json\/wp\/v2\/media?parent=52228"}],"curies":[{"name":"wp","href":"https:\/\/api.w.org\/{rel}","templated":true}]}}