{"id":52468,"date":"2024-12-06T10:49:33","date_gmt":"2024-12-06T10:49:33","guid":{"rendered":"https:\/\/visualjournalism.de\/?page_id=52468"},"modified":"2024-12-06T10:49:35","modified_gmt":"2024-12-06T10:49:35","slug":"patrick-slesiona","status":"publish","type":"page","link":"https:\/\/visualjournalism.de\/en\/patrick-slesiona\/","title":{"rendered":"Patrick Slesiona"},"content":{"rendered":"\n \n\n    <div id=\"lead-in-block_6eb0428d82555c278fac31160eb8e531\" class=\"block-lead-in typo--soehne font-size--xl has-spacing--s width--full\">\n        <h1><strong>Patrick Slesiona<\/strong><\/h1>\n    <\/div>\n\n\n\n\n<div class=\"pinned-block has-spacing--m\">\n\t\n\n<div class=\"pinned-block__column--left\">\n    \n    <figure class=\"block-photo post__image--wide-left has-spacing--xs with-title\">\n\n        <div class=\"post__image__container\">\n            <img loading=\"lazy\" decoding=\"async\" \n                src=\"https:\/\/visualjournalism.de\/wp-content\/uploads\/PS_Headshot-1024x1280-2.jpg\"\n                srcset=\"https:\/\/visualjournalism.de\/wp-content\/uploads\/PS_Headshot-1024x1280-2.jpg 1024w, https:\/\/visualjournalism.de\/wp-content\/uploads\/PS_Headshot-1024x1280-2-240x300.jpg 240w, https:\/\/visualjournalism.de\/wp-content\/uploads\/PS_Headshot-1024x1280-2-819x1024.jpg 819w, https:\/\/visualjournalism.de\/wp-content\/uploads\/PS_Headshot-1024x1280-2-768x960.jpg 768w, https:\/\/visualjournalism.de\/wp-content\/uploads\/PS_Headshot-1024x1280-2-670x838.jpg 670w, https:\/\/visualjournalism.de\/wp-content\/uploads\/PS_Headshot-1024x1280-2-420x525.jpg 420w, https:\/\/visualjournalism.de\/wp-content\/uploads\/PS_Headshot-1024x1280-2-350x438.jpg 350w, https:\/\/visualjournalism.de\/wp-content\/uploads\/PS_Headshot-1024x1280-2-300x375.jpg 300w, https:\/\/visualjournalism.de\/wp-content\/uploads\/PS_Headshot-1024x1280-2-150x188.jpg 150w\"\n                width=\"1024\" \n                height=\"1280\"\n                alt=\"\" \n            \/>\n            \n                            <span class=\"post__image__title\">Portr\u00e4t von Patrick Slesiona. Foto: <\/span>\n                    <\/div><!-- post__image__container -->\n\n        \n    <\/figure><!-- post__image -->\n\n\n\n<\/div>\n\n\n<div class=\"pinned-block__column--right\">\n    \n\n<p class=\"post__paragraph is-style-typo--soehne has-spacing--default\"><strong>Patrick Slesiona <\/strong>studierte bis 2022 an der Hochschule Hannover und arbeitete freiberuflich als Portrait- und Dokumentarfotograf f\u00fcr Zeitungen, Magazine, Agenturen und Unternehmen. Seine Bilder erschienen unter anderem in der S\u00fcddeutschen Zeitung, im SPIEGEL und der ZEIT.<br><br><a href=\"https:\/\/www.linkedin.com\/posts\/stern_d%C3%BCrfen-wir-vorstellen-patrick-slesiona-activity-7232736892318806016-8-LN\/?originalSubdomain=de\">Im August 2024 erhielt Patrick Slesiona das begehrte Stern-Stipendium<\/a> und arbeitet nun ein Jahr lang vollzeit f\u00fcr das Magazin.<\/p>\n\n\n\n<p class=\"post__paragraph is-style-typo--soehne has-spacing--default\"><strong>Kontakt:<\/strong><br>Web: <a href=\"https:\/\/patrickslesiona.de\/\">www.patrickslesiona.de<\/a><br>Instagram: <a href=\"https:\/\/www.instagram.com\/patrickslesiona\/\">@patrickslesiona<\/a><\/p>\n\n\n<\/div>\n<\/div>\n\n\n<div class=\"devider has-spacing--none\">\n    <hr>\n<\/div>\n\n\n \n\n    <div id=\"lead-in-block_03ee21f1967da26010cb43e49b16db20\" class=\"block-lead-in typo--soehne font-size--default has-spacing--xs width--default\">\n        <h2><strong>Beitr\u00e4ge von Patrick:<\/strong><\/h2>\n    <\/div>\n\n\n\n\r\n<article class=\"post-teaser teaser-single--full has-spacing--m post-33784 magazin type-magazin status-publish has-post-thumbnail hentry magazinkategorie-abschlussarbeiten\">\r\n\t<header class=\"entry-header\">\r\n\r\n\t\t<div class=\"entry-categories\">\n\t<a class=\"post__tag\" href=\"https:\/\/visualjournalism.de\/magazin-kategorie\/abschlussarbeiten\/\" rel=\"category tag\">Abschlussarbeiten<\/a><\/div>\r\n\t\t<a href=\"https:\/\/visualjournalism.de\/en\/magazine\/abschlussarbeiten\/armenien-patrick-slesiona\/\" rel=\"bookmark\">\r\n\t\t\t<h2 class=\"entry-title\">Warten auf den Krieg.<\/h2>\r\n\t\t\t<p class=\"entry-excerpt\">F\u00fcr seine Bachelor-Arbeit reiste der Fotograf Patrick Slesiona nach Armenien. Das demokratische Land muss sich seit Jahren gegen sein autorit\u00e4r gef\u00fchrtes Nachbarland Aserbaidschan verteidigen.<\/p>\r\n\t\t<\/a>\r\n\r\n\t<\/header><!-- .entry-header -->\r\n\r\n\t<figure class=\"post__image\">\r\n\t\t<a href=\"https:\/\/visualjournalism.de\/en\/magazine\/abschlussarbeiten\/armenien-patrick-slesiona\/\" rel=\"bookmark\">\r\n\t\t\t\n<div class=\"splide\">\n    <div class=\"splide__track\">\n\n        <div class=\"splide__list\">\n\n                    \n\n                    <div class=\"splide__slide\">\n\n                        <img loading=\"lazy\" decoding=\"async\"  \n                            src=\"https:\/\/visualjournalism.de\/wp-content\/uploads\/PS_ARMENIEN_Ausstellung-9-1400x1000.jpg\" \n                            srcset=\"https:\/\/visualjournalism.de\/wp-content\/uploads\/PS_ARMENIEN_Ausstellung-9-1400x1000.jpg 1400w, https:\/\/visualjournalism.de\/wp-content\/uploads\/PS_ARMENIEN_Ausstellung-9-300x214.jpg 300w, https:\/\/visualjournalism.de\/wp-content\/uploads\/PS_ARMENIEN_Ausstellung-9-1024x732.jpg 1024w, https:\/\/visualjournalism.de\/wp-content\/uploads\/PS_ARMENIEN_Ausstellung-9-768x549.jpg 768w, https:\/\/visualjournalism.de\/wp-content\/uploads\/PS_ARMENIEN_Ausstellung-9-1536x1097.jpg 1536w, https:\/\/visualjournalism.de\/wp-content\/uploads\/PS_ARMENIEN_Ausstellung-9-1920x1372.jpg 1920w, https:\/\/visualjournalism.de\/wp-content\/uploads\/PS_ARMENIEN_Ausstellung-9-1050x750.jpg 1050w, https:\/\/visualjournalism.de\/wp-content\/uploads\/PS_ARMENIEN_Ausstellung-9-670x479.jpg 670w, https:\/\/visualjournalism.de\/wp-content\/uploads\/PS_ARMENIEN_Ausstellung-9-420x300.jpg 420w, https:\/\/visualjournalism.de\/wp-content\/uploads\/PS_ARMENIEN_Ausstellung-9-350x250.jpg 350w, https:\/\/visualjournalism.de\/wp-content\/uploads\/PS_ARMENIEN_Ausstellung-9-150x107.jpg 150w, https:\/\/visualjournalism.de\/wp-content\/uploads\/PS_ARMENIEN_Ausstellung-9.jpg 2000w\" \n                            width=\"1400\"  \n                            height=\"1000\" \n                            alt=\"\"  \n                        \/>\n\n                    <\/div>\n                \n                        \n\n                    <div class=\"splide__slide\">\n\n                        <img loading=\"lazy\" decoding=\"async\"  \n                            src=\"https:\/\/visualjournalism.de\/wp-content\/uploads\/PS_ARMENIEN_Ausstellung-16-1400x1050.jpg\" \n                            srcset=\"https:\/\/visualjournalism.de\/wp-content\/uploads\/PS_ARMENIEN_Ausstellung-16-1400x1050.jpg 1400w, https:\/\/visualjournalism.de\/wp-content\/uploads\/PS_ARMENIEN_Ausstellung-16-300x225.jpg 300w, https:\/\/visualjournalism.de\/wp-content\/uploads\/PS_ARMENIEN_Ausstellung-16-1024x768.jpg 1024w, https:\/\/visualjournalism.de\/wp-content\/uploads\/PS_ARMENIEN_Ausstellung-16-768x576.jpg 768w, https:\/\/visualjournalism.de\/wp-content\/uploads\/PS_ARMENIEN_Ausstellung-16-1536x1152.jpg 1536w, https:\/\/visualjournalism.de\/wp-content\/uploads\/PS_ARMENIEN_Ausstellung-16-1920x1440.jpg 1920w, https:\/\/visualjournalism.de\/wp-content\/uploads\/PS_ARMENIEN_Ausstellung-16-1050x788.jpg 1050w, https:\/\/visualjournalism.de\/wp-content\/uploads\/PS_ARMENIEN_Ausstellung-16-670x503.jpg 670w, https:\/\/visualjournalism.de\/wp-content\/uploads\/PS_ARMENIEN_Ausstellung-16-420x315.jpg 420w, https:\/\/visualjournalism.de\/wp-content\/uploads\/PS_ARMENIEN_Ausstellung-16-350x263.jpg 350w, https:\/\/visualjournalism.de\/wp-content\/uploads\/PS_ARMENIEN_Ausstellung-16-150x113.jpg 150w, https:\/\/visualjournalism.de\/wp-content\/uploads\/PS_ARMENIEN_Ausstellung-16.jpg 2000w\" \n                            width=\"1400\"  \n                            height=\"1050\" \n                            alt=\"\"  \n                        \/>\n\n                    <\/div>\n                \n                        \n\n                    <div class=\"splide__slide\">\n\n                        <img loading=\"lazy\" decoding=\"async\"  \n                            src=\"https:\/\/visualjournalism.de\/wp-content\/uploads\/PS_ARMENIEN_Ausstellung-8-1400x1000.jpg\" \n                            srcset=\"https:\/\/visualjournalism.de\/wp-content\/uploads\/PS_ARMENIEN_Ausstellung-8-1400x1000.jpg 1400w, https:\/\/visualjournalism.de\/wp-content\/uploads\/PS_ARMENIEN_Ausstellung-8-300x214.jpg 300w, https:\/\/visualjournalism.de\/wp-content\/uploads\/PS_ARMENIEN_Ausstellung-8-1024x732.jpg 1024w, https:\/\/visualjournalism.de\/wp-content\/uploads\/PS_ARMENIEN_Ausstellung-8-768x549.jpg 768w, https:\/\/visualjournalism.de\/wp-content\/uploads\/PS_ARMENIEN_Ausstellung-8-1536x1097.jpg 1536w, https:\/\/visualjournalism.de\/wp-content\/uploads\/PS_ARMENIEN_Ausstellung-8-1920x1372.jpg 1920w, https:\/\/visualjournalism.de\/wp-content\/uploads\/PS_ARMENIEN_Ausstellung-8-1050x750.jpg 1050w, https:\/\/visualjournalism.de\/wp-content\/uploads\/PS_ARMENIEN_Ausstellung-8-670x479.jpg 670w, https:\/\/visualjournalism.de\/wp-content\/uploads\/PS_ARMENIEN_Ausstellung-8-420x300.jpg 420w, https:\/\/visualjournalism.de\/wp-content\/uploads\/PS_ARMENIEN_Ausstellung-8-350x250.jpg 350w, https:\/\/visualjournalism.de\/wp-content\/uploads\/PS_ARMENIEN_Ausstellung-8-150x107.jpg 150w, https:\/\/visualjournalism.de\/wp-content\/uploads\/PS_ARMENIEN_Ausstellung-8.jpg 2000w\" \n                            width=\"1400\"  \n                            height=\"1000\" \n                            alt=\"\"  \n                        \/>\n\n                    <\/div>\n                \n                        \n\n                    <div class=\"splide__slide\">\n\n                        <img loading=\"lazy\" decoding=\"async\"  \n                            src=\"https:\/\/visualjournalism.de\/wp-content\/uploads\/PS_ARMENIEN_Ausstellung-3-1400x1000.jpg\" \n                            srcset=\"https:\/\/visualjournalism.de\/wp-content\/uploads\/PS_ARMENIEN_Ausstellung-3-1400x1000.jpg 1400w, https:\/\/visualjournalism.de\/wp-content\/uploads\/PS_ARMENIEN_Ausstellung-3-300x214.jpg 300w, https:\/\/visualjournalism.de\/wp-content\/uploads\/PS_ARMENIEN_Ausstellung-3-1024x732.jpg 1024w, https:\/\/visualjournalism.de\/wp-content\/uploads\/PS_ARMENIEN_Ausstellung-3-768x549.jpg 768w, https:\/\/visualjournalism.de\/wp-content\/uploads\/PS_ARMENIEN_Ausstellung-3-1536x1097.jpg 1536w, https:\/\/visualjournalism.de\/wp-content\/uploads\/PS_ARMENIEN_Ausstellung-3-1920x1372.jpg 1920w, https:\/\/visualjournalism.de\/wp-content\/uploads\/PS_ARMENIEN_Ausstellung-3-1050x750.jpg 1050w, https:\/\/visualjournalism.de\/wp-content\/uploads\/PS_ARMENIEN_Ausstellung-3-670x479.jpg 670w, https:\/\/visualjournalism.de\/wp-content\/uploads\/PS_ARMENIEN_Ausstellung-3-420x300.jpg 420w, https:\/\/visualjournalism.de\/wp-content\/uploads\/PS_ARMENIEN_Ausstellung-3-350x250.jpg 350w, https:\/\/visualjournalism.de\/wp-content\/uploads\/PS_ARMENIEN_Ausstellung-3-150x107.jpg 150w, https:\/\/visualjournalism.de\/wp-content\/uploads\/PS_ARMENIEN_Ausstellung-3.jpg 2000w\" \n                            width=\"1400\"  \n                            height=\"1000\" \n                            alt=\"\"  \n                        \/>\n\n                    <\/div>\n                \n                        \n\n                    <div class=\"splide__slide\">\n\n                        <img loading=\"lazy\" decoding=\"async\"  \n                            src=\"https:\/\/visualjournalism.de\/wp-content\/uploads\/PS_ARMENIEN_Ausstellung-11-1400x1000.jpg\" \n                            srcset=\"https:\/\/visualjournalism.de\/wp-content\/uploads\/PS_ARMENIEN_Ausstellung-11-1400x1000.jpg 1400w, https:\/\/visualjournalism.de\/wp-content\/uploads\/PS_ARMENIEN_Ausstellung-11-300x214.jpg 300w, https:\/\/visualjournalism.de\/wp-content\/uploads\/PS_ARMENIEN_Ausstellung-11-1024x732.jpg 1024w, https:\/\/visualjournalism.de\/wp-content\/uploads\/PS_ARMENIEN_Ausstellung-11-768x549.jpg 768w, https:\/\/visualjournalism.de\/wp-content\/uploads\/PS_ARMENIEN_Ausstellung-11-1536x1097.jpg 1536w, https:\/\/visualjournalism.de\/wp-content\/uploads\/PS_ARMENIEN_Ausstellung-11-1920x1372.jpg 1920w, https:\/\/visualjournalism.de\/wp-content\/uploads\/PS_ARMENIEN_Ausstellung-11-1050x750.jpg 1050w, https:\/\/visualjournalism.de\/wp-content\/uploads\/PS_ARMENIEN_Ausstellung-11-670x479.jpg 670w, https:\/\/visualjournalism.de\/wp-content\/uploads\/PS_ARMENIEN_Ausstellung-11-420x300.jpg 420w, https:\/\/visualjournalism.de\/wp-content\/uploads\/PS_ARMENIEN_Ausstellung-11-350x250.jpg 350w, https:\/\/visualjournalism.de\/wp-content\/uploads\/PS_ARMENIEN_Ausstellung-11-150x107.jpg 150w, https:\/\/visualjournalism.de\/wp-content\/uploads\/PS_ARMENIEN_Ausstellung-11.jpg 2000w\" \n                            width=\"1400\"  \n                            height=\"1000\" \n                            alt=\"\"  \n                        \/>\n\n                    <\/div>\n                \n                        \n\n                    <div class=\"splide__slide\">\n\n                        <img loading=\"lazy\" decoding=\"async\"  \n                            src=\"https:\/\/visualjournalism.de\/wp-content\/uploads\/PS_ARMENIEN_Ausstellung-10-1400x1000.jpg\" \n                            srcset=\"https:\/\/visualjournalism.de\/wp-content\/uploads\/PS_ARMENIEN_Ausstellung-10-1400x1000.jpg 1400w, https:\/\/visualjournalism.de\/wp-content\/uploads\/PS_ARMENIEN_Ausstellung-10-300x214.jpg 300w, https:\/\/visualjournalism.de\/wp-content\/uploads\/PS_ARMENIEN_Ausstellung-10-1024x732.jpg 1024w, https:\/\/visualjournalism.de\/wp-content\/uploads\/PS_ARMENIEN_Ausstellung-10-768x549.jpg 768w, https:\/\/visualjournalism.de\/wp-content\/uploads\/PS_ARMENIEN_Ausstellung-10-1536x1097.jpg 1536w, https:\/\/visualjournalism.de\/wp-content\/uploads\/PS_ARMENIEN_Ausstellung-10-1920x1372.jpg 1920w, https:\/\/visualjournalism.de\/wp-content\/uploads\/PS_ARMENIEN_Ausstellung-10-1050x750.jpg 1050w, https:\/\/visualjournalism.de\/wp-content\/uploads\/PS_ARMENIEN_Ausstellung-10-670x479.jpg 670w, https:\/\/visualjournalism.de\/wp-content\/uploads\/PS_ARMENIEN_Ausstellung-10-420x300.jpg 420w, https:\/\/visualjournalism.de\/wp-content\/uploads\/PS_ARMENIEN_Ausstellung-10-350x250.jpg 350w, https:\/\/visualjournalism.de\/wp-content\/uploads\/PS_ARMENIEN_Ausstellung-10-150x107.jpg 150w, https:\/\/visualjournalism.de\/wp-content\/uploads\/PS_ARMENIEN_Ausstellung-10.jpg 2000w\" \n                            width=\"1400\"  \n                            height=\"1000\" \n                            alt=\"\"  \n                        \/>\n\n                    <\/div>\n                \n                \n        <\/div> <!-- .splide__list -->\n\n    <\/div><!-- slide__track -->\n<\/div>\t\t<\/a>\r\n\t<\/figure><!-- .post__image -->\r\n\r\n<\/article>\r\n\n\n\n<div class=\"wp-block-group has-spacing--default has-spacing--default\">\n<div class=\"devider has-spacing--none\">\n    <hr>\n<\/div>\n\n\n \n\n    <div id=\"lead-in-block_0aab4971b358743cf8ebd1247ef89d10\" class=\"block-lead-in typo--default font-size--xl has-spacing--s width--default\">\n        <p><strong>Empfehlungen der Redaktion:<\/strong><\/p>\n    <\/div>\n\n\n\n\r\n\r\n\r\n\n\n\r\n\r\n\r\n\r\n        <div class=\"teaser-grid grid-layout--3col has-spacing--s width--inline\">\r\n\r\n            \r\n                <article class=\"post-teaser\">\r\n\r\n                    <a href=\"https:\/\/visualjournalism.de\/en\/magazine\/ratgeber\/so-schaffst-du-es-gute-portraets-zu-machen\/\" rel=\"permalink\">\r\n\r\n                        <div class=\"post-teaser__content\">\r\n\r\n                            <span class=\"entry-categories\">Ratgeber<\/span>\r\n                            <h3 class=\"post-teaser__headline\">\r\n                                So schaffst du es, gute Portr\u00e4ts zu machen.                             <\/h3>\r\n\r\n                            <div class=\"post-teaser__excerpt\">\r\n                                <p>Renommierte Fotograf*innen erz\u00e4hlen, wie sie in der Praxis mit Schwierigkeiten bei Portr\u00e4tshootings umgehen und wieso Posen manchmal ehrlicher sind, als man denkt.\u00a0<\/p>\r\n                            <\/div>\r\n\r\n                        <\/div><!-- .post-teaser__content -->\r\n\r\n\r\n                        \r\n                            <figure class=\"post-teaser__image\">\r\n                                <img loading=\"lazy\" decoding=\"async\"  \r\n                                    src=\"https:\/\/visualjournalism.de\/wp-content\/uploads\/2026\/01\/image-5-768x432.jpg\" \r\n                                    srcset=\"https:\/\/visualjournalism.de\/wp-content\/uploads\/2026\/01\/image-5-768x432.jpg 768w, https:\/\/visualjournalism.de\/wp-content\/uploads\/2026\/01\/image-5-300x169.jpg 300w, https:\/\/visualjournalism.de\/wp-content\/uploads\/2026\/01\/image-5-1024x576.jpg 1024w, https:\/\/visualjournalism.de\/wp-content\/uploads\/2026\/01\/image-5-1536x864.jpg 1536w, https:\/\/visualjournalism.de\/wp-content\/uploads\/2026\/01\/image-5-1400x788.jpg 1400w, https:\/\/visualjournalism.de\/wp-content\/uploads\/2026\/01\/image-5-1050x591.jpg 1050w, https:\/\/visualjournalism.de\/wp-content\/uploads\/2026\/01\/image-5-670x377.jpg 670w, https:\/\/visualjournalism.de\/wp-content\/uploads\/2026\/01\/image-5-420x236.jpg 420w, https:\/\/visualjournalism.de\/wp-content\/uploads\/2026\/01\/image-5-350x197.jpg 350w, https:\/\/visualjournalism.de\/wp-content\/uploads\/2026\/01\/image-5-150x84.jpg 150w, https:\/\/visualjournalism.de\/wp-content\/uploads\/2026\/01\/image-5.jpg 1600w\" \r\n                                    width=\"768\"  \r\n                                    height=\"432\" \r\n                                    alt=\"\"\r\n                                \/>\r\n                            <\/figure>\r\n\r\n                        \r\n                    \r\n                    <\/a>\r\n\r\n                <\/article><!--- .post-teaser-->\r\n\r\n            \r\n                <article class=\"post-teaser\">\r\n\r\n                    <a href=\"https:\/\/visualjournalism.de\/en\/magazine\/sammeln\/die-architektur-des-datenhandels\/\" rel=\"permalink\">\r\n\r\n                        <div class=\"post-teaser__content\">\r\n\r\n                            <span class=\"entry-categories\">Sammeln<\/span>\r\n                            <h3 class=\"post-teaser__headline\">\r\n                                Die Architektur des Datenhandels                            <\/h3>\r\n\r\n                            <div class=\"post-teaser__excerpt\">\r\n                                <p>Kaum ein System bleibt so unsichtbar und wirkt zugleich so weitreichend wie der Handel mit Nutzerdaten. Was wir anklicken, suchen oder besuchen, wird zu Signalen in einem globalen Markt, der Menschen in Kategorien einordnet und Informationen gezielt verteilt.<\/p>\r\n                            <\/div>\r\n\r\n                        <\/div><!-- .post-teaser__content -->\r\n\r\n\r\n                        \r\n                            <figure class=\"post-teaser__image\">\r\n                                <img loading=\"lazy\" decoding=\"async\"  \r\n                                    src=\"https:\/\/visualjournalism.de\/wp-content\/uploads\/24_Geiersbach-Paul_Accept-All-768x512.jpg\" \r\n                                    srcset=\"https:\/\/visualjournalism.de\/wp-content\/uploads\/24_Geiersbach-Paul_Accept-All-768x512.jpg 768w, https:\/\/visualjournalism.de\/wp-content\/uploads\/24_Geiersbach-Paul_Accept-All-300x200.jpg 300w, https:\/\/visualjournalism.de\/wp-content\/uploads\/24_Geiersbach-Paul_Accept-All-1024x682.jpg 1024w, https:\/\/visualjournalism.de\/wp-content\/uploads\/24_Geiersbach-Paul_Accept-All-1536x1024.jpg 1536w, https:\/\/visualjournalism.de\/wp-content\/uploads\/24_Geiersbach-Paul_Accept-All-1920x1280.jpg 1920w, https:\/\/visualjournalism.de\/wp-content\/uploads\/24_Geiersbach-Paul_Accept-All-1400x933.jpg 1400w, https:\/\/visualjournalism.de\/wp-content\/uploads\/24_Geiersbach-Paul_Accept-All-1050x700.jpg 1050w, https:\/\/visualjournalism.de\/wp-content\/uploads\/24_Geiersbach-Paul_Accept-All-670x447.jpg 670w, https:\/\/visualjournalism.de\/wp-content\/uploads\/24_Geiersbach-Paul_Accept-All-420x280.jpg 420w, https:\/\/visualjournalism.de\/wp-content\/uploads\/24_Geiersbach-Paul_Accept-All-350x233.jpg 350w, https:\/\/visualjournalism.de\/wp-content\/uploads\/24_Geiersbach-Paul_Accept-All-150x100.jpg 150w, https:\/\/visualjournalism.de\/wp-content\/uploads\/24_Geiersbach-Paul_Accept-All.jpg 2000w\" \r\n                                    width=\"768\"  \r\n                                    height=\"512\" \r\n                                    alt=\"eine querformatige farbige Fotografie. Eine W\u00fcstenlandschaft ist von oben fotografiert, mit einem leichten Sanh\u00fcgel. Der Sandh\u00fcgel ist in der Mitte des Bildes eingebrochen.\"\r\n                                \/>\r\n                            <\/figure>\r\n\r\n                        \r\n                    \r\n                    <\/a>\r\n\r\n                <\/article><!--- .post-teaser-->\r\n\r\n            \r\n                <article class=\"post-teaser\">\r\n\r\n                    <a href=\"https:\/\/visualjournalism.de\/en\/magazine\/ratgeber\/polaroid-emulsion-grosse-kunst-mit-wenig-aufwand\/\" rel=\"permalink\">\r\n\r\n                        <div class=\"post-teaser__content\">\r\n\r\n                            <span class=\"entry-categories\">Ratgeber<\/span>\r\n                            <h3 class=\"post-teaser__headline\">\r\n                                Polaroid-Emulsion: Gro\u00dfe Kunst mit wenig Aufwand                            <\/h3>\r\n\r\n                            <div class=\"post-teaser__excerpt\">\r\n                                <p>Du bist gelangweilt von deinen Bildern? Hier erf\u00e4hrst du wie du kleine Kunstwerke entstehen lassen kannst!<\/p>\r\n                            <\/div>\r\n\r\n                        <\/div><!-- .post-teaser__content -->\r\n\r\n\r\n                        \r\n                            <figure class=\"post-teaser__image\">\r\n                                <img loading=\"lazy\" decoding=\"async\"  \r\n                                    src=\"https:\/\/visualjournalism.de\/wp-content\/uploads\/DSC5126-768x768.jpg\" \r\n                                    srcset=\"https:\/\/visualjournalism.de\/wp-content\/uploads\/DSC5126-768x768.jpg 768w, https:\/\/visualjournalism.de\/wp-content\/uploads\/DSC5126-300x300.jpg 300w, https:\/\/visualjournalism.de\/wp-content\/uploads\/DSC5126-1024x1024.jpg 1024w, https:\/\/visualjournalism.de\/wp-content\/uploads\/DSC5126-150x150.jpg 150w, https:\/\/visualjournalism.de\/wp-content\/uploads\/DSC5126-1536x1536.jpg 1536w, https:\/\/visualjournalism.de\/wp-content\/uploads\/DSC5126-1400x1400.jpg 1400w, https:\/\/visualjournalism.de\/wp-content\/uploads\/DSC5126-1050x1050.jpg 1050w, https:\/\/visualjournalism.de\/wp-content\/uploads\/DSC5126-670x670.jpg 670w, https:\/\/visualjournalism.de\/wp-content\/uploads\/DSC5126-420x420.jpg 420w, https:\/\/visualjournalism.de\/wp-content\/uploads\/DSC5126-350x350.jpg 350w, https:\/\/visualjournalism.de\/wp-content\/uploads\/DSC5126-52x52.jpg 52w, https:\/\/visualjournalism.de\/wp-content\/uploads\/DSC5126-68x68.jpg 68w, https:\/\/visualjournalism.de\/wp-content\/uploads\/DSC5126-96x96.jpg 96w, https:\/\/visualjournalism.de\/wp-content\/uploads\/DSC5126.jpg 1806w\" \r\n                                    width=\"768\"  \r\n                                    height=\"768\" \r\n                                    alt=\"\"\r\n                                \/>\r\n                            <\/figure>\r\n\r\n                        \r\n                    \r\n                    <\/a>\r\n\r\n                <\/article><!--- .post-teaser-->\r\n\r\n            \r\n        <\/div><!-- .teaser-grid -->\r\n\r\n\n\n\r\n\r\n\r\n\n\n\n    <div class=\"btn-wrapper has-spacing--m\">\n        <a class=\"btn\" href=\"https:\/\/visualjournalism.de\/magazin\/\" target=\"_blank\">ZUR MAGAZIN-STARTSEITE<\/a>\n    <\/div>\n<\/div>\n","protected":false},"excerpt":{"rendered":"","protected":false},"author":3,"featured_media":52469,"parent":0,"menu_order":0,"comment_status":"closed","ping_status":"closed","template":"","meta":{"_acf_changed":false,"footnotes":""},"class_list":["post-52468","page","type-page","status-publish","has-post-thumbnail","hentry"],"acf":[],"yoast_head":"<!-- This site is optimized with the Yoast SEO Premium plugin v27.3 (Yoast SEO v27.3) - https:\/\/yoast.com\/product\/yoast-seo-premium-wordpress\/ -->\n<title>Patrick Slesiona<\/title>\n<meta name=\"description\" content=\"Patrick Slesiona studierte bis 2022 an der Hochschule Hannover. Er ist freiberuflich als Dokumentarfotograf f\u00fcr Zeitungen und Magazine t\u00e4tig.\" \/>\n<meta name=\"robots\" content=\"index, follow, max-snippet:-1, max-image-preview:large, max-video-preview:-1\" \/>\n<link rel=\"canonical\" href=\"https:\/\/visualjournalism.de\/en\/patrick-slesiona\/\" \/>\n<meta property=\"og:locale\" content=\"en_US\" \/>\n<meta property=\"og:type\" content=\"article\" \/>\n<meta property=\"og:title\" content=\"Patrick Slesiona\" \/>\n<meta property=\"og:description\" content=\"Patrick Slesiona studierte bis 2022 an der Hochschule Hannover. Er ist freiberuflich als Dokumentarfotograf f\u00fcr Zeitungen und Magazine t\u00e4tig.\" \/>\n<meta property=\"og:url\" content=\"https:\/\/visualjournalism.de\/en\/patrick-slesiona\/\" \/>\n<meta property=\"og:site_name\" content=\"Visual Journalism and Documentary Photography\" \/>\n<meta property=\"article:publisher\" content=\"https:\/\/www.facebook.com\/people\/wwwfotostudentende\/100065173703897\/\" \/>\n<meta property=\"article:modified_time\" content=\"2024-12-06T10:49:35+00:00\" \/>\n<meta property=\"og:image\" content=\"https:\/\/visualjournalism.de\/wp-content\/uploads\/PS_Headshot-1024x1280-2.jpg\" \/>\n\t<meta property=\"og:image:width\" content=\"1024\" \/>\n\t<meta property=\"og:image:height\" content=\"1280\" \/>\n\t<meta property=\"og:image:type\" content=\"image\/jpeg\" \/>\n<meta name=\"twitter:card\" content=\"summary_large_image\" \/>\n<meta name=\"twitter:site\" content=\"@HsHannover\" \/>\n<meta name=\"twitter:label1\" content=\"Est. reading time\" \/>\n\t<meta name=\"twitter:data1\" content=\"1 minute\" \/>\n<script type=\"application\/ld+json\" class=\"yoast-schema-graph\">{\"@context\":\"https:\\\/\\\/schema.org\",\"@graph\":[{\"@type\":\"WebPage\",\"@id\":\"https:\\\/\\\/visualjournalism.de\\\/en\\\/patrick-slesiona\\\/\",\"url\":\"https:\\\/\\\/visualjournalism.de\\\/en\\\/patrick-slesiona\\\/\",\"name\":\"Patrick Slesiona\",\"isPartOf\":{\"@id\":\"https:\\\/\\\/visualjournalism.de\\\/en\\\/#website\"},\"primaryImageOfPage\":{\"@id\":\"https:\\\/\\\/visualjournalism.de\\\/en\\\/patrick-slesiona\\\/#primaryimage\"},\"image\":{\"@id\":\"https:\\\/\\\/visualjournalism.de\\\/en\\\/patrick-slesiona\\\/#primaryimage\"},\"thumbnailUrl\":\"https:\\\/\\\/visualjournalism.de\\\/wp-content\\\/uploads\\\/PS_Headshot-1024x1280-2.jpg\",\"datePublished\":\"2024-12-06T10:49:33+00:00\",\"dateModified\":\"2024-12-06T10:49:35+00:00\",\"description\":\"Patrick Slesiona studierte bis 2022 an der Hochschule Hannover. Er ist freiberuflich als Dokumentarfotograf f\u00fcr Zeitungen und Magazine t\u00e4tig.\",\"breadcrumb\":{\"@id\":\"https:\\\/\\\/visualjournalism.de\\\/en\\\/patrick-slesiona\\\/#breadcrumb\"},\"inLanguage\":\"en-US\",\"potentialAction\":[{\"@type\":\"ReadAction\",\"target\":[\"https:\\\/\\\/visualjournalism.de\\\/en\\\/patrick-slesiona\\\/\"]}]},{\"@type\":\"ImageObject\",\"inLanguage\":\"en-US\",\"@id\":\"https:\\\/\\\/visualjournalism.de\\\/en\\\/patrick-slesiona\\\/#primaryimage\",\"url\":\"https:\\\/\\\/visualjournalism.de\\\/wp-content\\\/uploads\\\/PS_Headshot-1024x1280-2.jpg\",\"contentUrl\":\"https:\\\/\\\/visualjournalism.de\\\/wp-content\\\/uploads\\\/PS_Headshot-1024x1280-2.jpg\",\"width\":1024,\"height\":1280,\"caption\":\"Portr\u00e4t von Patrick Slesiona. Foto:\"},{\"@type\":\"BreadcrumbList\",\"@id\":\"https:\\\/\\\/visualjournalism.de\\\/en\\\/patrick-slesiona\\\/#breadcrumb\",\"itemListElement\":[{\"@type\":\"ListItem\",\"position\":1,\"name\":\"Home\",\"item\":\"https:\\\/\\\/visualjournalism.de\\\/en\\\/\"},{\"@type\":\"ListItem\",\"position\":2,\"name\":\"Patrick Slesiona\"}]},{\"@type\":\"WebSite\",\"@id\":\"https:\\\/\\\/visualjournalism.de\\\/en\\\/#website\",\"url\":\"https:\\\/\\\/visualjournalism.de\\\/en\\\/\",\"name\":\"Visual Journalism and Documentary Photography\",\"description\":\"All about the bilingual bachelor&#039;s program at Hannover University of Applied Sciences and Arts.\",\"publisher\":{\"@id\":\"https:\\\/\\\/visualjournalism.de\\\/en\\\/#organization\"},\"alternateName\":\"visualjournalism.de\",\"potentialAction\":[{\"@type\":\"SearchAction\",\"target\":{\"@type\":\"EntryPoint\",\"urlTemplate\":\"https:\\\/\\\/visualjournalism.de\\\/en\\\/?s={search_term_string}\"},\"query-input\":{\"@type\":\"PropertyValueSpecification\",\"valueRequired\":true,\"valueName\":\"search_term_string\"}}],\"inLanguage\":\"en-US\"},{\"@type\":\"Organization\",\"@id\":\"https:\\\/\\\/visualjournalism.de\\\/en\\\/#organization\",\"name\":\"Hochschule Hannover \u2013 University of Applied Sciences and Arts\",\"alternateName\":\"HsH\",\"url\":\"https:\\\/\\\/visualjournalism.de\\\/en\\\/\",\"logo\":{\"@type\":\"ImageObject\",\"inLanguage\":\"en-US\",\"@id\":\"https:\\\/\\\/visualjournalism.de\\\/en\\\/#\\\/schema\\\/logo\\\/image\\\/\",\"url\":\"https:\\\/\\\/visualjournalism.de\\\/wp-content\\\/uploads\\\/logo-hochschule-hannover.png\",\"contentUrl\":\"https:\\\/\\\/visualjournalism.de\\\/wp-content\\\/uploads\\\/logo-hochschule-hannover.png\",\"width\":363,\"height\":270,\"caption\":\"Hochschule Hannover \u2013 University of Applied Sciences and Arts\"},\"image\":{\"@id\":\"https:\\\/\\\/visualjournalism.de\\\/en\\\/#\\\/schema\\\/logo\\\/image\\\/\"},\"sameAs\":[\"https:\\\/\\\/www.facebook.com\\\/people\\\/wwwfotostudentende\\\/100065173703897\\\/\",\"https:\\\/\\\/x.com\\\/HsHannover\",\"https:\\\/\\\/www.instagram.com\\\/visualjournalism.de\\\/\"]}]}<\/script>\n<!-- \/ Yoast SEO Premium plugin. -->","yoast_head_json":{"title":"Patrick Slesiona","description":"Patrick Slesiona studierte bis 2022 an der Hochschule Hannover. Er ist freiberuflich als Dokumentarfotograf f\u00fcr Zeitungen und Magazine t\u00e4tig.","robots":{"index":"index","follow":"follow","max-snippet":"max-snippet:-1","max-image-preview":"max-image-preview:large","max-video-preview":"max-video-preview:-1"},"canonical":"https:\/\/visualjournalism.de\/en\/patrick-slesiona\/","og_locale":"en_US","og_type":"article","og_title":"Patrick Slesiona","og_description":"Patrick Slesiona studierte bis 2022 an der Hochschule Hannover. Er ist freiberuflich als Dokumentarfotograf f\u00fcr Zeitungen und Magazine t\u00e4tig.","og_url":"https:\/\/visualjournalism.de\/en\/patrick-slesiona\/","og_site_name":"Visual Journalism and Documentary Photography","article_publisher":"https:\/\/www.facebook.com\/people\/wwwfotostudentende\/100065173703897\/","article_modified_time":"2024-12-06T10:49:35+00:00","og_image":[{"width":1024,"height":1280,"url":"https:\/\/visualjournalism.de\/wp-content\/uploads\/PS_Headshot-1024x1280-2.jpg","type":"image\/jpeg"}],"twitter_card":"summary_large_image","twitter_site":"@HsHannover","twitter_misc":{"Est. reading time":"1 minute"},"schema":{"@context":"https:\/\/schema.org","@graph":[{"@type":"WebPage","@id":"https:\/\/visualjournalism.de\/en\/patrick-slesiona\/","url":"https:\/\/visualjournalism.de\/en\/patrick-slesiona\/","name":"Patrick Slesiona","isPartOf":{"@id":"https:\/\/visualjournalism.de\/en\/#website"},"primaryImageOfPage":{"@id":"https:\/\/visualjournalism.de\/en\/patrick-slesiona\/#primaryimage"},"image":{"@id":"https:\/\/visualjournalism.de\/en\/patrick-slesiona\/#primaryimage"},"thumbnailUrl":"https:\/\/visualjournalism.de\/wp-content\/uploads\/PS_Headshot-1024x1280-2.jpg","datePublished":"2024-12-06T10:49:33+00:00","dateModified":"2024-12-06T10:49:35+00:00","description":"Patrick Slesiona studierte bis 2022 an der Hochschule Hannover. Er ist freiberuflich als Dokumentarfotograf f\u00fcr Zeitungen und Magazine t\u00e4tig.","breadcrumb":{"@id":"https:\/\/visualjournalism.de\/en\/patrick-slesiona\/#breadcrumb"},"inLanguage":"en-US","potentialAction":[{"@type":"ReadAction","target":["https:\/\/visualjournalism.de\/en\/patrick-slesiona\/"]}]},{"@type":"ImageObject","inLanguage":"en-US","@id":"https:\/\/visualjournalism.de\/en\/patrick-slesiona\/#primaryimage","url":"https:\/\/visualjournalism.de\/wp-content\/uploads\/PS_Headshot-1024x1280-2.jpg","contentUrl":"https:\/\/visualjournalism.de\/wp-content\/uploads\/PS_Headshot-1024x1280-2.jpg","width":1024,"height":1280,"caption":"Portr\u00e4t von Patrick Slesiona. Foto:"},{"@type":"BreadcrumbList","@id":"https:\/\/visualjournalism.de\/en\/patrick-slesiona\/#breadcrumb","itemListElement":[{"@type":"ListItem","position":1,"name":"Home","item":"https:\/\/visualjournalism.de\/en\/"},{"@type":"ListItem","position":2,"name":"Patrick Slesiona"}]},{"@type":"WebSite","@id":"https:\/\/visualjournalism.de\/en\/#website","url":"https:\/\/visualjournalism.de\/en\/","name":"Visual Journalism and Documentary Photography","description":"All about the bilingual bachelor&#039;s program at Hannover University of Applied Sciences and Arts.","publisher":{"@id":"https:\/\/visualjournalism.de\/en\/#organization"},"alternateName":"visualjournalism.de","potentialAction":[{"@type":"SearchAction","target":{"@type":"EntryPoint","urlTemplate":"https:\/\/visualjournalism.de\/en\/?s={search_term_string}"},"query-input":{"@type":"PropertyValueSpecification","valueRequired":true,"valueName":"search_term_string"}}],"inLanguage":"en-US"},{"@type":"Organization","@id":"https:\/\/visualjournalism.de\/en\/#organization","name":"Hochschule Hannover \u2013 University of Applied Sciences and Arts","alternateName":"HsH","url":"https:\/\/visualjournalism.de\/en\/","logo":{"@type":"ImageObject","inLanguage":"en-US","@id":"https:\/\/visualjournalism.de\/en\/#\/schema\/logo\/image\/","url":"https:\/\/visualjournalism.de\/wp-content\/uploads\/logo-hochschule-hannover.png","contentUrl":"https:\/\/visualjournalism.de\/wp-content\/uploads\/logo-hochschule-hannover.png","width":363,"height":270,"caption":"Hochschule Hannover \u2013 University of Applied Sciences and Arts"},"image":{"@id":"https:\/\/visualjournalism.de\/en\/#\/schema\/logo\/image\/"},"sameAs":["https:\/\/www.facebook.com\/people\/wwwfotostudentende\/100065173703897\/","https:\/\/x.com\/HsHannover","https:\/\/www.instagram.com\/visualjournalism.de\/"]}]}},"_links":{"self":[{"href":"https:\/\/visualjournalism.de\/en\/wp-json\/wp\/v2\/pages\/52468","targetHints":{"allow":["GET"]}}],"collection":[{"href":"https:\/\/visualjournalism.de\/en\/wp-json\/wp\/v2\/pages"}],"about":[{"href":"https:\/\/visualjournalism.de\/en\/wp-json\/wp\/v2\/types\/page"}],"author":[{"embeddable":true,"href":"https:\/\/visualjournalism.de\/en\/wp-json\/wp\/v2\/users\/3"}],"replies":[{"embeddable":true,"href":"https:\/\/visualjournalism.de\/en\/wp-json\/wp\/v2\/comments?post=52468"}],"version-history":[{"count":0,"href":"https:\/\/visualjournalism.de\/en\/wp-json\/wp\/v2\/pages\/52468\/revisions"}],"wp:featuredmedia":[{"embeddable":true,"href":"https:\/\/visualjournalism.de\/en\/wp-json\/wp\/v2\/media\/52469"}],"wp:attachment":[{"href":"https:\/\/visualjournalism.de\/en\/wp-json\/wp\/v2\/media?parent=52468"}],"curies":[{"name":"wp","href":"https:\/\/api.w.org\/{rel}","templated":true}]}}