{"id":52842,"date":"2025-03-06T10:57:30","date_gmt":"2025-03-06T10:57:30","guid":{"rendered":"https:\/\/visualjournalism.de\/?page_id=52842"},"modified":"2025-03-09T12:25:50","modified_gmt":"2025-03-09T12:25:50","slug":"lena-bastin","status":"publish","type":"page","link":"https:\/\/visualjournalism.de\/en\/lena-bastin\/","title":{"rendered":"Lena Bastin"},"content":{"rendered":"\n \n\n    <div id=\"lead-in-block_a65186efab60e9d3c30016b777a3ab60\" class=\"block-lead-in typo--default font-size--xl has-spacing--m width--default\">\n        <p><strong>Lena Bastin<\/strong><\/p>\n    <\/div>\n\n\n\n\n<div class=\"pinned-block has-spacing--none\">\n\t\n\n<div class=\"pinned-block__column--left\">\n    \n    <figure class=\"block-photo post__image--half-right has-spacing--m no-title\">\n\n        <div class=\"post__image__container\">\n            <img loading=\"lazy\" decoding=\"async\" \n                src=\"https:\/\/visualjournalism.de\/wp-content\/uploads\/Lena-Bastin-768x768.jpg\"\n                srcset=\"https:\/\/visualjournalism.de\/wp-content\/uploads\/Lena-Bastin-768x768.jpg 768w, https:\/\/visualjournalism.de\/wp-content\/uploads\/Lena-Bastin-300x300.jpg 300w, https:\/\/visualjournalism.de\/wp-content\/uploads\/Lena-Bastin-1024x1024.jpg 1024w, https:\/\/visualjournalism.de\/wp-content\/uploads\/Lena-Bastin-150x150.jpg 150w, https:\/\/visualjournalism.de\/wp-content\/uploads\/Lena-Bastin-1536x1536.jpg 1536w, https:\/\/visualjournalism.de\/wp-content\/uploads\/Lena-Bastin-1400x1400.jpg 1400w, https:\/\/visualjournalism.de\/wp-content\/uploads\/Lena-Bastin-1050x1050.jpg 1050w, https:\/\/visualjournalism.de\/wp-content\/uploads\/Lena-Bastin-670x670.jpg 670w, https:\/\/visualjournalism.de\/wp-content\/uploads\/Lena-Bastin-420x420.jpg 420w, https:\/\/visualjournalism.de\/wp-content\/uploads\/Lena-Bastin-350x350.jpg 350w, https:\/\/visualjournalism.de\/wp-content\/uploads\/Lena-Bastin-52x52.jpg 52w, https:\/\/visualjournalism.de\/wp-content\/uploads\/Lena-Bastin-68x68.jpg 68w, https:\/\/visualjournalism.de\/wp-content\/uploads\/Lena-Bastin-96x96.jpg 96w, https:\/\/visualjournalism.de\/wp-content\/uploads\/Lena-Bastin.jpg 1807w\"\n                width=\"768\" \n                height=\"768\"\n                alt=\"\" \n            \/>\n            \n                    <\/div><!-- post__image__container -->\n\n        \n    <\/figure><!-- post__image -->\n\n\n\n<\/div>\n\n\n<div class=\"pinned-block__column--right\">\n    \n\n<p class=\"post__paragraph is-style-typo--soehne has-spacing--default\"><strong>Lena Bastin<\/strong> (1997) studiert seit dem Wintersemester 24 Journalistik an der Fachhochschule Hannover. Nach der Schulpflicht absolvierte sie eine Ausbildung zur staatlich anerkannten Kosmetikerin und entschloss sich, ihr Fachabitur auf dem zweiten Bildungsweg nachzuholen. 2020 wurde Sie Mutter und betreute ihr Kind intensiv 3 Jahre lang. &nbsp;<\/p>\n\n\n\n<p class=\"post__paragraph is-style-typo--soehne has-spacing--default\">Durch gesammelte Lebenserfahrung gilt ihre Leidenschaft besonders dem&nbsp;Schreiben und der Aufkl\u00e4rung&nbsp;gesellschaftlicher Ungerechtigkeiten und sozialen Missst\u00e4nden. &nbsp;<\/p>\n\n\n\n<p class=\"post__paragraph is-style-typo--soehne has-spacing--default\">Sie interessiert sich au\u00dferdem f\u00fcr Politik, Musik und P\u00e4dagogik. &nbsp;<\/p>\n\n\n\n<p class=\"post__paragraph is-style-typo--soehne has-spacing--default\"><strong>Kontakt<\/strong><\/p>\n\n\n\n<p class=\"post__paragraph is-style-typo--soehne has-spacing--default\">E-Mail: &nbsp;lena.bastin@stud.hs-hannover.de&nbsp;<\/p>\n\n\n<\/div>\n<\/div>\n\n\n<div class=\"devider has-spacing--none\">\n    <hr>\n<\/div>\n\n\n \n\n    <div id=\"lead-in-block_2791a467a76f3b8ca10e29a77d9daa6b\" class=\"block-lead-in typo--default font-size--xl has-spacing--xs width--default\">\n        <h2>Lenas Beitr\u00e4ge:<\/h2>\n    <\/div>\n\n\n\n\r\n<article class=\"post-teaser teaser-single--full has-spacing--m post-50847 magazin type-magazin status-publish has-post-thumbnail hentry tag-arbeit-beruf tag-familie-beziehungen tag-fotostrecke tag-maennlichkeit magazinkategorie-arbeit\">\r\n\t<header class=\"entry-header\">\r\n\r\n\t\t<div class=\"entry-categories\">\n\t<a class=\"post__tag\" href=\"https:\/\/visualjournalism.de\/magazin-kategorie\/arbeit\/\" rel=\"category tag\">Arbeit<\/a><\/div>\r\n\t\t<a href=\"https:\/\/visualjournalism.de\/en\/magazine\/arbeit\/papa-macht-das-schon-wenn-vaeter-familienzeit-fordern\/\" rel=\"bookmark\">\r\n\t\t\t<h2 class=\"entry-title\">Elternzeit f\u00fcr V\u00e4ter: Papa macht das schon.<\/h2>\r\n\t\t\t<p class=\"entry-excerpt\">Eine neue Studie zeigt: V\u00e4ter w\u00fcnschen sich mehr Flexibilit\u00e4t vom Arbeitgeber. Wer darauf eingeht, profitiert langfristig.<\/p>\r\n\t\t<\/a>\r\n\r\n\t<\/header><!-- .entry-header -->\r\n\r\n\t<figure class=\"post__image\">\r\n\t\t<a href=\"https:\/\/visualjournalism.de\/en\/magazine\/arbeit\/papa-macht-das-schon-wenn-vaeter-familienzeit-fordern\/\" rel=\"bookmark\">\r\n\t\t\t<img loading=\"lazy\" decoding=\"async\" width=\"1400\" height=\"934\" src=\"https:\/\/visualjournalism.de\/wp-content\/uploads\/240423_Der-Vater-huet-die-Schaf_Ilkay-Karakurt__DZ86823-1400x934.jpg\" class=\"attachment-photo-block--full size-photo-block--full\" alt=\"Am Abend liegt ein Vater mit seinem Kind auf einem Sofa. Das Licht eines elektornischen Ger\u00e4tes f\u00e4llt ins Gesicht der beiden. Vertieft schauen sie auf die Oberfl\u00e4che.\" srcset=\"https:\/\/visualjournalism.de\/wp-content\/uploads\/240423_Der-Vater-huet-die-Schaf_Ilkay-Karakurt__DZ86823-1400x934.jpg 1400w, https:\/\/visualjournalism.de\/wp-content\/uploads\/240423_Der-Vater-huet-die-Schaf_Ilkay-Karakurt__DZ86823-300x200.jpg 300w, https:\/\/visualjournalism.de\/wp-content\/uploads\/240423_Der-Vater-huet-die-Schaf_Ilkay-Karakurt__DZ86823-1024x683.jpg 1024w, https:\/\/visualjournalism.de\/wp-content\/uploads\/240423_Der-Vater-huet-die-Schaf_Ilkay-Karakurt__DZ86823-768x512.jpg 768w, https:\/\/visualjournalism.de\/wp-content\/uploads\/240423_Der-Vater-huet-die-Schaf_Ilkay-Karakurt__DZ86823-1536x1024.jpg 1536w, https:\/\/visualjournalism.de\/wp-content\/uploads\/240423_Der-Vater-huet-die-Schaf_Ilkay-Karakurt__DZ86823-2048x1366.jpg 2048w, https:\/\/visualjournalism.de\/wp-content\/uploads\/240423_Der-Vater-huet-die-Schaf_Ilkay-Karakurt__DZ86823-1920x1280.jpg 1920w, https:\/\/visualjournalism.de\/wp-content\/uploads\/240423_Der-Vater-huet-die-Schaf_Ilkay-Karakurt__DZ86823-1050x700.jpg 1050w, https:\/\/visualjournalism.de\/wp-content\/uploads\/240423_Der-Vater-huet-die-Schaf_Ilkay-Karakurt__DZ86823-670x447.jpg 670w, https:\/\/visualjournalism.de\/wp-content\/uploads\/240423_Der-Vater-huet-die-Schaf_Ilkay-Karakurt__DZ86823-420x280.jpg 420w, https:\/\/visualjournalism.de\/wp-content\/uploads\/240423_Der-Vater-huet-die-Schaf_Ilkay-Karakurt__DZ86823-350x233.jpg 350w, https:\/\/visualjournalism.de\/wp-content\/uploads\/240423_Der-Vater-huet-die-Schaf_Ilkay-Karakurt__DZ86823-150x100.jpg 150w\" sizes=\"auto, (max-width: 1400px) 100vw, 1400px\" \/>\t\t<\/a>\r\n\t<\/figure><!-- .post__image -->\r\n\r\n<\/article>\r\n\n\n\n<div class=\"wp-block-group has-spacing--default has-spacing--default\">\n<div class=\"devider has-spacing--none\">\n    <hr>\n<\/div>\n\n\n \n\n    <div id=\"lead-in-block_74e1268c24069772f95efe31dbd1c399\" class=\"block-lead-in typo--default font-size--xl has-spacing--s width--default\">\n        <p><strong>Empfehlungen der Redaktion:<\/strong><\/p>\n    <\/div>\n\n\n\n\r\n\r\n\r\n\n\n\r\n\r\n\r\n\r\n        <div class=\"teaser-grid grid-layout--3col has-spacing--s width--inline\">\r\n\r\n            \r\n                <article class=\"post-teaser\">\r\n\r\n                    <a href=\"https:\/\/visualjournalism.de\/en\/magazine\/ratgeber\/so-schaffst-du-es-gute-portraets-zu-machen\/\" rel=\"permalink\">\r\n\r\n                        <div class=\"post-teaser__content\">\r\n\r\n                            <span class=\"entry-categories\">Ratgeber<\/span>\r\n                            <h3 class=\"post-teaser__headline\">\r\n                                Portr\u00e4tfotografie: 9 Profi-Tipps f\u00fcr ausdrucksstarke Portr\u00e4ts.                            <\/h3>\r\n\r\n                            <div class=\"post-teaser__excerpt\">\r\n                                <p>Renommierte Portr\u00e4tfotograf*innen verraten ihre Tipps: wie sie mit Schwierigkeiten beim Shooting umgehen, Menschen entspannen und warum Posen oft ehrlicher sind, als man denkt.<\/p>\r\n                            <\/div>\r\n\r\n                        <\/div><!-- .post-teaser__content -->\r\n\r\n\r\n                        \r\n                            <figure class=\"post-teaser__image\">\r\n                                <img loading=\"lazy\" decoding=\"async\"  \r\n                                    src=\"https:\/\/visualjournalism.de\/wp-content\/uploads\/2026\/01\/image-5-768x432.jpg\" \r\n                                    srcset=\"https:\/\/visualjournalism.de\/wp-content\/uploads\/2026\/01\/image-5-768x432.jpg 768w, https:\/\/visualjournalism.de\/wp-content\/uploads\/2026\/01\/image-5-300x169.jpg 300w, https:\/\/visualjournalism.de\/wp-content\/uploads\/2026\/01\/image-5-1024x576.jpg 1024w, https:\/\/visualjournalism.de\/wp-content\/uploads\/2026\/01\/image-5-1536x864.jpg 1536w, https:\/\/visualjournalism.de\/wp-content\/uploads\/2026\/01\/image-5-1400x788.jpg 1400w, https:\/\/visualjournalism.de\/wp-content\/uploads\/2026\/01\/image-5-1050x591.jpg 1050w, https:\/\/visualjournalism.de\/wp-content\/uploads\/2026\/01\/image-5-670x377.jpg 670w, https:\/\/visualjournalism.de\/wp-content\/uploads\/2026\/01\/image-5-420x236.jpg 420w, https:\/\/visualjournalism.de\/wp-content\/uploads\/2026\/01\/image-5-350x197.jpg 350w, https:\/\/visualjournalism.de\/wp-content\/uploads\/2026\/01\/image-5-150x84.jpg 150w, https:\/\/visualjournalism.de\/wp-content\/uploads\/2026\/01\/image-5.jpg 1600w\" \r\n                                    width=\"768\"  \r\n                                    height=\"432\" \r\n                                    alt=\"\"\r\n                                \/>\r\n                            <\/figure>\r\n\r\n                        \r\n                    \r\n                    <\/a>\r\n\r\n                <\/article><!--- .post-teaser-->\r\n\r\n            \r\n                <article class=\"post-teaser\">\r\n\r\n                    <a href=\"https:\/\/visualjournalism.de\/en\/magazine\/ratgeber\/professionelle-kamera-fuer-fotografen-warum-nicht-die-marke-zaehlt\/\" rel=\"permalink\">\r\n\r\n                        <div class=\"post-teaser__content\">\r\n\r\n                            <span class=\"entry-categories\">Ratgeber<\/span>\r\n                            <h3 class=\"post-teaser__headline\">\r\n                                Welche Kamera f\u00fcr Fotografie? Profis erkl\u00e4ren, warum die Technik zweitrangig ist.                            <\/h3>\r\n\r\n                            <div class=\"post-teaser__excerpt\">\r\n                                <p>Analog oder digital, Vollformat oder APS-C, spiegellos oder Spiegelreflex? Magnum-Fotografin Nanna Heitmann und Lehrende der Hochschule Hannover erkl\u00e4ren, warum nicht die Kamera-Marke \u00fcber gute Fotos entscheidet, sondern die Person dahinter.<\/p>\r\n                            <\/div>\r\n\r\n                        <\/div><!-- .post-teaser__content -->\r\n\r\n\r\n                        \r\n                            <figure class=\"post-teaser__image\">\r\n                                <img loading=\"lazy\" decoding=\"async\"  \r\n                                    src=\"https:\/\/visualjournalism.de\/wp-content\/uploads\/2025\/08\/Kameras-768x512.jpg\" \r\n                                    srcset=\"https:\/\/visualjournalism.de\/wp-content\/uploads\/2025\/08\/Kameras-768x512.jpg 768w, https:\/\/visualjournalism.de\/wp-content\/uploads\/2025\/08\/Kameras-300x200.jpg 300w, https:\/\/visualjournalism.de\/wp-content\/uploads\/2025\/08\/Kameras-1024x683.jpg 1024w, https:\/\/visualjournalism.de\/wp-content\/uploads\/2025\/08\/Kameras-1536x1024.jpg 1536w, https:\/\/visualjournalism.de\/wp-content\/uploads\/2025\/08\/Kameras-2048x1365.jpg 2048w, https:\/\/visualjournalism.de\/wp-content\/uploads\/2025\/08\/Kameras-1920x1280.jpg 1920w, https:\/\/visualjournalism.de\/wp-content\/uploads\/2025\/08\/Kameras-1400x933.jpg 1400w, https:\/\/visualjournalism.de\/wp-content\/uploads\/2025\/08\/Kameras-1050x700.jpg 1050w, https:\/\/visualjournalism.de\/wp-content\/uploads\/2025\/08\/Kameras-670x447.jpg 670w, https:\/\/visualjournalism.de\/wp-content\/uploads\/2025\/08\/Kameras-420x280.jpg 420w, https:\/\/visualjournalism.de\/wp-content\/uploads\/2025\/08\/Kameras-350x233.jpg 350w, https:\/\/visualjournalism.de\/wp-content\/uploads\/2025\/08\/Kameras-150x100.jpg 150w\" \r\n                                    width=\"768\"  \r\n                                    height=\"512\" \r\n                                    alt=\"\"\r\n                                \/>\r\n                            <\/figure>\r\n\r\n                        \r\n                    \r\n                    <\/a>\r\n\r\n                <\/article><!--- .post-teaser-->\r\n\r\n            \r\n                <article class=\"post-teaser\">\r\n\r\n                    <a href=\"https:\/\/visualjournalism.de\/en\/magazine\/sammeln\/von-ausbeutung-und-musikalischem-erbe\/\" rel=\"permalink\">\r\n\r\n                        <div class=\"post-teaser__content\">\r\n\r\n                            <span class=\"entry-categories\">Sammeln<\/span>\r\n                            <h3 class=\"post-teaser__headline\">\r\n                                Habibi Funk: Von Ausbeutung und musikalischem Erbe                            <\/h3>\r\n\r\n                            <div class=\"post-teaser__excerpt\">\r\n                                <p>Was bedeutet kulturelle Verantwortung im Musikgesch\u00e4ft? Ein Berliner Label gibt vergessener arabischer Musik eine B\u00fchne \u2013 und fragt, wem das Erbe geh\u00f6rt.<\/p>\r\n                            <\/div>\r\n\r\n                        <\/div><!-- .post-teaser__content -->\r\n\r\n\r\n                        \r\n                            <figure class=\"post-teaser__image\">\r\n                                <img loading=\"lazy\" decoding=\"async\"  \r\n                                    src=\"https:\/\/visualjournalism.de\/wp-content\/uploads\/DSC04407-768x512.jpg\" \r\n                                    srcset=\"https:\/\/visualjournalism.de\/wp-content\/uploads\/DSC04407-768x512.jpg 768w, https:\/\/visualjournalism.de\/wp-content\/uploads\/DSC04407-300x200.jpg 300w, https:\/\/visualjournalism.de\/wp-content\/uploads\/DSC04407-1024x683.jpg 1024w, https:\/\/visualjournalism.de\/wp-content\/uploads\/DSC04407-1536x1024.jpg 1536w, https:\/\/visualjournalism.de\/wp-content\/uploads\/DSC04407-2048x1365.jpg 2048w, https:\/\/visualjournalism.de\/wp-content\/uploads\/DSC04407-1920x1280.jpg 1920w, https:\/\/visualjournalism.de\/wp-content\/uploads\/DSC04407-1400x933.jpg 1400w, https:\/\/visualjournalism.de\/wp-content\/uploads\/DSC04407-1050x700.jpg 1050w, https:\/\/visualjournalism.de\/wp-content\/uploads\/DSC04407-670x447.jpg 670w, https:\/\/visualjournalism.de\/wp-content\/uploads\/DSC04407-420x280.jpg 420w, https:\/\/visualjournalism.de\/wp-content\/uploads\/DSC04407-350x233.jpg 350w, https:\/\/visualjournalism.de\/wp-content\/uploads\/DSC04407-150x100.jpg 150w\" \r\n                                    width=\"768\"  \r\n                                    height=\"512\" \r\n                                    alt=\"\"\r\n                                \/>\r\n                            <\/figure>\r\n\r\n                        \r\n                    \r\n                    <\/a>\r\n\r\n                <\/article><!--- .post-teaser-->\r\n\r\n            \r\n        <\/div><!-- .teaser-grid -->\r\n\r\n\n\n\r\n\r\n\r\n\n\n\n    <div class=\"btn-wrapper has-spacing--m\">\n        <a class=\"btn\" href=\"https:\/\/visualjournalism.de\/magazin\/\" target=\"_blank\">ZUR MAGAZIN-STARTSEITE<\/a>\n    <\/div>\n<\/div>\n","protected":false},"excerpt":{"rendered":"","protected":false},"author":88,"featured_media":0,"parent":0,"menu_order":0,"comment_status":"closed","ping_status":"closed","template":"","meta":{"_acf_changed":false,"footnotes":""},"class_list":["post-52842","page","type-page","status-publish","hentry"],"acf":[],"yoast_head":"<!-- This site is optimized with the Yoast SEO Premium plugin v27.7 (Yoast SEO v27.7) - https:\/\/yoast.com\/product\/yoast-seo-premium-wordpress\/ -->\n<title>Lena Bastin \u2013 Autorin<\/title>\n<meta name=\"robots\" content=\"index, follow, max-snippet:-1, max-image-preview:large, max-video-preview:-1\" \/>\n<link rel=\"canonical\" href=\"https:\/\/visualjournalism.de\/en\/lena-bastin\/\" \/>\n<meta property=\"og:locale\" content=\"en_US\" \/>\n<meta property=\"og:type\" content=\"article\" \/>\n<meta property=\"og:title\" content=\"Lena Bastin\" \/>\n<meta property=\"og:url\" content=\"https:\/\/visualjournalism.de\/en\/lena-bastin\/\" \/>\n<meta property=\"og:site_name\" content=\"Visual Journalism and Documentary Photography\" \/>\n<meta property=\"article:publisher\" content=\"https:\/\/www.facebook.com\/people\/wwwfotostudentende\/100065173703897\/\" \/>\n<meta property=\"article:modified_time\" content=\"2025-03-09T12:25:50+00:00\" \/>\n<meta name=\"twitter:card\" content=\"summary_large_image\" \/>\n<meta name=\"twitter:site\" content=\"@HsHannover\" \/>\n<meta name=\"twitter:label1\" content=\"Est. reading time\" \/>\n\t<meta name=\"twitter:data1\" content=\"1 minute\" \/>\n<script type=\"application\/ld+json\" class=\"yoast-schema-graph\">{\"@context\":\"https:\\\/\\\/schema.org\",\"@graph\":[{\"@type\":\"WebPage\",\"@id\":\"https:\\\/\\\/visualjournalism.de\\\/en\\\/lena-bastin\\\/\",\"url\":\"https:\\\/\\\/visualjournalism.de\\\/en\\\/lena-bastin\\\/\",\"name\":\"Lena Bastin \u2013 Autorin\",\"isPartOf\":{\"@id\":\"https:\\\/\\\/visualjournalism.de\\\/en\\\/#website\"},\"datePublished\":\"2025-03-06T10:57:30+00:00\",\"dateModified\":\"2025-03-09T12:25:50+00:00\",\"breadcrumb\":{\"@id\":\"https:\\\/\\\/visualjournalism.de\\\/en\\\/lena-bastin\\\/#breadcrumb\"},\"inLanguage\":\"en-US\",\"potentialAction\":[{\"@type\":\"ReadAction\",\"target\":[\"https:\\\/\\\/visualjournalism.de\\\/en\\\/lena-bastin\\\/\"]}]},{\"@type\":\"BreadcrumbList\",\"@id\":\"https:\\\/\\\/visualjournalism.de\\\/en\\\/lena-bastin\\\/#breadcrumb\",\"itemListElement\":[{\"@type\":\"ListItem\",\"position\":1,\"name\":\"Home\",\"item\":\"https:\\\/\\\/visualjournalism.de\\\/en\\\/\"},{\"@type\":\"ListItem\",\"position\":2,\"name\":\"Lena Bastin\"}]},{\"@type\":\"WebSite\",\"@id\":\"https:\\\/\\\/visualjournalism.de\\\/en\\\/#website\",\"url\":\"https:\\\/\\\/visualjournalism.de\\\/en\\\/\",\"name\":\"Visual Journalism and Documentary Photography\",\"description\":\"All about the bilingual bachelor&#039;s program at Hannover University of Applied Sciences and Arts.\",\"publisher\":{\"@id\":\"https:\\\/\\\/visualjournalism.de\\\/en\\\/#organization\"},\"alternateName\":\"visualjournalism.de\",\"potentialAction\":[{\"@type\":\"SearchAction\",\"target\":{\"@type\":\"EntryPoint\",\"urlTemplate\":\"https:\\\/\\\/visualjournalism.de\\\/en\\\/?s={search_term_string}\"},\"query-input\":{\"@type\":\"PropertyValueSpecification\",\"valueRequired\":true,\"valueName\":\"search_term_string\"}}],\"inLanguage\":\"en-US\"},{\"@type\":\"Organization\",\"@id\":\"https:\\\/\\\/visualjournalism.de\\\/en\\\/#organization\",\"name\":\"Hochschule Hannover \u2013 University of Applied Sciences and Arts\",\"alternateName\":\"HsH\",\"url\":\"https:\\\/\\\/visualjournalism.de\\\/en\\\/\",\"logo\":{\"@type\":\"ImageObject\",\"inLanguage\":\"en-US\",\"@id\":\"https:\\\/\\\/visualjournalism.de\\\/en\\\/#\\\/schema\\\/logo\\\/image\\\/\",\"url\":\"https:\\\/\\\/visualjournalism.de\\\/wp-content\\\/uploads\\\/logo-hochschule-hannover.png\",\"contentUrl\":\"https:\\\/\\\/visualjournalism.de\\\/wp-content\\\/uploads\\\/logo-hochschule-hannover.png\",\"width\":363,\"height\":270,\"caption\":\"Hochschule Hannover \u2013 University of Applied Sciences and Arts\"},\"image\":{\"@id\":\"https:\\\/\\\/visualjournalism.de\\\/en\\\/#\\\/schema\\\/logo\\\/image\\\/\"},\"sameAs\":[\"https:\\\/\\\/www.facebook.com\\\/people\\\/wwwfotostudentende\\\/100065173703897\\\/\",\"https:\\\/\\\/x.com\\\/HsHannover\",\"https:\\\/\\\/www.instagram.com\\\/visualjournalism.de\\\/\"]}]}<\/script>\n<!-- \/ Yoast SEO Premium plugin. -->","yoast_head_json":{"title":"Lena Bastin \u2013 Autorin","robots":{"index":"index","follow":"follow","max-snippet":"max-snippet:-1","max-image-preview":"max-image-preview:large","max-video-preview":"max-video-preview:-1"},"canonical":"https:\/\/visualjournalism.de\/en\/lena-bastin\/","og_locale":"en_US","og_type":"article","og_title":"Lena Bastin","og_url":"https:\/\/visualjournalism.de\/en\/lena-bastin\/","og_site_name":"Visual Journalism and Documentary Photography","article_publisher":"https:\/\/www.facebook.com\/people\/wwwfotostudentende\/100065173703897\/","article_modified_time":"2025-03-09T12:25:50+00:00","twitter_card":"summary_large_image","twitter_site":"@HsHannover","twitter_misc":{"Est. reading time":"1 minute"},"schema":{"@context":"https:\/\/schema.org","@graph":[{"@type":"WebPage","@id":"https:\/\/visualjournalism.de\/en\/lena-bastin\/","url":"https:\/\/visualjournalism.de\/en\/lena-bastin\/","name":"Lena Bastin \u2013 Autorin","isPartOf":{"@id":"https:\/\/visualjournalism.de\/en\/#website"},"datePublished":"2025-03-06T10:57:30+00:00","dateModified":"2025-03-09T12:25:50+00:00","breadcrumb":{"@id":"https:\/\/visualjournalism.de\/en\/lena-bastin\/#breadcrumb"},"inLanguage":"en-US","potentialAction":[{"@type":"ReadAction","target":["https:\/\/visualjournalism.de\/en\/lena-bastin\/"]}]},{"@type":"BreadcrumbList","@id":"https:\/\/visualjournalism.de\/en\/lena-bastin\/#breadcrumb","itemListElement":[{"@type":"ListItem","position":1,"name":"Home","item":"https:\/\/visualjournalism.de\/en\/"},{"@type":"ListItem","position":2,"name":"Lena Bastin"}]},{"@type":"WebSite","@id":"https:\/\/visualjournalism.de\/en\/#website","url":"https:\/\/visualjournalism.de\/en\/","name":"Visual Journalism and Documentary Photography","description":"All about the bilingual bachelor&#039;s program at Hannover University of Applied Sciences and Arts.","publisher":{"@id":"https:\/\/visualjournalism.de\/en\/#organization"},"alternateName":"visualjournalism.de","potentialAction":[{"@type":"SearchAction","target":{"@type":"EntryPoint","urlTemplate":"https:\/\/visualjournalism.de\/en\/?s={search_term_string}"},"query-input":{"@type":"PropertyValueSpecification","valueRequired":true,"valueName":"search_term_string"}}],"inLanguage":"en-US"},{"@type":"Organization","@id":"https:\/\/visualjournalism.de\/en\/#organization","name":"Hochschule Hannover \u2013 University of Applied Sciences and Arts","alternateName":"HsH","url":"https:\/\/visualjournalism.de\/en\/","logo":{"@type":"ImageObject","inLanguage":"en-US","@id":"https:\/\/visualjournalism.de\/en\/#\/schema\/logo\/image\/","url":"https:\/\/visualjournalism.de\/wp-content\/uploads\/logo-hochschule-hannover.png","contentUrl":"https:\/\/visualjournalism.de\/wp-content\/uploads\/logo-hochschule-hannover.png","width":363,"height":270,"caption":"Hochschule Hannover \u2013 University of Applied Sciences and Arts"},"image":{"@id":"https:\/\/visualjournalism.de\/en\/#\/schema\/logo\/image\/"},"sameAs":["https:\/\/www.facebook.com\/people\/wwwfotostudentende\/100065173703897\/","https:\/\/x.com\/HsHannover","https:\/\/www.instagram.com\/visualjournalism.de\/"]}]}},"_links":{"self":[{"href":"https:\/\/visualjournalism.de\/en\/wp-json\/wp\/v2\/pages\/52842","targetHints":{"allow":["GET"]}}],"collection":[{"href":"https:\/\/visualjournalism.de\/en\/wp-json\/wp\/v2\/pages"}],"about":[{"href":"https:\/\/visualjournalism.de\/en\/wp-json\/wp\/v2\/types\/page"}],"author":[{"embeddable":true,"href":"https:\/\/visualjournalism.de\/en\/wp-json\/wp\/v2\/users\/88"}],"replies":[{"embeddable":true,"href":"https:\/\/visualjournalism.de\/en\/wp-json\/wp\/v2\/comments?post=52842"}],"version-history":[{"count":0,"href":"https:\/\/visualjournalism.de\/en\/wp-json\/wp\/v2\/pages\/52842\/revisions"}],"wp:attachment":[{"href":"https:\/\/visualjournalism.de\/en\/wp-json\/wp\/v2\/media?parent=52842"}],"curies":[{"name":"wp","href":"https:\/\/api.w.org\/{rel}","templated":true}]}}