{"id":55487,"date":"2025-01-12T20:02:10","date_gmt":"2025-01-12T20:02:10","guid":{"rendered":"https:\/\/visualjournalism.de\/?page_id=55487"},"modified":"2025-10-23T15:54:14","modified_gmt":"2025-10-23T13:54:14","slug":"pasha-kritchko","status":"publish","type":"page","link":"https:\/\/visualjournalism.de\/en\/pasha-kritchko\/","title":{"rendered":"Pasha Kritchko"},"content":{"rendered":"\n \n\n    <div id=\"lead-in-block_60ae432025e5abc340a1329e564d5f2b\" class=\"block-lead-in typo--soehne font-size--xl has-spacing--xs width--full\">\n        <p><strong>Pasha Kritchko<\/strong><\/p>\n    <\/div>\n\n\n\n\n<div class=\"pinned-block has-spacing--m\">\n\t\n\n<div class=\"pinned-block__column--left\">\n    \n    <figure class=\"block-photo post__image--full has-spacing--m no-title\">\n\n        <div class=\"post__image__container\">\n            <img loading=\"lazy\" decoding=\"async\" \n                src=\"https:\/\/visualjournalism.de\/wp-content\/uploads\/IMG_7136-1400x1423.jpg\"\n                srcset=\"https:\/\/visualjournalism.de\/wp-content\/uploads\/IMG_7136-1400x1423.jpg 1400w, https:\/\/visualjournalism.de\/wp-content\/uploads\/IMG_7136-295x300.jpg 295w, https:\/\/visualjournalism.de\/wp-content\/uploads\/IMG_7136-1007x1024.jpg 1007w, https:\/\/visualjournalism.de\/wp-content\/uploads\/IMG_7136-768x781.jpg 768w, https:\/\/visualjournalism.de\/wp-content\/uploads\/IMG_7136-1511x1536.jpg 1511w, https:\/\/visualjournalism.de\/wp-content\/uploads\/IMG_7136-2015x2048.jpg 2015w, https:\/\/visualjournalism.de\/wp-content\/uploads\/IMG_7136-1920x1952.jpg 1920w, https:\/\/visualjournalism.de\/wp-content\/uploads\/IMG_7136-1050x1067.jpg 1050w, https:\/\/visualjournalism.de\/wp-content\/uploads\/IMG_7136-670x681.jpg 670w, https:\/\/visualjournalism.de\/wp-content\/uploads\/IMG_7136-420x427.jpg 420w, https:\/\/visualjournalism.de\/wp-content\/uploads\/IMG_7136-350x356.jpg 350w, https:\/\/visualjournalism.de\/wp-content\/uploads\/IMG_7136-300x305.jpg 300w, https:\/\/visualjournalism.de\/wp-content\/uploads\/IMG_7136-52x52.jpg 52w, https:\/\/visualjournalism.de\/wp-content\/uploads\/IMG_7136-68x68.jpg 68w, https:\/\/visualjournalism.de\/wp-content\/uploads\/IMG_7136-150x152.jpg 150w\"\n                width=\"1400\" \n                height=\"1423\"\n                alt=\"\" \n            \/>\n            \n                    <\/div><!-- post__image__container -->\n\n        \n    <\/figure><!-- post__image -->\n\n\n\n<\/div>\n\n\n<div class=\"pinned-block__column--right\">\n    \n\n<p class=\"post__paragraph is-style-typo--soehne has-spacing--default\"><strong>Pasha Kritchko<\/strong>&nbsp;(geb. 1987) arbeitete einst als Teilzeit-Bauingenieur und Hochzeitsfotograf in Belarus. Mit Beginn der Pr\u00e4sidentschaftswahlen 2020 stellte er sein Leben auf den Kopf und wurde Fotojournalist. Seither nutzt er seine Kamera und seine Stimme, um die Realit\u00e4t in seinem Heimatland sichtbar zu machen. Seine aktuellen Arbeiten widmen sich der durch die Ereignisse von 2020 ausgel\u00f6sten politischen und gesellschaftlichen Krise \u2013 vom Schicksal belarussischer Freiwilliger, die in der Ukraine k\u00e4mpfen, bis zu den Herausforderungen Gefl\u00fcchteter im Exil. Paschas Ziel ist es, mit seiner Fotografie auf die Erfahrungen und K\u00e4mpfe der Belarussen im In- und Ausland aufmerksam zu machen.<\/p>\n\n\n<\/div>\n<\/div>\n\n\n<div class=\"devider has-spacing--none\">\n    <hr>\n<\/div>\n\n\n \n\n    <div id=\"lead-in-block_786ee5e19595c4063f7498a1bfbaa452\" class=\"block-lead-in typo--default font-size--xl has-spacing--xs width--default\">\n        <h2>Pashas Beitr\u00e4ge:<\/h2>\n    <\/div>\n\n\n\n\n<div class=\"two-columns-teaser has-spacing--m\">\n\n    \r\n<article class=\"post-teaser post-49931 magazin type-magazin status-publish has-post-thumbnail hentry magazinkategorie-arbeit\">\r\n\t<header class=\"entry-header\">\r\n\r\n\t\t<div class=\"entry-categories\">\n\t<a class=\"post__tag\" href=\"https:\/\/visualjournalism.de\/magazin-kategorie\/arbeit\/\" rel=\"category tag\">Arbeit<\/a><\/div>\r\n\t\t<a href=\"https:\/\/visualjournalism.de\/en\/magazine\/arbeit\/milchkanne-trifft-mischpult-willkommen-in-podlachien\/\" rel=\"bookmark\">\r\n\t\t\t<h2 class=\"entry-title\">Milchkanne trifft Mischpult \u2013 Willkommen in Podlachien!<\/h2>\r\n\t\t\t<p class=\"entry-excerpt\">Kaum ein Ort in Polen ist so d\u00fcnn besiedelt wie Podlachien. Doch w\u00e4hrend viele gehen, versuchen einige, genau hier etwas Eigenes aufzubauen \u2013 aus \u00dcberzeugung oder aus famili\u00e4rer Verbundenheit.<\/p>\r\n\t\t<\/a>\r\n\r\n\t<\/header><!-- .entry-header -->\r\n\r\n\t<figure class=\"post__image\">\r\n\t\t<a href=\"https:\/\/visualjournalism.de\/en\/magazine\/arbeit\/milchkanne-trifft-mischpult-willkommen-in-podlachien\/\" rel=\"bookmark\">\r\n\t\t\t<img loading=\"lazy\" decoding=\"async\" width=\"670\" height=\"447\" src=\"https:\/\/visualjournalism.de\/wp-content\/uploads\/0016_Kritchko_Pasha-670x447.jpg\" class=\"attachment-post-image--two-column size-post-image--two-column\" alt=\"\" srcset=\"https:\/\/visualjournalism.de\/wp-content\/uploads\/0016_Kritchko_Pasha-670x447.jpg 670w, https:\/\/visualjournalism.de\/wp-content\/uploads\/0016_Kritchko_Pasha-300x200.jpg 300w, https:\/\/visualjournalism.de\/wp-content\/uploads\/0016_Kritchko_Pasha-1024x683.jpg 1024w, https:\/\/visualjournalism.de\/wp-content\/uploads\/0016_Kritchko_Pasha-768x512.jpg 768w, https:\/\/visualjournalism.de\/wp-content\/uploads\/0016_Kritchko_Pasha-1536x1024.jpg 1536w, https:\/\/visualjournalism.de\/wp-content\/uploads\/0016_Kritchko_Pasha-2048x1365.jpg 2048w, https:\/\/visualjournalism.de\/wp-content\/uploads\/0016_Kritchko_Pasha-1920x1280.jpg 1920w, https:\/\/visualjournalism.de\/wp-content\/uploads\/0016_Kritchko_Pasha-1400x933.jpg 1400w, https:\/\/visualjournalism.de\/wp-content\/uploads\/0016_Kritchko_Pasha-1050x700.jpg 1050w, https:\/\/visualjournalism.de\/wp-content\/uploads\/0016_Kritchko_Pasha-420x280.jpg 420w, https:\/\/visualjournalism.de\/wp-content\/uploads\/0016_Kritchko_Pasha-350x233.jpg 350w, https:\/\/visualjournalism.de\/wp-content\/uploads\/0016_Kritchko_Pasha-150x100.jpg 150w\" sizes=\"auto, (max-width: 670px) 100vw, 670px\" \/>\t\t<\/a>\r\n\t<\/figure><!-- .post__image -->\r\n\r\n<\/article>\r\n\r\n<article class=\"post-teaser post-58298 magazin type-magazin status-publish has-post-thumbnail hentry magazinkategorie-was-uns-haelt\">\r\n\t<header class=\"entry-header\">\r\n\r\n\t\t<div class=\"entry-categories\">\n\t<a class=\"post__tag\" href=\"https:\/\/visualjournalism.de\/magazin-kategorie\/was-uns-haelt\/\" rel=\"category tag\">Was uns h\u00e4lt<\/a><\/div>\r\n\t\t<a href=\"https:\/\/visualjournalism.de\/en\/magazine\/was-uns-haelt\/protokoll-eines-verschwindens\/\" rel=\"bookmark\">\r\n\t\t\t<h2 class=\"entry-title\">Protokoll eines Verschwindens.<\/h2>\r\n\t\t\t<p class=\"entry-excerpt\">Der Fotograf Pasha Kritchko dokumentierte die Proteste in Belarus, wurde vom Regime verfolgt und ins Exil gezwungen. Seine Bilder erz\u00e4hlen von Gewalt und Hoffnung \u2013 und vom Versuch, Erinnerung und Identit\u00e4t im Exil zu bewahren.<\/p>\r\n\t\t<\/a>\r\n\r\n\t<\/header><!-- .entry-header -->\r\n\r\n\t<figure class=\"post__image\">\r\n\t\t<a href=\"https:\/\/visualjournalism.de\/en\/magazine\/was-uns-haelt\/protokoll-eines-verschwindens\/\" rel=\"bookmark\">\r\n\t\t\t<img loading=\"lazy\" decoding=\"async\" width=\"670\" height=\"447\" src=\"https:\/\/visualjournalism.de\/wp-content\/uploads\/0003_Kritchko_Pasha-1-670x447.jpg\" class=\"attachment-post-image--two-column size-post-image--two-column\" alt=\"\" srcset=\"https:\/\/visualjournalism.de\/wp-content\/uploads\/0003_Kritchko_Pasha-1-670x447.jpg 670w, https:\/\/visualjournalism.de\/wp-content\/uploads\/0003_Kritchko_Pasha-1-300x200.jpg 300w, https:\/\/visualjournalism.de\/wp-content\/uploads\/0003_Kritchko_Pasha-1-1024x684.jpg 1024w, https:\/\/visualjournalism.de\/wp-content\/uploads\/0003_Kritchko_Pasha-1-768x513.jpg 768w, https:\/\/visualjournalism.de\/wp-content\/uploads\/0003_Kritchko_Pasha-1-1536x1026.jpg 1536w, https:\/\/visualjournalism.de\/wp-content\/uploads\/0003_Kritchko_Pasha-1-2048x1367.jpg 2048w, https:\/\/visualjournalism.de\/wp-content\/uploads\/0003_Kritchko_Pasha-1-1920x1282.jpg 1920w, https:\/\/visualjournalism.de\/wp-content\/uploads\/0003_Kritchko_Pasha-1-1400x935.jpg 1400w, https:\/\/visualjournalism.de\/wp-content\/uploads\/0003_Kritchko_Pasha-1-1050x701.jpg 1050w, https:\/\/visualjournalism.de\/wp-content\/uploads\/0003_Kritchko_Pasha-1-420x280.jpg 420w, https:\/\/visualjournalism.de\/wp-content\/uploads\/0003_Kritchko_Pasha-1-350x234.jpg 350w, https:\/\/visualjournalism.de\/wp-content\/uploads\/0003_Kritchko_Pasha-1-150x100.jpg 150w\" sizes=\"auto, (max-width: 670px) 100vw, 670px\" \/>\t\t<\/a>\r\n\t<\/figure><!-- .post__image -->\r\n\r\n<\/article>\r\n\n<\/div><!-- .2-columns-teaser-->\n\n    \n\n\n<div class=\"wp-block-group has-spacing--default has-spacing--default\">\n<div class=\"devider has-spacing--none\">\n    <hr>\n<\/div>\n\n\n \n\n    <div id=\"lead-in-block_63ae91af040bf1708fc2d308206b7903\" class=\"block-lead-in typo--default font-size--xl has-spacing--s width--default\">\n        <p><strong>Empfehlungen der Redaktion:<\/strong><\/p>\n    <\/div>\n\n\n\n\r\n\r\n\r\n\n\n\r\n\r\n\r\n\r\n        <div class=\"teaser-grid grid-layout--3col has-spacing--s width--inline\">\r\n\r\n            \r\n                <article class=\"post-teaser\">\r\n\r\n                    <a href=\"https:\/\/visualjournalism.de\/en\/magazine\/sammeln\/kippenkult-und-krebsromantik\/\" rel=\"permalink\">\r\n\r\n                        <div class=\"post-teaser__content\">\r\n\r\n                            <span class=\"entry-categories\">Sammeln<\/span>\r\n                            <h3 class=\"post-teaser__headline\">\r\n                                Kippenkult und Krebsromantik                            <\/h3>\r\n\r\n                            <div class=\"post-teaser__excerpt\">\r\n                                <p>Ein Fotobuch \u00fcber Zigaretten, Sucht und Rauchbiografien: \u00abPleasure to Burn\u00bb verherrlicht das Rauchen \u2013 und meint es dabei nur halb so ernst.<\/p>\r\n                            <\/div>\r\n\r\n                        <\/div><!-- .post-teaser__content -->\r\n\r\n\r\n                        \r\n                            <figure class=\"post-teaser__image\">\r\n                                <img loading=\"lazy\" decoding=\"async\"  \r\n                                    src=\"https:\/\/visualjournalism.de\/wp-content\/uploads\/Max_Schlag_Kippenkult__Krebsromantik-768x580.png\" \r\n                                    srcset=\"https:\/\/visualjournalism.de\/wp-content\/uploads\/Max_Schlag_Kippenkult__Krebsromantik-768x580.png 768w, https:\/\/visualjournalism.de\/wp-content\/uploads\/Max_Schlag_Kippenkult__Krebsromantik-300x226.png 300w, https:\/\/visualjournalism.de\/wp-content\/uploads\/Max_Schlag_Kippenkult__Krebsromantik-1024x773.png 1024w, https:\/\/visualjournalism.de\/wp-content\/uploads\/Max_Schlag_Kippenkult__Krebsromantik-1050x792.png 1050w, https:\/\/visualjournalism.de\/wp-content\/uploads\/Max_Schlag_Kippenkult__Krebsromantik-670x506.png 670w, https:\/\/visualjournalism.de\/wp-content\/uploads\/Max_Schlag_Kippenkult__Krebsromantik-420x317.png 420w, https:\/\/visualjournalism.de\/wp-content\/uploads\/Max_Schlag_Kippenkult__Krebsromantik-350x264.png 350w, https:\/\/visualjournalism.de\/wp-content\/uploads\/Max_Schlag_Kippenkult__Krebsromantik-150x113.png 150w, https:\/\/visualjournalism.de\/wp-content\/uploads\/Max_Schlag_Kippenkult__Krebsromantik.png 1304w\" \r\n                                    width=\"768\"  \r\n                                    height=\"580\" \r\n                                    alt=\"Zwei H\u00e4nde teilen sich in antik anmutender \u00c4sthetik eine Zigarette, Blitz, Editorial, Fotografie, Rauchen, Sucht\"\r\n                                \/>\r\n                            <\/figure>\r\n\r\n                        \r\n                    \r\n                    <\/a>\r\n\r\n                <\/article><!--- .post-teaser-->\r\n\r\n            \r\n                <article class=\"post-teaser\">\r\n\r\n                    <a href=\"https:\/\/visualjournalism.de\/en\/magazine\/sammeln\/bibliothek-der-geretteten-buecher\/\" rel=\"permalink\">\r\n\r\n                        <div class=\"post-teaser__content\">\r\n\r\n                            <span class=\"entry-categories\">Sammeln<\/span>\r\n                            <h3 class=\"post-teaser__headline\">\r\n                                Bibliothek der geretteten B\u00fccher                            <\/h3>\r\n\r\n                            <div class=\"post-teaser__excerpt\">\r\n                                <p>Wie ein Pfarrer aus Niedersachsen Tausende DDR-B\u00fccher vor der Vernichtung rettete \u2013 und warum eines davon eine entscheidende technische Spur f\u00fcr die Forschung im All lieferte.<\/p>\r\n                            <\/div>\r\n\r\n                        <\/div><!-- .post-teaser__content -->\r\n\r\n\r\n                        \r\n                            <figure class=\"post-teaser__image\">\r\n                                <img loading=\"lazy\" decoding=\"async\"  \r\n                                    src=\"https:\/\/visualjournalism.de\/wp-content\/uploads\/MuellerVahl_Thomas_Sammeln-04-768x511.jpg\" \r\n                                    srcset=\"https:\/\/visualjournalism.de\/wp-content\/uploads\/MuellerVahl_Thomas_Sammeln-04-768x511.jpg 768w, https:\/\/visualjournalism.de\/wp-content\/uploads\/MuellerVahl_Thomas_Sammeln-04-300x200.jpg 300w, https:\/\/visualjournalism.de\/wp-content\/uploads\/MuellerVahl_Thomas_Sammeln-04-1024x681.jpg 1024w, https:\/\/visualjournalism.de\/wp-content\/uploads\/MuellerVahl_Thomas_Sammeln-04-1536x1022.jpg 1536w, https:\/\/visualjournalism.de\/wp-content\/uploads\/MuellerVahl_Thomas_Sammeln-04-2048x1363.jpg 2048w, https:\/\/visualjournalism.de\/wp-content\/uploads\/MuellerVahl_Thomas_Sammeln-04-1920x1277.jpg 1920w, https:\/\/visualjournalism.de\/wp-content\/uploads\/MuellerVahl_Thomas_Sammeln-04-1400x931.jpg 1400w, https:\/\/visualjournalism.de\/wp-content\/uploads\/MuellerVahl_Thomas_Sammeln-04-1050x699.jpg 1050w, https:\/\/visualjournalism.de\/wp-content\/uploads\/MuellerVahl_Thomas_Sammeln-04-670x446.jpg 670w, https:\/\/visualjournalism.de\/wp-content\/uploads\/MuellerVahl_Thomas_Sammeln-04-420x279.jpg 420w, https:\/\/visualjournalism.de\/wp-content\/uploads\/MuellerVahl_Thomas_Sammeln-04-350x233.jpg 350w, https:\/\/visualjournalism.de\/wp-content\/uploads\/MuellerVahl_Thomas_Sammeln-04-150x100.jpg 150w\" \r\n                                    width=\"768\"  \r\n                                    height=\"511\" \r\n                                    alt=\"\"\r\n                                \/>\r\n                            <\/figure>\r\n\r\n                        \r\n                    \r\n                    <\/a>\r\n\r\n                <\/article><!--- .post-teaser-->\r\n\r\n            \r\n                <article class=\"post-teaser\">\r\n\r\n                    <a href=\"https:\/\/visualjournalism.de\/en\/magazine\/sammeln\/was-bleibt-atommuell-in-der-asse-ii\/\" rel=\"permalink\">\r\n\r\n                        <div class=\"post-teaser__content\">\r\n\r\n                            <span class=\"entry-categories\">Sammeln<\/span>\r\n                            <h3 class=\"post-teaser__headline\">\r\n                                Was bleibt                            <\/h3>\r\n\r\n                            <div class=\"post-teaser__excerpt\">\r\n                                <p>In der Asse II lagert Atomm\u00fcll \u2013 achtlos versenkt, kaum gesichert. Nun dringt Wasser ein. Die Region wartet seit Jahrzehnten auf Antworten. Und das Land auf ein Endlager.<\/p>\r\n                            <\/div>\r\n\r\n                        <\/div><!-- .post-teaser__content -->\r\n\r\n\r\n                        \r\n                            <figure class=\"post-teaser__image\">\r\n                                <img loading=\"lazy\" decoding=\"async\"  \r\n                                    src=\"https:\/\/visualjournalism.de\/wp-content\/uploads\/2026\/02\/Walter-Lehmann_The-Danger-Within_10-768x318.jpg\" \r\n                                    srcset=\"https:\/\/visualjournalism.de\/wp-content\/uploads\/2026\/02\/Walter-Lehmann_The-Danger-Within_10-768x318.jpg 768w, https:\/\/visualjournalism.de\/wp-content\/uploads\/2026\/02\/Walter-Lehmann_The-Danger-Within_10-300x124.jpg 300w, https:\/\/visualjournalism.de\/wp-content\/uploads\/2026\/02\/Walter-Lehmann_The-Danger-Within_10-1024x424.jpg 1024w, https:\/\/visualjournalism.de\/wp-content\/uploads\/2026\/02\/Walter-Lehmann_The-Danger-Within_10-1536x636.jpg 1536w, https:\/\/visualjournalism.de\/wp-content\/uploads\/2026\/02\/Walter-Lehmann_The-Danger-Within_10-2048x847.jpg 2048w, https:\/\/visualjournalism.de\/wp-content\/uploads\/2026\/02\/Walter-Lehmann_The-Danger-Within_10-1920x794.jpg 1920w, https:\/\/visualjournalism.de\/wp-content\/uploads\/2026\/02\/Walter-Lehmann_The-Danger-Within_10-1400x579.jpg 1400w, https:\/\/visualjournalism.de\/wp-content\/uploads\/2026\/02\/Walter-Lehmann_The-Danger-Within_10-1050x434.jpg 1050w, https:\/\/visualjournalism.de\/wp-content\/uploads\/2026\/02\/Walter-Lehmann_The-Danger-Within_10-670x277.jpg 670w, https:\/\/visualjournalism.de\/wp-content\/uploads\/2026\/02\/Walter-Lehmann_The-Danger-Within_10-420x174.jpg 420w, https:\/\/visualjournalism.de\/wp-content\/uploads\/2026\/02\/Walter-Lehmann_The-Danger-Within_10-350x145.jpg 350w, https:\/\/visualjournalism.de\/wp-content\/uploads\/2026\/02\/Walter-Lehmann_The-Danger-Within_10-150x62.jpg 150w\" \r\n                                    width=\"768\"  \r\n                                    height=\"318\" \r\n                                    alt=\"\"\r\n                                \/>\r\n                            <\/figure>\r\n\r\n                        \r\n                    \r\n                    <\/a>\r\n\r\n                <\/article><!--- .post-teaser-->\r\n\r\n            \r\n        <\/div><!-- .teaser-grid -->\r\n\r\n\n\n\r\n\r\n\r\n\n\n\n    <div class=\"btn-wrapper has-spacing--m\">\n        <a class=\"btn\" href=\"https:\/\/visualjournalism.de\/magazin\/\" target=\"_blank\">ZUR MAGAZIN-STARTSEITE<\/a>\n    <\/div>\n<\/div>\n","protected":false},"excerpt":{"rendered":"","protected":false},"author":87,"featured_media":55482,"parent":0,"menu_order":0,"comment_status":"closed","ping_status":"closed","template":"","meta":{"_acf_changed":false,"footnotes":""},"class_list":["post-55487","page","type-page","status-publish","has-post-thumbnail","hentry"],"acf":[],"yoast_head":"<!-- This site is optimized with the Yoast SEO Premium plugin v27.3 (Yoast SEO v27.3) - https:\/\/yoast.com\/product\/yoast-seo-premium-wordpress\/ -->\n<title>Pasha Kritchko &#8211; Visual Journalism and Documentary Photography<\/title>\n<meta name=\"description\" content=\"Pasha Kritchko (1987) war Teilzeit-Bauingenieur und Hochzeitsfotograf aus Wei\u00dfrussland. 2020 Begann er \u00fcber Wei\u00dfrussland zu berichten.\" \/>\n<meta name=\"robots\" content=\"index, follow, max-snippet:-1, max-image-preview:large, max-video-preview:-1\" \/>\n<link rel=\"canonical\" href=\"https:\/\/visualjournalism.de\/en\/pasha-kritchko\/\" \/>\n<meta property=\"og:locale\" content=\"en_US\" \/>\n<meta property=\"og:type\" content=\"article\" \/>\n<meta property=\"og:title\" content=\"Pasha Kritchko\" \/>\n<meta property=\"og:description\" content=\"Pasha Kritchko (1987) war Teilzeit-Bauingenieur und Hochzeitsfotograf aus Wei\u00dfrussland. 2020 Begann er \u00fcber Wei\u00dfrussland zu berichten.\" \/>\n<meta property=\"og:url\" content=\"https:\/\/visualjournalism.de\/en\/pasha-kritchko\/\" \/>\n<meta property=\"og:site_name\" content=\"Visual Journalism and Documentary Photography\" \/>\n<meta property=\"article:publisher\" content=\"https:\/\/www.facebook.com\/people\/wwwfotostudentende\/100065173703897\/\" \/>\n<meta property=\"article:modified_time\" content=\"2025-10-23T13:54:14+00:00\" \/>\n<meta property=\"og:image\" content=\"https:\/\/visualjournalism.de\/wp-content\/uploads\/IMG_3966-2.jpg\" \/>\n\t<meta property=\"og:image:width\" content=\"100\" \/>\n\t<meta property=\"og:image:height\" content=\"100\" \/>\n\t<meta property=\"og:image:type\" content=\"image\/jpeg\" \/>\n<meta name=\"twitter:card\" content=\"summary_large_image\" \/>\n<meta name=\"twitter:site\" content=\"@HsHannover\" \/>\n<meta name=\"twitter:label1\" content=\"Est. reading time\" \/>\n\t<meta name=\"twitter:data1\" content=\"1 minute\" \/>\n<script type=\"application\/ld+json\" class=\"yoast-schema-graph\">{\"@context\":\"https:\\\/\\\/schema.org\",\"@graph\":[{\"@type\":\"WebPage\",\"@id\":\"https:\\\/\\\/visualjournalism.de\\\/en\\\/pasha-kritchko\\\/\",\"url\":\"https:\\\/\\\/visualjournalism.de\\\/en\\\/pasha-kritchko\\\/\",\"name\":\"Pasha Kritchko &#8211; Visual Journalism and Documentary Photography\",\"isPartOf\":{\"@id\":\"https:\\\/\\\/visualjournalism.de\\\/en\\\/#website\"},\"primaryImageOfPage\":{\"@id\":\"https:\\\/\\\/visualjournalism.de\\\/en\\\/pasha-kritchko\\\/#primaryimage\"},\"image\":{\"@id\":\"https:\\\/\\\/visualjournalism.de\\\/en\\\/pasha-kritchko\\\/#primaryimage\"},\"thumbnailUrl\":\"https:\\\/\\\/visualjournalism.de\\\/wp-content\\\/uploads\\\/IMG_3966-2.jpg\",\"datePublished\":\"2025-01-12T20:02:10+00:00\",\"dateModified\":\"2025-10-23T13:54:14+00:00\",\"description\":\"Pasha Kritchko (1987) war Teilzeit-Bauingenieur und Hochzeitsfotograf aus Wei\u00dfrussland. 2020 Begann er \u00fcber Wei\u00dfrussland zu berichten.\",\"breadcrumb\":{\"@id\":\"https:\\\/\\\/visualjournalism.de\\\/en\\\/pasha-kritchko\\\/#breadcrumb\"},\"inLanguage\":\"en-US\",\"potentialAction\":[{\"@type\":\"ReadAction\",\"target\":[\"https:\\\/\\\/visualjournalism.de\\\/en\\\/pasha-kritchko\\\/\"]}]},{\"@type\":\"ImageObject\",\"inLanguage\":\"en-US\",\"@id\":\"https:\\\/\\\/visualjournalism.de\\\/en\\\/pasha-kritchko\\\/#primaryimage\",\"url\":\"https:\\\/\\\/visualjournalism.de\\\/wp-content\\\/uploads\\\/IMG_3966-2.jpg\",\"contentUrl\":\"https:\\\/\\\/visualjournalism.de\\\/wp-content\\\/uploads\\\/IMG_3966-2.jpg\",\"width\":100,\"height\":100},{\"@type\":\"BreadcrumbList\",\"@id\":\"https:\\\/\\\/visualjournalism.de\\\/en\\\/pasha-kritchko\\\/#breadcrumb\",\"itemListElement\":[{\"@type\":\"ListItem\",\"position\":1,\"name\":\"Home\",\"item\":\"https:\\\/\\\/visualjournalism.de\\\/en\\\/\"},{\"@type\":\"ListItem\",\"position\":2,\"name\":\"Pasha Kritchko\"}]},{\"@type\":\"WebSite\",\"@id\":\"https:\\\/\\\/visualjournalism.de\\\/en\\\/#website\",\"url\":\"https:\\\/\\\/visualjournalism.de\\\/en\\\/\",\"name\":\"Visual Journalism and Documentary Photography\",\"description\":\"All about the bilingual bachelor&#039;s program at Hannover University of Applied Sciences and Arts.\",\"publisher\":{\"@id\":\"https:\\\/\\\/visualjournalism.de\\\/en\\\/#organization\"},\"alternateName\":\"visualjournalism.de\",\"potentialAction\":[{\"@type\":\"SearchAction\",\"target\":{\"@type\":\"EntryPoint\",\"urlTemplate\":\"https:\\\/\\\/visualjournalism.de\\\/en\\\/?s={search_term_string}\"},\"query-input\":{\"@type\":\"PropertyValueSpecification\",\"valueRequired\":true,\"valueName\":\"search_term_string\"}}],\"inLanguage\":\"en-US\"},{\"@type\":\"Organization\",\"@id\":\"https:\\\/\\\/visualjournalism.de\\\/en\\\/#organization\",\"name\":\"Hochschule Hannover \u2013 University of Applied Sciences and Arts\",\"alternateName\":\"HsH\",\"url\":\"https:\\\/\\\/visualjournalism.de\\\/en\\\/\",\"logo\":{\"@type\":\"ImageObject\",\"inLanguage\":\"en-US\",\"@id\":\"https:\\\/\\\/visualjournalism.de\\\/en\\\/#\\\/schema\\\/logo\\\/image\\\/\",\"url\":\"https:\\\/\\\/visualjournalism.de\\\/wp-content\\\/uploads\\\/logo-hochschule-hannover.png\",\"contentUrl\":\"https:\\\/\\\/visualjournalism.de\\\/wp-content\\\/uploads\\\/logo-hochschule-hannover.png\",\"width\":363,\"height\":270,\"caption\":\"Hochschule Hannover \u2013 University of Applied Sciences and Arts\"},\"image\":{\"@id\":\"https:\\\/\\\/visualjournalism.de\\\/en\\\/#\\\/schema\\\/logo\\\/image\\\/\"},\"sameAs\":[\"https:\\\/\\\/www.facebook.com\\\/people\\\/wwwfotostudentende\\\/100065173703897\\\/\",\"https:\\\/\\\/x.com\\\/HsHannover\",\"https:\\\/\\\/www.instagram.com\\\/visualjournalism.de\\\/\"]}]}<\/script>\n<!-- \/ Yoast SEO Premium plugin. -->","yoast_head_json":{"title":"Pasha Kritchko &#8211; Visual Journalism and Documentary Photography","description":"Pasha Kritchko (1987) war Teilzeit-Bauingenieur und Hochzeitsfotograf aus Wei\u00dfrussland. 2020 Begann er \u00fcber Wei\u00dfrussland zu berichten.","robots":{"index":"index","follow":"follow","max-snippet":"max-snippet:-1","max-image-preview":"max-image-preview:large","max-video-preview":"max-video-preview:-1"},"canonical":"https:\/\/visualjournalism.de\/en\/pasha-kritchko\/","og_locale":"en_US","og_type":"article","og_title":"Pasha Kritchko","og_description":"Pasha Kritchko (1987) war Teilzeit-Bauingenieur und Hochzeitsfotograf aus Wei\u00dfrussland. 2020 Begann er \u00fcber Wei\u00dfrussland zu berichten.","og_url":"https:\/\/visualjournalism.de\/en\/pasha-kritchko\/","og_site_name":"Visual Journalism and Documentary Photography","article_publisher":"https:\/\/www.facebook.com\/people\/wwwfotostudentende\/100065173703897\/","article_modified_time":"2025-10-23T13:54:14+00:00","og_image":[{"width":100,"height":100,"url":"https:\/\/visualjournalism.de\/wp-content\/uploads\/IMG_3966-2.jpg","type":"image\/jpeg"}],"twitter_card":"summary_large_image","twitter_site":"@HsHannover","twitter_misc":{"Est. reading time":"1 minute"},"schema":{"@context":"https:\/\/schema.org","@graph":[{"@type":"WebPage","@id":"https:\/\/visualjournalism.de\/en\/pasha-kritchko\/","url":"https:\/\/visualjournalism.de\/en\/pasha-kritchko\/","name":"Pasha Kritchko &#8211; Visual Journalism and Documentary Photography","isPartOf":{"@id":"https:\/\/visualjournalism.de\/en\/#website"},"primaryImageOfPage":{"@id":"https:\/\/visualjournalism.de\/en\/pasha-kritchko\/#primaryimage"},"image":{"@id":"https:\/\/visualjournalism.de\/en\/pasha-kritchko\/#primaryimage"},"thumbnailUrl":"https:\/\/visualjournalism.de\/wp-content\/uploads\/IMG_3966-2.jpg","datePublished":"2025-01-12T20:02:10+00:00","dateModified":"2025-10-23T13:54:14+00:00","description":"Pasha Kritchko (1987) war Teilzeit-Bauingenieur und Hochzeitsfotograf aus Wei\u00dfrussland. 2020 Begann er \u00fcber Wei\u00dfrussland zu berichten.","breadcrumb":{"@id":"https:\/\/visualjournalism.de\/en\/pasha-kritchko\/#breadcrumb"},"inLanguage":"en-US","potentialAction":[{"@type":"ReadAction","target":["https:\/\/visualjournalism.de\/en\/pasha-kritchko\/"]}]},{"@type":"ImageObject","inLanguage":"en-US","@id":"https:\/\/visualjournalism.de\/en\/pasha-kritchko\/#primaryimage","url":"https:\/\/visualjournalism.de\/wp-content\/uploads\/IMG_3966-2.jpg","contentUrl":"https:\/\/visualjournalism.de\/wp-content\/uploads\/IMG_3966-2.jpg","width":100,"height":100},{"@type":"BreadcrumbList","@id":"https:\/\/visualjournalism.de\/en\/pasha-kritchko\/#breadcrumb","itemListElement":[{"@type":"ListItem","position":1,"name":"Home","item":"https:\/\/visualjournalism.de\/en\/"},{"@type":"ListItem","position":2,"name":"Pasha Kritchko"}]},{"@type":"WebSite","@id":"https:\/\/visualjournalism.de\/en\/#website","url":"https:\/\/visualjournalism.de\/en\/","name":"Visual Journalism and Documentary Photography","description":"All about the bilingual bachelor&#039;s program at Hannover University of Applied Sciences and Arts.","publisher":{"@id":"https:\/\/visualjournalism.de\/en\/#organization"},"alternateName":"visualjournalism.de","potentialAction":[{"@type":"SearchAction","target":{"@type":"EntryPoint","urlTemplate":"https:\/\/visualjournalism.de\/en\/?s={search_term_string}"},"query-input":{"@type":"PropertyValueSpecification","valueRequired":true,"valueName":"search_term_string"}}],"inLanguage":"en-US"},{"@type":"Organization","@id":"https:\/\/visualjournalism.de\/en\/#organization","name":"Hochschule Hannover \u2013 University of Applied Sciences and Arts","alternateName":"HsH","url":"https:\/\/visualjournalism.de\/en\/","logo":{"@type":"ImageObject","inLanguage":"en-US","@id":"https:\/\/visualjournalism.de\/en\/#\/schema\/logo\/image\/","url":"https:\/\/visualjournalism.de\/wp-content\/uploads\/logo-hochschule-hannover.png","contentUrl":"https:\/\/visualjournalism.de\/wp-content\/uploads\/logo-hochschule-hannover.png","width":363,"height":270,"caption":"Hochschule Hannover \u2013 University of Applied Sciences and Arts"},"image":{"@id":"https:\/\/visualjournalism.de\/en\/#\/schema\/logo\/image\/"},"sameAs":["https:\/\/www.facebook.com\/people\/wwwfotostudentende\/100065173703897\/","https:\/\/x.com\/HsHannover","https:\/\/www.instagram.com\/visualjournalism.de\/"]}]}},"_links":{"self":[{"href":"https:\/\/visualjournalism.de\/en\/wp-json\/wp\/v2\/pages\/55487","targetHints":{"allow":["GET"]}}],"collection":[{"href":"https:\/\/visualjournalism.de\/en\/wp-json\/wp\/v2\/pages"}],"about":[{"href":"https:\/\/visualjournalism.de\/en\/wp-json\/wp\/v2\/types\/page"}],"author":[{"embeddable":true,"href":"https:\/\/visualjournalism.de\/en\/wp-json\/wp\/v2\/users\/87"}],"replies":[{"embeddable":true,"href":"https:\/\/visualjournalism.de\/en\/wp-json\/wp\/v2\/comments?post=55487"}],"version-history":[{"count":1,"href":"https:\/\/visualjournalism.de\/en\/wp-json\/wp\/v2\/pages\/55487\/revisions"}],"predecessor-version":[{"id":64881,"href":"https:\/\/visualjournalism.de\/en\/wp-json\/wp\/v2\/pages\/55487\/revisions\/64881"}],"wp:featuredmedia":[{"embeddable":true,"href":"https:\/\/visualjournalism.de\/en\/wp-json\/wp\/v2\/media\/55482"}],"wp:attachment":[{"href":"https:\/\/visualjournalism.de\/en\/wp-json\/wp\/v2\/media?parent=55487"}],"curies":[{"name":"wp","href":"https:\/\/api.w.org\/{rel}","templated":true}]}}