{"id":60380,"date":"2025-05-12T10:07:31","date_gmt":"2025-05-12T10:07:31","guid":{"rendered":"https:\/\/visualjournalism.de\/?page_id=60380"},"modified":"2025-10-06T17:31:57","modified_gmt":"2025-10-06T17:31:57","slug":"jana-margarete-schuler","status":"publish","type":"page","link":"https:\/\/visualjournalism.de\/en\/jana-margarete-schuler\/","title":{"rendered":"Jana Margarete Schuler"},"content":{"rendered":"\n \n\n    <div id=\"lead-in-block_7926e4e90e67de7713f2420b213774aa\" class=\"block-lead-in typo--default font-size--xl has-spacing--m width--default\">\n        <h1>Jana Margarete Schuler<\/h1>\n    <\/div>\n\n\n\n\n<div class=\"pinned-block has-spacing--none\">\n\t\n\n<div class=\"pinned-block__column--left\">\n    \n    <figure class=\"block-photo post__image--full has-spacing--m no-title\">\n\n        <div class=\"post__image__container\">\n            <img loading=\"lazy\" decoding=\"async\" \n                src=\"https:\/\/visualjournalism.de\/wp-content\/uploads\/JMSchuler_Stadtecho-2-1400x1867.jpg\"\n                srcset=\"https:\/\/visualjournalism.de\/wp-content\/uploads\/JMSchuler_Stadtecho-2-1400x1867.jpg 1400w, https:\/\/visualjournalism.de\/wp-content\/uploads\/JMSchuler_Stadtecho-2-225x300.jpg 225w, https:\/\/visualjournalism.de\/wp-content\/uploads\/JMSchuler_Stadtecho-2-768x1024.jpg 768w, https:\/\/visualjournalism.de\/wp-content\/uploads\/JMSchuler_Stadtecho-2-1152x1536.jpg 1152w, https:\/\/visualjournalism.de\/wp-content\/uploads\/JMSchuler_Stadtecho-2-1536x2048.jpg 1536w, https:\/\/visualjournalism.de\/wp-content\/uploads\/JMSchuler_Stadtecho-2-scaled.jpg 1920w, https:\/\/visualjournalism.de\/wp-content\/uploads\/JMSchuler_Stadtecho-2-1050x1400.jpg 1050w, https:\/\/visualjournalism.de\/wp-content\/uploads\/JMSchuler_Stadtecho-2-670x893.jpg 670w, https:\/\/visualjournalism.de\/wp-content\/uploads\/JMSchuler_Stadtecho-2-420x560.jpg 420w, https:\/\/visualjournalism.de\/wp-content\/uploads\/JMSchuler_Stadtecho-2-350x467.jpg 350w, https:\/\/visualjournalism.de\/wp-content\/uploads\/JMSchuler_Stadtecho-2-300x400.jpg 300w, https:\/\/visualjournalism.de\/wp-content\/uploads\/JMSchuler_Stadtecho-2-640x853.jpg 640w, https:\/\/visualjournalism.de\/wp-content\/uploads\/JMSchuler_Stadtecho-2-150x200.jpg 150w\"\n                width=\"1400\" \n                height=\"1867\"\n                alt=\"\" \n            \/>\n            \n                    <\/div><!-- post__image__container -->\n\n        \n    <\/figure><!-- post__image -->\n\n\n\n<\/div>\n\n\n<div class=\"pinned-block__column--right\">\n    \n\n<p class=\"post__paragraph is-style-typo--soehne has-spacing--default\"><strong>Jana Margarete Schuler<\/strong> stammt aus der fr\u00e4nkischen Kleinstadt Forchheim, wo sie in einem Stadtteil namens \u201eKellerwald\u201c aufwuchs. Ein Wald, in dem sich ein Bierkeller an den anderen reiht &#8211; ein traditionsreicher Ort voller Skurrilit\u00e4ten. Kein Wunder, dass sie sich f\u00fcr Menschen und Orte interessiert, die aus der Norm fallen. W\u00e4hrend ihres Studiums Fotojournalismus und Dokumentarfotografie in Hannover begann sie, Reportagen \u00fcber soziale und kulturelle Themen zu fotografieren. Seitdem begleitet sie Eisfischer in Lappland, EU-Abgeordnete in Br\u00fcssel, Wrestlerinnen in Nordmexiko, Bierbrauerinnen in Oberfranken und Winzer in Spanien. Ihren Wohnsitz hat sie in Bamberg, f\u00fcr Geschichten ist sie weltweit unterwegs. Janas Arbeiten erscheinen in ZEIT, Spiegel, Stern, etc.&nbsp;<\/p>\n\n\n\n<p class=\"post__paragraph is-style-typo--soehne has-spacing--default\"><strong>Kontakt:&nbsp;<\/strong><br><a href=\"mailto:info@janamargarete.com\">info@janamargarete.com<\/a><\/p>\n\n\n<\/div>\n<\/div>\n\n\n<div class=\"devider has-spacing--none\">\n    <hr>\n<\/div>\n\n\n \n\n    <div id=\"lead-in-block_66cefa4d606cf8f964ebc1e904c716a8\" class=\"block-lead-in typo--soehne font-size--default has-spacing--s width--default\">\n        <h2><strong>Beitr\u00e4ge von Jana:<\/strong><\/h2>\n    <\/div>\n\n\n\n\n<div class=\"four-columns-teaser has-spacing--none\">\n\n    \r\n<article class=\"post-teaser post-60366 magazin type-magazin status-publish has-post-thumbnail hentry magazinkategorie-was-uns-haelt\">\r\n\t<header class=\"entry-header\">\r\n\r\n\t\t<div class=\"entry-categories\">\n\t<a class=\"post__tag\" href=\"https:\/\/visualjournalism.de\/magazin-kategorie\/was-uns-haelt\/\" rel=\"category tag\">Was uns h\u00e4lt<\/a><\/div>\r\n\t\t<a href=\"https:\/\/visualjournalism.de\/en\/magazine\/was-uns-haelt\/co-parenting-zwei-freunde-ein-kind\/\" rel=\"bookmark\">\r\n\t\t\t<h2 class=\"entry-title\">Co-Parenting: Zwei Freunde, ein Kind.<\/h2>\r\n\t\t\t<p class=\"entry-excerpt\">Julia m\u00f6chte ein Kind bekommen. Ihr Freund Patrick nicht. Was tun, wenn Lebensentw\u00fcrfe so unterschiedlich sind? Die L\u00f6sung findet Julia in einer Freundschaft \u2013 und geht damit einen ungew\u00f6hnlichen Weg.<\/p>\r\n\t\t<\/a>\r\n\r\n\t<\/header><!-- .entry-header -->\r\n\r\n\t<figure class=\"post__image\">\r\n\t\t<a href=\"https:\/\/visualjournalism.de\/en\/magazine\/was-uns-haelt\/co-parenting-zwei-freunde-ein-kind\/\" rel=\"bookmark\">\r\n\t\t\t<img loading=\"lazy\" decoding=\"async\" width=\"350\" height=\"244\" src=\"https:\/\/visualjournalism.de\/wp-content\/uploads\/Schuler_Jana_ACHTUNG_EMBARGO_SZ_MAG_VEROEFFENTLICHUNG_Was_uns_haelt_Seite_11-scaled-e1767608304204-350x244.jpg\" class=\"attachment-post-image--two-column--small size-post-image--two-column--small\" alt=\"\" srcset=\"https:\/\/visualjournalism.de\/wp-content\/uploads\/Schuler_Jana_ACHTUNG_EMBARGO_SZ_MAG_VEROEFFENTLICHUNG_Was_uns_haelt_Seite_11-scaled-e1767608304204-350x244.jpg 350w, https:\/\/visualjournalism.de\/wp-content\/uploads\/Schuler_Jana_ACHTUNG_EMBARGO_SZ_MAG_VEROEFFENTLICHUNG_Was_uns_haelt_Seite_11-scaled-e1767608304204-300x209.jpg 300w, https:\/\/visualjournalism.de\/wp-content\/uploads\/Schuler_Jana_ACHTUNG_EMBARGO_SZ_MAG_VEROEFFENTLICHUNG_Was_uns_haelt_Seite_11-scaled-e1767608304204-1024x713.jpg 1024w, https:\/\/visualjournalism.de\/wp-content\/uploads\/Schuler_Jana_ACHTUNG_EMBARGO_SZ_MAG_VEROEFFENTLICHUNG_Was_uns_haelt_Seite_11-scaled-e1767608304204-768x535.jpg 768w, https:\/\/visualjournalism.de\/wp-content\/uploads\/Schuler_Jana_ACHTUNG_EMBARGO_SZ_MAG_VEROEFFENTLICHUNG_Was_uns_haelt_Seite_11-scaled-e1767608304204-1536x1069.jpg 1536w, https:\/\/visualjournalism.de\/wp-content\/uploads\/Schuler_Jana_ACHTUNG_EMBARGO_SZ_MAG_VEROEFFENTLICHUNG_Was_uns_haelt_Seite_11-scaled-e1767608304204-2048x1425.jpg 2048w, https:\/\/visualjournalism.de\/wp-content\/uploads\/Schuler_Jana_ACHTUNG_EMBARGO_SZ_MAG_VEROEFFENTLICHUNG_Was_uns_haelt_Seite_11-scaled-e1767608304204-1920x1336.jpg 1920w, https:\/\/visualjournalism.de\/wp-content\/uploads\/Schuler_Jana_ACHTUNG_EMBARGO_SZ_MAG_VEROEFFENTLICHUNG_Was_uns_haelt_Seite_11-scaled-e1767608304204-1400x974.jpg 1400w, https:\/\/visualjournalism.de\/wp-content\/uploads\/Schuler_Jana_ACHTUNG_EMBARGO_SZ_MAG_VEROEFFENTLICHUNG_Was_uns_haelt_Seite_11-scaled-e1767608304204-1050x731.jpg 1050w, https:\/\/visualjournalism.de\/wp-content\/uploads\/Schuler_Jana_ACHTUNG_EMBARGO_SZ_MAG_VEROEFFENTLICHUNG_Was_uns_haelt_Seite_11-scaled-e1767608304204-670x466.jpg 670w, https:\/\/visualjournalism.de\/wp-content\/uploads\/Schuler_Jana_ACHTUNG_EMBARGO_SZ_MAG_VEROEFFENTLICHUNG_Was_uns_haelt_Seite_11-scaled-e1767608304204-420x292.jpg 420w, https:\/\/visualjournalism.de\/wp-content\/uploads\/Schuler_Jana_ACHTUNG_EMBARGO_SZ_MAG_VEROEFFENTLICHUNG_Was_uns_haelt_Seite_11-scaled-e1767608304204-150x104.jpg 150w\" sizes=\"auto, (max-width: 350px) 100vw, 350px\" \/>\t\t<\/a>\r\n\t<\/figure><!-- .post__image -->\r\n\r\n<\/article>\r\n\n<\/div><!-- .2-columns-teaser-->\n\n    \n\n\n<div class=\"wp-block-group has-spacing--default has-spacing--default\">\n<div class=\"devider has-spacing--none\">\n    <hr>\n<\/div>\n\n\n \n\n    <div id=\"lead-in-block_4b326296b8f4f5df3ad6df7bcdb2bef2\" class=\"block-lead-in typo--default font-size--xl has-spacing--s width--default\">\n        <p><strong>Empfehlungen der Redaktion:<\/strong><\/p>\n    <\/div>\n\n\n\n\r\n\r\n\r\n\n\n\r\n\r\n\r\n\r\n        <div class=\"teaser-grid grid-layout--3col has-spacing--s width--inline\">\r\n\r\n            \r\n                <article class=\"post-teaser\">\r\n\r\n                    <a href=\"https:\/\/visualjournalism.de\/en\/magazine\/ratgeber\/hannover-deshalb-lohnt-sich-ein-studium-hier\/\" rel=\"permalink\">\r\n\r\n                        <div class=\"post-teaser__content\">\r\n\r\n                            <span class=\"entry-categories\">Ratgeber<\/span>\r\n                            <h3 class=\"post-teaser__headline\">\r\n                                Hannover aufregend unaufgeregt.                            <\/h3>\r\n\r\n                            <div class=\"post-teaser__excerpt\">\r\n                                <p>In diesem Kommentar erf\u00e4hrst du, warum sich ein Studium in Hannover f\u00fcr dich lohnt und wie der beste Start in Niedersachsens Landeshauptstadt gelingen kann.<\/p>\r\n                            <\/div>\r\n\r\n                        <\/div><!-- .post-teaser__content -->\r\n\r\n\r\n                        \r\n                            <figure class=\"post-teaser__image\">\r\n                                <img loading=\"lazy\" decoding=\"async\"  \r\n                                    src=\"https:\/\/visualjournalism.de\/wp-content\/uploads\/2025\/02\/hannover_unaufgeregt_aufgeregt-2-768x491.jpg\" \r\n                                    srcset=\"https:\/\/visualjournalism.de\/wp-content\/uploads\/2025\/02\/hannover_unaufgeregt_aufgeregt-2-768x491.jpg 768w, https:\/\/visualjournalism.de\/wp-content\/uploads\/2025\/02\/hannover_unaufgeregt_aufgeregt-2-300x192.jpg 300w, https:\/\/visualjournalism.de\/wp-content\/uploads\/2025\/02\/hannover_unaufgeregt_aufgeregt-2-1024x655.jpg 1024w, https:\/\/visualjournalism.de\/wp-content\/uploads\/2025\/02\/hannover_unaufgeregt_aufgeregt-2-1536x982.jpg 1536w, https:\/\/visualjournalism.de\/wp-content\/uploads\/2025\/02\/hannover_unaufgeregt_aufgeregt-2-2048x1310.jpg 2048w, https:\/\/visualjournalism.de\/wp-content\/uploads\/2025\/02\/hannover_unaufgeregt_aufgeregt-2-1920x1228.jpg 1920w, https:\/\/visualjournalism.de\/wp-content\/uploads\/2025\/02\/hannover_unaufgeregt_aufgeregt-2-1400x895.jpg 1400w, https:\/\/visualjournalism.de\/wp-content\/uploads\/2025\/02\/hannover_unaufgeregt_aufgeregt-2-1050x671.jpg 1050w, https:\/\/visualjournalism.de\/wp-content\/uploads\/2025\/02\/hannover_unaufgeregt_aufgeregt-2-670x428.jpg 670w, https:\/\/visualjournalism.de\/wp-content\/uploads\/2025\/02\/hannover_unaufgeregt_aufgeregt-2-420x269.jpg 420w, https:\/\/visualjournalism.de\/wp-content\/uploads\/2025\/02\/hannover_unaufgeregt_aufgeregt-2-350x224.jpg 350w, https:\/\/visualjournalism.de\/wp-content\/uploads\/2025\/02\/hannover_unaufgeregt_aufgeregt-2-150x96.jpg 150w\" \r\n                                    width=\"768\"  \r\n                                    height=\"491\" \r\n                                    alt=\"\"\r\n                                \/>\r\n                            <\/figure>\r\n\r\n                        \r\n                    \r\n                    <\/a>\r\n\r\n                <\/article><!--- .post-teaser-->\r\n\r\n            \r\n                <article class=\"post-teaser\">\r\n\r\n                    <a href=\"https:\/\/visualjournalism.de\/en\/magazine\/ratgeber\/grossformatfotografie-wer-tut-sich-das-noch-an\/\" rel=\"permalink\">\r\n\r\n                        <div class=\"post-teaser__content\">\r\n\r\n                            <span class=\"entry-categories\">Ratgeber<\/span>\r\n                            <h3 class=\"post-teaser__headline\">\r\n                                Gro\u00dfformatfotografie: Wer tut sich das noch an?                            <\/h3>\r\n\r\n                            <div class=\"post-teaser__excerpt\">\r\n                                <p>Warum ich freiwillig eine Kamera durch die Weltgeschichte schleppe, die so schwer ist, wie ein Sack Zement, verrate ich dir in diesem Ratgeber!<\/p>\r\n                            <\/div>\r\n\r\n                        <\/div><!-- .post-teaser__content -->\r\n\r\n\r\n                        \r\n                            <figure class=\"post-teaser__image\">\r\n                                <img loading=\"lazy\" decoding=\"async\"  \r\n                                    src=\"https:\/\/visualjournalism.de\/wp-content\/uploads\/Ludwig-Nikulski-MathildaTheo-768x960.jpg\" \r\n                                    srcset=\"https:\/\/visualjournalism.de\/wp-content\/uploads\/Ludwig-Nikulski-MathildaTheo-768x960.jpg 768w, https:\/\/visualjournalism.de\/wp-content\/uploads\/Ludwig-Nikulski-MathildaTheo-240x300.jpg 240w, https:\/\/visualjournalism.de\/wp-content\/uploads\/Ludwig-Nikulski-MathildaTheo-819x1024.jpg 819w, https:\/\/visualjournalism.de\/wp-content\/uploads\/Ludwig-Nikulski-MathildaTheo-1050x1313.jpg 1050w, https:\/\/visualjournalism.de\/wp-content\/uploads\/Ludwig-Nikulski-MathildaTheo-670x838.jpg 670w, https:\/\/visualjournalism.de\/wp-content\/uploads\/Ludwig-Nikulski-MathildaTheo-420x525.jpg 420w, https:\/\/visualjournalism.de\/wp-content\/uploads\/Ludwig-Nikulski-MathildaTheo-350x438.jpg 350w, https:\/\/visualjournalism.de\/wp-content\/uploads\/Ludwig-Nikulski-MathildaTheo-300x375.jpg 300w, https:\/\/visualjournalism.de\/wp-content\/uploads\/Ludwig-Nikulski-MathildaTheo-150x188.jpg 150w, https:\/\/visualjournalism.de\/wp-content\/uploads\/Ludwig-Nikulski-MathildaTheo.jpg 1200w\" \r\n                                    width=\"768\"  \r\n                                    height=\"960\" \r\n                                    alt=\"\"\r\n                                \/>\r\n                            <\/figure>\r\n\r\n                        \r\n                    \r\n                    <\/a>\r\n\r\n                <\/article><!--- .post-teaser-->\r\n\r\n            \r\n                <article class=\"post-teaser\">\r\n\r\n                    <a href=\"https:\/\/visualjournalism.de\/en\/magazine\/ratgeber\/praktikum-im-journalismus\/\" rel=\"permalink\">\r\n\r\n                        <div class=\"post-teaser__content\">\r\n\r\n                            <span class=\"entry-categories\">Ratgeber<\/span>\r\n                            <h3 class=\"post-teaser__headline\">\r\n                                So gelingt dein Praktikum im Journalismus!                            <\/h3>\r\n\r\n                            <div class=\"post-teaser__excerpt\">\r\n                                <p>Wie findest du das richtige Praktikum? Wie \u00fcberzeugst du in der Bewerbung? Und was solltest du w\u00e4hrend des Praktikums unbedingt beachten? Mit Tipps und Tricks von unseren Professor*innen und Studierenden.<\/p>\r\n                            <\/div>\r\n\r\n                        <\/div><!-- .post-teaser__content -->\r\n\r\n\r\n                        \r\n                            <figure class=\"post-teaser__image\">\r\n                                <img loading=\"lazy\" decoding=\"async\"  \r\n                                    src=\"https:\/\/visualjournalism.de\/wp-content\/uploads\/IMG_312C868D6676-1-Foto-Stefan-Nieland-768x512.jpeg\" \r\n                                    srcset=\"https:\/\/visualjournalism.de\/wp-content\/uploads\/IMG_312C868D6676-1-Foto-Stefan-Nieland-768x512.jpeg 768w, https:\/\/visualjournalism.de\/wp-content\/uploads\/IMG_312C868D6676-1-Foto-Stefan-Nieland-300x200.jpeg 300w, https:\/\/visualjournalism.de\/wp-content\/uploads\/IMG_312C868D6676-1-Foto-Stefan-Nieland-1024x683.jpeg 1024w, https:\/\/visualjournalism.de\/wp-content\/uploads\/IMG_312C868D6676-1-Foto-Stefan-Nieland-1536x1024.jpeg 1536w, https:\/\/visualjournalism.de\/wp-content\/uploads\/IMG_312C868D6676-1-Foto-Stefan-Nieland-1920x1280.jpeg 1920w, https:\/\/visualjournalism.de\/wp-content\/uploads\/IMG_312C868D6676-1-Foto-Stefan-Nieland-1400x933.jpeg 1400w, https:\/\/visualjournalism.de\/wp-content\/uploads\/IMG_312C868D6676-1-Foto-Stefan-Nieland-1050x700.jpeg 1050w, https:\/\/visualjournalism.de\/wp-content\/uploads\/IMG_312C868D6676-1-Foto-Stefan-Nieland-670x447.jpeg 670w, https:\/\/visualjournalism.de\/wp-content\/uploads\/IMG_312C868D6676-1-Foto-Stefan-Nieland-420x280.jpeg 420w, https:\/\/visualjournalism.de\/wp-content\/uploads\/IMG_312C868D6676-1-Foto-Stefan-Nieland-350x233.jpeg 350w, https:\/\/visualjournalism.de\/wp-content\/uploads\/IMG_312C868D6676-1-Foto-Stefan-Nieland-150x100.jpeg 150w, https:\/\/visualjournalism.de\/wp-content\/uploads\/IMG_312C868D6676-1-Foto-Stefan-Nieland.jpeg 2048w\" \r\n                                    width=\"768\"  \r\n                                    height=\"512\" \r\n                                    alt=\"F\u00fcnf Personen im Fotostudio der F.A.Z. inszenieren mit Bratpfannen eine kreative Szene. Im Mittelpunkt: Sophie Boyer und Stefan Nieland, beide im journalistischen Praktikum aus dem Studiengang Visual Journalism and Documentary Photography in Hannover. Die Szene zeigt Zusammenarbeit im Redaktionspraktikum und gestalterische Praxis im Journalismus.\"\r\n                                \/>\r\n                            <\/figure>\r\n\r\n                        \r\n                    \r\n                    <\/a>\r\n\r\n                <\/article><!--- .post-teaser-->\r\n\r\n            \r\n        <\/div><!-- .teaser-grid -->\r\n\r\n\n\n\r\n\r\n\r\n\n\n\n    <div class=\"btn-wrapper has-spacing--m\">\n        <a class=\"btn\" href=\"https:\/\/visualjournalism.de\/magazin\/\" target=\"_blank\">ZUR MAGAZIN-STARTSEITE<\/a>\n    <\/div>\n<\/div>\n","protected":false},"excerpt":{"rendered":"","protected":false},"author":62,"featured_media":0,"parent":0,"menu_order":0,"comment_status":"closed","ping_status":"closed","template":"","meta":{"_acf_changed":false,"footnotes":""},"class_list":["post-60380","page","type-page","status-publish","hentry"],"acf":[],"yoast_head":"<!-- This site is optimized with the Yoast SEO Premium plugin v27.3 (Yoast SEO v27.3) - https:\/\/yoast.com\/product\/yoast-seo-premium-wordpress\/ -->\n<title>Jana Margarete Schuler &#8211; Visual Journalism and Documentary Photography<\/title>\n<meta name=\"robots\" content=\"index, follow, max-snippet:-1, max-image-preview:large, max-video-preview:-1\" \/>\n<link rel=\"canonical\" href=\"https:\/\/visualjournalism.de\/en\/jana-margarete-schuler\/\" \/>\n<meta property=\"og:locale\" content=\"en_US\" \/>\n<meta property=\"og:type\" content=\"article\" \/>\n<meta property=\"og:title\" content=\"Jana Margarete Schuler\" \/>\n<meta property=\"og:url\" content=\"https:\/\/visualjournalism.de\/en\/jana-margarete-schuler\/\" \/>\n<meta property=\"og:site_name\" content=\"Visual Journalism and Documentary Photography\" \/>\n<meta property=\"article:publisher\" content=\"https:\/\/www.facebook.com\/people\/wwwfotostudentende\/100065173703897\/\" \/>\n<meta property=\"article:modified_time\" content=\"2025-10-06T17:31:57+00:00\" \/>\n<meta name=\"twitter:card\" content=\"summary_large_image\" \/>\n<meta name=\"twitter:site\" content=\"@HsHannover\" \/>\n<meta name=\"twitter:label1\" content=\"Est. reading time\" \/>\n\t<meta name=\"twitter:data1\" content=\"1 minute\" \/>\n<script type=\"application\/ld+json\" class=\"yoast-schema-graph\">{\"@context\":\"https:\\\/\\\/schema.org\",\"@graph\":[{\"@type\":\"WebPage\",\"@id\":\"https:\\\/\\\/visualjournalism.de\\\/en\\\/jana-margarete-schuler\\\/\",\"url\":\"https:\\\/\\\/visualjournalism.de\\\/en\\\/jana-margarete-schuler\\\/\",\"name\":\"Jana Margarete Schuler &#8211; Visual Journalism and Documentary Photography\",\"isPartOf\":{\"@id\":\"https:\\\/\\\/visualjournalism.de\\\/en\\\/#website\"},\"datePublished\":\"2025-05-12T10:07:31+00:00\",\"dateModified\":\"2025-10-06T17:31:57+00:00\",\"breadcrumb\":{\"@id\":\"https:\\\/\\\/visualjournalism.de\\\/en\\\/jana-margarete-schuler\\\/#breadcrumb\"},\"inLanguage\":\"en-US\",\"potentialAction\":[{\"@type\":\"ReadAction\",\"target\":[\"https:\\\/\\\/visualjournalism.de\\\/en\\\/jana-margarete-schuler\\\/\"]}]},{\"@type\":\"BreadcrumbList\",\"@id\":\"https:\\\/\\\/visualjournalism.de\\\/en\\\/jana-margarete-schuler\\\/#breadcrumb\",\"itemListElement\":[{\"@type\":\"ListItem\",\"position\":1,\"name\":\"Home\",\"item\":\"https:\\\/\\\/visualjournalism.de\\\/en\\\/\"},{\"@type\":\"ListItem\",\"position\":2,\"name\":\"Jana Margarete Schuler\"}]},{\"@type\":\"WebSite\",\"@id\":\"https:\\\/\\\/visualjournalism.de\\\/en\\\/#website\",\"url\":\"https:\\\/\\\/visualjournalism.de\\\/en\\\/\",\"name\":\"Visual Journalism and Documentary Photography\",\"description\":\"All about the bilingual bachelor&#039;s program at Hannover University of Applied Sciences and Arts.\",\"publisher\":{\"@id\":\"https:\\\/\\\/visualjournalism.de\\\/en\\\/#organization\"},\"alternateName\":\"visualjournalism.de\",\"potentialAction\":[{\"@type\":\"SearchAction\",\"target\":{\"@type\":\"EntryPoint\",\"urlTemplate\":\"https:\\\/\\\/visualjournalism.de\\\/en\\\/?s={search_term_string}\"},\"query-input\":{\"@type\":\"PropertyValueSpecification\",\"valueRequired\":true,\"valueName\":\"search_term_string\"}}],\"inLanguage\":\"en-US\"},{\"@type\":\"Organization\",\"@id\":\"https:\\\/\\\/visualjournalism.de\\\/en\\\/#organization\",\"name\":\"Hochschule Hannover \u2013 University of Applied Sciences and Arts\",\"alternateName\":\"HsH\",\"url\":\"https:\\\/\\\/visualjournalism.de\\\/en\\\/\",\"logo\":{\"@type\":\"ImageObject\",\"inLanguage\":\"en-US\",\"@id\":\"https:\\\/\\\/visualjournalism.de\\\/en\\\/#\\\/schema\\\/logo\\\/image\\\/\",\"url\":\"https:\\\/\\\/visualjournalism.de\\\/wp-content\\\/uploads\\\/logo-hochschule-hannover.png\",\"contentUrl\":\"https:\\\/\\\/visualjournalism.de\\\/wp-content\\\/uploads\\\/logo-hochschule-hannover.png\",\"width\":363,\"height\":270,\"caption\":\"Hochschule Hannover \u2013 University of Applied Sciences and Arts\"},\"image\":{\"@id\":\"https:\\\/\\\/visualjournalism.de\\\/en\\\/#\\\/schema\\\/logo\\\/image\\\/\"},\"sameAs\":[\"https:\\\/\\\/www.facebook.com\\\/people\\\/wwwfotostudentende\\\/100065173703897\\\/\",\"https:\\\/\\\/x.com\\\/HsHannover\",\"https:\\\/\\\/www.instagram.com\\\/visualjournalism.de\\\/\"]}]}<\/script>\n<!-- \/ Yoast SEO Premium plugin. -->","yoast_head_json":{"title":"Jana Margarete Schuler &#8211; Visual Journalism and Documentary Photography","robots":{"index":"index","follow":"follow","max-snippet":"max-snippet:-1","max-image-preview":"max-image-preview:large","max-video-preview":"max-video-preview:-1"},"canonical":"https:\/\/visualjournalism.de\/en\/jana-margarete-schuler\/","og_locale":"en_US","og_type":"article","og_title":"Jana Margarete Schuler","og_url":"https:\/\/visualjournalism.de\/en\/jana-margarete-schuler\/","og_site_name":"Visual Journalism and Documentary Photography","article_publisher":"https:\/\/www.facebook.com\/people\/wwwfotostudentende\/100065173703897\/","article_modified_time":"2025-10-06T17:31:57+00:00","twitter_card":"summary_large_image","twitter_site":"@HsHannover","twitter_misc":{"Est. reading time":"1 minute"},"schema":{"@context":"https:\/\/schema.org","@graph":[{"@type":"WebPage","@id":"https:\/\/visualjournalism.de\/en\/jana-margarete-schuler\/","url":"https:\/\/visualjournalism.de\/en\/jana-margarete-schuler\/","name":"Jana Margarete Schuler &#8211; Visual Journalism and Documentary Photography","isPartOf":{"@id":"https:\/\/visualjournalism.de\/en\/#website"},"datePublished":"2025-05-12T10:07:31+00:00","dateModified":"2025-10-06T17:31:57+00:00","breadcrumb":{"@id":"https:\/\/visualjournalism.de\/en\/jana-margarete-schuler\/#breadcrumb"},"inLanguage":"en-US","potentialAction":[{"@type":"ReadAction","target":["https:\/\/visualjournalism.de\/en\/jana-margarete-schuler\/"]}]},{"@type":"BreadcrumbList","@id":"https:\/\/visualjournalism.de\/en\/jana-margarete-schuler\/#breadcrumb","itemListElement":[{"@type":"ListItem","position":1,"name":"Home","item":"https:\/\/visualjournalism.de\/en\/"},{"@type":"ListItem","position":2,"name":"Jana Margarete Schuler"}]},{"@type":"WebSite","@id":"https:\/\/visualjournalism.de\/en\/#website","url":"https:\/\/visualjournalism.de\/en\/","name":"Visual Journalism and Documentary Photography","description":"All about the bilingual bachelor&#039;s program at Hannover University of Applied Sciences and Arts.","publisher":{"@id":"https:\/\/visualjournalism.de\/en\/#organization"},"alternateName":"visualjournalism.de","potentialAction":[{"@type":"SearchAction","target":{"@type":"EntryPoint","urlTemplate":"https:\/\/visualjournalism.de\/en\/?s={search_term_string}"},"query-input":{"@type":"PropertyValueSpecification","valueRequired":true,"valueName":"search_term_string"}}],"inLanguage":"en-US"},{"@type":"Organization","@id":"https:\/\/visualjournalism.de\/en\/#organization","name":"Hochschule Hannover \u2013 University of Applied Sciences and Arts","alternateName":"HsH","url":"https:\/\/visualjournalism.de\/en\/","logo":{"@type":"ImageObject","inLanguage":"en-US","@id":"https:\/\/visualjournalism.de\/en\/#\/schema\/logo\/image\/","url":"https:\/\/visualjournalism.de\/wp-content\/uploads\/logo-hochschule-hannover.png","contentUrl":"https:\/\/visualjournalism.de\/wp-content\/uploads\/logo-hochschule-hannover.png","width":363,"height":270,"caption":"Hochschule Hannover \u2013 University of Applied Sciences and Arts"},"image":{"@id":"https:\/\/visualjournalism.de\/en\/#\/schema\/logo\/image\/"},"sameAs":["https:\/\/www.facebook.com\/people\/wwwfotostudentende\/100065173703897\/","https:\/\/x.com\/HsHannover","https:\/\/www.instagram.com\/visualjournalism.de\/"]}]}},"_links":{"self":[{"href":"https:\/\/visualjournalism.de\/en\/wp-json\/wp\/v2\/pages\/60380","targetHints":{"allow":["GET"]}}],"collection":[{"href":"https:\/\/visualjournalism.de\/en\/wp-json\/wp\/v2\/pages"}],"about":[{"href":"https:\/\/visualjournalism.de\/en\/wp-json\/wp\/v2\/types\/page"}],"author":[{"embeddable":true,"href":"https:\/\/visualjournalism.de\/en\/wp-json\/wp\/v2\/users\/62"}],"replies":[{"embeddable":true,"href":"https:\/\/visualjournalism.de\/en\/wp-json\/wp\/v2\/comments?post=60380"}],"version-history":[{"count":1,"href":"https:\/\/visualjournalism.de\/en\/wp-json\/wp\/v2\/pages\/60380\/revisions"}],"predecessor-version":[{"id":64506,"href":"https:\/\/visualjournalism.de\/en\/wp-json\/wp\/v2\/pages\/60380\/revisions\/64506"}],"wp:attachment":[{"href":"https:\/\/visualjournalism.de\/en\/wp-json\/wp\/v2\/media?parent=60380"}],"curies":[{"name":"wp","href":"https:\/\/api.w.org\/{rel}","templated":true}]}}