{"id":62190,"date":"2025-06-30T09:53:48","date_gmt":"2025-06-30T09:53:48","guid":{"rendered":"https:\/\/visualjournalism.de\/?page_id=62190"},"modified":"2025-11-03T17:06:22","modified_gmt":"2025-11-03T15:06:22","slug":"jux-jule-schlutter","status":"publish","type":"page","link":"https:\/\/visualjournalism.de\/en\/jux-jule-schlutter\/","title":{"rendered":"Jule Schlutter"},"content":{"rendered":"\n \n\n    <div id=\"lead-in-block_58958c309437ad167261d43db63756a0\" class=\"block-lead-in typo--soehne font-size--xl has-spacing--m width--default\">\n        <p><strong>Jux (Jule) Schlutter<\/strong><\/p>\n<p>&nbsp;<\/p>\n<div class=\"entry-meta\">\r\n    <span class=\"posted-on\"><a href=\"https:\/\/visualjournalism.de\/en\/jux-jule-schlutter\/\" rel=\"bookmark\"><time class=\"entry-date published\" datetime=\"2025-06-30T09:53:48+02:00\">30.06.2025<\/time><\/a><\/span><span class=\"byline\">Redaktion: <span class=\"author vcard\"><span class=\"fn n\">Calvin Thomas<\/span><\/span><\/span><\/div><!-- .entry-meta -->\r\n    <\/div>\n\n\n\n\n<div class=\"pinned-block has-spacing--m\">\n\t\n\n<div class=\"pinned-block__column--left\">\n    \n    <figure class=\"block-photo post__image--full has-spacing--m no-title\">\n\n        <div class=\"post__image__container\">\n            <img loading=\"lazy\" decoding=\"async\" \n                src=\"https:\/\/visualjournalism.de\/wp-content\/uploads\/Jule-Schlutter-1-1400x1867.jpg\"\n                srcset=\"https:\/\/visualjournalism.de\/wp-content\/uploads\/Jule-Schlutter-1-1400x1867.jpg 1400w, https:\/\/visualjournalism.de\/wp-content\/uploads\/Jule-Schlutter-1-225x300.jpg 225w, https:\/\/visualjournalism.de\/wp-content\/uploads\/Jule-Schlutter-1-768x1024.jpg 768w, https:\/\/visualjournalism.de\/wp-content\/uploads\/Jule-Schlutter-1-1152x1536.jpg 1152w, https:\/\/visualjournalism.de\/wp-content\/uploads\/Jule-Schlutter-1-1050x1400.jpg 1050w, https:\/\/visualjournalism.de\/wp-content\/uploads\/Jule-Schlutter-1-670x893.jpg 670w, https:\/\/visualjournalism.de\/wp-content\/uploads\/Jule-Schlutter-1-420x560.jpg 420w, https:\/\/visualjournalism.de\/wp-content\/uploads\/Jule-Schlutter-1-350x467.jpg 350w, https:\/\/visualjournalism.de\/wp-content\/uploads\/Jule-Schlutter-1-300x400.jpg 300w, https:\/\/visualjournalism.de\/wp-content\/uploads\/Jule-Schlutter-1-640x853.jpg 640w, https:\/\/visualjournalism.de\/wp-content\/uploads\/Jule-Schlutter-1-150x200.jpg 150w, https:\/\/visualjournalism.de\/wp-content\/uploads\/Jule-Schlutter-1.jpg 1536w\"\n                width=\"1400\" \n                height=\"1867\"\n                alt=\"\" \n            \/>\n            \n                    <\/div><!-- post__image__container -->\n\n        \n    <\/figure><!-- post__image -->\n\n\n\n<\/div>\n\n\n<div class=\"pinned-block__column--right\">\n    \n\n<p class=\"post__paragraph is-style-typo--soehne has-spacing--default\"><strong>Jux<\/strong> (Jule) Sophie Schlutter wurde 2002 geboren und wuchs in einer Kleinstadt in Niedersachsen auf. Seit 2020 lebt und arbeitet sie in Hannover, wo sie die Fachoberschule f\u00fcr Gestaltung besuchte. Seit 2022 studiert Jux an der Hochschule Hannover Experimentelle Gestaltung. Als K\u00fcnstlerin widmet sie sich besonders verschiedener Drucktechniken. Ihr zweites Medium ist die Fotografie, die sie seit 2025 vertiefend im Studium <a href=\"https:\/\/visualjournalism.de\/\">Visual Journalism &amp; Documentary Photography <\/a>parallel zur freien Kunst studiert.<br>Inhaltlich sucht sie dabei immer nach Geschichten \u00fcber alternative Lebensweisen, Denkweisen und allem, was au\u00dferhalb gewohnter Strukturen funktioniert.<br>2021 ist Jux Mutter geworden. Sie sucht seitdem Geschichten \u00fcber Elternschaft au\u00dferhalb der gewohnten Erz\u00e4hlungen und bringt dies in ihre fotografischen sowie k\u00fcnstlerischen Projekte mit ein.<\/p>\n\n\n<\/div>\n<\/div>\n\n\n<div class=\"devider has-spacing--none\">\n    <hr>\n<\/div>\n\n\n \n\n    <div id=\"lead-in-block_214c3f3835910faa37f6fde363e91a69\" class=\"block-lead-in typo--default font-size--xl has-spacing--xs width--default\">\n        <h1>Jules Beitr\u00e4ge:<\/h1>\n<p>&nbsp;<\/p>\n    <\/div>\n\n\n\n\r\n<article class=\"post-teaser teaser-single--full has-spacing--m post-59597 magazin type-magazin status-publish has-post-thumbnail hentry tag-fotostrecke tag-stadt-land magazinkategorie-was-uns-haelt\">\r\n\t<header class=\"entry-header\">\r\n\r\n\t\t<div class=\"entry-categories\">\n\t<a class=\"post__tag\" href=\"https:\/\/visualjournalism.de\/magazin-kategorie\/was-uns-haelt\/\" rel=\"category tag\">Was uns h\u00e4lt<\/a><\/div>\r\n\t\t<a href=\"https:\/\/visualjournalism.de\/en\/magazine\/was-uns-haelt\/leben-im-aussteiger-modus\/\" rel=\"bookmark\">\r\n\t\t\t<h2 class=\"entry-title\">Leben im Aussteiger-Modus: Zu Besuch in einer Kommune.<\/h2>\r\n\t\t\t<p class=\"entry-excerpt\">Fr\u00fchst\u00fcck am Holzofen, Wasser aus der Pflanzenkl\u00e4ranlage: Wie alltagstauglich ist ein Leben, das auf Komfort verzichtet?<\/p>\r\n\t\t<\/a>\r\n\r\n\t<\/header><!-- .entry-header -->\r\n\r\n\t<figure class=\"post__image\">\r\n\t\t<a href=\"https:\/\/visualjournalism.de\/en\/magazine\/was-uns-haelt\/leben-im-aussteiger-modus\/\" rel=\"bookmark\">\r\n\t\t\t<img loading=\"lazy\" decoding=\"async\" width=\"1400\" height=\"1050\" src=\"https:\/\/visualjournalism.de\/wp-content\/uploads\/14_Schlutter_Jule-Sophie-1400x1050.jpg\" class=\"attachment-photo-block--full size-photo-block--full\" alt=\"\" srcset=\"https:\/\/visualjournalism.de\/wp-content\/uploads\/14_Schlutter_Jule-Sophie-1400x1050.jpg 1400w, https:\/\/visualjournalism.de\/wp-content\/uploads\/14_Schlutter_Jule-Sophie-300x225.jpg 300w, https:\/\/visualjournalism.de\/wp-content\/uploads\/14_Schlutter_Jule-Sophie-1024x768.jpg 1024w, https:\/\/visualjournalism.de\/wp-content\/uploads\/14_Schlutter_Jule-Sophie-768x576.jpg 768w, https:\/\/visualjournalism.de\/wp-content\/uploads\/14_Schlutter_Jule-Sophie-1536x1152.jpg 1536w, https:\/\/visualjournalism.de\/wp-content\/uploads\/14_Schlutter_Jule-Sophie-2048x1536.jpg 2048w, https:\/\/visualjournalism.de\/wp-content\/uploads\/14_Schlutter_Jule-Sophie-1920x1440.jpg 1920w, https:\/\/visualjournalism.de\/wp-content\/uploads\/14_Schlutter_Jule-Sophie-1050x788.jpg 1050w, https:\/\/visualjournalism.de\/wp-content\/uploads\/14_Schlutter_Jule-Sophie-670x503.jpg 670w, https:\/\/visualjournalism.de\/wp-content\/uploads\/14_Schlutter_Jule-Sophie-420x315.jpg 420w, https:\/\/visualjournalism.de\/wp-content\/uploads\/14_Schlutter_Jule-Sophie-350x263.jpg 350w, https:\/\/visualjournalism.de\/wp-content\/uploads\/14_Schlutter_Jule-Sophie-150x113.jpg 150w\" sizes=\"auto, (max-width: 1400px) 100vw, 1400px\" \/>\t\t<\/a>\r\n\t<\/figure><!-- .post__image -->\r\n\r\n<\/article>\r\n\n\n\n<div class=\"wp-block-group has-spacing--default has-spacing--default\">\n<div class=\"devider has-spacing--none\">\n    <hr>\n<\/div>\n\n\n \n\n    <div id=\"lead-in-block_6ad88d9b20432929d2f5de64de5778f8\" class=\"block-lead-in typo--default font-size--xl has-spacing--s width--default\">\n        <p><strong>Empfehlungen der Redaktion:<\/strong><\/p>\n    <\/div>\n\n\n\n\r\n\r\n\r\n\n\n\r\n\r\n\r\n\r\n        <div class=\"teaser-grid grid-layout--3col has-spacing--s width--inline\">\r\n\r\n            \r\n                <article class=\"post-teaser\">\r\n\r\n                    <a href=\"https:\/\/visualjournalism.de\/en\/magazine\/ratgeber\/politikerinnen-souveraen-interviewen\/\" rel=\"permalink\">\r\n\r\n                        <div class=\"post-teaser__content\">\r\n\r\n                            <span class=\"entry-categories\">Ratgeber<\/span>\r\n                            <h3 class=\"post-teaser__headline\">\r\n                                Interview f\u00fchren wie ein Profi: So beh\u00e4ltst du auch bei Politiker*innen die Oberhand.                            <\/h3>\r\n\r\n                            <div class=\"post-teaser__excerpt\">\r\n                                <p>Ein Interview mit Politiker*innen kann schnell zum Machtkampf werden. Wir zeigen dir, wie du souver\u00e4n ein Interview f\u00fchrst, typische Interviewfallen umgehst und auch gegen Profis die Oberhand beh\u00e4ltst.<\/p>\r\n                            <\/div>\r\n\r\n                        <\/div><!-- .post-teaser__content -->\r\n\r\n\r\n                        \r\n                            <figure class=\"post-teaser__image\">\r\n                                <img loading=\"lazy\" decoding=\"async\"  \r\n                                    src=\"https:\/\/visualjournalism.de\/wp-content\/uploads\/DSC4729-merz-politikerinterviews-768x1024.jpg\" \r\n                                    srcset=\"https:\/\/visualjournalism.de\/wp-content\/uploads\/DSC4729-merz-politikerinterviews-768x1024.jpg 768w, https:\/\/visualjournalism.de\/wp-content\/uploads\/DSC4729-merz-politikerinterviews-225x300.jpg 225w, https:\/\/visualjournalism.de\/wp-content\/uploads\/DSC4729-merz-politikerinterviews-1152x1536.jpg 1152w, https:\/\/visualjournalism.de\/wp-content\/uploads\/DSC4729-merz-politikerinterviews-1536x2048.jpg 1536w, https:\/\/visualjournalism.de\/wp-content\/uploads\/DSC4729-merz-politikerinterviews-scaled.jpg 1920w, https:\/\/visualjournalism.de\/wp-content\/uploads\/DSC4729-merz-politikerinterviews-1400x1867.jpg 1400w, https:\/\/visualjournalism.de\/wp-content\/uploads\/DSC4729-merz-politikerinterviews-1050x1400.jpg 1050w, https:\/\/visualjournalism.de\/wp-content\/uploads\/DSC4729-merz-politikerinterviews-670x893.jpg 670w, https:\/\/visualjournalism.de\/wp-content\/uploads\/DSC4729-merz-politikerinterviews-420x560.jpg 420w, https:\/\/visualjournalism.de\/wp-content\/uploads\/DSC4729-merz-politikerinterviews-350x467.jpg 350w, https:\/\/visualjournalism.de\/wp-content\/uploads\/DSC4729-merz-politikerinterviews-300x400.jpg 300w, https:\/\/visualjournalism.de\/wp-content\/uploads\/DSC4729-merz-politikerinterviews-640x853.jpg 640w, https:\/\/visualjournalism.de\/wp-content\/uploads\/DSC4729-merz-politikerinterviews-150x200.jpg 150w\" \r\n                                    width=\"768\"  \r\n                                    height=\"1024\" \r\n                                    alt=\"CDU-Vorsitzender Friedrich Merz mit Mikrofon in der Hand, im Gespr\u00e4ch mit dem ehemaligen ZDF-Moderator Klaus Kleber auf einer B\u00fchne. Im Vordergrund sind zwei M\u00e4nner angeblitzt von hinten zu sehen.\"\r\n                                \/>\r\n                            <\/figure>\r\n\r\n                        \r\n                    \r\n                    <\/a>\r\n\r\n                <\/article><!--- .post-teaser-->\r\n\r\n            \r\n                <article class=\"post-teaser\">\r\n\r\n                    <a href=\"https:\/\/visualjournalism.de\/en\/magazine\/ratgeber\/die-richtige-beleuchtung-im-fotostudio\/\" rel=\"permalink\">\r\n\r\n                        <div class=\"post-teaser__content\">\r\n\r\n                            <span class=\"entry-categories\">Ratgeber<\/span>\r\n                            <h3 class=\"post-teaser__headline\">\r\n                                Beleuchtung im Fotostudio: Techniken, Lichtsetups und Tipps f\u00fcr Fotografen.                            <\/h3>\r\n\r\n                            <div class=\"post-teaser__excerpt\">\r\n                                <p>Das richtige Licht entscheidet \u00fcber gelungene Studioaufnahmen. Wir erkl\u00e4ren die wichtigsten Techniken und Lichtsetups \u2013 und wie dir die perfekte Ausleuchtung im Fotostudio Schritt f\u00fcr Schritt gelingt.<\/p>\r\n                            <\/div>\r\n\r\n                        <\/div><!-- .post-teaser__content -->\r\n\r\n\r\n                        \r\n                            <figure class=\"post-teaser__image\">\r\n                                <img loading=\"lazy\" decoding=\"async\"  \r\n                                    src=\"https:\/\/visualjournalism.de\/wp-content\/uploads\/DSC06343-768x492.jpg\" \r\n                                    srcset=\"https:\/\/visualjournalism.de\/wp-content\/uploads\/DSC06343-768x492.jpg 768w, https:\/\/visualjournalism.de\/wp-content\/uploads\/DSC06343-300x192.jpg 300w, https:\/\/visualjournalism.de\/wp-content\/uploads\/DSC06343-1024x656.jpg 1024w, https:\/\/visualjournalism.de\/wp-content\/uploads\/DSC06343-1536x983.jpg 1536w, https:\/\/visualjournalism.de\/wp-content\/uploads\/DSC06343-2048x1311.jpg 2048w, https:\/\/visualjournalism.de\/wp-content\/uploads\/DSC06343-1920x1229.jpg 1920w, https:\/\/visualjournalism.de\/wp-content\/uploads\/DSC06343-1400x896.jpg 1400w, https:\/\/visualjournalism.de\/wp-content\/uploads\/DSC06343-1050x672.jpg 1050w, https:\/\/visualjournalism.de\/wp-content\/uploads\/DSC06343-670x429.jpg 670w, https:\/\/visualjournalism.de\/wp-content\/uploads\/DSC06343-420x269.jpg 420w, https:\/\/visualjournalism.de\/wp-content\/uploads\/DSC06343-350x224.jpg 350w, https:\/\/visualjournalism.de\/wp-content\/uploads\/DSC06343-150x96.jpg 150w\" \r\n                                    width=\"768\"  \r\n                                    height=\"492\" \r\n                                    alt=\"\"\r\n                                \/>\r\n                            <\/figure>\r\n\r\n                        \r\n                    \r\n                    <\/a>\r\n\r\n                <\/article><!--- .post-teaser-->\r\n\r\n            \r\n                <article class=\"post-teaser\">\r\n\r\n                    <a href=\"https:\/\/visualjournalism.de\/en\/magazine\/ratgeber\/professionelle-kamera-fuer-fotografen-warum-nicht-die-marke-zaehlt\/\" rel=\"permalink\">\r\n\r\n                        <div class=\"post-teaser__content\">\r\n\r\n                            <span class=\"entry-categories\">Ratgeber<\/span>\r\n                            <h3 class=\"post-teaser__headline\">\r\n                                Welche Kamera f\u00fcr Fotografie? Profis erkl\u00e4ren, warum die Technik zweitrangig ist.                            <\/h3>\r\n\r\n                            <div class=\"post-teaser__excerpt\">\r\n                                <p>Analog oder digital, Vollformat oder APS-C, spiegellos oder Spiegelreflex? Magnum-Fotografin Nanna Heitmann und Lehrende der Hochschule Hannover erkl\u00e4ren, warum nicht die Kamera-Marke \u00fcber gute Fotos entscheidet, sondern die Person dahinter.<\/p>\r\n                            <\/div>\r\n\r\n                        <\/div><!-- .post-teaser__content -->\r\n\r\n\r\n                        \r\n                            <figure class=\"post-teaser__image\">\r\n                                <img loading=\"lazy\" decoding=\"async\"  \r\n                                    src=\"https:\/\/visualjournalism.de\/wp-content\/uploads\/2025\/08\/Kameras-768x512.jpg\" \r\n                                    srcset=\"https:\/\/visualjournalism.de\/wp-content\/uploads\/2025\/08\/Kameras-768x512.jpg 768w, https:\/\/visualjournalism.de\/wp-content\/uploads\/2025\/08\/Kameras-300x200.jpg 300w, https:\/\/visualjournalism.de\/wp-content\/uploads\/2025\/08\/Kameras-1024x683.jpg 1024w, https:\/\/visualjournalism.de\/wp-content\/uploads\/2025\/08\/Kameras-1536x1024.jpg 1536w, https:\/\/visualjournalism.de\/wp-content\/uploads\/2025\/08\/Kameras-2048x1365.jpg 2048w, https:\/\/visualjournalism.de\/wp-content\/uploads\/2025\/08\/Kameras-1920x1280.jpg 1920w, https:\/\/visualjournalism.de\/wp-content\/uploads\/2025\/08\/Kameras-1400x933.jpg 1400w, https:\/\/visualjournalism.de\/wp-content\/uploads\/2025\/08\/Kameras-1050x700.jpg 1050w, https:\/\/visualjournalism.de\/wp-content\/uploads\/2025\/08\/Kameras-670x447.jpg 670w, https:\/\/visualjournalism.de\/wp-content\/uploads\/2025\/08\/Kameras-420x280.jpg 420w, https:\/\/visualjournalism.de\/wp-content\/uploads\/2025\/08\/Kameras-350x233.jpg 350w, https:\/\/visualjournalism.de\/wp-content\/uploads\/2025\/08\/Kameras-150x100.jpg 150w\" \r\n                                    width=\"768\"  \r\n                                    height=\"512\" \r\n                                    alt=\"\"\r\n                                \/>\r\n                            <\/figure>\r\n\r\n                        \r\n                    \r\n                    <\/a>\r\n\r\n                <\/article><!--- .post-teaser-->\r\n\r\n            \r\n        <\/div><!-- .teaser-grid -->\r\n\r\n\n\n\r\n\r\n\r\n\n\n\n    <div class=\"btn-wrapper has-spacing--m\">\n        <a class=\"btn\" href=\"https:\/\/visualjournalism.de\/magazin\/\" target=\"_blank\">ZUR MAGAZIN-STARTSEITE<\/a>\n    <\/div>\n<\/div>\n","protected":false},"excerpt":{"rendered":"","protected":false},"author":109,"featured_media":0,"parent":0,"menu_order":0,"comment_status":"closed","ping_status":"closed","template":"","meta":{"_acf_changed":false,"footnotes":""},"class_list":["post-62190","page","type-page","status-publish","hentry"],"acf":[],"yoast_head":"<!-- This site is optimized with the Yoast SEO Premium plugin v27.7 (Yoast SEO v27.7) - https:\/\/yoast.com\/product\/yoast-seo-premium-wordpress\/ -->\n<title>Jule Schlutter &#8211; Visual Journalism and Documentary Photography<\/title>\n<meta name=\"robots\" content=\"index, follow, max-snippet:-1, max-image-preview:large, max-video-preview:-1\" \/>\n<link rel=\"canonical\" href=\"https:\/\/visualjournalism.de\/en\/jux-jule-schlutter\/\" \/>\n<meta property=\"og:locale\" content=\"en_US\" \/>\n<meta property=\"og:type\" content=\"article\" \/>\n<meta property=\"og:title\" content=\"Jule Schlutter\" \/>\n<meta property=\"og:url\" content=\"https:\/\/visualjournalism.de\/en\/jux-jule-schlutter\/\" \/>\n<meta property=\"og:site_name\" content=\"Visual Journalism and Documentary Photography\" \/>\n<meta property=\"article:publisher\" content=\"https:\/\/www.facebook.com\/people\/wwwfotostudentende\/100065173703897\/\" \/>\n<meta property=\"article:modified_time\" content=\"2025-11-03T15:06:22+00:00\" \/>\n<meta name=\"twitter:card\" content=\"summary_large_image\" \/>\n<meta name=\"twitter:site\" content=\"@HsHannover\" \/>\n<meta name=\"twitter:label1\" content=\"Est. reading time\" \/>\n\t<meta name=\"twitter:data1\" content=\"1 minute\" \/>\n<script type=\"application\/ld+json\" class=\"yoast-schema-graph\">{\"@context\":\"https:\\\/\\\/schema.org\",\"@graph\":[{\"@type\":\"WebPage\",\"@id\":\"https:\\\/\\\/visualjournalism.de\\\/en\\\/jux-jule-schlutter\\\/\",\"url\":\"https:\\\/\\\/visualjournalism.de\\\/en\\\/jux-jule-schlutter\\\/\",\"name\":\"Jule Schlutter &#8211; Visual Journalism and Documentary Photography\",\"isPartOf\":{\"@id\":\"https:\\\/\\\/visualjournalism.de\\\/en\\\/#website\"},\"datePublished\":\"2025-06-30T09:53:48+00:00\",\"dateModified\":\"2025-11-03T15:06:22+00:00\",\"breadcrumb\":{\"@id\":\"https:\\\/\\\/visualjournalism.de\\\/en\\\/jux-jule-schlutter\\\/#breadcrumb\"},\"inLanguage\":\"en-US\",\"potentialAction\":[{\"@type\":\"ReadAction\",\"target\":[\"https:\\\/\\\/visualjournalism.de\\\/en\\\/jux-jule-schlutter\\\/\"]}]},{\"@type\":\"BreadcrumbList\",\"@id\":\"https:\\\/\\\/visualjournalism.de\\\/en\\\/jux-jule-schlutter\\\/#breadcrumb\",\"itemListElement\":[{\"@type\":\"ListItem\",\"position\":1,\"name\":\"Home\",\"item\":\"https:\\\/\\\/visualjournalism.de\\\/en\\\/\"},{\"@type\":\"ListItem\",\"position\":2,\"name\":\"Jule Schlutter\"}]},{\"@type\":\"WebSite\",\"@id\":\"https:\\\/\\\/visualjournalism.de\\\/en\\\/#website\",\"url\":\"https:\\\/\\\/visualjournalism.de\\\/en\\\/\",\"name\":\"Visual Journalism and Documentary Photography\",\"description\":\"All about the bilingual bachelor&#039;s program at Hannover University of Applied Sciences and Arts.\",\"publisher\":{\"@id\":\"https:\\\/\\\/visualjournalism.de\\\/en\\\/#organization\"},\"alternateName\":\"visualjournalism.de\",\"potentialAction\":[{\"@type\":\"SearchAction\",\"target\":{\"@type\":\"EntryPoint\",\"urlTemplate\":\"https:\\\/\\\/visualjournalism.de\\\/en\\\/?s={search_term_string}\"},\"query-input\":{\"@type\":\"PropertyValueSpecification\",\"valueRequired\":true,\"valueName\":\"search_term_string\"}}],\"inLanguage\":\"en-US\"},{\"@type\":\"Organization\",\"@id\":\"https:\\\/\\\/visualjournalism.de\\\/en\\\/#organization\",\"name\":\"Hochschule Hannover \u2013 University of Applied Sciences and Arts\",\"alternateName\":\"HsH\",\"url\":\"https:\\\/\\\/visualjournalism.de\\\/en\\\/\",\"logo\":{\"@type\":\"ImageObject\",\"inLanguage\":\"en-US\",\"@id\":\"https:\\\/\\\/visualjournalism.de\\\/en\\\/#\\\/schema\\\/logo\\\/image\\\/\",\"url\":\"https:\\\/\\\/visualjournalism.de\\\/wp-content\\\/uploads\\\/logo-hochschule-hannover.png\",\"contentUrl\":\"https:\\\/\\\/visualjournalism.de\\\/wp-content\\\/uploads\\\/logo-hochschule-hannover.png\",\"width\":363,\"height\":270,\"caption\":\"Hochschule Hannover \u2013 University of Applied Sciences and Arts\"},\"image\":{\"@id\":\"https:\\\/\\\/visualjournalism.de\\\/en\\\/#\\\/schema\\\/logo\\\/image\\\/\"},\"sameAs\":[\"https:\\\/\\\/www.facebook.com\\\/people\\\/wwwfotostudentende\\\/100065173703897\\\/\",\"https:\\\/\\\/x.com\\\/HsHannover\",\"https:\\\/\\\/www.instagram.com\\\/visualjournalism.de\\\/\"]}]}<\/script>\n<!-- \/ Yoast SEO Premium plugin. -->","yoast_head_json":{"title":"Jule Schlutter &#8211; Visual Journalism and Documentary Photography","robots":{"index":"index","follow":"follow","max-snippet":"max-snippet:-1","max-image-preview":"max-image-preview:large","max-video-preview":"max-video-preview:-1"},"canonical":"https:\/\/visualjournalism.de\/en\/jux-jule-schlutter\/","og_locale":"en_US","og_type":"article","og_title":"Jule Schlutter","og_url":"https:\/\/visualjournalism.de\/en\/jux-jule-schlutter\/","og_site_name":"Visual Journalism and Documentary Photography","article_publisher":"https:\/\/www.facebook.com\/people\/wwwfotostudentende\/100065173703897\/","article_modified_time":"2025-11-03T15:06:22+00:00","twitter_card":"summary_large_image","twitter_site":"@HsHannover","twitter_misc":{"Est. reading time":"1 minute"},"schema":{"@context":"https:\/\/schema.org","@graph":[{"@type":"WebPage","@id":"https:\/\/visualjournalism.de\/en\/jux-jule-schlutter\/","url":"https:\/\/visualjournalism.de\/en\/jux-jule-schlutter\/","name":"Jule Schlutter &#8211; Visual Journalism and Documentary Photography","isPartOf":{"@id":"https:\/\/visualjournalism.de\/en\/#website"},"datePublished":"2025-06-30T09:53:48+00:00","dateModified":"2025-11-03T15:06:22+00:00","breadcrumb":{"@id":"https:\/\/visualjournalism.de\/en\/jux-jule-schlutter\/#breadcrumb"},"inLanguage":"en-US","potentialAction":[{"@type":"ReadAction","target":["https:\/\/visualjournalism.de\/en\/jux-jule-schlutter\/"]}]},{"@type":"BreadcrumbList","@id":"https:\/\/visualjournalism.de\/en\/jux-jule-schlutter\/#breadcrumb","itemListElement":[{"@type":"ListItem","position":1,"name":"Home","item":"https:\/\/visualjournalism.de\/en\/"},{"@type":"ListItem","position":2,"name":"Jule Schlutter"}]},{"@type":"WebSite","@id":"https:\/\/visualjournalism.de\/en\/#website","url":"https:\/\/visualjournalism.de\/en\/","name":"Visual Journalism and Documentary Photography","description":"All about the bilingual bachelor&#039;s program at Hannover University of Applied Sciences and Arts.","publisher":{"@id":"https:\/\/visualjournalism.de\/en\/#organization"},"alternateName":"visualjournalism.de","potentialAction":[{"@type":"SearchAction","target":{"@type":"EntryPoint","urlTemplate":"https:\/\/visualjournalism.de\/en\/?s={search_term_string}"},"query-input":{"@type":"PropertyValueSpecification","valueRequired":true,"valueName":"search_term_string"}}],"inLanguage":"en-US"},{"@type":"Organization","@id":"https:\/\/visualjournalism.de\/en\/#organization","name":"Hochschule Hannover \u2013 University of Applied Sciences and Arts","alternateName":"HsH","url":"https:\/\/visualjournalism.de\/en\/","logo":{"@type":"ImageObject","inLanguage":"en-US","@id":"https:\/\/visualjournalism.de\/en\/#\/schema\/logo\/image\/","url":"https:\/\/visualjournalism.de\/wp-content\/uploads\/logo-hochschule-hannover.png","contentUrl":"https:\/\/visualjournalism.de\/wp-content\/uploads\/logo-hochschule-hannover.png","width":363,"height":270,"caption":"Hochschule Hannover \u2013 University of Applied Sciences and Arts"},"image":{"@id":"https:\/\/visualjournalism.de\/en\/#\/schema\/logo\/image\/"},"sameAs":["https:\/\/www.facebook.com\/people\/wwwfotostudentende\/100065173703897\/","https:\/\/x.com\/HsHannover","https:\/\/www.instagram.com\/visualjournalism.de\/"]}]}},"_links":{"self":[{"href":"https:\/\/visualjournalism.de\/en\/wp-json\/wp\/v2\/pages\/62190","targetHints":{"allow":["GET"]}}],"collection":[{"href":"https:\/\/visualjournalism.de\/en\/wp-json\/wp\/v2\/pages"}],"about":[{"href":"https:\/\/visualjournalism.de\/en\/wp-json\/wp\/v2\/types\/page"}],"author":[{"embeddable":true,"href":"https:\/\/visualjournalism.de\/en\/wp-json\/wp\/v2\/users\/109"}],"replies":[{"embeddable":true,"href":"https:\/\/visualjournalism.de\/en\/wp-json\/wp\/v2\/comments?post=62190"}],"version-history":[{"count":3,"href":"https:\/\/visualjournalism.de\/en\/wp-json\/wp\/v2\/pages\/62190\/revisions"}],"predecessor-version":[{"id":65016,"href":"https:\/\/visualjournalism.de\/en\/wp-json\/wp\/v2\/pages\/62190\/revisions\/65016"}],"wp:attachment":[{"href":"https:\/\/visualjournalism.de\/en\/wp-json\/wp\/v2\/media?parent=62190"}],"curies":[{"name":"wp","href":"https:\/\/api.w.org\/{rel}","templated":true}]}}