{"id":63740,"date":"2025-09-01T16:51:18","date_gmt":"2025-09-01T16:51:18","guid":{"rendered":"https:\/\/visualjournalism.de\/?page_id=63740"},"modified":"2025-09-01T16:55:08","modified_gmt":"2025-09-01T16:55:08","slug":"miriam-zlobinski","status":"publish","type":"page","link":"https:\/\/visualjournalism.de\/en\/miriam-zlobinski\/","title":{"rendered":"Miriam Zlobinski"},"content":{"rendered":"\n \n\n    <div id=\"lead-in-block_d899d90e2d728b81d217b3ae95e76e96\" class=\"block-lead-in typo--soehne font-size--xl has-spacing--s width--default\">\n        <h1>Miriam Zlobinski<\/h1>\n<p>&nbsp;<\/p>\n<p>&nbsp;<\/p>\n    <\/div>\n\n\n\n\n<div class=\"pinned-block has-spacing--none\">\n\t\n\n<div class=\"pinned-block__column--left\">\n    \n    <figure class=\"block-photo post__image--half-left has-spacing--m with-title\">\n\n        <div class=\"post__image__container\">\n            <img loading=\"lazy\" decoding=\"async\" \n                src=\"https:\/\/visualjournalism.de\/wp-content\/uploads\/2023_GfHF_Zlobinski-768x1152.jpg\"\n                srcset=\"https:\/\/visualjournalism.de\/wp-content\/uploads\/2023_GfHF_Zlobinski-768x1152.jpg 768w, https:\/\/visualjournalism.de\/wp-content\/uploads\/2023_GfHF_Zlobinski-200x300.jpg 200w, https:\/\/visualjournalism.de\/wp-content\/uploads\/2023_GfHF_Zlobinski-683x1024.jpg 683w, https:\/\/visualjournalism.de\/wp-content\/uploads\/2023_GfHF_Zlobinski-1024x1536.jpg 1024w, https:\/\/visualjournalism.de\/wp-content\/uploads\/2023_GfHF_Zlobinski-1365x2048.jpg 1365w, https:\/\/visualjournalism.de\/wp-content\/uploads\/2023_GfHF_Zlobinski-1400x2100.jpg 1400w, https:\/\/visualjournalism.de\/wp-content\/uploads\/2023_GfHF_Zlobinski-1050x1575.jpg 1050w, https:\/\/visualjournalism.de\/wp-content\/uploads\/2023_GfHF_Zlobinski-670x1005.jpg 670w, https:\/\/visualjournalism.de\/wp-content\/uploads\/2023_GfHF_Zlobinski-420x630.jpg 420w, https:\/\/visualjournalism.de\/wp-content\/uploads\/2023_GfHF_Zlobinski-350x525.jpg 350w, https:\/\/visualjournalism.de\/wp-content\/uploads\/2023_GfHF_Zlobinski-300x450.jpg 300w, https:\/\/visualjournalism.de\/wp-content\/uploads\/2023_GfHF_Zlobinski-150x225.jpg 150w, https:\/\/visualjournalism.de\/wp-content\/uploads\/2023_GfHF_Zlobinski.jpg 1417w\"\n                width=\"768\" \n                height=\"1152\"\n                alt=\"\" \n            \/>\n            \n                            <span class=\"post__image__title\">Foto: Alina Simmelbauer<\/span>\n                    <\/div><!-- post__image__container -->\n\n        \n    <\/figure><!-- post__image -->\n\n\n\n<\/div>\n\n\n<div class=\"pinned-block__column--right\">\n    \n\n<p class=\"post__paragraph is-style-typo--soehne has-spacing--default\"><strong>Lehrgebiete:<\/strong> Curating and Exhibiting<\/p>\n\n\n\n<p class=\"post__paragraph is-style-typo--soehne has-spacing--default\"><strong>Miriam Zlobinski <\/strong>forscht und lehrt zur Theorie und Geschichte der Fotografie mit den Schwerpunkten Fotografie im Journalismus, Sammlungst\u00e4tigkeit und Visualit\u00e4t von Demokratie. Gegenstand ihrer abgeschlossenen Promotion an der Humboldt-Universit\u00e4t zu Berlin ist eine kritische Ann\u00e4herung an die Bildpolitik und den Bilderalltag der Illustrierten Stern. Sie erhielt 2018 den Research Grant der Bundeskanzler-Willy-Brandt-Stiftung und ver\u00f6ffentlicht regelm\u00e4\u00dfig in Fachzeitschriften und Publikationen.<\/p>\n\n\n\n<p class=\"post__paragraph is-style-typo--soehne has-spacing--default\">Als ausgebildete Journalistin gr\u00fcndete sie 2021 das Onlineformat <a href=\"https:\/\/www.re-vue.org\/\" target=\"_blank\" rel=\"noreferrer noopener\">ReVue-Magazin f\u00fcr Fotografie und Wahrnehmung<\/a> mit, welches sie als Mitglied der Chefredaktion betreut. Seit 2022 ist sie au\u00dferdem im Sektionsvorstand \u00abGeschichte und Archive\u00bb der Deutschen Gesellschaft f\u00fcr Photographie sowie in der Jury f\u00fcr die Preise \u00abWriting &amp; Thinking Photography\u00bb.<\/p>\n\n\n\n<p class=\"post__paragraph is-style-typo--soehne has-spacing--default\">Ihre Zusammenarbeit als freie Kuratorin mit institutionellen R\u00e4umen, Festivals und Kollektiven erfolgt unter der Fragestellung des kollaborativen Prozesses. Neben ihrem aktuellen Lehrauftrag \u00abCurating and Exhibiting\u00bb an der Hochschule Hannover ist sie Lehrbeauftragte an der Ostkreuzschule f\u00fcr Fotografie und am Institut f\u00fcr transmediale Gestaltung der Universit\u00e4t der K\u00fcnste Berlin.<\/p>\n\n\n<\/div>\n<\/div>\n\n\n<div class=\"wp-block-group has-spacing--none\">\n<div class=\"devider has-spacing--none\">\n    <hr>\n<\/div>\n\n\n    <div class=\"team has-spacing--m\">\n\n        <h2>Team:<\/h2>\n                    <span>\n\n                <a href=\"https:\/\/visualjournalism.de\/christoph-bangert\/\">\n                    <figure class=\"info-item__image\">\n                        <img loading=\"lazy\" decoding=\"async\" width=\"52\" height=\"52\" src=\"https:\/\/visualjournalism.de\/wp-content\/uploads\/prof_christoph_bangert_thumb_sw-52x52.jpg\" class=\"attachment-image-portrait size-image-portrait\" alt=\"\" srcset=\"https:\/\/visualjournalism.de\/wp-content\/uploads\/prof_christoph_bangert_thumb_sw-52x52.jpg 52w, https:\/\/visualjournalism.de\/wp-content\/uploads\/prof_christoph_bangert_thumb_sw.jpg 100w\" sizes=\"auto, (max-width: 52px) 100vw, 52px\" \/>                    <\/figure>\n\n                Prof. Christoph Bangert<\/a>\n            <\/span>\n\n                    <span>\n\n                <a href=\"https:\/\/visualjournalism.de\/lars-bauernschmitt\/\">\n                    <figure class=\"info-item__image\">\n                        <img loading=\"lazy\" decoding=\"async\" width=\"52\" height=\"52\" src=\"https:\/\/visualjournalism.de\/wp-content\/uploads\/prof_lars_bauernschmitt_thumb-1-52x52.jpg\" class=\"attachment-image-portrait size-image-portrait\" alt=\"\" srcset=\"https:\/\/visualjournalism.de\/wp-content\/uploads\/prof_lars_bauernschmitt_thumb-1-52x52.jpg 52w, https:\/\/visualjournalism.de\/wp-content\/uploads\/prof_lars_bauernschmitt_thumb-1.jpg 100w\" sizes=\"auto, (max-width: 52px) 100vw, 52px\" \/>                    <\/figure>\n\n                Prof. Lars Bauernschmitt<\/a>\n            <\/span>\n\n                    <span>\n\n                <a href=\"https:\/\/visualjournalism.de\/tobias-eineder\/\">\n                    <figure class=\"info-item__image\">\n                        <img loading=\"lazy\" decoding=\"async\" width=\"52\" height=\"52\" src=\"https:\/\/visualjournalism.de\/wp-content\/uploads\/asrin_askendery_22-09-29_b_sw-Tobias-Eineder-52x52.jpg\" class=\"attachment-image-portrait size-image-portrait\" alt=\"\" srcset=\"https:\/\/visualjournalism.de\/wp-content\/uploads\/asrin_askendery_22-09-29_b_sw-Tobias-Eineder-52x52.jpg 52w, https:\/\/visualjournalism.de\/wp-content\/uploads\/asrin_askendery_22-09-29_b_sw-Tobias-Eineder-68x68.jpg 68w, https:\/\/visualjournalism.de\/wp-content\/uploads\/asrin_askendery_22-09-29_b_sw-Tobias-Eineder-96x96.jpg 96w, https:\/\/visualjournalism.de\/wp-content\/uploads\/asrin_askendery_22-09-29_b_sw-Tobias-Eineder.jpg 100w\" sizes=\"auto, (max-width: 52px) 100vw, 52px\" \/>                    <\/figure>\n\n                Tobias Eineder<\/a>\n            <\/span>\n\n                    <span>\n\n                <a href=\"https:\/\/visualjournalism.de\/karen-fromm\/\">\n                    <figure class=\"info-item__image\">\n                        <img loading=\"lazy\" decoding=\"async\" width=\"52\" height=\"52\" src=\"https:\/\/visualjournalism.de\/wp-content\/uploads\/Prof_Dr_Karen_Fromm_thumb-1-52x52.jpg\" class=\"attachment-image-portrait size-image-portrait\" alt=\"\" srcset=\"https:\/\/visualjournalism.de\/wp-content\/uploads\/Prof_Dr_Karen_Fromm_thumb-1-52x52.jpg 52w, https:\/\/visualjournalism.de\/wp-content\/uploads\/Prof_Dr_Karen_Fromm_thumb-1.jpg 100w\" sizes=\"auto, (max-width: 52px) 100vw, 52px\" \/>                    <\/figure>\n\n                Prof. Dr. Karen Fromm<\/a>\n            <\/span>\n\n                    <span>\n\n                <a href=\"https:\/\/visualjournalism.de\/michael-hauri\/\">\n                    <figure class=\"info-item__image\">\n                        <img loading=\"lazy\" decoding=\"async\" width=\"52\" height=\"52\" src=\"https:\/\/visualjournalism.de\/wp-content\/uploads\/Michael-Hauri-thumb-1-52x52.jpg\" class=\"attachment-image-portrait size-image-portrait\" alt=\"\" srcset=\"https:\/\/visualjournalism.de\/wp-content\/uploads\/Michael-Hauri-thumb-1-52x52.jpg 52w, https:\/\/visualjournalism.de\/wp-content\/uploads\/Michael-Hauri-thumb-1-68x68.jpg 68w, https:\/\/visualjournalism.de\/wp-content\/uploads\/Michael-Hauri-thumb-1-96x96.jpg 96w, https:\/\/visualjournalism.de\/wp-content\/uploads\/Michael-Hauri-thumb-1.jpg 100w\" sizes=\"auto, (max-width: 52px) 100vw, 52px\" \/>                    <\/figure>\n\n                Prof. Michael Hauri<\/a>\n            <\/span>\n\n                    <span>\n\n                <a href=\"https:\/\/visualjournalism.de\/anna-stemmler\/\">\n                    <figure class=\"info-item__image\">\n                        <img loading=\"lazy\" decoding=\"async\" width=\"52\" height=\"52\" src=\"https:\/\/visualjournalism.de\/wp-content\/uploads\/anna_stemmler_thumb-1-52x52.jpg\" class=\"attachment-image-portrait size-image-portrait\" alt=\"\" srcset=\"https:\/\/visualjournalism.de\/wp-content\/uploads\/anna_stemmler_thumb-1-52x52.jpg 52w, https:\/\/visualjournalism.de\/wp-content\/uploads\/anna_stemmler_thumb-1.jpg 100w\" sizes=\"auto, (max-width: 52px) 100vw, 52px\" \/>                    <\/figure>\n\n                V-Prof. Anna Stemmler<\/a>\n            <\/span>\n\n                    <span>\n\n                <a href=\"https:\/\/visualjournalism.de\/michael-trippel\/\">\n                    <figure class=\"info-item__image\">\n                        <img loading=\"lazy\" decoding=\"async\" width=\"52\" height=\"52\" src=\"https:\/\/visualjournalism.de\/wp-content\/uploads\/Michael-Trippel-thumb-e1678476564918-52x52.jpg\" class=\"attachment-image-portrait size-image-portrait\" alt=\"\" srcset=\"https:\/\/visualjournalism.de\/wp-content\/uploads\/Michael-Trippel-thumb-e1678476564918-52x52.jpg 52w, https:\/\/visualjournalism.de\/wp-content\/uploads\/Michael-Trippel-thumb-e1678476564918-150x150.jpg 150w\" sizes=\"auto, (max-width: 52px) 100vw, 52px\" \/>                    <\/figure>\n\n                Prof. Michael Trippel<\/a>\n            <\/span>\n\n                    <span>\n\n                <a href=\"https:\/\/visualjournalism.de\/prof-dr-jakob-vicari\/\">\n                    <figure class=\"info-item__image\">\n                        <img loading=\"lazy\" decoding=\"async\" width=\"52\" height=\"52\" src=\"https:\/\/visualjournalism.de\/wp-content\/uploads\/100x100_20240423-tactile-news-holtgreve-0317-preview-52x52.jpg\" class=\"attachment-image-portrait size-image-portrait\" alt=\"\" srcset=\"https:\/\/visualjournalism.de\/wp-content\/uploads\/100x100_20240423-tactile-news-holtgreve-0317-preview-52x52.jpg 52w, https:\/\/visualjournalism.de\/wp-content\/uploads\/100x100_20240423-tactile-news-holtgreve-0317-preview-68x68.jpg 68w, https:\/\/visualjournalism.de\/wp-content\/uploads\/100x100_20240423-tactile-news-holtgreve-0317-preview-96x96.jpg 96w, https:\/\/visualjournalism.de\/wp-content\/uploads\/100x100_20240423-tactile-news-holtgreve-0317-preview.jpg 100w\" sizes=\"auto, (max-width: 52px) 100vw, 52px\" \/>                    <\/figure>\n\n                Prof. Dr. Jakob Vicari <\/a>\n            <\/span>\n\n                    <span>\n\n                <a href=\"https:\/\/visualjournalism.de\/raimund-zakowski\/\">\n                    <figure class=\"info-item__image\">\n                        <img loading=\"lazy\" decoding=\"async\" width=\"52\" height=\"52\" src=\"https:\/\/visualjournalism.de\/wp-content\/uploads\/raimund_zakowski_thumb-1-52x52.jpg\" class=\"attachment-image-portrait size-image-portrait\" alt=\"\" srcset=\"https:\/\/visualjournalism.de\/wp-content\/uploads\/raimund_zakowski_thumb-1-52x52.jpg 52w, https:\/\/visualjournalism.de\/wp-content\/uploads\/raimund_zakowski_thumb-1.jpg 100w\" sizes=\"auto, (max-width: 52px) 100vw, 52px\" \/>                    <\/figure>\n\n                Raimund Zakowski<\/a>\n            <\/span>\n\n        \n    <\/div>\n\n\n\n\n    <div class=\"btn-wrapper has-spacing--none\">\n        <a class=\"btn\" href=\"https:\/\/visualjournalism.de\/lehrende\/\" target=\"_blank\">ALLE LEHRENDEN<\/a>\n    <\/div>\n<\/div>\n\n\n\n<div class=\"wp-block-group has-spacing--default has-spacing--default\">\n<div class=\"devider has-spacing--none\">\n    <hr>\n<\/div>\n\n\n \n\n    <div id=\"lead-in-block_47c5d7a7dfe5483eaeb7f7a0f8980d96\" class=\"block-lead-in typo--default font-size--xl has-spacing--s width--default\">\n        <p><strong>Empfehlungen der Redaktion:<\/strong><\/p>\n    <\/div>\n\n\n\n\r\n\r\n\r\n\n\n\r\n\r\n\r\n\r\n        <div class=\"teaser-grid grid-layout--3col has-spacing--s width--inline\">\r\n\r\n            \r\n                <article class=\"post-teaser\">\r\n\r\n                    <a href=\"https:\/\/visualjournalism.de\/en\/magazine\/guide\/how-to-create-a-photo-series-ideas-themes-and-examples\/\" rel=\"permalink\">\r\n\r\n                        <div class=\"post-teaser__content\">\r\n\r\n                            <span class=\"entry-categories\">Guide<\/span>\r\n                            <h3 class=\"post-teaser__headline\">\r\n                                How to create a photo series.                            <\/h3>\r\n\r\n                            <div class=\"post-teaser__excerpt\">\r\n                                <p>Ideas, tips and examples from our professors.<\/p>\r\n                            <\/div>\r\n\r\n                        <\/div><!-- .post-teaser__content -->\r\n\r\n\r\n                        \r\n                            <figure class=\"post-teaser__image\">\r\n                                <img loading=\"lazy\" decoding=\"async\"  \r\n                                    src=\"https:\/\/visualjournalism.de\/wp-content\/uploads\/Andy-Happel-768x674.jpg\" \r\n                                    srcset=\"https:\/\/visualjournalism.de\/wp-content\/uploads\/Andy-Happel-768x674.jpg 768w, https:\/\/visualjournalism.de\/wp-content\/uploads\/Andy-Happel-300x263.jpg 300w, https:\/\/visualjournalism.de\/wp-content\/uploads\/Andy-Happel-1024x898.jpg 1024w, https:\/\/visualjournalism.de\/wp-content\/uploads\/Andy-Happel-1536x1347.jpg 1536w, https:\/\/visualjournalism.de\/wp-content\/uploads\/Andy-Happel-2048x1796.jpg 2048w, https:\/\/visualjournalism.de\/wp-content\/uploads\/Andy-Happel-1400x1228.jpg 1400w, https:\/\/visualjournalism.de\/wp-content\/uploads\/Andy-Happel-1050x921.jpg 1050w, https:\/\/visualjournalism.de\/wp-content\/uploads\/Andy-Happel-670x588.jpg 670w, https:\/\/visualjournalism.de\/wp-content\/uploads\/Andy-Happel-420x368.jpg 420w, https:\/\/visualjournalism.de\/wp-content\/uploads\/Andy-Happel-350x307.jpg 350w\" \r\n                                    width=\"768\"  \r\n                                    height=\"674\" \r\n                                    alt=\"Photo series by Andy Happel with young people in China in reddish light.\"\r\n                                \/>\r\n                            <\/figure>\r\n\r\n                        \r\n                    \r\n                    <\/a>\r\n\r\n                <\/article><!--- .post-teaser-->\r\n\r\n            \r\n                <article class=\"post-teaser\">\r\n\r\n                    <a href=\"https:\/\/visualjournalism.de\/en\/magazine\/ratgeber\/die-sache-mit-der-motivation\/\" rel=\"permalink\">\r\n\r\n                        <div class=\"post-teaser__content\">\r\n\r\n                            <span class=\"entry-categories\">Ratgeber<\/span>\r\n                            <h3 class=\"post-teaser__headline\">\r\n                                Die Sache mit der Motivation.                            <\/h3>\r\n\r\n                            <div class=\"post-teaser__excerpt\">\r\n                                <p>Auch wenn man seine Leidenschaft zum Beruf macht, wird einem die Motivation ab und an den R\u00fccken kehren. Wenn die Freude zur Qual wird und wie wir uns die Lust an der Arbeit zur\u00fcck erobern!<\/p>\r\n                            <\/div>\r\n\r\n                        <\/div><!-- .post-teaser__content -->\r\n\r\n\r\n                        \r\n                            <figure class=\"post-teaser__image\">\r\n                                <img loading=\"lazy\" decoding=\"async\"  \r\n                                    src=\"https:\/\/visualjournalism.de\/wp-content\/uploads\/2025\/12\/Max-Schlag_Carlotta-Steinkamp-768x512.jpeg\" \r\n                                    srcset=\"https:\/\/visualjournalism.de\/wp-content\/uploads\/2025\/12\/Max-Schlag_Carlotta-Steinkamp-768x512.jpeg 768w, https:\/\/visualjournalism.de\/wp-content\/uploads\/2025\/12\/Max-Schlag_Carlotta-Steinkamp-300x200.jpeg 300w, https:\/\/visualjournalism.de\/wp-content\/uploads\/2025\/12\/Max-Schlag_Carlotta-Steinkamp-1024x683.jpeg 1024w, https:\/\/visualjournalism.de\/wp-content\/uploads\/2025\/12\/Max-Schlag_Carlotta-Steinkamp-1536x1024.jpeg 1536w, https:\/\/visualjournalism.de\/wp-content\/uploads\/2025\/12\/Max-Schlag_Carlotta-Steinkamp-1920x1280.jpeg 1920w, https:\/\/visualjournalism.de\/wp-content\/uploads\/2025\/12\/Max-Schlag_Carlotta-Steinkamp-1400x933.jpeg 1400w, https:\/\/visualjournalism.de\/wp-content\/uploads\/2025\/12\/Max-Schlag_Carlotta-Steinkamp-1050x700.jpeg 1050w, https:\/\/visualjournalism.de\/wp-content\/uploads\/2025\/12\/Max-Schlag_Carlotta-Steinkamp-670x447.jpeg 670w, https:\/\/visualjournalism.de\/wp-content\/uploads\/2025\/12\/Max-Schlag_Carlotta-Steinkamp-420x280.jpeg 420w, https:\/\/visualjournalism.de\/wp-content\/uploads\/2025\/12\/Max-Schlag_Carlotta-Steinkamp-350x233.jpeg 350w, https:\/\/visualjournalism.de\/wp-content\/uploads\/2025\/12\/Max-Schlag_Carlotta-Steinkamp-150x100.jpeg 150w, https:\/\/visualjournalism.de\/wp-content\/uploads\/2025\/12\/Max-Schlag_Carlotta-Steinkamp.jpeg 2048w\" \r\n                                    width=\"768\"  \r\n                                    height=\"512\" \r\n                                    alt=\"\"\r\n                                \/>\r\n                            <\/figure>\r\n\r\n                        \r\n                    \r\n                    <\/a>\r\n\r\n                <\/article><!--- .post-teaser-->\r\n\r\n            \r\n                <article class=\"post-teaser\">\r\n\r\n                    <a href=\"https:\/\/visualjournalism.de\/en\/magazine\/ratgeber\/grossformatfotografie-wer-tut-sich-das-noch-an\/\" rel=\"permalink\">\r\n\r\n                        <div class=\"post-teaser__content\">\r\n\r\n                            <span class=\"entry-categories\">Ratgeber<\/span>\r\n                            <h3 class=\"post-teaser__headline\">\r\n                                Gro\u00dfformatfotografie: Wer tut sich das noch an?                            <\/h3>\r\n\r\n                            <div class=\"post-teaser__excerpt\">\r\n                                <p>Warum ich freiwillig eine Kamera durch die Weltgeschichte schleppe, die so schwer ist, wie ein Sack Zement, verrate ich dir in diesem Ratgeber!<\/p>\r\n                            <\/div>\r\n\r\n                        <\/div><!-- .post-teaser__content -->\r\n\r\n\r\n                        \r\n                            <figure class=\"post-teaser__image\">\r\n                                <img loading=\"lazy\" decoding=\"async\"  \r\n                                    src=\"https:\/\/visualjournalism.de\/wp-content\/uploads\/Ludwig-Nikulski-MathildaTheo-768x960.jpg\" \r\n                                    srcset=\"https:\/\/visualjournalism.de\/wp-content\/uploads\/Ludwig-Nikulski-MathildaTheo-768x960.jpg 768w, https:\/\/visualjournalism.de\/wp-content\/uploads\/Ludwig-Nikulski-MathildaTheo-240x300.jpg 240w, https:\/\/visualjournalism.de\/wp-content\/uploads\/Ludwig-Nikulski-MathildaTheo-819x1024.jpg 819w, https:\/\/visualjournalism.de\/wp-content\/uploads\/Ludwig-Nikulski-MathildaTheo-1050x1313.jpg 1050w, https:\/\/visualjournalism.de\/wp-content\/uploads\/Ludwig-Nikulski-MathildaTheo-670x838.jpg 670w, https:\/\/visualjournalism.de\/wp-content\/uploads\/Ludwig-Nikulski-MathildaTheo-420x525.jpg 420w, https:\/\/visualjournalism.de\/wp-content\/uploads\/Ludwig-Nikulski-MathildaTheo-350x438.jpg 350w, https:\/\/visualjournalism.de\/wp-content\/uploads\/Ludwig-Nikulski-MathildaTheo-300x375.jpg 300w, https:\/\/visualjournalism.de\/wp-content\/uploads\/Ludwig-Nikulski-MathildaTheo-150x188.jpg 150w, https:\/\/visualjournalism.de\/wp-content\/uploads\/Ludwig-Nikulski-MathildaTheo.jpg 1200w\" \r\n                                    width=\"768\"  \r\n                                    height=\"960\" \r\n                                    alt=\"\"\r\n                                \/>\r\n                            <\/figure>\r\n\r\n                        \r\n                    \r\n                    <\/a>\r\n\r\n                <\/article><!--- .post-teaser-->\r\n\r\n            \r\n        <\/div><!-- .teaser-grid -->\r\n\r\n\n\n\r\n\r\n\r\n\n\n\n    <div class=\"btn-wrapper has-spacing--m\">\n        <a class=\"btn\" href=\"https:\/\/visualjournalism.de\/magazin\/\" target=\"_blank\">ZUR MAGAZIN-STARTSEITE<\/a>\n    <\/div>\n<\/div>\n\n\n\n<div class=\"wp-block-group has-spacing--none has-color-3-background-color has-background has-spacing--none\">\n    <nav id=\"section-navigation-block_df78d94423cc0704969b8cd1e36d0e5c\" class=\"section-navigation has-spacing--m\">\n        <ul>\n\n                \n                    <li>Contact<\/li>\n                \n            \n            \n                        \n                        \n\n            \n\n        <\/ul>\n        \n    <\/nav>\n\n\n\n<div class=\"pinned-block has-spacing--m\">\n\t\n\n<div class=\"pinned-block__column--left\">\n    \n\n \n\n    <div id=\"lead-in-block_3579b91490850a98c1d07e1a6f3f140e\" class=\"block-lead-in typo--soehne font-size--xl has-spacing--m width--full\">\n        <p><strong>Your contact partners<\/strong> will be happy to assist you with your personal concerns. However, due to the large number of enquiries, we ask you to first check our FAQ to see if your question may already have been answered.<\/p>\n    <\/div>\n\n\n\n\n    <div class=\"btn-wrapper alignleft has-spacing--m\">\n        <a class=\"btn\" href=\"https:\/\/visualjournalism.de\/faq\/\" target=\"_blank\">FAQ<\/a>\n    <\/div>\n\n\n<\/div>\n\n\n<div class=\"pinned-block__column--right\">\n    \n    \n    <div class=\"infocard has-spacing--m\">\n\n    \n        <div class=\"info-item--full\">\n            <p>\n                <span class=\"info-item__headline\">Dean of Studies, Design and Media department<\/span>\n            <\/p>\n            \n            <div class=\"info-item__content\">\n                <p>\n                    <span class=\"info-item__text\"><a href=\"https:\/\/visualjournalism.de\/karen-fromm\/\">Prof. Dr. Karen Fromm<\/a><\/span>\n                    <span class=\"info-item__text--small\">\n                        <span><a href=\"mailto:karen.fromm@hs-hannover.de\">E-Mail schreiben<\/a><\/span><span><a href=\"tel:+49 511 9296 8538\">+49 511 9296 8538<\/a><\/span>                    <\/span>\n                <\/p>\n\n                <figure class=\"info-item__image\">\n\n                    <a href=\"https:\/\/visualjournalism.de\/karen-fromm\/\"><img loading=\"lazy\" decoding=\"async\" width=\"52\" height=\"52\" src=\"https:\/\/visualjournalism.de\/wp-content\/uploads\/Prof_Dr_Karen_Fromm_thumb-1-52x52.jpg\" class=\"attachment-image-portrait size-image-portrait\" alt=\"\" srcset=\"https:\/\/visualjournalism.de\/wp-content\/uploads\/Prof_Dr_Karen_Fromm_thumb-1-52x52.jpg 52w, https:\/\/visualjournalism.de\/wp-content\/uploads\/Prof_Dr_Karen_Fromm_thumb-1.jpg 100w\" sizes=\"auto, (max-width: 52px) 100vw, 52px\" \/><\/a>                <\/figure>\n                \n            <\/div><!-- .info-item__content -->\n            \n        <\/div><!-- .info-item--full -->\n\n\n        <div class=\"info-item--full\">\n            <p>\n                <span class=\"info-item__headline\">Programme representative<\/span>\n            <\/p>\n            \n            <div class=\"info-item__content\">\n                <p>\n                    <span class=\"info-item__text\"><a href=\"https:\/\/visualjournalism.de\/michael-hauri\/\">Prof. Michael Hauri<\/a><\/span>\n                    <span class=\"info-item__text--small\">\n                        <span><a href=\"mailto:michael.hauri@hs-hannover.de\">E-Mail schreiben<\/a><\/span><span><a href=\"tel:+49 511 9296 8241\">+49 511 9296 8241<\/a><\/span>                    <\/span>\n                <\/p>\n\n                <figure class=\"info-item__image\">\n\n                    <a href=\"https:\/\/visualjournalism.de\/michael-hauri\/\"><img loading=\"lazy\" decoding=\"async\" width=\"52\" height=\"52\" src=\"https:\/\/visualjournalism.de\/wp-content\/uploads\/Michael-Hauri-thumb-1-52x52.jpg\" class=\"attachment-image-portrait size-image-portrait\" alt=\"\" srcset=\"https:\/\/visualjournalism.de\/wp-content\/uploads\/Michael-Hauri-thumb-1-52x52.jpg 52w, https:\/\/visualjournalism.de\/wp-content\/uploads\/Michael-Hauri-thumb-1-68x68.jpg 68w, https:\/\/visualjournalism.de\/wp-content\/uploads\/Michael-Hauri-thumb-1-96x96.jpg 96w, https:\/\/visualjournalism.de\/wp-content\/uploads\/Michael-Hauri-thumb-1.jpg 100w\" sizes=\"auto, (max-width: 52px) 100vw, 52px\" \/><\/a>                <\/figure>\n                \n            <\/div><!-- .info-item__content -->\n            \n        <\/div><!-- .info-item--full -->\n\n\n        <div class=\"info-item--full\">\n            <p>\n                <span class=\"info-item__headline\">Application and admission procedure<\/span>\n            <\/p>\n            \n            <div class=\"info-item__content\">\n                <p>\n                    <span class=\"info-item__text\"><a href=\"https:\/\/visualjournalism.de\/lars-bauernschmitt\/\">Prof. Lars Bauernschmitt<\/a><\/span>\n                    <span class=\"info-item__text--small\">\n                        <span><a href=\"mailto:lars.bauernschmitt@hs-hannover.de\">E-Mail schreiben<\/a><\/span><span><a href=\"tel:+49 511 9296 2467\">+49 511 9296 2467<\/a><\/span>                    <\/span>\n                <\/p>\n\n                <figure class=\"info-item__image\">\n\n                    <a href=\"https:\/\/visualjournalism.de\/lars-bauernschmitt\/\"><img loading=\"lazy\" decoding=\"async\" width=\"52\" height=\"52\" src=\"https:\/\/visualjournalism.de\/wp-content\/uploads\/prof_lars_bauernschmitt_thumb-1-52x52.jpg\" class=\"attachment-image-portrait size-image-portrait\" alt=\"\" srcset=\"https:\/\/visualjournalism.de\/wp-content\/uploads\/prof_lars_bauernschmitt_thumb-1-52x52.jpg 52w, https:\/\/visualjournalism.de\/wp-content\/uploads\/prof_lars_bauernschmitt_thumb-1.jpg 100w\" sizes=\"auto, (max-width: 52px) 100vw, 52px\" \/><\/a>                <\/figure>\n                \n            <\/div><!-- .info-item__content -->\n            \n        <\/div><!-- .info-item--full -->\n\n \n    <\/div>\n\n\n\n<p class=\"post__paragraph is-style-typo--soehne has-spacing--m has-spacing--default\">Hochschule Hannover<br>Faculty III &#8211; Media, Information and Design<br>Expo Plaza 2<br>D-30539 Hanover<\/p>\n\n\n\n    <div class=\"btn-wrapper has-spacing--m\">\n        <a class=\"btn\" href=\"https:\/\/www.hs-hannover.de\" target=\"_blank\">HS-HANNOVER.DE<\/a>\n    <\/div>\n\n\n<\/div>\n<\/div><\/div>\n","protected":false},"excerpt":{"rendered":"","protected":false},"author":96,"featured_media":0,"parent":0,"menu_order":0,"comment_status":"closed","ping_status":"closed","template":"","meta":{"_acf_changed":false,"footnotes":""},"class_list":["post-63740","page","type-page","status-publish","hentry"],"acf":[],"yoast_head":"<!-- This site is optimized with the Yoast SEO Premium plugin v27.3 (Yoast SEO v27.3) - https:\/\/yoast.com\/product\/yoast-seo-premium-wordpress\/ -->\n<title>Miriam Zlobinski &#8211; Visual Journalism and Documentary Photography<\/title>\n<meta name=\"robots\" content=\"index, follow, max-snippet:-1, max-image-preview:large, max-video-preview:-1\" \/>\n<link rel=\"canonical\" href=\"https:\/\/visualjournalism.de\/en\/miriam-zlobinski\/\" \/>\n<meta property=\"og:locale\" content=\"en_US\" \/>\n<meta property=\"og:type\" content=\"article\" \/>\n<meta property=\"og:title\" content=\"Miriam Zlobinski\" \/>\n<meta property=\"og:url\" content=\"https:\/\/visualjournalism.de\/en\/miriam-zlobinski\/\" \/>\n<meta property=\"og:site_name\" content=\"Visual Journalism and Documentary Photography\" \/>\n<meta property=\"article:publisher\" content=\"https:\/\/www.facebook.com\/people\/wwwfotostudentende\/100065173703897\/\" \/>\n<meta property=\"article:modified_time\" content=\"2025-09-01T16:55:08+00:00\" \/>\n<meta name=\"twitter:card\" content=\"summary_large_image\" \/>\n<meta name=\"twitter:site\" content=\"@HsHannover\" \/>\n<meta name=\"twitter:label1\" content=\"Est. reading time\" \/>\n\t<meta name=\"twitter:data1\" content=\"1 minute\" \/>\n<script type=\"application\/ld+json\" class=\"yoast-schema-graph\">{\"@context\":\"https:\\\/\\\/schema.org\",\"@graph\":[{\"@type\":\"WebPage\",\"@id\":\"https:\\\/\\\/visualjournalism.de\\\/en\\\/miriam-zlobinski\\\/\",\"url\":\"https:\\\/\\\/visualjournalism.de\\\/en\\\/miriam-zlobinski\\\/\",\"name\":\"Miriam Zlobinski &#8211; Visual Journalism and Documentary Photography\",\"isPartOf\":{\"@id\":\"https:\\\/\\\/visualjournalism.de\\\/en\\\/#website\"},\"datePublished\":\"2025-09-01T16:51:18+00:00\",\"dateModified\":\"2025-09-01T16:55:08+00:00\",\"breadcrumb\":{\"@id\":\"https:\\\/\\\/visualjournalism.de\\\/en\\\/miriam-zlobinski\\\/#breadcrumb\"},\"inLanguage\":\"en-US\",\"potentialAction\":[{\"@type\":\"ReadAction\",\"target\":[\"https:\\\/\\\/visualjournalism.de\\\/en\\\/miriam-zlobinski\\\/\"]}]},{\"@type\":\"BreadcrumbList\",\"@id\":\"https:\\\/\\\/visualjournalism.de\\\/en\\\/miriam-zlobinski\\\/#breadcrumb\",\"itemListElement\":[{\"@type\":\"ListItem\",\"position\":1,\"name\":\"Home\",\"item\":\"https:\\\/\\\/visualjournalism.de\\\/en\\\/\"},{\"@type\":\"ListItem\",\"position\":2,\"name\":\"Miriam Zlobinski\"}]},{\"@type\":\"WebSite\",\"@id\":\"https:\\\/\\\/visualjournalism.de\\\/en\\\/#website\",\"url\":\"https:\\\/\\\/visualjournalism.de\\\/en\\\/\",\"name\":\"Visual Journalism and Documentary Photography\",\"description\":\"All about the bilingual bachelor&#039;s program at Hannover University of Applied Sciences and Arts.\",\"publisher\":{\"@id\":\"https:\\\/\\\/visualjournalism.de\\\/en\\\/#organization\"},\"alternateName\":\"visualjournalism.de\",\"potentialAction\":[{\"@type\":\"SearchAction\",\"target\":{\"@type\":\"EntryPoint\",\"urlTemplate\":\"https:\\\/\\\/visualjournalism.de\\\/en\\\/?s={search_term_string}\"},\"query-input\":{\"@type\":\"PropertyValueSpecification\",\"valueRequired\":true,\"valueName\":\"search_term_string\"}}],\"inLanguage\":\"en-US\"},{\"@type\":\"Organization\",\"@id\":\"https:\\\/\\\/visualjournalism.de\\\/en\\\/#organization\",\"name\":\"Hochschule Hannover \u2013 University of Applied Sciences and Arts\",\"alternateName\":\"HsH\",\"url\":\"https:\\\/\\\/visualjournalism.de\\\/en\\\/\",\"logo\":{\"@type\":\"ImageObject\",\"inLanguage\":\"en-US\",\"@id\":\"https:\\\/\\\/visualjournalism.de\\\/en\\\/#\\\/schema\\\/logo\\\/image\\\/\",\"url\":\"https:\\\/\\\/visualjournalism.de\\\/wp-content\\\/uploads\\\/logo-hochschule-hannover.png\",\"contentUrl\":\"https:\\\/\\\/visualjournalism.de\\\/wp-content\\\/uploads\\\/logo-hochschule-hannover.png\",\"width\":363,\"height\":270,\"caption\":\"Hochschule Hannover \u2013 University of Applied Sciences and Arts\"},\"image\":{\"@id\":\"https:\\\/\\\/visualjournalism.de\\\/en\\\/#\\\/schema\\\/logo\\\/image\\\/\"},\"sameAs\":[\"https:\\\/\\\/www.facebook.com\\\/people\\\/wwwfotostudentende\\\/100065173703897\\\/\",\"https:\\\/\\\/x.com\\\/HsHannover\",\"https:\\\/\\\/www.instagram.com\\\/visualjournalism.de\\\/\"]}]}<\/script>\n<!-- \/ Yoast SEO Premium plugin. -->","yoast_head_json":{"title":"Miriam Zlobinski &#8211; Visual Journalism and Documentary Photography","robots":{"index":"index","follow":"follow","max-snippet":"max-snippet:-1","max-image-preview":"max-image-preview:large","max-video-preview":"max-video-preview:-1"},"canonical":"https:\/\/visualjournalism.de\/en\/miriam-zlobinski\/","og_locale":"en_US","og_type":"article","og_title":"Miriam Zlobinski","og_url":"https:\/\/visualjournalism.de\/en\/miriam-zlobinski\/","og_site_name":"Visual Journalism and Documentary Photography","article_publisher":"https:\/\/www.facebook.com\/people\/wwwfotostudentende\/100065173703897\/","article_modified_time":"2025-09-01T16:55:08+00:00","twitter_card":"summary_large_image","twitter_site":"@HsHannover","twitter_misc":{"Est. reading time":"1 minute"},"schema":{"@context":"https:\/\/schema.org","@graph":[{"@type":"WebPage","@id":"https:\/\/visualjournalism.de\/en\/miriam-zlobinski\/","url":"https:\/\/visualjournalism.de\/en\/miriam-zlobinski\/","name":"Miriam Zlobinski &#8211; Visual Journalism and Documentary Photography","isPartOf":{"@id":"https:\/\/visualjournalism.de\/en\/#website"},"datePublished":"2025-09-01T16:51:18+00:00","dateModified":"2025-09-01T16:55:08+00:00","breadcrumb":{"@id":"https:\/\/visualjournalism.de\/en\/miriam-zlobinski\/#breadcrumb"},"inLanguage":"en-US","potentialAction":[{"@type":"ReadAction","target":["https:\/\/visualjournalism.de\/en\/miriam-zlobinski\/"]}]},{"@type":"BreadcrumbList","@id":"https:\/\/visualjournalism.de\/en\/miriam-zlobinski\/#breadcrumb","itemListElement":[{"@type":"ListItem","position":1,"name":"Home","item":"https:\/\/visualjournalism.de\/en\/"},{"@type":"ListItem","position":2,"name":"Miriam Zlobinski"}]},{"@type":"WebSite","@id":"https:\/\/visualjournalism.de\/en\/#website","url":"https:\/\/visualjournalism.de\/en\/","name":"Visual Journalism and Documentary Photography","description":"All about the bilingual bachelor&#039;s program at Hannover University of Applied Sciences and Arts.","publisher":{"@id":"https:\/\/visualjournalism.de\/en\/#organization"},"alternateName":"visualjournalism.de","potentialAction":[{"@type":"SearchAction","target":{"@type":"EntryPoint","urlTemplate":"https:\/\/visualjournalism.de\/en\/?s={search_term_string}"},"query-input":{"@type":"PropertyValueSpecification","valueRequired":true,"valueName":"search_term_string"}}],"inLanguage":"en-US"},{"@type":"Organization","@id":"https:\/\/visualjournalism.de\/en\/#organization","name":"Hochschule Hannover \u2013 University of Applied Sciences and Arts","alternateName":"HsH","url":"https:\/\/visualjournalism.de\/en\/","logo":{"@type":"ImageObject","inLanguage":"en-US","@id":"https:\/\/visualjournalism.de\/en\/#\/schema\/logo\/image\/","url":"https:\/\/visualjournalism.de\/wp-content\/uploads\/logo-hochschule-hannover.png","contentUrl":"https:\/\/visualjournalism.de\/wp-content\/uploads\/logo-hochschule-hannover.png","width":363,"height":270,"caption":"Hochschule Hannover \u2013 University of Applied Sciences and Arts"},"image":{"@id":"https:\/\/visualjournalism.de\/en\/#\/schema\/logo\/image\/"},"sameAs":["https:\/\/www.facebook.com\/people\/wwwfotostudentende\/100065173703897\/","https:\/\/x.com\/HsHannover","https:\/\/www.instagram.com\/visualjournalism.de\/"]}]}},"_links":{"self":[{"href":"https:\/\/visualjournalism.de\/en\/wp-json\/wp\/v2\/pages\/63740","targetHints":{"allow":["GET"]}}],"collection":[{"href":"https:\/\/visualjournalism.de\/en\/wp-json\/wp\/v2\/pages"}],"about":[{"href":"https:\/\/visualjournalism.de\/en\/wp-json\/wp\/v2\/types\/page"}],"author":[{"embeddable":true,"href":"https:\/\/visualjournalism.de\/en\/wp-json\/wp\/v2\/users\/96"}],"replies":[{"embeddable":true,"href":"https:\/\/visualjournalism.de\/en\/wp-json\/wp\/v2\/comments?post=63740"}],"version-history":[{"count":0,"href":"https:\/\/visualjournalism.de\/en\/wp-json\/wp\/v2\/pages\/63740\/revisions"}],"wp:attachment":[{"href":"https:\/\/visualjournalism.de\/en\/wp-json\/wp\/v2\/media?parent=63740"}],"curies":[{"name":"wp","href":"https:\/\/api.w.org\/{rel}","templated":true}]}}