{"id":66204,"date":"2025-12-10T13:56:23","date_gmt":"2025-12-10T11:56:23","guid":{"rendered":"https:\/\/visualjournalism.de\/?page_id=66204"},"modified":"2025-12-10T13:56:48","modified_gmt":"2025-12-10T11:56:48","slug":"lukas-martin","status":"publish","type":"page","link":"https:\/\/visualjournalism.de\/en\/lukas-martin\/","title":{"rendered":"Lukas Martin"},"content":{"rendered":"\n \n\n    <div id=\"lead-in-block_b2b99c9fde24bb9c3c34631df6aca1cb\" class=\"block-lead-in typo--default font-size--xl has-spacing--m width--default\">\n        <h1>Lukas Martin<\/h1>\n    <\/div>\n\n\n\n\n<div class=\"tableau has-spacing--m\">\n\t\n\n<div class=\"tableau__column--left\">\n    \n    <figure class=\"block-photo post__image--full has-spacing--m with-title\">\n\n        <div class=\"post__image__container\">\n            <img loading=\"lazy\" decoding=\"async\" \n                src=\"https:\/\/visualjournalism.de\/wp-content\/uploads\/2025\/12\/IMG_2679-Kopie-1400x2099.jpeg\"\n                srcset=\"https:\/\/visualjournalism.de\/wp-content\/uploads\/2025\/12\/IMG_2679-Kopie-1400x2099.jpeg 1400w, https:\/\/visualjournalism.de\/wp-content\/uploads\/2025\/12\/IMG_2679-Kopie-200x300.jpeg 200w, https:\/\/visualjournalism.de\/wp-content\/uploads\/2025\/12\/IMG_2679-Kopie-683x1024.jpeg 683w, https:\/\/visualjournalism.de\/wp-content\/uploads\/2025\/12\/IMG_2679-Kopie-768x1151.jpeg 768w, https:\/\/visualjournalism.de\/wp-content\/uploads\/2025\/12\/IMG_2679-Kopie-1025x1536.jpeg 1025w, https:\/\/visualjournalism.de\/wp-content\/uploads\/2025\/12\/IMG_2679-Kopie-1366x2048.jpeg 1366w, https:\/\/visualjournalism.de\/wp-content\/uploads\/2025\/12\/IMG_2679-Kopie-1920x2879.jpeg 1920w, https:\/\/visualjournalism.de\/wp-content\/uploads\/2025\/12\/IMG_2679-Kopie-1050x1574.jpeg 1050w, https:\/\/visualjournalism.de\/wp-content\/uploads\/2025\/12\/IMG_2679-Kopie-670x1004.jpeg 670w, https:\/\/visualjournalism.de\/wp-content\/uploads\/2025\/12\/IMG_2679-Kopie-420x630.jpeg 420w, https:\/\/visualjournalism.de\/wp-content\/uploads\/2025\/12\/IMG_2679-Kopie-350x525.jpeg 350w, https:\/\/visualjournalism.de\/wp-content\/uploads\/2025\/12\/IMG_2679-Kopie-300x450.jpeg 300w, https:\/\/visualjournalism.de\/wp-content\/uploads\/2025\/12\/IMG_2679-Kopie-150x225.jpeg 150w, https:\/\/visualjournalism.de\/wp-content\/uploads\/2025\/12\/IMG_2679-Kopie-scaled.jpeg 1708w\"\n                width=\"1400\" \n                height=\"2099\"\n                alt=\"\" \n            \/>\n            \n                            <span class=\"post__image__title\">Foto: Emmo Lautenbach<\/span>\n                    <\/div><!-- post__image__container -->\n\n        \n    <\/figure><!-- post__image -->\n\n\n\n<\/div>\n\n\n<div class=\"tableau__column--right\">\n    \n\n<p class=\"post__paragraph is-style-typo--soehne has-spacing--default\"><strong>Lukas Martin<\/strong> wurde 1999 in Fritzlar geboren. Nach dem Abschluss seines Bachelorstudium an der Universit\u00e4t Kassel in Politikwissenschaft und Geschichte, begann er 2024 Visual Journalism and Documentary Photography in Hannover zu studieren.<\/p>\n\n\n<\/div>\n<\/div>\n\n\n<div class=\"wp-block-group has-spacing--default has-spacing--default\">\n<div class=\"devider has-spacing--none\">\n    <hr>\n<\/div>\n\n\n \n\n    <div id=\"lead-in-block_9a820f631050421fed9327e3494018ee\" class=\"block-lead-in typo--default font-size--xl has-spacing--s width--default\">\n        <p><strong>Empfehlungen der Redaktion:<\/strong><\/p>\n    <\/div>\n\n\n\n\r\n\r\n\r\n\n\n\r\n\r\n\r\n\r\n        <div class=\"teaser-grid grid-layout--3col has-spacing--s width--inline\">\r\n\r\n            \r\n                <article class=\"post-teaser\">\r\n\r\n                    <a href=\"https:\/\/visualjournalism.de\/en\/magazine\/ratgeber\/kreative-blockaden\/\" rel=\"permalink\">\r\n\r\n                        <div class=\"post-teaser__content\">\r\n\r\n                            <span class=\"entry-categories\">Ratgeber<\/span>\r\n                            <h3 class=\"post-teaser__headline\">\r\n                                Kreative Blockaden:                            <\/h3>\r\n\r\n                            <div class=\"post-teaser__excerpt\">\r\n                                <p>Kreative Blockaden: Sie k\u00f6nnen frustrierend sein \u2013 m\u00fcssen es aber nicht bleiben. Erfahre, warum sie entstehen, was sie dir sagen wollen und wie du Schritt f\u00fcr Schritt wieder in deinen kreativen Flow findest.<\/p>\r\n                            <\/div>\r\n\r\n                        <\/div><!-- .post-teaser__content -->\r\n\r\n\r\n                        \r\n                            <figure class=\"post-teaser__image\">\r\n                                <img loading=\"lazy\" decoding=\"async\"  \r\n                                    src=\"https:\/\/visualjournalism.de\/wp-content\/uploads\/Max_Schlag-5-768x509.jpg\" \r\n                                    srcset=\"https:\/\/visualjournalism.de\/wp-content\/uploads\/Max_Schlag-5-768x509.jpg 768w, https:\/\/visualjournalism.de\/wp-content\/uploads\/Max_Schlag-5-300x199.jpg 300w, https:\/\/visualjournalism.de\/wp-content\/uploads\/Max_Schlag-5-1024x679.jpg 1024w, https:\/\/visualjournalism.de\/wp-content\/uploads\/Max_Schlag-5-1536x1019.jpg 1536w, https:\/\/visualjournalism.de\/wp-content\/uploads\/Max_Schlag-5-2048x1358.jpg 2048w, https:\/\/visualjournalism.de\/wp-content\/uploads\/Max_Schlag-5-1920x1273.jpg 1920w, https:\/\/visualjournalism.de\/wp-content\/uploads\/Max_Schlag-5-1400x928.jpg 1400w, https:\/\/visualjournalism.de\/wp-content\/uploads\/Max_Schlag-5-1050x696.jpg 1050w, https:\/\/visualjournalism.de\/wp-content\/uploads\/Max_Schlag-5-670x444.jpg 670w, https:\/\/visualjournalism.de\/wp-content\/uploads\/Max_Schlag-5-420x278.jpg 420w, https:\/\/visualjournalism.de\/wp-content\/uploads\/Max_Schlag-5-350x232.jpg 350w, https:\/\/visualjournalism.de\/wp-content\/uploads\/Max_Schlag-5-150x99.jpg 150w\" \r\n                                    width=\"768\"  \r\n                                    height=\"509\" \r\n                                    alt=\"glitzernde Wasseroberfl\u00e4che\"\r\n                                \/>\r\n                            <\/figure>\r\n\r\n                        \r\n                    \r\n                    <\/a>\r\n\r\n                <\/article><!--- .post-teaser-->\r\n\r\n            \r\n                <article class=\"post-teaser\">\r\n\r\n                    <a href=\"https:\/\/visualjournalism.de\/en\/magazine\/ratgeber\/politikerinnen-souveraen-interviewen\/\" rel=\"permalink\">\r\n\r\n                        <div class=\"post-teaser__content\">\r\n\r\n                            <span class=\"entry-categories\">Ratgeber<\/span>\r\n                            <h3 class=\"post-teaser__headline\">\r\n                                Politiker*innen souver\u00e4n interviewen \u2013 Die besten Tipps f\u00fcr ein sicheres Auftreten                            <\/h3>\r\n\r\n                            <div class=\"post-teaser__excerpt\">\r\n                                <p>Ein Gespr\u00e4ch mit Politiker*innen kann schnell zum Machtkampf werden. Wie du selbst gegen Profis die Oberhand beh\u00e4ltst und typische Interviewfallen umgehst.<\/p>\r\n                            <\/div>\r\n\r\n                        <\/div><!-- .post-teaser__content -->\r\n\r\n\r\n                        \r\n                            <figure class=\"post-teaser__image\">\r\n                                <img loading=\"lazy\" decoding=\"async\"  \r\n                                    src=\"https:\/\/visualjournalism.de\/wp-content\/uploads\/DSC4729-merz-politikerinterviews-768x1024.jpg\" \r\n                                    srcset=\"https:\/\/visualjournalism.de\/wp-content\/uploads\/DSC4729-merz-politikerinterviews-768x1024.jpg 768w, https:\/\/visualjournalism.de\/wp-content\/uploads\/DSC4729-merz-politikerinterviews-225x300.jpg 225w, https:\/\/visualjournalism.de\/wp-content\/uploads\/DSC4729-merz-politikerinterviews-1152x1536.jpg 1152w, https:\/\/visualjournalism.de\/wp-content\/uploads\/DSC4729-merz-politikerinterviews-1536x2048.jpg 1536w, https:\/\/visualjournalism.de\/wp-content\/uploads\/DSC4729-merz-politikerinterviews-scaled.jpg 1920w, https:\/\/visualjournalism.de\/wp-content\/uploads\/DSC4729-merz-politikerinterviews-1400x1867.jpg 1400w, https:\/\/visualjournalism.de\/wp-content\/uploads\/DSC4729-merz-politikerinterviews-1050x1400.jpg 1050w, https:\/\/visualjournalism.de\/wp-content\/uploads\/DSC4729-merz-politikerinterviews-670x893.jpg 670w, https:\/\/visualjournalism.de\/wp-content\/uploads\/DSC4729-merz-politikerinterviews-420x560.jpg 420w, https:\/\/visualjournalism.de\/wp-content\/uploads\/DSC4729-merz-politikerinterviews-350x467.jpg 350w, https:\/\/visualjournalism.de\/wp-content\/uploads\/DSC4729-merz-politikerinterviews-300x400.jpg 300w, https:\/\/visualjournalism.de\/wp-content\/uploads\/DSC4729-merz-politikerinterviews-640x853.jpg 640w, https:\/\/visualjournalism.de\/wp-content\/uploads\/DSC4729-merz-politikerinterviews-150x200.jpg 150w\" \r\n                                    width=\"768\"  \r\n                                    height=\"1024\" \r\n                                    alt=\"CDU-Vorsitzender Friedrich Merz mit Mikrofon in der Hand, im Gespr\u00e4ch mit dem ehemaligen ZDF-Moderator Klaus Kleber auf einer B\u00fchne. Im Vordergrund sind zwei M\u00e4nner angeblitzt von hinten zu sehen.\"\r\n                                \/>\r\n                            <\/figure>\r\n\r\n                        \r\n                    \r\n                    <\/a>\r\n\r\n                <\/article><!--- .post-teaser-->\r\n\r\n            \r\n                <article class=\"post-teaser\">\r\n\r\n                    <a href=\"https:\/\/visualjournalism.de\/en\/magazine\/ratgeber\/so-schaffst-du-es-gute-portraets-zu-machen\/\" rel=\"permalink\">\r\n\r\n                        <div class=\"post-teaser__content\">\r\n\r\n                            <span class=\"entry-categories\">Ratgeber<\/span>\r\n                            <h3 class=\"post-teaser__headline\">\r\n                                So schaffst du es, gute Portr\u00e4ts zu machen.                             <\/h3>\r\n\r\n                            <div class=\"post-teaser__excerpt\">\r\n                                <p>Renommierte Fotograf*innen erz\u00e4hlen, wie sie in der Praxis mit Schwierigkeiten bei Portr\u00e4tshootings umgehen und wieso Posen manchmal ehrlicher sind, als man denkt.\u00a0<\/p>\r\n                            <\/div>\r\n\r\n                        <\/div><!-- .post-teaser__content -->\r\n\r\n\r\n                        \r\n                            <figure class=\"post-teaser__image\">\r\n                                <img loading=\"lazy\" decoding=\"async\"  \r\n                                    src=\"https:\/\/visualjournalism.de\/wp-content\/uploads\/2026\/01\/image-5-768x432.jpg\" \r\n                                    srcset=\"https:\/\/visualjournalism.de\/wp-content\/uploads\/2026\/01\/image-5-768x432.jpg 768w, https:\/\/visualjournalism.de\/wp-content\/uploads\/2026\/01\/image-5-300x169.jpg 300w, https:\/\/visualjournalism.de\/wp-content\/uploads\/2026\/01\/image-5-1024x576.jpg 1024w, https:\/\/visualjournalism.de\/wp-content\/uploads\/2026\/01\/image-5-1536x864.jpg 1536w, https:\/\/visualjournalism.de\/wp-content\/uploads\/2026\/01\/image-5-1400x788.jpg 1400w, https:\/\/visualjournalism.de\/wp-content\/uploads\/2026\/01\/image-5-1050x591.jpg 1050w, https:\/\/visualjournalism.de\/wp-content\/uploads\/2026\/01\/image-5-670x377.jpg 670w, https:\/\/visualjournalism.de\/wp-content\/uploads\/2026\/01\/image-5-420x236.jpg 420w, https:\/\/visualjournalism.de\/wp-content\/uploads\/2026\/01\/image-5-350x197.jpg 350w, https:\/\/visualjournalism.de\/wp-content\/uploads\/2026\/01\/image-5-150x84.jpg 150w, https:\/\/visualjournalism.de\/wp-content\/uploads\/2026\/01\/image-5.jpg 1600w\" \r\n                                    width=\"768\"  \r\n                                    height=\"432\" \r\n                                    alt=\"\"\r\n                                \/>\r\n                            <\/figure>\r\n\r\n                        \r\n                    \r\n                    <\/a>\r\n\r\n                <\/article><!--- .post-teaser-->\r\n\r\n            \r\n        <\/div><!-- .teaser-grid -->\r\n\r\n\n\n\r\n\r\n\r\n\n\n\n    <div class=\"btn-wrapper has-spacing--m\">\n        <a class=\"btn\" href=\"https:\/\/visualjournalism.de\/magazin\/\" target=\"_blank\">ZUR MAGAZIN-STARTSEITE<\/a>\n    <\/div>\n<\/div>\n","protected":false},"excerpt":{"rendered":"","protected":false},"author":127,"featured_media":0,"parent":0,"menu_order":0,"comment_status":"closed","ping_status":"closed","template":"","meta":{"_acf_changed":false,"footnotes":""},"class_list":["post-66204","page","type-page","status-publish","hentry"],"acf":[],"yoast_head":"<!-- This site is optimized with the Yoast SEO Premium plugin v27.3 (Yoast SEO v27.3) - https:\/\/yoast.com\/product\/yoast-seo-premium-wordpress\/ -->\n<title>Lukas Martin &#8211; Visual Journalism and Documentary Photography<\/title>\n<meta name=\"description\" content=\"Nach dem Abschluss seines Bachelorstudium in Politikwissenschaft und Geschichte, begann er 2024 Visual Journalism and Documentary Photography zu studieren.\" \/>\n<meta name=\"robots\" content=\"index, follow, max-snippet:-1, max-image-preview:large, max-video-preview:-1\" \/>\n<link rel=\"canonical\" href=\"https:\/\/visualjournalism.de\/en\/lukas-martin\/\" \/>\n<meta property=\"og:locale\" content=\"en_US\" \/>\n<meta property=\"og:type\" content=\"article\" \/>\n<meta property=\"og:title\" content=\"Lukas Martin\" \/>\n<meta property=\"og:description\" content=\"Nach dem Abschluss seines Bachelorstudium in Politikwissenschaft und Geschichte, begann er 2024 Visual Journalism and Documentary Photography zu studieren.\" \/>\n<meta property=\"og:url\" content=\"https:\/\/visualjournalism.de\/en\/lukas-martin\/\" \/>\n<meta property=\"og:site_name\" content=\"Visual Journalism and Documentary Photography\" \/>\n<meta property=\"article:publisher\" content=\"https:\/\/www.facebook.com\/people\/wwwfotostudentende\/100065173703897\/\" \/>\n<meta property=\"article:modified_time\" content=\"2025-12-10T11:56:48+00:00\" \/>\n<meta name=\"twitter:card\" content=\"summary_large_image\" \/>\n<meta name=\"twitter:site\" content=\"@HsHannover\" \/>\n<meta name=\"twitter:label1\" content=\"Est. reading time\" \/>\n\t<meta name=\"twitter:data1\" content=\"1 minute\" \/>\n<script type=\"application\/ld+json\" class=\"yoast-schema-graph\">{\"@context\":\"https:\\\/\\\/schema.org\",\"@graph\":[{\"@type\":\"WebPage\",\"@id\":\"https:\\\/\\\/visualjournalism.de\\\/en\\\/lukas-martin\\\/\",\"url\":\"https:\\\/\\\/visualjournalism.de\\\/en\\\/lukas-martin\\\/\",\"name\":\"Lukas Martin &#8211; Visual Journalism and Documentary Photography\",\"isPartOf\":{\"@id\":\"https:\\\/\\\/visualjournalism.de\\\/en\\\/#website\"},\"datePublished\":\"2025-12-10T11:56:23+00:00\",\"dateModified\":\"2025-12-10T11:56:48+00:00\",\"description\":\"Nach dem Abschluss seines Bachelorstudium in Politikwissenschaft und Geschichte, begann er 2024 Visual Journalism and Documentary Photography zu studieren.\",\"breadcrumb\":{\"@id\":\"https:\\\/\\\/visualjournalism.de\\\/en\\\/lukas-martin\\\/#breadcrumb\"},\"inLanguage\":\"en-US\",\"potentialAction\":[{\"@type\":\"ReadAction\",\"target\":[\"https:\\\/\\\/visualjournalism.de\\\/en\\\/lukas-martin\\\/\"]}]},{\"@type\":\"BreadcrumbList\",\"@id\":\"https:\\\/\\\/visualjournalism.de\\\/en\\\/lukas-martin\\\/#breadcrumb\",\"itemListElement\":[{\"@type\":\"ListItem\",\"position\":1,\"name\":\"Home\",\"item\":\"https:\\\/\\\/visualjournalism.de\\\/en\\\/\"},{\"@type\":\"ListItem\",\"position\":2,\"name\":\"Lukas Martin\"}]},{\"@type\":\"WebSite\",\"@id\":\"https:\\\/\\\/visualjournalism.de\\\/en\\\/#website\",\"url\":\"https:\\\/\\\/visualjournalism.de\\\/en\\\/\",\"name\":\"Visual Journalism and Documentary Photography\",\"description\":\"All about the bilingual bachelor&#039;s program at Hannover University of Applied Sciences and Arts.\",\"publisher\":{\"@id\":\"https:\\\/\\\/visualjournalism.de\\\/en\\\/#organization\"},\"alternateName\":\"visualjournalism.de\",\"potentialAction\":[{\"@type\":\"SearchAction\",\"target\":{\"@type\":\"EntryPoint\",\"urlTemplate\":\"https:\\\/\\\/visualjournalism.de\\\/en\\\/?s={search_term_string}\"},\"query-input\":{\"@type\":\"PropertyValueSpecification\",\"valueRequired\":true,\"valueName\":\"search_term_string\"}}],\"inLanguage\":\"en-US\"},{\"@type\":\"Organization\",\"@id\":\"https:\\\/\\\/visualjournalism.de\\\/en\\\/#organization\",\"name\":\"Hochschule Hannover \u2013 University of Applied Sciences and Arts\",\"alternateName\":\"HsH\",\"url\":\"https:\\\/\\\/visualjournalism.de\\\/en\\\/\",\"logo\":{\"@type\":\"ImageObject\",\"inLanguage\":\"en-US\",\"@id\":\"https:\\\/\\\/visualjournalism.de\\\/en\\\/#\\\/schema\\\/logo\\\/image\\\/\",\"url\":\"https:\\\/\\\/visualjournalism.de\\\/wp-content\\\/uploads\\\/logo-hochschule-hannover.png\",\"contentUrl\":\"https:\\\/\\\/visualjournalism.de\\\/wp-content\\\/uploads\\\/logo-hochschule-hannover.png\",\"width\":363,\"height\":270,\"caption\":\"Hochschule Hannover \u2013 University of Applied Sciences and Arts\"},\"image\":{\"@id\":\"https:\\\/\\\/visualjournalism.de\\\/en\\\/#\\\/schema\\\/logo\\\/image\\\/\"},\"sameAs\":[\"https:\\\/\\\/www.facebook.com\\\/people\\\/wwwfotostudentende\\\/100065173703897\\\/\",\"https:\\\/\\\/x.com\\\/HsHannover\",\"https:\\\/\\\/www.instagram.com\\\/visualjournalism.de\\\/\"]}]}<\/script>\n<!-- \/ Yoast SEO Premium plugin. -->","yoast_head_json":{"title":"Lukas Martin &#8211; Visual Journalism and Documentary Photography","description":"Nach dem Abschluss seines Bachelorstudium in Politikwissenschaft und Geschichte, begann er 2024 Visual Journalism and Documentary Photography zu studieren.","robots":{"index":"index","follow":"follow","max-snippet":"max-snippet:-1","max-image-preview":"max-image-preview:large","max-video-preview":"max-video-preview:-1"},"canonical":"https:\/\/visualjournalism.de\/en\/lukas-martin\/","og_locale":"en_US","og_type":"article","og_title":"Lukas Martin","og_description":"Nach dem Abschluss seines Bachelorstudium in Politikwissenschaft und Geschichte, begann er 2024 Visual Journalism and Documentary Photography zu studieren.","og_url":"https:\/\/visualjournalism.de\/en\/lukas-martin\/","og_site_name":"Visual Journalism and Documentary Photography","article_publisher":"https:\/\/www.facebook.com\/people\/wwwfotostudentende\/100065173703897\/","article_modified_time":"2025-12-10T11:56:48+00:00","twitter_card":"summary_large_image","twitter_site":"@HsHannover","twitter_misc":{"Est. reading time":"1 minute"},"schema":{"@context":"https:\/\/schema.org","@graph":[{"@type":"WebPage","@id":"https:\/\/visualjournalism.de\/en\/lukas-martin\/","url":"https:\/\/visualjournalism.de\/en\/lukas-martin\/","name":"Lukas Martin &#8211; Visual Journalism and Documentary Photography","isPartOf":{"@id":"https:\/\/visualjournalism.de\/en\/#website"},"datePublished":"2025-12-10T11:56:23+00:00","dateModified":"2025-12-10T11:56:48+00:00","description":"Nach dem Abschluss seines Bachelorstudium in Politikwissenschaft und Geschichte, begann er 2024 Visual Journalism and Documentary Photography zu studieren.","breadcrumb":{"@id":"https:\/\/visualjournalism.de\/en\/lukas-martin\/#breadcrumb"},"inLanguage":"en-US","potentialAction":[{"@type":"ReadAction","target":["https:\/\/visualjournalism.de\/en\/lukas-martin\/"]}]},{"@type":"BreadcrumbList","@id":"https:\/\/visualjournalism.de\/en\/lukas-martin\/#breadcrumb","itemListElement":[{"@type":"ListItem","position":1,"name":"Home","item":"https:\/\/visualjournalism.de\/en\/"},{"@type":"ListItem","position":2,"name":"Lukas Martin"}]},{"@type":"WebSite","@id":"https:\/\/visualjournalism.de\/en\/#website","url":"https:\/\/visualjournalism.de\/en\/","name":"Visual Journalism and Documentary Photography","description":"All about the bilingual bachelor&#039;s program at Hannover University of Applied Sciences and Arts.","publisher":{"@id":"https:\/\/visualjournalism.de\/en\/#organization"},"alternateName":"visualjournalism.de","potentialAction":[{"@type":"SearchAction","target":{"@type":"EntryPoint","urlTemplate":"https:\/\/visualjournalism.de\/en\/?s={search_term_string}"},"query-input":{"@type":"PropertyValueSpecification","valueRequired":true,"valueName":"search_term_string"}}],"inLanguage":"en-US"},{"@type":"Organization","@id":"https:\/\/visualjournalism.de\/en\/#organization","name":"Hochschule Hannover \u2013 University of Applied Sciences and Arts","alternateName":"HsH","url":"https:\/\/visualjournalism.de\/en\/","logo":{"@type":"ImageObject","inLanguage":"en-US","@id":"https:\/\/visualjournalism.de\/en\/#\/schema\/logo\/image\/","url":"https:\/\/visualjournalism.de\/wp-content\/uploads\/logo-hochschule-hannover.png","contentUrl":"https:\/\/visualjournalism.de\/wp-content\/uploads\/logo-hochschule-hannover.png","width":363,"height":270,"caption":"Hochschule Hannover \u2013 University of Applied Sciences and Arts"},"image":{"@id":"https:\/\/visualjournalism.de\/en\/#\/schema\/logo\/image\/"},"sameAs":["https:\/\/www.facebook.com\/people\/wwwfotostudentende\/100065173703897\/","https:\/\/x.com\/HsHannover","https:\/\/www.instagram.com\/visualjournalism.de\/"]}]}},"_links":{"self":[{"href":"https:\/\/visualjournalism.de\/en\/wp-json\/wp\/v2\/pages\/66204","targetHints":{"allow":["GET"]}}],"collection":[{"href":"https:\/\/visualjournalism.de\/en\/wp-json\/wp\/v2\/pages"}],"about":[{"href":"https:\/\/visualjournalism.de\/en\/wp-json\/wp\/v2\/types\/page"}],"author":[{"embeddable":true,"href":"https:\/\/visualjournalism.de\/en\/wp-json\/wp\/v2\/users\/127"}],"replies":[{"embeddable":true,"href":"https:\/\/visualjournalism.de\/en\/wp-json\/wp\/v2\/comments?post=66204"}],"version-history":[{"count":6,"href":"https:\/\/visualjournalism.de\/en\/wp-json\/wp\/v2\/pages\/66204\/revisions"}],"predecessor-version":[{"id":66282,"href":"https:\/\/visualjournalism.de\/en\/wp-json\/wp\/v2\/pages\/66204\/revisions\/66282"}],"wp:attachment":[{"href":"https:\/\/visualjournalism.de\/en\/wp-json\/wp\/v2\/media?parent=66204"}],"curies":[{"name":"wp","href":"https:\/\/api.w.org\/{rel}","templated":true}]}}