{"id":67269,"date":"2025-12-28T20:30:36","date_gmt":"2025-12-28T18:30:36","guid":{"rendered":"https:\/\/visualjournalism.de\/?page_id=67269"},"modified":"2025-12-28T20:30:38","modified_gmt":"2025-12-28T18:30:38","slug":"martin-albermann","status":"publish","type":"page","link":"https:\/\/visualjournalism.de\/en\/martin-albermann\/","title":{"rendered":"Martin Albermann"},"content":{"rendered":"\n \n\n    <div id=\"lead-in-block_a8cba7ce8c63f012e1ee547dbd840eb9\" class=\"block-lead-in typo--soehne font-size--xl has-spacing--m width--default\">\n        <h1>Martin Albermann<\/h1>\n<p>&nbsp;<\/p>\n<p>&nbsp;<\/p>\n    <\/div>\n\n\n\n\n<div class=\"pinned-block has-spacing--m\">\n\t\n\n<div class=\"pinned-block__column--left\">\n    \n    <figure class=\"block-photo post__image--half-left has-spacing--m no-title\">\n\n        <div class=\"post__image__container\">\n            <img loading=\"lazy\" decoding=\"async\" \n                src=\"https:\/\/visualjournalism.de\/wp-content\/uploads\/2025\/12\/Albermann-Martin_Autorenbild-768x1024.jpg\"\n                srcset=\"https:\/\/visualjournalism.de\/wp-content\/uploads\/2025\/12\/Albermann-Martin_Autorenbild-768x1024.jpg 768w, https:\/\/visualjournalism.de\/wp-content\/uploads\/2025\/12\/Albermann-Martin_Autorenbild-225x300.jpg 225w, https:\/\/visualjournalism.de\/wp-content\/uploads\/2025\/12\/Albermann-Martin_Autorenbild-1152x1536.jpg 1152w, https:\/\/visualjournalism.de\/wp-content\/uploads\/2025\/12\/Albermann-Martin_Autorenbild-1536x2048.jpg 1536w, https:\/\/visualjournalism.de\/wp-content\/uploads\/2025\/12\/Albermann-Martin_Autorenbild-1400x1867.jpg 1400w, https:\/\/visualjournalism.de\/wp-content\/uploads\/2025\/12\/Albermann-Martin_Autorenbild-1050x1400.jpg 1050w, https:\/\/visualjournalism.de\/wp-content\/uploads\/2025\/12\/Albermann-Martin_Autorenbild-670x893.jpg 670w, https:\/\/visualjournalism.de\/wp-content\/uploads\/2025\/12\/Albermann-Martin_Autorenbild-420x560.jpg 420w, https:\/\/visualjournalism.de\/wp-content\/uploads\/2025\/12\/Albermann-Martin_Autorenbild-350x467.jpg 350w, https:\/\/visualjournalism.de\/wp-content\/uploads\/2025\/12\/Albermann-Martin_Autorenbild-300x400.jpg 300w, https:\/\/visualjournalism.de\/wp-content\/uploads\/2025\/12\/Albermann-Martin_Autorenbild-640x853.jpg 640w, https:\/\/visualjournalism.de\/wp-content\/uploads\/2025\/12\/Albermann-Martin_Autorenbild-150x200.jpg 150w, https:\/\/visualjournalism.de\/wp-content\/uploads\/2025\/12\/Albermann-Martin_Autorenbild.jpg 1875w\"\n                width=\"768\" \n                height=\"1024\"\n                alt=\"\" \n            \/>\n            \n                    <\/div><!-- post__image__container -->\n\n        \n    <\/figure><!-- post__image -->\n\n\n\n<\/div>\n\n\n<div class=\"pinned-block__column--right\">\n    \n\n<p class=\"post__paragraph is-style-typo--soehne has-spacing--default\"><strong>Martin Albermann<\/strong> (*1992) lebt und arbeitet als freier Fotograf in Freiburg im Breisgau. Von 2012 bis 2015 absolvierte er eine Ausbildung zum Fotografen im Medienzentrum des Landschaftsverbandes Westfalen-Lippe (LWL) in Mu\u0308nster. Im Anschluss arbeitete er als Inklusionsassistent in Edinburgh und begann ein Studium der Sozialen Arbeit in Freiburg. Sein Interesse fu\u0308r gesellschaftspolitische Themen und die dokumentarische Fotografie bewegten ihn ab 2018 Fotojournalismus und Dokumentarfotografie in Hannover zu studieren. Im Mittelpunkt seiner Geschichten stehen Themen des mitmenschlichen Alltags und der r\u00e4umlichen Ver\u00e4nderung.<br><br><br><br><strong>Website: <\/strong><a href=\"http:\/\/www.martinalbermann.de\">www.martinalbermann.de<\/a><\/p>\n\n\n<\/div>\n<\/div>\n\n\n<div class=\"devider has-spacing--none\">\n    <hr>\n<\/div>\n\n\n    <div class=\"headline-block has-spacing--s\">\n\n        <h2 class=\"post__headline\">Beitr\u00e4ge von Martin:<\/h2>\n\n        \n    <\/div>\n\n    \n\n\n\n\n\n\n<div class=\"wp-block-group has-spacing--default has-spacing--default\">\n<div class=\"devider has-spacing--none\">\n    <hr>\n<\/div>\n\n\n \n\n    <div id=\"lead-in-block_e5e40badfa2b3882a056f05a0e21c408\" class=\"block-lead-in typo--default font-size--xl has-spacing--s width--default\">\n        <p><strong>Empfehlungen der Redaktion:<\/strong><\/p>\n    <\/div>\n\n\n\n\r\n\r\n\r\n\n\n\r\n\r\n\r\n\r\n        <div class=\"teaser-grid grid-layout--3col has-spacing--s width--inline\">\r\n\r\n            \r\n                <article class=\"post-teaser\">\r\n\r\n                    <a href=\"https:\/\/visualjournalism.de\/en\/magazine\/sammeln\/kugelschreiber-geschichten-zwischen-budapest-und-brockel\/\" rel=\"permalink\">\r\n\r\n                        <div class=\"post-teaser__content\">\r\n\r\n                            <span class=\"entry-categories\">Sammeln<\/span>\r\n                            <h3 class=\"post-teaser__headline\">\r\n                                Der K\u00f6nig der Kulis: 200.000 Kugelschreiber in einer Sammlung                            <\/h3>\r\n\r\n                            <div class=\"post-teaser__excerpt\">\r\n                                <p>Klack-Kulis, Sondereditionen, Werbegeschenke: Heinz-Hermann hat sie alle. Eine Geschichte des Kulis von Budapest bis Brockel.<\/p>\r\n                            <\/div>\r\n\r\n                        <\/div><!-- .post-teaser__content -->\r\n\r\n\r\n                        \r\n                            <figure class=\"post-teaser__image\">\r\n                                <img loading=\"lazy\" decoding=\"async\"  \r\n                                    src=\"https:\/\/visualjournalism.de\/wp-content\/uploads\/Sammeln-4_Inga-Kloeber-768x512.jpg\" \r\n                                    srcset=\"https:\/\/visualjournalism.de\/wp-content\/uploads\/Sammeln-4_Inga-Kloeber-768x512.jpg 768w, https:\/\/visualjournalism.de\/wp-content\/uploads\/Sammeln-4_Inga-Kloeber-300x200.jpg 300w, https:\/\/visualjournalism.de\/wp-content\/uploads\/Sammeln-4_Inga-Kloeber-1024x682.jpg 1024w, https:\/\/visualjournalism.de\/wp-content\/uploads\/Sammeln-4_Inga-Kloeber-1536x1024.jpg 1536w, https:\/\/visualjournalism.de\/wp-content\/uploads\/Sammeln-4_Inga-Kloeber-1920x1280.jpg 1920w, https:\/\/visualjournalism.de\/wp-content\/uploads\/Sammeln-4_Inga-Kloeber-1400x933.jpg 1400w, https:\/\/visualjournalism.de\/wp-content\/uploads\/Sammeln-4_Inga-Kloeber-1050x700.jpg 1050w, https:\/\/visualjournalism.de\/wp-content\/uploads\/Sammeln-4_Inga-Kloeber-670x447.jpg 670w, https:\/\/visualjournalism.de\/wp-content\/uploads\/Sammeln-4_Inga-Kloeber-420x280.jpg 420w, https:\/\/visualjournalism.de\/wp-content\/uploads\/Sammeln-4_Inga-Kloeber-350x233.jpg 350w, https:\/\/visualjournalism.de\/wp-content\/uploads\/Sammeln-4_Inga-Kloeber-150x100.jpg 150w, https:\/\/visualjournalism.de\/wp-content\/uploads\/Sammeln-4_Inga-Kloeber.jpg 2000w\" \r\n                                    width=\"768\"  \r\n                                    height=\"512\" \r\n                                    alt=\"Nahaufnahme eines mehrst\u00f6ckigen Regals in dem sich bunte Kisten befinden. Diese sind bis obenhin mit Kugelschreibern gef\u00fcllt.\"\r\n                                \/>\r\n                            <\/figure>\r\n\r\n                        \r\n                    \r\n                    <\/a>\r\n\r\n                <\/article><!--- .post-teaser-->\r\n\r\n            \r\n                <article class=\"post-teaser\">\r\n\r\n                    <a href=\"https:\/\/visualjournalism.de\/en\/magazine\/ratgeber\/360-grad-videoproduktion\/\" rel=\"permalink\">\r\n\r\n                        <div class=\"post-teaser__content\">\r\n\r\n                            <span class=\"entry-categories\">Ratgeber<\/span>\r\n                            <h3 class=\"post-teaser__headline\">\r\n                                360-Grad-Video im Journalismus: So produzierst du immersive Reportagen.                            <\/h3>\r\n\r\n                            <div class=\"post-teaser__excerpt\">\r\n                                <p>360-Grad-Videos stellen das Publikum mitten ins Geschehen. Wir zeigen dir, wie du immersive Reportagen produzierst \u2013 von der Technik bis zum Schnitt \u2013 und Storys aus allen Blickwinkeln erz\u00e4hlst.<\/p>\r\n                            <\/div>\r\n\r\n                        <\/div><!-- .post-teaser__content -->\r\n\r\n\r\n                        \r\n                            <figure class=\"post-teaser__image\">\r\n                                <img loading=\"lazy\" decoding=\"async\"  \r\n                                    src=\"https:\/\/visualjournalism.de\/wp-content\/uploads\/hochschule_hannover_FH_Hannover_08-768x512.jpg\" \r\n                                    srcset=\"https:\/\/visualjournalism.de\/wp-content\/uploads\/hochschule_hannover_FH_Hannover_08-768x512.jpg 768w, https:\/\/visualjournalism.de\/wp-content\/uploads\/hochschule_hannover_FH_Hannover_08-300x200.jpg 300w, https:\/\/visualjournalism.de\/wp-content\/uploads\/hochschule_hannover_FH_Hannover_08-1024x683.jpg 1024w, https:\/\/visualjournalism.de\/wp-content\/uploads\/hochschule_hannover_FH_Hannover_08-1536x1024.jpg 1536w, https:\/\/visualjournalism.de\/wp-content\/uploads\/hochschule_hannover_FH_Hannover_08-1400x933.jpg 1400w, https:\/\/visualjournalism.de\/wp-content\/uploads\/hochschule_hannover_FH_Hannover_08-1050x700.jpg 1050w, https:\/\/visualjournalism.de\/wp-content\/uploads\/hochschule_hannover_FH_Hannover_08-670x447.jpg 670w, https:\/\/visualjournalism.de\/wp-content\/uploads\/hochschule_hannover_FH_Hannover_08-420x280.jpg 420w, https:\/\/visualjournalism.de\/wp-content\/uploads\/hochschule_hannover_FH_Hannover_08-350x233.jpg 350w, https:\/\/visualjournalism.de\/wp-content\/uploads\/hochschule_hannover_FH_Hannover_08.jpg 1599w\" \r\n                                    width=\"768\"  \r\n                                    height=\"512\" \r\n                                    alt=\"\"\r\n                                \/>\r\n                            <\/figure>\r\n\r\n                        \r\n                    \r\n                    <\/a>\r\n\r\n                <\/article><!--- .post-teaser-->\r\n\r\n            \r\n                <article class=\"post-teaser\">\r\n\r\n                    <a href=\"https:\/\/visualjournalism.de\/en\/magazine\/sammeln\/die-architektur-des-datenhandels\/\" rel=\"permalink\">\r\n\r\n                        <div class=\"post-teaser__content\">\r\n\r\n                            <span class=\"entry-categories\">Sammeln<\/span>\r\n                            <h3 class=\"post-teaser__headline\">\r\n                                Die Architektur des Datenhandels                            <\/h3>\r\n\r\n                            <div class=\"post-teaser__excerpt\">\r\n                                <p>Kaum ein System bleibt so unsichtbar und wirkt zugleich so weitreichend wie der Handel mit Nutzerdaten. Was wir anklicken, suchen oder besuchen, wird zu Signalen in einem globalen Markt, der Menschen in Kategorien einordnet und Informationen gezielt verteilt.<\/p>\r\n                            <\/div>\r\n\r\n                        <\/div><!-- .post-teaser__content -->\r\n\r\n\r\n                        \r\n                            <figure class=\"post-teaser__image\">\r\n                                <img loading=\"lazy\" decoding=\"async\"  \r\n                                    src=\"https:\/\/visualjournalism.de\/wp-content\/uploads\/24_Geiersbach-Paul_Accept-All-768x512.jpg\" \r\n                                    srcset=\"https:\/\/visualjournalism.de\/wp-content\/uploads\/24_Geiersbach-Paul_Accept-All-768x512.jpg 768w, https:\/\/visualjournalism.de\/wp-content\/uploads\/24_Geiersbach-Paul_Accept-All-300x200.jpg 300w, https:\/\/visualjournalism.de\/wp-content\/uploads\/24_Geiersbach-Paul_Accept-All-1024x682.jpg 1024w, https:\/\/visualjournalism.de\/wp-content\/uploads\/24_Geiersbach-Paul_Accept-All-1536x1024.jpg 1536w, https:\/\/visualjournalism.de\/wp-content\/uploads\/24_Geiersbach-Paul_Accept-All-1920x1280.jpg 1920w, https:\/\/visualjournalism.de\/wp-content\/uploads\/24_Geiersbach-Paul_Accept-All-1400x933.jpg 1400w, https:\/\/visualjournalism.de\/wp-content\/uploads\/24_Geiersbach-Paul_Accept-All-1050x700.jpg 1050w, https:\/\/visualjournalism.de\/wp-content\/uploads\/24_Geiersbach-Paul_Accept-All-670x447.jpg 670w, https:\/\/visualjournalism.de\/wp-content\/uploads\/24_Geiersbach-Paul_Accept-All-420x280.jpg 420w, https:\/\/visualjournalism.de\/wp-content\/uploads\/24_Geiersbach-Paul_Accept-All-350x233.jpg 350w, https:\/\/visualjournalism.de\/wp-content\/uploads\/24_Geiersbach-Paul_Accept-All-150x100.jpg 150w, https:\/\/visualjournalism.de\/wp-content\/uploads\/24_Geiersbach-Paul_Accept-All.jpg 2000w\" \r\n                                    width=\"768\"  \r\n                                    height=\"512\" \r\n                                    alt=\"eine querformatige farbige Fotografie. Eine W\u00fcstenlandschaft ist von oben fotografiert, mit einem leichten Sanh\u00fcgel. Der Sandh\u00fcgel ist in der Mitte des Bildes eingebrochen.\"\r\n                                \/>\r\n                            <\/figure>\r\n\r\n                        \r\n                    \r\n                    <\/a>\r\n\r\n                <\/article><!--- .post-teaser-->\r\n\r\n            \r\n        <\/div><!-- .teaser-grid -->\r\n\r\n\n\n\r\n\r\n\r\n\n\n\n    <div class=\"btn-wrapper has-spacing--m\">\n        <a class=\"btn\" href=\"https:\/\/visualjournalism.de\/magazin\/\" target=\"_blank\">ZUR MAGAZIN-STARTSEITE<\/a>\n    <\/div>\n<\/div>\n","protected":false},"excerpt":{"rendered":"","protected":false},"author":96,"featured_media":0,"parent":0,"menu_order":0,"comment_status":"closed","ping_status":"closed","template":"","meta":{"_acf_changed":false,"footnotes":""},"class_list":["post-67269","page","type-page","status-publish","hentry"],"acf":[],"yoast_head":"<!-- This site is optimized with the Yoast SEO Premium plugin v27.7 (Yoast SEO v27.7) - https:\/\/yoast.com\/product\/yoast-seo-premium-wordpress\/ -->\n<title>Martin Albermann &#8211; Visual Journalism and Documentary Photography<\/title>\n<meta name=\"robots\" content=\"index, follow, max-snippet:-1, max-image-preview:large, max-video-preview:-1\" \/>\n<link rel=\"canonical\" href=\"https:\/\/visualjournalism.de\/en\/martin-albermann\/\" \/>\n<meta property=\"og:locale\" content=\"en_US\" \/>\n<meta property=\"og:type\" content=\"article\" \/>\n<meta property=\"og:title\" content=\"Martin Albermann\" \/>\n<meta property=\"og:url\" content=\"https:\/\/visualjournalism.de\/en\/martin-albermann\/\" \/>\n<meta property=\"og:site_name\" content=\"Visual Journalism and Documentary Photography\" \/>\n<meta property=\"article:publisher\" content=\"https:\/\/www.facebook.com\/people\/wwwfotostudentende\/100065173703897\/\" \/>\n<meta property=\"article:modified_time\" content=\"2025-12-28T18:30:38+00:00\" \/>\n<meta property=\"og:image\" content=\"https:\/\/visualjournalism.de\/wp-content\/uploads\/Emil-Eichinger-scaled-e1727773451524.jpeg\" \/>\n\t<meta property=\"og:image:width\" content=\"2355\" \/>\n\t<meta property=\"og:image:height\" content=\"1920\" \/>\n\t<meta property=\"og:image:type\" content=\"image\/jpeg\" \/>\n<meta name=\"twitter:card\" content=\"summary_large_image\" \/>\n<meta name=\"twitter:site\" content=\"@HsHannover\" \/>\n<meta name=\"twitter:label1\" content=\"Est. reading time\" \/>\n\t<meta name=\"twitter:data1\" content=\"1 minute\" \/>\n<script type=\"application\/ld+json\" class=\"yoast-schema-graph\">{\"@context\":\"https:\\\/\\\/schema.org\",\"@graph\":[{\"@type\":\"WebPage\",\"@id\":\"https:\\\/\\\/visualjournalism.de\\\/en\\\/martin-albermann\\\/\",\"url\":\"https:\\\/\\\/visualjournalism.de\\\/en\\\/martin-albermann\\\/\",\"name\":\"Martin Albermann &#8211; Visual Journalism and Documentary Photography\",\"isPartOf\":{\"@id\":\"https:\\\/\\\/visualjournalism.de\\\/en\\\/#website\"},\"datePublished\":\"2025-12-28T18:30:36+00:00\",\"dateModified\":\"2025-12-28T18:30:38+00:00\",\"breadcrumb\":{\"@id\":\"https:\\\/\\\/visualjournalism.de\\\/en\\\/martin-albermann\\\/#breadcrumb\"},\"inLanguage\":\"en-US\",\"potentialAction\":[{\"@type\":\"ReadAction\",\"target\":[\"https:\\\/\\\/visualjournalism.de\\\/en\\\/martin-albermann\\\/\"]}]},{\"@type\":\"BreadcrumbList\",\"@id\":\"https:\\\/\\\/visualjournalism.de\\\/en\\\/martin-albermann\\\/#breadcrumb\",\"itemListElement\":[{\"@type\":\"ListItem\",\"position\":1,\"name\":\"Home\",\"item\":\"https:\\\/\\\/visualjournalism.de\\\/en\\\/\"},{\"@type\":\"ListItem\",\"position\":2,\"name\":\"Martin Albermann\"}]},{\"@type\":\"WebSite\",\"@id\":\"https:\\\/\\\/visualjournalism.de\\\/en\\\/#website\",\"url\":\"https:\\\/\\\/visualjournalism.de\\\/en\\\/\",\"name\":\"Visual Journalism and Documentary Photography\",\"description\":\"All about the bilingual bachelor&#039;s program at Hannover University of Applied Sciences and Arts.\",\"publisher\":{\"@id\":\"https:\\\/\\\/visualjournalism.de\\\/en\\\/#organization\"},\"alternateName\":\"visualjournalism.de\",\"potentialAction\":[{\"@type\":\"SearchAction\",\"target\":{\"@type\":\"EntryPoint\",\"urlTemplate\":\"https:\\\/\\\/visualjournalism.de\\\/en\\\/?s={search_term_string}\"},\"query-input\":{\"@type\":\"PropertyValueSpecification\",\"valueRequired\":true,\"valueName\":\"search_term_string\"}}],\"inLanguage\":\"en-US\"},{\"@type\":\"Organization\",\"@id\":\"https:\\\/\\\/visualjournalism.de\\\/en\\\/#organization\",\"name\":\"Hochschule Hannover \u2013 University of Applied Sciences and Arts\",\"alternateName\":\"HsH\",\"url\":\"https:\\\/\\\/visualjournalism.de\\\/en\\\/\",\"logo\":{\"@type\":\"ImageObject\",\"inLanguage\":\"en-US\",\"@id\":\"https:\\\/\\\/visualjournalism.de\\\/en\\\/#\\\/schema\\\/logo\\\/image\\\/\",\"url\":\"https:\\\/\\\/visualjournalism.de\\\/wp-content\\\/uploads\\\/logo-hochschule-hannover.png\",\"contentUrl\":\"https:\\\/\\\/visualjournalism.de\\\/wp-content\\\/uploads\\\/logo-hochschule-hannover.png\",\"width\":363,\"height\":270,\"caption\":\"Hochschule Hannover \u2013 University of Applied Sciences and Arts\"},\"image\":{\"@id\":\"https:\\\/\\\/visualjournalism.de\\\/en\\\/#\\\/schema\\\/logo\\\/image\\\/\"},\"sameAs\":[\"https:\\\/\\\/www.facebook.com\\\/people\\\/wwwfotostudentende\\\/100065173703897\\\/\",\"https:\\\/\\\/x.com\\\/HsHannover\",\"https:\\\/\\\/www.instagram.com\\\/visualjournalism.de\\\/\"]}]}<\/script>\n<!-- \/ Yoast SEO Premium plugin. -->","yoast_head_json":{"title":"Martin Albermann &#8211; Visual Journalism and Documentary Photography","robots":{"index":"index","follow":"follow","max-snippet":"max-snippet:-1","max-image-preview":"max-image-preview:large","max-video-preview":"max-video-preview:-1"},"canonical":"https:\/\/visualjournalism.de\/en\/martin-albermann\/","og_locale":"en_US","og_type":"article","og_title":"Martin Albermann","og_url":"https:\/\/visualjournalism.de\/en\/martin-albermann\/","og_site_name":"Visual Journalism and Documentary Photography","article_publisher":"https:\/\/www.facebook.com\/people\/wwwfotostudentende\/100065173703897\/","article_modified_time":"2025-12-28T18:30:38+00:00","og_image":[{"width":2355,"height":1920,"url":"https:\/\/visualjournalism.de\/wp-content\/uploads\/Emil-Eichinger-scaled-e1727773451524.jpeg","type":"image\/jpeg"}],"twitter_card":"summary_large_image","twitter_site":"@HsHannover","twitter_misc":{"Est. reading time":"1 minute"},"schema":{"@context":"https:\/\/schema.org","@graph":[{"@type":"WebPage","@id":"https:\/\/visualjournalism.de\/en\/martin-albermann\/","url":"https:\/\/visualjournalism.de\/en\/martin-albermann\/","name":"Martin Albermann &#8211; Visual Journalism and Documentary Photography","isPartOf":{"@id":"https:\/\/visualjournalism.de\/en\/#website"},"datePublished":"2025-12-28T18:30:36+00:00","dateModified":"2025-12-28T18:30:38+00:00","breadcrumb":{"@id":"https:\/\/visualjournalism.de\/en\/martin-albermann\/#breadcrumb"},"inLanguage":"en-US","potentialAction":[{"@type":"ReadAction","target":["https:\/\/visualjournalism.de\/en\/martin-albermann\/"]}]},{"@type":"BreadcrumbList","@id":"https:\/\/visualjournalism.de\/en\/martin-albermann\/#breadcrumb","itemListElement":[{"@type":"ListItem","position":1,"name":"Home","item":"https:\/\/visualjournalism.de\/en\/"},{"@type":"ListItem","position":2,"name":"Martin Albermann"}]},{"@type":"WebSite","@id":"https:\/\/visualjournalism.de\/en\/#website","url":"https:\/\/visualjournalism.de\/en\/","name":"Visual Journalism and Documentary Photography","description":"All about the bilingual bachelor&#039;s program at Hannover University of Applied Sciences and Arts.","publisher":{"@id":"https:\/\/visualjournalism.de\/en\/#organization"},"alternateName":"visualjournalism.de","potentialAction":[{"@type":"SearchAction","target":{"@type":"EntryPoint","urlTemplate":"https:\/\/visualjournalism.de\/en\/?s={search_term_string}"},"query-input":{"@type":"PropertyValueSpecification","valueRequired":true,"valueName":"search_term_string"}}],"inLanguage":"en-US"},{"@type":"Organization","@id":"https:\/\/visualjournalism.de\/en\/#organization","name":"Hochschule Hannover \u2013 University of Applied Sciences and Arts","alternateName":"HsH","url":"https:\/\/visualjournalism.de\/en\/","logo":{"@type":"ImageObject","inLanguage":"en-US","@id":"https:\/\/visualjournalism.de\/en\/#\/schema\/logo\/image\/","url":"https:\/\/visualjournalism.de\/wp-content\/uploads\/logo-hochschule-hannover.png","contentUrl":"https:\/\/visualjournalism.de\/wp-content\/uploads\/logo-hochschule-hannover.png","width":363,"height":270,"caption":"Hochschule Hannover \u2013 University of Applied Sciences and Arts"},"image":{"@id":"https:\/\/visualjournalism.de\/en\/#\/schema\/logo\/image\/"},"sameAs":["https:\/\/www.facebook.com\/people\/wwwfotostudentende\/100065173703897\/","https:\/\/x.com\/HsHannover","https:\/\/www.instagram.com\/visualjournalism.de\/"]}]}},"_links":{"self":[{"href":"https:\/\/visualjournalism.de\/en\/wp-json\/wp\/v2\/pages\/67269","targetHints":{"allow":["GET"]}}],"collection":[{"href":"https:\/\/visualjournalism.de\/en\/wp-json\/wp\/v2\/pages"}],"about":[{"href":"https:\/\/visualjournalism.de\/en\/wp-json\/wp\/v2\/types\/page"}],"author":[{"embeddable":true,"href":"https:\/\/visualjournalism.de\/en\/wp-json\/wp\/v2\/users\/96"}],"replies":[{"embeddable":true,"href":"https:\/\/visualjournalism.de\/en\/wp-json\/wp\/v2\/comments?post=67269"}],"version-history":[{"count":1,"href":"https:\/\/visualjournalism.de\/en\/wp-json\/wp\/v2\/pages\/67269\/revisions"}],"predecessor-version":[{"id":67282,"href":"https:\/\/visualjournalism.de\/en\/wp-json\/wp\/v2\/pages\/67269\/revisions\/67282"}],"wp:attachment":[{"href":"https:\/\/visualjournalism.de\/en\/wp-json\/wp\/v2\/media?parent=67269"}],"curies":[{"name":"wp","href":"https:\/\/api.w.org\/{rel}","templated":true}]}}