{"id":67350,"date":"2025-12-28T22:50:57","date_gmt":"2025-12-28T20:50:57","guid":{"rendered":"https:\/\/visualjournalism.de\/?page_id=67350"},"modified":"2025-12-28T22:53:44","modified_gmt":"2025-12-28T20:53:44","slug":"rafael-heygster","status":"publish","type":"page","link":"https:\/\/visualjournalism.de\/en\/rafael-heygster\/","title":{"rendered":"Rafael Heygster"},"content":{"rendered":"\n \n\n    <div id=\"lead-in-block_df0b9c4caabffb8ecdbe25a9391bcf20\" class=\"block-lead-in typo--soehne font-size--xl has-spacing--m width--default\">\n        <h1>Rafael Heygster<\/h1>\n<p>&nbsp;<\/p>\n<p>&nbsp;<\/p>\n    <\/div>\n\n\n\n\n<div class=\"pinned-block has-spacing--m\">\n\t\n\n<div class=\"pinned-block__column--left\">\n    \n    <figure class=\"block-photo post__image--half-left has-spacing--m no-title\">\n\n        <div class=\"post__image__container\">\n            <img loading=\"lazy\" decoding=\"async\" \n                src=\"https:\/\/visualjournalism.de\/wp-content\/uploads\/2025\/12\/Heygster-Rafael_Autorenfoto-768x1024.jpg\"\n                srcset=\"https:\/\/visualjournalism.de\/wp-content\/uploads\/2025\/12\/Heygster-Rafael_Autorenfoto-768x1024.jpg 768w, https:\/\/visualjournalism.de\/wp-content\/uploads\/2025\/12\/Heygster-Rafael_Autorenfoto-225x300.jpg 225w, https:\/\/visualjournalism.de\/wp-content\/uploads\/2025\/12\/Heygster-Rafael_Autorenfoto-1152x1536.jpg 1152w, https:\/\/visualjournalism.de\/wp-content\/uploads\/2025\/12\/Heygster-Rafael_Autorenfoto-1536x2048.jpg 1536w, https:\/\/visualjournalism.de\/wp-content\/uploads\/2025\/12\/Heygster-Rafael_Autorenfoto-1400x1867.jpg 1400w, https:\/\/visualjournalism.de\/wp-content\/uploads\/2025\/12\/Heygster-Rafael_Autorenfoto-1050x1400.jpg 1050w, https:\/\/visualjournalism.de\/wp-content\/uploads\/2025\/12\/Heygster-Rafael_Autorenfoto-670x893.jpg 670w, https:\/\/visualjournalism.de\/wp-content\/uploads\/2025\/12\/Heygster-Rafael_Autorenfoto-420x560.jpg 420w, https:\/\/visualjournalism.de\/wp-content\/uploads\/2025\/12\/Heygster-Rafael_Autorenfoto-350x467.jpg 350w, https:\/\/visualjournalism.de\/wp-content\/uploads\/2025\/12\/Heygster-Rafael_Autorenfoto-300x400.jpg 300w, https:\/\/visualjournalism.de\/wp-content\/uploads\/2025\/12\/Heygster-Rafael_Autorenfoto-640x853.jpg 640w, https:\/\/visualjournalism.de\/wp-content\/uploads\/2025\/12\/Heygster-Rafael_Autorenfoto-150x200.jpg 150w, https:\/\/visualjournalism.de\/wp-content\/uploads\/2025\/12\/Heygster-Rafael_Autorenfoto.jpg 1875w\"\n                width=\"768\" \n                height=\"1024\"\n                alt=\"\" \n            \/>\n            \n                    <\/div><!-- post__image__container -->\n\n        \n    <\/figure><!-- post__image -->\n\n\n\n<\/div>\n\n\n<div class=\"pinned-block__column--right\">\n    \n\n<p class=\"post__paragraph is-style-typo--soehne has-spacing--default\"><strong>Rafael Heygster<\/strong> (*1990) studierte Kulturanthropologie, Politikwissenschaften und Fotojournalismus in Hamburg, Hannover und Aarhus. In Langzeitprojekten untersucht er das Verh\u00e4ltnis von Menschen zu ihrem kulturellen und politischen Umfeld. Seine Arbeiten wurden vielfach international ausgestellt und u.a. 2025 mit einem World Press Award ausgezeichnet.<br><br><br><br><strong>Kontaktdaten:<\/strong><br><a href=\"http:\/\/www.rafael-heygster.com\">www.rafael-heygster.com<\/a><br>Instagram: @rafahey<\/p>\n\n\n<\/div>\n<\/div>\n\n\n<div class=\"devider has-spacing--none\">\n    <hr>\n<\/div>\n\n\n    <div class=\"headline-block has-spacing--s\">\n\n        <h2 class=\"post__headline\">Beitr\u00e4ge von Rafael:<\/h2>\n\n        \n    <\/div>\n\n    \n\n\n\n\n<div class=\"two-columns-teaser has-spacing--m\">\n\n    \r\n<article class=\"post-teaser post-9972 magazin type-magazin status-publish has-post-thumbnail hentry magazinkategorie-awarded\">\r\n\t<header class=\"entry-header\">\r\n\r\n\t\t<div class=\"entry-categories\">\n\t<a class=\"post__tag\" href=\"https:\/\/visualjournalism.de\/en\/magazine-category\/awarded\/\" rel=\"category tag\">Awarded<\/a><\/div>\r\n\t\t<a href=\"https:\/\/visualjournalism.de\/en\/magazine\/awarded\/on-the-edge-of-the-hail-of-bullets\/\" rel=\"bookmark\">\r\n\t\t\t<h2 class=\"entry-title\">On the edge of the hail of bullets.<\/h2>\r\n\t\t\t<p class=\"entry-excerpt\">Rafael Heygster questions society&#8217;s approach to war in &#8220;I Died 22 Times.&#8221;<\/p>\r\n\t\t<\/a>\r\n\r\n\t<\/header><!-- .entry-header -->\r\n\r\n\t<figure class=\"post__image\">\r\n\t\t<a href=\"https:\/\/visualjournalism.de\/en\/magazine\/awarded\/on-the-edge-of-the-hail-of-bullets\/\" rel=\"bookmark\">\r\n\t\t\t<img loading=\"lazy\" decoding=\"async\" width=\"670\" height=\"447\" src=\"https:\/\/visualjournalism.de\/wp-content\/uploads\/01Rafael_Heygster-670x447.jpg\" class=\"attachment-post-image--two-column size-post-image--two-column\" alt=\"\" srcset=\"https:\/\/visualjournalism.de\/wp-content\/uploads\/01Rafael_Heygster-670x447.jpg 670w, https:\/\/visualjournalism.de\/wp-content\/uploads\/01Rafael_Heygster-420x280.jpg 420w, https:\/\/visualjournalism.de\/wp-content\/uploads\/01Rafael_Heygster-300x200.jpg 300w, https:\/\/visualjournalism.de\/wp-content\/uploads\/01Rafael_Heygster-768x512.jpg 768w, https:\/\/visualjournalism.de\/wp-content\/uploads\/01Rafael_Heygster-1024x683.jpg 1024w, https:\/\/visualjournalism.de\/wp-content\/uploads\/01Rafael_Heygster-1400x933.jpg 1400w, https:\/\/visualjournalism.de\/wp-content\/uploads\/01Rafael_Heygster-1050x700.jpg 1050w, https:\/\/visualjournalism.de\/wp-content\/uploads\/01Rafael_Heygster-700x467.jpg 700w, https:\/\/visualjournalism.de\/wp-content\/uploads\/01Rafael_Heygster-350x233.jpg 350w, https:\/\/visualjournalism.de\/wp-content\/uploads\/01Rafael_Heygster.jpg 1500w\" sizes=\"auto, (max-width: 670px) 100vw, 670px\" \/>\t\t<\/a>\r\n\t<\/figure><!-- .post__image -->\r\n\r\n<\/article>\r\n\r\n<article class=\"post-teaser post-59154 post type-post status-publish format-standard has-post-thumbnail hentry category-awards category-current category-news-en\">\r\n\t<header class=\"entry-header\">\r\n\r\n\t\t<div class=\"entry-categories\">\n\t<a class=\"post__tag\" href=\"https:\/\/visualjournalism.de\/en\/news-en\/\" rel=\"category tag\">News<\/a><\/div>\r\n\t\t<a href=\"https:\/\/visualjournalism.de\/en\/news-en\/world-press-photo-2025\/\" rel=\"bookmark\">\r\n\t\t\t<h2 class=\"entry-title\">World Press Photo 2025.<\/h2>\r\n\t\t\t<p class=\"entry-excerpt\">Two current and two former students of the Visual Journalism and Documentary Photography programme have been awarded.<\/p>\r\n\t\t<\/a>\r\n\r\n\t<\/header><!-- .entry-header -->\r\n\r\n\t<figure class=\"post__image\">\r\n\t\t<a href=\"https:\/\/visualjournalism.de\/en\/news-en\/world-press-photo-2025\/\" rel=\"bookmark\">\r\n\t\t\t\n<div class=\"splide\">\n    <div class=\"splide__track\">\n\n        <div class=\"splide__list\">\n\n                    \n\n                    <div class=\"splide__slide\">\n\n                        <img loading=\"lazy\" decoding=\"async\"  \n                            src=\"https:\/\/visualjournalism.de\/wp-content\/uploads\/WPP-2025Contest-Europe-LTP-AlenaKardash-01-670x503.jpg\" \n                            srcset=\"https:\/\/visualjournalism.de\/wp-content\/uploads\/WPP-2025Contest-Europe-LTP-AlenaKardash-01-670x503.jpg 670w, https:\/\/visualjournalism.de\/wp-content\/uploads\/WPP-2025Contest-Europe-LTP-AlenaKardash-01-300x225.jpg 300w, https:\/\/visualjournalism.de\/wp-content\/uploads\/WPP-2025Contest-Europe-LTP-AlenaKardash-01-1024x768.jpg 1024w, https:\/\/visualjournalism.de\/wp-content\/uploads\/WPP-2025Contest-Europe-LTP-AlenaKardash-01-768x576.jpg 768w, https:\/\/visualjournalism.de\/wp-content\/uploads\/WPP-2025Contest-Europe-LTP-AlenaKardash-01-1536x1152.jpg 1536w, https:\/\/visualjournalism.de\/wp-content\/uploads\/WPP-2025Contest-Europe-LTP-AlenaKardash-01-1400x1050.jpg 1400w, https:\/\/visualjournalism.de\/wp-content\/uploads\/WPP-2025Contest-Europe-LTP-AlenaKardash-01-1050x788.jpg 1050w, https:\/\/visualjournalism.de\/wp-content\/uploads\/WPP-2025Contest-Europe-LTP-AlenaKardash-01-420x315.jpg 420w, https:\/\/visualjournalism.de\/wp-content\/uploads\/WPP-2025Contest-Europe-LTP-AlenaKardash-01-350x263.jpg 350w, https:\/\/visualjournalism.de\/wp-content\/uploads\/WPP-2025Contest-Europe-LTP-AlenaKardash-01-150x113.jpg 150w, https:\/\/visualjournalism.de\/wp-content\/uploads\/WPP-2025Contest-Europe-LTP-AlenaKardash-01.jpg 1920w\" \n                            width=\"670\"  \n                            height=\"503\" \n                            alt=\"\"  \n                        \/>\n\n                    <\/div>\n                \n                        \n\n                    <div class=\"splide__slide\">\n\n                        <img loading=\"lazy\" decoding=\"async\"  \n                            src=\"https:\/\/visualjournalism.de\/wp-content\/uploads\/DDID-12-670x447.jpg\" \n                            srcset=\"https:\/\/visualjournalism.de\/wp-content\/uploads\/DDID-12-670x447.jpg 670w, https:\/\/visualjournalism.de\/wp-content\/uploads\/DDID-12-300x200.jpg 300w, https:\/\/visualjournalism.de\/wp-content\/uploads\/DDID-12-1024x683.jpg 1024w, https:\/\/visualjournalism.de\/wp-content\/uploads\/DDID-12-768x512.jpg 768w, https:\/\/visualjournalism.de\/wp-content\/uploads\/DDID-12-1536x1024.jpg 1536w, https:\/\/visualjournalism.de\/wp-content\/uploads\/DDID-12-2048x1365.jpg 2048w, https:\/\/visualjournalism.de\/wp-content\/uploads\/DDID-12-1920x1280.jpg 1920w, https:\/\/visualjournalism.de\/wp-content\/uploads\/DDID-12-1400x933.jpg 1400w, https:\/\/visualjournalism.de\/wp-content\/uploads\/DDID-12-1050x700.jpg 1050w, https:\/\/visualjournalism.de\/wp-content\/uploads\/DDID-12-420x280.jpg 420w, https:\/\/visualjournalism.de\/wp-content\/uploads\/DDID-12-350x233.jpg 350w, https:\/\/visualjournalism.de\/wp-content\/uploads\/DDID-12-150x100.jpg 150w\" \n                            width=\"670\"  \n                            height=\"447\" \n                            alt=\"\"  \n                        \/>\n\n                    <\/div>\n                \n                        \n\n                    <div class=\"splide__slide\">\n\n                        <img loading=\"lazy\" decoding=\"async\"  \n                            src=\"https:\/\/visualjournalism.de\/wp-content\/uploads\/WPP-2025Contest-SouthAmerica-STO-SantiagoMesa-01-670x447.jpg\" \n                            srcset=\"https:\/\/visualjournalism.de\/wp-content\/uploads\/WPP-2025Contest-SouthAmerica-STO-SantiagoMesa-01-670x447.jpg 670w, https:\/\/visualjournalism.de\/wp-content\/uploads\/WPP-2025Contest-SouthAmerica-STO-SantiagoMesa-01-300x200.jpg 300w, https:\/\/visualjournalism.de\/wp-content\/uploads\/WPP-2025Contest-SouthAmerica-STO-SantiagoMesa-01-1024x683.jpg 1024w, https:\/\/visualjournalism.de\/wp-content\/uploads\/WPP-2025Contest-SouthAmerica-STO-SantiagoMesa-01-768x512.jpg 768w, https:\/\/visualjournalism.de\/wp-content\/uploads\/WPP-2025Contest-SouthAmerica-STO-SantiagoMesa-01-1536x1024.jpg 1536w, https:\/\/visualjournalism.de\/wp-content\/uploads\/WPP-2025Contest-SouthAmerica-STO-SantiagoMesa-01-1400x933.jpg 1400w, https:\/\/visualjournalism.de\/wp-content\/uploads\/WPP-2025Contest-SouthAmerica-STO-SantiagoMesa-01-1050x700.jpg 1050w, https:\/\/visualjournalism.de\/wp-content\/uploads\/WPP-2025Contest-SouthAmerica-STO-SantiagoMesa-01-420x280.jpg 420w, https:\/\/visualjournalism.de\/wp-content\/uploads\/WPP-2025Contest-SouthAmerica-STO-SantiagoMesa-01-350x233.jpg 350w, https:\/\/visualjournalism.de\/wp-content\/uploads\/WPP-2025Contest-SouthAmerica-STO-SantiagoMesa-01-150x100.jpg 150w, https:\/\/visualjournalism.de\/wp-content\/uploads\/WPP-2025Contest-SouthAmerica-STO-SantiagoMesa-01.jpg 1920w\" \n                            width=\"670\"  \n                            height=\"447\" \n                            alt=\"\"  \n                        \/>\n\n                    <\/div>\n                \n                        \n\n                    <div class=\"splide__slide\">\n\n                        <img loading=\"lazy\" decoding=\"async\"  \n                            src=\"https:\/\/visualjournalism.de\/wp-content\/uploads\/WPP-2025Contest-Europe-SIN-NannaHeitmann-1-670x503.jpg\" \n                            srcset=\"https:\/\/visualjournalism.de\/wp-content\/uploads\/WPP-2025Contest-Europe-SIN-NannaHeitmann-1-670x503.jpg 670w, https:\/\/visualjournalism.de\/wp-content\/uploads\/WPP-2025Contest-Europe-SIN-NannaHeitmann-1-300x225.jpg 300w, https:\/\/visualjournalism.de\/wp-content\/uploads\/WPP-2025Contest-Europe-SIN-NannaHeitmann-1-1024x768.jpg 1024w, https:\/\/visualjournalism.de\/wp-content\/uploads\/WPP-2025Contest-Europe-SIN-NannaHeitmann-1-768x576.jpg 768w, https:\/\/visualjournalism.de\/wp-content\/uploads\/WPP-2025Contest-Europe-SIN-NannaHeitmann-1-1536x1152.jpg 1536w, https:\/\/visualjournalism.de\/wp-content\/uploads\/WPP-2025Contest-Europe-SIN-NannaHeitmann-1-1400x1050.jpg 1400w, https:\/\/visualjournalism.de\/wp-content\/uploads\/WPP-2025Contest-Europe-SIN-NannaHeitmann-1-1050x788.jpg 1050w, https:\/\/visualjournalism.de\/wp-content\/uploads\/WPP-2025Contest-Europe-SIN-NannaHeitmann-1-420x315.jpg 420w, https:\/\/visualjournalism.de\/wp-content\/uploads\/WPP-2025Contest-Europe-SIN-NannaHeitmann-1-350x263.jpg 350w, https:\/\/visualjournalism.de\/wp-content\/uploads\/WPP-2025Contest-Europe-SIN-NannaHeitmann-1-150x113.jpg 150w, https:\/\/visualjournalism.de\/wp-content\/uploads\/WPP-2025Contest-Europe-SIN-NannaHeitmann-1.jpg 1920w\" \n                            width=\"670\"  \n                            height=\"503\" \n                            alt=\"\"  \n                        \/>\n\n                    <\/div>\n                \n                \n        <\/div> <!-- .splide__list -->\n\n    <\/div><!-- slide__track -->\n<\/div>\t\t<\/a>\r\n\t<\/figure><!-- .post__image -->\r\n\r\n<\/article>\r\n\n<\/div><!-- .2-columns-teaser-->\n\n    \n\n\n<div class=\"wp-block-group has-spacing--default has-spacing--default\">\n<div class=\"devider has-spacing--none\">\n    <hr>\n<\/div>\n\n\n \n\n    <div id=\"lead-in-block_b60bcfd13eec61ce6af76844bcdd5b12\" class=\"block-lead-in typo--default font-size--xl has-spacing--s width--default\">\n        <p><strong>Empfehlungen der Redaktion:<\/strong><\/p>\n    <\/div>\n\n\n\n\r\n\r\n\r\n\n\n\r\n\r\n\r\n\r\n        <div class=\"teaser-grid grid-layout--3col has-spacing--s width--inline\">\r\n\r\n            \r\n                <article class=\"post-teaser\">\r\n\r\n                    <a href=\"https:\/\/visualjournalism.de\/en\/magazine\/ratgeber\/wie-du-deine-portraets-neu-denken-kannst\/\" rel=\"permalink\">\r\n\r\n                        <div class=\"post-teaser__content\">\r\n\r\n                            <span class=\"entry-categories\">Ratgeber<\/span>\r\n                            <h3 class=\"post-teaser__headline\">\r\n                                Wie du deine Portr\u00e4ts neu denken kannst.                            <\/h3>\r\n\r\n                            <div class=\"post-teaser__excerpt\">\r\n                                <p>Wenn uns Portr\u00e4ts tief ber\u00fchren, aufr\u00fctteln oder in den Bann ziehen, ist das ein sicheres Anzeichen f\u00fcr ein starkes Bild. Doch wie gelingt das? Hier findest du konkrete Ans\u00e4tze und Tipps von Expert*innen aus der Praxis.<\/p>\r\n                            <\/div>\r\n\r\n                        <\/div><!-- .post-teaser__content -->\r\n\r\n\r\n                        \r\n                            <figure class=\"post-teaser__image\">\r\n                                <img loading=\"lazy\" decoding=\"async\"  \r\n                                    src=\"https:\/\/visualjournalism.de\/wp-content\/uploads\/Portraits-China-Hopsen-768x674.jpg\" \r\n                                    srcset=\"https:\/\/visualjournalism.de\/wp-content\/uploads\/Portraits-China-Hopsen-768x674.jpg 768w, https:\/\/visualjournalism.de\/wp-content\/uploads\/Portraits-China-Hopsen-300x263.jpg 300w, https:\/\/visualjournalism.de\/wp-content\/uploads\/Portraits-China-Hopsen-1024x899.jpg 1024w, https:\/\/visualjournalism.de\/wp-content\/uploads\/Portraits-China-Hopsen-1536x1348.jpg 1536w, https:\/\/visualjournalism.de\/wp-content\/uploads\/Portraits-China-Hopsen-2048x1797.jpg 2048w, https:\/\/visualjournalism.de\/wp-content\/uploads\/Portraits-China-Hopsen-1920x1685.jpg 1920w, https:\/\/visualjournalism.de\/wp-content\/uploads\/Portraits-China-Hopsen-1400x1229.jpg 1400w, https:\/\/visualjournalism.de\/wp-content\/uploads\/Portraits-China-Hopsen-1050x922.jpg 1050w, https:\/\/visualjournalism.de\/wp-content\/uploads\/Portraits-China-Hopsen-670x588.jpg 670w, https:\/\/visualjournalism.de\/wp-content\/uploads\/Portraits-China-Hopsen-420x369.jpg 420w, https:\/\/visualjournalism.de\/wp-content\/uploads\/Portraits-China-Hopsen-350x307.jpg 350w, https:\/\/visualjournalism.de\/wp-content\/uploads\/Portraits-China-Hopsen-150x132.jpg 150w\" \r\n                                    width=\"768\"  \r\n                                    height=\"674\" \r\n                                    alt=\"Auswahl von 6 verschieden Porraits Abwechslung von nah und distanizert\"\r\n                                \/>\r\n                            <\/figure>\r\n\r\n                        \r\n                    \r\n                    <\/a>\r\n\r\n                <\/article><!--- .post-teaser-->\r\n\r\n            \r\n                <article class=\"post-teaser\">\r\n\r\n                    <a href=\"https:\/\/visualjournalism.de\/en\/magazine\/ratgeber\/so-schaffst-du-es-gute-portraets-zu-machen\/\" rel=\"permalink\">\r\n\r\n                        <div class=\"post-teaser__content\">\r\n\r\n                            <span class=\"entry-categories\">Ratgeber<\/span>\r\n                            <h3 class=\"post-teaser__headline\">\r\n                                So schaffst du es, gute Portr\u00e4ts zu machen.                             <\/h3>\r\n\r\n                            <div class=\"post-teaser__excerpt\">\r\n                                <p>Renommierte Fotograf*innen erz\u00e4hlen, wie sie in der Praxis mit Schwierigkeiten bei Portr\u00e4tshootings umgehen und wieso Posen manchmal ehrlicher sind, als man denkt.\u00a0<\/p>\r\n                            <\/div>\r\n\r\n                        <\/div><!-- .post-teaser__content -->\r\n\r\n\r\n                        \r\n                            <figure class=\"post-teaser__image\">\r\n                                <img loading=\"lazy\" decoding=\"async\"  \r\n                                    src=\"https:\/\/visualjournalism.de\/wp-content\/uploads\/2026\/01\/image-5-768x432.jpg\" \r\n                                    srcset=\"https:\/\/visualjournalism.de\/wp-content\/uploads\/2026\/01\/image-5-768x432.jpg 768w, https:\/\/visualjournalism.de\/wp-content\/uploads\/2026\/01\/image-5-300x169.jpg 300w, https:\/\/visualjournalism.de\/wp-content\/uploads\/2026\/01\/image-5-1024x576.jpg 1024w, https:\/\/visualjournalism.de\/wp-content\/uploads\/2026\/01\/image-5-1536x864.jpg 1536w, https:\/\/visualjournalism.de\/wp-content\/uploads\/2026\/01\/image-5-1400x788.jpg 1400w, https:\/\/visualjournalism.de\/wp-content\/uploads\/2026\/01\/image-5-1050x591.jpg 1050w, https:\/\/visualjournalism.de\/wp-content\/uploads\/2026\/01\/image-5-670x377.jpg 670w, https:\/\/visualjournalism.de\/wp-content\/uploads\/2026\/01\/image-5-420x236.jpg 420w, https:\/\/visualjournalism.de\/wp-content\/uploads\/2026\/01\/image-5-350x197.jpg 350w, https:\/\/visualjournalism.de\/wp-content\/uploads\/2026\/01\/image-5-150x84.jpg 150w, https:\/\/visualjournalism.de\/wp-content\/uploads\/2026\/01\/image-5.jpg 1600w\" \r\n                                    width=\"768\"  \r\n                                    height=\"432\" \r\n                                    alt=\"\"\r\n                                \/>\r\n                            <\/figure>\r\n\r\n                        \r\n                    \r\n                    <\/a>\r\n\r\n                <\/article><!--- .post-teaser-->\r\n\r\n            \r\n                <article class=\"post-teaser\">\r\n\r\n                    <a href=\"https:\/\/visualjournalism.de\/en\/magazine\/sammeln\/inszenierte-endlichkeit\/\" rel=\"permalink\">\r\n\r\n                        <div class=\"post-teaser__content\">\r\n\r\n                            <span class=\"entry-categories\">Sammeln<\/span>\r\n                            <h3 class=\"post-teaser__headline\">\r\n                                Inszenierte Endlichkeit                            <\/h3>\r\n\r\n                            <div class=\"post-teaser__excerpt\">\r\n                                <p>Zwei Fotografinnen legen sich in einen Sarg und fotografieren sich gegenseitig. Was nach Tabubruch klingt, ist eine Auseinandersetzung mit Kommerz, Ritualen und der Frage: Darf man das?<\/p>\r\n                            <\/div>\r\n\r\n                        <\/div><!-- .post-teaser__content -->\r\n\r\n\r\n                        \r\n                            <figure class=\"post-teaser__image\">\r\n                                <img loading=\"lazy\" decoding=\"async\"  \r\n                                    src=\"https:\/\/visualjournalism.de\/wp-content\/uploads\/Clara-Schoettke_Antonia-Teichert_Sammeln_10-768x768.jpg\" \r\n                                    srcset=\"https:\/\/visualjournalism.de\/wp-content\/uploads\/Clara-Schoettke_Antonia-Teichert_Sammeln_10-768x768.jpg 768w, https:\/\/visualjournalism.de\/wp-content\/uploads\/Clara-Schoettke_Antonia-Teichert_Sammeln_10-300x300.jpg 300w, https:\/\/visualjournalism.de\/wp-content\/uploads\/Clara-Schoettke_Antonia-Teichert_Sammeln_10-1024x1024.jpg 1024w, https:\/\/visualjournalism.de\/wp-content\/uploads\/Clara-Schoettke_Antonia-Teichert_Sammeln_10-150x150.jpg 150w, https:\/\/visualjournalism.de\/wp-content\/uploads\/Clara-Schoettke_Antonia-Teichert_Sammeln_10-1536x1536.jpg 1536w, https:\/\/visualjournalism.de\/wp-content\/uploads\/Clara-Schoettke_Antonia-Teichert_Sammeln_10-2048x2048.jpg 2048w, https:\/\/visualjournalism.de\/wp-content\/uploads\/Clara-Schoettke_Antonia-Teichert_Sammeln_10-1920x1920.jpg 1920w, https:\/\/visualjournalism.de\/wp-content\/uploads\/Clara-Schoettke_Antonia-Teichert_Sammeln_10-1400x1400.jpg 1400w, https:\/\/visualjournalism.de\/wp-content\/uploads\/Clara-Schoettke_Antonia-Teichert_Sammeln_10-1050x1050.jpg 1050w, https:\/\/visualjournalism.de\/wp-content\/uploads\/Clara-Schoettke_Antonia-Teichert_Sammeln_10-670x670.jpg 670w, https:\/\/visualjournalism.de\/wp-content\/uploads\/Clara-Schoettke_Antonia-Teichert_Sammeln_10-420x420.jpg 420w, https:\/\/visualjournalism.de\/wp-content\/uploads\/Clara-Schoettke_Antonia-Teichert_Sammeln_10-350x350.jpg 350w, https:\/\/visualjournalism.de\/wp-content\/uploads\/Clara-Schoettke_Antonia-Teichert_Sammeln_10-52x52.jpg 52w, https:\/\/visualjournalism.de\/wp-content\/uploads\/Clara-Schoettke_Antonia-Teichert_Sammeln_10-68x68.jpg 68w, https:\/\/visualjournalism.de\/wp-content\/uploads\/Clara-Schoettke_Antonia-Teichert_Sammeln_10-96x96.jpg 96w\" \r\n                                    width=\"768\"  \r\n                                    height=\"768\" \r\n                                    alt=\"\"\r\n                                \/>\r\n                            <\/figure>\r\n\r\n                        \r\n                    \r\n                    <\/a>\r\n\r\n                <\/article><!--- .post-teaser-->\r\n\r\n            \r\n        <\/div><!-- .teaser-grid -->\r\n\r\n\n\n\r\n\r\n\r\n\n\n\n    <div class=\"btn-wrapper has-spacing--m\">\n        <a class=\"btn\" href=\"https:\/\/visualjournalism.de\/magazin\/\" target=\"_blank\">ZUR MAGAZIN-STARTSEITE<\/a>\n    <\/div>\n<\/div>\n","protected":false},"excerpt":{"rendered":"","protected":false},"author":96,"featured_media":0,"parent":0,"menu_order":0,"comment_status":"closed","ping_status":"closed","template":"","meta":{"_acf_changed":false,"footnotes":""},"class_list":["post-67350","page","type-page","status-publish","hentry"],"acf":[],"yoast_head":"<!-- This site is optimized with the Yoast SEO Premium plugin v27.3 (Yoast SEO v27.3) - https:\/\/yoast.com\/product\/yoast-seo-premium-wordpress\/ -->\n<title>Rafael Heygster &#8211; Visual Journalism and Documentary Photography<\/title>\n<meta name=\"robots\" content=\"index, follow, max-snippet:-1, max-image-preview:large, max-video-preview:-1\" \/>\n<link rel=\"canonical\" href=\"https:\/\/visualjournalism.de\/en\/rafael-heygster\/\" \/>\n<meta property=\"og:locale\" content=\"en_US\" \/>\n<meta property=\"og:type\" content=\"article\" \/>\n<meta property=\"og:title\" content=\"Rafael Heygster\" \/>\n<meta property=\"og:url\" content=\"https:\/\/visualjournalism.de\/en\/rafael-heygster\/\" \/>\n<meta property=\"og:site_name\" content=\"Visual Journalism and Documentary Photography\" \/>\n<meta property=\"article:publisher\" content=\"https:\/\/www.facebook.com\/people\/wwwfotostudentende\/100065173703897\/\" \/>\n<meta property=\"article:modified_time\" content=\"2025-12-28T20:53:44+00:00\" \/>\n<meta property=\"og:image\" content=\"https:\/\/visualjournalism.de\/wp-content\/uploads\/Emil-Eichinger-scaled-e1727773451524.jpeg\" \/>\n\t<meta property=\"og:image:width\" content=\"2355\" \/>\n\t<meta property=\"og:image:height\" content=\"1920\" \/>\n\t<meta property=\"og:image:type\" content=\"image\/jpeg\" \/>\n<meta name=\"twitter:card\" content=\"summary_large_image\" \/>\n<meta name=\"twitter:site\" content=\"@HsHannover\" \/>\n<meta name=\"twitter:label1\" content=\"Est. reading time\" \/>\n\t<meta name=\"twitter:data1\" content=\"1 minute\" \/>\n<script type=\"application\/ld+json\" class=\"yoast-schema-graph\">{\"@context\":\"https:\\\/\\\/schema.org\",\"@graph\":[{\"@type\":\"WebPage\",\"@id\":\"https:\\\/\\\/visualjournalism.de\\\/en\\\/rafael-heygster\\\/\",\"url\":\"https:\\\/\\\/visualjournalism.de\\\/en\\\/rafael-heygster\\\/\",\"name\":\"Rafael Heygster &#8211; Visual Journalism and Documentary Photography\",\"isPartOf\":{\"@id\":\"https:\\\/\\\/visualjournalism.de\\\/en\\\/#website\"},\"datePublished\":\"2025-12-28T20:50:57+00:00\",\"dateModified\":\"2025-12-28T20:53:44+00:00\",\"breadcrumb\":{\"@id\":\"https:\\\/\\\/visualjournalism.de\\\/en\\\/rafael-heygster\\\/#breadcrumb\"},\"inLanguage\":\"en-US\",\"potentialAction\":[{\"@type\":\"ReadAction\",\"target\":[\"https:\\\/\\\/visualjournalism.de\\\/en\\\/rafael-heygster\\\/\"]}]},{\"@type\":\"BreadcrumbList\",\"@id\":\"https:\\\/\\\/visualjournalism.de\\\/en\\\/rafael-heygster\\\/#breadcrumb\",\"itemListElement\":[{\"@type\":\"ListItem\",\"position\":1,\"name\":\"Home\",\"item\":\"https:\\\/\\\/visualjournalism.de\\\/en\\\/\"},{\"@type\":\"ListItem\",\"position\":2,\"name\":\"Rafael Heygster\"}]},{\"@type\":\"WebSite\",\"@id\":\"https:\\\/\\\/visualjournalism.de\\\/en\\\/#website\",\"url\":\"https:\\\/\\\/visualjournalism.de\\\/en\\\/\",\"name\":\"Visual Journalism and Documentary Photography\",\"description\":\"All about the bilingual bachelor&#039;s program at Hannover University of Applied Sciences and Arts.\",\"publisher\":{\"@id\":\"https:\\\/\\\/visualjournalism.de\\\/en\\\/#organization\"},\"alternateName\":\"visualjournalism.de\",\"potentialAction\":[{\"@type\":\"SearchAction\",\"target\":{\"@type\":\"EntryPoint\",\"urlTemplate\":\"https:\\\/\\\/visualjournalism.de\\\/en\\\/?s={search_term_string}\"},\"query-input\":{\"@type\":\"PropertyValueSpecification\",\"valueRequired\":true,\"valueName\":\"search_term_string\"}}],\"inLanguage\":\"en-US\"},{\"@type\":\"Organization\",\"@id\":\"https:\\\/\\\/visualjournalism.de\\\/en\\\/#organization\",\"name\":\"Hochschule Hannover \u2013 University of Applied Sciences and Arts\",\"alternateName\":\"HsH\",\"url\":\"https:\\\/\\\/visualjournalism.de\\\/en\\\/\",\"logo\":{\"@type\":\"ImageObject\",\"inLanguage\":\"en-US\",\"@id\":\"https:\\\/\\\/visualjournalism.de\\\/en\\\/#\\\/schema\\\/logo\\\/image\\\/\",\"url\":\"https:\\\/\\\/visualjournalism.de\\\/wp-content\\\/uploads\\\/logo-hochschule-hannover.png\",\"contentUrl\":\"https:\\\/\\\/visualjournalism.de\\\/wp-content\\\/uploads\\\/logo-hochschule-hannover.png\",\"width\":363,\"height\":270,\"caption\":\"Hochschule Hannover \u2013 University of Applied Sciences and Arts\"},\"image\":{\"@id\":\"https:\\\/\\\/visualjournalism.de\\\/en\\\/#\\\/schema\\\/logo\\\/image\\\/\"},\"sameAs\":[\"https:\\\/\\\/www.facebook.com\\\/people\\\/wwwfotostudentende\\\/100065173703897\\\/\",\"https:\\\/\\\/x.com\\\/HsHannover\",\"https:\\\/\\\/www.instagram.com\\\/visualjournalism.de\\\/\"]}]}<\/script>\n<!-- \/ Yoast SEO Premium plugin. -->","yoast_head_json":{"title":"Rafael Heygster &#8211; Visual Journalism and Documentary Photography","robots":{"index":"index","follow":"follow","max-snippet":"max-snippet:-1","max-image-preview":"max-image-preview:large","max-video-preview":"max-video-preview:-1"},"canonical":"https:\/\/visualjournalism.de\/en\/rafael-heygster\/","og_locale":"en_US","og_type":"article","og_title":"Rafael Heygster","og_url":"https:\/\/visualjournalism.de\/en\/rafael-heygster\/","og_site_name":"Visual Journalism and Documentary Photography","article_publisher":"https:\/\/www.facebook.com\/people\/wwwfotostudentende\/100065173703897\/","article_modified_time":"2025-12-28T20:53:44+00:00","og_image":[{"width":2355,"height":1920,"url":"https:\/\/visualjournalism.de\/wp-content\/uploads\/Emil-Eichinger-scaled-e1727773451524.jpeg","type":"image\/jpeg"}],"twitter_card":"summary_large_image","twitter_site":"@HsHannover","twitter_misc":{"Est. reading time":"1 minute"},"schema":{"@context":"https:\/\/schema.org","@graph":[{"@type":"WebPage","@id":"https:\/\/visualjournalism.de\/en\/rafael-heygster\/","url":"https:\/\/visualjournalism.de\/en\/rafael-heygster\/","name":"Rafael Heygster &#8211; Visual Journalism and Documentary Photography","isPartOf":{"@id":"https:\/\/visualjournalism.de\/en\/#website"},"datePublished":"2025-12-28T20:50:57+00:00","dateModified":"2025-12-28T20:53:44+00:00","breadcrumb":{"@id":"https:\/\/visualjournalism.de\/en\/rafael-heygster\/#breadcrumb"},"inLanguage":"en-US","potentialAction":[{"@type":"ReadAction","target":["https:\/\/visualjournalism.de\/en\/rafael-heygster\/"]}]},{"@type":"BreadcrumbList","@id":"https:\/\/visualjournalism.de\/en\/rafael-heygster\/#breadcrumb","itemListElement":[{"@type":"ListItem","position":1,"name":"Home","item":"https:\/\/visualjournalism.de\/en\/"},{"@type":"ListItem","position":2,"name":"Rafael Heygster"}]},{"@type":"WebSite","@id":"https:\/\/visualjournalism.de\/en\/#website","url":"https:\/\/visualjournalism.de\/en\/","name":"Visual Journalism and Documentary Photography","description":"All about the bilingual bachelor&#039;s program at Hannover University of Applied Sciences and Arts.","publisher":{"@id":"https:\/\/visualjournalism.de\/en\/#organization"},"alternateName":"visualjournalism.de","potentialAction":[{"@type":"SearchAction","target":{"@type":"EntryPoint","urlTemplate":"https:\/\/visualjournalism.de\/en\/?s={search_term_string}"},"query-input":{"@type":"PropertyValueSpecification","valueRequired":true,"valueName":"search_term_string"}}],"inLanguage":"en-US"},{"@type":"Organization","@id":"https:\/\/visualjournalism.de\/en\/#organization","name":"Hochschule Hannover \u2013 University of Applied Sciences and Arts","alternateName":"HsH","url":"https:\/\/visualjournalism.de\/en\/","logo":{"@type":"ImageObject","inLanguage":"en-US","@id":"https:\/\/visualjournalism.de\/en\/#\/schema\/logo\/image\/","url":"https:\/\/visualjournalism.de\/wp-content\/uploads\/logo-hochschule-hannover.png","contentUrl":"https:\/\/visualjournalism.de\/wp-content\/uploads\/logo-hochschule-hannover.png","width":363,"height":270,"caption":"Hochschule Hannover \u2013 University of Applied Sciences and Arts"},"image":{"@id":"https:\/\/visualjournalism.de\/en\/#\/schema\/logo\/image\/"},"sameAs":["https:\/\/www.facebook.com\/people\/wwwfotostudentende\/100065173703897\/","https:\/\/x.com\/HsHannover","https:\/\/www.instagram.com\/visualjournalism.de\/"]}]}},"_links":{"self":[{"href":"https:\/\/visualjournalism.de\/en\/wp-json\/wp\/v2\/pages\/67350","targetHints":{"allow":["GET"]}}],"collection":[{"href":"https:\/\/visualjournalism.de\/en\/wp-json\/wp\/v2\/pages"}],"about":[{"href":"https:\/\/visualjournalism.de\/en\/wp-json\/wp\/v2\/types\/page"}],"author":[{"embeddable":true,"href":"https:\/\/visualjournalism.de\/en\/wp-json\/wp\/v2\/users\/96"}],"replies":[{"embeddable":true,"href":"https:\/\/visualjournalism.de\/en\/wp-json\/wp\/v2\/comments?post=67350"}],"version-history":[{"count":1,"href":"https:\/\/visualjournalism.de\/en\/wp-json\/wp\/v2\/pages\/67350\/revisions"}],"predecessor-version":[{"id":67361,"href":"https:\/\/visualjournalism.de\/en\/wp-json\/wp\/v2\/pages\/67350\/revisions\/67361"}],"wp:attachment":[{"href":"https:\/\/visualjournalism.de\/en\/wp-json\/wp\/v2\/media?parent=67350"}],"curies":[{"name":"wp","href":"https:\/\/api.w.org\/{rel}","templated":true}]}}