{"id":9835,"date":"2022-07-11T14:33:46","date_gmt":"2022-07-11T14:33:46","guid":{"rendered":"https:\/\/visualjournalism.de\/newsletter\/"},"modified":"2022-09-15T18:23:54","modified_gmt":"2022-09-15T18:23:54","slug":"newsletter","status":"publish","type":"page","link":"https:\/\/visualjournalism.de\/en\/newsletter\/","title":{"rendered":"Newsletter"},"content":{"rendered":"\n<div class=\"wp-block-group has-spacing--none has-color-1-background-color has-background has-spacing--none\">\n    <nav id=\"section-navigation-block_62cc3668b0d8c\" class=\"section-navigation has-spacing--none\">\n        <ul>\n\n                \n                    <li>Newsletter<\/li>\n                \n            \n            \n                        \n                        \n\n            \n\n        <\/ul>\n        \n    <\/nav>\n<\/div>\n\n\n\n<div class=\"wp-block-group has-spacing--none has-color-1-background-color has-background has-spacing--none\">\n<div class=\"pinned-block has-spacing--m\">\n\t\n\n<div class=\"pinned-block__column--left\">\n    \n\n \n\n    <div id=\"lead-in-block_62bed64764621\" class=\"block-lead-in typo--soehne font-size--xl has-spacing--xs width--full\">\n        <p><strong>Stay up to date.<\/strong> Our newsletter will keep you informed about new stories, bachelor exhibitions and deadlines for applications.<\/p>\n    <\/div>\n\n\n\n<\/div>\n\n\n<div class=\"pinned-block__column--right\">\n    \n\n\n<div class=\"newsletter-signup has-spacing--m\">\n\n<!-- Begin Sendinblue Form -->\n<!-- START - We recommend to place the below code in head tag of your website html  -->\n\n<link rel=\"stylesheet\" href=\"https:\/\/sibforms.com\/forms\/end-form\/build\/sib-styles.css\">\n<!--  END - We recommend to place the above code in head tag of your website html -->\n\n<!-- START - We recommend to place the below code where you want the form in your website html  -->\n<div class=\"sib-form\">\n  <div id=\"sib-form-container\" class=\"sib-form-container\">\n    <div id=\"error-message\" class=\"sib-form-message-panel\">\n      <div class=\"sib-form-message-panel__text sib-form-message-panel__text--center\">\n\n        <span class=\"sib-form-message-panel__inner-text\">\n                          Deine Anmeldung konnte nicht gespeichert werden. Bitte versuche es erneut.\n                      <\/span>\n      <\/div>\n    <\/div>\n    <div><\/div>\n    <div id=\"success-message\" class=\"sib-form-message-panel\">\n      <div class=\"sib-form-message-panel__text sib-form-message-panel__text--center\">\n\n        <span class=\"sib-form-message-panel__inner-text\">\n                          Deine Anmeldung war erfolgreich.\n                      <\/span>\n      <\/div>\n    <\/div>\n    <div><\/div>\n    <div id=\"sib-container\" class=\"sib-container--large sib-container--vertical\">\n      <form id=\"sib-form\" method=\"POST\" action=\"https:\/\/853703bf.sibforms.com\/serve\/MUIEAHP6kWSj0YALohH5OUjd6myUwGQaa5s2RsYJP7DJK7uztt9g2aws1QKgQfR-TDkA-zkq2WrMrZE8s3e9ix1SCVOAtPbTx-KV3fSW5DIuL5LG92AkUNJFwXWi9ZbD0CeUiw_HHIU43BgJpeIfGsr2cv5E5chifbg52FRxFZn2fd51rSCe6ZKHltSsSkZnGZJh-vou7RzvMgQf\" data-type=\"subscription\">\n\n        <div>\n          <div class=\"sib-input sib-form-block\">\n            <div class=\"form__entry entry_block\">\n\n              <div class=\"form__label-row \">\n\n                <div class=\"entry__field\">\n                  <input class=\"input\" type=\"text\" id=\"EMAIL\" name=\"EMAIL\" autocomplete=\"off\" placeholder=\"Deine E-Mail-Adresse\" data-required=\"true\" required \/>\n                <\/div>\n\n                <div class=\"submit__field\">\n                    <div class=\"sib-form-block\" style=\"text-align: left\">\n                        <button class=\"sib-form-block__button sib-form-block__button-with-loader btn\" form=\"sib-form\" type=\"submit\">\n                        <svg class=\"icon clickable__icon progress-indicator__icon sib-hide-loader-icon\" viewBox=\"0 0 512 512\">\n                            <path d=\"M460.116 373.846l-20.823-12.022c-5.541-3.199-7.54-10.159-4.663-15.874 30.137-59.886 28.343-131.652-5.386-189.946-33.641-58.394-94.896-95.833-161.827-99.676C261.028 55.961 256 50.751 256 44.352V20.309c0-6.904 5.808-12.337 12.703-11.982 83.556 4.306 160.163 50.864 202.11 123.677 42.063 72.696 44.079 162.316 6.031 236.832-3.14 6.148-10.75 8.461-16.728 5.01z\" \/>\n                        <\/svg>\n                        Abonnieren\n                        <\/button>\n                    <\/div>\n                <\/div>\n\n\n              <\/div><!-- .form__label-row -->\n\n              <label class=\"entry__error entry__error--primary\">\n              <\/label>\n              <label class=\"entry__specification\">\n                Deine Kontaktdaten werden nicht an Dritte weitergegeben\n              <\/label>\n            <\/div>\n          <\/div>\n        <\/div>\n        <input type=\"text\" name=\"email_address_check\" value=\"\" class=\"input--hidden\">\n        <input type=\"hidden\" name=\"locale\" value=\"de\">\n      <\/form>\n    <\/div>\n  <\/div>\n<\/div>\n<!-- END - We recommend to place the below code where you want the form in your website html  -->\n\n<!-- START - We recommend to place the below code in footer or bottom of your website html  -->\n<script>\n  window.REQUIRED_CODE_ERROR_MESSAGE = 'W\u00e4hlen Sie bitte einen L\u00e4ndervorwahl aus.';\n  window.LOCALE = 'de';\n  window.EMAIL_INVALID_MESSAGE = window.SMS_INVALID_MESSAGE = \"Die eingegebenen Informationen sind nicht g\u00fcltig. Bitte \u00fcberpr\u00fcfen das Feldformat und versuche es erneut.\";\n\n  window.REQUIRED_ERROR_MESSAGE = \"Dieses Feld darf nicht leer sein. \";\n\n  window.GENERIC_INVALID_MESSAGE = \"Die eingegebenen Informationen sind nicht g\u00fcltig. Bitte \u00fcberpr\u00fcfen das Feldformat und versuche es erneut.\";\n\n\n\n\n  window.translation = {\n    common: {\n      selectedList: '{quantity} Liste ausgew\u00e4hlt',\n      selectedLists: '{quantity} Listen ausgew\u00e4hlt'\n    }\n  };\n\n  var AUTOHIDE = Boolean(0);\n<\/script>\n<script src=\"https:\/\/sibforms.com\/forms\/end-form\/build\/main.js\"><\/script>\n\n\n<!-- END - We recommend to place the above code in footer or bottom of your website html  -->\n<!-- End Sendinblue Form -->\n\n\n\n\n\n\n\n\n\n\n\n\n\n\n\n\n\n\n\n\n<\/div>\n\n<\/div>\n<\/div><\/div>\n\n\n\n<div class=\"wp-block-group has-spacing--m has-spacing--m\">\n    <nav id=\"section-navigation-block_62cc37c19d35d\" class=\"section-navigation has-spacing--m\">\n        <ul>\n\n                \n                    <li>Stories, die dich interessieren k\u00f6nnten:<\/li>\n                \n            \n            \n                        \n                        \n\n            \n\n        <\/ul>\n        \n    <\/nav>\n\n\n<\/div>\n\n\n\n<div class=\"wp-block-group has-spacing--none has-color-3-background-color has-background\">\n\n    <nav id=\"section-navigation-block_62036c8e5ca76\" class=\"section-navigation has-spacing--m\">\n        <ul>\n\n                \n                    <li>Kontakt<\/li>\n                \n            \n            \n                        \n                        \n\n            \n\n        <\/ul>\n        \n    <\/nav>\n\n\n<div class=\"pinned-block has-spacing--m\">\n\t\n\n<div class=\"pinned-block__column--left\">\n    \n\n \n\n    <div id=\"lead-in-block_62036ae35ca72\" class=\"block-lead-in typo--soehne font-size--xl has-spacing--m width--full\">\n        <p><strong>Your contact persons<\/strong> will be happy to assist you with your personal concerns. However, due to the large number of inquiries, we ask you to first check our FAQ to see if your question may have already been answered.<\/p>\n    <\/div>\n\n\n\n    <div class=\"btn-wrapper alignleft has-spacing--m\">\n        <a class=\"btn\" href=\"https:\/\/visualjournalism.de\/bewerben\/faq\/\" target=\"_blank\">ZU DEN FAQ<\/a>\n    <\/div>\n\n\n<\/div>\n\n<div class=\"pinned-block__column--right\">\n    \n    \n    <div class=\"infocard has-spacing--m\">\n\n    \n        <div class=\"info-item--full\">\n            <p>\n                <span class=\"info-item__headline\">Dean of Studies, Design and Media department<\/span>\n            <\/p>\n            \n            <div class=\"info-item__content\">\n                <p>\n                    <span class=\"info-item__text\"><a href=\"https:\/\/visualjournalism.de\/karen-fromm\/\">Prof. Dr. Karen Fromm<\/a><\/span>\n                    <span class=\"info-item__text--small\">\n                        <span><a href=\"mailto:karen.fromm@hs-hannover.de\">E-Mail schreiben<\/a><\/span><span><a href=\"tel:+49 511 9296 8538\">+49 511 9296 8538<\/a><\/span>                    <\/span>\n                <\/p>\n\n                <figure class=\"info-item__image\">\n\n                    <a href=\"https:\/\/visualjournalism.de\/karen-fromm\/\"><img loading=\"lazy\" decoding=\"async\" width=\"52\" height=\"52\" src=\"https:\/\/visualjournalism.de\/wp-content\/uploads\/Prof_Dr_Karen_Fromm_thumb-1-52x52.jpg\" class=\"attachment-image-portrait size-image-portrait\" alt=\"\" srcset=\"https:\/\/visualjournalism.de\/wp-content\/uploads\/Prof_Dr_Karen_Fromm_thumb-1-52x52.jpg 52w, https:\/\/visualjournalism.de\/wp-content\/uploads\/Prof_Dr_Karen_Fromm_thumb-1.jpg 100w\" sizes=\"auto, (max-width: 52px) 100vw, 52px\" \/><\/a>                <\/figure>\n                \n            <\/div><!-- .info-item__content -->\n            \n        <\/div><!-- .info-item--full -->\n\n\n        <div class=\"info-item--full\">\n            <p>\n                <span class=\"info-item__headline\">Application and admission procedure<\/span>\n            <\/p>\n            \n            <div class=\"info-item__content\">\n                <p>\n                    <span class=\"info-item__text\"><a href=\"https:\/\/visualjournalism.de\/lars-bauernschmitt\/\">Prof. Lars Bauernschmitt<\/a><\/span>\n                    <span class=\"info-item__text--small\">\n                        <span><a href=\"mailto:lars.bauernschmitt@hs-hannover.de\">E-Mail schreiben<\/a><\/span><span><a href=\"tel:+49 511 9296 2467\">+49 511 9296 2467<\/a><\/span>                    <\/span>\n                <\/p>\n\n                <figure class=\"info-item__image\">\n\n                    <a href=\"https:\/\/visualjournalism.de\/lars-bauernschmitt\/\"><img loading=\"lazy\" decoding=\"async\" width=\"52\" height=\"52\" src=\"https:\/\/visualjournalism.de\/wp-content\/uploads\/prof_lars_bauernschmitt_thumb-1-52x52.jpg\" class=\"attachment-image-portrait size-image-portrait\" alt=\"\" srcset=\"https:\/\/visualjournalism.de\/wp-content\/uploads\/prof_lars_bauernschmitt_thumb-1-52x52.jpg 52w, https:\/\/visualjournalism.de\/wp-content\/uploads\/prof_lars_bauernschmitt_thumb-1.jpg 100w\" sizes=\"auto, (max-width: 52px) 100vw, 52px\" \/><\/a>                <\/figure>\n                \n            <\/div><!-- .info-item__content -->\n            \n        <\/div><!-- .info-item--full -->\n\n\n        <div class=\"info-item--full\">\n            <p>\n                <span class=\"info-item__headline\">Application and admission procedure<\/span>\n            <\/p>\n            \n            <div class=\"info-item__content\">\n                <p>\n                    <span class=\"info-item__text\"><a href=\"https:\/\/visualjournalism.de\/michael-trippel\/\">Prof. Michael Trippel<\/a><\/span>\n                    <span class=\"info-item__text--small\">\n                        <span><a href=\"mailto:michael.trippel@hs-hannover.de\">E-Mail schreiben<\/a><\/span><span><a href=\"tel:+49 511 9296 2387\">+49 511 9296 2387<\/a><\/span>                    <\/span>\n                <\/p>\n\n                <figure class=\"info-item__image\">\n\n                    <a href=\"https:\/\/visualjournalism.de\/michael-trippel\/\"><img loading=\"lazy\" decoding=\"async\" width=\"52\" height=\"52\" src=\"https:\/\/visualjournalism.de\/wp-content\/uploads\/Michael-Trippel-thumb-e1678476564918-52x52.jpg\" class=\"attachment-image-portrait size-image-portrait\" alt=\"\" srcset=\"https:\/\/visualjournalism.de\/wp-content\/uploads\/Michael-Trippel-thumb-e1678476564918-52x52.jpg 52w, https:\/\/visualjournalism.de\/wp-content\/uploads\/Michael-Trippel-thumb-e1678476564918-150x150.jpg 150w\" sizes=\"auto, (max-width: 52px) 100vw, 52px\" \/><\/a>                <\/figure>\n                \n            <\/div><!-- .info-item__content -->\n            \n        <\/div><!-- .info-item--full -->\n\n\n        <div class=\"info-item--full\">\n            <p>\n                <span class=\"info-item__headline\">Studiengangskoordination, Werkstattleitung<\/span>\n            <\/p>\n            \n            <div class=\"info-item__content\">\n                <p>\n                    <span class=\"info-item__text\"><a href=\"https:\/\/visualjournalism.de\/marta-krajinovic\/\">Marta Krajinovi\u0107<\/a><\/span>\n                    <span class=\"info-item__text--small\">\n                        <span><a href=\"mailto:marta.krajinovic@hs-hannover.de\">E-Mail schreiben<\/a><\/span><span><a href=\"tel:+49 511 9296 2313\">+49 511 9296 2313<\/a><\/span>Di &amp; Do, 9-13h<span><\/span>                    <\/span>\n                <\/p>\n\n                <figure class=\"info-item__image\">\n\n                    <a href=\"https:\/\/visualjournalism.de\/marta-krajinovic\/\"><img loading=\"lazy\" decoding=\"async\" width=\"52\" height=\"52\" src=\"https:\/\/visualjournalism.de\/wp-content\/uploads\/marta_krajinovic_thumb-1-52x52.jpg\" class=\"attachment-image-portrait size-image-portrait\" alt=\"\" srcset=\"https:\/\/visualjournalism.de\/wp-content\/uploads\/marta_krajinovic_thumb-1-52x52.jpg 52w, https:\/\/visualjournalism.de\/wp-content\/uploads\/marta_krajinovic_thumb-1.jpg 100w\" sizes=\"auto, (max-width: 52px) 100vw, 52px\" \/><\/a>                <\/figure>\n                \n            <\/div><!-- .info-item__content -->\n            \n        <\/div><!-- .info-item--full -->\n\n \n    <\/div>\n\n\n<div class=\"infocard has-spacing--m\">\n\t\n\n<div class=\"info-item--full\">\n    <p>\n        <span class=\"info-item__headline\">Adresse<\/span>\n        <span class=\"info-item__text\">Hochschule Hannover, Fakult\u00e4t III \u2013 Medien, Information und Design, Abteilung Design und Medien, Expo Plaza\u00a02, D-30539 Hannover<\/span>\n    <\/p>\n<\/div>\n<\/div>\n\n    <div class=\"btn-wrapper has-spacing--m\">\n        <a class=\"btn\" href=\"https:\/\/www.hs-hannover.de\" target=\"_blank\">HS-HANNOVER.DE<\/a>\n    <\/div>\n\n\n<\/div>\n<\/div>\n<\/div>\n","protected":false},"excerpt":{"rendered":"","protected":false},"author":4,"featured_media":6175,"parent":0,"menu_order":0,"comment_status":"closed","ping_status":"closed","template":"","meta":{"_acf_changed":false,"footnotes":""},"class_list":["post-9835","page","type-page","status-publish","has-post-thumbnail","hentry"],"acf":[],"yoast_head":"<!-- This site is optimized with the Yoast SEO Premium plugin v27.3 (Yoast SEO v27.3) - https:\/\/yoast.com\/product\/yoast-seo-premium-wordpress\/ -->\n<title>Newsletter &#8211; Visual Journalism and Documentary Photography<\/title>\n<meta name=\"robots\" content=\"index, follow, max-snippet:-1, max-image-preview:large, max-video-preview:-1\" \/>\n<link rel=\"canonical\" href=\"https:\/\/visualjournalism.de\/en\/newsletter\/\" \/>\n<meta property=\"og:locale\" content=\"en_US\" \/>\n<meta property=\"og:type\" content=\"article\" \/>\n<meta property=\"og:title\" content=\"Newsletter\" \/>\n<meta property=\"og:url\" content=\"https:\/\/visualjournalism.de\/en\/newsletter\/\" \/>\n<meta property=\"og:site_name\" content=\"Visual Journalism and Documentary Photography\" \/>\n<meta property=\"article:publisher\" content=\"https:\/\/www.facebook.com\/people\/wwwfotostudentende\/100065173703897\/\" \/>\n<meta property=\"article:modified_time\" content=\"2022-09-15T18:23:54+00:00\" \/>\n<meta property=\"og:image\" content=\"https:\/\/visualjournalism.de\/wp-content\/uploads\/hochschule_hannover_20191030_Symposiumimagecontext_BraunschaedelM-8.jpg\" \/>\n\t<meta property=\"og:image:width\" content=\"1599\" \/>\n\t<meta property=\"og:image:height\" content=\"1066\" \/>\n\t<meta property=\"og:image:type\" content=\"image\/jpeg\" \/>\n<meta name=\"twitter:card\" content=\"summary_large_image\" \/>\n<meta name=\"twitter:site\" content=\"@HsHannover\" \/>\n<script type=\"application\/ld+json\" class=\"yoast-schema-graph\">{\"@context\":\"https:\\\/\\\/schema.org\",\"@graph\":[{\"@type\":\"WebPage\",\"@id\":\"https:\\\/\\\/visualjournalism.de\\\/en\\\/newsletter\\\/\",\"url\":\"https:\\\/\\\/visualjournalism.de\\\/en\\\/newsletter\\\/\",\"name\":\"Newsletter &#8211; Visual Journalism and Documentary Photography\",\"isPartOf\":{\"@id\":\"https:\\\/\\\/visualjournalism.de\\\/en\\\/#website\"},\"primaryImageOfPage\":{\"@id\":\"https:\\\/\\\/visualjournalism.de\\\/en\\\/newsletter\\\/#primaryimage\"},\"image\":{\"@id\":\"https:\\\/\\\/visualjournalism.de\\\/en\\\/newsletter\\\/#primaryimage\"},\"thumbnailUrl\":\"https:\\\/\\\/visualjournalism.de\\\/wp-content\\\/uploads\\\/hochschule_hannover_20191030_Symposiumimagecontext_BraunschaedelM-8.jpg\",\"datePublished\":\"2022-07-11T14:33:46+00:00\",\"dateModified\":\"2022-09-15T18:23:54+00:00\",\"breadcrumb\":{\"@id\":\"https:\\\/\\\/visualjournalism.de\\\/en\\\/newsletter\\\/#breadcrumb\"},\"inLanguage\":\"en-US\",\"potentialAction\":[{\"@type\":\"ReadAction\",\"target\":[\"https:\\\/\\\/visualjournalism.de\\\/en\\\/newsletter\\\/\"]}]},{\"@type\":\"ImageObject\",\"inLanguage\":\"en-US\",\"@id\":\"https:\\\/\\\/visualjournalism.de\\\/en\\\/newsletter\\\/#primaryimage\",\"url\":\"https:\\\/\\\/visualjournalism.de\\\/wp-content\\\/uploads\\\/hochschule_hannover_20191030_Symposiumimagecontext_BraunschaedelM-8.jpg\",\"contentUrl\":\"https:\\\/\\\/visualjournalism.de\\\/wp-content\\\/uploads\\\/hochschule_hannover_20191030_Symposiumimagecontext_BraunschaedelM-8.jpg\",\"width\":1599,\"height\":1066,\"caption\":\"Students in the Design Center lecture hall. Photo: Michael Braunsch\u00e4del\"},{\"@type\":\"BreadcrumbList\",\"@id\":\"https:\\\/\\\/visualjournalism.de\\\/en\\\/newsletter\\\/#breadcrumb\",\"itemListElement\":[{\"@type\":\"ListItem\",\"position\":1,\"name\":\"Home\",\"item\":\"https:\\\/\\\/visualjournalism.de\\\/en\\\/\"},{\"@type\":\"ListItem\",\"position\":2,\"name\":\"Newsletter\"}]},{\"@type\":\"WebSite\",\"@id\":\"https:\\\/\\\/visualjournalism.de\\\/en\\\/#website\",\"url\":\"https:\\\/\\\/visualjournalism.de\\\/en\\\/\",\"name\":\"Visual Journalism and Documentary Photography\",\"description\":\"All about the bilingual bachelor&#039;s program at Hannover University of Applied Sciences and Arts.\",\"publisher\":{\"@id\":\"https:\\\/\\\/visualjournalism.de\\\/en\\\/#organization\"},\"alternateName\":\"visualjournalism.de\",\"potentialAction\":[{\"@type\":\"SearchAction\",\"target\":{\"@type\":\"EntryPoint\",\"urlTemplate\":\"https:\\\/\\\/visualjournalism.de\\\/en\\\/?s={search_term_string}\"},\"query-input\":{\"@type\":\"PropertyValueSpecification\",\"valueRequired\":true,\"valueName\":\"search_term_string\"}}],\"inLanguage\":\"en-US\"},{\"@type\":\"Organization\",\"@id\":\"https:\\\/\\\/visualjournalism.de\\\/en\\\/#organization\",\"name\":\"Hochschule Hannover \u2013 University of Applied Sciences and Arts\",\"alternateName\":\"HsH\",\"url\":\"https:\\\/\\\/visualjournalism.de\\\/en\\\/\",\"logo\":{\"@type\":\"ImageObject\",\"inLanguage\":\"en-US\",\"@id\":\"https:\\\/\\\/visualjournalism.de\\\/en\\\/#\\\/schema\\\/logo\\\/image\\\/\",\"url\":\"https:\\\/\\\/visualjournalism.de\\\/wp-content\\\/uploads\\\/logo-hochschule-hannover.png\",\"contentUrl\":\"https:\\\/\\\/visualjournalism.de\\\/wp-content\\\/uploads\\\/logo-hochschule-hannover.png\",\"width\":363,\"height\":270,\"caption\":\"Hochschule Hannover \u2013 University of Applied Sciences and Arts\"},\"image\":{\"@id\":\"https:\\\/\\\/visualjournalism.de\\\/en\\\/#\\\/schema\\\/logo\\\/image\\\/\"},\"sameAs\":[\"https:\\\/\\\/www.facebook.com\\\/people\\\/wwwfotostudentende\\\/100065173703897\\\/\",\"https:\\\/\\\/x.com\\\/HsHannover\",\"https:\\\/\\\/www.instagram.com\\\/visualjournalism.de\\\/\"]}]}<\/script>\n<!-- \/ Yoast SEO Premium plugin. -->","yoast_head_json":{"title":"Newsletter &#8211; Visual Journalism and Documentary Photography","robots":{"index":"index","follow":"follow","max-snippet":"max-snippet:-1","max-image-preview":"max-image-preview:large","max-video-preview":"max-video-preview:-1"},"canonical":"https:\/\/visualjournalism.de\/en\/newsletter\/","og_locale":"en_US","og_type":"article","og_title":"Newsletter","og_url":"https:\/\/visualjournalism.de\/en\/newsletter\/","og_site_name":"Visual Journalism and Documentary Photography","article_publisher":"https:\/\/www.facebook.com\/people\/wwwfotostudentende\/100065173703897\/","article_modified_time":"2022-09-15T18:23:54+00:00","og_image":[{"width":1599,"height":1066,"url":"https:\/\/visualjournalism.de\/wp-content\/uploads\/hochschule_hannover_20191030_Symposiumimagecontext_BraunschaedelM-8.jpg","type":"image\/jpeg"}],"twitter_card":"summary_large_image","twitter_site":"@HsHannover","schema":{"@context":"https:\/\/schema.org","@graph":[{"@type":"WebPage","@id":"https:\/\/visualjournalism.de\/en\/newsletter\/","url":"https:\/\/visualjournalism.de\/en\/newsletter\/","name":"Newsletter &#8211; Visual Journalism and Documentary Photography","isPartOf":{"@id":"https:\/\/visualjournalism.de\/en\/#website"},"primaryImageOfPage":{"@id":"https:\/\/visualjournalism.de\/en\/newsletter\/#primaryimage"},"image":{"@id":"https:\/\/visualjournalism.de\/en\/newsletter\/#primaryimage"},"thumbnailUrl":"https:\/\/visualjournalism.de\/wp-content\/uploads\/hochschule_hannover_20191030_Symposiumimagecontext_BraunschaedelM-8.jpg","datePublished":"2022-07-11T14:33:46+00:00","dateModified":"2022-09-15T18:23:54+00:00","breadcrumb":{"@id":"https:\/\/visualjournalism.de\/en\/newsletter\/#breadcrumb"},"inLanguage":"en-US","potentialAction":[{"@type":"ReadAction","target":["https:\/\/visualjournalism.de\/en\/newsletter\/"]}]},{"@type":"ImageObject","inLanguage":"en-US","@id":"https:\/\/visualjournalism.de\/en\/newsletter\/#primaryimage","url":"https:\/\/visualjournalism.de\/wp-content\/uploads\/hochschule_hannover_20191030_Symposiumimagecontext_BraunschaedelM-8.jpg","contentUrl":"https:\/\/visualjournalism.de\/wp-content\/uploads\/hochschule_hannover_20191030_Symposiumimagecontext_BraunschaedelM-8.jpg","width":1599,"height":1066,"caption":"Students in the Design Center lecture hall. Photo: Michael Braunsch\u00e4del"},{"@type":"BreadcrumbList","@id":"https:\/\/visualjournalism.de\/en\/newsletter\/#breadcrumb","itemListElement":[{"@type":"ListItem","position":1,"name":"Home","item":"https:\/\/visualjournalism.de\/en\/"},{"@type":"ListItem","position":2,"name":"Newsletter"}]},{"@type":"WebSite","@id":"https:\/\/visualjournalism.de\/en\/#website","url":"https:\/\/visualjournalism.de\/en\/","name":"Visual Journalism and Documentary Photography","description":"All about the bilingual bachelor&#039;s program at Hannover University of Applied Sciences and Arts.","publisher":{"@id":"https:\/\/visualjournalism.de\/en\/#organization"},"alternateName":"visualjournalism.de","potentialAction":[{"@type":"SearchAction","target":{"@type":"EntryPoint","urlTemplate":"https:\/\/visualjournalism.de\/en\/?s={search_term_string}"},"query-input":{"@type":"PropertyValueSpecification","valueRequired":true,"valueName":"search_term_string"}}],"inLanguage":"en-US"},{"@type":"Organization","@id":"https:\/\/visualjournalism.de\/en\/#organization","name":"Hochschule Hannover \u2013 University of Applied Sciences and Arts","alternateName":"HsH","url":"https:\/\/visualjournalism.de\/en\/","logo":{"@type":"ImageObject","inLanguage":"en-US","@id":"https:\/\/visualjournalism.de\/en\/#\/schema\/logo\/image\/","url":"https:\/\/visualjournalism.de\/wp-content\/uploads\/logo-hochschule-hannover.png","contentUrl":"https:\/\/visualjournalism.de\/wp-content\/uploads\/logo-hochschule-hannover.png","width":363,"height":270,"caption":"Hochschule Hannover \u2013 University of Applied Sciences and Arts"},"image":{"@id":"https:\/\/visualjournalism.de\/en\/#\/schema\/logo\/image\/"},"sameAs":["https:\/\/www.facebook.com\/people\/wwwfotostudentende\/100065173703897\/","https:\/\/x.com\/HsHannover","https:\/\/www.instagram.com\/visualjournalism.de\/"]}]}},"_links":{"self":[{"href":"https:\/\/visualjournalism.de\/en\/wp-json\/wp\/v2\/pages\/9835","targetHints":{"allow":["GET"]}}],"collection":[{"href":"https:\/\/visualjournalism.de\/en\/wp-json\/wp\/v2\/pages"}],"about":[{"href":"https:\/\/visualjournalism.de\/en\/wp-json\/wp\/v2\/types\/page"}],"author":[{"embeddable":true,"href":"https:\/\/visualjournalism.de\/en\/wp-json\/wp\/v2\/users\/4"}],"replies":[{"embeddable":true,"href":"https:\/\/visualjournalism.de\/en\/wp-json\/wp\/v2\/comments?post=9835"}],"version-history":[{"count":0,"href":"https:\/\/visualjournalism.de\/en\/wp-json\/wp\/v2\/pages\/9835\/revisions"}],"wp:featuredmedia":[{"embeddable":true,"href":"https:\/\/visualjournalism.de\/en\/wp-json\/wp\/v2\/media\/6175"}],"wp:attachment":[{"href":"https:\/\/visualjournalism.de\/en\/wp-json\/wp\/v2\/media?parent=9835"}],"curies":[{"name":"wp","href":"https:\/\/api.w.org\/{rel}","templated":true}]}}